{"id":3683,"date":"2024-06-03T10:58:00","date_gmt":"2024-06-03T14:58:00","guid":{"rendered":"https:\/\/transitionencommun.org\/a-propos\/"},"modified":"2026-07-28T13:36:25","modified_gmt":"2026-07-28T17:36:25","slug":"about","status":"publish","type":"page","link":"https:\/\/transitionencommun.org\/en\/about\/","title":{"rendered":"About"},"content":{"rendered":"<section class=\"l-section wpb_row us_custom_d5b479fc height_medium\" id=\"mission\"><div class=\"l-section-h i-cf\"><div class=\"g-cols vc_row via_grid cols_1 laptops-cols_inherit tablets-cols_inherit mobiles-cols_1 valign_top type_default stacking_default\"><div class=\"wpb_column vc_column_container us_custom_bbeaa718\"><div class=\"vc_column-inner\"><div class=\"wpb_text_column us_custom_4ae7a3a9 has_text_color us_animate_this\"><div class=\"wpb_wrapper\"><h2 style=\"text-align: center;\">Our Mission<\/h2>\n<\/div><\/div><div class=\"w-separator size_large\"><\/div><div class=\"wpb_text_column us_custom_ba857b23 enonce-mission style-h4 has_text_color us_animate_this\"><div class=\"wpb_wrapper\"><h6 style=\"text-align: center;\"><span style=\"font-weight: 400;\">Transition In Common is an alliance of groups from various sectors of Montreal\u2019s community (municipal, government, community, citizen, academic, and philanthropic organizations) that aim to work together to ensure that major, rapid solutions are implemented to address the environmental, social, democratic, and economic challenges we face. <\/span><\/h6>\n<h6 style=\"text-align: center;\">We\u2019re rolling up our sleeves to ensure that Montreal-based initiatives have what they need to scale up and that the City achieves its socio-ecological transition goals\u2014goals that cannot be realized without strong engagement from civil society actors.<\/h6>\n<\/div><\/div><\/div><\/div><\/div><\/div><\/section><section class=\"l-section wpb_row height_auto\" id=\"objectifs\"><div class=\"l-section-h i-cf\"><div class=\"g-cols vc_row via_grid cols_1 laptops-cols_inherit tablets-cols_inherit mobiles-cols_1 valign_top type_default stacking_default\" style=\"--columns-gap:4rem;\"><div class=\"wpb_column vc_column_container us_custom_f6c5c3fa has_text_color has_bg_color\"><div class=\"vc_column-overlay\" style=\"background:var(--color-header-middle-text-hover)\"><\/div><div class=\"vc_column-inner\"><div class=\"wpb_text_column\"><div class=\"wpb_wrapper\"><h2>Our Goals<\/h2>\n<\/div><\/div><div class=\"w-separator size_huge\"><\/div><div class=\"g-cols wpb_row via_grid cols_3 laptops-cols_inherit tablets-cols_1 mobiles-cols_1 valign_top type_default\" style=\"--columns-gap:3rem;\"><div class=\"wpb_column vc_column_container\"><div class=\"vc_column-inner\"><div class=\"w-text us_custom_25e05924 has_text_color\"><span class=\"w-text-h\"><span class=\"w-text-value\">01<\/span><\/span><\/div><div class=\"wpb_text_column\"><div class=\"wpb_wrapper\"><h6>Facilitate the creation of spaces for dialogue and the strengthening of a broader culture of collaboration with civil society<\/h6>\n<\/div><\/div><\/div><\/div><div class=\"wpb_column vc_column_container\"><div class=\"vc_column-inner\"><div class=\"w-text us_custom_25e05924 has_text_color\"><span class=\"w-text-h\"><span class=\"w-text-value\">02<\/span><\/span><\/div><div class=\"wpb_text_column\"><div class=\"wpb_wrapper\"><h6>To foster, promote, celebrate, and rally support around a shared vision of the socio-ecological transition<\/h6>\n<\/div><\/div><\/div><\/div><div class=\"wpb_column vc_column_container\"><div class=\"vc_column-inner\"><div class=\"w-text us_custom_25e05924 has_text_color\"><span class=\"w-text-h\"><span class=\"w-text-value\">03<\/span><\/span><\/div><div class=\"wpb_text_column\"><div class=\"wpb_wrapper\"><h6>Collectively equip ourselves with the means to implement the TSE, particularly through new institutional commitments and initiatives that shape the ecosystem<\/h6>\n<\/div><\/div><\/div><\/div><\/div><\/div><\/div><\/div><\/div><\/section><section class=\"l-section wpb_row us_custom_330171f9 hide_on_default hide_on_laptops hide_on_tablets hide_on_mobiles height_medium color_primary\" id=\"objectifs\"><div class=\"l-section-h i-cf\"><div class=\"g-cols vc_row via_grid cols_1 laptops-cols_inherit tablets-cols_inherit mobiles-cols_1 valign_middle type_default stacking_default\"><div class=\"wpb_column vc_column_container\"><div class=\"vc_column-inner\"><div class=\"wpb_text_column us_custom_abff1e22 nos-3-objectifs us_animate_this\"><div class=\"wpb_wrapper\"><h2 style=\"text-align: center;\">Our 3 Goals<\/h2>\n<\/div><\/div><div class=\"w-separator size_large\"><\/div><div class=\"g-cols wpb_row inner-row-objectifs half-gap via_grid cols_7-5 laptops-cols_inherit tablets-cols_inherit mobiles-cols_1 valign_top type_default stacking_default\" style=\"--columns-gap:3rem;\"><div class=\"wpb_column vc_column_container\"><div class=\"vc_column-inner\"><div class=\"w-vwrapper align_none valign_middle wrapper-objectifs\" style=\"--vwrapper-gap:0rem\"><div class=\"wpb_text_column us_custom_8f446aa7 objectif us_animate_this\"><div class=\"wpb_wrapper\"><h3><span style=\"font-weight: 400;\">Facilitate the creation of spaces for dialogue and the strengthening of a broader culture of collaboration with civil society<\/span><\/h3>\n<\/div><\/div><div class=\"wpb_text_column us_custom_d728d366 objectif us_animate_this\"><div class=\"wpb_wrapper\"><h3><span style=\"font-weight: 400;\">To foster, promote, celebrate, and rally support around a shared vision of the socio-ecological transition<\/span><\/h3>\n<\/div><\/div><div class=\"wpb_text_column us_custom_7ef40761 objectif us_animate_this\"><div class=\"wpb_wrapper\"><h3><span style=\"font-weight: 400;\">Collectively equip ourselves with the means to implement the TSE, particularly through new institutional commitments and initiatives that shape the ecosystem<br \/>\n<\/span><\/h3>\n<\/div><\/div><\/div><\/div><\/div><div class=\"wpb_column vc_column_container us_custom_296547e7 objectifs-col-img us_animate_this has_bg_color\"><div class=\"vc_column-inner\"><\/div><\/div><\/div><\/div><\/div><\/div><\/div><\/section><section class=\"l-section wpb_row height_medium\" id=\"vision\"><div class=\"l-section-h i-cf\"><div class=\"g-cols vc_row via_grid cols_2 laptops-cols_inherit tablets-cols_1 mobiles-cols_1 valign_middle type_default stacking_default\" style=\"--columns-gap:4vw;\"><div class=\"wpb_column vc_column_container us_custom_414f349c\"><div class=\"vc_column-inner\"><div class=\"wpb_text_column us_custom_eca0eec1\"><div class=\"wpb_wrapper\"><h1>Our Vision for Transition<\/h1>\n<p>The result of the alliance\u2019s ongoing work since its inception, discover TEC\u2019s vision for the future it envisions for Montreal, built on six thematic pillars<\/p>\n<\/div><\/div><div class=\"w-separator size_small\"><\/div><div class=\"w-btn-wrapper align_none\"><a class=\"w-btn us-btn-style_2 us_custom_a8854a5a icon_atleft\" href=\"https:\/\/transitionencommun.org\/wp-content\/uploads\/2025\/12\/Enonce-de-vision-TeC.pdf\"><i class=\"fas fa-arrow-right\"><\/i><span class=\"w-btn-label\">Discover the Vision<\/span><\/a><\/div><\/div><\/div><div class=\"wpb_column vc_column_container\"><div class=\"vc_column-inner\"><div class=\"w-image align_center\"><a href=\"https:\/\/transitionencommun.org\/wp-content\/uploads\/2025\/12\/Enonce-de-vision-TeC.pdf\" aria-label=\"Untitled design (7)\" class=\"w-image-h\"><img decoding=\"async\" width=\"500\" height=\"500\" src=\"https:\/\/transitionencommun.org\/wp-content\/uploads\/2025\/12\/Untitled-design-7.png\" class=\"attachment-us_500_500 size-us_500_500\" alt=\"\" loading=\"lazy\" srcset=\"https:\/\/transitionencommun.org\/wp-content\/uploads\/2025\/12\/Untitled-design-7.png 1080w, https:\/\/transitionencommun.org\/wp-content\/uploads\/2025\/12\/Untitled-design-7-300x300.png 300w, https:\/\/transitionencommun.org\/wp-content\/uploads\/2025\/12\/Untitled-design-7-1024x1024.png 1024w, https:\/\/transitionencommun.org\/wp-content\/uploads\/2025\/12\/Untitled-design-7-150x150.png 150w\" sizes=\"auto, (max-width: 500px) 100vw, 500px\" \/><\/a><\/div><\/div><\/div><\/div><\/div><\/section><section class=\"l-section wpb_row us_custom_36ca4983 description-fonctionnement no-padding-bottom-desktop height_medium color_primary\" id=\"fonctionnement\"><div class=\"l-section-h i-cf\"><div class=\"g-cols vc_row via_grid cols_1 laptops-cols_inherit tablets-cols_inherit mobiles-cols_1 valign_top type_default stacking_default\"><div class=\"wpb_column vc_column_container\"><div class=\"vc_column-inner\"><div class=\"wpb_text_column us_custom_bc456ccc us_animate_this\"><div class=\"wpb_wrapper\"><h1 style=\"text-align: center;\">How does the alliance work?<\/h1>\n<\/div><\/div><div class=\"w-separator size_large\"><\/div><div class=\"wpb_text_column us_custom_89b5d4b1 style-h4 us_animate_this\"><div class=\"wpb_wrapper\"><h5 style=\"text-align: center;\" data-start=\"569\" data-end=\"784\">Transition In Common is based on democratic, inclusive, and agile governance, designed to foster collaboration among its members and collectively accelerate the socio-ecological transition in Montreal.<\/h5>\n<h5 style=\"text-align: center;\" data-start=\"1402\" data-end=\"1566\"><strong data-start=\"1405\" data-end=\"1495\">All the details are outlined in our governance and operational framework.<\/strong><\/h5>\n<\/div><\/div><div class=\"w-btn-wrapper align_center\"><a class=\"w-btn us-btn-style_8 us_custom_86a0f64b\" target=\"_blank\" href=\"https:\/\/transitionencommun.org\/wp-content\/uploads\/2025\/11\/TeC-Cadre-de-gouvernance-et-fonctionnement-v3-20251210.pdf\"><span class=\"w-btn-label\">View the table<\/span><\/a><\/div><\/div><\/div><div class=\"wpb_column vc_column_container\"><div class=\"vc_column-inner\"><div class=\"w-image us_custom_cb58d5bf us_animate_this has_aspect_ratio align_none\"><div class=\"w-image-h\"><img decoding=\"async\" width=\"2012\" height=\"1077\" src=\"https:\/\/transitionencommun.org\/wp-content\/uploads\/2025\/11\/SchemaUpdateAGA2025.png\" class=\"attachment-full size-full\" alt=\"\" loading=\"lazy\" srcset=\"https:\/\/transitionencommun.org\/wp-content\/uploads\/2025\/11\/SchemaUpdateAGA2025.png 2012w, https:\/\/transitionencommun.org\/wp-content\/uploads\/2025\/11\/SchemaUpdateAGA2025-300x161.png 300w, https:\/\/transitionencommun.org\/wp-content\/uploads\/2025\/11\/SchemaUpdateAGA2025-1024x548.png 1024w\" sizes=\"auto, (max-width: 2012px) 100vw, 2012px\" \/><\/div><\/div><\/div><\/div><\/div><\/div><\/section><section class=\"l-section wpb_row us_custom_5fb9c346 hide_on_default hide_on_laptops hide_on_tablets hide_on_mobiles height_medium\" id=\"vision\"><div class=\"l-section-h i-cf\"><div class=\"g-cols vc_row via_grid cols_1 laptops-cols_inherit tablets-cols_inherit mobiles-cols_1 valign_middle type_default stacking_default\"><div class=\"wpb_column vc_column_container\"><div class=\"vc_column-inner\"><div class=\"wpb_text_column us_custom_69f2c091 nos-3-objectifs has_text_color us_animate_this\"><div class=\"wpb_wrapper\"><h2 style=\"text-align: center;\">Our Vision for the Transition<\/h2>\n<\/div><\/div><div class=\"w-separator size_large\"><\/div><div class=\"g-cols wpb_row inner-row-objectifs half-gap via_grid cols_7-5 laptops-cols_inherit tablets-cols_inherit mobiles-cols_1 valign_top type_default stacking_default\" style=\"--columns-gap:3rem;\"><div class=\"wpb_column vc_column_container\"><div class=\"vc_column-inner\"><div class=\"w-vwrapper align_none valign_middle wrapper-objectifs\" style=\"--vwrapper-gap:0rem\"><div class=\"wpb_text_column us_custom_8026a3de objectif has_text_color us_animate_this\"><div class=\"wpb_wrapper\"><h3><span style=\"font-weight: 400;\">Neighbourhoods and local life<\/span><\/h3>\n<\/div><\/div><div class=\"wpb_text_column us_custom_8026a3de objectif has_text_color us_animate_this\"><div class=\"wpb_wrapper\"><h3><span style=\"font-weight: 400;\">Citizen participation, democracy and the creation of commons<\/span><\/h3>\n<\/div><\/div><div class=\"wpb_text_column us_custom_8026a3de objectif has_text_color us_animate_this\"><div class=\"wpb_wrapper\"><h3><span style=\"font-weight: 400;\">Environmental Justice<\/span><\/h3>\n<\/div><\/div><div class=\"wpb_text_column us_custom_8026a3de objectif has_text_color us_animate_this\"><div class=\"wpb_wrapper\"><h3><span style=\"font-weight: 400;\">Social economy and social innovation<\/span><\/h3>\n<\/div><\/div><div class=\"wpb_text_column us_custom_8026a3de objectif has_text_color us_animate_this\"><div class=\"wpb_wrapper\"><h3><span style=\"font-weight: 400;\">Culture and the creation of a mobilizing storytelling<\/span><\/h3>\n<\/div><\/div><div class=\"wpb_text_column us_custom_8026a3de objectif has_text_color us_animate_this\"><div class=\"wpb_wrapper\"><h3><span style=\"font-weight: 400;\">Relationship with the Living<\/span><\/h3>\n<\/div><\/div><\/div><\/div><\/div><div class=\"wpb_column vc_column_container us_custom_e834c6a4 objectifs-col-img us_animate_this has_bg_color\"><div class=\"vc_column-inner\"><\/div><\/div><\/div><\/div><\/div><\/div><\/div><\/section><section class=\"l-section wpb_row tabs-row no-padding-bottom-desktop height_medium\" id=\"instances\"><div class=\"l-section-h i-cf\"><div class=\"g-cols vc_row via_grid cols_1 laptops-cols_inherit tablets-cols_inherit mobiles-cols_1 valign_top type_default stacking_default\"><div class=\"wpb_column vc_column_container\"><div class=\"vc_column-inner\"><div class=\"wpb_text_column us_custom_60e9caca us_animate_this\"><div class=\"wpb_wrapper\"><h2 style=\"text-align: center;\">Organizations and Their Roles<\/h2>\n<\/div><\/div><div class=\"w-separator size_large\"><\/div><div class=\"w-tabs us_custom_f70d789f us_animate_this hide_on_default hide_on_laptops hide_on_tablets hide_on_mobiles layout_hor style_simple switch_click toggle_style_1 has_scrolling\" data-accordion-at-width=\"1024\"><div class=\"w-tabs-list items_5 align_none\"><div class=\"w-tabs-list-h\"><button class=\"w-tabs-item active\" aria-controls=\"content-l39b\" aria-expanded=\"false\"><span class=\"w-tabs-item-title\">CO<\/span><\/button><button class=\"w-tabs-item\" aria-controls=\"content-vacc\" aria-expanded=\"false\"><span class=\"w-tabs-item-title\">Executive Committee<\/span><\/button><button class=\"w-tabs-item\" aria-controls=\"content-z471\" aria-expanded=\"false\"><span class=\"w-tabs-item-title\">Working Groups<\/span><\/button><button class=\"w-tabs-item\" aria-controls=\"content-n9f5\" aria-expanded=\"false\"><span class=\"w-tabs-item-title\">Support Centers<\/span><\/button><button class=\"w-tabs-item\" aria-controls=\"content-ka83\" aria-expanded=\"false\"><span class=\"w-tabs-item-title\">Neighborhoods Section<\/span><\/button><\/div><\/div><div class=\"w-tabs-sections titles-align_none icon_chevron cpos_right\"><div class=\"w-tabs-section active\" id=\"l39b\"><button type=\"button\" class=\"w-tabs-section-header active\" aria-controls=\"content-l39b\" aria-expanded=\"true\"><h3 class=\"w-tabs-section-title\">CO<\/h3><div class=\"w-tabs-section-control\"><\/div><\/button><div  class=\"w-tabs-section-content\" id=\"content-l39b\"><div class=\"w-tabs-section-content-h i-cf\"><div class=\"g-cols wpb_row us_custom_60e9caca inner-row-tab-img-left us_animate_this via_grid cols_custom laptops-cols_inherit tablets-cols_inherit mobiles-cols_1 valign_top type_default stacking_default\" style=\"--columns-gap:3rem;--custom-columns:2.5fr 3.5fr 6fr \"><div class=\"wpb_column vc_column_container\"><div class=\"vc_column-inner\"><div class=\"w-image us_custom_02c2953a has_aspect_ratio align_none\"><div class=\"w-image-h\"><img decoding=\"async\" width=\"1024\" height=\"683\" src=\"https:\/\/transitionencommun.org\/wp-content\/uploads\/2025\/01\/TeC_26novembre2024_2034BR-1024x683.jpg\" class=\"attachment-large size-large\" alt=\"\" loading=\"lazy\" srcset=\"https:\/\/transitionencommun.org\/wp-content\/uploads\/2025\/01\/TeC_26novembre2024_2034BR-1024x683.jpg 1024w, https:\/\/transitionencommun.org\/wp-content\/uploads\/2025\/01\/TeC_26novembre2024_2034BR-300x200.jpg 300w, https:\/\/transitionencommun.org\/wp-content\/uploads\/2025\/01\/TeC_26novembre2024_2034BR.jpg 1600w\" sizes=\"auto, (max-width: 1024px) 100vw, 1024px\" \/><\/div><\/div><\/div><\/div><div class=\"wpb_column vc_column_container\"><div class=\"vc_column-inner\"><div class=\"wpb_text_column us_custom_0f088a09 has_text_color\"><div class=\"wpb_wrapper\"><h3>Steering committee<\/h3>\n<\/div><\/div><div class=\"w-separator size_medium\"><\/div><div class=\"wpb_text_column\"><div class=\"wpb_wrapper\"><p><span>The Steering Committee was designed to establish the alliance\u2019s broad strategic direction and make key decisions, and to serve as a hub for networks and partners. It is composed of 32 members representing the various groups and pillars of the alliance\u2019s transition vision. Members are selected annually by random drawing. The Steering Committee meets four times a year during dedicated sessions that include visits to neighborhoods.   <\/span><\/p>\n<\/div><\/div><\/div><\/div><div class=\"wpb_column vc_column_container\"><div class=\"vc_column-inner\"><style data-type=\"us_custom-css\"><\/style><section class=\"l-section wpb_row us_custom_b6a72ce1 height_medium\"><div class=\"l-section-h i-cf\"><div class=\"g-cols vc_row via_grid cols_1 laptops-cols_inherit tablets-cols_inherit mobiles-cols_1 valign_top type_default stacking_default\"><div class=\"wpb_column vc_column_container\"><div class=\"vc_column-inner\"><div class=\"w-tabs accordeon-membres accordion toggle_style_1 has_scrolling\" style=\"--sections-title-size:inherit;--sections-gap:0.5rem;\"><div class=\"w-tabs-sections titles-align_none icon_plus cpos_right\"><div class=\"w-tabs-section\" id=\"x82e\"><button type=\"button\" class=\"w-tabs-section-header\" aria-controls=\"content-x82e\" aria-expanded=\"false\"><h4 class=\"w-tabs-section-title\">Members<\/h4><div class=\"w-tabs-section-control\"><\/div><\/button><div  class=\"w-tabs-section-content\" id=\"content-x82e\"><div class=\"w-tabs-section-content-h i-cf\"><div class=\"w-grid us_grid membres-grid type_grid layout_3871 cols_4 preload_style_spinner with_css_animation\" id=\"us_grid_1\" style=\"--columns:4;--gap:1.5rem;\" data-filterable=\"true\"><style>@media (max-width:1380px){#us_grid_1{--columns:3!important}}@media (max-width:1024px){#us_grid_1{--columns:2!important}}@media (max-width:600px){#us_grid_1{--columns:1!important}}.layout_3871 .w-grid-item-h{}.layout_3871 .usg_post_image_1{max-width:1920px!important;margin-bottom:1.5rem!important;border-radius:25px!important}.layout_3871 .usg_post_title_1{font-size:var(--step-2)!important;margin-bottom:1.5rem!important}<\/style><div class=\"w-grid-list\">\t<article class=\"w-grid-item us_animate_afb size_1x1 post-2486 membres_equipe type-membres_equipe status-publish has-post-thumbnail hentry categorie_membre_equipe-comite-orientation categorie_membre_equipe-economies-en-transition\" data-id=\"2486\" style=\"animation-delay:0s\">\r\n\t\t<div class=\"w-grid-item-h\">\r\n\t\t\t\t\t\t<div class=\"w-post-elm post_image usg_post_image_1 has_ratio\"><img decoding=\"async\" width=\"665\" height=\"740\" src=\"https:\/\/transitionencommun.org\/wp-content\/uploads\/2024\/12\/anyle-cote-cesim-3-e1733159092479.jpg\" class=\"attachment-large size-large wp-post-image\" alt=\"\" \/><div style=\"padding-bottom:100%\"><\/div><\/div><h5 class=\"w-post-elm post_title usg_post_title_1 style-h3 color_link_inherit\">Anyle C\u00f4t\u00e9<\/h5><p class=\"w-post-elm post_custom_field usg_post_custom_field_1 type_text titre_du_poste_version_anglaise color_link_inherit\"><span class=\"w-post-elm-value\">Conseil d'\u00e9conomie sociale de l'\u00eele de Montr\u00e9al (CESIM)<\/span><\/p>\t\t<\/div>\r\n\t\t\t<\/article>\r\n\t<article class=\"w-grid-item us_animate_afb size_1x1 post-2487 membres_equipe type-membres_equipe status-publish has-post-thumbnail hentry categorie_membre_equipe-comite-orientation categorie_membre_equipe-demotorisation\" data-id=\"2487\" style=\"animation-delay:0.1s\">\r\n\t\t<div class=\"w-grid-item-h\">\r\n\t\t\t\t\t\t<div class=\"w-post-elm post_image usg_post_image_1 has_ratio\"><img decoding=\"async\" width=\"315\" height=\"360\" src=\"https:\/\/transitionencommun.org\/wp-content\/uploads\/2024\/08\/BR-e1733159187461.jpg\" class=\"attachment-large size-large wp-post-image\" alt=\"\" \/><div style=\"padding-bottom:100%\"><\/div><\/div><h5 class=\"w-post-elm post_title usg_post_title_1 style-h3 color_link_inherit\">Blaise R\u00e9millard<\/h5><p class=\"w-post-elm post_custom_field usg_post_custom_field_1 type_text titre_du_poste_version_anglaise color_link_inherit\"><span class=\"w-post-elm-value\">Conseil r\u00e9gional de l'environnement de Montr\u00e9al (CRE)<\/span><\/p>\t\t<\/div>\r\n\t\t\t<\/article>\r\n\t<article class=\"w-grid-item us_animate_afb size_1x1 post-2488 membres_equipe type-membres_equipe status-publish has-post-thumbnail hentry categorie_membre_equipe-comite-orientation\" data-id=\"2488\" style=\"animation-delay:0.2s\">\r\n\t\t<div class=\"w-grid-item-h\">\r\n\t\t\t\t\t\t<div class=\"w-post-elm post_image usg_post_image_1 has_ratio\"><img decoding=\"async\" width=\"500\" height=\"500\" src=\"https:\/\/transitionencommun.org\/wp-content\/uploads\/2024\/08\/CD.jpg\" class=\"attachment-large size-large wp-post-image\" alt=\"\" \/><div style=\"padding-bottom:100%\"><\/div><\/div><h5 class=\"w-post-elm post_title usg_post_title_1 style-h3 color_link_inherit\">Christophe Derrien<\/h5>\t\t<\/div>\r\n\t\t\t<\/article>\r\n\t<article class=\"w-grid-item us_animate_afb size_1x1 post-2490 membres_equipe type-membres_equipe status-publish has-post-thumbnail hentry categorie_membre_equipe-comite-orientation categorie_membre_equipe-comite-executif categorie_membre_equipe-justice-environnementale\" data-id=\"2490\" style=\"animation-delay:0.3s\">\r\n\t\t<div class=\"w-grid-item-h\">\r\n\t\t\t\t\t\t<div class=\"w-post-elm post_image usg_post_image_1 has_ratio\"><img decoding=\"async\" width=\"220\" height=\"220\" src=\"https:\/\/transitionencommun.org\/wp-content\/uploads\/2024\/08\/DK.jpg\" class=\"attachment-large size-large wp-post-image\" alt=\"\" \/><div style=\"padding-bottom:100%\"><\/div><\/div><h5 class=\"w-post-elm post_title usg_post_title_1 style-h3 color_link_inherit\">David Kaiser<\/h5><p class=\"w-post-elm post_custom_field usg_post_custom_field_1 type_text titre_du_poste_version_anglaise color_link_inherit\"><span class=\"w-post-elm-value\">Direction r\u00e9gionale de sant\u00e9 publique de Montr\u00e9al<\/span><\/p>\t\t<\/div>\r\n\t\t\t<\/article>\r\n\t<article class=\"w-grid-item us_animate_afb size_1x1 post-2493 membres_equipe type-membres_equipe status-publish has-post-thumbnail hentry categorie_membre_equipe-comite-orientation\" data-id=\"2493\" style=\"animation-delay:0.4s\">\r\n\t\t<div class=\"w-grid-item-h\">\r\n\t\t\t\t\t\t<div class=\"w-post-elm post_image usg_post_image_1 has_ratio\"><img decoding=\"async\" width=\"674\" height=\"460\" src=\"https:\/\/transitionencommun.org\/wp-content\/uploads\/2024\/12\/emmanuellehebert-674x460-1.png\" class=\"attachment-large size-large wp-post-image\" alt=\"\" \/><div style=\"padding-bottom:100%\"><\/div><\/div><h5 class=\"w-post-elm post_title usg_post_title_1 style-h3 color_link_inherit\">Emmanuelle H\u00e9bert<\/h5><p class=\"w-post-elm post_custom_field usg_post_custom_field_1 type_text titre_du_poste_version_anglaise color_link_inherit\"><span class=\"w-post-elm-value\">Culture Montr\u00e9al<\/span><\/p>\t\t<\/div>\r\n\t\t\t<\/article>\r\n\t<article class=\"w-grid-item us_animate_afb size_1x1 post-2498 membres_equipe type-membres_equipe status-publish has-post-thumbnail hentry categorie_membre_equipe-comite-orientation categorie_membre_equipe-comite-executif categorie_membre_equipe-espace-quartiers categorie_membre_equipe-justice-environnementale\" data-id=\"2498\" style=\"animation-delay:0.5s\">\r\n\t\t<div class=\"w-grid-item-h\">\r\n\t\t\t\t\t\t<div class=\"w-post-elm post_image usg_post_image_1 has_ratio\"><img decoding=\"async\" width=\"846\" height=\"1024\" src=\"https:\/\/transitionencommun.org\/wp-content\/uploads\/2024\/12\/joakim-lemieux-moCA-8999-scaled-e1733159275743-846x1024.jpg\" class=\"attachment-large size-large wp-post-image\" alt=\"\" \/><div style=\"padding-bottom:100%\"><\/div><\/div><h5 class=\"w-post-elm post_title usg_post_title_1 style-h3 color_link_inherit\">Joakim Lemieux<\/h5><p class=\"w-post-elm post_custom_field usg_post_custom_field_1 type_text titre_du_poste_version_anglaise color_link_inherit\"><span class=\"w-post-elm-value\">Coalition montr\u00e9alaises des Tables de quartier (CMTQ)<\/span><\/p>\t\t<\/div>\r\n\t\t\t<\/article>\r\n\t<article class=\"w-grid-item us_animate_afb size_1x1 post-2511 membres_equipe type-membres_equipe status-publish has-post-thumbnail hentry categorie_membre_equipe-collectif-resilience categorie_membre_equipe-comite-orientation categorie_membre_equipe-justice-environnementale categorie_membre_equipe-let categorie_membre_equipe-savoirs\" data-id=\"2511\" style=\"animation-delay:0.6s\">\r\n\t\t<div class=\"w-grid-item-h\">\r\n\t\t\t\t\t\t<div class=\"w-post-elm post_image usg_post_image_1 has_ratio\"><img decoding=\"async\" width=\"751\" height=\"968\" src=\"https:\/\/transitionencommun.org\/wp-content\/uploads\/2024\/12\/SophieLVanNesteMai2024.jpg\" class=\"attachment-large size-large wp-post-image\" alt=\"\" \/><div style=\"padding-bottom:100%\"><\/div><\/div><h5 class=\"w-post-elm post_title usg_post_title_1 style-h3 color_link_inherit\">Sophie Van Neste<\/h5><p class=\"w-post-elm post_custom_field usg_post_custom_field_1 type_text titre_du_poste_version_anglaise color_link_inherit\"><span class=\"w-post-elm-value\">Labo \u00c9quit\u00e9 Climat, INRS<\/span><\/p>\t\t<\/div>\r\n\t\t\t<\/article>\r\n\t<article class=\"w-grid-item us_animate_afb size_1x1 post-2579 membres_equipe type-membres_equipe status-publish has-post-thumbnail hentry categorie_membre_equipe-comite-orientation categorie_membre_equipe-comite-executif categorie_membre_equipe-let\" data-id=\"2579\" style=\"animation-delay:0.7s\">\r\n\t\t<div class=\"w-grid-item-h\">\r\n\t\t\t\t\t\t<div class=\"w-post-elm post_image usg_post_image_1 has_ratio\"><img decoding=\"async\" width=\"876\" height=\"1024\" src=\"https:\/\/transitionencommun.org\/wp-content\/uploads\/2024\/08\/karl-janelle-1-876x1024.jpg\" class=\"attachment-large size-large wp-post-image\" alt=\"\" \/><div style=\"padding-bottom:100%\"><\/div><\/div><h5 class=\"w-post-elm post_title usg_post_title_1 style-h3 color_link_inherit\">Karl Janelle<\/h5><p class=\"w-post-elm post_custom_field usg_post_custom_field_1 type_text titre_du_poste_version_anglaise color_link_inherit\"><span class=\"w-post-elm-value\">Coalition Climat Montr\u00e9al<\/span><\/p>\t\t<\/div>\r\n\t\t\t<\/article>\r\n\t<article class=\"w-grid-item us_animate_afb size_1x1 post-3707 membres_equipe type-membres_equipe status-publish has-post-thumbnail hentry categorie_membre_equipe-comite-orientation\" data-id=\"3707\" style=\"animation-delay:0s\">\r\n\t\t<div class=\"w-grid-item-h\">\r\n\t\t\t\t\t\t<div class=\"w-post-elm post_image usg_post_image_1 has_ratio\"><img decoding=\"async\" width=\"680\" height=\"1024\" src=\"https:\/\/transitionencommun.org\/wp-content\/uploads\/2024\/09\/Sarah2242-680x1024.jpg\" class=\"attachment-large size-large wp-post-image\" alt=\"\" \/><div style=\"padding-bottom:100%\"><\/div><\/div><h5 class=\"w-post-elm post_title usg_post_title_1 style-h3 color_link_inherit\">Marianne-Sarah Saulnier<\/h5><p class=\"w-post-elm post_custom_field usg_post_custom_field_1 type_text titre_du_poste_version_anglaise color_link_inherit\"><span class=\"w-post-elm-value\">Observatoire qu\u00e9b\u00e9cois des in\u00e9galit\u00e9s<\/span><\/p>\t\t<\/div>\r\n\t\t\t<\/article>\r\n\t<article class=\"w-grid-item us_animate_afb size_1x1 post-3766 membres_equipe type-membres_equipe status-publish has-post-thumbnail hentry categorie_membre_equipe-comite-orientation\" data-id=\"3766\" style=\"animation-delay:0.1s\">\r\n\t\t<div class=\"w-grid-item-h\">\r\n\t\t\t\t\t\t<div class=\"w-post-elm post_image usg_post_image_1 has_ratio\"><img decoding=\"async\" width=\"229\" height=\"246\" src=\"https:\/\/transitionencommun.org\/wp-content\/uploads\/2024\/09\/cleliaSeve-1-e1733154277809.jpg\" class=\"attachment-large size-large wp-post-image\" alt=\"\" \/><div style=\"padding-bottom:100%\"><\/div><\/div><h5 class=\"w-post-elm post_title usg_post_title_1 style-h3 color_link_inherit\">Cl\u00e9lia S\u00e8ve<\/h5><p class=\"w-post-elm post_custom_field usg_post_custom_field_1 type_text titre_du_poste_version_anglaise color_link_inherit\"><span class=\"w-post-elm-value\">Regroupement des \u00c9co-quartiers<\/span><\/p>\t\t<\/div>\r\n\t\t\t<\/article>\r\n\t<article class=\"w-grid-item us_animate_afb size_1x1 post-4440 membres_equipe type-membres_equipe status-publish has-post-thumbnail hentry categorie_membre_equipe-comite-orientation\" data-id=\"4440\" style=\"animation-delay:0.2s\">\r\n\t\t<div class=\"w-grid-item-h\">\r\n\t\t\t\t\t\t<div class=\"w-post-elm post_image usg_post_image_1 has_ratio\"><img decoding=\"async\" width=\"1024\" height=\"1024\" src=\"https:\/\/transitionencommun.org\/wp-content\/uploads\/2024\/12\/Christoph-Stamm-1-e1733161603348-1024x1024.jpg\" class=\"attachment-large size-large wp-post-image\" alt=\"\" \/><div style=\"padding-bottom:100%\"><\/div><\/div><h5 class=\"w-post-elm post_title usg_post_title_1 style-h3 color_link_inherit\">Christoph Stamm<\/h5><p class=\"w-post-elm post_custom_field usg_post_custom_field_1 type_text titre_du_poste_version_anglaise color_link_inherit\"><span class=\"w-post-elm-value\">Une monnaie pour Montr\u00e9al<\/span><\/p>\t\t<\/div>\r\n\t\t\t<\/article>\r\n\t<article class=\"w-grid-item us_animate_afb size_1x1 post-4453 membres_equipe type-membres_equipe status-publish has-post-thumbnail hentry categorie_membre_equipe-comite-orientation\" data-id=\"4453\" style=\"animation-delay:0.3s\">\r\n\t\t<div class=\"w-grid-item-h\">\r\n\t\t\t\t\t\t<div class=\"w-post-elm post_image usg_post_image_1 has_ratio\"><img decoding=\"async\" width=\"774\" height=\"651\" src=\"https:\/\/transitionencommun.org\/wp-content\/uploads\/2024\/12\/GaelleGenereux.png\" class=\"attachment-large size-large wp-post-image\" alt=\"\" \/><div style=\"padding-bottom:100%\"><\/div><\/div><h5 class=\"w-post-elm post_title usg_post_title_1 style-h3 color_link_inherit\">Ga\u00eblle G\u00e9n\u00e9reux<\/h5><p class=\"w-post-elm post_custom_field usg_post_custom_field_1 type_text titre_du_poste_version_anglaise color_link_inherit\"><span class=\"w-post-elm-value\">PME MTL Centre-Est<\/span><\/p>\t\t<\/div>\r\n\t\t\t<\/article>\r\n\t<article class=\"w-grid-item us_animate_afb size_1x1 post-4506 membres_equipe type-membres_equipe status-publish has-post-thumbnail hentry categorie_membre_equipe-comite-orientation categorie_membre_equipe-justice-environnementale\" data-id=\"4506\" style=\"animation-delay:0.4s\">\r\n\t\t<div class=\"w-grid-item-h\">\r\n\t\t\t\t\t\t<div class=\"w-post-elm post_image usg_post_image_1 has_ratio\"><img decoding=\"async\" width=\"400\" height=\"400\" src=\"https:\/\/transitionencommun.org\/wp-content\/uploads\/2024\/12\/lea_ilardo_1080-400x400-1.png\" class=\"attachment-large size-large wp-post-image\" alt=\"\" \/><div style=\"padding-bottom:100%\"><\/div><\/div><h5 class=\"w-post-elm post_title usg_post_title_1 style-h3 color_link_inherit\">L\u00e9a Illardo<\/h5><p class=\"w-post-elm post_custom_field usg_post_custom_field_1 type_text titre_du_poste_version_anglaise color_link_inherit\"><span class=\"w-post-elm-value\">\u00c9clore<\/span><\/p>\t\t<\/div>\r\n\t\t\t<\/article>\r\n\t<article class=\"w-grid-item us_animate_afb size_1x1 post-4510 membres_equipe type-membres_equipe status-publish has-post-thumbnail hentry categorie_membre_equipe-comite-orientation\" data-id=\"4510\" style=\"animation-delay:0.5s\">\r\n\t\t<div class=\"w-grid-item-h\">\r\n\t\t\t\t\t\t<div class=\"w-post-elm post_image usg_post_image_1 has_ratio\"><img decoding=\"async\" width=\"839\" height=\"1024\" src=\"https:\/\/transitionencommun.org\/wp-content\/uploads\/2024\/12\/Justine_Ballon_HEC_5801_5X7-1-e1733159321571-839x1024.jpg\" class=\"attachment-large size-large wp-post-image\" alt=\"\" \/><div style=\"padding-bottom:100%\"><\/div><\/div><h5 class=\"w-post-elm post_title usg_post_title_1 style-h3 color_link_inherit\">Justine Ballon<\/h5><p class=\"w-post-elm post_custom_field usg_post_custom_field_1 type_text titre_du_poste_version_anglaise color_link_inherit\"><span class=\"w-post-elm-value\">Institut international des coop\u00e9ratives Alphonse et Dorim\u00e8ne Desjardins, HEC Montr\u00e9al<\/span><\/p>\t\t<\/div>\r\n\t\t\t<\/article>\r\n\t<article class=\"w-grid-item us_animate_afb size_1x1 post-4515 membres_equipe type-membres_equipe status-publish has-post-thumbnail hentry categorie_membre_equipe-comite-orientation\" data-id=\"4515\" style=\"animation-delay:0.6s\">\r\n\t\t<div class=\"w-grid-item-h\">\r\n\t\t\t\t\t\t<div class=\"w-post-elm post_image usg_post_image_1 has_ratio\"><img decoding=\"async\" width=\"343\" height=\"343\" src=\"https:\/\/transitionencommun.org\/wp-content\/uploads\/2024\/12\/SidneyRibaux.jpg\" class=\"attachment-large size-large wp-post-image\" alt=\"\" \/><div style=\"padding-bottom:100%\"><\/div><\/div><h5 class=\"w-post-elm post_title usg_post_title_1 style-h3 color_link_inherit\">Sidney Ribaux<\/h5><p class=\"w-post-elm post_custom_field usg_post_custom_field_1 type_text titre_du_poste_version_anglaise color_link_inherit\"><span class=\"w-post-elm-value\">Bureau de la transition \u00e9cologique et de la r\u00e9silience Ville de Montr\u00e9al (BTER)<\/span><\/p>\t\t<\/div>\r\n\t\t\t<\/article>\r\n\t<article class=\"w-grid-item us_animate_afb size_1x1 post-4518 membres_equipe type-membres_equipe status-publish has-post-thumbnail hentry categorie_membre_equipe-comite-orientation\" data-id=\"4518\" style=\"animation-delay:0.7s\">\r\n\t\t<div class=\"w-grid-item-h\">\r\n\t\t\t\t\t\t<div class=\"w-post-elm post_image usg_post_image_1 has_ratio\"><img decoding=\"async\" width=\"400\" height=\"400\" src=\"https:\/\/transitionencommun.org\/wp-content\/uploads\/2024\/12\/JustineDesbiens.jpg\" class=\"attachment-large size-large wp-post-image\" alt=\"\" \/><div style=\"padding-bottom:100%\"><\/div><\/div><h5 class=\"w-post-elm post_title usg_post_title_1 style-h3 color_link_inherit\">Justine Desbiens<\/h5><p class=\"w-post-elm post_custom_field usg_post_custom_field_1 type_text titre_du_poste_version_anglaise color_link_inherit\"><span class=\"w-post-elm-value\">Arrondissement Le Sud-Ouest <\/span><\/p>\t\t<\/div>\r\n\t\t\t<\/article>\r\n\t<article class=\"w-grid-item us_animate_afb size_1x1 post-4842 membres_equipe type-membres_equipe status-publish has-post-thumbnail hentry categorie_membre_equipe-comite-orientation\" data-id=\"4842\" style=\"animation-delay:0s\">\r\n\t\t<div class=\"w-grid-item-h\">\r\n\t\t\t\t\t\t<div class=\"w-post-elm post_image usg_post_image_1 has_ratio\"><img decoding=\"async\" width=\"200\" height=\"200\" src=\"https:\/\/transitionencommun.org\/wp-content\/uploads\/2025\/01\/pascal-lacasse.jpg\" class=\"attachment-large size-large wp-post-image\" alt=\"\" \/><div style=\"padding-bottom:100%\"><\/div><\/div><h5 class=\"w-post-elm post_title usg_post_title_1 style-h3 color_link_inherit\">Pascal Lacasse<\/h5><p class=\"w-post-elm post_custom_field usg_post_custom_field_1 type_text titre_du_poste_version_anglaise color_link_inherit\"><span class=\"w-post-elm-value\">Service de l\u2019urbanisme et de la mobilit\u00e9 - Ville de Montr\u00e9al<\/span><\/p>\t\t<\/div>\r\n\t\t\t<\/article>\r\n\t<article class=\"w-grid-item us_animate_afb size_1x1 post-4858 membres_equipe type-membres_equipe status-publish has-post-thumbnail hentry categorie_membre_equipe-comite-orientation\" data-id=\"4858\" style=\"animation-delay:0.1s\">\r\n\t\t<div class=\"w-grid-item-h\">\r\n\t\t\t\t\t\t<div class=\"w-post-elm post_image usg_post_image_1 has_ratio\"><img decoding=\"async\" width=\"181\" height=\"190\" src=\"https:\/\/transitionencommun.org\/wp-content\/uploads\/2025\/02\/ToniaDiG-e1741025527977.jpg\" class=\"attachment-large size-large wp-post-image\" alt=\"\" \/><div style=\"padding-bottom:100%\"><\/div><\/div><h5 class=\"w-post-elm post_title usg_post_title_1 style-h3 color_link_inherit\">Tonia Di Guglielmo<\/h5><p class=\"w-post-elm post_custom_field usg_post_custom_field_1 type_text titre_du_poste_version_anglaise color_link_inherit\"><span class=\"w-post-elm-value\">Arrondissement de Montr\u00e9al-Nord<\/span><\/p>\t\t<\/div>\r\n\t\t\t<\/article>\r\n\t<article class=\"w-grid-item us_animate_afb size_1x1 post-4866 membres_equipe type-membres_equipe status-publish has-post-thumbnail hentry categorie_membre_equipe-comite-orientation categorie_membre_equipe-demotorisation\" data-id=\"4866\" style=\"animation-delay:0.2s\">\r\n\t\t<div class=\"w-grid-item-h\">\r\n\t\t\t\t\t\t<div class=\"w-post-elm post_image usg_post_image_1 has_ratio\"><img decoding=\"async\" width=\"599\" height=\"599\" src=\"https:\/\/transitionencommun.org\/wp-content\/uploads\/2025\/02\/theophilH-coopcarbone.jpeg\" class=\"attachment-large size-large wp-post-image\" alt=\"\" \/><div style=\"padding-bottom:100%\"><\/div><\/div><h5 class=\"w-post-elm post_title usg_post_title_1 style-h3 color_link_inherit\">Theophil Haberstroh<\/h5><p class=\"w-post-elm post_custom_field usg_post_custom_field_1 type_text titre_du_poste_version_anglaise color_link_inherit\"><span class=\"w-post-elm-value\">Coop Carbone<\/span><\/p>\t\t<\/div>\r\n\t\t\t<\/article>\r\n\t<article class=\"w-grid-item us_animate_afb size_1x1 post-5581 membres_equipe type-membres_equipe status-publish has-post-thumbnail hentry categorie_membre_equipe-comite-orientation\" data-id=\"5581\" style=\"animation-delay:0.3s\">\r\n\t\t<div class=\"w-grid-item-h\">\r\n\t\t\t\t\t\t<div class=\"w-post-elm post_image usg_post_image_1 has_ratio\"><img decoding=\"async\" width=\"277\" height=\"327\" src=\"https:\/\/transitionencommun.org\/wp-content\/uploads\/2025\/06\/AM-Aubert.png\" class=\"attachment-large size-large wp-post-image\" alt=\"\" \/><div style=\"padding-bottom:100%\"><\/div><\/div><h5 class=\"w-post-elm post_title usg_post_title_1 style-h3 color_link_inherit\">Anne-Marie Aubert<\/h5><p class=\"w-post-elm post_custom_field usg_post_custom_field_1 type_text titre_du_poste_version_anglaise color_link_inherit\"><span class=\"w-post-elm-value\">Conseil du syst\u00e8me alimentaire montr\u00e9alais<\/span><\/p>\t\t<\/div>\r\n\t\t\t<\/article>\r\n\t<article class=\"w-grid-item us_animate_afb size_1x1 post-6039 membres_equipe type-membres_equipe status-publish has-post-thumbnail hentry categorie_membre_equipe-comite-orientation\" data-id=\"6039\" style=\"animation-delay:0.4s\">\r\n\t\t<div class=\"w-grid-item-h\">\r\n\t\t\t\t\t\t<div class=\"w-post-elm post_image usg_post_image_1 has_ratio\"><img decoding=\"async\" width=\"800\" height=\"800\" src=\"https:\/\/transitionencommun.org\/wp-content\/uploads\/2025\/09\/marineThomas.jpg\" class=\"attachment-large size-large wp-post-image\" alt=\"\" \/><div style=\"padding-bottom:100%\"><\/div><\/div><h5 class=\"w-post-elm post_title usg_post_title_1 style-h3 color_link_inherit\">Marine Thomas<\/h5><p class=\"w-post-elm post_custom_field usg_post_custom_field_1 type_text titre_du_poste_version_anglaise color_link_inherit\"><span class=\"w-post-elm-value\">Partenariat Climat Montr\u00e9al<\/span><\/p>\t\t<\/div>\r\n\t\t\t<\/article>\r\n\t<article class=\"w-grid-item us_animate_afb size_1x1 post-6119 membres_equipe type-membres_equipe status-publish has-post-thumbnail hentry categorie_membre_equipe-comite-orientation categorie_membre_equipe-justice-environnementale\" data-id=\"6119\" style=\"animation-delay:0.5s\">\r\n\t\t<div class=\"w-grid-item-h\">\r\n\t\t\t\t\t\t<div class=\"w-post-elm post_image usg_post_image_1 has_ratio\"><img decoding=\"async\" width=\"683\" height=\"1024\" src=\"https:\/\/transitionencommun.org\/wp-content\/uploads\/2025\/11\/B.-Manai_Photo-683x1024.jpg\" class=\"attachment-large size-large wp-post-image\" alt=\"\" \/><div style=\"padding-bottom:100%\"><\/div><\/div><h5 class=\"w-post-elm post_title usg_post_title_1 style-h3 color_link_inherit\">Bochra Mana\u00ef<\/h5><p class=\"w-post-elm post_custom_field usg_post_custom_field_1 type_text titre_du_poste_version_anglaise color_link_inherit\"><span class=\"w-post-elm-value\">City of Montreal - Commissionaires Office<\/span><\/p>\t\t<\/div>\r\n\t\t\t<\/article>\r\n\t<article class=\"w-grid-item us_animate_afb size_1x1 post-6211 membres_equipe type-membres_equipe status-publish has-post-thumbnail hentry categorie_membre_equipe-comite-orientation\" data-id=\"6211\" style=\"animation-delay:0.6s\">\r\n\t\t<div class=\"w-grid-item-h\">\r\n\t\t\t\t\t\t<div class=\"w-post-elm post_image usg_post_image_1 has_ratio\"><img decoding=\"async\" width=\"800\" height=\"800\" src=\"https:\/\/transitionencommun.org\/wp-content\/uploads\/2025\/11\/Alexandra-Nadeau-1.jpg\" class=\"attachment-large size-large wp-post-image\" alt=\"\" \/><div style=\"padding-bottom:100%\"><\/div><\/div><h5 class=\"w-post-elm post_title usg_post_title_1 style-h3 color_link_inherit\">Alexandra Nadeau<\/h5><p class=\"w-post-elm post_custom_field usg_post_custom_field_1 type_text titre_du_poste_version_anglaise color_link_inherit\"><span class=\"w-post-elm-value\">CERS\u00c9 - Centre d'\u00e9tude en responsabilit\u00e9 sociale et \u00e9cocitoyennet\u00e9 (CCTT)<\/span><\/p>\t\t<\/div>\r\n\t\t\t<\/article>\r\n\t<article class=\"w-grid-item us_animate_afb size_1x1 post-6304 membres_equipe type-membres_equipe status-publish has-post-thumbnail hentry categorie_membre_equipe-comite-orientation\" data-id=\"6304\" style=\"animation-delay:0.7s\">\r\n\t\t<div class=\"w-grid-item-h\">\r\n\t\t\t\t\t\t<div class=\"w-post-elm post_image usg_post_image_1 has_ratio\"><img decoding=\"async\" width=\"351\" height=\"325\" src=\"https:\/\/transitionencommun.org\/wp-content\/uploads\/2025\/11\/CassAnna.jpg\" class=\"attachment-large size-large wp-post-image\" alt=\"\" \/><div style=\"padding-bottom:100%\"><\/div><\/div><h5 class=\"w-post-elm post_title usg_post_title_1 style-h3 color_link_inherit\">Ana\u00efs Houde\/Cassandre Charbonneau<\/h5><p class=\"w-post-elm post_custom_field usg_post_custom_field_1 type_text titre_du_poste_version_anglaise color_link_inherit\"><span class=\"w-post-elm-value\">Mobilisation 6600 Parc-Nature MHM<\/span><\/p>\t\t<\/div>\r\n\t\t\t<\/article>\r\n\t<article class=\"w-grid-item us_animate_afb size_1x1 post-6216 membres_equipe type-membres_equipe status-publish has-post-thumbnail hentry categorie_membre_equipe-comite-orientation\" data-id=\"6216\" style=\"animation-delay:0s\">\r\n\t\t<div class=\"w-grid-item-h\">\r\n\t\t\t\t\t\t<div class=\"w-post-elm post_image usg_post_image_1 has_ratio\"><img decoding=\"async\" width=\"1024\" height=\"898\" src=\"https:\/\/transitionencommun.org\/wp-content\/uploads\/2025\/11\/Denises-Veilleux-COmite-citoyen-resilience-aine-1-1024x898.jpg\" class=\"attachment-large size-large wp-post-image\" alt=\"\" \/><div style=\"padding-bottom:100%\"><\/div><\/div><h5 class=\"w-post-elm post_title usg_post_title_1 style-h3 color_link_inherit\">Denise Veilleux<\/h5><p class=\"w-post-elm post_custom_field usg_post_custom_field_1 type_text titre_du_poste_version_anglaise color_link_inherit\"><span class=\"w-post-elm-value\">Conseil citoyen du r\u00e9seau r\u00e9silience a\u00een\u00e9 de Montr\u00e9al<\/span><\/p>\t\t<\/div>\r\n\t\t\t<\/article>\r\n\t<article class=\"w-grid-item us_animate_afb size_1x1 post-6220 membres_equipe type-membres_equipe status-publish has-post-thumbnail hentry categorie_membre_equipe-comite-orientation\" data-id=\"6220\" style=\"animation-delay:0.1s\">\r\n\t\t<div class=\"w-grid-item-h\">\r\n\t\t\t\t\t\t<div class=\"w-post-elm post_image usg_post_image_1 has_ratio\"><img decoding=\"async\" width=\"200\" height=\"200\" src=\"https:\/\/transitionencommun.org\/wp-content\/uploads\/2025\/11\/JEanSebSuf.jpg\" class=\"attachment-large size-large wp-post-image\" alt=\"\" \/><div style=\"padding-bottom:100%\"><\/div><\/div><h5 class=\"w-post-elm post_title usg_post_title_1 style-h3 color_link_inherit\">Jean-S\u00e9bastien Dufresne<\/h5><p class=\"w-post-elm post_custom_field usg_post_custom_field_1 type_text titre_du_poste_version_anglaise color_link_inherit\"><span class=\"w-post-elm-value\">ICIELA Citizens Solidarity Network<\/span><\/p>\t\t<\/div>\r\n\t\t\t<\/article>\r\n\t<article class=\"w-grid-item us_animate_afb size_1x1 post-6298 membres_equipe type-membres_equipe status-publish has-post-thumbnail hentry categorie_membre_equipe-comite-orientation\" data-id=\"6298\" style=\"animation-delay:0.2s\">\r\n\t\t<div class=\"w-grid-item-h\">\r\n\t\t\t\t\t\t<div class=\"w-post-elm post_image usg_post_image_1 has_ratio\"><img decoding=\"async\" width=\"318\" height=\"373\" src=\"https:\/\/transitionencommun.org\/wp-content\/uploads\/2025\/11\/KarelLuap.jpg\" class=\"attachment-large size-large wp-post-image\" alt=\"\" \/><div style=\"padding-bottom:100%\"><\/div><\/div><h5 class=\"w-post-elm post_title usg_post_title_1 style-h3 color_link_inherit\">Karel Luap<\/h5><p class=\"w-post-elm post_custom_field usg_post_custom_field_1 type_text titre_du_poste_version_anglaise color_link_inherit\"><span class=\"w-post-elm-value\">Ville en vert<\/span><\/p>\t\t<\/div>\r\n\t\t\t<\/article>\r\n\t<article class=\"w-grid-item us_animate_afb size_1x1 post-6309 membres_equipe type-membres_equipe status-publish has-post-thumbnail hentry categorie_membre_equipe-comite-orientation\" data-id=\"6309\" style=\"animation-delay:0.3s\">\r\n\t\t<div class=\"w-grid-item-h\">\r\n\t\t\t\t\t\t<div class=\"w-post-elm post_image usg_post_image_1 has_ratio\"><img decoding=\"async\" width=\"381\" height=\"334\" src=\"https:\/\/transitionencommun.org\/wp-content\/uploads\/2025\/11\/jasbnciajsnc.jpg\" class=\"attachment-large size-large wp-post-image\" alt=\"\" \/><div style=\"padding-bottom:100%\"><\/div><\/div><h5 class=\"w-post-elm post_title usg_post_title_1 style-h3 color_link_inherit\">Louis-Philippe Lizotte\/Isabelle Gaudette<\/h5><p class=\"w-post-elm post_custom_field usg_post_custom_field_1 type_text titre_du_poste_version_anglaise color_link_inherit\"><span class=\"w-post-elm-value\">INM \/ CEUM<\/span><\/p>\t\t<\/div>\r\n\t\t\t<\/article>\r\n\t<article class=\"w-grid-item us_animate_afb size_1x1 post-6312 membres_equipe type-membres_equipe status-publish has-post-thumbnail hentry categorie_membre_equipe-comite-orientation\" data-id=\"6312\" style=\"animation-delay:0.4s\">\r\n\t\t<div class=\"w-grid-item-h\">\r\n\t\t\t\t\t\t<div class=\"w-post-elm post_image usg_post_image_1 has_ratio\"><img decoding=\"async\" width=\"375\" height=\"304\" src=\"https:\/\/transitionencommun.org\/wp-content\/uploads\/2025\/11\/ajscniajsncas.jpg\" class=\"attachment-large size-large wp-post-image\" alt=\"\" \/><div style=\"padding-bottom:100%\"><\/div><\/div><h5 class=\"w-post-elm post_title usg_post_title_1 style-h3 color_link_inherit\">Marguerite Mendell \/ Sylvain Lef\u00e8vre<\/h5><p class=\"w-post-elm post_custom_field usg_post_custom_field_1 type_text titre_du_poste_version_anglaise color_link_inherit\"><span class=\"w-post-elm-value\">Centre de recherche sur les innovations sociales (CRISES)<\/span><\/p>\t\t<\/div>\r\n\t\t\t<\/article>\r\n\t<article class=\"w-grid-item us_animate_afb size_1x1 post-6317 membres_equipe type-membres_equipe status-publish has-post-thumbnail hentry categorie_membre_equipe-comite-orientation\" data-id=\"6317\" style=\"animation-delay:0.5s\">\r\n\t\t<div class=\"w-grid-item-h\">\r\n\t\t\t\t\t\t<div class=\"w-post-elm post_image usg_post_image_1 has_ratio\"><img decoding=\"async\" width=\"360\" height=\"298\" src=\"https:\/\/transitionencommun.org\/wp-content\/uploads\/2025\/11\/Jsjnaisc.jpg\" class=\"attachment-large size-large wp-post-image\" alt=\"\" \/><div style=\"padding-bottom:100%\"><\/div><\/div><h5 class=\"w-post-elm post_title usg_post_title_1 style-h3 color_link_inherit\">Natana\u00ebl B\u00e9gin-Paul \/ Imany B\u00e9gin-Paul<\/h5><p class=\"w-post-elm post_custom_field usg_post_custom_field_1 type_text titre_du_poste_version_anglaise color_link_inherit\"><span class=\"w-post-elm-value\">Tshuapamitin<\/span><\/p>\t\t<\/div>\r\n\t\t\t<\/article>\r\n\t<article class=\"w-grid-item us_animate_afb size_1x1 post-6295 membres_equipe type-membres_equipe status-publish has-post-thumbnail hentry categorie_membre_equipe-comite-orientation\" data-id=\"6295\" style=\"animation-delay:0.6s\">\r\n\t\t<div class=\"w-grid-item-h\">\r\n\t\t\t\t\t\t<div class=\"w-post-elm post_image usg_post_image_1 has_ratio\"><img decoding=\"async\" width=\"372\" height=\"316\" src=\"https:\/\/transitionencommun.org\/wp-content\/uploads\/2025\/11\/Genevieve-Dube-e1763504762476.jpg\" class=\"attachment-large size-large wp-post-image\" alt=\"\" \/><div style=\"padding-bottom:100%\"><\/div><\/div><h5 class=\"w-post-elm post_title usg_post_title_1 style-h3 color_link_inherit\">Genevi\u00e8ve Dub\u00e9<\/h5><p class=\"w-post-elm post_custom_field usg_post_custom_field_1 type_text titre_du_poste_version_anglaise color_link_inherit\"><span class=\"w-post-elm-value\">Jardins pour tous<\/span><\/p>\t\t<\/div>\r\n\t\t\t<\/article>\r\n\t<article class=\"w-grid-item us_animate_afb size_1x1 post-6857 membres_equipe type-membres_equipe status-publish has-post-thumbnail hentry categorie_membre_equipe-comite-orientation\" data-id=\"6857\" style=\"animation-delay:0.7s\">\r\n\t\t<div class=\"w-grid-item-h\">\r\n\t\t\t\t\t\t<div class=\"w-post-elm post_image usg_post_image_1 has_ratio\"><img decoding=\"async\" width=\"920\" height=\"1024\" src=\"https:\/\/transitionencommun.org\/wp-content\/uploads\/2026\/03\/KevinDuBoisberranger-920x1024.jpg\" class=\"attachment-large size-large wp-post-image\" alt=\"\" \/><div style=\"padding-bottom:100%\"><\/div><\/div><h5 class=\"w-post-elm post_title usg_post_title_1 style-h3 color_link_inherit\">Kevin Du Boisberranger<\/h5><p class=\"w-post-elm post_custom_field usg_post_custom_field_1 type_text titre_du_poste_version_anglaise color_link_inherit\"><span class=\"w-post-elm-value\">Demain Verdun<\/span><\/p>\t\t<\/div>\r\n\t\t\t<\/article>\r\n<\/div>\t<div class=\"w-grid-preloader\">\r\n\t\t<div class=\"g-preloader type_1\">\r\n\t\t\t<div><\/div>\r\n\t\t<\/div>\r\n\t<\/div>\r\n\t\t<div class=\"w-grid-json hidden\" onclick='return {&quot;action&quot;:&quot;us_ajax_grid&quot;,&quot;infinite_scroll&quot;:0,&quot;max_num_pages&quot;:1,&quot;pagination&quot;:&quot;none&quot;,&quot;template_vars&quot;:{&quot;columns&quot;:&quot;4&quot;,&quot;exclude_items&quot;:&quot;none&quot;,&quot;img_size&quot;:&quot;default&quot;,&quot;ignore_items_size&quot;:0,&quot;items_layout&quot;:&quot;3871&quot;,&quot;items_offset&quot;:&quot;1&quot;,&quot;load_animation&quot;:&quot;afb&quot;,&quot;overriding_link&quot;:&quot;%7B%22url%22%3A%22%22%7D&quot;,&quot;post_id&quot;:3920,&quot;query_args&quot;:{&quot;post_type&quot;:[&quot;membres_equipe&quot;],&quot;tax_query&quot;:[{&quot;taxonomy&quot;:&quot;categorie_membre_equipe&quot;,&quot;field&quot;:&quot;slug&quot;,&quot;terms&quot;:[&quot;comite-orientation&quot;]}],&quot;post_status&quot;:[&quot;publish&quot;,&quot;acf-disabled&quot;],&quot;posts_per_page&quot;:&quot;50&quot;},&quot;orderby_query_args&quot;:{&quot;orderby&quot;:{&quot;date&quot;:&quot;ASC&quot;}},&quot;type&quot;:&quot;grid&quot;,&quot;us_grid_post_type&quot;:&quot;membres_equipe&quot;,&quot;us_grid_ajax_index&quot;:1,&quot;us_grid_filter_query_string&quot;:null,&quot;us_grid_index&quot;:1,&quot;page_args&quot;:[],&quot;lang&quot;:&quot;en&quot;}}'><\/div>\r\n\t<\/div><\/div><\/div><\/div><\/div><\/div><\/div><\/div><\/div><\/div><\/section>\n<\/div><\/div><\/div><\/div><\/div><\/div><div class=\"w-tabs-section\" id=\"vacc\"><button type=\"button\" class=\"w-tabs-section-header\" aria-controls=\"content-vacc\" aria-expanded=\"false\"><h3 class=\"w-tabs-section-title\">Executive Committee<\/h3><div class=\"w-tabs-section-control\"><\/div><\/button><div  class=\"w-tabs-section-content\" id=\"content-vacc\"><div class=\"w-tabs-section-content-h i-cf\"><div class=\"g-cols wpb_row inner-row-tab-img-left via_grid cols_custom laptops-cols_inherit tablets-cols_inherit mobiles-cols_1 valign_top type_default stacking_default\" style=\"--columns-gap:3rem;--custom-columns:2.5fr 3.5fr 6fr \"><div class=\"wpb_column vc_column_container\"><div class=\"vc_column-inner\"><div class=\"w-image us_custom_02c2953a has_aspect_ratio align_none\"><div class=\"w-image-h\"><img decoding=\"async\" width=\"1024\" height=\"683\" src=\"https:\/\/transitionencommun.org\/wp-content\/uploads\/2024\/08\/CO-21Mars-26-1_SuperCompWeb-1024x683.jpg\" class=\"attachment-large size-large\" alt=\"\" loading=\"lazy\" srcset=\"https:\/\/transitionencommun.org\/wp-content\/uploads\/2024\/08\/CO-21Mars-26-1_SuperCompWeb-1024x683.jpg 1024w, https:\/\/transitionencommun.org\/wp-content\/uploads\/2024\/08\/CO-21Mars-26-1_SuperCompWeb-300x200.jpg 300w\" sizes=\"auto, (max-width: 1024px) 100vw, 1024px\" \/><\/div><\/div><\/div><\/div><div class=\"wpb_column vc_column_container\"><div class=\"vc_column-inner\"><div class=\"wpb_text_column\"><div class=\"wpb_wrapper\"><h3>Executive Committee<\/h3>\n<\/div><\/div><div class=\"w-separator size_medium\"><\/div><div class=\"wpb_text_column\"><div class=\"wpb_wrapper\"><p><span>The Executive Committee is appointed by the OC. At least one of the OC\u2019s co-chairs must be a member of the EC and serve as its chair. The EC meets approximately once a month, at the request of the General Coordination (GC) or its chair. Its primary role is to support the General Coordination and to ensure greater agility in decision-making regarding matters entrusted to it by the Steering Committee (e.g., monitoring policy directions, tracking ongoing projects, etc.).   <\/span><\/p>\n<\/div><\/div><\/div><\/div><div class=\"wpb_column vc_column_container\"><div class=\"vc_column-inner\"><section class=\"l-section wpb_row us_custom_b6a72ce1 height_medium\"><div class=\"l-section-h i-cf\"><div class=\"g-cols vc_row via_grid cols_1 laptops-cols_inherit tablets-cols_inherit mobiles-cols_1 valign_top type_default stacking_default\"><div class=\"wpb_column vc_column_container\"><div class=\"vc_column-inner\"><div class=\"w-tabs accordeon-membres accordion toggle_style_1 has_scrolling\" style=\"--sections-title-size:inherit;--sections-gap:0.5rem;\"><div class=\"w-tabs-sections titles-align_none icon_plus cpos_right\"><div class=\"w-tabs-section\" id=\"pf5c\"><button type=\"button\" class=\"w-tabs-section-header\" aria-controls=\"content-pf5c\" aria-expanded=\"false\"><h4 class=\"w-tabs-section-title\">Members<\/h4><div class=\"w-tabs-section-control\"><\/div><\/button><div  class=\"w-tabs-section-content\" id=\"content-pf5c\"><div class=\"w-tabs-section-content-h i-cf\"><div class=\"w-grid us_grid membres-grid type_grid layout_3871 cols_4 preload_style_spinner with_css_animation\" id=\"us_grid_2\" style=\"--columns:4;--gap:1.5rem;\" data-filterable=\"true\"><style>@media (max-width:1380px){#us_grid_2{--columns:3!important}}@media (max-width:1024px){#us_grid_2{--columns:2!important}}@media (max-width:600px){#us_grid_2{--columns:1!important}}<\/style><div class=\"w-grid-list\">\t<article class=\"w-grid-item us_animate_afb size_1x1 post-2486 membres_equipe type-membres_equipe status-publish has-post-thumbnail hentry categorie_membre_equipe-comite-orientation categorie_membre_equipe-economies-en-transition\" data-id=\"2486\" style=\"animation-delay:0s\">\r\n\t\t<div class=\"w-grid-item-h\">\r\n\t\t\t\t\t\t<div class=\"w-post-elm post_image usg_post_image_1 has_ratio\"><img decoding=\"async\" width=\"665\" height=\"740\" src=\"https:\/\/transitionencommun.org\/wp-content\/uploads\/2024\/12\/anyle-cote-cesim-3-e1733159092479.jpg\" class=\"attachment-large size-large wp-post-image\" alt=\"\" \/><div style=\"padding-bottom:100%\"><\/div><\/div><h5 class=\"w-post-elm post_title usg_post_title_1 style-h3 color_link_inherit\">Anyle C\u00f4t\u00e9<\/h5><p class=\"w-post-elm post_custom_field usg_post_custom_field_1 type_text titre_du_poste_version_anglaise color_link_inherit\"><span class=\"w-post-elm-value\">Conseil d'\u00e9conomie sociale de l'\u00eele de Montr\u00e9al (CESIM)<\/span><\/p>\t\t<\/div>\r\n\t\t\t<\/article>\r\n\t<article class=\"w-grid-item us_animate_afb size_1x1 post-2487 membres_equipe type-membres_equipe status-publish has-post-thumbnail hentry categorie_membre_equipe-comite-orientation categorie_membre_equipe-demotorisation\" data-id=\"2487\" style=\"animation-delay:0.1s\">\r\n\t\t<div class=\"w-grid-item-h\">\r\n\t\t\t\t\t\t<div class=\"w-post-elm post_image usg_post_image_1 has_ratio\"><img decoding=\"async\" width=\"315\" height=\"360\" src=\"https:\/\/transitionencommun.org\/wp-content\/uploads\/2024\/08\/BR-e1733159187461.jpg\" class=\"attachment-large size-large wp-post-image\" alt=\"\" \/><div style=\"padding-bottom:100%\"><\/div><\/div><h5 class=\"w-post-elm post_title usg_post_title_1 style-h3 color_link_inherit\">Blaise R\u00e9millard<\/h5><p class=\"w-post-elm post_custom_field usg_post_custom_field_1 type_text titre_du_poste_version_anglaise color_link_inherit\"><span class=\"w-post-elm-value\">Conseil r\u00e9gional de l'environnement de Montr\u00e9al (CRE)<\/span><\/p>\t\t<\/div>\r\n\t\t\t<\/article>\r\n\t<article class=\"w-grid-item us_animate_afb size_1x1 post-2488 membres_equipe type-membres_equipe status-publish has-post-thumbnail hentry categorie_membre_equipe-comite-orientation\" data-id=\"2488\" style=\"animation-delay:0.2s\">\r\n\t\t<div class=\"w-grid-item-h\">\r\n\t\t\t\t\t\t<div class=\"w-post-elm post_image usg_post_image_1 has_ratio\"><img decoding=\"async\" width=\"500\" height=\"500\" src=\"https:\/\/transitionencommun.org\/wp-content\/uploads\/2024\/08\/CD.jpg\" class=\"attachment-large size-large wp-post-image\" alt=\"\" \/><div style=\"padding-bottom:100%\"><\/div><\/div><h5 class=\"w-post-elm post_title usg_post_title_1 style-h3 color_link_inherit\">Christophe Derrien<\/h5>\t\t<\/div>\r\n\t\t\t<\/article>\r\n\t<article class=\"w-grid-item us_animate_afb size_1x1 post-2490 membres_equipe type-membres_equipe status-publish has-post-thumbnail hentry categorie_membre_equipe-comite-orientation categorie_membre_equipe-comite-executif categorie_membre_equipe-justice-environnementale\" data-id=\"2490\" style=\"animation-delay:0.3s\">\r\n\t\t<div class=\"w-grid-item-h\">\r\n\t\t\t\t\t\t<div class=\"w-post-elm post_image usg_post_image_1 has_ratio\"><img decoding=\"async\" width=\"220\" height=\"220\" src=\"https:\/\/transitionencommun.org\/wp-content\/uploads\/2024\/08\/DK.jpg\" class=\"attachment-large size-large wp-post-image\" alt=\"\" \/><div style=\"padding-bottom:100%\"><\/div><\/div><h5 class=\"w-post-elm post_title usg_post_title_1 style-h3 color_link_inherit\">David Kaiser<\/h5><p class=\"w-post-elm post_custom_field usg_post_custom_field_1 type_text titre_du_poste_version_anglaise color_link_inherit\"><span class=\"w-post-elm-value\">Direction r\u00e9gionale de sant\u00e9 publique de Montr\u00e9al<\/span><\/p>\t\t<\/div>\r\n\t\t\t<\/article>\r\n\t<article class=\"w-grid-item us_animate_afb size_1x1 post-2493 membres_equipe type-membres_equipe status-publish has-post-thumbnail hentry categorie_membre_equipe-comite-orientation\" data-id=\"2493\" style=\"animation-delay:0.4s\">\r\n\t\t<div class=\"w-grid-item-h\">\r\n\t\t\t\t\t\t<div class=\"w-post-elm post_image usg_post_image_1 has_ratio\"><img decoding=\"async\" width=\"674\" height=\"460\" src=\"https:\/\/transitionencommun.org\/wp-content\/uploads\/2024\/12\/emmanuellehebert-674x460-1.png\" class=\"attachment-large size-large wp-post-image\" alt=\"\" \/><div style=\"padding-bottom:100%\"><\/div><\/div><h5 class=\"w-post-elm post_title usg_post_title_1 style-h3 color_link_inherit\">Emmanuelle H\u00e9bert<\/h5><p class=\"w-post-elm post_custom_field usg_post_custom_field_1 type_text titre_du_poste_version_anglaise color_link_inherit\"><span class=\"w-post-elm-value\">Culture Montr\u00e9al<\/span><\/p>\t\t<\/div>\r\n\t\t\t<\/article>\r\n\t<article class=\"w-grid-item us_animate_afb size_1x1 post-2498 membres_equipe type-membres_equipe status-publish has-post-thumbnail hentry categorie_membre_equipe-comite-orientation categorie_membre_equipe-comite-executif categorie_membre_equipe-espace-quartiers categorie_membre_equipe-justice-environnementale\" data-id=\"2498\" style=\"animation-delay:0.5s\">\r\n\t\t<div class=\"w-grid-item-h\">\r\n\t\t\t\t\t\t<div class=\"w-post-elm post_image usg_post_image_1 has_ratio\"><img decoding=\"async\" width=\"846\" height=\"1024\" src=\"https:\/\/transitionencommun.org\/wp-content\/uploads\/2024\/12\/joakim-lemieux-moCA-8999-scaled-e1733159275743-846x1024.jpg\" class=\"attachment-large size-large wp-post-image\" alt=\"\" \/><div style=\"padding-bottom:100%\"><\/div><\/div><h5 class=\"w-post-elm post_title usg_post_title_1 style-h3 color_link_inherit\">Joakim Lemieux<\/h5><p class=\"w-post-elm post_custom_field usg_post_custom_field_1 type_text titre_du_poste_version_anglaise color_link_inherit\"><span class=\"w-post-elm-value\">Coalition montr\u00e9alaises des Tables de quartier (CMTQ)<\/span><\/p>\t\t<\/div>\r\n\t\t\t<\/article>\r\n\t<article class=\"w-grid-item us_animate_afb size_1x1 post-2511 membres_equipe type-membres_equipe status-publish has-post-thumbnail hentry categorie_membre_equipe-collectif-resilience categorie_membre_equipe-comite-orientation categorie_membre_equipe-justice-environnementale categorie_membre_equipe-let categorie_membre_equipe-savoirs\" data-id=\"2511\" style=\"animation-delay:0.6s\">\r\n\t\t<div class=\"w-grid-item-h\">\r\n\t\t\t\t\t\t<div class=\"w-post-elm post_image usg_post_image_1 has_ratio\"><img decoding=\"async\" width=\"751\" height=\"968\" src=\"https:\/\/transitionencommun.org\/wp-content\/uploads\/2024\/12\/SophieLVanNesteMai2024.jpg\" class=\"attachment-large size-large wp-post-image\" alt=\"\" \/><div style=\"padding-bottom:100%\"><\/div><\/div><h5 class=\"w-post-elm post_title usg_post_title_1 style-h3 color_link_inherit\">Sophie Van Neste<\/h5><p class=\"w-post-elm post_custom_field usg_post_custom_field_1 type_text titre_du_poste_version_anglaise color_link_inherit\"><span class=\"w-post-elm-value\">Labo \u00c9quit\u00e9 Climat, INRS<\/span><\/p>\t\t<\/div>\r\n\t\t\t<\/article>\r\n\t<article class=\"w-grid-item us_animate_afb size_1x1 post-2579 membres_equipe type-membres_equipe status-publish has-post-thumbnail hentry categorie_membre_equipe-comite-orientation categorie_membre_equipe-comite-executif categorie_membre_equipe-let\" data-id=\"2579\" style=\"animation-delay:0.7s\">\r\n\t\t<div class=\"w-grid-item-h\">\r\n\t\t\t\t\t\t<div class=\"w-post-elm post_image usg_post_image_1 has_ratio\"><img decoding=\"async\" width=\"876\" height=\"1024\" src=\"https:\/\/transitionencommun.org\/wp-content\/uploads\/2024\/08\/karl-janelle-1-876x1024.jpg\" class=\"attachment-large size-large wp-post-image\" alt=\"\" \/><div style=\"padding-bottom:100%\"><\/div><\/div><h5 class=\"w-post-elm post_title usg_post_title_1 style-h3 color_link_inherit\">Karl Janelle<\/h5><p class=\"w-post-elm post_custom_field usg_post_custom_field_1 type_text titre_du_poste_version_anglaise color_link_inherit\"><span class=\"w-post-elm-value\">Coalition Climat Montr\u00e9al<\/span><\/p>\t\t<\/div>\r\n\t\t\t<\/article>\r\n\t<article class=\"w-grid-item us_animate_afb size_1x1 post-3707 membres_equipe type-membres_equipe status-publish has-post-thumbnail hentry categorie_membre_equipe-comite-orientation\" data-id=\"3707\" style=\"animation-delay:0s\">\r\n\t\t<div class=\"w-grid-item-h\">\r\n\t\t\t\t\t\t<div class=\"w-post-elm post_image usg_post_image_1 has_ratio\"><img decoding=\"async\" width=\"680\" height=\"1024\" src=\"https:\/\/transitionencommun.org\/wp-content\/uploads\/2024\/09\/Sarah2242-680x1024.jpg\" class=\"attachment-large size-large wp-post-image\" alt=\"\" \/><div style=\"padding-bottom:100%\"><\/div><\/div><h5 class=\"w-post-elm post_title usg_post_title_1 style-h3 color_link_inherit\">Marianne-Sarah Saulnier<\/h5><p class=\"w-post-elm post_custom_field usg_post_custom_field_1 type_text titre_du_poste_version_anglaise color_link_inherit\"><span class=\"w-post-elm-value\">Observatoire qu\u00e9b\u00e9cois des in\u00e9galit\u00e9s<\/span><\/p>\t\t<\/div>\r\n\t\t\t<\/article>\r\n\t<article class=\"w-grid-item us_animate_afb size_1x1 post-3766 membres_equipe type-membres_equipe status-publish has-post-thumbnail hentry categorie_membre_equipe-comite-orientation\" data-id=\"3766\" style=\"animation-delay:0.1s\">\r\n\t\t<div class=\"w-grid-item-h\">\r\n\t\t\t\t\t\t<div class=\"w-post-elm post_image usg_post_image_1 has_ratio\"><img decoding=\"async\" width=\"229\" height=\"246\" src=\"https:\/\/transitionencommun.org\/wp-content\/uploads\/2024\/09\/cleliaSeve-1-e1733154277809.jpg\" class=\"attachment-large size-large wp-post-image\" alt=\"\" \/><div style=\"padding-bottom:100%\"><\/div><\/div><h5 class=\"w-post-elm post_title usg_post_title_1 style-h3 color_link_inherit\">Cl\u00e9lia S\u00e8ve<\/h5><p class=\"w-post-elm post_custom_field usg_post_custom_field_1 type_text titre_du_poste_version_anglaise color_link_inherit\"><span class=\"w-post-elm-value\">Regroupement des \u00c9co-quartiers<\/span><\/p>\t\t<\/div>\r\n\t\t\t<\/article>\r\n\t<article class=\"w-grid-item us_animate_afb size_1x1 post-4440 membres_equipe type-membres_equipe status-publish has-post-thumbnail hentry categorie_membre_equipe-comite-orientation\" data-id=\"4440\" style=\"animation-delay:0.2s\">\r\n\t\t<div class=\"w-grid-item-h\">\r\n\t\t\t\t\t\t<div class=\"w-post-elm post_image usg_post_image_1 has_ratio\"><img decoding=\"async\" width=\"1024\" height=\"1024\" src=\"https:\/\/transitionencommun.org\/wp-content\/uploads\/2024\/12\/Christoph-Stamm-1-e1733161603348-1024x1024.jpg\" class=\"attachment-large size-large wp-post-image\" alt=\"\" \/><div style=\"padding-bottom:100%\"><\/div><\/div><h5 class=\"w-post-elm post_title usg_post_title_1 style-h3 color_link_inherit\">Christoph Stamm<\/h5><p class=\"w-post-elm post_custom_field usg_post_custom_field_1 type_text titre_du_poste_version_anglaise color_link_inherit\"><span class=\"w-post-elm-value\">Une monnaie pour Montr\u00e9al<\/span><\/p>\t\t<\/div>\r\n\t\t\t<\/article>\r\n\t<article class=\"w-grid-item us_animate_afb size_1x1 post-4453 membres_equipe type-membres_equipe status-publish has-post-thumbnail hentry categorie_membre_equipe-comite-orientation\" data-id=\"4453\" style=\"animation-delay:0.3s\">\r\n\t\t<div class=\"w-grid-item-h\">\r\n\t\t\t\t\t\t<div class=\"w-post-elm post_image usg_post_image_1 has_ratio\"><img decoding=\"async\" width=\"774\" height=\"651\" src=\"https:\/\/transitionencommun.org\/wp-content\/uploads\/2024\/12\/GaelleGenereux.png\" class=\"attachment-large size-large wp-post-image\" alt=\"\" \/><div style=\"padding-bottom:100%\"><\/div><\/div><h5 class=\"w-post-elm post_title usg_post_title_1 style-h3 color_link_inherit\">Ga\u00eblle G\u00e9n\u00e9reux<\/h5><p class=\"w-post-elm post_custom_field usg_post_custom_field_1 type_text titre_du_poste_version_anglaise color_link_inherit\"><span class=\"w-post-elm-value\">PME MTL Centre-Est<\/span><\/p>\t\t<\/div>\r\n\t\t\t<\/article>\r\n\t<article class=\"w-grid-item us_animate_afb size_1x1 post-4506 membres_equipe type-membres_equipe status-publish has-post-thumbnail hentry categorie_membre_equipe-comite-orientation categorie_membre_equipe-justice-environnementale\" data-id=\"4506\" style=\"animation-delay:0.4s\">\r\n\t\t<div class=\"w-grid-item-h\">\r\n\t\t\t\t\t\t<div class=\"w-post-elm post_image usg_post_image_1 has_ratio\"><img decoding=\"async\" width=\"400\" height=\"400\" src=\"https:\/\/transitionencommun.org\/wp-content\/uploads\/2024\/12\/lea_ilardo_1080-400x400-1.png\" class=\"attachment-large size-large wp-post-image\" alt=\"\" \/><div style=\"padding-bottom:100%\"><\/div><\/div><h5 class=\"w-post-elm post_title usg_post_title_1 style-h3 color_link_inherit\">L\u00e9a Illardo<\/h5><p class=\"w-post-elm post_custom_field usg_post_custom_field_1 type_text titre_du_poste_version_anglaise color_link_inherit\"><span class=\"w-post-elm-value\">\u00c9clore<\/span><\/p>\t\t<\/div>\r\n\t\t\t<\/article>\r\n\t<article class=\"w-grid-item us_animate_afb size_1x1 post-4510 membres_equipe type-membres_equipe status-publish has-post-thumbnail hentry categorie_membre_equipe-comite-orientation\" data-id=\"4510\" style=\"animation-delay:0.5s\">\r\n\t\t<div class=\"w-grid-item-h\">\r\n\t\t\t\t\t\t<div class=\"w-post-elm post_image usg_post_image_1 has_ratio\"><img decoding=\"async\" width=\"839\" height=\"1024\" src=\"https:\/\/transitionencommun.org\/wp-content\/uploads\/2024\/12\/Justine_Ballon_HEC_5801_5X7-1-e1733159321571-839x1024.jpg\" class=\"attachment-large size-large wp-post-image\" alt=\"\" \/><div style=\"padding-bottom:100%\"><\/div><\/div><h5 class=\"w-post-elm post_title usg_post_title_1 style-h3 color_link_inherit\">Justine Ballon<\/h5><p class=\"w-post-elm post_custom_field usg_post_custom_field_1 type_text titre_du_poste_version_anglaise color_link_inherit\"><span class=\"w-post-elm-value\">Institut international des coop\u00e9ratives Alphonse et Dorim\u00e8ne Desjardins, HEC Montr\u00e9al<\/span><\/p>\t\t<\/div>\r\n\t\t\t<\/article>\r\n\t<article class=\"w-grid-item us_animate_afb size_1x1 post-4515 membres_equipe type-membres_equipe status-publish has-post-thumbnail hentry categorie_membre_equipe-comite-orientation\" data-id=\"4515\" style=\"animation-delay:0.6s\">\r\n\t\t<div class=\"w-grid-item-h\">\r\n\t\t\t\t\t\t<div class=\"w-post-elm post_image usg_post_image_1 has_ratio\"><img decoding=\"async\" width=\"343\" height=\"343\" src=\"https:\/\/transitionencommun.org\/wp-content\/uploads\/2024\/12\/SidneyRibaux.jpg\" class=\"attachment-large size-large wp-post-image\" alt=\"\" \/><div style=\"padding-bottom:100%\"><\/div><\/div><h5 class=\"w-post-elm post_title usg_post_title_1 style-h3 color_link_inherit\">Sidney Ribaux<\/h5><p class=\"w-post-elm post_custom_field usg_post_custom_field_1 type_text titre_du_poste_version_anglaise color_link_inherit\"><span class=\"w-post-elm-value\">Bureau de la transition \u00e9cologique et de la r\u00e9silience Ville de Montr\u00e9al (BTER)<\/span><\/p>\t\t<\/div>\r\n\t\t\t<\/article>\r\n\t<article class=\"w-grid-item us_animate_afb size_1x1 post-4518 membres_equipe type-membres_equipe status-publish has-post-thumbnail hentry categorie_membre_equipe-comite-orientation\" data-id=\"4518\" style=\"animation-delay:0.7s\">\r\n\t\t<div class=\"w-grid-item-h\">\r\n\t\t\t\t\t\t<div class=\"w-post-elm post_image usg_post_image_1 has_ratio\"><img decoding=\"async\" width=\"400\" height=\"400\" src=\"https:\/\/transitionencommun.org\/wp-content\/uploads\/2024\/12\/JustineDesbiens.jpg\" class=\"attachment-large size-large wp-post-image\" alt=\"\" \/><div style=\"padding-bottom:100%\"><\/div><\/div><h5 class=\"w-post-elm post_title usg_post_title_1 style-h3 color_link_inherit\">Justine Desbiens<\/h5><p class=\"w-post-elm post_custom_field usg_post_custom_field_1 type_text titre_du_poste_version_anglaise color_link_inherit\"><span class=\"w-post-elm-value\">Arrondissement Le Sud-Ouest <\/span><\/p>\t\t<\/div>\r\n\t\t\t<\/article>\r\n\t<article class=\"w-grid-item us_animate_afb size_1x1 post-4842 membres_equipe type-membres_equipe status-publish has-post-thumbnail hentry categorie_membre_equipe-comite-orientation\" data-id=\"4842\" style=\"animation-delay:0s\">\r\n\t\t<div class=\"w-grid-item-h\">\r\n\t\t\t\t\t\t<div class=\"w-post-elm post_image usg_post_image_1 has_ratio\"><img decoding=\"async\" width=\"200\" height=\"200\" src=\"https:\/\/transitionencommun.org\/wp-content\/uploads\/2025\/01\/pascal-lacasse.jpg\" class=\"attachment-large size-large wp-post-image\" alt=\"\" \/><div style=\"padding-bottom:100%\"><\/div><\/div><h5 class=\"w-post-elm post_title usg_post_title_1 style-h3 color_link_inherit\">Pascal Lacasse<\/h5><p class=\"w-post-elm post_custom_field usg_post_custom_field_1 type_text titre_du_poste_version_anglaise color_link_inherit\"><span class=\"w-post-elm-value\">Service de l\u2019urbanisme et de la mobilit\u00e9 - Ville de Montr\u00e9al<\/span><\/p>\t\t<\/div>\r\n\t\t\t<\/article>\r\n\t<article class=\"w-grid-item us_animate_afb size_1x1 post-4858 membres_equipe type-membres_equipe status-publish has-post-thumbnail hentry categorie_membre_equipe-comite-orientation\" data-id=\"4858\" style=\"animation-delay:0.1s\">\r\n\t\t<div class=\"w-grid-item-h\">\r\n\t\t\t\t\t\t<div class=\"w-post-elm post_image usg_post_image_1 has_ratio\"><img decoding=\"async\" width=\"181\" height=\"190\" src=\"https:\/\/transitionencommun.org\/wp-content\/uploads\/2025\/02\/ToniaDiG-e1741025527977.jpg\" class=\"attachment-large size-large wp-post-image\" alt=\"\" \/><div style=\"padding-bottom:100%\"><\/div><\/div><h5 class=\"w-post-elm post_title usg_post_title_1 style-h3 color_link_inherit\">Tonia Di Guglielmo<\/h5><p class=\"w-post-elm post_custom_field usg_post_custom_field_1 type_text titre_du_poste_version_anglaise color_link_inherit\"><span class=\"w-post-elm-value\">Arrondissement de Montr\u00e9al-Nord<\/span><\/p>\t\t<\/div>\r\n\t\t\t<\/article>\r\n\t<article class=\"w-grid-item us_animate_afb size_1x1 post-4866 membres_equipe type-membres_equipe status-publish has-post-thumbnail hentry categorie_membre_equipe-comite-orientation categorie_membre_equipe-demotorisation\" data-id=\"4866\" style=\"animation-delay:0.2s\">\r\n\t\t<div class=\"w-grid-item-h\">\r\n\t\t\t\t\t\t<div class=\"w-post-elm post_image usg_post_image_1 has_ratio\"><img decoding=\"async\" width=\"599\" height=\"599\" src=\"https:\/\/transitionencommun.org\/wp-content\/uploads\/2025\/02\/theophilH-coopcarbone.jpeg\" class=\"attachment-large size-large wp-post-image\" alt=\"\" \/><div style=\"padding-bottom:100%\"><\/div><\/div><h5 class=\"w-post-elm post_title usg_post_title_1 style-h3 color_link_inherit\">Theophil Haberstroh<\/h5><p class=\"w-post-elm post_custom_field usg_post_custom_field_1 type_text titre_du_poste_version_anglaise color_link_inherit\"><span class=\"w-post-elm-value\">Coop Carbone<\/span><\/p>\t\t<\/div>\r\n\t\t\t<\/article>\r\n\t<article class=\"w-grid-item us_animate_afb size_1x1 post-5581 membres_equipe type-membres_equipe status-publish has-post-thumbnail hentry categorie_membre_equipe-comite-orientation\" data-id=\"5581\" style=\"animation-delay:0.3s\">\r\n\t\t<div class=\"w-grid-item-h\">\r\n\t\t\t\t\t\t<div class=\"w-post-elm post_image usg_post_image_1 has_ratio\"><img decoding=\"async\" width=\"277\" height=\"327\" src=\"https:\/\/transitionencommun.org\/wp-content\/uploads\/2025\/06\/AM-Aubert.png\" class=\"attachment-large size-large wp-post-image\" alt=\"\" \/><div style=\"padding-bottom:100%\"><\/div><\/div><h5 class=\"w-post-elm post_title usg_post_title_1 style-h3 color_link_inherit\">Anne-Marie Aubert<\/h5><p class=\"w-post-elm post_custom_field usg_post_custom_field_1 type_text titre_du_poste_version_anglaise color_link_inherit\"><span class=\"w-post-elm-value\">Conseil du syst\u00e8me alimentaire montr\u00e9alais<\/span><\/p>\t\t<\/div>\r\n\t\t\t<\/article>\r\n\t<article class=\"w-grid-item us_animate_afb size_1x1 post-6039 membres_equipe type-membres_equipe status-publish has-post-thumbnail hentry categorie_membre_equipe-comite-orientation\" data-id=\"6039\" style=\"animation-delay:0.4s\">\r\n\t\t<div class=\"w-grid-item-h\">\r\n\t\t\t\t\t\t<div class=\"w-post-elm post_image usg_post_image_1 has_ratio\"><img decoding=\"async\" width=\"800\" height=\"800\" src=\"https:\/\/transitionencommun.org\/wp-content\/uploads\/2025\/09\/marineThomas.jpg\" class=\"attachment-large size-large wp-post-image\" alt=\"\" \/><div style=\"padding-bottom:100%\"><\/div><\/div><h5 class=\"w-post-elm post_title usg_post_title_1 style-h3 color_link_inherit\">Marine Thomas<\/h5><p class=\"w-post-elm post_custom_field usg_post_custom_field_1 type_text titre_du_poste_version_anglaise color_link_inherit\"><span class=\"w-post-elm-value\">Partenariat Climat Montr\u00e9al<\/span><\/p>\t\t<\/div>\r\n\t\t\t<\/article>\r\n\t<article class=\"w-grid-item us_animate_afb size_1x1 post-6119 membres_equipe type-membres_equipe status-publish has-post-thumbnail hentry categorie_membre_equipe-comite-orientation categorie_membre_equipe-justice-environnementale\" data-id=\"6119\" style=\"animation-delay:0.5s\">\r\n\t\t<div class=\"w-grid-item-h\">\r\n\t\t\t\t\t\t<div class=\"w-post-elm post_image usg_post_image_1 has_ratio\"><img decoding=\"async\" width=\"683\" height=\"1024\" src=\"https:\/\/transitionencommun.org\/wp-content\/uploads\/2025\/11\/B.-Manai_Photo-683x1024.jpg\" class=\"attachment-large size-large wp-post-image\" alt=\"\" \/><div style=\"padding-bottom:100%\"><\/div><\/div><h5 class=\"w-post-elm post_title usg_post_title_1 style-h3 color_link_inherit\">Bochra Mana\u00ef<\/h5><p class=\"w-post-elm post_custom_field usg_post_custom_field_1 type_text titre_du_poste_version_anglaise color_link_inherit\"><span class=\"w-post-elm-value\">City of Montreal - Commissionaires Office<\/span><\/p>\t\t<\/div>\r\n\t\t\t<\/article>\r\n\t<article class=\"w-grid-item us_animate_afb size_1x1 post-6211 membres_equipe type-membres_equipe status-publish has-post-thumbnail hentry categorie_membre_equipe-comite-orientation\" data-id=\"6211\" style=\"animation-delay:0.6s\">\r\n\t\t<div class=\"w-grid-item-h\">\r\n\t\t\t\t\t\t<div class=\"w-post-elm post_image usg_post_image_1 has_ratio\"><img decoding=\"async\" width=\"800\" height=\"800\" src=\"https:\/\/transitionencommun.org\/wp-content\/uploads\/2025\/11\/Alexandra-Nadeau-1.jpg\" class=\"attachment-large size-large wp-post-image\" alt=\"\" \/><div style=\"padding-bottom:100%\"><\/div><\/div><h5 class=\"w-post-elm post_title usg_post_title_1 style-h3 color_link_inherit\">Alexandra Nadeau<\/h5><p class=\"w-post-elm post_custom_field usg_post_custom_field_1 type_text titre_du_poste_version_anglaise color_link_inherit\"><span class=\"w-post-elm-value\">CERS\u00c9 - Centre d'\u00e9tude en responsabilit\u00e9 sociale et \u00e9cocitoyennet\u00e9 (CCTT)<\/span><\/p>\t\t<\/div>\r\n\t\t\t<\/article>\r\n\t<article class=\"w-grid-item us_animate_afb size_1x1 post-6304 membres_equipe type-membres_equipe status-publish has-post-thumbnail hentry categorie_membre_equipe-comite-orientation\" data-id=\"6304\" style=\"animation-delay:0.7s\">\r\n\t\t<div class=\"w-grid-item-h\">\r\n\t\t\t\t\t\t<div class=\"w-post-elm post_image usg_post_image_1 has_ratio\"><img decoding=\"async\" width=\"351\" height=\"325\" src=\"https:\/\/transitionencommun.org\/wp-content\/uploads\/2025\/11\/CassAnna.jpg\" class=\"attachment-large size-large wp-post-image\" alt=\"\" \/><div style=\"padding-bottom:100%\"><\/div><\/div><h5 class=\"w-post-elm post_title usg_post_title_1 style-h3 color_link_inherit\">Ana\u00efs Houde\/Cassandre Charbonneau<\/h5><p class=\"w-post-elm post_custom_field usg_post_custom_field_1 type_text titre_du_poste_version_anglaise color_link_inherit\"><span class=\"w-post-elm-value\">Mobilisation 6600 Parc-Nature MHM<\/span><\/p>\t\t<\/div>\r\n\t\t\t<\/article>\r\n\t<article class=\"w-grid-item us_animate_afb size_1x1 post-6216 membres_equipe type-membres_equipe status-publish has-post-thumbnail hentry categorie_membre_equipe-comite-orientation\" data-id=\"6216\" style=\"animation-delay:0s\">\r\n\t\t<div class=\"w-grid-item-h\">\r\n\t\t\t\t\t\t<div class=\"w-post-elm post_image usg_post_image_1 has_ratio\"><img decoding=\"async\" width=\"1024\" height=\"898\" src=\"https:\/\/transitionencommun.org\/wp-content\/uploads\/2025\/11\/Denises-Veilleux-COmite-citoyen-resilience-aine-1-1024x898.jpg\" class=\"attachment-large size-large wp-post-image\" alt=\"\" \/><div style=\"padding-bottom:100%\"><\/div><\/div><h5 class=\"w-post-elm post_title usg_post_title_1 style-h3 color_link_inherit\">Denise Veilleux<\/h5><p class=\"w-post-elm post_custom_field usg_post_custom_field_1 type_text titre_du_poste_version_anglaise color_link_inherit\"><span class=\"w-post-elm-value\">Conseil citoyen du r\u00e9seau r\u00e9silience a\u00een\u00e9 de Montr\u00e9al<\/span><\/p>\t\t<\/div>\r\n\t\t\t<\/article>\r\n\t<article class=\"w-grid-item us_animate_afb size_1x1 post-6220 membres_equipe type-membres_equipe status-publish has-post-thumbnail hentry categorie_membre_equipe-comite-orientation\" data-id=\"6220\" style=\"animation-delay:0.1s\">\r\n\t\t<div class=\"w-grid-item-h\">\r\n\t\t\t\t\t\t<div class=\"w-post-elm post_image usg_post_image_1 has_ratio\"><img decoding=\"async\" width=\"200\" height=\"200\" src=\"https:\/\/transitionencommun.org\/wp-content\/uploads\/2025\/11\/JEanSebSuf.jpg\" class=\"attachment-large size-large wp-post-image\" alt=\"\" \/><div style=\"padding-bottom:100%\"><\/div><\/div><h5 class=\"w-post-elm post_title usg_post_title_1 style-h3 color_link_inherit\">Jean-S\u00e9bastien Dufresne<\/h5><p class=\"w-post-elm post_custom_field usg_post_custom_field_1 type_text titre_du_poste_version_anglaise color_link_inherit\"><span class=\"w-post-elm-value\">ICIELA Citizens Solidarity Network<\/span><\/p>\t\t<\/div>\r\n\t\t\t<\/article>\r\n\t<article class=\"w-grid-item us_animate_afb size_1x1 post-6298 membres_equipe type-membres_equipe status-publish has-post-thumbnail hentry categorie_membre_equipe-comite-orientation\" data-id=\"6298\" style=\"animation-delay:0.2s\">\r\n\t\t<div class=\"w-grid-item-h\">\r\n\t\t\t\t\t\t<div class=\"w-post-elm post_image usg_post_image_1 has_ratio\"><img decoding=\"async\" width=\"318\" height=\"373\" src=\"https:\/\/transitionencommun.org\/wp-content\/uploads\/2025\/11\/KarelLuap.jpg\" class=\"attachment-large size-large wp-post-image\" alt=\"\" \/><div style=\"padding-bottom:100%\"><\/div><\/div><h5 class=\"w-post-elm post_title usg_post_title_1 style-h3 color_link_inherit\">Karel Luap<\/h5><p class=\"w-post-elm post_custom_field usg_post_custom_field_1 type_text titre_du_poste_version_anglaise color_link_inherit\"><span class=\"w-post-elm-value\">Ville en vert<\/span><\/p>\t\t<\/div>\r\n\t\t\t<\/article>\r\n\t<article class=\"w-grid-item us_animate_afb size_1x1 post-6309 membres_equipe type-membres_equipe status-publish has-post-thumbnail hentry categorie_membre_equipe-comite-orientation\" data-id=\"6309\" style=\"animation-delay:0.3s\">\r\n\t\t<div class=\"w-grid-item-h\">\r\n\t\t\t\t\t\t<div class=\"w-post-elm post_image usg_post_image_1 has_ratio\"><img decoding=\"async\" width=\"381\" height=\"334\" src=\"https:\/\/transitionencommun.org\/wp-content\/uploads\/2025\/11\/jasbnciajsnc.jpg\" class=\"attachment-large size-large wp-post-image\" alt=\"\" \/><div style=\"padding-bottom:100%\"><\/div><\/div><h5 class=\"w-post-elm post_title usg_post_title_1 style-h3 color_link_inherit\">Louis-Philippe Lizotte\/Isabelle Gaudette<\/h5><p class=\"w-post-elm post_custom_field usg_post_custom_field_1 type_text titre_du_poste_version_anglaise color_link_inherit\"><span class=\"w-post-elm-value\">INM \/ CEUM<\/span><\/p>\t\t<\/div>\r\n\t\t\t<\/article>\r\n\t<article class=\"w-grid-item us_animate_afb size_1x1 post-6312 membres_equipe type-membres_equipe status-publish has-post-thumbnail hentry categorie_membre_equipe-comite-orientation\" data-id=\"6312\" style=\"animation-delay:0.4s\">\r\n\t\t<div class=\"w-grid-item-h\">\r\n\t\t\t\t\t\t<div class=\"w-post-elm post_image usg_post_image_1 has_ratio\"><img decoding=\"async\" width=\"375\" height=\"304\" src=\"https:\/\/transitionencommun.org\/wp-content\/uploads\/2025\/11\/ajscniajsncas.jpg\" class=\"attachment-large size-large wp-post-image\" alt=\"\" \/><div style=\"padding-bottom:100%\"><\/div><\/div><h5 class=\"w-post-elm post_title usg_post_title_1 style-h3 color_link_inherit\">Marguerite Mendell \/ Sylvain Lef\u00e8vre<\/h5><p class=\"w-post-elm post_custom_field usg_post_custom_field_1 type_text titre_du_poste_version_anglaise color_link_inherit\"><span class=\"w-post-elm-value\">Centre de recherche sur les innovations sociales (CRISES)<\/span><\/p>\t\t<\/div>\r\n\t\t\t<\/article>\r\n\t<article class=\"w-grid-item us_animate_afb size_1x1 post-6317 membres_equipe type-membres_equipe status-publish has-post-thumbnail hentry categorie_membre_equipe-comite-orientation\" data-id=\"6317\" style=\"animation-delay:0.5s\">\r\n\t\t<div class=\"w-grid-item-h\">\r\n\t\t\t\t\t\t<div class=\"w-post-elm post_image usg_post_image_1 has_ratio\"><img decoding=\"async\" width=\"360\" height=\"298\" src=\"https:\/\/transitionencommun.org\/wp-content\/uploads\/2025\/11\/Jsjnaisc.jpg\" class=\"attachment-large size-large wp-post-image\" alt=\"\" \/><div style=\"padding-bottom:100%\"><\/div><\/div><h5 class=\"w-post-elm post_title usg_post_title_1 style-h3 color_link_inherit\">Natana\u00ebl B\u00e9gin-Paul \/ Imany B\u00e9gin-Paul<\/h5><p class=\"w-post-elm post_custom_field usg_post_custom_field_1 type_text titre_du_poste_version_anglaise color_link_inherit\"><span class=\"w-post-elm-value\">Tshuapamitin<\/span><\/p>\t\t<\/div>\r\n\t\t\t<\/article>\r\n\t<article class=\"w-grid-item us_animate_afb size_1x1 post-6295 membres_equipe type-membres_equipe status-publish has-post-thumbnail hentry categorie_membre_equipe-comite-orientation\" data-id=\"6295\" style=\"animation-delay:0.6s\">\r\n\t\t<div class=\"w-grid-item-h\">\r\n\t\t\t\t\t\t<div class=\"w-post-elm post_image usg_post_image_1 has_ratio\"><img decoding=\"async\" width=\"372\" height=\"316\" src=\"https:\/\/transitionencommun.org\/wp-content\/uploads\/2025\/11\/Genevieve-Dube-e1763504762476.jpg\" class=\"attachment-large size-large wp-post-image\" alt=\"\" \/><div style=\"padding-bottom:100%\"><\/div><\/div><h5 class=\"w-post-elm post_title usg_post_title_1 style-h3 color_link_inherit\">Genevi\u00e8ve Dub\u00e9<\/h5><p class=\"w-post-elm post_custom_field usg_post_custom_field_1 type_text titre_du_poste_version_anglaise color_link_inherit\"><span class=\"w-post-elm-value\">Jardins pour tous<\/span><\/p>\t\t<\/div>\r\n\t\t\t<\/article>\r\n\t<article class=\"w-grid-item us_animate_afb size_1x1 post-6857 membres_equipe type-membres_equipe status-publish has-post-thumbnail hentry categorie_membre_equipe-comite-orientation\" data-id=\"6857\" style=\"animation-delay:0.7s\">\r\n\t\t<div class=\"w-grid-item-h\">\r\n\t\t\t\t\t\t<div class=\"w-post-elm post_image usg_post_image_1 has_ratio\"><img decoding=\"async\" width=\"920\" height=\"1024\" src=\"https:\/\/transitionencommun.org\/wp-content\/uploads\/2026\/03\/KevinDuBoisberranger-920x1024.jpg\" class=\"attachment-large size-large wp-post-image\" alt=\"\" \/><div style=\"padding-bottom:100%\"><\/div><\/div><h5 class=\"w-post-elm post_title usg_post_title_1 style-h3 color_link_inherit\">Kevin Du Boisberranger<\/h5><p class=\"w-post-elm post_custom_field usg_post_custom_field_1 type_text titre_du_poste_version_anglaise color_link_inherit\"><span class=\"w-post-elm-value\">Demain Verdun<\/span><\/p>\t\t<\/div>\r\n\t\t\t<\/article>\r\n<\/div>\t<div class=\"w-grid-preloader\">\r\n\t\t<div class=\"g-preloader type_1\">\r\n\t\t\t<div><\/div>\r\n\t\t<\/div>\r\n\t<\/div>\r\n\t\t<div class=\"w-grid-json hidden\" onclick='return {&quot;action&quot;:&quot;us_ajax_grid&quot;,&quot;infinite_scroll&quot;:0,&quot;max_num_pages&quot;:1,&quot;pagination&quot;:&quot;none&quot;,&quot;template_vars&quot;:{&quot;columns&quot;:&quot;4&quot;,&quot;exclude_items&quot;:&quot;none&quot;,&quot;img_size&quot;:&quot;default&quot;,&quot;ignore_items_size&quot;:0,&quot;items_layout&quot;:&quot;3871&quot;,&quot;items_offset&quot;:&quot;1&quot;,&quot;load_animation&quot;:&quot;afb&quot;,&quot;overriding_link&quot;:&quot;%7B%22url%22%3A%22%22%7D&quot;,&quot;post_id&quot;:3920,&quot;query_args&quot;:{&quot;post_type&quot;:[&quot;membres_equipe&quot;],&quot;tax_query&quot;:[{&quot;taxonomy&quot;:&quot;categorie_membre_equipe&quot;,&quot;field&quot;:&quot;slug&quot;,&quot;terms&quot;:[&quot;comite-orientation&quot;]}],&quot;post_status&quot;:[&quot;publish&quot;,&quot;acf-disabled&quot;],&quot;posts_per_page&quot;:&quot;50&quot;},&quot;orderby_query_args&quot;:{&quot;orderby&quot;:{&quot;date&quot;:&quot;ASC&quot;}},&quot;type&quot;:&quot;grid&quot;,&quot;us_grid_post_type&quot;:&quot;membres_equipe&quot;,&quot;us_grid_ajax_index&quot;:2,&quot;us_grid_filter_query_string&quot;:null,&quot;us_grid_index&quot;:2,&quot;page_args&quot;:[],&quot;lang&quot;:&quot;en&quot;}}'><\/div>\r\n\t<\/div><\/div><\/div><\/div><\/div><\/div><\/div><\/div><\/div><\/div><\/section>\n<\/div><\/div><\/div><\/div><\/div><\/div><div class=\"w-tabs-section\" id=\"z471\"><button type=\"button\" class=\"w-tabs-section-header\" aria-controls=\"content-z471\" aria-expanded=\"false\"><h3 class=\"w-tabs-section-title\">Working Groups<\/h3><div class=\"w-tabs-section-control\"><\/div><\/button><div  class=\"w-tabs-section-content\" id=\"content-z471\"><div class=\"w-tabs-section-content-h i-cf\"><div class=\"g-cols wpb_row inner-row-tab-img-left via_grid cols_custom laptops-cols_inherit tablets-cols_inherit mobiles-cols_1 valign_top type_default stacking_default\" style=\"--columns-gap:3rem;--custom-columns:2.5fr 3.5fr 6fr \"><div class=\"wpb_column vc_column_container\"><div class=\"vc_column-inner\"><div class=\"w-image us_custom_02c2953a has_aspect_ratio align_none\"><div class=\"w-image-h\"><img decoding=\"async\" width=\"1024\" height=\"768\" src=\"https:\/\/transitionencommun.org\/wp-content\/uploads\/2023\/12\/p2-RDQ-e1724359430685-1024x768.png\" class=\"attachment-large size-large\" alt=\"\" loading=\"lazy\" srcset=\"https:\/\/transitionencommun.org\/wp-content\/uploads\/2023\/12\/p2-RDQ-e1724359430685-1024x768.png 1024w, https:\/\/transitionencommun.org\/wp-content\/uploads\/2023\/12\/p2-RDQ-e1724359430685-300x225.png 300w\" sizes=\"auto, (max-width: 1024px) 100vw, 1024px\" \/><\/div><\/div><\/div><\/div><div class=\"wpb_column vc_column_container\"><div class=\"vc_column-inner\"><div class=\"wpb_text_column\"><div class=\"wpb_wrapper\"><h3>De-motorization<\/h3>\n<\/div><\/div><div class=\"w-separator size_medium\"><\/div><div class=\"wpb_text_column\"><div class=\"wpb_wrapper\"><p>The De-Motorization Working Group is examining issues related to mobility and the role of the automobile in Montreal. Bringing together a variety of key stakeholders from different neighborhoods, academia, and various institutions, the working group develops recommendations and solutions tailored to Montreal\u2019s diverse realities to address over-reliance on cars.<\/p>\n<\/div><\/div><\/div><\/div><div class=\"wpb_column vc_column_container\"><div class=\"vc_column-inner\"><section class=\"l-section wpb_row us_custom_b6a72ce1 height_medium\"><div class=\"l-section-h i-cf\"><div class=\"g-cols vc_row via_grid cols_1 laptops-cols_inherit tablets-cols_inherit mobiles-cols_1 valign_top type_default stacking_default\"><div class=\"wpb_column vc_column_container\"><div class=\"vc_column-inner\"><div class=\"w-tabs accordeon-membres accordion toggle_style_1 has_scrolling\" style=\"--sections-title-size:inherit;--sections-gap:0.5rem;\"><div class=\"w-tabs-sections titles-align_none icon_plus cpos_right\"><div class=\"w-tabs-section\" id=\"jd34\"><button type=\"button\" class=\"w-tabs-section-header\" aria-controls=\"content-jd34\" aria-expanded=\"false\"><h4 class=\"w-tabs-section-title\">Members<\/h4><div class=\"w-tabs-section-control\"><\/div><\/button><div  class=\"w-tabs-section-content\" id=\"content-jd34\"><div class=\"w-tabs-section-content-h i-cf\"><div class=\"w-grid us_grid membres-grid type_grid layout_3871 cols_4 preload_style_spinner with_css_animation\" id=\"us_grid_3\" style=\"--columns:4;--gap:1.5rem;\" data-filterable=\"true\"><style>@media (max-width:1380px){#us_grid_3{--columns:3!important}}@media (max-width:1024px){#us_grid_3{--columns:2!important}}@media (max-width:600px){#us_grid_3{--columns:1!important}}<\/style><div class=\"w-grid-list\">\t<article class=\"w-grid-item us_animate_afb size_1x1 post-2486 membres_equipe type-membres_equipe status-publish has-post-thumbnail hentry categorie_membre_equipe-comite-orientation categorie_membre_equipe-economies-en-transition\" data-id=\"2486\" style=\"animation-delay:0s\">\r\n\t\t<div class=\"w-grid-item-h\">\r\n\t\t\t\t\t\t<div class=\"w-post-elm post_image usg_post_image_1 has_ratio\"><img decoding=\"async\" width=\"665\" height=\"740\" src=\"https:\/\/transitionencommun.org\/wp-content\/uploads\/2024\/12\/anyle-cote-cesim-3-e1733159092479.jpg\" class=\"attachment-large size-large wp-post-image\" alt=\"\" \/><div style=\"padding-bottom:100%\"><\/div><\/div><h5 class=\"w-post-elm post_title usg_post_title_1 style-h3 color_link_inherit\">Anyle C\u00f4t\u00e9<\/h5><p class=\"w-post-elm post_custom_field usg_post_custom_field_1 type_text titre_du_poste_version_anglaise color_link_inherit\"><span class=\"w-post-elm-value\">Conseil d'\u00e9conomie sociale de l'\u00eele de Montr\u00e9al (CESIM)<\/span><\/p>\t\t<\/div>\r\n\t\t\t<\/article>\r\n\t<article class=\"w-grid-item us_animate_afb size_1x1 post-2487 membres_equipe type-membres_equipe status-publish has-post-thumbnail hentry categorie_membre_equipe-comite-orientation categorie_membre_equipe-demotorisation\" data-id=\"2487\" style=\"animation-delay:0.1s\">\r\n\t\t<div class=\"w-grid-item-h\">\r\n\t\t\t\t\t\t<div class=\"w-post-elm post_image usg_post_image_1 has_ratio\"><img decoding=\"async\" width=\"315\" height=\"360\" src=\"https:\/\/transitionencommun.org\/wp-content\/uploads\/2024\/08\/BR-e1733159187461.jpg\" class=\"attachment-large size-large wp-post-image\" alt=\"\" \/><div style=\"padding-bottom:100%\"><\/div><\/div><h5 class=\"w-post-elm post_title usg_post_title_1 style-h3 color_link_inherit\">Blaise R\u00e9millard<\/h5><p class=\"w-post-elm post_custom_field usg_post_custom_field_1 type_text titre_du_poste_version_anglaise color_link_inherit\"><span class=\"w-post-elm-value\">Conseil r\u00e9gional de l'environnement de Montr\u00e9al (CRE)<\/span><\/p>\t\t<\/div>\r\n\t\t\t<\/article>\r\n\t<article class=\"w-grid-item us_animate_afb size_1x1 post-2488 membres_equipe type-membres_equipe status-publish has-post-thumbnail hentry categorie_membre_equipe-comite-orientation\" data-id=\"2488\" style=\"animation-delay:0.2s\">\r\n\t\t<div class=\"w-grid-item-h\">\r\n\t\t\t\t\t\t<div class=\"w-post-elm post_image usg_post_image_1 has_ratio\"><img decoding=\"async\" width=\"500\" height=\"500\" src=\"https:\/\/transitionencommun.org\/wp-content\/uploads\/2024\/08\/CD.jpg\" class=\"attachment-large size-large wp-post-image\" alt=\"\" \/><div style=\"padding-bottom:100%\"><\/div><\/div><h5 class=\"w-post-elm post_title usg_post_title_1 style-h3 color_link_inherit\">Christophe Derrien<\/h5>\t\t<\/div>\r\n\t\t\t<\/article>\r\n\t<article class=\"w-grid-item us_animate_afb size_1x1 post-2490 membres_equipe type-membres_equipe status-publish has-post-thumbnail hentry categorie_membre_equipe-comite-orientation categorie_membre_equipe-comite-executif categorie_membre_equipe-justice-environnementale\" data-id=\"2490\" style=\"animation-delay:0.3s\">\r\n\t\t<div class=\"w-grid-item-h\">\r\n\t\t\t\t\t\t<div class=\"w-post-elm post_image usg_post_image_1 has_ratio\"><img decoding=\"async\" width=\"220\" height=\"220\" src=\"https:\/\/transitionencommun.org\/wp-content\/uploads\/2024\/08\/DK.jpg\" class=\"attachment-large size-large wp-post-image\" alt=\"\" \/><div style=\"padding-bottom:100%\"><\/div><\/div><h5 class=\"w-post-elm post_title usg_post_title_1 style-h3 color_link_inherit\">David Kaiser<\/h5><p class=\"w-post-elm post_custom_field usg_post_custom_field_1 type_text titre_du_poste_version_anglaise color_link_inherit\"><span class=\"w-post-elm-value\">Direction r\u00e9gionale de sant\u00e9 publique de Montr\u00e9al<\/span><\/p>\t\t<\/div>\r\n\t\t\t<\/article>\r\n\t<article class=\"w-grid-item us_animate_afb size_1x1 post-2493 membres_equipe type-membres_equipe status-publish has-post-thumbnail hentry categorie_membre_equipe-comite-orientation\" data-id=\"2493\" style=\"animation-delay:0.4s\">\r\n\t\t<div class=\"w-grid-item-h\">\r\n\t\t\t\t\t\t<div class=\"w-post-elm post_image usg_post_image_1 has_ratio\"><img decoding=\"async\" width=\"674\" height=\"460\" src=\"https:\/\/transitionencommun.org\/wp-content\/uploads\/2024\/12\/emmanuellehebert-674x460-1.png\" class=\"attachment-large size-large wp-post-image\" alt=\"\" \/><div style=\"padding-bottom:100%\"><\/div><\/div><h5 class=\"w-post-elm post_title usg_post_title_1 style-h3 color_link_inherit\">Emmanuelle H\u00e9bert<\/h5><p class=\"w-post-elm post_custom_field usg_post_custom_field_1 type_text titre_du_poste_version_anglaise color_link_inherit\"><span class=\"w-post-elm-value\">Culture Montr\u00e9al<\/span><\/p>\t\t<\/div>\r\n\t\t\t<\/article>\r\n\t<article class=\"w-grid-item us_animate_afb size_1x1 post-2498 membres_equipe type-membres_equipe status-publish has-post-thumbnail hentry categorie_membre_equipe-comite-orientation categorie_membre_equipe-comite-executif categorie_membre_equipe-espace-quartiers categorie_membre_equipe-justice-environnementale\" data-id=\"2498\" style=\"animation-delay:0.5s\">\r\n\t\t<div class=\"w-grid-item-h\">\r\n\t\t\t\t\t\t<div class=\"w-post-elm post_image usg_post_image_1 has_ratio\"><img decoding=\"async\" width=\"846\" height=\"1024\" src=\"https:\/\/transitionencommun.org\/wp-content\/uploads\/2024\/12\/joakim-lemieux-moCA-8999-scaled-e1733159275743-846x1024.jpg\" class=\"attachment-large size-large wp-post-image\" alt=\"\" \/><div style=\"padding-bottom:100%\"><\/div><\/div><h5 class=\"w-post-elm post_title usg_post_title_1 style-h3 color_link_inherit\">Joakim Lemieux<\/h5><p class=\"w-post-elm post_custom_field usg_post_custom_field_1 type_text titre_du_poste_version_anglaise color_link_inherit\"><span class=\"w-post-elm-value\">Coalition montr\u00e9alaises des Tables de quartier (CMTQ)<\/span><\/p>\t\t<\/div>\r\n\t\t\t<\/article>\r\n\t<article class=\"w-grid-item us_animate_afb size_1x1 post-2511 membres_equipe type-membres_equipe status-publish has-post-thumbnail hentry categorie_membre_equipe-collectif-resilience categorie_membre_equipe-comite-orientation categorie_membre_equipe-justice-environnementale categorie_membre_equipe-let categorie_membre_equipe-savoirs\" data-id=\"2511\" style=\"animation-delay:0.6s\">\r\n\t\t<div class=\"w-grid-item-h\">\r\n\t\t\t\t\t\t<div class=\"w-post-elm post_image usg_post_image_1 has_ratio\"><img decoding=\"async\" width=\"751\" height=\"968\" src=\"https:\/\/transitionencommun.org\/wp-content\/uploads\/2024\/12\/SophieLVanNesteMai2024.jpg\" class=\"attachment-large size-large wp-post-image\" alt=\"\" \/><div style=\"padding-bottom:100%\"><\/div><\/div><h5 class=\"w-post-elm post_title usg_post_title_1 style-h3 color_link_inherit\">Sophie Van Neste<\/h5><p class=\"w-post-elm post_custom_field usg_post_custom_field_1 type_text titre_du_poste_version_anglaise color_link_inherit\"><span class=\"w-post-elm-value\">Labo \u00c9quit\u00e9 Climat, INRS<\/span><\/p>\t\t<\/div>\r\n\t\t\t<\/article>\r\n\t<article class=\"w-grid-item us_animate_afb size_1x1 post-2579 membres_equipe type-membres_equipe status-publish has-post-thumbnail hentry categorie_membre_equipe-comite-orientation categorie_membre_equipe-comite-executif categorie_membre_equipe-let\" data-id=\"2579\" style=\"animation-delay:0.7s\">\r\n\t\t<div class=\"w-grid-item-h\">\r\n\t\t\t\t\t\t<div class=\"w-post-elm post_image usg_post_image_1 has_ratio\"><img decoding=\"async\" width=\"876\" height=\"1024\" src=\"https:\/\/transitionencommun.org\/wp-content\/uploads\/2024\/08\/karl-janelle-1-876x1024.jpg\" class=\"attachment-large size-large wp-post-image\" alt=\"\" \/><div style=\"padding-bottom:100%\"><\/div><\/div><h5 class=\"w-post-elm post_title usg_post_title_1 style-h3 color_link_inherit\">Karl Janelle<\/h5><p class=\"w-post-elm post_custom_field usg_post_custom_field_1 type_text titre_du_poste_version_anglaise color_link_inherit\"><span class=\"w-post-elm-value\">Coalition Climat Montr\u00e9al<\/span><\/p>\t\t<\/div>\r\n\t\t\t<\/article>\r\n\t<article class=\"w-grid-item us_animate_afb size_1x1 post-3707 membres_equipe type-membres_equipe status-publish has-post-thumbnail hentry categorie_membre_equipe-comite-orientation\" data-id=\"3707\" style=\"animation-delay:0s\">\r\n\t\t<div class=\"w-grid-item-h\">\r\n\t\t\t\t\t\t<div class=\"w-post-elm post_image usg_post_image_1 has_ratio\"><img decoding=\"async\" width=\"680\" height=\"1024\" src=\"https:\/\/transitionencommun.org\/wp-content\/uploads\/2024\/09\/Sarah2242-680x1024.jpg\" class=\"attachment-large size-large wp-post-image\" alt=\"\" \/><div style=\"padding-bottom:100%\"><\/div><\/div><h5 class=\"w-post-elm post_title usg_post_title_1 style-h3 color_link_inherit\">Marianne-Sarah Saulnier<\/h5><p class=\"w-post-elm post_custom_field usg_post_custom_field_1 type_text titre_du_poste_version_anglaise color_link_inherit\"><span class=\"w-post-elm-value\">Observatoire qu\u00e9b\u00e9cois des in\u00e9galit\u00e9s<\/span><\/p>\t\t<\/div>\r\n\t\t\t<\/article>\r\n\t<article class=\"w-grid-item us_animate_afb size_1x1 post-3766 membres_equipe type-membres_equipe status-publish has-post-thumbnail hentry categorie_membre_equipe-comite-orientation\" data-id=\"3766\" style=\"animation-delay:0.1s\">\r\n\t\t<div class=\"w-grid-item-h\">\r\n\t\t\t\t\t\t<div class=\"w-post-elm post_image usg_post_image_1 has_ratio\"><img decoding=\"async\" width=\"229\" height=\"246\" src=\"https:\/\/transitionencommun.org\/wp-content\/uploads\/2024\/09\/cleliaSeve-1-e1733154277809.jpg\" class=\"attachment-large size-large wp-post-image\" alt=\"\" \/><div style=\"padding-bottom:100%\"><\/div><\/div><h5 class=\"w-post-elm post_title usg_post_title_1 style-h3 color_link_inherit\">Cl\u00e9lia S\u00e8ve<\/h5><p class=\"w-post-elm post_custom_field usg_post_custom_field_1 type_text titre_du_poste_version_anglaise color_link_inherit\"><span class=\"w-post-elm-value\">Regroupement des \u00c9co-quartiers<\/span><\/p>\t\t<\/div>\r\n\t\t\t<\/article>\r\n\t<article class=\"w-grid-item us_animate_afb size_1x1 post-4440 membres_equipe type-membres_equipe status-publish has-post-thumbnail hentry categorie_membre_equipe-comite-orientation\" data-id=\"4440\" style=\"animation-delay:0.2s\">\r\n\t\t<div class=\"w-grid-item-h\">\r\n\t\t\t\t\t\t<div class=\"w-post-elm post_image usg_post_image_1 has_ratio\"><img decoding=\"async\" width=\"1024\" height=\"1024\" src=\"https:\/\/transitionencommun.org\/wp-content\/uploads\/2024\/12\/Christoph-Stamm-1-e1733161603348-1024x1024.jpg\" class=\"attachment-large size-large wp-post-image\" alt=\"\" \/><div style=\"padding-bottom:100%\"><\/div><\/div><h5 class=\"w-post-elm post_title usg_post_title_1 style-h3 color_link_inherit\">Christoph Stamm<\/h5><p class=\"w-post-elm post_custom_field usg_post_custom_field_1 type_text titre_du_poste_version_anglaise color_link_inherit\"><span class=\"w-post-elm-value\">Une monnaie pour Montr\u00e9al<\/span><\/p>\t\t<\/div>\r\n\t\t\t<\/article>\r\n\t<article class=\"w-grid-item us_animate_afb size_1x1 post-4453 membres_equipe type-membres_equipe status-publish has-post-thumbnail hentry categorie_membre_equipe-comite-orientation\" data-id=\"4453\" style=\"animation-delay:0.3s\">\r\n\t\t<div class=\"w-grid-item-h\">\r\n\t\t\t\t\t\t<div class=\"w-post-elm post_image usg_post_image_1 has_ratio\"><img decoding=\"async\" width=\"774\" height=\"651\" src=\"https:\/\/transitionencommun.org\/wp-content\/uploads\/2024\/12\/GaelleGenereux.png\" class=\"attachment-large size-large wp-post-image\" alt=\"\" \/><div style=\"padding-bottom:100%\"><\/div><\/div><h5 class=\"w-post-elm post_title usg_post_title_1 style-h3 color_link_inherit\">Ga\u00eblle G\u00e9n\u00e9reux<\/h5><p class=\"w-post-elm post_custom_field usg_post_custom_field_1 type_text titre_du_poste_version_anglaise color_link_inherit\"><span class=\"w-post-elm-value\">PME MTL Centre-Est<\/span><\/p>\t\t<\/div>\r\n\t\t\t<\/article>\r\n\t<article class=\"w-grid-item us_animate_afb size_1x1 post-4506 membres_equipe type-membres_equipe status-publish has-post-thumbnail hentry categorie_membre_equipe-comite-orientation categorie_membre_equipe-justice-environnementale\" data-id=\"4506\" style=\"animation-delay:0.4s\">\r\n\t\t<div class=\"w-grid-item-h\">\r\n\t\t\t\t\t\t<div class=\"w-post-elm post_image usg_post_image_1 has_ratio\"><img decoding=\"async\" width=\"400\" height=\"400\" src=\"https:\/\/transitionencommun.org\/wp-content\/uploads\/2024\/12\/lea_ilardo_1080-400x400-1.png\" class=\"attachment-large size-large wp-post-image\" alt=\"\" \/><div style=\"padding-bottom:100%\"><\/div><\/div><h5 class=\"w-post-elm post_title usg_post_title_1 style-h3 color_link_inherit\">L\u00e9a Illardo<\/h5><p class=\"w-post-elm post_custom_field usg_post_custom_field_1 type_text titre_du_poste_version_anglaise color_link_inherit\"><span class=\"w-post-elm-value\">\u00c9clore<\/span><\/p>\t\t<\/div>\r\n\t\t\t<\/article>\r\n\t<article class=\"w-grid-item us_animate_afb size_1x1 post-4510 membres_equipe type-membres_equipe status-publish has-post-thumbnail hentry categorie_membre_equipe-comite-orientation\" data-id=\"4510\" style=\"animation-delay:0.5s\">\r\n\t\t<div class=\"w-grid-item-h\">\r\n\t\t\t\t\t\t<div class=\"w-post-elm post_image usg_post_image_1 has_ratio\"><img decoding=\"async\" width=\"839\" height=\"1024\" src=\"https:\/\/transitionencommun.org\/wp-content\/uploads\/2024\/12\/Justine_Ballon_HEC_5801_5X7-1-e1733159321571-839x1024.jpg\" class=\"attachment-large size-large wp-post-image\" alt=\"\" \/><div style=\"padding-bottom:100%\"><\/div><\/div><h5 class=\"w-post-elm post_title usg_post_title_1 style-h3 color_link_inherit\">Justine Ballon<\/h5><p class=\"w-post-elm post_custom_field usg_post_custom_field_1 type_text titre_du_poste_version_anglaise color_link_inherit\"><span class=\"w-post-elm-value\">Institut international des coop\u00e9ratives Alphonse et Dorim\u00e8ne Desjardins, HEC Montr\u00e9al<\/span><\/p>\t\t<\/div>\r\n\t\t\t<\/article>\r\n\t<article class=\"w-grid-item us_animate_afb size_1x1 post-4515 membres_equipe type-membres_equipe status-publish has-post-thumbnail hentry categorie_membre_equipe-comite-orientation\" data-id=\"4515\" style=\"animation-delay:0.6s\">\r\n\t\t<div class=\"w-grid-item-h\">\r\n\t\t\t\t\t\t<div class=\"w-post-elm post_image usg_post_image_1 has_ratio\"><img decoding=\"async\" width=\"343\" height=\"343\" src=\"https:\/\/transitionencommun.org\/wp-content\/uploads\/2024\/12\/SidneyRibaux.jpg\" class=\"attachment-large size-large wp-post-image\" alt=\"\" \/><div style=\"padding-bottom:100%\"><\/div><\/div><h5 class=\"w-post-elm post_title usg_post_title_1 style-h3 color_link_inherit\">Sidney Ribaux<\/h5><p class=\"w-post-elm post_custom_field usg_post_custom_field_1 type_text titre_du_poste_version_anglaise color_link_inherit\"><span class=\"w-post-elm-value\">Bureau de la transition \u00e9cologique et de la r\u00e9silience Ville de Montr\u00e9al (BTER)<\/span><\/p>\t\t<\/div>\r\n\t\t\t<\/article>\r\n\t<article class=\"w-grid-item us_animate_afb size_1x1 post-4518 membres_equipe type-membres_equipe status-publish has-post-thumbnail hentry categorie_membre_equipe-comite-orientation\" data-id=\"4518\" style=\"animation-delay:0.7s\">\r\n\t\t<div class=\"w-grid-item-h\">\r\n\t\t\t\t\t\t<div class=\"w-post-elm post_image usg_post_image_1 has_ratio\"><img decoding=\"async\" width=\"400\" height=\"400\" src=\"https:\/\/transitionencommun.org\/wp-content\/uploads\/2024\/12\/JustineDesbiens.jpg\" class=\"attachment-large size-large wp-post-image\" alt=\"\" \/><div style=\"padding-bottom:100%\"><\/div><\/div><h5 class=\"w-post-elm post_title usg_post_title_1 style-h3 color_link_inherit\">Justine Desbiens<\/h5><p class=\"w-post-elm post_custom_field usg_post_custom_field_1 type_text titre_du_poste_version_anglaise color_link_inherit\"><span class=\"w-post-elm-value\">Arrondissement Le Sud-Ouest <\/span><\/p>\t\t<\/div>\r\n\t\t\t<\/article>\r\n\t<article class=\"w-grid-item us_animate_afb size_1x1 post-4842 membres_equipe type-membres_equipe status-publish has-post-thumbnail hentry categorie_membre_equipe-comite-orientation\" data-id=\"4842\" style=\"animation-delay:0s\">\r\n\t\t<div class=\"w-grid-item-h\">\r\n\t\t\t\t\t\t<div class=\"w-post-elm post_image usg_post_image_1 has_ratio\"><img decoding=\"async\" width=\"200\" height=\"200\" src=\"https:\/\/transitionencommun.org\/wp-content\/uploads\/2025\/01\/pascal-lacasse.jpg\" class=\"attachment-large size-large wp-post-image\" alt=\"\" \/><div style=\"padding-bottom:100%\"><\/div><\/div><h5 class=\"w-post-elm post_title usg_post_title_1 style-h3 color_link_inherit\">Pascal Lacasse<\/h5><p class=\"w-post-elm post_custom_field usg_post_custom_field_1 type_text titre_du_poste_version_anglaise color_link_inherit\"><span class=\"w-post-elm-value\">Service de l\u2019urbanisme et de la mobilit\u00e9 - Ville de Montr\u00e9al<\/span><\/p>\t\t<\/div>\r\n\t\t\t<\/article>\r\n\t<article class=\"w-grid-item us_animate_afb size_1x1 post-4858 membres_equipe type-membres_equipe status-publish has-post-thumbnail hentry categorie_membre_equipe-comite-orientation\" data-id=\"4858\" style=\"animation-delay:0.1s\">\r\n\t\t<div class=\"w-grid-item-h\">\r\n\t\t\t\t\t\t<div class=\"w-post-elm post_image usg_post_image_1 has_ratio\"><img decoding=\"async\" width=\"181\" height=\"190\" src=\"https:\/\/transitionencommun.org\/wp-content\/uploads\/2025\/02\/ToniaDiG-e1741025527977.jpg\" class=\"attachment-large size-large wp-post-image\" alt=\"\" \/><div style=\"padding-bottom:100%\"><\/div><\/div><h5 class=\"w-post-elm post_title usg_post_title_1 style-h3 color_link_inherit\">Tonia Di Guglielmo<\/h5><p class=\"w-post-elm post_custom_field usg_post_custom_field_1 type_text titre_du_poste_version_anglaise color_link_inherit\"><span class=\"w-post-elm-value\">Arrondissement de Montr\u00e9al-Nord<\/span><\/p>\t\t<\/div>\r\n\t\t\t<\/article>\r\n\t<article class=\"w-grid-item us_animate_afb size_1x1 post-4866 membres_equipe type-membres_equipe status-publish has-post-thumbnail hentry categorie_membre_equipe-comite-orientation categorie_membre_equipe-demotorisation\" data-id=\"4866\" style=\"animation-delay:0.2s\">\r\n\t\t<div class=\"w-grid-item-h\">\r\n\t\t\t\t\t\t<div class=\"w-post-elm post_image usg_post_image_1 has_ratio\"><img decoding=\"async\" width=\"599\" height=\"599\" src=\"https:\/\/transitionencommun.org\/wp-content\/uploads\/2025\/02\/theophilH-coopcarbone.jpeg\" class=\"attachment-large size-large wp-post-image\" alt=\"\" \/><div style=\"padding-bottom:100%\"><\/div><\/div><h5 class=\"w-post-elm post_title usg_post_title_1 style-h3 color_link_inherit\">Theophil Haberstroh<\/h5><p class=\"w-post-elm post_custom_field usg_post_custom_field_1 type_text titre_du_poste_version_anglaise color_link_inherit\"><span class=\"w-post-elm-value\">Coop Carbone<\/span><\/p>\t\t<\/div>\r\n\t\t\t<\/article>\r\n\t<article class=\"w-grid-item us_animate_afb size_1x1 post-5581 membres_equipe type-membres_equipe status-publish has-post-thumbnail hentry categorie_membre_equipe-comite-orientation\" data-id=\"5581\" style=\"animation-delay:0.3s\">\r\n\t\t<div class=\"w-grid-item-h\">\r\n\t\t\t\t\t\t<div class=\"w-post-elm post_image usg_post_image_1 has_ratio\"><img decoding=\"async\" width=\"277\" height=\"327\" src=\"https:\/\/transitionencommun.org\/wp-content\/uploads\/2025\/06\/AM-Aubert.png\" class=\"attachment-large size-large wp-post-image\" alt=\"\" \/><div style=\"padding-bottom:100%\"><\/div><\/div><h5 class=\"w-post-elm post_title usg_post_title_1 style-h3 color_link_inherit\">Anne-Marie Aubert<\/h5><p class=\"w-post-elm post_custom_field usg_post_custom_field_1 type_text titre_du_poste_version_anglaise color_link_inherit\"><span class=\"w-post-elm-value\">Conseil du syst\u00e8me alimentaire montr\u00e9alais<\/span><\/p>\t\t<\/div>\r\n\t\t\t<\/article>\r\n\t<article class=\"w-grid-item us_animate_afb size_1x1 post-6039 membres_equipe type-membres_equipe status-publish has-post-thumbnail hentry categorie_membre_equipe-comite-orientation\" data-id=\"6039\" style=\"animation-delay:0.4s\">\r\n\t\t<div class=\"w-grid-item-h\">\r\n\t\t\t\t\t\t<div class=\"w-post-elm post_image usg_post_image_1 has_ratio\"><img decoding=\"async\" width=\"800\" height=\"800\" src=\"https:\/\/transitionencommun.org\/wp-content\/uploads\/2025\/09\/marineThomas.jpg\" class=\"attachment-large size-large wp-post-image\" alt=\"\" \/><div style=\"padding-bottom:100%\"><\/div><\/div><h5 class=\"w-post-elm post_title usg_post_title_1 style-h3 color_link_inherit\">Marine Thomas<\/h5><p class=\"w-post-elm post_custom_field usg_post_custom_field_1 type_text titre_du_poste_version_anglaise color_link_inherit\"><span class=\"w-post-elm-value\">Partenariat Climat Montr\u00e9al<\/span><\/p>\t\t<\/div>\r\n\t\t\t<\/article>\r\n\t<article class=\"w-grid-item us_animate_afb size_1x1 post-6119 membres_equipe type-membres_equipe status-publish has-post-thumbnail hentry categorie_membre_equipe-comite-orientation categorie_membre_equipe-justice-environnementale\" data-id=\"6119\" style=\"animation-delay:0.5s\">\r\n\t\t<div class=\"w-grid-item-h\">\r\n\t\t\t\t\t\t<div class=\"w-post-elm post_image usg_post_image_1 has_ratio\"><img decoding=\"async\" width=\"683\" height=\"1024\" src=\"https:\/\/transitionencommun.org\/wp-content\/uploads\/2025\/11\/B.-Manai_Photo-683x1024.jpg\" class=\"attachment-large size-large wp-post-image\" alt=\"\" \/><div style=\"padding-bottom:100%\"><\/div><\/div><h5 class=\"w-post-elm post_title usg_post_title_1 style-h3 color_link_inherit\">Bochra Mana\u00ef<\/h5><p class=\"w-post-elm post_custom_field usg_post_custom_field_1 type_text titre_du_poste_version_anglaise color_link_inherit\"><span class=\"w-post-elm-value\">City of Montreal - Commissionaires Office<\/span><\/p>\t\t<\/div>\r\n\t\t\t<\/article>\r\n\t<article class=\"w-grid-item us_animate_afb size_1x1 post-6211 membres_equipe type-membres_equipe status-publish has-post-thumbnail hentry categorie_membre_equipe-comite-orientation\" data-id=\"6211\" style=\"animation-delay:0.6s\">\r\n\t\t<div class=\"w-grid-item-h\">\r\n\t\t\t\t\t\t<div class=\"w-post-elm post_image usg_post_image_1 has_ratio\"><img decoding=\"async\" width=\"800\" height=\"800\" src=\"https:\/\/transitionencommun.org\/wp-content\/uploads\/2025\/11\/Alexandra-Nadeau-1.jpg\" class=\"attachment-large size-large wp-post-image\" alt=\"\" \/><div style=\"padding-bottom:100%\"><\/div><\/div><h5 class=\"w-post-elm post_title usg_post_title_1 style-h3 color_link_inherit\">Alexandra Nadeau<\/h5><p class=\"w-post-elm post_custom_field usg_post_custom_field_1 type_text titre_du_poste_version_anglaise color_link_inherit\"><span class=\"w-post-elm-value\">CERS\u00c9 - Centre d'\u00e9tude en responsabilit\u00e9 sociale et \u00e9cocitoyennet\u00e9 (CCTT)<\/span><\/p>\t\t<\/div>\r\n\t\t\t<\/article>\r\n\t<article class=\"w-grid-item us_animate_afb size_1x1 post-6304 membres_equipe type-membres_equipe status-publish has-post-thumbnail hentry categorie_membre_equipe-comite-orientation\" data-id=\"6304\" style=\"animation-delay:0.7s\">\r\n\t\t<div class=\"w-grid-item-h\">\r\n\t\t\t\t\t\t<div class=\"w-post-elm post_image usg_post_image_1 has_ratio\"><img decoding=\"async\" width=\"351\" height=\"325\" src=\"https:\/\/transitionencommun.org\/wp-content\/uploads\/2025\/11\/CassAnna.jpg\" class=\"attachment-large size-large wp-post-image\" alt=\"\" \/><div style=\"padding-bottom:100%\"><\/div><\/div><h5 class=\"w-post-elm post_title usg_post_title_1 style-h3 color_link_inherit\">Ana\u00efs Houde\/Cassandre Charbonneau<\/h5><p class=\"w-post-elm post_custom_field usg_post_custom_field_1 type_text titre_du_poste_version_anglaise color_link_inherit\"><span class=\"w-post-elm-value\">Mobilisation 6600 Parc-Nature MHM<\/span><\/p>\t\t<\/div>\r\n\t\t\t<\/article>\r\n\t<article class=\"w-grid-item us_animate_afb size_1x1 post-6216 membres_equipe type-membres_equipe status-publish has-post-thumbnail hentry categorie_membre_equipe-comite-orientation\" data-id=\"6216\" style=\"animation-delay:0s\">\r\n\t\t<div class=\"w-grid-item-h\">\r\n\t\t\t\t\t\t<div class=\"w-post-elm post_image usg_post_image_1 has_ratio\"><img decoding=\"async\" width=\"1024\" height=\"898\" src=\"https:\/\/transitionencommun.org\/wp-content\/uploads\/2025\/11\/Denises-Veilleux-COmite-citoyen-resilience-aine-1-1024x898.jpg\" class=\"attachment-large size-large wp-post-image\" alt=\"\" \/><div style=\"padding-bottom:100%\"><\/div><\/div><h5 class=\"w-post-elm post_title usg_post_title_1 style-h3 color_link_inherit\">Denise Veilleux<\/h5><p class=\"w-post-elm post_custom_field usg_post_custom_field_1 type_text titre_du_poste_version_anglaise color_link_inherit\"><span class=\"w-post-elm-value\">Conseil citoyen du r\u00e9seau r\u00e9silience a\u00een\u00e9 de Montr\u00e9al<\/span><\/p>\t\t<\/div>\r\n\t\t\t<\/article>\r\n\t<article class=\"w-grid-item us_animate_afb size_1x1 post-6220 membres_equipe type-membres_equipe status-publish has-post-thumbnail hentry categorie_membre_equipe-comite-orientation\" data-id=\"6220\" style=\"animation-delay:0.1s\">\r\n\t\t<div class=\"w-grid-item-h\">\r\n\t\t\t\t\t\t<div class=\"w-post-elm post_image usg_post_image_1 has_ratio\"><img decoding=\"async\" width=\"200\" height=\"200\" src=\"https:\/\/transitionencommun.org\/wp-content\/uploads\/2025\/11\/JEanSebSuf.jpg\" class=\"attachment-large size-large wp-post-image\" alt=\"\" \/><div style=\"padding-bottom:100%\"><\/div><\/div><h5 class=\"w-post-elm post_title usg_post_title_1 style-h3 color_link_inherit\">Jean-S\u00e9bastien Dufresne<\/h5><p class=\"w-post-elm post_custom_field usg_post_custom_field_1 type_text titre_du_poste_version_anglaise color_link_inherit\"><span class=\"w-post-elm-value\">ICIELA Citizens Solidarity Network<\/span><\/p>\t\t<\/div>\r\n\t\t\t<\/article>\r\n\t<article class=\"w-grid-item us_animate_afb size_1x1 post-6298 membres_equipe type-membres_equipe status-publish has-post-thumbnail hentry categorie_membre_equipe-comite-orientation\" data-id=\"6298\" style=\"animation-delay:0.2s\">\r\n\t\t<div class=\"w-grid-item-h\">\r\n\t\t\t\t\t\t<div class=\"w-post-elm post_image usg_post_image_1 has_ratio\"><img decoding=\"async\" width=\"318\" height=\"373\" src=\"https:\/\/transitionencommun.org\/wp-content\/uploads\/2025\/11\/KarelLuap.jpg\" class=\"attachment-large size-large wp-post-image\" alt=\"\" \/><div style=\"padding-bottom:100%\"><\/div><\/div><h5 class=\"w-post-elm post_title usg_post_title_1 style-h3 color_link_inherit\">Karel Luap<\/h5><p class=\"w-post-elm post_custom_field usg_post_custom_field_1 type_text titre_du_poste_version_anglaise color_link_inherit\"><span class=\"w-post-elm-value\">Ville en vert<\/span><\/p>\t\t<\/div>\r\n\t\t\t<\/article>\r\n\t<article class=\"w-grid-item us_animate_afb size_1x1 post-6309 membres_equipe type-membres_equipe status-publish has-post-thumbnail hentry categorie_membre_equipe-comite-orientation\" data-id=\"6309\" style=\"animation-delay:0.3s\">\r\n\t\t<div class=\"w-grid-item-h\">\r\n\t\t\t\t\t\t<div class=\"w-post-elm post_image usg_post_image_1 has_ratio\"><img decoding=\"async\" width=\"381\" height=\"334\" src=\"https:\/\/transitionencommun.org\/wp-content\/uploads\/2025\/11\/jasbnciajsnc.jpg\" class=\"attachment-large size-large wp-post-image\" alt=\"\" \/><div style=\"padding-bottom:100%\"><\/div><\/div><h5 class=\"w-post-elm post_title usg_post_title_1 style-h3 color_link_inherit\">Louis-Philippe Lizotte\/Isabelle Gaudette<\/h5><p class=\"w-post-elm post_custom_field usg_post_custom_field_1 type_text titre_du_poste_version_anglaise color_link_inherit\"><span class=\"w-post-elm-value\">INM \/ CEUM<\/span><\/p>\t\t<\/div>\r\n\t\t\t<\/article>\r\n\t<article class=\"w-grid-item us_animate_afb size_1x1 post-6312 membres_equipe type-membres_equipe status-publish has-post-thumbnail hentry categorie_membre_equipe-comite-orientation\" data-id=\"6312\" style=\"animation-delay:0.4s\">\r\n\t\t<div class=\"w-grid-item-h\">\r\n\t\t\t\t\t\t<div class=\"w-post-elm post_image usg_post_image_1 has_ratio\"><img decoding=\"async\" width=\"375\" height=\"304\" src=\"https:\/\/transitionencommun.org\/wp-content\/uploads\/2025\/11\/ajscniajsncas.jpg\" class=\"attachment-large size-large wp-post-image\" alt=\"\" \/><div style=\"padding-bottom:100%\"><\/div><\/div><h5 class=\"w-post-elm post_title usg_post_title_1 style-h3 color_link_inherit\">Marguerite Mendell \/ Sylvain Lef\u00e8vre<\/h5><p class=\"w-post-elm post_custom_field usg_post_custom_field_1 type_text titre_du_poste_version_anglaise color_link_inherit\"><span class=\"w-post-elm-value\">Centre de recherche sur les innovations sociales (CRISES)<\/span><\/p>\t\t<\/div>\r\n\t\t\t<\/article>\r\n\t<article class=\"w-grid-item us_animate_afb size_1x1 post-6317 membres_equipe type-membres_equipe status-publish has-post-thumbnail hentry categorie_membre_equipe-comite-orientation\" data-id=\"6317\" style=\"animation-delay:0.5s\">\r\n\t\t<div class=\"w-grid-item-h\">\r\n\t\t\t\t\t\t<div class=\"w-post-elm post_image usg_post_image_1 has_ratio\"><img decoding=\"async\" width=\"360\" height=\"298\" src=\"https:\/\/transitionencommun.org\/wp-content\/uploads\/2025\/11\/Jsjnaisc.jpg\" class=\"attachment-large size-large wp-post-image\" alt=\"\" \/><div style=\"padding-bottom:100%\"><\/div><\/div><h5 class=\"w-post-elm post_title usg_post_title_1 style-h3 color_link_inherit\">Natana\u00ebl B\u00e9gin-Paul \/ Imany B\u00e9gin-Paul<\/h5><p class=\"w-post-elm post_custom_field usg_post_custom_field_1 type_text titre_du_poste_version_anglaise color_link_inherit\"><span class=\"w-post-elm-value\">Tshuapamitin<\/span><\/p>\t\t<\/div>\r\n\t\t\t<\/article>\r\n\t<article class=\"w-grid-item us_animate_afb size_1x1 post-6295 membres_equipe type-membres_equipe status-publish has-post-thumbnail hentry categorie_membre_equipe-comite-orientation\" data-id=\"6295\" style=\"animation-delay:0.6s\">\r\n\t\t<div class=\"w-grid-item-h\">\r\n\t\t\t\t\t\t<div class=\"w-post-elm post_image usg_post_image_1 has_ratio\"><img decoding=\"async\" width=\"372\" height=\"316\" src=\"https:\/\/transitionencommun.org\/wp-content\/uploads\/2025\/11\/Genevieve-Dube-e1763504762476.jpg\" class=\"attachment-large size-large wp-post-image\" alt=\"\" \/><div style=\"padding-bottom:100%\"><\/div><\/div><h5 class=\"w-post-elm post_title usg_post_title_1 style-h3 color_link_inherit\">Genevi\u00e8ve Dub\u00e9<\/h5><p class=\"w-post-elm post_custom_field usg_post_custom_field_1 type_text titre_du_poste_version_anglaise color_link_inherit\"><span class=\"w-post-elm-value\">Jardins pour tous<\/span><\/p>\t\t<\/div>\r\n\t\t\t<\/article>\r\n\t<article class=\"w-grid-item us_animate_afb size_1x1 post-6857 membres_equipe type-membres_equipe status-publish has-post-thumbnail hentry categorie_membre_equipe-comite-orientation\" data-id=\"6857\" style=\"animation-delay:0.7s\">\r\n\t\t<div class=\"w-grid-item-h\">\r\n\t\t\t\t\t\t<div class=\"w-post-elm post_image usg_post_image_1 has_ratio\"><img decoding=\"async\" width=\"920\" height=\"1024\" src=\"https:\/\/transitionencommun.org\/wp-content\/uploads\/2026\/03\/KevinDuBoisberranger-920x1024.jpg\" class=\"attachment-large size-large wp-post-image\" alt=\"\" \/><div style=\"padding-bottom:100%\"><\/div><\/div><h5 class=\"w-post-elm post_title usg_post_title_1 style-h3 color_link_inherit\">Kevin Du Boisberranger<\/h5><p class=\"w-post-elm post_custom_field usg_post_custom_field_1 type_text titre_du_poste_version_anglaise color_link_inherit\"><span class=\"w-post-elm-value\">Demain Verdun<\/span><\/p>\t\t<\/div>\r\n\t\t\t<\/article>\r\n<\/div>\t<div class=\"w-grid-preloader\">\r\n\t\t<div class=\"g-preloader type_1\">\r\n\t\t\t<div><\/div>\r\n\t\t<\/div>\r\n\t<\/div>\r\n\t\t<div class=\"w-grid-json hidden\" onclick='return {&quot;action&quot;:&quot;us_ajax_grid&quot;,&quot;infinite_scroll&quot;:0,&quot;max_num_pages&quot;:1,&quot;pagination&quot;:&quot;none&quot;,&quot;template_vars&quot;:{&quot;columns&quot;:&quot;4&quot;,&quot;exclude_items&quot;:&quot;none&quot;,&quot;img_size&quot;:&quot;default&quot;,&quot;ignore_items_size&quot;:0,&quot;items_layout&quot;:&quot;3871&quot;,&quot;items_offset&quot;:&quot;1&quot;,&quot;load_animation&quot;:&quot;afb&quot;,&quot;overriding_link&quot;:&quot;%7B%22url%22%3A%22%22%7D&quot;,&quot;post_id&quot;:3920,&quot;query_args&quot;:{&quot;post_type&quot;:[&quot;membres_equipe&quot;],&quot;tax_query&quot;:[{&quot;taxonomy&quot;:&quot;categorie_membre_equipe&quot;,&quot;field&quot;:&quot;slug&quot;,&quot;terms&quot;:[&quot;comite-orientation&quot;]}],&quot;post_status&quot;:[&quot;publish&quot;,&quot;acf-disabled&quot;],&quot;posts_per_page&quot;:&quot;50&quot;},&quot;orderby_query_args&quot;:{&quot;orderby&quot;:{&quot;date&quot;:&quot;ASC&quot;}},&quot;type&quot;:&quot;grid&quot;,&quot;us_grid_post_type&quot;:&quot;membres_equipe&quot;,&quot;us_grid_ajax_index&quot;:3,&quot;us_grid_filter_query_string&quot;:null,&quot;us_grid_index&quot;:3,&quot;page_args&quot;:[],&quot;lang&quot;:&quot;en&quot;}}'><\/div>\r\n\t<\/div><\/div><\/div><\/div><\/div><\/div><\/div><\/div><\/div><\/div><\/section>\n<\/div><\/div><\/div><div class=\"w-separator size_custom\" style=\"height:var(--space-l-2xl)\"><\/div><div class=\"g-cols wpb_row inner-row-tab-img-right via_grid cols_custom laptops-cols_inherit tablets-cols_inherit mobiles-cols_1 valign_top type_default stacking_default\" style=\"--columns-gap:3rem;--custom-columns:3.5fr 2.5fr 6fr \"><div class=\"wpb_column vc_column_container\"><div class=\"vc_column-inner\"><div class=\"wpb_text_column\"><div class=\"wpb_wrapper\"><h3>Transitional Housing<\/h3>\n<\/div><\/div><div class=\"w-separator size_medium\"><\/div><div class=\"wpb_text_column\"><div class=\"wpb_wrapper\"><p><span>The <i>Housing in Transition (LeT) <\/i>working group <i>aims <\/i>to <b>create conditions that will accelerate<\/b> resilience and decarbonization (adaptation to heat waves and cold spells, efficient electrification, etc.) of <b>existing housing in Montreal<\/b>, from a <b>neighborhood-based perspective rooted in equity, inclusion, and collective action.<\/b><\/span><\/p>\n<p><b><span>LeT<\/span><\/b><span> advocates for a systemic approach to a just housing transition, one that links the need to decarbonize housing and adapt it to climate-related risks with the challenges of energy insecurity and housing insecurity.<\/span><\/p>\n<p><span>This group is made up of community organizations, citizen groups, researchers, and civil servants from the City of Montreal and the Montreal Public Health Department.  <\/span><\/p>\n<\/div><\/div><\/div><\/div><div class=\"wpb_column vc_column_container\"><div class=\"vc_column-inner\"><div class=\"w-image us_custom_02c2953a has_aspect_ratio align_none\"><div class=\"w-image-h\"><img decoding=\"async\" width=\"1024\" height=\"789\" src=\"https:\/\/transitionencommun.org\/wp-content\/uploads\/2024\/08\/EQAlim23mai2024-60_SuperCompWeb-scaled-e1724954248314-1024x789.jpg\" class=\"attachment-large size-large\" alt=\"\" loading=\"lazy\" srcset=\"https:\/\/transitionencommun.org\/wp-content\/uploads\/2024\/08\/EQAlim23mai2024-60_SuperCompWeb-scaled-e1724954248314-1024x789.jpg 1024w, https:\/\/transitionencommun.org\/wp-content\/uploads\/2024\/08\/EQAlim23mai2024-60_SuperCompWeb-scaled-e1724954248314-300x231.jpg 300w, https:\/\/transitionencommun.org\/wp-content\/uploads\/2024\/08\/EQAlim23mai2024-60_SuperCompWeb-scaled-e1724954248314.jpg 2009w\" sizes=\"auto, (max-width: 1024px) 100vw, 1024px\" \/><\/div><\/div><\/div><\/div><div class=\"wpb_column vc_column_container\"><div class=\"vc_column-inner\"><section class=\"l-section wpb_row us_custom_b6a72ce1 height_medium\"><div class=\"l-section-h i-cf\"><div class=\"g-cols vc_row via_grid cols_1 laptops-cols_inherit tablets-cols_inherit mobiles-cols_1 valign_top type_default stacking_default\"><div class=\"wpb_column vc_column_container\"><div class=\"vc_column-inner\"><div class=\"w-tabs accordeon-membres accordion toggle_style_1 has_scrolling\" style=\"--sections-title-size:inherit;--sections-gap:0.5rem;\"><div class=\"w-tabs-sections titles-align_none icon_plus cpos_right\"><div class=\"w-tabs-section\" id=\"d5a7\"><button type=\"button\" class=\"w-tabs-section-header\" aria-controls=\"content-d5a7\" aria-expanded=\"false\"><h4 class=\"w-tabs-section-title\">Members<\/h4><div class=\"w-tabs-section-control\"><\/div><\/button><div  class=\"w-tabs-section-content\" id=\"content-d5a7\"><div class=\"w-tabs-section-content-h i-cf\"><div class=\"w-grid us_grid membres-grid type_grid layout_3871 cols_4 preload_style_spinner with_css_animation\" id=\"us_grid_4\" style=\"--columns:4;--gap:1.5rem;\" data-filterable=\"true\"><style>@media (max-width:1380px){#us_grid_4{--columns:3!important}}@media (max-width:1024px){#us_grid_4{--columns:2!important}}@media (max-width:600px){#us_grid_4{--columns:1!important}}<\/style><div class=\"w-grid-list\">\t<article class=\"w-grid-item us_animate_afb size_1x1 post-2486 membres_equipe type-membres_equipe status-publish has-post-thumbnail hentry categorie_membre_equipe-comite-orientation categorie_membre_equipe-economies-en-transition\" data-id=\"2486\" style=\"animation-delay:0s\">\r\n\t\t<div class=\"w-grid-item-h\">\r\n\t\t\t\t\t\t<div class=\"w-post-elm post_image usg_post_image_1 has_ratio\"><img decoding=\"async\" width=\"665\" height=\"740\" src=\"https:\/\/transitionencommun.org\/wp-content\/uploads\/2024\/12\/anyle-cote-cesim-3-e1733159092479.jpg\" class=\"attachment-large size-large wp-post-image\" alt=\"\" \/><div style=\"padding-bottom:100%\"><\/div><\/div><h5 class=\"w-post-elm post_title usg_post_title_1 style-h3 color_link_inherit\">Anyle C\u00f4t\u00e9<\/h5><p class=\"w-post-elm post_custom_field usg_post_custom_field_1 type_text titre_du_poste_version_anglaise color_link_inherit\"><span class=\"w-post-elm-value\">Conseil d'\u00e9conomie sociale de l'\u00eele de Montr\u00e9al (CESIM)<\/span><\/p>\t\t<\/div>\r\n\t\t\t<\/article>\r\n\t<article class=\"w-grid-item us_animate_afb size_1x1 post-2487 membres_equipe type-membres_equipe status-publish has-post-thumbnail hentry categorie_membre_equipe-comite-orientation categorie_membre_equipe-demotorisation\" data-id=\"2487\" style=\"animation-delay:0.1s\">\r\n\t\t<div class=\"w-grid-item-h\">\r\n\t\t\t\t\t\t<div class=\"w-post-elm post_image usg_post_image_1 has_ratio\"><img decoding=\"async\" width=\"315\" height=\"360\" src=\"https:\/\/transitionencommun.org\/wp-content\/uploads\/2024\/08\/BR-e1733159187461.jpg\" class=\"attachment-large size-large wp-post-image\" alt=\"\" \/><div style=\"padding-bottom:100%\"><\/div><\/div><h5 class=\"w-post-elm post_title usg_post_title_1 style-h3 color_link_inherit\">Blaise R\u00e9millard<\/h5><p class=\"w-post-elm post_custom_field usg_post_custom_field_1 type_text titre_du_poste_version_anglaise color_link_inherit\"><span class=\"w-post-elm-value\">Conseil r\u00e9gional de l'environnement de Montr\u00e9al (CRE)<\/span><\/p>\t\t<\/div>\r\n\t\t\t<\/article>\r\n\t<article class=\"w-grid-item us_animate_afb size_1x1 post-2488 membres_equipe type-membres_equipe status-publish has-post-thumbnail hentry categorie_membre_equipe-comite-orientation\" data-id=\"2488\" style=\"animation-delay:0.2s\">\r\n\t\t<div class=\"w-grid-item-h\">\r\n\t\t\t\t\t\t<div class=\"w-post-elm post_image usg_post_image_1 has_ratio\"><img decoding=\"async\" width=\"500\" height=\"500\" src=\"https:\/\/transitionencommun.org\/wp-content\/uploads\/2024\/08\/CD.jpg\" class=\"attachment-large size-large wp-post-image\" alt=\"\" \/><div style=\"padding-bottom:100%\"><\/div><\/div><h5 class=\"w-post-elm post_title usg_post_title_1 style-h3 color_link_inherit\">Christophe Derrien<\/h5>\t\t<\/div>\r\n\t\t\t<\/article>\r\n\t<article class=\"w-grid-item us_animate_afb size_1x1 post-2490 membres_equipe type-membres_equipe status-publish has-post-thumbnail hentry categorie_membre_equipe-comite-orientation categorie_membre_equipe-comite-executif categorie_membre_equipe-justice-environnementale\" data-id=\"2490\" style=\"animation-delay:0.3s\">\r\n\t\t<div class=\"w-grid-item-h\">\r\n\t\t\t\t\t\t<div class=\"w-post-elm post_image usg_post_image_1 has_ratio\"><img decoding=\"async\" width=\"220\" height=\"220\" src=\"https:\/\/transitionencommun.org\/wp-content\/uploads\/2024\/08\/DK.jpg\" class=\"attachment-large size-large wp-post-image\" alt=\"\" \/><div style=\"padding-bottom:100%\"><\/div><\/div><h5 class=\"w-post-elm post_title usg_post_title_1 style-h3 color_link_inherit\">David Kaiser<\/h5><p class=\"w-post-elm post_custom_field usg_post_custom_field_1 type_text titre_du_poste_version_anglaise color_link_inherit\"><span class=\"w-post-elm-value\">Direction r\u00e9gionale de sant\u00e9 publique de Montr\u00e9al<\/span><\/p>\t\t<\/div>\r\n\t\t\t<\/article>\r\n\t<article class=\"w-grid-item us_animate_afb size_1x1 post-2493 membres_equipe type-membres_equipe status-publish has-post-thumbnail hentry categorie_membre_equipe-comite-orientation\" data-id=\"2493\" style=\"animation-delay:0.4s\">\r\n\t\t<div class=\"w-grid-item-h\">\r\n\t\t\t\t\t\t<div class=\"w-post-elm post_image usg_post_image_1 has_ratio\"><img decoding=\"async\" width=\"674\" height=\"460\" src=\"https:\/\/transitionencommun.org\/wp-content\/uploads\/2024\/12\/emmanuellehebert-674x460-1.png\" class=\"attachment-large size-large wp-post-image\" alt=\"\" \/><div style=\"padding-bottom:100%\"><\/div><\/div><h5 class=\"w-post-elm post_title usg_post_title_1 style-h3 color_link_inherit\">Emmanuelle H\u00e9bert<\/h5><p class=\"w-post-elm post_custom_field usg_post_custom_field_1 type_text titre_du_poste_version_anglaise color_link_inherit\"><span class=\"w-post-elm-value\">Culture Montr\u00e9al<\/span><\/p>\t\t<\/div>\r\n\t\t\t<\/article>\r\n\t<article class=\"w-grid-item us_animate_afb size_1x1 post-2498 membres_equipe type-membres_equipe status-publish has-post-thumbnail hentry categorie_membre_equipe-comite-orientation categorie_membre_equipe-comite-executif categorie_membre_equipe-espace-quartiers categorie_membre_equipe-justice-environnementale\" data-id=\"2498\" style=\"animation-delay:0.5s\">\r\n\t\t<div class=\"w-grid-item-h\">\r\n\t\t\t\t\t\t<div class=\"w-post-elm post_image usg_post_image_1 has_ratio\"><img decoding=\"async\" width=\"846\" height=\"1024\" src=\"https:\/\/transitionencommun.org\/wp-content\/uploads\/2024\/12\/joakim-lemieux-moCA-8999-scaled-e1733159275743-846x1024.jpg\" class=\"attachment-large size-large wp-post-image\" alt=\"\" \/><div style=\"padding-bottom:100%\"><\/div><\/div><h5 class=\"w-post-elm post_title usg_post_title_1 style-h3 color_link_inherit\">Joakim Lemieux<\/h5><p class=\"w-post-elm post_custom_field usg_post_custom_field_1 type_text titre_du_poste_version_anglaise color_link_inherit\"><span class=\"w-post-elm-value\">Coalition montr\u00e9alaises des Tables de quartier (CMTQ)<\/span><\/p>\t\t<\/div>\r\n\t\t\t<\/article>\r\n\t<article class=\"w-grid-item us_animate_afb size_1x1 post-2511 membres_equipe type-membres_equipe status-publish has-post-thumbnail hentry categorie_membre_equipe-collectif-resilience categorie_membre_equipe-comite-orientation categorie_membre_equipe-justice-environnementale categorie_membre_equipe-let categorie_membre_equipe-savoirs\" data-id=\"2511\" style=\"animation-delay:0.6s\">\r\n\t\t<div class=\"w-grid-item-h\">\r\n\t\t\t\t\t\t<div class=\"w-post-elm post_image usg_post_image_1 has_ratio\"><img decoding=\"async\" width=\"751\" height=\"968\" src=\"https:\/\/transitionencommun.org\/wp-content\/uploads\/2024\/12\/SophieLVanNesteMai2024.jpg\" class=\"attachment-large size-large wp-post-image\" alt=\"\" \/><div style=\"padding-bottom:100%\"><\/div><\/div><h5 class=\"w-post-elm post_title usg_post_title_1 style-h3 color_link_inherit\">Sophie Van Neste<\/h5><p class=\"w-post-elm post_custom_field usg_post_custom_field_1 type_text titre_du_poste_version_anglaise color_link_inherit\"><span class=\"w-post-elm-value\">Labo \u00c9quit\u00e9 Climat, INRS<\/span><\/p>\t\t<\/div>\r\n\t\t\t<\/article>\r\n\t<article class=\"w-grid-item us_animate_afb size_1x1 post-2579 membres_equipe type-membres_equipe status-publish has-post-thumbnail hentry categorie_membre_equipe-comite-orientation categorie_membre_equipe-comite-executif categorie_membre_equipe-let\" data-id=\"2579\" style=\"animation-delay:0.7s\">\r\n\t\t<div class=\"w-grid-item-h\">\r\n\t\t\t\t\t\t<div class=\"w-post-elm post_image usg_post_image_1 has_ratio\"><img decoding=\"async\" width=\"876\" height=\"1024\" src=\"https:\/\/transitionencommun.org\/wp-content\/uploads\/2024\/08\/karl-janelle-1-876x1024.jpg\" class=\"attachment-large size-large wp-post-image\" alt=\"\" \/><div style=\"padding-bottom:100%\"><\/div><\/div><h5 class=\"w-post-elm post_title usg_post_title_1 style-h3 color_link_inherit\">Karl Janelle<\/h5><p class=\"w-post-elm post_custom_field usg_post_custom_field_1 type_text titre_du_poste_version_anglaise color_link_inherit\"><span class=\"w-post-elm-value\">Coalition Climat Montr\u00e9al<\/span><\/p>\t\t<\/div>\r\n\t\t\t<\/article>\r\n\t<article class=\"w-grid-item us_animate_afb size_1x1 post-3707 membres_equipe type-membres_equipe status-publish has-post-thumbnail hentry categorie_membre_equipe-comite-orientation\" data-id=\"3707\" style=\"animation-delay:0s\">\r\n\t\t<div class=\"w-grid-item-h\">\r\n\t\t\t\t\t\t<div class=\"w-post-elm post_image usg_post_image_1 has_ratio\"><img decoding=\"async\" width=\"680\" height=\"1024\" src=\"https:\/\/transitionencommun.org\/wp-content\/uploads\/2024\/09\/Sarah2242-680x1024.jpg\" class=\"attachment-large size-large wp-post-image\" alt=\"\" \/><div style=\"padding-bottom:100%\"><\/div><\/div><h5 class=\"w-post-elm post_title usg_post_title_1 style-h3 color_link_inherit\">Marianne-Sarah Saulnier<\/h5><p class=\"w-post-elm post_custom_field usg_post_custom_field_1 type_text titre_du_poste_version_anglaise color_link_inherit\"><span class=\"w-post-elm-value\">Observatoire qu\u00e9b\u00e9cois des in\u00e9galit\u00e9s<\/span><\/p>\t\t<\/div>\r\n\t\t\t<\/article>\r\n\t<article class=\"w-grid-item us_animate_afb size_1x1 post-3766 membres_equipe type-membres_equipe status-publish has-post-thumbnail hentry categorie_membre_equipe-comite-orientation\" data-id=\"3766\" style=\"animation-delay:0.1s\">\r\n\t\t<div class=\"w-grid-item-h\">\r\n\t\t\t\t\t\t<div class=\"w-post-elm post_image usg_post_image_1 has_ratio\"><img decoding=\"async\" width=\"229\" height=\"246\" src=\"https:\/\/transitionencommun.org\/wp-content\/uploads\/2024\/09\/cleliaSeve-1-e1733154277809.jpg\" class=\"attachment-large size-large wp-post-image\" alt=\"\" \/><div style=\"padding-bottom:100%\"><\/div><\/div><h5 class=\"w-post-elm post_title usg_post_title_1 style-h3 color_link_inherit\">Cl\u00e9lia S\u00e8ve<\/h5><p class=\"w-post-elm post_custom_field usg_post_custom_field_1 type_text titre_du_poste_version_anglaise color_link_inherit\"><span class=\"w-post-elm-value\">Regroupement des \u00c9co-quartiers<\/span><\/p>\t\t<\/div>\r\n\t\t\t<\/article>\r\n\t<article class=\"w-grid-item us_animate_afb size_1x1 post-4440 membres_equipe type-membres_equipe status-publish has-post-thumbnail hentry categorie_membre_equipe-comite-orientation\" data-id=\"4440\" style=\"animation-delay:0.2s\">\r\n\t\t<div class=\"w-grid-item-h\">\r\n\t\t\t\t\t\t<div class=\"w-post-elm post_image usg_post_image_1 has_ratio\"><img decoding=\"async\" width=\"1024\" height=\"1024\" src=\"https:\/\/transitionencommun.org\/wp-content\/uploads\/2024\/12\/Christoph-Stamm-1-e1733161603348-1024x1024.jpg\" class=\"attachment-large size-large wp-post-image\" alt=\"\" \/><div style=\"padding-bottom:100%\"><\/div><\/div><h5 class=\"w-post-elm post_title usg_post_title_1 style-h3 color_link_inherit\">Christoph Stamm<\/h5><p class=\"w-post-elm post_custom_field usg_post_custom_field_1 type_text titre_du_poste_version_anglaise color_link_inherit\"><span class=\"w-post-elm-value\">Une monnaie pour Montr\u00e9al<\/span><\/p>\t\t<\/div>\r\n\t\t\t<\/article>\r\n\t<article class=\"w-grid-item us_animate_afb size_1x1 post-4453 membres_equipe type-membres_equipe status-publish has-post-thumbnail hentry categorie_membre_equipe-comite-orientation\" data-id=\"4453\" style=\"animation-delay:0.3s\">\r\n\t\t<div class=\"w-grid-item-h\">\r\n\t\t\t\t\t\t<div class=\"w-post-elm post_image usg_post_image_1 has_ratio\"><img decoding=\"async\" width=\"774\" height=\"651\" src=\"https:\/\/transitionencommun.org\/wp-content\/uploads\/2024\/12\/GaelleGenereux.png\" class=\"attachment-large size-large wp-post-image\" alt=\"\" \/><div style=\"padding-bottom:100%\"><\/div><\/div><h5 class=\"w-post-elm post_title usg_post_title_1 style-h3 color_link_inherit\">Ga\u00eblle G\u00e9n\u00e9reux<\/h5><p class=\"w-post-elm post_custom_field usg_post_custom_field_1 type_text titre_du_poste_version_anglaise color_link_inherit\"><span class=\"w-post-elm-value\">PME MTL Centre-Est<\/span><\/p>\t\t<\/div>\r\n\t\t\t<\/article>\r\n\t<article class=\"w-grid-item us_animate_afb size_1x1 post-4506 membres_equipe type-membres_equipe status-publish has-post-thumbnail hentry categorie_membre_equipe-comite-orientation categorie_membre_equipe-justice-environnementale\" data-id=\"4506\" style=\"animation-delay:0.4s\">\r\n\t\t<div class=\"w-grid-item-h\">\r\n\t\t\t\t\t\t<div class=\"w-post-elm post_image usg_post_image_1 has_ratio\"><img decoding=\"async\" width=\"400\" height=\"400\" src=\"https:\/\/transitionencommun.org\/wp-content\/uploads\/2024\/12\/lea_ilardo_1080-400x400-1.png\" class=\"attachment-large size-large wp-post-image\" alt=\"\" \/><div style=\"padding-bottom:100%\"><\/div><\/div><h5 class=\"w-post-elm post_title usg_post_title_1 style-h3 color_link_inherit\">L\u00e9a Illardo<\/h5><p class=\"w-post-elm post_custom_field usg_post_custom_field_1 type_text titre_du_poste_version_anglaise color_link_inherit\"><span class=\"w-post-elm-value\">\u00c9clore<\/span><\/p>\t\t<\/div>\r\n\t\t\t<\/article>\r\n\t<article class=\"w-grid-item us_animate_afb size_1x1 post-4510 membres_equipe type-membres_equipe status-publish has-post-thumbnail hentry categorie_membre_equipe-comite-orientation\" data-id=\"4510\" style=\"animation-delay:0.5s\">\r\n\t\t<div class=\"w-grid-item-h\">\r\n\t\t\t\t\t\t<div class=\"w-post-elm post_image usg_post_image_1 has_ratio\"><img decoding=\"async\" width=\"839\" height=\"1024\" src=\"https:\/\/transitionencommun.org\/wp-content\/uploads\/2024\/12\/Justine_Ballon_HEC_5801_5X7-1-e1733159321571-839x1024.jpg\" class=\"attachment-large size-large wp-post-image\" alt=\"\" \/><div style=\"padding-bottom:100%\"><\/div><\/div><h5 class=\"w-post-elm post_title usg_post_title_1 style-h3 color_link_inherit\">Justine Ballon<\/h5><p class=\"w-post-elm post_custom_field usg_post_custom_field_1 type_text titre_du_poste_version_anglaise color_link_inherit\"><span class=\"w-post-elm-value\">Institut international des coop\u00e9ratives Alphonse et Dorim\u00e8ne Desjardins, HEC Montr\u00e9al<\/span><\/p>\t\t<\/div>\r\n\t\t\t<\/article>\r\n\t<article class=\"w-grid-item us_animate_afb size_1x1 post-4515 membres_equipe type-membres_equipe status-publish has-post-thumbnail hentry categorie_membre_equipe-comite-orientation\" data-id=\"4515\" style=\"animation-delay:0.6s\">\r\n\t\t<div class=\"w-grid-item-h\">\r\n\t\t\t\t\t\t<div class=\"w-post-elm post_image usg_post_image_1 has_ratio\"><img decoding=\"async\" width=\"343\" height=\"343\" src=\"https:\/\/transitionencommun.org\/wp-content\/uploads\/2024\/12\/SidneyRibaux.jpg\" class=\"attachment-large size-large wp-post-image\" alt=\"\" \/><div style=\"padding-bottom:100%\"><\/div><\/div><h5 class=\"w-post-elm post_title usg_post_title_1 style-h3 color_link_inherit\">Sidney Ribaux<\/h5><p class=\"w-post-elm post_custom_field usg_post_custom_field_1 type_text titre_du_poste_version_anglaise color_link_inherit\"><span class=\"w-post-elm-value\">Bureau de la transition \u00e9cologique et de la r\u00e9silience Ville de Montr\u00e9al (BTER)<\/span><\/p>\t\t<\/div>\r\n\t\t\t<\/article>\r\n\t<article class=\"w-grid-item us_animate_afb size_1x1 post-4518 membres_equipe type-membres_equipe status-publish has-post-thumbnail hentry categorie_membre_equipe-comite-orientation\" data-id=\"4518\" style=\"animation-delay:0.7s\">\r\n\t\t<div class=\"w-grid-item-h\">\r\n\t\t\t\t\t\t<div class=\"w-post-elm post_image usg_post_image_1 has_ratio\"><img decoding=\"async\" width=\"400\" height=\"400\" src=\"https:\/\/transitionencommun.org\/wp-content\/uploads\/2024\/12\/JustineDesbiens.jpg\" class=\"attachment-large size-large wp-post-image\" alt=\"\" \/><div style=\"padding-bottom:100%\"><\/div><\/div><h5 class=\"w-post-elm post_title usg_post_title_1 style-h3 color_link_inherit\">Justine Desbiens<\/h5><p class=\"w-post-elm post_custom_field usg_post_custom_field_1 type_text titre_du_poste_version_anglaise color_link_inherit\"><span class=\"w-post-elm-value\">Arrondissement Le Sud-Ouest <\/span><\/p>\t\t<\/div>\r\n\t\t\t<\/article>\r\n\t<article class=\"w-grid-item us_animate_afb size_1x1 post-4842 membres_equipe type-membres_equipe status-publish has-post-thumbnail hentry categorie_membre_equipe-comite-orientation\" data-id=\"4842\" style=\"animation-delay:0s\">\r\n\t\t<div class=\"w-grid-item-h\">\r\n\t\t\t\t\t\t<div class=\"w-post-elm post_image usg_post_image_1 has_ratio\"><img decoding=\"async\" width=\"200\" height=\"200\" src=\"https:\/\/transitionencommun.org\/wp-content\/uploads\/2025\/01\/pascal-lacasse.jpg\" class=\"attachment-large size-large wp-post-image\" alt=\"\" \/><div style=\"padding-bottom:100%\"><\/div><\/div><h5 class=\"w-post-elm post_title usg_post_title_1 style-h3 color_link_inherit\">Pascal Lacasse<\/h5><p class=\"w-post-elm post_custom_field usg_post_custom_field_1 type_text titre_du_poste_version_anglaise color_link_inherit\"><span class=\"w-post-elm-value\">Service de l\u2019urbanisme et de la mobilit\u00e9 - Ville de Montr\u00e9al<\/span><\/p>\t\t<\/div>\r\n\t\t\t<\/article>\r\n\t<article class=\"w-grid-item us_animate_afb size_1x1 post-4858 membres_equipe type-membres_equipe status-publish has-post-thumbnail hentry categorie_membre_equipe-comite-orientation\" data-id=\"4858\" style=\"animation-delay:0.1s\">\r\n\t\t<div class=\"w-grid-item-h\">\r\n\t\t\t\t\t\t<div class=\"w-post-elm post_image usg_post_image_1 has_ratio\"><img decoding=\"async\" width=\"181\" height=\"190\" src=\"https:\/\/transitionencommun.org\/wp-content\/uploads\/2025\/02\/ToniaDiG-e1741025527977.jpg\" class=\"attachment-large size-large wp-post-image\" alt=\"\" \/><div style=\"padding-bottom:100%\"><\/div><\/div><h5 class=\"w-post-elm post_title usg_post_title_1 style-h3 color_link_inherit\">Tonia Di Guglielmo<\/h5><p class=\"w-post-elm post_custom_field usg_post_custom_field_1 type_text titre_du_poste_version_anglaise color_link_inherit\"><span class=\"w-post-elm-value\">Arrondissement de Montr\u00e9al-Nord<\/span><\/p>\t\t<\/div>\r\n\t\t\t<\/article>\r\n\t<article class=\"w-grid-item us_animate_afb size_1x1 post-4866 membres_equipe type-membres_equipe status-publish has-post-thumbnail hentry categorie_membre_equipe-comite-orientation categorie_membre_equipe-demotorisation\" data-id=\"4866\" style=\"animation-delay:0.2s\">\r\n\t\t<div class=\"w-grid-item-h\">\r\n\t\t\t\t\t\t<div class=\"w-post-elm post_image usg_post_image_1 has_ratio\"><img decoding=\"async\" width=\"599\" height=\"599\" src=\"https:\/\/transitionencommun.org\/wp-content\/uploads\/2025\/02\/theophilH-coopcarbone.jpeg\" class=\"attachment-large size-large wp-post-image\" alt=\"\" \/><div style=\"padding-bottom:100%\"><\/div><\/div><h5 class=\"w-post-elm post_title usg_post_title_1 style-h3 color_link_inherit\">Theophil Haberstroh<\/h5><p class=\"w-post-elm post_custom_field usg_post_custom_field_1 type_text titre_du_poste_version_anglaise color_link_inherit\"><span class=\"w-post-elm-value\">Coop Carbone<\/span><\/p>\t\t<\/div>\r\n\t\t\t<\/article>\r\n\t<article class=\"w-grid-item us_animate_afb size_1x1 post-5581 membres_equipe type-membres_equipe status-publish has-post-thumbnail hentry categorie_membre_equipe-comite-orientation\" data-id=\"5581\" style=\"animation-delay:0.3s\">\r\n\t\t<div class=\"w-grid-item-h\">\r\n\t\t\t\t\t\t<div class=\"w-post-elm post_image usg_post_image_1 has_ratio\"><img decoding=\"async\" width=\"277\" height=\"327\" src=\"https:\/\/transitionencommun.org\/wp-content\/uploads\/2025\/06\/AM-Aubert.png\" class=\"attachment-large size-large wp-post-image\" alt=\"\" \/><div style=\"padding-bottom:100%\"><\/div><\/div><h5 class=\"w-post-elm post_title usg_post_title_1 style-h3 color_link_inherit\">Anne-Marie Aubert<\/h5><p class=\"w-post-elm post_custom_field usg_post_custom_field_1 type_text titre_du_poste_version_anglaise color_link_inherit\"><span class=\"w-post-elm-value\">Conseil du syst\u00e8me alimentaire montr\u00e9alais<\/span><\/p>\t\t<\/div>\r\n\t\t\t<\/article>\r\n\t<article class=\"w-grid-item us_animate_afb size_1x1 post-6039 membres_equipe type-membres_equipe status-publish has-post-thumbnail hentry categorie_membre_equipe-comite-orientation\" data-id=\"6039\" style=\"animation-delay:0.4s\">\r\n\t\t<div class=\"w-grid-item-h\">\r\n\t\t\t\t\t\t<div class=\"w-post-elm post_image usg_post_image_1 has_ratio\"><img decoding=\"async\" width=\"800\" height=\"800\" src=\"https:\/\/transitionencommun.org\/wp-content\/uploads\/2025\/09\/marineThomas.jpg\" class=\"attachment-large size-large wp-post-image\" alt=\"\" \/><div style=\"padding-bottom:100%\"><\/div><\/div><h5 class=\"w-post-elm post_title usg_post_title_1 style-h3 color_link_inherit\">Marine Thomas<\/h5><p class=\"w-post-elm post_custom_field usg_post_custom_field_1 type_text titre_du_poste_version_anglaise color_link_inherit\"><span class=\"w-post-elm-value\">Partenariat Climat Montr\u00e9al<\/span><\/p>\t\t<\/div>\r\n\t\t\t<\/article>\r\n\t<article class=\"w-grid-item us_animate_afb size_1x1 post-6119 membres_equipe type-membres_equipe status-publish has-post-thumbnail hentry categorie_membre_equipe-comite-orientation categorie_membre_equipe-justice-environnementale\" data-id=\"6119\" style=\"animation-delay:0.5s\">\r\n\t\t<div class=\"w-grid-item-h\">\r\n\t\t\t\t\t\t<div class=\"w-post-elm post_image usg_post_image_1 has_ratio\"><img decoding=\"async\" width=\"683\" height=\"1024\" src=\"https:\/\/transitionencommun.org\/wp-content\/uploads\/2025\/11\/B.-Manai_Photo-683x1024.jpg\" class=\"attachment-large size-large wp-post-image\" alt=\"\" \/><div style=\"padding-bottom:100%\"><\/div><\/div><h5 class=\"w-post-elm post_title usg_post_title_1 style-h3 color_link_inherit\">Bochra Mana\u00ef<\/h5><p class=\"w-post-elm post_custom_field usg_post_custom_field_1 type_text titre_du_poste_version_anglaise color_link_inherit\"><span class=\"w-post-elm-value\">City of Montreal - Commissionaires Office<\/span><\/p>\t\t<\/div>\r\n\t\t\t<\/article>\r\n\t<article class=\"w-grid-item us_animate_afb size_1x1 post-6211 membres_equipe type-membres_equipe status-publish has-post-thumbnail hentry categorie_membre_equipe-comite-orientation\" data-id=\"6211\" style=\"animation-delay:0.6s\">\r\n\t\t<div class=\"w-grid-item-h\">\r\n\t\t\t\t\t\t<div class=\"w-post-elm post_image usg_post_image_1 has_ratio\"><img decoding=\"async\" width=\"800\" height=\"800\" src=\"https:\/\/transitionencommun.org\/wp-content\/uploads\/2025\/11\/Alexandra-Nadeau-1.jpg\" class=\"attachment-large size-large wp-post-image\" alt=\"\" \/><div style=\"padding-bottom:100%\"><\/div><\/div><h5 class=\"w-post-elm post_title usg_post_title_1 style-h3 color_link_inherit\">Alexandra Nadeau<\/h5><p class=\"w-post-elm post_custom_field usg_post_custom_field_1 type_text titre_du_poste_version_anglaise color_link_inherit\"><span class=\"w-post-elm-value\">CERS\u00c9 - Centre d'\u00e9tude en responsabilit\u00e9 sociale et \u00e9cocitoyennet\u00e9 (CCTT)<\/span><\/p>\t\t<\/div>\r\n\t\t\t<\/article>\r\n\t<article class=\"w-grid-item us_animate_afb size_1x1 post-6304 membres_equipe type-membres_equipe status-publish has-post-thumbnail hentry categorie_membre_equipe-comite-orientation\" data-id=\"6304\" style=\"animation-delay:0.7s\">\r\n\t\t<div class=\"w-grid-item-h\">\r\n\t\t\t\t\t\t<div class=\"w-post-elm post_image usg_post_image_1 has_ratio\"><img decoding=\"async\" width=\"351\" height=\"325\" src=\"https:\/\/transitionencommun.org\/wp-content\/uploads\/2025\/11\/CassAnna.jpg\" class=\"attachment-large size-large wp-post-image\" alt=\"\" \/><div style=\"padding-bottom:100%\"><\/div><\/div><h5 class=\"w-post-elm post_title usg_post_title_1 style-h3 color_link_inherit\">Ana\u00efs Houde\/Cassandre Charbonneau<\/h5><p class=\"w-post-elm post_custom_field usg_post_custom_field_1 type_text titre_du_poste_version_anglaise color_link_inherit\"><span class=\"w-post-elm-value\">Mobilisation 6600 Parc-Nature MHM<\/span><\/p>\t\t<\/div>\r\n\t\t\t<\/article>\r\n\t<article class=\"w-grid-item us_animate_afb size_1x1 post-6216 membres_equipe type-membres_equipe status-publish has-post-thumbnail hentry categorie_membre_equipe-comite-orientation\" data-id=\"6216\" style=\"animation-delay:0s\">\r\n\t\t<div class=\"w-grid-item-h\">\r\n\t\t\t\t\t\t<div class=\"w-post-elm post_image usg_post_image_1 has_ratio\"><img decoding=\"async\" width=\"1024\" height=\"898\" src=\"https:\/\/transitionencommun.org\/wp-content\/uploads\/2025\/11\/Denises-Veilleux-COmite-citoyen-resilience-aine-1-1024x898.jpg\" class=\"attachment-large size-large wp-post-image\" alt=\"\" \/><div style=\"padding-bottom:100%\"><\/div><\/div><h5 class=\"w-post-elm post_title usg_post_title_1 style-h3 color_link_inherit\">Denise Veilleux<\/h5><p class=\"w-post-elm post_custom_field usg_post_custom_field_1 type_text titre_du_poste_version_anglaise color_link_inherit\"><span class=\"w-post-elm-value\">Conseil citoyen du r\u00e9seau r\u00e9silience a\u00een\u00e9 de Montr\u00e9al<\/span><\/p>\t\t<\/div>\r\n\t\t\t<\/article>\r\n\t<article class=\"w-grid-item us_animate_afb size_1x1 post-6220 membres_equipe type-membres_equipe status-publish has-post-thumbnail hentry categorie_membre_equipe-comite-orientation\" data-id=\"6220\" style=\"animation-delay:0.1s\">\r\n\t\t<div class=\"w-grid-item-h\">\r\n\t\t\t\t\t\t<div class=\"w-post-elm post_image usg_post_image_1 has_ratio\"><img decoding=\"async\" width=\"200\" height=\"200\" src=\"https:\/\/transitionencommun.org\/wp-content\/uploads\/2025\/11\/JEanSebSuf.jpg\" class=\"attachment-large size-large wp-post-image\" alt=\"\" \/><div style=\"padding-bottom:100%\"><\/div><\/div><h5 class=\"w-post-elm post_title usg_post_title_1 style-h3 color_link_inherit\">Jean-S\u00e9bastien Dufresne<\/h5><p class=\"w-post-elm post_custom_field usg_post_custom_field_1 type_text titre_du_poste_version_anglaise color_link_inherit\"><span class=\"w-post-elm-value\">ICIELA Citizens Solidarity Network<\/span><\/p>\t\t<\/div>\r\n\t\t\t<\/article>\r\n\t<article class=\"w-grid-item us_animate_afb size_1x1 post-6298 membres_equipe type-membres_equipe status-publish has-post-thumbnail hentry categorie_membre_equipe-comite-orientation\" data-id=\"6298\" style=\"animation-delay:0.2s\">\r\n\t\t<div class=\"w-grid-item-h\">\r\n\t\t\t\t\t\t<div class=\"w-post-elm post_image usg_post_image_1 has_ratio\"><img decoding=\"async\" width=\"318\" height=\"373\" src=\"https:\/\/transitionencommun.org\/wp-content\/uploads\/2025\/11\/KarelLuap.jpg\" class=\"attachment-large size-large wp-post-image\" alt=\"\" \/><div style=\"padding-bottom:100%\"><\/div><\/div><h5 class=\"w-post-elm post_title usg_post_title_1 style-h3 color_link_inherit\">Karel Luap<\/h5><p class=\"w-post-elm post_custom_field usg_post_custom_field_1 type_text titre_du_poste_version_anglaise color_link_inherit\"><span class=\"w-post-elm-value\">Ville en vert<\/span><\/p>\t\t<\/div>\r\n\t\t\t<\/article>\r\n\t<article class=\"w-grid-item us_animate_afb size_1x1 post-6309 membres_equipe type-membres_equipe status-publish has-post-thumbnail hentry categorie_membre_equipe-comite-orientation\" data-id=\"6309\" style=\"animation-delay:0.3s\">\r\n\t\t<div class=\"w-grid-item-h\">\r\n\t\t\t\t\t\t<div class=\"w-post-elm post_image usg_post_image_1 has_ratio\"><img decoding=\"async\" width=\"381\" height=\"334\" src=\"https:\/\/transitionencommun.org\/wp-content\/uploads\/2025\/11\/jasbnciajsnc.jpg\" class=\"attachment-large size-large wp-post-image\" alt=\"\" \/><div style=\"padding-bottom:100%\"><\/div><\/div><h5 class=\"w-post-elm post_title usg_post_title_1 style-h3 color_link_inherit\">Louis-Philippe Lizotte\/Isabelle Gaudette<\/h5><p class=\"w-post-elm post_custom_field usg_post_custom_field_1 type_text titre_du_poste_version_anglaise color_link_inherit\"><span class=\"w-post-elm-value\">INM \/ CEUM<\/span><\/p>\t\t<\/div>\r\n\t\t\t<\/article>\r\n\t<article class=\"w-grid-item us_animate_afb size_1x1 post-6312 membres_equipe type-membres_equipe status-publish has-post-thumbnail hentry categorie_membre_equipe-comite-orientation\" data-id=\"6312\" style=\"animation-delay:0.4s\">\r\n\t\t<div class=\"w-grid-item-h\">\r\n\t\t\t\t\t\t<div class=\"w-post-elm post_image usg_post_image_1 has_ratio\"><img decoding=\"async\" width=\"375\" height=\"304\" src=\"https:\/\/transitionencommun.org\/wp-content\/uploads\/2025\/11\/ajscniajsncas.jpg\" class=\"attachment-large size-large wp-post-image\" alt=\"\" \/><div style=\"padding-bottom:100%\"><\/div><\/div><h5 class=\"w-post-elm post_title usg_post_title_1 style-h3 color_link_inherit\">Marguerite Mendell \/ Sylvain Lef\u00e8vre<\/h5><p class=\"w-post-elm post_custom_field usg_post_custom_field_1 type_text titre_du_poste_version_anglaise color_link_inherit\"><span class=\"w-post-elm-value\">Centre de recherche sur les innovations sociales (CRISES)<\/span><\/p>\t\t<\/div>\r\n\t\t\t<\/article>\r\n\t<article class=\"w-grid-item us_animate_afb size_1x1 post-6317 membres_equipe type-membres_equipe status-publish has-post-thumbnail hentry categorie_membre_equipe-comite-orientation\" data-id=\"6317\" style=\"animation-delay:0.5s\">\r\n\t\t<div class=\"w-grid-item-h\">\r\n\t\t\t\t\t\t<div class=\"w-post-elm post_image usg_post_image_1 has_ratio\"><img decoding=\"async\" width=\"360\" height=\"298\" src=\"https:\/\/transitionencommun.org\/wp-content\/uploads\/2025\/11\/Jsjnaisc.jpg\" class=\"attachment-large size-large wp-post-image\" alt=\"\" \/><div style=\"padding-bottom:100%\"><\/div><\/div><h5 class=\"w-post-elm post_title usg_post_title_1 style-h3 color_link_inherit\">Natana\u00ebl B\u00e9gin-Paul \/ Imany B\u00e9gin-Paul<\/h5><p class=\"w-post-elm post_custom_field usg_post_custom_field_1 type_text titre_du_poste_version_anglaise color_link_inherit\"><span class=\"w-post-elm-value\">Tshuapamitin<\/span><\/p>\t\t<\/div>\r\n\t\t\t<\/article>\r\n\t<article class=\"w-grid-item us_animate_afb size_1x1 post-6295 membres_equipe type-membres_equipe status-publish has-post-thumbnail hentry categorie_membre_equipe-comite-orientation\" data-id=\"6295\" style=\"animation-delay:0.6s\">\r\n\t\t<div class=\"w-grid-item-h\">\r\n\t\t\t\t\t\t<div class=\"w-post-elm post_image usg_post_image_1 has_ratio\"><img decoding=\"async\" width=\"372\" height=\"316\" src=\"https:\/\/transitionencommun.org\/wp-content\/uploads\/2025\/11\/Genevieve-Dube-e1763504762476.jpg\" class=\"attachment-large size-large wp-post-image\" alt=\"\" \/><div style=\"padding-bottom:100%\"><\/div><\/div><h5 class=\"w-post-elm post_title usg_post_title_1 style-h3 color_link_inherit\">Genevi\u00e8ve Dub\u00e9<\/h5><p class=\"w-post-elm post_custom_field usg_post_custom_field_1 type_text titre_du_poste_version_anglaise color_link_inherit\"><span class=\"w-post-elm-value\">Jardins pour tous<\/span><\/p>\t\t<\/div>\r\n\t\t\t<\/article>\r\n\t<article class=\"w-grid-item us_animate_afb size_1x1 post-6857 membres_equipe type-membres_equipe status-publish has-post-thumbnail hentry categorie_membre_equipe-comite-orientation\" data-id=\"6857\" style=\"animation-delay:0.7s\">\r\n\t\t<div class=\"w-grid-item-h\">\r\n\t\t\t\t\t\t<div class=\"w-post-elm post_image usg_post_image_1 has_ratio\"><img decoding=\"async\" width=\"920\" height=\"1024\" src=\"https:\/\/transitionencommun.org\/wp-content\/uploads\/2026\/03\/KevinDuBoisberranger-920x1024.jpg\" class=\"attachment-large size-large wp-post-image\" alt=\"\" \/><div style=\"padding-bottom:100%\"><\/div><\/div><h5 class=\"w-post-elm post_title usg_post_title_1 style-h3 color_link_inherit\">Kevin Du Boisberranger<\/h5><p class=\"w-post-elm post_custom_field usg_post_custom_field_1 type_text titre_du_poste_version_anglaise color_link_inherit\"><span class=\"w-post-elm-value\">Demain Verdun<\/span><\/p>\t\t<\/div>\r\n\t\t\t<\/article>\r\n<\/div>\t<div class=\"w-grid-preloader\">\r\n\t\t<div class=\"g-preloader type_1\">\r\n\t\t\t<div><\/div>\r\n\t\t<\/div>\r\n\t<\/div>\r\n\t\t<div class=\"w-grid-json hidden\" onclick='return {&quot;action&quot;:&quot;us_ajax_grid&quot;,&quot;infinite_scroll&quot;:0,&quot;max_num_pages&quot;:1,&quot;pagination&quot;:&quot;none&quot;,&quot;template_vars&quot;:{&quot;columns&quot;:&quot;4&quot;,&quot;exclude_items&quot;:&quot;none&quot;,&quot;img_size&quot;:&quot;default&quot;,&quot;ignore_items_size&quot;:0,&quot;items_layout&quot;:&quot;3871&quot;,&quot;items_offset&quot;:&quot;1&quot;,&quot;load_animation&quot;:&quot;afb&quot;,&quot;overriding_link&quot;:&quot;%7B%22url%22%3A%22%22%7D&quot;,&quot;post_id&quot;:3920,&quot;query_args&quot;:{&quot;post_type&quot;:[&quot;membres_equipe&quot;],&quot;tax_query&quot;:[{&quot;taxonomy&quot;:&quot;categorie_membre_equipe&quot;,&quot;field&quot;:&quot;slug&quot;,&quot;terms&quot;:[&quot;comite-orientation&quot;]}],&quot;post_status&quot;:[&quot;publish&quot;,&quot;acf-disabled&quot;],&quot;posts_per_page&quot;:&quot;50&quot;},&quot;orderby_query_args&quot;:{&quot;orderby&quot;:{&quot;date&quot;:&quot;ASC&quot;}},&quot;type&quot;:&quot;grid&quot;,&quot;us_grid_post_type&quot;:&quot;membres_equipe&quot;,&quot;us_grid_ajax_index&quot;:4,&quot;us_grid_filter_query_string&quot;:null,&quot;us_grid_index&quot;:4,&quot;page_args&quot;:[],&quot;lang&quot;:&quot;en&quot;}}'><\/div>\r\n\t<\/div><\/div><\/div><\/div><\/div><\/div><\/div><\/div><\/div><\/div><\/section>\n<\/div><\/div><\/div><div class=\"w-separator size_custom\" style=\"height:var(--space-l-2xl)\"><\/div><div class=\"g-cols wpb_row inner-row-tab-img-left via_grid cols_custom laptops-cols_inherit tablets-cols_inherit mobiles-cols_1 valign_top type_default stacking_default\" style=\"--columns-gap:3rem;--custom-columns:2.5fr 3.5fr 6fr \"><div class=\"wpb_column vc_column_container\"><div class=\"vc_column-inner\"><div class=\"w-image us_custom_02c2953a has_aspect_ratio align_none\"><div class=\"w-image-h\"><img decoding=\"async\" width=\"1024\" height=\"768\" src=\"https:\/\/transitionencommun.org\/wp-content\/uploads\/2024\/08\/JCollective-29-1_SuperCompWeb-1024x768.jpg\" class=\"attachment-large size-large\" alt=\"\" loading=\"lazy\" srcset=\"https:\/\/transitionencommun.org\/wp-content\/uploads\/2024\/08\/JCollective-29-1_SuperCompWeb-1024x768.jpg 1024w, https:\/\/transitionencommun.org\/wp-content\/uploads\/2024\/08\/JCollective-29-1_SuperCompWeb-300x225.jpg 300w, https:\/\/transitionencommun.org\/wp-content\/uploads\/2024\/08\/JCollective-29-1_SuperCompWeb.jpg 1070w\" sizes=\"auto, (max-width: 1024px) 100vw, 1024px\" \/><\/div><\/div><\/div><\/div><div class=\"wpb_column vc_column_container\"><div class=\"vc_column-inner\"><div class=\"wpb_text_column\"><div class=\"wpb_wrapper\"><h3>Participatory Democracy and Governance<\/h3>\n<\/div><\/div><div class=\"w-separator size_medium\"><\/div><div class=\"wpb_text_column\"><div class=\"wpb_wrapper\"><p>Since the TSE is committed to being resolutely democratic, the DPG working group is where the alliance focuses on the democratic future of the City of Montreal. Twenty years after the first initiative on this issue, the DPG group is making \u201cChantier d\u00e9mocratie montr\u00e9alaise 2.0\u201d a major TeC project for the coming months.<\/p>\n<\/div><\/div><\/div><\/div><div class=\"wpb_column vc_column_container\"><div class=\"vc_column-inner\"><section class=\"l-section wpb_row us_custom_b6a72ce1 height_medium\"><div class=\"l-section-h i-cf\"><div class=\"g-cols vc_row via_grid cols_1 laptops-cols_inherit tablets-cols_inherit mobiles-cols_1 valign_top type_default stacking_default\"><div class=\"wpb_column vc_column_container\"><div class=\"vc_column-inner\"><div class=\"w-tabs accordeon-membres accordion toggle_style_1 has_scrolling\" style=\"--sections-title-size:inherit;--sections-gap:0.5rem;\"><div class=\"w-tabs-sections titles-align_none icon_plus cpos_right\"><div class=\"w-tabs-section\" id=\"q9c6\"><button type=\"button\" class=\"w-tabs-section-header\" aria-controls=\"content-q9c6\" aria-expanded=\"false\"><h4 class=\"w-tabs-section-title\">Members<\/h4><div class=\"w-tabs-section-control\"><\/div><\/button><div  class=\"w-tabs-section-content\" id=\"content-q9c6\"><div class=\"w-tabs-section-content-h i-cf\"><div class=\"w-grid us_grid membres-grid type_grid layout_3871 cols_4 preload_style_spinner with_css_animation\" id=\"us_grid_5\" style=\"--columns:4;--gap:1.5rem;\" data-filterable=\"true\"><style>@media (max-width:1380px){#us_grid_5{--columns:3!important}}@media (max-width:1024px){#us_grid_5{--columns:2!important}}@media (max-width:600px){#us_grid_5{--columns:1!important}}<\/style><div class=\"w-grid-list\">\t<article class=\"w-grid-item us_animate_afb size_1x1 post-2486 membres_equipe type-membres_equipe status-publish has-post-thumbnail hentry categorie_membre_equipe-comite-orientation categorie_membre_equipe-economies-en-transition\" data-id=\"2486\" style=\"animation-delay:0s\">\r\n\t\t<div class=\"w-grid-item-h\">\r\n\t\t\t\t\t\t<div class=\"w-post-elm post_image usg_post_image_1 has_ratio\"><img decoding=\"async\" width=\"665\" height=\"740\" src=\"https:\/\/transitionencommun.org\/wp-content\/uploads\/2024\/12\/anyle-cote-cesim-3-e1733159092479.jpg\" class=\"attachment-large size-large wp-post-image\" alt=\"\" \/><div style=\"padding-bottom:100%\"><\/div><\/div><h5 class=\"w-post-elm post_title usg_post_title_1 style-h3 color_link_inherit\">Anyle C\u00f4t\u00e9<\/h5><p class=\"w-post-elm post_custom_field usg_post_custom_field_1 type_text titre_du_poste_version_anglaise color_link_inherit\"><span class=\"w-post-elm-value\">Conseil d'\u00e9conomie sociale de l'\u00eele de Montr\u00e9al (CESIM)<\/span><\/p>\t\t<\/div>\r\n\t\t\t<\/article>\r\n\t<article class=\"w-grid-item us_animate_afb size_1x1 post-2487 membres_equipe type-membres_equipe status-publish has-post-thumbnail hentry categorie_membre_equipe-comite-orientation categorie_membre_equipe-demotorisation\" data-id=\"2487\" style=\"animation-delay:0.1s\">\r\n\t\t<div class=\"w-grid-item-h\">\r\n\t\t\t\t\t\t<div class=\"w-post-elm post_image usg_post_image_1 has_ratio\"><img decoding=\"async\" width=\"315\" height=\"360\" src=\"https:\/\/transitionencommun.org\/wp-content\/uploads\/2024\/08\/BR-e1733159187461.jpg\" class=\"attachment-large size-large wp-post-image\" alt=\"\" \/><div style=\"padding-bottom:100%\"><\/div><\/div><h5 class=\"w-post-elm post_title usg_post_title_1 style-h3 color_link_inherit\">Blaise R\u00e9millard<\/h5><p class=\"w-post-elm post_custom_field usg_post_custom_field_1 type_text titre_du_poste_version_anglaise color_link_inherit\"><span class=\"w-post-elm-value\">Conseil r\u00e9gional de l'environnement de Montr\u00e9al (CRE)<\/span><\/p>\t\t<\/div>\r\n\t\t\t<\/article>\r\n\t<article class=\"w-grid-item us_animate_afb size_1x1 post-2488 membres_equipe type-membres_equipe status-publish has-post-thumbnail hentry categorie_membre_equipe-comite-orientation\" data-id=\"2488\" style=\"animation-delay:0.2s\">\r\n\t\t<div class=\"w-grid-item-h\">\r\n\t\t\t\t\t\t<div class=\"w-post-elm post_image usg_post_image_1 has_ratio\"><img decoding=\"async\" width=\"500\" height=\"500\" src=\"https:\/\/transitionencommun.org\/wp-content\/uploads\/2024\/08\/CD.jpg\" class=\"attachment-large size-large wp-post-image\" alt=\"\" \/><div style=\"padding-bottom:100%\"><\/div><\/div><h5 class=\"w-post-elm post_title usg_post_title_1 style-h3 color_link_inherit\">Christophe Derrien<\/h5>\t\t<\/div>\r\n\t\t\t<\/article>\r\n\t<article class=\"w-grid-item us_animate_afb size_1x1 post-2490 membres_equipe type-membres_equipe status-publish has-post-thumbnail hentry categorie_membre_equipe-comite-orientation categorie_membre_equipe-comite-executif categorie_membre_equipe-justice-environnementale\" data-id=\"2490\" style=\"animation-delay:0.3s\">\r\n\t\t<div class=\"w-grid-item-h\">\r\n\t\t\t\t\t\t<div class=\"w-post-elm post_image usg_post_image_1 has_ratio\"><img decoding=\"async\" width=\"220\" height=\"220\" src=\"https:\/\/transitionencommun.org\/wp-content\/uploads\/2024\/08\/DK.jpg\" class=\"attachment-large size-large wp-post-image\" alt=\"\" \/><div style=\"padding-bottom:100%\"><\/div><\/div><h5 class=\"w-post-elm post_title usg_post_title_1 style-h3 color_link_inherit\">David Kaiser<\/h5><p class=\"w-post-elm post_custom_field usg_post_custom_field_1 type_text titre_du_poste_version_anglaise color_link_inherit\"><span class=\"w-post-elm-value\">Direction r\u00e9gionale de sant\u00e9 publique de Montr\u00e9al<\/span><\/p>\t\t<\/div>\r\n\t\t\t<\/article>\r\n\t<article class=\"w-grid-item us_animate_afb size_1x1 post-2493 membres_equipe type-membres_equipe status-publish has-post-thumbnail hentry categorie_membre_equipe-comite-orientation\" data-id=\"2493\" style=\"animation-delay:0.4s\">\r\n\t\t<div class=\"w-grid-item-h\">\r\n\t\t\t\t\t\t<div class=\"w-post-elm post_image usg_post_image_1 has_ratio\"><img decoding=\"async\" width=\"674\" height=\"460\" src=\"https:\/\/transitionencommun.org\/wp-content\/uploads\/2024\/12\/emmanuellehebert-674x460-1.png\" class=\"attachment-large size-large wp-post-image\" alt=\"\" \/><div style=\"padding-bottom:100%\"><\/div><\/div><h5 class=\"w-post-elm post_title usg_post_title_1 style-h3 color_link_inherit\">Emmanuelle H\u00e9bert<\/h5><p class=\"w-post-elm post_custom_field usg_post_custom_field_1 type_text titre_du_poste_version_anglaise color_link_inherit\"><span class=\"w-post-elm-value\">Culture Montr\u00e9al<\/span><\/p>\t\t<\/div>\r\n\t\t\t<\/article>\r\n\t<article class=\"w-grid-item us_animate_afb size_1x1 post-2498 membres_equipe type-membres_equipe status-publish has-post-thumbnail hentry categorie_membre_equipe-comite-orientation categorie_membre_equipe-comite-executif categorie_membre_equipe-espace-quartiers categorie_membre_equipe-justice-environnementale\" data-id=\"2498\" style=\"animation-delay:0.5s\">\r\n\t\t<div class=\"w-grid-item-h\">\r\n\t\t\t\t\t\t<div class=\"w-post-elm post_image usg_post_image_1 has_ratio\"><img decoding=\"async\" width=\"846\" height=\"1024\" src=\"https:\/\/transitionencommun.org\/wp-content\/uploads\/2024\/12\/joakim-lemieux-moCA-8999-scaled-e1733159275743-846x1024.jpg\" class=\"attachment-large size-large wp-post-image\" alt=\"\" \/><div style=\"padding-bottom:100%\"><\/div><\/div><h5 class=\"w-post-elm post_title usg_post_title_1 style-h3 color_link_inherit\">Joakim Lemieux<\/h5><p class=\"w-post-elm post_custom_field usg_post_custom_field_1 type_text titre_du_poste_version_anglaise color_link_inherit\"><span class=\"w-post-elm-value\">Coalition montr\u00e9alaises des Tables de quartier (CMTQ)<\/span><\/p>\t\t<\/div>\r\n\t\t\t<\/article>\r\n\t<article class=\"w-grid-item us_animate_afb size_1x1 post-2511 membres_equipe type-membres_equipe status-publish has-post-thumbnail hentry categorie_membre_equipe-collectif-resilience categorie_membre_equipe-comite-orientation categorie_membre_equipe-justice-environnementale categorie_membre_equipe-let categorie_membre_equipe-savoirs\" data-id=\"2511\" style=\"animation-delay:0.6s\">\r\n\t\t<div class=\"w-grid-item-h\">\r\n\t\t\t\t\t\t<div class=\"w-post-elm post_image usg_post_image_1 has_ratio\"><img decoding=\"async\" width=\"751\" height=\"968\" src=\"https:\/\/transitionencommun.org\/wp-content\/uploads\/2024\/12\/SophieLVanNesteMai2024.jpg\" class=\"attachment-large size-large wp-post-image\" alt=\"\" \/><div style=\"padding-bottom:100%\"><\/div><\/div><h5 class=\"w-post-elm post_title usg_post_title_1 style-h3 color_link_inherit\">Sophie Van Neste<\/h5><p class=\"w-post-elm post_custom_field usg_post_custom_field_1 type_text titre_du_poste_version_anglaise color_link_inherit\"><span class=\"w-post-elm-value\">Labo \u00c9quit\u00e9 Climat, INRS<\/span><\/p>\t\t<\/div>\r\n\t\t\t<\/article>\r\n\t<article class=\"w-grid-item us_animate_afb size_1x1 post-2579 membres_equipe type-membres_equipe status-publish has-post-thumbnail hentry categorie_membre_equipe-comite-orientation categorie_membre_equipe-comite-executif categorie_membre_equipe-let\" data-id=\"2579\" style=\"animation-delay:0.7s\">\r\n\t\t<div class=\"w-grid-item-h\">\r\n\t\t\t\t\t\t<div class=\"w-post-elm post_image usg_post_image_1 has_ratio\"><img decoding=\"async\" width=\"876\" height=\"1024\" src=\"https:\/\/transitionencommun.org\/wp-content\/uploads\/2024\/08\/karl-janelle-1-876x1024.jpg\" class=\"attachment-large size-large wp-post-image\" alt=\"\" \/><div style=\"padding-bottom:100%\"><\/div><\/div><h5 class=\"w-post-elm post_title usg_post_title_1 style-h3 color_link_inherit\">Karl Janelle<\/h5><p class=\"w-post-elm post_custom_field usg_post_custom_field_1 type_text titre_du_poste_version_anglaise color_link_inherit\"><span class=\"w-post-elm-value\">Coalition Climat Montr\u00e9al<\/span><\/p>\t\t<\/div>\r\n\t\t\t<\/article>\r\n\t<article class=\"w-grid-item us_animate_afb size_1x1 post-3707 membres_equipe type-membres_equipe status-publish has-post-thumbnail hentry categorie_membre_equipe-comite-orientation\" data-id=\"3707\" style=\"animation-delay:0s\">\r\n\t\t<div class=\"w-grid-item-h\">\r\n\t\t\t\t\t\t<div class=\"w-post-elm post_image usg_post_image_1 has_ratio\"><img decoding=\"async\" width=\"680\" height=\"1024\" src=\"https:\/\/transitionencommun.org\/wp-content\/uploads\/2024\/09\/Sarah2242-680x1024.jpg\" class=\"attachment-large size-large wp-post-image\" alt=\"\" \/><div style=\"padding-bottom:100%\"><\/div><\/div><h5 class=\"w-post-elm post_title usg_post_title_1 style-h3 color_link_inherit\">Marianne-Sarah Saulnier<\/h5><p class=\"w-post-elm post_custom_field usg_post_custom_field_1 type_text titre_du_poste_version_anglaise color_link_inherit\"><span class=\"w-post-elm-value\">Observatoire qu\u00e9b\u00e9cois des in\u00e9galit\u00e9s<\/span><\/p>\t\t<\/div>\r\n\t\t\t<\/article>\r\n\t<article class=\"w-grid-item us_animate_afb size_1x1 post-3766 membres_equipe type-membres_equipe status-publish has-post-thumbnail hentry categorie_membre_equipe-comite-orientation\" data-id=\"3766\" style=\"animation-delay:0.1s\">\r\n\t\t<div class=\"w-grid-item-h\">\r\n\t\t\t\t\t\t<div class=\"w-post-elm post_image usg_post_image_1 has_ratio\"><img decoding=\"async\" width=\"229\" height=\"246\" src=\"https:\/\/transitionencommun.org\/wp-content\/uploads\/2024\/09\/cleliaSeve-1-e1733154277809.jpg\" class=\"attachment-large size-large wp-post-image\" alt=\"\" \/><div style=\"padding-bottom:100%\"><\/div><\/div><h5 class=\"w-post-elm post_title usg_post_title_1 style-h3 color_link_inherit\">Cl\u00e9lia S\u00e8ve<\/h5><p class=\"w-post-elm post_custom_field usg_post_custom_field_1 type_text titre_du_poste_version_anglaise color_link_inherit\"><span class=\"w-post-elm-value\">Regroupement des \u00c9co-quartiers<\/span><\/p>\t\t<\/div>\r\n\t\t\t<\/article>\r\n\t<article class=\"w-grid-item us_animate_afb size_1x1 post-4440 membres_equipe type-membres_equipe status-publish has-post-thumbnail hentry categorie_membre_equipe-comite-orientation\" data-id=\"4440\" style=\"animation-delay:0.2s\">\r\n\t\t<div class=\"w-grid-item-h\">\r\n\t\t\t\t\t\t<div class=\"w-post-elm post_image usg_post_image_1 has_ratio\"><img decoding=\"async\" width=\"1024\" height=\"1024\" src=\"https:\/\/transitionencommun.org\/wp-content\/uploads\/2024\/12\/Christoph-Stamm-1-e1733161603348-1024x1024.jpg\" class=\"attachment-large size-large wp-post-image\" alt=\"\" \/><div style=\"padding-bottom:100%\"><\/div><\/div><h5 class=\"w-post-elm post_title usg_post_title_1 style-h3 color_link_inherit\">Christoph Stamm<\/h5><p class=\"w-post-elm post_custom_field usg_post_custom_field_1 type_text titre_du_poste_version_anglaise color_link_inherit\"><span class=\"w-post-elm-value\">Une monnaie pour Montr\u00e9al<\/span><\/p>\t\t<\/div>\r\n\t\t\t<\/article>\r\n\t<article class=\"w-grid-item us_animate_afb size_1x1 post-4453 membres_equipe type-membres_equipe status-publish has-post-thumbnail hentry categorie_membre_equipe-comite-orientation\" data-id=\"4453\" style=\"animation-delay:0.3s\">\r\n\t\t<div class=\"w-grid-item-h\">\r\n\t\t\t\t\t\t<div class=\"w-post-elm post_image usg_post_image_1 has_ratio\"><img decoding=\"async\" width=\"774\" height=\"651\" src=\"https:\/\/transitionencommun.org\/wp-content\/uploads\/2024\/12\/GaelleGenereux.png\" class=\"attachment-large size-large wp-post-image\" alt=\"\" \/><div style=\"padding-bottom:100%\"><\/div><\/div><h5 class=\"w-post-elm post_title usg_post_title_1 style-h3 color_link_inherit\">Ga\u00eblle G\u00e9n\u00e9reux<\/h5><p class=\"w-post-elm post_custom_field usg_post_custom_field_1 type_text titre_du_poste_version_anglaise color_link_inherit\"><span class=\"w-post-elm-value\">PME MTL Centre-Est<\/span><\/p>\t\t<\/div>\r\n\t\t\t<\/article>\r\n\t<article class=\"w-grid-item us_animate_afb size_1x1 post-4506 membres_equipe type-membres_equipe status-publish has-post-thumbnail hentry categorie_membre_equipe-comite-orientation categorie_membre_equipe-justice-environnementale\" data-id=\"4506\" style=\"animation-delay:0.4s\">\r\n\t\t<div class=\"w-grid-item-h\">\r\n\t\t\t\t\t\t<div class=\"w-post-elm post_image usg_post_image_1 has_ratio\"><img decoding=\"async\" width=\"400\" height=\"400\" src=\"https:\/\/transitionencommun.org\/wp-content\/uploads\/2024\/12\/lea_ilardo_1080-400x400-1.png\" class=\"attachment-large size-large wp-post-image\" alt=\"\" \/><div style=\"padding-bottom:100%\"><\/div><\/div><h5 class=\"w-post-elm post_title usg_post_title_1 style-h3 color_link_inherit\">L\u00e9a Illardo<\/h5><p class=\"w-post-elm post_custom_field usg_post_custom_field_1 type_text titre_du_poste_version_anglaise color_link_inherit\"><span class=\"w-post-elm-value\">\u00c9clore<\/span><\/p>\t\t<\/div>\r\n\t\t\t<\/article>\r\n\t<article class=\"w-grid-item us_animate_afb size_1x1 post-4510 membres_equipe type-membres_equipe status-publish has-post-thumbnail hentry categorie_membre_equipe-comite-orientation\" data-id=\"4510\" style=\"animation-delay:0.5s\">\r\n\t\t<div class=\"w-grid-item-h\">\r\n\t\t\t\t\t\t<div class=\"w-post-elm post_image usg_post_image_1 has_ratio\"><img decoding=\"async\" width=\"839\" height=\"1024\" src=\"https:\/\/transitionencommun.org\/wp-content\/uploads\/2024\/12\/Justine_Ballon_HEC_5801_5X7-1-e1733159321571-839x1024.jpg\" class=\"attachment-large size-large wp-post-image\" alt=\"\" \/><div style=\"padding-bottom:100%\"><\/div><\/div><h5 class=\"w-post-elm post_title usg_post_title_1 style-h3 color_link_inherit\">Justine Ballon<\/h5><p class=\"w-post-elm post_custom_field usg_post_custom_field_1 type_text titre_du_poste_version_anglaise color_link_inherit\"><span class=\"w-post-elm-value\">Institut international des coop\u00e9ratives Alphonse et Dorim\u00e8ne Desjardins, HEC Montr\u00e9al<\/span><\/p>\t\t<\/div>\r\n\t\t\t<\/article>\r\n\t<article class=\"w-grid-item us_animate_afb size_1x1 post-4515 membres_equipe type-membres_equipe status-publish has-post-thumbnail hentry categorie_membre_equipe-comite-orientation\" data-id=\"4515\" style=\"animation-delay:0.6s\">\r\n\t\t<div class=\"w-grid-item-h\">\r\n\t\t\t\t\t\t<div class=\"w-post-elm post_image usg_post_image_1 has_ratio\"><img decoding=\"async\" width=\"343\" height=\"343\" src=\"https:\/\/transitionencommun.org\/wp-content\/uploads\/2024\/12\/SidneyRibaux.jpg\" class=\"attachment-large size-large wp-post-image\" alt=\"\" \/><div style=\"padding-bottom:100%\"><\/div><\/div><h5 class=\"w-post-elm post_title usg_post_title_1 style-h3 color_link_inherit\">Sidney Ribaux<\/h5><p class=\"w-post-elm post_custom_field usg_post_custom_field_1 type_text titre_du_poste_version_anglaise color_link_inherit\"><span class=\"w-post-elm-value\">Bureau de la transition \u00e9cologique et de la r\u00e9silience Ville de Montr\u00e9al (BTER)<\/span><\/p>\t\t<\/div>\r\n\t\t\t<\/article>\r\n\t<article class=\"w-grid-item us_animate_afb size_1x1 post-4518 membres_equipe type-membres_equipe status-publish has-post-thumbnail hentry categorie_membre_equipe-comite-orientation\" data-id=\"4518\" style=\"animation-delay:0.7s\">\r\n\t\t<div class=\"w-grid-item-h\">\r\n\t\t\t\t\t\t<div class=\"w-post-elm post_image usg_post_image_1 has_ratio\"><img decoding=\"async\" width=\"400\" height=\"400\" src=\"https:\/\/transitionencommun.org\/wp-content\/uploads\/2024\/12\/JustineDesbiens.jpg\" class=\"attachment-large size-large wp-post-image\" alt=\"\" \/><div style=\"padding-bottom:100%\"><\/div><\/div><h5 class=\"w-post-elm post_title usg_post_title_1 style-h3 color_link_inherit\">Justine Desbiens<\/h5><p class=\"w-post-elm post_custom_field usg_post_custom_field_1 type_text titre_du_poste_version_anglaise color_link_inherit\"><span class=\"w-post-elm-value\">Arrondissement Le Sud-Ouest <\/span><\/p>\t\t<\/div>\r\n\t\t\t<\/article>\r\n\t<article class=\"w-grid-item us_animate_afb size_1x1 post-4842 membres_equipe type-membres_equipe status-publish has-post-thumbnail hentry categorie_membre_equipe-comite-orientation\" data-id=\"4842\" style=\"animation-delay:0s\">\r\n\t\t<div class=\"w-grid-item-h\">\r\n\t\t\t\t\t\t<div class=\"w-post-elm post_image usg_post_image_1 has_ratio\"><img decoding=\"async\" width=\"200\" height=\"200\" src=\"https:\/\/transitionencommun.org\/wp-content\/uploads\/2025\/01\/pascal-lacasse.jpg\" class=\"attachment-large size-large wp-post-image\" alt=\"\" \/><div style=\"padding-bottom:100%\"><\/div><\/div><h5 class=\"w-post-elm post_title usg_post_title_1 style-h3 color_link_inherit\">Pascal Lacasse<\/h5><p class=\"w-post-elm post_custom_field usg_post_custom_field_1 type_text titre_du_poste_version_anglaise color_link_inherit\"><span class=\"w-post-elm-value\">Service de l\u2019urbanisme et de la mobilit\u00e9 - Ville de Montr\u00e9al<\/span><\/p>\t\t<\/div>\r\n\t\t\t<\/article>\r\n\t<article class=\"w-grid-item us_animate_afb size_1x1 post-4858 membres_equipe type-membres_equipe status-publish has-post-thumbnail hentry categorie_membre_equipe-comite-orientation\" data-id=\"4858\" style=\"animation-delay:0.1s\">\r\n\t\t<div class=\"w-grid-item-h\">\r\n\t\t\t\t\t\t<div class=\"w-post-elm post_image usg_post_image_1 has_ratio\"><img decoding=\"async\" width=\"181\" height=\"190\" src=\"https:\/\/transitionencommun.org\/wp-content\/uploads\/2025\/02\/ToniaDiG-e1741025527977.jpg\" class=\"attachment-large size-large wp-post-image\" alt=\"\" \/><div style=\"padding-bottom:100%\"><\/div><\/div><h5 class=\"w-post-elm post_title usg_post_title_1 style-h3 color_link_inherit\">Tonia Di Guglielmo<\/h5><p class=\"w-post-elm post_custom_field usg_post_custom_field_1 type_text titre_du_poste_version_anglaise color_link_inherit\"><span class=\"w-post-elm-value\">Arrondissement de Montr\u00e9al-Nord<\/span><\/p>\t\t<\/div>\r\n\t\t\t<\/article>\r\n\t<article class=\"w-grid-item us_animate_afb size_1x1 post-4866 membres_equipe type-membres_equipe status-publish has-post-thumbnail hentry categorie_membre_equipe-comite-orientation categorie_membre_equipe-demotorisation\" data-id=\"4866\" style=\"animation-delay:0.2s\">\r\n\t\t<div class=\"w-grid-item-h\">\r\n\t\t\t\t\t\t<div class=\"w-post-elm post_image usg_post_image_1 has_ratio\"><img decoding=\"async\" width=\"599\" height=\"599\" src=\"https:\/\/transitionencommun.org\/wp-content\/uploads\/2025\/02\/theophilH-coopcarbone.jpeg\" class=\"attachment-large size-large wp-post-image\" alt=\"\" \/><div style=\"padding-bottom:100%\"><\/div><\/div><h5 class=\"w-post-elm post_title usg_post_title_1 style-h3 color_link_inherit\">Theophil Haberstroh<\/h5><p class=\"w-post-elm post_custom_field usg_post_custom_field_1 type_text titre_du_poste_version_anglaise color_link_inherit\"><span class=\"w-post-elm-value\">Coop Carbone<\/span><\/p>\t\t<\/div>\r\n\t\t\t<\/article>\r\n\t<article class=\"w-grid-item us_animate_afb size_1x1 post-5581 membres_equipe type-membres_equipe status-publish has-post-thumbnail hentry categorie_membre_equipe-comite-orientation\" data-id=\"5581\" style=\"animation-delay:0.3s\">\r\n\t\t<div class=\"w-grid-item-h\">\r\n\t\t\t\t\t\t<div class=\"w-post-elm post_image usg_post_image_1 has_ratio\"><img decoding=\"async\" width=\"277\" height=\"327\" src=\"https:\/\/transitionencommun.org\/wp-content\/uploads\/2025\/06\/AM-Aubert.png\" class=\"attachment-large size-large wp-post-image\" alt=\"\" \/><div style=\"padding-bottom:100%\"><\/div><\/div><h5 class=\"w-post-elm post_title usg_post_title_1 style-h3 color_link_inherit\">Anne-Marie Aubert<\/h5><p class=\"w-post-elm post_custom_field usg_post_custom_field_1 type_text titre_du_poste_version_anglaise color_link_inherit\"><span class=\"w-post-elm-value\">Conseil du syst\u00e8me alimentaire montr\u00e9alais<\/span><\/p>\t\t<\/div>\r\n\t\t\t<\/article>\r\n\t<article class=\"w-grid-item us_animate_afb size_1x1 post-6039 membres_equipe type-membres_equipe status-publish has-post-thumbnail hentry categorie_membre_equipe-comite-orientation\" data-id=\"6039\" style=\"animation-delay:0.4s\">\r\n\t\t<div class=\"w-grid-item-h\">\r\n\t\t\t\t\t\t<div class=\"w-post-elm post_image usg_post_image_1 has_ratio\"><img decoding=\"async\" width=\"800\" height=\"800\" src=\"https:\/\/transitionencommun.org\/wp-content\/uploads\/2025\/09\/marineThomas.jpg\" class=\"attachment-large size-large wp-post-image\" alt=\"\" \/><div style=\"padding-bottom:100%\"><\/div><\/div><h5 class=\"w-post-elm post_title usg_post_title_1 style-h3 color_link_inherit\">Marine Thomas<\/h5><p class=\"w-post-elm post_custom_field usg_post_custom_field_1 type_text titre_du_poste_version_anglaise color_link_inherit\"><span class=\"w-post-elm-value\">Partenariat Climat Montr\u00e9al<\/span><\/p>\t\t<\/div>\r\n\t\t\t<\/article>\r\n\t<article class=\"w-grid-item us_animate_afb size_1x1 post-6119 membres_equipe type-membres_equipe status-publish has-post-thumbnail hentry categorie_membre_equipe-comite-orientation categorie_membre_equipe-justice-environnementale\" data-id=\"6119\" style=\"animation-delay:0.5s\">\r\n\t\t<div class=\"w-grid-item-h\">\r\n\t\t\t\t\t\t<div class=\"w-post-elm post_image usg_post_image_1 has_ratio\"><img decoding=\"async\" width=\"683\" height=\"1024\" src=\"https:\/\/transitionencommun.org\/wp-content\/uploads\/2025\/11\/B.-Manai_Photo-683x1024.jpg\" class=\"attachment-large size-large wp-post-image\" alt=\"\" \/><div style=\"padding-bottom:100%\"><\/div><\/div><h5 class=\"w-post-elm post_title usg_post_title_1 style-h3 color_link_inherit\">Bochra Mana\u00ef<\/h5><p class=\"w-post-elm post_custom_field usg_post_custom_field_1 type_text titre_du_poste_version_anglaise color_link_inherit\"><span class=\"w-post-elm-value\">City of Montreal - Commissionaires Office<\/span><\/p>\t\t<\/div>\r\n\t\t\t<\/article>\r\n\t<article class=\"w-grid-item us_animate_afb size_1x1 post-6211 membres_equipe type-membres_equipe status-publish has-post-thumbnail hentry categorie_membre_equipe-comite-orientation\" data-id=\"6211\" style=\"animation-delay:0.6s\">\r\n\t\t<div class=\"w-grid-item-h\">\r\n\t\t\t\t\t\t<div class=\"w-post-elm post_image usg_post_image_1 has_ratio\"><img decoding=\"async\" width=\"800\" height=\"800\" src=\"https:\/\/transitionencommun.org\/wp-content\/uploads\/2025\/11\/Alexandra-Nadeau-1.jpg\" class=\"attachment-large size-large wp-post-image\" alt=\"\" \/><div style=\"padding-bottom:100%\"><\/div><\/div><h5 class=\"w-post-elm post_title usg_post_title_1 style-h3 color_link_inherit\">Alexandra Nadeau<\/h5><p class=\"w-post-elm post_custom_field usg_post_custom_field_1 type_text titre_du_poste_version_anglaise color_link_inherit\"><span class=\"w-post-elm-value\">CERS\u00c9 - Centre d'\u00e9tude en responsabilit\u00e9 sociale et \u00e9cocitoyennet\u00e9 (CCTT)<\/span><\/p>\t\t<\/div>\r\n\t\t\t<\/article>\r\n\t<article class=\"w-grid-item us_animate_afb size_1x1 post-6304 membres_equipe type-membres_equipe status-publish has-post-thumbnail hentry categorie_membre_equipe-comite-orientation\" data-id=\"6304\" style=\"animation-delay:0.7s\">\r\n\t\t<div class=\"w-grid-item-h\">\r\n\t\t\t\t\t\t<div class=\"w-post-elm post_image usg_post_image_1 has_ratio\"><img decoding=\"async\" width=\"351\" height=\"325\" src=\"https:\/\/transitionencommun.org\/wp-content\/uploads\/2025\/11\/CassAnna.jpg\" class=\"attachment-large size-large wp-post-image\" alt=\"\" \/><div style=\"padding-bottom:100%\"><\/div><\/div><h5 class=\"w-post-elm post_title usg_post_title_1 style-h3 color_link_inherit\">Ana\u00efs Houde\/Cassandre Charbonneau<\/h5><p class=\"w-post-elm post_custom_field usg_post_custom_field_1 type_text titre_du_poste_version_anglaise color_link_inherit\"><span class=\"w-post-elm-value\">Mobilisation 6600 Parc-Nature MHM<\/span><\/p>\t\t<\/div>\r\n\t\t\t<\/article>\r\n\t<article class=\"w-grid-item us_animate_afb size_1x1 post-6216 membres_equipe type-membres_equipe status-publish has-post-thumbnail hentry categorie_membre_equipe-comite-orientation\" data-id=\"6216\" style=\"animation-delay:0s\">\r\n\t\t<div class=\"w-grid-item-h\">\r\n\t\t\t\t\t\t<div class=\"w-post-elm post_image usg_post_image_1 has_ratio\"><img decoding=\"async\" width=\"1024\" height=\"898\" src=\"https:\/\/transitionencommun.org\/wp-content\/uploads\/2025\/11\/Denises-Veilleux-COmite-citoyen-resilience-aine-1-1024x898.jpg\" class=\"attachment-large size-large wp-post-image\" alt=\"\" \/><div style=\"padding-bottom:100%\"><\/div><\/div><h5 class=\"w-post-elm post_title usg_post_title_1 style-h3 color_link_inherit\">Denise Veilleux<\/h5><p class=\"w-post-elm post_custom_field usg_post_custom_field_1 type_text titre_du_poste_version_anglaise color_link_inherit\"><span class=\"w-post-elm-value\">Conseil citoyen du r\u00e9seau r\u00e9silience a\u00een\u00e9 de Montr\u00e9al<\/span><\/p>\t\t<\/div>\r\n\t\t\t<\/article>\r\n\t<article class=\"w-grid-item us_animate_afb size_1x1 post-6220 membres_equipe type-membres_equipe status-publish has-post-thumbnail hentry categorie_membre_equipe-comite-orientation\" data-id=\"6220\" style=\"animation-delay:0.1s\">\r\n\t\t<div class=\"w-grid-item-h\">\r\n\t\t\t\t\t\t<div class=\"w-post-elm post_image usg_post_image_1 has_ratio\"><img decoding=\"async\" width=\"200\" height=\"200\" src=\"https:\/\/transitionencommun.org\/wp-content\/uploads\/2025\/11\/JEanSebSuf.jpg\" class=\"attachment-large size-large wp-post-image\" alt=\"\" \/><div style=\"padding-bottom:100%\"><\/div><\/div><h5 class=\"w-post-elm post_title usg_post_title_1 style-h3 color_link_inherit\">Jean-S\u00e9bastien Dufresne<\/h5><p class=\"w-post-elm post_custom_field usg_post_custom_field_1 type_text titre_du_poste_version_anglaise color_link_inherit\"><span class=\"w-post-elm-value\">ICIELA Citizens Solidarity Network<\/span><\/p>\t\t<\/div>\r\n\t\t\t<\/article>\r\n\t<article class=\"w-grid-item us_animate_afb size_1x1 post-6298 membres_equipe type-membres_equipe status-publish has-post-thumbnail hentry categorie_membre_equipe-comite-orientation\" data-id=\"6298\" style=\"animation-delay:0.2s\">\r\n\t\t<div class=\"w-grid-item-h\">\r\n\t\t\t\t\t\t<div class=\"w-post-elm post_image usg_post_image_1 has_ratio\"><img decoding=\"async\" width=\"318\" height=\"373\" src=\"https:\/\/transitionencommun.org\/wp-content\/uploads\/2025\/11\/KarelLuap.jpg\" class=\"attachment-large size-large wp-post-image\" alt=\"\" \/><div style=\"padding-bottom:100%\"><\/div><\/div><h5 class=\"w-post-elm post_title usg_post_title_1 style-h3 color_link_inherit\">Karel Luap<\/h5><p class=\"w-post-elm post_custom_field usg_post_custom_field_1 type_text titre_du_poste_version_anglaise color_link_inherit\"><span class=\"w-post-elm-value\">Ville en vert<\/span><\/p>\t\t<\/div>\r\n\t\t\t<\/article>\r\n\t<article class=\"w-grid-item us_animate_afb size_1x1 post-6309 membres_equipe type-membres_equipe status-publish has-post-thumbnail hentry categorie_membre_equipe-comite-orientation\" data-id=\"6309\" style=\"animation-delay:0.3s\">\r\n\t\t<div class=\"w-grid-item-h\">\r\n\t\t\t\t\t\t<div class=\"w-post-elm post_image usg_post_image_1 has_ratio\"><img decoding=\"async\" width=\"381\" height=\"334\" src=\"https:\/\/transitionencommun.org\/wp-content\/uploads\/2025\/11\/jasbnciajsnc.jpg\" class=\"attachment-large size-large wp-post-image\" alt=\"\" \/><div style=\"padding-bottom:100%\"><\/div><\/div><h5 class=\"w-post-elm post_title usg_post_title_1 style-h3 color_link_inherit\">Louis-Philippe Lizotte\/Isabelle Gaudette<\/h5><p class=\"w-post-elm post_custom_field usg_post_custom_field_1 type_text titre_du_poste_version_anglaise color_link_inherit\"><span class=\"w-post-elm-value\">INM \/ CEUM<\/span><\/p>\t\t<\/div>\r\n\t\t\t<\/article>\r\n\t<article class=\"w-grid-item us_animate_afb size_1x1 post-6312 membres_equipe type-membres_equipe status-publish has-post-thumbnail hentry categorie_membre_equipe-comite-orientation\" data-id=\"6312\" style=\"animation-delay:0.4s\">\r\n\t\t<div class=\"w-grid-item-h\">\r\n\t\t\t\t\t\t<div class=\"w-post-elm post_image usg_post_image_1 has_ratio\"><img decoding=\"async\" width=\"375\" height=\"304\" src=\"https:\/\/transitionencommun.org\/wp-content\/uploads\/2025\/11\/ajscniajsncas.jpg\" class=\"attachment-large size-large wp-post-image\" alt=\"\" \/><div style=\"padding-bottom:100%\"><\/div><\/div><h5 class=\"w-post-elm post_title usg_post_title_1 style-h3 color_link_inherit\">Marguerite Mendell \/ Sylvain Lef\u00e8vre<\/h5><p class=\"w-post-elm post_custom_field usg_post_custom_field_1 type_text titre_du_poste_version_anglaise color_link_inherit\"><span class=\"w-post-elm-value\">Centre de recherche sur les innovations sociales (CRISES)<\/span><\/p>\t\t<\/div>\r\n\t\t\t<\/article>\r\n\t<article class=\"w-grid-item us_animate_afb size_1x1 post-6317 membres_equipe type-membres_equipe status-publish has-post-thumbnail hentry categorie_membre_equipe-comite-orientation\" data-id=\"6317\" style=\"animation-delay:0.5s\">\r\n\t\t<div class=\"w-grid-item-h\">\r\n\t\t\t\t\t\t<div class=\"w-post-elm post_image usg_post_image_1 has_ratio\"><img decoding=\"async\" width=\"360\" height=\"298\" src=\"https:\/\/transitionencommun.org\/wp-content\/uploads\/2025\/11\/Jsjnaisc.jpg\" class=\"attachment-large size-large wp-post-image\" alt=\"\" \/><div style=\"padding-bottom:100%\"><\/div><\/div><h5 class=\"w-post-elm post_title usg_post_title_1 style-h3 color_link_inherit\">Natana\u00ebl B\u00e9gin-Paul \/ Imany B\u00e9gin-Paul<\/h5><p class=\"w-post-elm post_custom_field usg_post_custom_field_1 type_text titre_du_poste_version_anglaise color_link_inherit\"><span class=\"w-post-elm-value\">Tshuapamitin<\/span><\/p>\t\t<\/div>\r\n\t\t\t<\/article>\r\n\t<article class=\"w-grid-item us_animate_afb size_1x1 post-6295 membres_equipe type-membres_equipe status-publish has-post-thumbnail hentry categorie_membre_equipe-comite-orientation\" data-id=\"6295\" style=\"animation-delay:0.6s\">\r\n\t\t<div class=\"w-grid-item-h\">\r\n\t\t\t\t\t\t<div class=\"w-post-elm post_image usg_post_image_1 has_ratio\"><img decoding=\"async\" width=\"372\" height=\"316\" src=\"https:\/\/transitionencommun.org\/wp-content\/uploads\/2025\/11\/Genevieve-Dube-e1763504762476.jpg\" class=\"attachment-large size-large wp-post-image\" alt=\"\" \/><div style=\"padding-bottom:100%\"><\/div><\/div><h5 class=\"w-post-elm post_title usg_post_title_1 style-h3 color_link_inherit\">Genevi\u00e8ve Dub\u00e9<\/h5><p class=\"w-post-elm post_custom_field usg_post_custom_field_1 type_text titre_du_poste_version_anglaise color_link_inherit\"><span class=\"w-post-elm-value\">Jardins pour tous<\/span><\/p>\t\t<\/div>\r\n\t\t\t<\/article>\r\n\t<article class=\"w-grid-item us_animate_afb size_1x1 post-6857 membres_equipe type-membres_equipe status-publish has-post-thumbnail hentry categorie_membre_equipe-comite-orientation\" data-id=\"6857\" style=\"animation-delay:0.7s\">\r\n\t\t<div class=\"w-grid-item-h\">\r\n\t\t\t\t\t\t<div class=\"w-post-elm post_image usg_post_image_1 has_ratio\"><img decoding=\"async\" width=\"920\" height=\"1024\" src=\"https:\/\/transitionencommun.org\/wp-content\/uploads\/2026\/03\/KevinDuBoisberranger-920x1024.jpg\" class=\"attachment-large size-large wp-post-image\" alt=\"\" \/><div style=\"padding-bottom:100%\"><\/div><\/div><h5 class=\"w-post-elm post_title usg_post_title_1 style-h3 color_link_inherit\">Kevin Du Boisberranger<\/h5><p class=\"w-post-elm post_custom_field usg_post_custom_field_1 type_text titre_du_poste_version_anglaise color_link_inherit\"><span class=\"w-post-elm-value\">Demain Verdun<\/span><\/p>\t\t<\/div>\r\n\t\t\t<\/article>\r\n<\/div>\t<div class=\"w-grid-preloader\">\r\n\t\t<div class=\"g-preloader type_1\">\r\n\t\t\t<div><\/div>\r\n\t\t<\/div>\r\n\t<\/div>\r\n\t\t<div class=\"w-grid-json hidden\" onclick='return {&quot;action&quot;:&quot;us_ajax_grid&quot;,&quot;infinite_scroll&quot;:0,&quot;max_num_pages&quot;:1,&quot;pagination&quot;:&quot;none&quot;,&quot;template_vars&quot;:{&quot;columns&quot;:&quot;4&quot;,&quot;exclude_items&quot;:&quot;none&quot;,&quot;img_size&quot;:&quot;default&quot;,&quot;ignore_items_size&quot;:0,&quot;items_layout&quot;:&quot;3871&quot;,&quot;items_offset&quot;:&quot;1&quot;,&quot;load_animation&quot;:&quot;afb&quot;,&quot;overriding_link&quot;:&quot;%7B%22url%22%3A%22%22%7D&quot;,&quot;post_id&quot;:3920,&quot;query_args&quot;:{&quot;post_type&quot;:[&quot;membres_equipe&quot;],&quot;tax_query&quot;:[{&quot;taxonomy&quot;:&quot;categorie_membre_equipe&quot;,&quot;field&quot;:&quot;slug&quot;,&quot;terms&quot;:[&quot;comite-orientation&quot;]}],&quot;post_status&quot;:[&quot;publish&quot;,&quot;acf-disabled&quot;],&quot;posts_per_page&quot;:&quot;50&quot;},&quot;orderby_query_args&quot;:{&quot;orderby&quot;:{&quot;date&quot;:&quot;ASC&quot;}},&quot;type&quot;:&quot;grid&quot;,&quot;us_grid_post_type&quot;:&quot;membres_equipe&quot;,&quot;us_grid_ajax_index&quot;:5,&quot;us_grid_filter_query_string&quot;:null,&quot;us_grid_index&quot;:5,&quot;page_args&quot;:[],&quot;lang&quot;:&quot;en&quot;}}'><\/div>\r\n\t<\/div><\/div><\/div><\/div><\/div><\/div><\/div><\/div><\/div><\/div><\/section>\n<\/div><\/div><\/div><div class=\"g-cols wpb_row inner-row-tab-img-left via_grid cols_custom laptops-cols_inherit tablets-cols_inherit mobiles-cols_1 valign_top type_default stacking_default\" style=\"--columns-gap:3rem;--custom-columns:2.5fr 3.5fr 6fr \"><div class=\"wpb_column vc_column_container\"><div class=\"vc_column-inner\"><div class=\"w-image us_custom_02c2953a has_aspect_ratio align_none\"><div class=\"w-image-h\"><img decoding=\"async\" width=\"1024\" height=\"768\" src=\"https:\/\/transitionencommun.org\/wp-content\/uploads\/2024\/08\/JCollective-29-1_SuperCompWeb-1024x768.jpg\" class=\"attachment-large size-large\" alt=\"\" loading=\"lazy\" srcset=\"https:\/\/transitionencommun.org\/wp-content\/uploads\/2024\/08\/JCollective-29-1_SuperCompWeb-1024x768.jpg 1024w, https:\/\/transitionencommun.org\/wp-content\/uploads\/2024\/08\/JCollective-29-1_SuperCompWeb-300x225.jpg 300w, https:\/\/transitionencommun.org\/wp-content\/uploads\/2024\/08\/JCollective-29-1_SuperCompWeb.jpg 1070w\" sizes=\"auto, (max-width: 1024px) 100vw, 1024px\" \/><\/div><\/div><\/div><\/div><div class=\"wpb_column vc_column_container\"><div class=\"vc_column-inner\"><div class=\"wpb_text_column\"><div class=\"wpb_wrapper\"><h3>Montreal-Based Collective for Community Climate Resilience<\/h3>\n<\/div><\/div><div class=\"w-separator size_medium\"><\/div><div class=\"wpb_text_column\"><div class=\"wpb_wrapper\"><p><span>The Collective strengthens mechanisms for consultation and collaboration among institutions, community organizations, and citizens, and supports the creation of new spaces for collaboration. The goal is to empower citizens and communities to build climate resilience and to create the conditions necessary for these initiatives to serve as catalysts for social transformation.   <\/span><\/p>\n<\/div><\/div><\/div><\/div><div class=\"wpb_column vc_column_container\"><div class=\"vc_column-inner\"><section class=\"l-section wpb_row us_custom_b6a72ce1 height_medium\"><div class=\"l-section-h i-cf\"><div class=\"g-cols vc_row via_grid cols_1 laptops-cols_inherit tablets-cols_inherit mobiles-cols_1 valign_top type_default stacking_default\"><div class=\"wpb_column vc_column_container\"><div class=\"vc_column-inner\"><div class=\"w-tabs accordeon-membres accordion toggle_style_1 has_scrolling\" style=\"--sections-title-size:inherit;--sections-gap:0.5rem;\"><div class=\"w-tabs-sections titles-align_none icon_plus cpos_right\"><div class=\"w-tabs-section\" id=\"bcc9\"><button type=\"button\" class=\"w-tabs-section-header\" aria-controls=\"content-bcc9\" aria-expanded=\"false\"><h4 class=\"w-tabs-section-title\">Members<\/h4><div class=\"w-tabs-section-control\"><\/div><\/button><div  class=\"w-tabs-section-content\" id=\"content-bcc9\"><div class=\"w-tabs-section-content-h i-cf\"><div class=\"w-grid us_grid membres-grid type_grid layout_3871 cols_4 preload_style_spinner with_css_animation\" id=\"us_grid_6\" style=\"--columns:4;--gap:1.5rem;\" data-filterable=\"true\"><style>@media (max-width:1380px){#us_grid_6{--columns:3!important}}@media (max-width:1024px){#us_grid_6{--columns:2!important}}@media (max-width:600px){#us_grid_6{--columns:1!important}}<\/style><div class=\"w-grid-list\">\t<article class=\"w-grid-item us_animate_afb size_1x1 post-2486 membres_equipe type-membres_equipe status-publish has-post-thumbnail hentry categorie_membre_equipe-comite-orientation categorie_membre_equipe-economies-en-transition\" data-id=\"2486\" style=\"animation-delay:0s\">\r\n\t\t<div class=\"w-grid-item-h\">\r\n\t\t\t\t\t\t<div class=\"w-post-elm post_image usg_post_image_1 has_ratio\"><img decoding=\"async\" width=\"665\" height=\"740\" src=\"https:\/\/transitionencommun.org\/wp-content\/uploads\/2024\/12\/anyle-cote-cesim-3-e1733159092479.jpg\" class=\"attachment-large size-large wp-post-image\" alt=\"\" \/><div style=\"padding-bottom:100%\"><\/div><\/div><h5 class=\"w-post-elm post_title usg_post_title_1 style-h3 color_link_inherit\">Anyle C\u00f4t\u00e9<\/h5><p class=\"w-post-elm post_custom_field usg_post_custom_field_1 type_text titre_du_poste_version_anglaise color_link_inherit\"><span class=\"w-post-elm-value\">Conseil d'\u00e9conomie sociale de l'\u00eele de Montr\u00e9al (CESIM)<\/span><\/p>\t\t<\/div>\r\n\t\t\t<\/article>\r\n\t<article class=\"w-grid-item us_animate_afb size_1x1 post-2487 membres_equipe type-membres_equipe status-publish has-post-thumbnail hentry categorie_membre_equipe-comite-orientation categorie_membre_equipe-demotorisation\" data-id=\"2487\" style=\"animation-delay:0.1s\">\r\n\t\t<div class=\"w-grid-item-h\">\r\n\t\t\t\t\t\t<div class=\"w-post-elm post_image usg_post_image_1 has_ratio\"><img decoding=\"async\" width=\"315\" height=\"360\" src=\"https:\/\/transitionencommun.org\/wp-content\/uploads\/2024\/08\/BR-e1733159187461.jpg\" class=\"attachment-large size-large wp-post-image\" alt=\"\" \/><div style=\"padding-bottom:100%\"><\/div><\/div><h5 class=\"w-post-elm post_title usg_post_title_1 style-h3 color_link_inherit\">Blaise R\u00e9millard<\/h5><p class=\"w-post-elm post_custom_field usg_post_custom_field_1 type_text titre_du_poste_version_anglaise color_link_inherit\"><span class=\"w-post-elm-value\">Conseil r\u00e9gional de l'environnement de Montr\u00e9al (CRE)<\/span><\/p>\t\t<\/div>\r\n\t\t\t<\/article>\r\n\t<article class=\"w-grid-item us_animate_afb size_1x1 post-2488 membres_equipe type-membres_equipe status-publish has-post-thumbnail hentry categorie_membre_equipe-comite-orientation\" data-id=\"2488\" style=\"animation-delay:0.2s\">\r\n\t\t<div class=\"w-grid-item-h\">\r\n\t\t\t\t\t\t<div class=\"w-post-elm post_image usg_post_image_1 has_ratio\"><img decoding=\"async\" width=\"500\" height=\"500\" src=\"https:\/\/transitionencommun.org\/wp-content\/uploads\/2024\/08\/CD.jpg\" class=\"attachment-large size-large wp-post-image\" alt=\"\" \/><div style=\"padding-bottom:100%\"><\/div><\/div><h5 class=\"w-post-elm post_title usg_post_title_1 style-h3 color_link_inherit\">Christophe Derrien<\/h5>\t\t<\/div>\r\n\t\t\t<\/article>\r\n\t<article class=\"w-grid-item us_animate_afb size_1x1 post-2490 membres_equipe type-membres_equipe status-publish has-post-thumbnail hentry categorie_membre_equipe-comite-orientation categorie_membre_equipe-comite-executif categorie_membre_equipe-justice-environnementale\" data-id=\"2490\" style=\"animation-delay:0.3s\">\r\n\t\t<div class=\"w-grid-item-h\">\r\n\t\t\t\t\t\t<div class=\"w-post-elm post_image usg_post_image_1 has_ratio\"><img decoding=\"async\" width=\"220\" height=\"220\" src=\"https:\/\/transitionencommun.org\/wp-content\/uploads\/2024\/08\/DK.jpg\" class=\"attachment-large size-large wp-post-image\" alt=\"\" \/><div style=\"padding-bottom:100%\"><\/div><\/div><h5 class=\"w-post-elm post_title usg_post_title_1 style-h3 color_link_inherit\">David Kaiser<\/h5><p class=\"w-post-elm post_custom_field usg_post_custom_field_1 type_text titre_du_poste_version_anglaise color_link_inherit\"><span class=\"w-post-elm-value\">Direction r\u00e9gionale de sant\u00e9 publique de Montr\u00e9al<\/span><\/p>\t\t<\/div>\r\n\t\t\t<\/article>\r\n\t<article class=\"w-grid-item us_animate_afb size_1x1 post-2493 membres_equipe type-membres_equipe status-publish has-post-thumbnail hentry categorie_membre_equipe-comite-orientation\" data-id=\"2493\" style=\"animation-delay:0.4s\">\r\n\t\t<div class=\"w-grid-item-h\">\r\n\t\t\t\t\t\t<div class=\"w-post-elm post_image usg_post_image_1 has_ratio\"><img decoding=\"async\" width=\"674\" height=\"460\" src=\"https:\/\/transitionencommun.org\/wp-content\/uploads\/2024\/12\/emmanuellehebert-674x460-1.png\" class=\"attachment-large size-large wp-post-image\" alt=\"\" \/><div style=\"padding-bottom:100%\"><\/div><\/div><h5 class=\"w-post-elm post_title usg_post_title_1 style-h3 color_link_inherit\">Emmanuelle H\u00e9bert<\/h5><p class=\"w-post-elm post_custom_field usg_post_custom_field_1 type_text titre_du_poste_version_anglaise color_link_inherit\"><span class=\"w-post-elm-value\">Culture Montr\u00e9al<\/span><\/p>\t\t<\/div>\r\n\t\t\t<\/article>\r\n\t<article class=\"w-grid-item us_animate_afb size_1x1 post-2498 membres_equipe type-membres_equipe status-publish has-post-thumbnail hentry categorie_membre_equipe-comite-orientation categorie_membre_equipe-comite-executif categorie_membre_equipe-espace-quartiers categorie_membre_equipe-justice-environnementale\" data-id=\"2498\" style=\"animation-delay:0.5s\">\r\n\t\t<div class=\"w-grid-item-h\">\r\n\t\t\t\t\t\t<div class=\"w-post-elm post_image usg_post_image_1 has_ratio\"><img decoding=\"async\" width=\"846\" height=\"1024\" src=\"https:\/\/transitionencommun.org\/wp-content\/uploads\/2024\/12\/joakim-lemieux-moCA-8999-scaled-e1733159275743-846x1024.jpg\" class=\"attachment-large size-large wp-post-image\" alt=\"\" \/><div style=\"padding-bottom:100%\"><\/div><\/div><h5 class=\"w-post-elm post_title usg_post_title_1 style-h3 color_link_inherit\">Joakim Lemieux<\/h5><p class=\"w-post-elm post_custom_field usg_post_custom_field_1 type_text titre_du_poste_version_anglaise color_link_inherit\"><span class=\"w-post-elm-value\">Coalition montr\u00e9alaises des Tables de quartier (CMTQ)<\/span><\/p>\t\t<\/div>\r\n\t\t\t<\/article>\r\n\t<article class=\"w-grid-item us_animate_afb size_1x1 post-2511 membres_equipe type-membres_equipe status-publish has-post-thumbnail hentry categorie_membre_equipe-collectif-resilience categorie_membre_equipe-comite-orientation categorie_membre_equipe-justice-environnementale categorie_membre_equipe-let categorie_membre_equipe-savoirs\" data-id=\"2511\" style=\"animation-delay:0.6s\">\r\n\t\t<div class=\"w-grid-item-h\">\r\n\t\t\t\t\t\t<div class=\"w-post-elm post_image usg_post_image_1 has_ratio\"><img decoding=\"async\" width=\"751\" height=\"968\" src=\"https:\/\/transitionencommun.org\/wp-content\/uploads\/2024\/12\/SophieLVanNesteMai2024.jpg\" class=\"attachment-large size-large wp-post-image\" alt=\"\" \/><div style=\"padding-bottom:100%\"><\/div><\/div><h5 class=\"w-post-elm post_title usg_post_title_1 style-h3 color_link_inherit\">Sophie Van Neste<\/h5><p class=\"w-post-elm post_custom_field usg_post_custom_field_1 type_text titre_du_poste_version_anglaise color_link_inherit\"><span class=\"w-post-elm-value\">Labo \u00c9quit\u00e9 Climat, INRS<\/span><\/p>\t\t<\/div>\r\n\t\t\t<\/article>\r\n\t<article class=\"w-grid-item us_animate_afb size_1x1 post-2579 membres_equipe type-membres_equipe status-publish has-post-thumbnail hentry categorie_membre_equipe-comite-orientation categorie_membre_equipe-comite-executif categorie_membre_equipe-let\" data-id=\"2579\" style=\"animation-delay:0.7s\">\r\n\t\t<div class=\"w-grid-item-h\">\r\n\t\t\t\t\t\t<div class=\"w-post-elm post_image usg_post_image_1 has_ratio\"><img decoding=\"async\" width=\"876\" height=\"1024\" src=\"https:\/\/transitionencommun.org\/wp-content\/uploads\/2024\/08\/karl-janelle-1-876x1024.jpg\" class=\"attachment-large size-large wp-post-image\" alt=\"\" \/><div style=\"padding-bottom:100%\"><\/div><\/div><h5 class=\"w-post-elm post_title usg_post_title_1 style-h3 color_link_inherit\">Karl Janelle<\/h5><p class=\"w-post-elm post_custom_field usg_post_custom_field_1 type_text titre_du_poste_version_anglaise color_link_inherit\"><span class=\"w-post-elm-value\">Coalition Climat Montr\u00e9al<\/span><\/p>\t\t<\/div>\r\n\t\t\t<\/article>\r\n\t<article class=\"w-grid-item us_animate_afb size_1x1 post-3707 membres_equipe type-membres_equipe status-publish has-post-thumbnail hentry categorie_membre_equipe-comite-orientation\" data-id=\"3707\" style=\"animation-delay:0s\">\r\n\t\t<div class=\"w-grid-item-h\">\r\n\t\t\t\t\t\t<div class=\"w-post-elm post_image usg_post_image_1 has_ratio\"><img decoding=\"async\" width=\"680\" height=\"1024\" src=\"https:\/\/transitionencommun.org\/wp-content\/uploads\/2024\/09\/Sarah2242-680x1024.jpg\" class=\"attachment-large size-large wp-post-image\" alt=\"\" \/><div style=\"padding-bottom:100%\"><\/div><\/div><h5 class=\"w-post-elm post_title usg_post_title_1 style-h3 color_link_inherit\">Marianne-Sarah Saulnier<\/h5><p class=\"w-post-elm post_custom_field usg_post_custom_field_1 type_text titre_du_poste_version_anglaise color_link_inherit\"><span class=\"w-post-elm-value\">Observatoire qu\u00e9b\u00e9cois des in\u00e9galit\u00e9s<\/span><\/p>\t\t<\/div>\r\n\t\t\t<\/article>\r\n\t<article class=\"w-grid-item us_animate_afb size_1x1 post-3766 membres_equipe type-membres_equipe status-publish has-post-thumbnail hentry categorie_membre_equipe-comite-orientation\" data-id=\"3766\" style=\"animation-delay:0.1s\">\r\n\t\t<div class=\"w-grid-item-h\">\r\n\t\t\t\t\t\t<div class=\"w-post-elm post_image usg_post_image_1 has_ratio\"><img decoding=\"async\" width=\"229\" height=\"246\" src=\"https:\/\/transitionencommun.org\/wp-content\/uploads\/2024\/09\/cleliaSeve-1-e1733154277809.jpg\" class=\"attachment-large size-large wp-post-image\" alt=\"\" \/><div style=\"padding-bottom:100%\"><\/div><\/div><h5 class=\"w-post-elm post_title usg_post_title_1 style-h3 color_link_inherit\">Cl\u00e9lia S\u00e8ve<\/h5><p class=\"w-post-elm post_custom_field usg_post_custom_field_1 type_text titre_du_poste_version_anglaise color_link_inherit\"><span class=\"w-post-elm-value\">Regroupement des \u00c9co-quartiers<\/span><\/p>\t\t<\/div>\r\n\t\t\t<\/article>\r\n\t<article class=\"w-grid-item us_animate_afb size_1x1 post-4440 membres_equipe type-membres_equipe status-publish has-post-thumbnail hentry categorie_membre_equipe-comite-orientation\" data-id=\"4440\" style=\"animation-delay:0.2s\">\r\n\t\t<div class=\"w-grid-item-h\">\r\n\t\t\t\t\t\t<div class=\"w-post-elm post_image usg_post_image_1 has_ratio\"><img decoding=\"async\" width=\"1024\" height=\"1024\" src=\"https:\/\/transitionencommun.org\/wp-content\/uploads\/2024\/12\/Christoph-Stamm-1-e1733161603348-1024x1024.jpg\" class=\"attachment-large size-large wp-post-image\" alt=\"\" \/><div style=\"padding-bottom:100%\"><\/div><\/div><h5 class=\"w-post-elm post_title usg_post_title_1 style-h3 color_link_inherit\">Christoph Stamm<\/h5><p class=\"w-post-elm post_custom_field usg_post_custom_field_1 type_text titre_du_poste_version_anglaise color_link_inherit\"><span class=\"w-post-elm-value\">Une monnaie pour Montr\u00e9al<\/span><\/p>\t\t<\/div>\r\n\t\t\t<\/article>\r\n\t<article class=\"w-grid-item us_animate_afb size_1x1 post-4453 membres_equipe type-membres_equipe status-publish has-post-thumbnail hentry categorie_membre_equipe-comite-orientation\" data-id=\"4453\" style=\"animation-delay:0.3s\">\r\n\t\t<div class=\"w-grid-item-h\">\r\n\t\t\t\t\t\t<div class=\"w-post-elm post_image usg_post_image_1 has_ratio\"><img decoding=\"async\" width=\"774\" height=\"651\" src=\"https:\/\/transitionencommun.org\/wp-content\/uploads\/2024\/12\/GaelleGenereux.png\" class=\"attachment-large size-large wp-post-image\" alt=\"\" \/><div style=\"padding-bottom:100%\"><\/div><\/div><h5 class=\"w-post-elm post_title usg_post_title_1 style-h3 color_link_inherit\">Ga\u00eblle G\u00e9n\u00e9reux<\/h5><p class=\"w-post-elm post_custom_field usg_post_custom_field_1 type_text titre_du_poste_version_anglaise color_link_inherit\"><span class=\"w-post-elm-value\">PME MTL Centre-Est<\/span><\/p>\t\t<\/div>\r\n\t\t\t<\/article>\r\n\t<article class=\"w-grid-item us_animate_afb size_1x1 post-4506 membres_equipe type-membres_equipe status-publish has-post-thumbnail hentry categorie_membre_equipe-comite-orientation categorie_membre_equipe-justice-environnementale\" data-id=\"4506\" style=\"animation-delay:0.4s\">\r\n\t\t<div class=\"w-grid-item-h\">\r\n\t\t\t\t\t\t<div class=\"w-post-elm post_image usg_post_image_1 has_ratio\"><img decoding=\"async\" width=\"400\" height=\"400\" src=\"https:\/\/transitionencommun.org\/wp-content\/uploads\/2024\/12\/lea_ilardo_1080-400x400-1.png\" class=\"attachment-large size-large wp-post-image\" alt=\"\" \/><div style=\"padding-bottom:100%\"><\/div><\/div><h5 class=\"w-post-elm post_title usg_post_title_1 style-h3 color_link_inherit\">L\u00e9a Illardo<\/h5><p class=\"w-post-elm post_custom_field usg_post_custom_field_1 type_text titre_du_poste_version_anglaise color_link_inherit\"><span class=\"w-post-elm-value\">\u00c9clore<\/span><\/p>\t\t<\/div>\r\n\t\t\t<\/article>\r\n\t<article class=\"w-grid-item us_animate_afb size_1x1 post-4510 membres_equipe type-membres_equipe status-publish has-post-thumbnail hentry categorie_membre_equipe-comite-orientation\" data-id=\"4510\" style=\"animation-delay:0.5s\">\r\n\t\t<div class=\"w-grid-item-h\">\r\n\t\t\t\t\t\t<div class=\"w-post-elm post_image usg_post_image_1 has_ratio\"><img decoding=\"async\" width=\"839\" height=\"1024\" src=\"https:\/\/transitionencommun.org\/wp-content\/uploads\/2024\/12\/Justine_Ballon_HEC_5801_5X7-1-e1733159321571-839x1024.jpg\" class=\"attachment-large size-large wp-post-image\" alt=\"\" \/><div style=\"padding-bottom:100%\"><\/div><\/div><h5 class=\"w-post-elm post_title usg_post_title_1 style-h3 color_link_inherit\">Justine Ballon<\/h5><p class=\"w-post-elm post_custom_field usg_post_custom_field_1 type_text titre_du_poste_version_anglaise color_link_inherit\"><span class=\"w-post-elm-value\">Institut international des coop\u00e9ratives Alphonse et Dorim\u00e8ne Desjardins, HEC Montr\u00e9al<\/span><\/p>\t\t<\/div>\r\n\t\t\t<\/article>\r\n\t<article class=\"w-grid-item us_animate_afb size_1x1 post-4515 membres_equipe type-membres_equipe status-publish has-post-thumbnail hentry categorie_membre_equipe-comite-orientation\" data-id=\"4515\" style=\"animation-delay:0.6s\">\r\n\t\t<div class=\"w-grid-item-h\">\r\n\t\t\t\t\t\t<div class=\"w-post-elm post_image usg_post_image_1 has_ratio\"><img decoding=\"async\" width=\"343\" height=\"343\" src=\"https:\/\/transitionencommun.org\/wp-content\/uploads\/2024\/12\/SidneyRibaux.jpg\" class=\"attachment-large size-large wp-post-image\" alt=\"\" \/><div style=\"padding-bottom:100%\"><\/div><\/div><h5 class=\"w-post-elm post_title usg_post_title_1 style-h3 color_link_inherit\">Sidney Ribaux<\/h5><p class=\"w-post-elm post_custom_field usg_post_custom_field_1 type_text titre_du_poste_version_anglaise color_link_inherit\"><span class=\"w-post-elm-value\">Bureau de la transition \u00e9cologique et de la r\u00e9silience Ville de Montr\u00e9al (BTER)<\/span><\/p>\t\t<\/div>\r\n\t\t\t<\/article>\r\n\t<article class=\"w-grid-item us_animate_afb size_1x1 post-4518 membres_equipe type-membres_equipe status-publish has-post-thumbnail hentry categorie_membre_equipe-comite-orientation\" data-id=\"4518\" style=\"animation-delay:0.7s\">\r\n\t\t<div class=\"w-grid-item-h\">\r\n\t\t\t\t\t\t<div class=\"w-post-elm post_image usg_post_image_1 has_ratio\"><img decoding=\"async\" width=\"400\" height=\"400\" src=\"https:\/\/transitionencommun.org\/wp-content\/uploads\/2024\/12\/JustineDesbiens.jpg\" class=\"attachment-large size-large wp-post-image\" alt=\"\" \/><div style=\"padding-bottom:100%\"><\/div><\/div><h5 class=\"w-post-elm post_title usg_post_title_1 style-h3 color_link_inherit\">Justine Desbiens<\/h5><p class=\"w-post-elm post_custom_field usg_post_custom_field_1 type_text titre_du_poste_version_anglaise color_link_inherit\"><span class=\"w-post-elm-value\">Arrondissement Le Sud-Ouest <\/span><\/p>\t\t<\/div>\r\n\t\t\t<\/article>\r\n\t<article class=\"w-grid-item us_animate_afb size_1x1 post-4842 membres_equipe type-membres_equipe status-publish has-post-thumbnail hentry categorie_membre_equipe-comite-orientation\" data-id=\"4842\" style=\"animation-delay:0s\">\r\n\t\t<div class=\"w-grid-item-h\">\r\n\t\t\t\t\t\t<div class=\"w-post-elm post_image usg_post_image_1 has_ratio\"><img decoding=\"async\" width=\"200\" height=\"200\" src=\"https:\/\/transitionencommun.org\/wp-content\/uploads\/2025\/01\/pascal-lacasse.jpg\" class=\"attachment-large size-large wp-post-image\" alt=\"\" \/><div style=\"padding-bottom:100%\"><\/div><\/div><h5 class=\"w-post-elm post_title usg_post_title_1 style-h3 color_link_inherit\">Pascal Lacasse<\/h5><p class=\"w-post-elm post_custom_field usg_post_custom_field_1 type_text titre_du_poste_version_anglaise color_link_inherit\"><span class=\"w-post-elm-value\">Service de l\u2019urbanisme et de la mobilit\u00e9 - Ville de Montr\u00e9al<\/span><\/p>\t\t<\/div>\r\n\t\t\t<\/article>\r\n\t<article class=\"w-grid-item us_animate_afb size_1x1 post-4858 membres_equipe type-membres_equipe status-publish has-post-thumbnail hentry categorie_membre_equipe-comite-orientation\" data-id=\"4858\" style=\"animation-delay:0.1s\">\r\n\t\t<div class=\"w-grid-item-h\">\r\n\t\t\t\t\t\t<div class=\"w-post-elm post_image usg_post_image_1 has_ratio\"><img decoding=\"async\" width=\"181\" height=\"190\" src=\"https:\/\/transitionencommun.org\/wp-content\/uploads\/2025\/02\/ToniaDiG-e1741025527977.jpg\" class=\"attachment-large size-large wp-post-image\" alt=\"\" \/><div style=\"padding-bottom:100%\"><\/div><\/div><h5 class=\"w-post-elm post_title usg_post_title_1 style-h3 color_link_inherit\">Tonia Di Guglielmo<\/h5><p class=\"w-post-elm post_custom_field usg_post_custom_field_1 type_text titre_du_poste_version_anglaise color_link_inherit\"><span class=\"w-post-elm-value\">Arrondissement de Montr\u00e9al-Nord<\/span><\/p>\t\t<\/div>\r\n\t\t\t<\/article>\r\n\t<article class=\"w-grid-item us_animate_afb size_1x1 post-4866 membres_equipe type-membres_equipe status-publish has-post-thumbnail hentry categorie_membre_equipe-comite-orientation categorie_membre_equipe-demotorisation\" data-id=\"4866\" style=\"animation-delay:0.2s\">\r\n\t\t<div class=\"w-grid-item-h\">\r\n\t\t\t\t\t\t<div class=\"w-post-elm post_image usg_post_image_1 has_ratio\"><img decoding=\"async\" width=\"599\" height=\"599\" src=\"https:\/\/transitionencommun.org\/wp-content\/uploads\/2025\/02\/theophilH-coopcarbone.jpeg\" class=\"attachment-large size-large wp-post-image\" alt=\"\" \/><div style=\"padding-bottom:100%\"><\/div><\/div><h5 class=\"w-post-elm post_title usg_post_title_1 style-h3 color_link_inherit\">Theophil Haberstroh<\/h5><p class=\"w-post-elm post_custom_field usg_post_custom_field_1 type_text titre_du_poste_version_anglaise color_link_inherit\"><span class=\"w-post-elm-value\">Coop Carbone<\/span><\/p>\t\t<\/div>\r\n\t\t\t<\/article>\r\n\t<article class=\"w-grid-item us_animate_afb size_1x1 post-5581 membres_equipe type-membres_equipe status-publish has-post-thumbnail hentry categorie_membre_equipe-comite-orientation\" data-id=\"5581\" style=\"animation-delay:0.3s\">\r\n\t\t<div class=\"w-grid-item-h\">\r\n\t\t\t\t\t\t<div class=\"w-post-elm post_image usg_post_image_1 has_ratio\"><img decoding=\"async\" width=\"277\" height=\"327\" src=\"https:\/\/transitionencommun.org\/wp-content\/uploads\/2025\/06\/AM-Aubert.png\" class=\"attachment-large size-large wp-post-image\" alt=\"\" \/><div style=\"padding-bottom:100%\"><\/div><\/div><h5 class=\"w-post-elm post_title usg_post_title_1 style-h3 color_link_inherit\">Anne-Marie Aubert<\/h5><p class=\"w-post-elm post_custom_field usg_post_custom_field_1 type_text titre_du_poste_version_anglaise color_link_inherit\"><span class=\"w-post-elm-value\">Conseil du syst\u00e8me alimentaire montr\u00e9alais<\/span><\/p>\t\t<\/div>\r\n\t\t\t<\/article>\r\n\t<article class=\"w-grid-item us_animate_afb size_1x1 post-6039 membres_equipe type-membres_equipe status-publish has-post-thumbnail hentry categorie_membre_equipe-comite-orientation\" data-id=\"6039\" style=\"animation-delay:0.4s\">\r\n\t\t<div class=\"w-grid-item-h\">\r\n\t\t\t\t\t\t<div class=\"w-post-elm post_image usg_post_image_1 has_ratio\"><img decoding=\"async\" width=\"800\" height=\"800\" src=\"https:\/\/transitionencommun.org\/wp-content\/uploads\/2025\/09\/marineThomas.jpg\" class=\"attachment-large size-large wp-post-image\" alt=\"\" \/><div style=\"padding-bottom:100%\"><\/div><\/div><h5 class=\"w-post-elm post_title usg_post_title_1 style-h3 color_link_inherit\">Marine Thomas<\/h5><p class=\"w-post-elm post_custom_field usg_post_custom_field_1 type_text titre_du_poste_version_anglaise color_link_inherit\"><span class=\"w-post-elm-value\">Partenariat Climat Montr\u00e9al<\/span><\/p>\t\t<\/div>\r\n\t\t\t<\/article>\r\n\t<article class=\"w-grid-item us_animate_afb size_1x1 post-6119 membres_equipe type-membres_equipe status-publish has-post-thumbnail hentry categorie_membre_equipe-comite-orientation categorie_membre_equipe-justice-environnementale\" data-id=\"6119\" style=\"animation-delay:0.5s\">\r\n\t\t<div class=\"w-grid-item-h\">\r\n\t\t\t\t\t\t<div class=\"w-post-elm post_image usg_post_image_1 has_ratio\"><img decoding=\"async\" width=\"683\" height=\"1024\" src=\"https:\/\/transitionencommun.org\/wp-content\/uploads\/2025\/11\/B.-Manai_Photo-683x1024.jpg\" class=\"attachment-large size-large wp-post-image\" alt=\"\" \/><div style=\"padding-bottom:100%\"><\/div><\/div><h5 class=\"w-post-elm post_title usg_post_title_1 style-h3 color_link_inherit\">Bochra Mana\u00ef<\/h5><p class=\"w-post-elm post_custom_field usg_post_custom_field_1 type_text titre_du_poste_version_anglaise color_link_inherit\"><span class=\"w-post-elm-value\">City of Montreal - Commissionaires Office<\/span><\/p>\t\t<\/div>\r\n\t\t\t<\/article>\r\n\t<article class=\"w-grid-item us_animate_afb size_1x1 post-6211 membres_equipe type-membres_equipe status-publish has-post-thumbnail hentry categorie_membre_equipe-comite-orientation\" data-id=\"6211\" style=\"animation-delay:0.6s\">\r\n\t\t<div class=\"w-grid-item-h\">\r\n\t\t\t\t\t\t<div class=\"w-post-elm post_image usg_post_image_1 has_ratio\"><img decoding=\"async\" width=\"800\" height=\"800\" src=\"https:\/\/transitionencommun.org\/wp-content\/uploads\/2025\/11\/Alexandra-Nadeau-1.jpg\" class=\"attachment-large size-large wp-post-image\" alt=\"\" \/><div style=\"padding-bottom:100%\"><\/div><\/div><h5 class=\"w-post-elm post_title usg_post_title_1 style-h3 color_link_inherit\">Alexandra Nadeau<\/h5><p class=\"w-post-elm post_custom_field usg_post_custom_field_1 type_text titre_du_poste_version_anglaise color_link_inherit\"><span class=\"w-post-elm-value\">CERS\u00c9 - Centre d'\u00e9tude en responsabilit\u00e9 sociale et \u00e9cocitoyennet\u00e9 (CCTT)<\/span><\/p>\t\t<\/div>\r\n\t\t\t<\/article>\r\n\t<article class=\"w-grid-item us_animate_afb size_1x1 post-6304 membres_equipe type-membres_equipe status-publish has-post-thumbnail hentry categorie_membre_equipe-comite-orientation\" data-id=\"6304\" style=\"animation-delay:0.7s\">\r\n\t\t<div class=\"w-grid-item-h\">\r\n\t\t\t\t\t\t<div class=\"w-post-elm post_image usg_post_image_1 has_ratio\"><img decoding=\"async\" width=\"351\" height=\"325\" src=\"https:\/\/transitionencommun.org\/wp-content\/uploads\/2025\/11\/CassAnna.jpg\" class=\"attachment-large size-large wp-post-image\" alt=\"\" \/><div style=\"padding-bottom:100%\"><\/div><\/div><h5 class=\"w-post-elm post_title usg_post_title_1 style-h3 color_link_inherit\">Ana\u00efs Houde\/Cassandre Charbonneau<\/h5><p class=\"w-post-elm post_custom_field usg_post_custom_field_1 type_text titre_du_poste_version_anglaise color_link_inherit\"><span class=\"w-post-elm-value\">Mobilisation 6600 Parc-Nature MHM<\/span><\/p>\t\t<\/div>\r\n\t\t\t<\/article>\r\n\t<article class=\"w-grid-item us_animate_afb size_1x1 post-6216 membres_equipe type-membres_equipe status-publish has-post-thumbnail hentry categorie_membre_equipe-comite-orientation\" data-id=\"6216\" style=\"animation-delay:0s\">\r\n\t\t<div class=\"w-grid-item-h\">\r\n\t\t\t\t\t\t<div class=\"w-post-elm post_image usg_post_image_1 has_ratio\"><img decoding=\"async\" width=\"1024\" height=\"898\" src=\"https:\/\/transitionencommun.org\/wp-content\/uploads\/2025\/11\/Denises-Veilleux-COmite-citoyen-resilience-aine-1-1024x898.jpg\" class=\"attachment-large size-large wp-post-image\" alt=\"\" \/><div style=\"padding-bottom:100%\"><\/div><\/div><h5 class=\"w-post-elm post_title usg_post_title_1 style-h3 color_link_inherit\">Denise Veilleux<\/h5><p class=\"w-post-elm post_custom_field usg_post_custom_field_1 type_text titre_du_poste_version_anglaise color_link_inherit\"><span class=\"w-post-elm-value\">Conseil citoyen du r\u00e9seau r\u00e9silience a\u00een\u00e9 de Montr\u00e9al<\/span><\/p>\t\t<\/div>\r\n\t\t\t<\/article>\r\n\t<article class=\"w-grid-item us_animate_afb size_1x1 post-6220 membres_equipe type-membres_equipe status-publish has-post-thumbnail hentry categorie_membre_equipe-comite-orientation\" data-id=\"6220\" style=\"animation-delay:0.1s\">\r\n\t\t<div class=\"w-grid-item-h\">\r\n\t\t\t\t\t\t<div class=\"w-post-elm post_image usg_post_image_1 has_ratio\"><img decoding=\"async\" width=\"200\" height=\"200\" src=\"https:\/\/transitionencommun.org\/wp-content\/uploads\/2025\/11\/JEanSebSuf.jpg\" class=\"attachment-large size-large wp-post-image\" alt=\"\" \/><div style=\"padding-bottom:100%\"><\/div><\/div><h5 class=\"w-post-elm post_title usg_post_title_1 style-h3 color_link_inherit\">Jean-S\u00e9bastien Dufresne<\/h5><p class=\"w-post-elm post_custom_field usg_post_custom_field_1 type_text titre_du_poste_version_anglaise color_link_inherit\"><span class=\"w-post-elm-value\">ICIELA Citizens Solidarity Network<\/span><\/p>\t\t<\/div>\r\n\t\t\t<\/article>\r\n\t<article class=\"w-grid-item us_animate_afb size_1x1 post-6298 membres_equipe type-membres_equipe status-publish has-post-thumbnail hentry categorie_membre_equipe-comite-orientation\" data-id=\"6298\" style=\"animation-delay:0.2s\">\r\n\t\t<div class=\"w-grid-item-h\">\r\n\t\t\t\t\t\t<div class=\"w-post-elm post_image usg_post_image_1 has_ratio\"><img decoding=\"async\" width=\"318\" height=\"373\" src=\"https:\/\/transitionencommun.org\/wp-content\/uploads\/2025\/11\/KarelLuap.jpg\" class=\"attachment-large size-large wp-post-image\" alt=\"\" \/><div style=\"padding-bottom:100%\"><\/div><\/div><h5 class=\"w-post-elm post_title usg_post_title_1 style-h3 color_link_inherit\">Karel Luap<\/h5><p class=\"w-post-elm post_custom_field usg_post_custom_field_1 type_text titre_du_poste_version_anglaise color_link_inherit\"><span class=\"w-post-elm-value\">Ville en vert<\/span><\/p>\t\t<\/div>\r\n\t\t\t<\/article>\r\n\t<article class=\"w-grid-item us_animate_afb size_1x1 post-6309 membres_equipe type-membres_equipe status-publish has-post-thumbnail hentry categorie_membre_equipe-comite-orientation\" data-id=\"6309\" style=\"animation-delay:0.3s\">\r\n\t\t<div class=\"w-grid-item-h\">\r\n\t\t\t\t\t\t<div class=\"w-post-elm post_image usg_post_image_1 has_ratio\"><img decoding=\"async\" width=\"381\" height=\"334\" src=\"https:\/\/transitionencommun.org\/wp-content\/uploads\/2025\/11\/jasbnciajsnc.jpg\" class=\"attachment-large size-large wp-post-image\" alt=\"\" \/><div style=\"padding-bottom:100%\"><\/div><\/div><h5 class=\"w-post-elm post_title usg_post_title_1 style-h3 color_link_inherit\">Louis-Philippe Lizotte\/Isabelle Gaudette<\/h5><p class=\"w-post-elm post_custom_field usg_post_custom_field_1 type_text titre_du_poste_version_anglaise color_link_inherit\"><span class=\"w-post-elm-value\">INM \/ CEUM<\/span><\/p>\t\t<\/div>\r\n\t\t\t<\/article>\r\n\t<article class=\"w-grid-item us_animate_afb size_1x1 post-6312 membres_equipe type-membres_equipe status-publish has-post-thumbnail hentry categorie_membre_equipe-comite-orientation\" data-id=\"6312\" style=\"animation-delay:0.4s\">\r\n\t\t<div class=\"w-grid-item-h\">\r\n\t\t\t\t\t\t<div class=\"w-post-elm post_image usg_post_image_1 has_ratio\"><img decoding=\"async\" width=\"375\" height=\"304\" src=\"https:\/\/transitionencommun.org\/wp-content\/uploads\/2025\/11\/ajscniajsncas.jpg\" class=\"attachment-large size-large wp-post-image\" alt=\"\" \/><div style=\"padding-bottom:100%\"><\/div><\/div><h5 class=\"w-post-elm post_title usg_post_title_1 style-h3 color_link_inherit\">Marguerite Mendell \/ Sylvain Lef\u00e8vre<\/h5><p class=\"w-post-elm post_custom_field usg_post_custom_field_1 type_text titre_du_poste_version_anglaise color_link_inherit\"><span class=\"w-post-elm-value\">Centre de recherche sur les innovations sociales (CRISES)<\/span><\/p>\t\t<\/div>\r\n\t\t\t<\/article>\r\n\t<article class=\"w-grid-item us_animate_afb size_1x1 post-6317 membres_equipe type-membres_equipe status-publish has-post-thumbnail hentry categorie_membre_equipe-comite-orientation\" data-id=\"6317\" style=\"animation-delay:0.5s\">\r\n\t\t<div class=\"w-grid-item-h\">\r\n\t\t\t\t\t\t<div class=\"w-post-elm post_image usg_post_image_1 has_ratio\"><img decoding=\"async\" width=\"360\" height=\"298\" src=\"https:\/\/transitionencommun.org\/wp-content\/uploads\/2025\/11\/Jsjnaisc.jpg\" class=\"attachment-large size-large wp-post-image\" alt=\"\" \/><div style=\"padding-bottom:100%\"><\/div><\/div><h5 class=\"w-post-elm post_title usg_post_title_1 style-h3 color_link_inherit\">Natana\u00ebl B\u00e9gin-Paul \/ Imany B\u00e9gin-Paul<\/h5><p class=\"w-post-elm post_custom_field usg_post_custom_field_1 type_text titre_du_poste_version_anglaise color_link_inherit\"><span class=\"w-post-elm-value\">Tshuapamitin<\/span><\/p>\t\t<\/div>\r\n\t\t\t<\/article>\r\n\t<article class=\"w-grid-item us_animate_afb size_1x1 post-6295 membres_equipe type-membres_equipe status-publish has-post-thumbnail hentry categorie_membre_equipe-comite-orientation\" data-id=\"6295\" style=\"animation-delay:0.6s\">\r\n\t\t<div class=\"w-grid-item-h\">\r\n\t\t\t\t\t\t<div class=\"w-post-elm post_image usg_post_image_1 has_ratio\"><img decoding=\"async\" width=\"372\" height=\"316\" src=\"https:\/\/transitionencommun.org\/wp-content\/uploads\/2025\/11\/Genevieve-Dube-e1763504762476.jpg\" class=\"attachment-large size-large wp-post-image\" alt=\"\" \/><div style=\"padding-bottom:100%\"><\/div><\/div><h5 class=\"w-post-elm post_title usg_post_title_1 style-h3 color_link_inherit\">Genevi\u00e8ve Dub\u00e9<\/h5><p class=\"w-post-elm post_custom_field usg_post_custom_field_1 type_text titre_du_poste_version_anglaise color_link_inherit\"><span class=\"w-post-elm-value\">Jardins pour tous<\/span><\/p>\t\t<\/div>\r\n\t\t\t<\/article>\r\n\t<article class=\"w-grid-item us_animate_afb size_1x1 post-6857 membres_equipe type-membres_equipe status-publish has-post-thumbnail hentry categorie_membre_equipe-comite-orientation\" data-id=\"6857\" style=\"animation-delay:0.7s\">\r\n\t\t<div class=\"w-grid-item-h\">\r\n\t\t\t\t\t\t<div class=\"w-post-elm post_image usg_post_image_1 has_ratio\"><img decoding=\"async\" width=\"920\" height=\"1024\" src=\"https:\/\/transitionencommun.org\/wp-content\/uploads\/2026\/03\/KevinDuBoisberranger-920x1024.jpg\" class=\"attachment-large size-large wp-post-image\" alt=\"\" \/><div style=\"padding-bottom:100%\"><\/div><\/div><h5 class=\"w-post-elm post_title usg_post_title_1 style-h3 color_link_inherit\">Kevin Du Boisberranger<\/h5><p class=\"w-post-elm post_custom_field usg_post_custom_field_1 type_text titre_du_poste_version_anglaise color_link_inherit\"><span class=\"w-post-elm-value\">Demain Verdun<\/span><\/p>\t\t<\/div>\r\n\t\t\t<\/article>\r\n<\/div>\t<div class=\"w-grid-preloader\">\r\n\t\t<div class=\"g-preloader type_1\">\r\n\t\t\t<div><\/div>\r\n\t\t<\/div>\r\n\t<\/div>\r\n\t\t<div class=\"w-grid-json hidden\" onclick='return {&quot;action&quot;:&quot;us_ajax_grid&quot;,&quot;infinite_scroll&quot;:0,&quot;max_num_pages&quot;:1,&quot;pagination&quot;:&quot;none&quot;,&quot;template_vars&quot;:{&quot;columns&quot;:&quot;4&quot;,&quot;exclude_items&quot;:&quot;none&quot;,&quot;img_size&quot;:&quot;default&quot;,&quot;ignore_items_size&quot;:0,&quot;items_layout&quot;:&quot;3871&quot;,&quot;items_offset&quot;:&quot;1&quot;,&quot;load_animation&quot;:&quot;afb&quot;,&quot;overriding_link&quot;:&quot;%7B%22url%22%3A%22%22%7D&quot;,&quot;post_id&quot;:3920,&quot;query_args&quot;:{&quot;post_type&quot;:[&quot;membres_equipe&quot;],&quot;tax_query&quot;:[{&quot;taxonomy&quot;:&quot;categorie_membre_equipe&quot;,&quot;field&quot;:&quot;slug&quot;,&quot;terms&quot;:[&quot;comite-orientation&quot;]}],&quot;post_status&quot;:[&quot;publish&quot;,&quot;acf-disabled&quot;],&quot;posts_per_page&quot;:&quot;50&quot;},&quot;orderby_query_args&quot;:{&quot;orderby&quot;:{&quot;date&quot;:&quot;ASC&quot;}},&quot;type&quot;:&quot;grid&quot;,&quot;us_grid_post_type&quot;:&quot;membres_equipe&quot;,&quot;us_grid_ajax_index&quot;:6,&quot;us_grid_filter_query_string&quot;:null,&quot;us_grid_index&quot;:6,&quot;page_args&quot;:[],&quot;lang&quot;:&quot;en&quot;}}'><\/div>\r\n\t<\/div><\/div><\/div><\/div><\/div><\/div><\/div><\/div><\/div><\/div><\/section>\n<\/div><\/div><\/div><\/div><\/div><\/div><div class=\"w-tabs-section\" id=\"n9f5\"><button type=\"button\" class=\"w-tabs-section-header\" aria-controls=\"content-n9f5\" aria-expanded=\"false\"><h3 class=\"w-tabs-section-title\">Support Centers<\/h3><div class=\"w-tabs-section-control\"><\/div><\/button><div  class=\"w-tabs-section-content\" id=\"content-n9f5\"><div class=\"w-tabs-section-content-h i-cf\"><div class=\"g-cols wpb_row inner-row-tab-img-left via_grid cols_custom laptops-cols_inherit tablets-cols_inherit mobiles-cols_1 valign_top type_default stacking_default\" style=\"--columns-gap:3rem;--custom-columns:2.5fr 3.5fr 6fr \"><div class=\"wpb_column vc_column_container\"><div class=\"vc_column-inner\"><div class=\"w-image us_custom_02c2953a has_aspect_ratio align_none\"><div class=\"w-image-h\"><img decoding=\"async\" width=\"1024\" height=\"768\" src=\"https:\/\/transitionencommun.org\/wp-content\/uploads\/2024\/08\/capture-decran-le-2023-11-17-a-0941232189-1_compWeb-1024x768.png\" class=\"attachment-large size-large\" alt=\"\" loading=\"lazy\" srcset=\"https:\/\/transitionencommun.org\/wp-content\/uploads\/2024\/08\/capture-decran-le-2023-11-17-a-0941232189-1_compWeb-1024x768.png 1024w, https:\/\/transitionencommun.org\/wp-content\/uploads\/2024\/08\/capture-decran-le-2023-11-17-a-0941232189-1_compWeb-300x225.png 300w, https:\/\/transitionencommun.org\/wp-content\/uploads\/2024\/08\/capture-decran-le-2023-11-17-a-0941232189-1_compWeb.png 1154w\" sizes=\"auto, (max-width: 1024px) 100vw, 1024px\" \/><\/div><\/div><\/div><\/div><div class=\"wpb_column vc_column_container\"><div class=\"vc_column-inner\"><div class=\"wpb_text_column\"><div class=\"wpb_wrapper\"><h3>Justice, Equity, Diversity, Inclusion (JEDI)<\/h3>\n<\/div><\/div><div class=\"w-separator size_medium\"><\/div><div class=\"wpb_text_column\"><div class=\"wpb_wrapper\"><p>The JEDI division ensures that the alliance keeps social justice issues at the center of its deliberations at all times. While the alliance must engage in a process of self-reflection\u2014acknowledging the biases inherent in the traditional environmental movement\u2014it is our duty to make every possible effort to achieve a transition that leaves no one behind.<\/p>\n<\/div><\/div><\/div><\/div><div class=\"wpb_column vc_column_container\"><div class=\"vc_column-inner\"><section class=\"l-section wpb_row us_custom_b6a72ce1 height_medium\"><div class=\"l-section-h i-cf\"><div class=\"g-cols vc_row via_grid cols_1 laptops-cols_inherit tablets-cols_inherit mobiles-cols_1 valign_top type_default stacking_default\"><div class=\"wpb_column vc_column_container\"><div class=\"vc_column-inner\"><div class=\"w-tabs accordeon-membres accordion toggle_style_1 has_scrolling\" style=\"--sections-title-size:inherit;--sections-gap:0.5rem;\"><div class=\"w-tabs-sections titles-align_none icon_plus cpos_right\"><div class=\"w-tabs-section\" id=\"p036\"><button type=\"button\" class=\"w-tabs-section-header\" aria-controls=\"content-p036\" aria-expanded=\"false\"><h4 class=\"w-tabs-section-title\">Members<\/h4><div class=\"w-tabs-section-control\"><\/div><\/button><div  class=\"w-tabs-section-content\" id=\"content-p036\"><div class=\"w-tabs-section-content-h i-cf\"><div class=\"w-grid us_grid membres-grid type_grid layout_3871 cols_4 preload_style_spinner with_css_animation\" id=\"us_grid_7\" style=\"--columns:4;--gap:1.5rem;\" data-filterable=\"true\"><style>@media (max-width:1380px){#us_grid_7{--columns:3!important}}@media (max-width:1024px){#us_grid_7{--columns:2!important}}@media (max-width:600px){#us_grid_7{--columns:1!important}}<\/style><div class=\"w-grid-list\">\t<article class=\"w-grid-item us_animate_afb size_1x1 post-2486 membres_equipe type-membres_equipe status-publish has-post-thumbnail hentry categorie_membre_equipe-comite-orientation categorie_membre_equipe-economies-en-transition\" data-id=\"2486\" style=\"animation-delay:0s\">\r\n\t\t<div class=\"w-grid-item-h\">\r\n\t\t\t\t\t\t<div class=\"w-post-elm post_image usg_post_image_1 has_ratio\"><img decoding=\"async\" width=\"665\" height=\"740\" src=\"https:\/\/transitionencommun.org\/wp-content\/uploads\/2024\/12\/anyle-cote-cesim-3-e1733159092479.jpg\" class=\"attachment-large size-large wp-post-image\" alt=\"\" \/><div style=\"padding-bottom:100%\"><\/div><\/div><h5 class=\"w-post-elm post_title usg_post_title_1 style-h3 color_link_inherit\">Anyle C\u00f4t\u00e9<\/h5><p class=\"w-post-elm post_custom_field usg_post_custom_field_1 type_text titre_du_poste_version_anglaise color_link_inherit\"><span class=\"w-post-elm-value\">Conseil d'\u00e9conomie sociale de l'\u00eele de Montr\u00e9al (CESIM)<\/span><\/p>\t\t<\/div>\r\n\t\t\t<\/article>\r\n\t<article class=\"w-grid-item us_animate_afb size_1x1 post-2487 membres_equipe type-membres_equipe status-publish has-post-thumbnail hentry categorie_membre_equipe-comite-orientation categorie_membre_equipe-demotorisation\" data-id=\"2487\" style=\"animation-delay:0.1s\">\r\n\t\t<div class=\"w-grid-item-h\">\r\n\t\t\t\t\t\t<div class=\"w-post-elm post_image usg_post_image_1 has_ratio\"><img decoding=\"async\" width=\"315\" height=\"360\" src=\"https:\/\/transitionencommun.org\/wp-content\/uploads\/2024\/08\/BR-e1733159187461.jpg\" class=\"attachment-large size-large wp-post-image\" alt=\"\" \/><div style=\"padding-bottom:100%\"><\/div><\/div><h5 class=\"w-post-elm post_title usg_post_title_1 style-h3 color_link_inherit\">Blaise R\u00e9millard<\/h5><p class=\"w-post-elm post_custom_field usg_post_custom_field_1 type_text titre_du_poste_version_anglaise color_link_inherit\"><span class=\"w-post-elm-value\">Conseil r\u00e9gional de l'environnement de Montr\u00e9al (CRE)<\/span><\/p>\t\t<\/div>\r\n\t\t\t<\/article>\r\n\t<article class=\"w-grid-item us_animate_afb size_1x1 post-2488 membres_equipe type-membres_equipe status-publish has-post-thumbnail hentry categorie_membre_equipe-comite-orientation\" data-id=\"2488\" style=\"animation-delay:0.2s\">\r\n\t\t<div class=\"w-grid-item-h\">\r\n\t\t\t\t\t\t<div class=\"w-post-elm post_image usg_post_image_1 has_ratio\"><img decoding=\"async\" width=\"500\" height=\"500\" src=\"https:\/\/transitionencommun.org\/wp-content\/uploads\/2024\/08\/CD.jpg\" class=\"attachment-large size-large wp-post-image\" alt=\"\" \/><div style=\"padding-bottom:100%\"><\/div><\/div><h5 class=\"w-post-elm post_title usg_post_title_1 style-h3 color_link_inherit\">Christophe Derrien<\/h5>\t\t<\/div>\r\n\t\t\t<\/article>\r\n\t<article class=\"w-grid-item us_animate_afb size_1x1 post-2490 membres_equipe type-membres_equipe status-publish has-post-thumbnail hentry categorie_membre_equipe-comite-orientation categorie_membre_equipe-comite-executif categorie_membre_equipe-justice-environnementale\" data-id=\"2490\" style=\"animation-delay:0.3s\">\r\n\t\t<div class=\"w-grid-item-h\">\r\n\t\t\t\t\t\t<div class=\"w-post-elm post_image usg_post_image_1 has_ratio\"><img decoding=\"async\" width=\"220\" height=\"220\" src=\"https:\/\/transitionencommun.org\/wp-content\/uploads\/2024\/08\/DK.jpg\" class=\"attachment-large size-large wp-post-image\" alt=\"\" \/><div style=\"padding-bottom:100%\"><\/div><\/div><h5 class=\"w-post-elm post_title usg_post_title_1 style-h3 color_link_inherit\">David Kaiser<\/h5><p class=\"w-post-elm post_custom_field usg_post_custom_field_1 type_text titre_du_poste_version_anglaise color_link_inherit\"><span class=\"w-post-elm-value\">Direction r\u00e9gionale de sant\u00e9 publique de Montr\u00e9al<\/span><\/p>\t\t<\/div>\r\n\t\t\t<\/article>\r\n\t<article class=\"w-grid-item us_animate_afb size_1x1 post-2493 membres_equipe type-membres_equipe status-publish has-post-thumbnail hentry categorie_membre_equipe-comite-orientation\" data-id=\"2493\" style=\"animation-delay:0.4s\">\r\n\t\t<div class=\"w-grid-item-h\">\r\n\t\t\t\t\t\t<div class=\"w-post-elm post_image usg_post_image_1 has_ratio\"><img decoding=\"async\" width=\"674\" height=\"460\" src=\"https:\/\/transitionencommun.org\/wp-content\/uploads\/2024\/12\/emmanuellehebert-674x460-1.png\" class=\"attachment-large size-large wp-post-image\" alt=\"\" \/><div style=\"padding-bottom:100%\"><\/div><\/div><h5 class=\"w-post-elm post_title usg_post_title_1 style-h3 color_link_inherit\">Emmanuelle H\u00e9bert<\/h5><p class=\"w-post-elm post_custom_field usg_post_custom_field_1 type_text titre_du_poste_version_anglaise color_link_inherit\"><span class=\"w-post-elm-value\">Culture Montr\u00e9al<\/span><\/p>\t\t<\/div>\r\n\t\t\t<\/article>\r\n\t<article class=\"w-grid-item us_animate_afb size_1x1 post-2498 membres_equipe type-membres_equipe status-publish has-post-thumbnail hentry categorie_membre_equipe-comite-orientation categorie_membre_equipe-comite-executif categorie_membre_equipe-espace-quartiers categorie_membre_equipe-justice-environnementale\" data-id=\"2498\" style=\"animation-delay:0.5s\">\r\n\t\t<div class=\"w-grid-item-h\">\r\n\t\t\t\t\t\t<div class=\"w-post-elm post_image usg_post_image_1 has_ratio\"><img decoding=\"async\" width=\"846\" height=\"1024\" src=\"https:\/\/transitionencommun.org\/wp-content\/uploads\/2024\/12\/joakim-lemieux-moCA-8999-scaled-e1733159275743-846x1024.jpg\" class=\"attachment-large size-large wp-post-image\" alt=\"\" \/><div style=\"padding-bottom:100%\"><\/div><\/div><h5 class=\"w-post-elm post_title usg_post_title_1 style-h3 color_link_inherit\">Joakim Lemieux<\/h5><p class=\"w-post-elm post_custom_field usg_post_custom_field_1 type_text titre_du_poste_version_anglaise color_link_inherit\"><span class=\"w-post-elm-value\">Coalition montr\u00e9alaises des Tables de quartier (CMTQ)<\/span><\/p>\t\t<\/div>\r\n\t\t\t<\/article>\r\n\t<article class=\"w-grid-item us_animate_afb size_1x1 post-2511 membres_equipe type-membres_equipe status-publish has-post-thumbnail hentry categorie_membre_equipe-collectif-resilience categorie_membre_equipe-comite-orientation categorie_membre_equipe-justice-environnementale categorie_membre_equipe-let categorie_membre_equipe-savoirs\" data-id=\"2511\" style=\"animation-delay:0.6s\">\r\n\t\t<div class=\"w-grid-item-h\">\r\n\t\t\t\t\t\t<div class=\"w-post-elm post_image usg_post_image_1 has_ratio\"><img decoding=\"async\" width=\"751\" height=\"968\" src=\"https:\/\/transitionencommun.org\/wp-content\/uploads\/2024\/12\/SophieLVanNesteMai2024.jpg\" class=\"attachment-large size-large wp-post-image\" alt=\"\" \/><div style=\"padding-bottom:100%\"><\/div><\/div><h5 class=\"w-post-elm post_title usg_post_title_1 style-h3 color_link_inherit\">Sophie Van Neste<\/h5><p class=\"w-post-elm post_custom_field usg_post_custom_field_1 type_text titre_du_poste_version_anglaise color_link_inherit\"><span class=\"w-post-elm-value\">Labo \u00c9quit\u00e9 Climat, INRS<\/span><\/p>\t\t<\/div>\r\n\t\t\t<\/article>\r\n\t<article class=\"w-grid-item us_animate_afb size_1x1 post-2579 membres_equipe type-membres_equipe status-publish has-post-thumbnail hentry categorie_membre_equipe-comite-orientation categorie_membre_equipe-comite-executif categorie_membre_equipe-let\" data-id=\"2579\" style=\"animation-delay:0.7s\">\r\n\t\t<div class=\"w-grid-item-h\">\r\n\t\t\t\t\t\t<div class=\"w-post-elm post_image usg_post_image_1 has_ratio\"><img decoding=\"async\" width=\"876\" height=\"1024\" src=\"https:\/\/transitionencommun.org\/wp-content\/uploads\/2024\/08\/karl-janelle-1-876x1024.jpg\" class=\"attachment-large size-large wp-post-image\" alt=\"\" \/><div style=\"padding-bottom:100%\"><\/div><\/div><h5 class=\"w-post-elm post_title usg_post_title_1 style-h3 color_link_inherit\">Karl Janelle<\/h5><p class=\"w-post-elm post_custom_field usg_post_custom_field_1 type_text titre_du_poste_version_anglaise color_link_inherit\"><span class=\"w-post-elm-value\">Coalition Climat Montr\u00e9al<\/span><\/p>\t\t<\/div>\r\n\t\t\t<\/article>\r\n\t<article class=\"w-grid-item us_animate_afb size_1x1 post-3707 membres_equipe type-membres_equipe status-publish has-post-thumbnail hentry categorie_membre_equipe-comite-orientation\" data-id=\"3707\" style=\"animation-delay:0s\">\r\n\t\t<div class=\"w-grid-item-h\">\r\n\t\t\t\t\t\t<div class=\"w-post-elm post_image usg_post_image_1 has_ratio\"><img decoding=\"async\" width=\"680\" height=\"1024\" src=\"https:\/\/transitionencommun.org\/wp-content\/uploads\/2024\/09\/Sarah2242-680x1024.jpg\" class=\"attachment-large size-large wp-post-image\" alt=\"\" \/><div style=\"padding-bottom:100%\"><\/div><\/div><h5 class=\"w-post-elm post_title usg_post_title_1 style-h3 color_link_inherit\">Marianne-Sarah Saulnier<\/h5><p class=\"w-post-elm post_custom_field usg_post_custom_field_1 type_text titre_du_poste_version_anglaise color_link_inherit\"><span class=\"w-post-elm-value\">Observatoire qu\u00e9b\u00e9cois des in\u00e9galit\u00e9s<\/span><\/p>\t\t<\/div>\r\n\t\t\t<\/article>\r\n\t<article class=\"w-grid-item us_animate_afb size_1x1 post-3766 membres_equipe type-membres_equipe status-publish has-post-thumbnail hentry categorie_membre_equipe-comite-orientation\" data-id=\"3766\" style=\"animation-delay:0.1s\">\r\n\t\t<div class=\"w-grid-item-h\">\r\n\t\t\t\t\t\t<div class=\"w-post-elm post_image usg_post_image_1 has_ratio\"><img decoding=\"async\" width=\"229\" height=\"246\" src=\"https:\/\/transitionencommun.org\/wp-content\/uploads\/2024\/09\/cleliaSeve-1-e1733154277809.jpg\" class=\"attachment-large size-large wp-post-image\" alt=\"\" \/><div style=\"padding-bottom:100%\"><\/div><\/div><h5 class=\"w-post-elm post_title usg_post_title_1 style-h3 color_link_inherit\">Cl\u00e9lia S\u00e8ve<\/h5><p class=\"w-post-elm post_custom_field usg_post_custom_field_1 type_text titre_du_poste_version_anglaise color_link_inherit\"><span class=\"w-post-elm-value\">Regroupement des \u00c9co-quartiers<\/span><\/p>\t\t<\/div>\r\n\t\t\t<\/article>\r\n\t<article class=\"w-grid-item us_animate_afb size_1x1 post-4440 membres_equipe type-membres_equipe status-publish has-post-thumbnail hentry categorie_membre_equipe-comite-orientation\" data-id=\"4440\" style=\"animation-delay:0.2s\">\r\n\t\t<div class=\"w-grid-item-h\">\r\n\t\t\t\t\t\t<div class=\"w-post-elm post_image usg_post_image_1 has_ratio\"><img decoding=\"async\" width=\"1024\" height=\"1024\" src=\"https:\/\/transitionencommun.org\/wp-content\/uploads\/2024\/12\/Christoph-Stamm-1-e1733161603348-1024x1024.jpg\" class=\"attachment-large size-large wp-post-image\" alt=\"\" \/><div style=\"padding-bottom:100%\"><\/div><\/div><h5 class=\"w-post-elm post_title usg_post_title_1 style-h3 color_link_inherit\">Christoph Stamm<\/h5><p class=\"w-post-elm post_custom_field usg_post_custom_field_1 type_text titre_du_poste_version_anglaise color_link_inherit\"><span class=\"w-post-elm-value\">Une monnaie pour Montr\u00e9al<\/span><\/p>\t\t<\/div>\r\n\t\t\t<\/article>\r\n\t<article class=\"w-grid-item us_animate_afb size_1x1 post-4453 membres_equipe type-membres_equipe status-publish has-post-thumbnail hentry categorie_membre_equipe-comite-orientation\" data-id=\"4453\" style=\"animation-delay:0.3s\">\r\n\t\t<div class=\"w-grid-item-h\">\r\n\t\t\t\t\t\t<div class=\"w-post-elm post_image usg_post_image_1 has_ratio\"><img decoding=\"async\" width=\"774\" height=\"651\" src=\"https:\/\/transitionencommun.org\/wp-content\/uploads\/2024\/12\/GaelleGenereux.png\" class=\"attachment-large size-large wp-post-image\" alt=\"\" \/><div style=\"padding-bottom:100%\"><\/div><\/div><h5 class=\"w-post-elm post_title usg_post_title_1 style-h3 color_link_inherit\">Ga\u00eblle G\u00e9n\u00e9reux<\/h5><p class=\"w-post-elm post_custom_field usg_post_custom_field_1 type_text titre_du_poste_version_anglaise color_link_inherit\"><span class=\"w-post-elm-value\">PME MTL Centre-Est<\/span><\/p>\t\t<\/div>\r\n\t\t\t<\/article>\r\n\t<article class=\"w-grid-item us_animate_afb size_1x1 post-4506 membres_equipe type-membres_equipe status-publish has-post-thumbnail hentry categorie_membre_equipe-comite-orientation categorie_membre_equipe-justice-environnementale\" data-id=\"4506\" style=\"animation-delay:0.4s\">\r\n\t\t<div class=\"w-grid-item-h\">\r\n\t\t\t\t\t\t<div class=\"w-post-elm post_image usg_post_image_1 has_ratio\"><img decoding=\"async\" width=\"400\" height=\"400\" src=\"https:\/\/transitionencommun.org\/wp-content\/uploads\/2024\/12\/lea_ilardo_1080-400x400-1.png\" class=\"attachment-large size-large wp-post-image\" alt=\"\" \/><div style=\"padding-bottom:100%\"><\/div><\/div><h5 class=\"w-post-elm post_title usg_post_title_1 style-h3 color_link_inherit\">L\u00e9a Illardo<\/h5><p class=\"w-post-elm post_custom_field usg_post_custom_field_1 type_text titre_du_poste_version_anglaise color_link_inherit\"><span class=\"w-post-elm-value\">\u00c9clore<\/span><\/p>\t\t<\/div>\r\n\t\t\t<\/article>\r\n\t<article class=\"w-grid-item us_animate_afb size_1x1 post-4510 membres_equipe type-membres_equipe status-publish has-post-thumbnail hentry categorie_membre_equipe-comite-orientation\" data-id=\"4510\" style=\"animation-delay:0.5s\">\r\n\t\t<div class=\"w-grid-item-h\">\r\n\t\t\t\t\t\t<div class=\"w-post-elm post_image usg_post_image_1 has_ratio\"><img decoding=\"async\" width=\"839\" height=\"1024\" src=\"https:\/\/transitionencommun.org\/wp-content\/uploads\/2024\/12\/Justine_Ballon_HEC_5801_5X7-1-e1733159321571-839x1024.jpg\" class=\"attachment-large size-large wp-post-image\" alt=\"\" \/><div style=\"padding-bottom:100%\"><\/div><\/div><h5 class=\"w-post-elm post_title usg_post_title_1 style-h3 color_link_inherit\">Justine Ballon<\/h5><p class=\"w-post-elm post_custom_field usg_post_custom_field_1 type_text titre_du_poste_version_anglaise color_link_inherit\"><span class=\"w-post-elm-value\">Institut international des coop\u00e9ratives Alphonse et Dorim\u00e8ne Desjardins, HEC Montr\u00e9al<\/span><\/p>\t\t<\/div>\r\n\t\t\t<\/article>\r\n\t<article class=\"w-grid-item us_animate_afb size_1x1 post-4515 membres_equipe type-membres_equipe status-publish has-post-thumbnail hentry categorie_membre_equipe-comite-orientation\" data-id=\"4515\" style=\"animation-delay:0.6s\">\r\n\t\t<div class=\"w-grid-item-h\">\r\n\t\t\t\t\t\t<div class=\"w-post-elm post_image usg_post_image_1 has_ratio\"><img decoding=\"async\" width=\"343\" height=\"343\" src=\"https:\/\/transitionencommun.org\/wp-content\/uploads\/2024\/12\/SidneyRibaux.jpg\" class=\"attachment-large size-large wp-post-image\" alt=\"\" \/><div style=\"padding-bottom:100%\"><\/div><\/div><h5 class=\"w-post-elm post_title usg_post_title_1 style-h3 color_link_inherit\">Sidney Ribaux<\/h5><p class=\"w-post-elm post_custom_field usg_post_custom_field_1 type_text titre_du_poste_version_anglaise color_link_inherit\"><span class=\"w-post-elm-value\">Bureau de la transition \u00e9cologique et de la r\u00e9silience Ville de Montr\u00e9al (BTER)<\/span><\/p>\t\t<\/div>\r\n\t\t\t<\/article>\r\n\t<article class=\"w-grid-item us_animate_afb size_1x1 post-4518 membres_equipe type-membres_equipe status-publish has-post-thumbnail hentry categorie_membre_equipe-comite-orientation\" data-id=\"4518\" style=\"animation-delay:0.7s\">\r\n\t\t<div class=\"w-grid-item-h\">\r\n\t\t\t\t\t\t<div class=\"w-post-elm post_image usg_post_image_1 has_ratio\"><img decoding=\"async\" width=\"400\" height=\"400\" src=\"https:\/\/transitionencommun.org\/wp-content\/uploads\/2024\/12\/JustineDesbiens.jpg\" class=\"attachment-large size-large wp-post-image\" alt=\"\" \/><div style=\"padding-bottom:100%\"><\/div><\/div><h5 class=\"w-post-elm post_title usg_post_title_1 style-h3 color_link_inherit\">Justine Desbiens<\/h5><p class=\"w-post-elm post_custom_field usg_post_custom_field_1 type_text titre_du_poste_version_anglaise color_link_inherit\"><span class=\"w-post-elm-value\">Arrondissement Le Sud-Ouest <\/span><\/p>\t\t<\/div>\r\n\t\t\t<\/article>\r\n\t<article class=\"w-grid-item us_animate_afb size_1x1 post-4842 membres_equipe type-membres_equipe status-publish has-post-thumbnail hentry categorie_membre_equipe-comite-orientation\" data-id=\"4842\" style=\"animation-delay:0s\">\r\n\t\t<div class=\"w-grid-item-h\">\r\n\t\t\t\t\t\t<div class=\"w-post-elm post_image usg_post_image_1 has_ratio\"><img decoding=\"async\" width=\"200\" height=\"200\" src=\"https:\/\/transitionencommun.org\/wp-content\/uploads\/2025\/01\/pascal-lacasse.jpg\" class=\"attachment-large size-large wp-post-image\" alt=\"\" \/><div style=\"padding-bottom:100%\"><\/div><\/div><h5 class=\"w-post-elm post_title usg_post_title_1 style-h3 color_link_inherit\">Pascal Lacasse<\/h5><p class=\"w-post-elm post_custom_field usg_post_custom_field_1 type_text titre_du_poste_version_anglaise color_link_inherit\"><span class=\"w-post-elm-value\">Service de l\u2019urbanisme et de la mobilit\u00e9 - Ville de Montr\u00e9al<\/span><\/p>\t\t<\/div>\r\n\t\t\t<\/article>\r\n\t<article class=\"w-grid-item us_animate_afb size_1x1 post-4858 membres_equipe type-membres_equipe status-publish has-post-thumbnail hentry categorie_membre_equipe-comite-orientation\" data-id=\"4858\" style=\"animation-delay:0.1s\">\r\n\t\t<div class=\"w-grid-item-h\">\r\n\t\t\t\t\t\t<div class=\"w-post-elm post_image usg_post_image_1 has_ratio\"><img decoding=\"async\" width=\"181\" height=\"190\" src=\"https:\/\/transitionencommun.org\/wp-content\/uploads\/2025\/02\/ToniaDiG-e1741025527977.jpg\" class=\"attachment-large size-large wp-post-image\" alt=\"\" \/><div style=\"padding-bottom:100%\"><\/div><\/div><h5 class=\"w-post-elm post_title usg_post_title_1 style-h3 color_link_inherit\">Tonia Di Guglielmo<\/h5><p class=\"w-post-elm post_custom_field usg_post_custom_field_1 type_text titre_du_poste_version_anglaise color_link_inherit\"><span class=\"w-post-elm-value\">Arrondissement de Montr\u00e9al-Nord<\/span><\/p>\t\t<\/div>\r\n\t\t\t<\/article>\r\n\t<article class=\"w-grid-item us_animate_afb size_1x1 post-4866 membres_equipe type-membres_equipe status-publish has-post-thumbnail hentry categorie_membre_equipe-comite-orientation categorie_membre_equipe-demotorisation\" data-id=\"4866\" style=\"animation-delay:0.2s\">\r\n\t\t<div class=\"w-grid-item-h\">\r\n\t\t\t\t\t\t<div class=\"w-post-elm post_image usg_post_image_1 has_ratio\"><img decoding=\"async\" width=\"599\" height=\"599\" src=\"https:\/\/transitionencommun.org\/wp-content\/uploads\/2025\/02\/theophilH-coopcarbone.jpeg\" class=\"attachment-large size-large wp-post-image\" alt=\"\" \/><div style=\"padding-bottom:100%\"><\/div><\/div><h5 class=\"w-post-elm post_title usg_post_title_1 style-h3 color_link_inherit\">Theophil Haberstroh<\/h5><p class=\"w-post-elm post_custom_field usg_post_custom_field_1 type_text titre_du_poste_version_anglaise color_link_inherit\"><span class=\"w-post-elm-value\">Coop Carbone<\/span><\/p>\t\t<\/div>\r\n\t\t\t<\/article>\r\n\t<article class=\"w-grid-item us_animate_afb size_1x1 post-5581 membres_equipe type-membres_equipe status-publish has-post-thumbnail hentry categorie_membre_equipe-comite-orientation\" data-id=\"5581\" style=\"animation-delay:0.3s\">\r\n\t\t<div class=\"w-grid-item-h\">\r\n\t\t\t\t\t\t<div class=\"w-post-elm post_image usg_post_image_1 has_ratio\"><img decoding=\"async\" width=\"277\" height=\"327\" src=\"https:\/\/transitionencommun.org\/wp-content\/uploads\/2025\/06\/AM-Aubert.png\" class=\"attachment-large size-large wp-post-image\" alt=\"\" \/><div style=\"padding-bottom:100%\"><\/div><\/div><h5 class=\"w-post-elm post_title usg_post_title_1 style-h3 color_link_inherit\">Anne-Marie Aubert<\/h5><p class=\"w-post-elm post_custom_field usg_post_custom_field_1 type_text titre_du_poste_version_anglaise color_link_inherit\"><span class=\"w-post-elm-value\">Conseil du syst\u00e8me alimentaire montr\u00e9alais<\/span><\/p>\t\t<\/div>\r\n\t\t\t<\/article>\r\n\t<article class=\"w-grid-item us_animate_afb size_1x1 post-6039 membres_equipe type-membres_equipe status-publish has-post-thumbnail hentry categorie_membre_equipe-comite-orientation\" data-id=\"6039\" style=\"animation-delay:0.4s\">\r\n\t\t<div class=\"w-grid-item-h\">\r\n\t\t\t\t\t\t<div class=\"w-post-elm post_image usg_post_image_1 has_ratio\"><img decoding=\"async\" width=\"800\" height=\"800\" src=\"https:\/\/transitionencommun.org\/wp-content\/uploads\/2025\/09\/marineThomas.jpg\" class=\"attachment-large size-large wp-post-image\" alt=\"\" \/><div style=\"padding-bottom:100%\"><\/div><\/div><h5 class=\"w-post-elm post_title usg_post_title_1 style-h3 color_link_inherit\">Marine Thomas<\/h5><p class=\"w-post-elm post_custom_field usg_post_custom_field_1 type_text titre_du_poste_version_anglaise color_link_inherit\"><span class=\"w-post-elm-value\">Partenariat Climat Montr\u00e9al<\/span><\/p>\t\t<\/div>\r\n\t\t\t<\/article>\r\n\t<article class=\"w-grid-item us_animate_afb size_1x1 post-6119 membres_equipe type-membres_equipe status-publish has-post-thumbnail hentry categorie_membre_equipe-comite-orientation categorie_membre_equipe-justice-environnementale\" data-id=\"6119\" style=\"animation-delay:0.5s\">\r\n\t\t<div class=\"w-grid-item-h\">\r\n\t\t\t\t\t\t<div class=\"w-post-elm post_image usg_post_image_1 has_ratio\"><img decoding=\"async\" width=\"683\" height=\"1024\" src=\"https:\/\/transitionencommun.org\/wp-content\/uploads\/2025\/11\/B.-Manai_Photo-683x1024.jpg\" class=\"attachment-large size-large wp-post-image\" alt=\"\" \/><div style=\"padding-bottom:100%\"><\/div><\/div><h5 class=\"w-post-elm post_title usg_post_title_1 style-h3 color_link_inherit\">Bochra Mana\u00ef<\/h5><p class=\"w-post-elm post_custom_field usg_post_custom_field_1 type_text titre_du_poste_version_anglaise color_link_inherit\"><span class=\"w-post-elm-value\">City of Montreal - Commissionaires Office<\/span><\/p>\t\t<\/div>\r\n\t\t\t<\/article>\r\n\t<article class=\"w-grid-item us_animate_afb size_1x1 post-6211 membres_equipe type-membres_equipe status-publish has-post-thumbnail hentry categorie_membre_equipe-comite-orientation\" data-id=\"6211\" style=\"animation-delay:0.6s\">\r\n\t\t<div class=\"w-grid-item-h\">\r\n\t\t\t\t\t\t<div class=\"w-post-elm post_image usg_post_image_1 has_ratio\"><img decoding=\"async\" width=\"800\" height=\"800\" src=\"https:\/\/transitionencommun.org\/wp-content\/uploads\/2025\/11\/Alexandra-Nadeau-1.jpg\" class=\"attachment-large size-large wp-post-image\" alt=\"\" \/><div style=\"padding-bottom:100%\"><\/div><\/div><h5 class=\"w-post-elm post_title usg_post_title_1 style-h3 color_link_inherit\">Alexandra Nadeau<\/h5><p class=\"w-post-elm post_custom_field usg_post_custom_field_1 type_text titre_du_poste_version_anglaise color_link_inherit\"><span class=\"w-post-elm-value\">CERS\u00c9 - Centre d'\u00e9tude en responsabilit\u00e9 sociale et \u00e9cocitoyennet\u00e9 (CCTT)<\/span><\/p>\t\t<\/div>\r\n\t\t\t<\/article>\r\n\t<article class=\"w-grid-item us_animate_afb size_1x1 post-6304 membres_equipe type-membres_equipe status-publish has-post-thumbnail hentry categorie_membre_equipe-comite-orientation\" data-id=\"6304\" style=\"animation-delay:0.7s\">\r\n\t\t<div class=\"w-grid-item-h\">\r\n\t\t\t\t\t\t<div class=\"w-post-elm post_image usg_post_image_1 has_ratio\"><img decoding=\"async\" width=\"351\" height=\"325\" src=\"https:\/\/transitionencommun.org\/wp-content\/uploads\/2025\/11\/CassAnna.jpg\" class=\"attachment-large size-large wp-post-image\" alt=\"\" \/><div style=\"padding-bottom:100%\"><\/div><\/div><h5 class=\"w-post-elm post_title usg_post_title_1 style-h3 color_link_inherit\">Ana\u00efs Houde\/Cassandre Charbonneau<\/h5><p class=\"w-post-elm post_custom_field usg_post_custom_field_1 type_text titre_du_poste_version_anglaise color_link_inherit\"><span class=\"w-post-elm-value\">Mobilisation 6600 Parc-Nature MHM<\/span><\/p>\t\t<\/div>\r\n\t\t\t<\/article>\r\n\t<article class=\"w-grid-item us_animate_afb size_1x1 post-6216 membres_equipe type-membres_equipe status-publish has-post-thumbnail hentry categorie_membre_equipe-comite-orientation\" data-id=\"6216\" style=\"animation-delay:0s\">\r\n\t\t<div class=\"w-grid-item-h\">\r\n\t\t\t\t\t\t<div class=\"w-post-elm post_image usg_post_image_1 has_ratio\"><img decoding=\"async\" width=\"1024\" height=\"898\" src=\"https:\/\/transitionencommun.org\/wp-content\/uploads\/2025\/11\/Denises-Veilleux-COmite-citoyen-resilience-aine-1-1024x898.jpg\" class=\"attachment-large size-large wp-post-image\" alt=\"\" \/><div style=\"padding-bottom:100%\"><\/div><\/div><h5 class=\"w-post-elm post_title usg_post_title_1 style-h3 color_link_inherit\">Denise Veilleux<\/h5><p class=\"w-post-elm post_custom_field usg_post_custom_field_1 type_text titre_du_poste_version_anglaise color_link_inherit\"><span class=\"w-post-elm-value\">Conseil citoyen du r\u00e9seau r\u00e9silience a\u00een\u00e9 de Montr\u00e9al<\/span><\/p>\t\t<\/div>\r\n\t\t\t<\/article>\r\n\t<article class=\"w-grid-item us_animate_afb size_1x1 post-6220 membres_equipe type-membres_equipe status-publish has-post-thumbnail hentry categorie_membre_equipe-comite-orientation\" data-id=\"6220\" style=\"animation-delay:0.1s\">\r\n\t\t<div class=\"w-grid-item-h\">\r\n\t\t\t\t\t\t<div class=\"w-post-elm post_image usg_post_image_1 has_ratio\"><img decoding=\"async\" width=\"200\" height=\"200\" src=\"https:\/\/transitionencommun.org\/wp-content\/uploads\/2025\/11\/JEanSebSuf.jpg\" class=\"attachment-large size-large wp-post-image\" alt=\"\" \/><div style=\"padding-bottom:100%\"><\/div><\/div><h5 class=\"w-post-elm post_title usg_post_title_1 style-h3 color_link_inherit\">Jean-S\u00e9bastien Dufresne<\/h5><p class=\"w-post-elm post_custom_field usg_post_custom_field_1 type_text titre_du_poste_version_anglaise color_link_inherit\"><span class=\"w-post-elm-value\">ICIELA Citizens Solidarity Network<\/span><\/p>\t\t<\/div>\r\n\t\t\t<\/article>\r\n\t<article class=\"w-grid-item us_animate_afb size_1x1 post-6298 membres_equipe type-membres_equipe status-publish has-post-thumbnail hentry categorie_membre_equipe-comite-orientation\" data-id=\"6298\" style=\"animation-delay:0.2s\">\r\n\t\t<div class=\"w-grid-item-h\">\r\n\t\t\t\t\t\t<div class=\"w-post-elm post_image usg_post_image_1 has_ratio\"><img decoding=\"async\" width=\"318\" height=\"373\" src=\"https:\/\/transitionencommun.org\/wp-content\/uploads\/2025\/11\/KarelLuap.jpg\" class=\"attachment-large size-large wp-post-image\" alt=\"\" \/><div style=\"padding-bottom:100%\"><\/div><\/div><h5 class=\"w-post-elm post_title usg_post_title_1 style-h3 color_link_inherit\">Karel Luap<\/h5><p class=\"w-post-elm post_custom_field usg_post_custom_field_1 type_text titre_du_poste_version_anglaise color_link_inherit\"><span class=\"w-post-elm-value\">Ville en vert<\/span><\/p>\t\t<\/div>\r\n\t\t\t<\/article>\r\n\t<article class=\"w-grid-item us_animate_afb size_1x1 post-6309 membres_equipe type-membres_equipe status-publish has-post-thumbnail hentry categorie_membre_equipe-comite-orientation\" data-id=\"6309\" style=\"animation-delay:0.3s\">\r\n\t\t<div class=\"w-grid-item-h\">\r\n\t\t\t\t\t\t<div class=\"w-post-elm post_image usg_post_image_1 has_ratio\"><img decoding=\"async\" width=\"381\" height=\"334\" src=\"https:\/\/transitionencommun.org\/wp-content\/uploads\/2025\/11\/jasbnciajsnc.jpg\" class=\"attachment-large size-large wp-post-image\" alt=\"\" \/><div style=\"padding-bottom:100%\"><\/div><\/div><h5 class=\"w-post-elm post_title usg_post_title_1 style-h3 color_link_inherit\">Louis-Philippe Lizotte\/Isabelle Gaudette<\/h5><p class=\"w-post-elm post_custom_field usg_post_custom_field_1 type_text titre_du_poste_version_anglaise color_link_inherit\"><span class=\"w-post-elm-value\">INM \/ CEUM<\/span><\/p>\t\t<\/div>\r\n\t\t\t<\/article>\r\n\t<article class=\"w-grid-item us_animate_afb size_1x1 post-6312 membres_equipe type-membres_equipe status-publish has-post-thumbnail hentry categorie_membre_equipe-comite-orientation\" data-id=\"6312\" style=\"animation-delay:0.4s\">\r\n\t\t<div class=\"w-grid-item-h\">\r\n\t\t\t\t\t\t<div class=\"w-post-elm post_image usg_post_image_1 has_ratio\"><img decoding=\"async\" width=\"375\" height=\"304\" src=\"https:\/\/transitionencommun.org\/wp-content\/uploads\/2025\/11\/ajscniajsncas.jpg\" class=\"attachment-large size-large wp-post-image\" alt=\"\" \/><div style=\"padding-bottom:100%\"><\/div><\/div><h5 class=\"w-post-elm post_title usg_post_title_1 style-h3 color_link_inherit\">Marguerite Mendell \/ Sylvain Lef\u00e8vre<\/h5><p class=\"w-post-elm post_custom_field usg_post_custom_field_1 type_text titre_du_poste_version_anglaise color_link_inherit\"><span class=\"w-post-elm-value\">Centre de recherche sur les innovations sociales (CRISES)<\/span><\/p>\t\t<\/div>\r\n\t\t\t<\/article>\r\n\t<article class=\"w-grid-item us_animate_afb size_1x1 post-6317 membres_equipe type-membres_equipe status-publish has-post-thumbnail hentry categorie_membre_equipe-comite-orientation\" data-id=\"6317\" style=\"animation-delay:0.5s\">\r\n\t\t<div class=\"w-grid-item-h\">\r\n\t\t\t\t\t\t<div class=\"w-post-elm post_image usg_post_image_1 has_ratio\"><img decoding=\"async\" width=\"360\" height=\"298\" src=\"https:\/\/transitionencommun.org\/wp-content\/uploads\/2025\/11\/Jsjnaisc.jpg\" class=\"attachment-large size-large wp-post-image\" alt=\"\" \/><div style=\"padding-bottom:100%\"><\/div><\/div><h5 class=\"w-post-elm post_title usg_post_title_1 style-h3 color_link_inherit\">Natana\u00ebl B\u00e9gin-Paul \/ Imany B\u00e9gin-Paul<\/h5><p class=\"w-post-elm post_custom_field usg_post_custom_field_1 type_text titre_du_poste_version_anglaise color_link_inherit\"><span class=\"w-post-elm-value\">Tshuapamitin<\/span><\/p>\t\t<\/div>\r\n\t\t\t<\/article>\r\n\t<article class=\"w-grid-item us_animate_afb size_1x1 post-6295 membres_equipe type-membres_equipe status-publish has-post-thumbnail hentry categorie_membre_equipe-comite-orientation\" data-id=\"6295\" style=\"animation-delay:0.6s\">\r\n\t\t<div class=\"w-grid-item-h\">\r\n\t\t\t\t\t\t<div class=\"w-post-elm post_image usg_post_image_1 has_ratio\"><img decoding=\"async\" width=\"372\" height=\"316\" src=\"https:\/\/transitionencommun.org\/wp-content\/uploads\/2025\/11\/Genevieve-Dube-e1763504762476.jpg\" class=\"attachment-large size-large wp-post-image\" alt=\"\" \/><div style=\"padding-bottom:100%\"><\/div><\/div><h5 class=\"w-post-elm post_title usg_post_title_1 style-h3 color_link_inherit\">Genevi\u00e8ve Dub\u00e9<\/h5><p class=\"w-post-elm post_custom_field usg_post_custom_field_1 type_text titre_du_poste_version_anglaise color_link_inherit\"><span class=\"w-post-elm-value\">Jardins pour tous<\/span><\/p>\t\t<\/div>\r\n\t\t\t<\/article>\r\n\t<article class=\"w-grid-item us_animate_afb size_1x1 post-6857 membres_equipe type-membres_equipe status-publish has-post-thumbnail hentry categorie_membre_equipe-comite-orientation\" data-id=\"6857\" style=\"animation-delay:0.7s\">\r\n\t\t<div class=\"w-grid-item-h\">\r\n\t\t\t\t\t\t<div class=\"w-post-elm post_image usg_post_image_1 has_ratio\"><img decoding=\"async\" width=\"920\" height=\"1024\" src=\"https:\/\/transitionencommun.org\/wp-content\/uploads\/2026\/03\/KevinDuBoisberranger-920x1024.jpg\" class=\"attachment-large size-large wp-post-image\" alt=\"\" \/><div style=\"padding-bottom:100%\"><\/div><\/div><h5 class=\"w-post-elm post_title usg_post_title_1 style-h3 color_link_inherit\">Kevin Du Boisberranger<\/h5><p class=\"w-post-elm post_custom_field usg_post_custom_field_1 type_text titre_du_poste_version_anglaise color_link_inherit\"><span class=\"w-post-elm-value\">Demain Verdun<\/span><\/p>\t\t<\/div>\r\n\t\t\t<\/article>\r\n<\/div>\t<div class=\"w-grid-preloader\">\r\n\t\t<div class=\"g-preloader type_1\">\r\n\t\t\t<div><\/div>\r\n\t\t<\/div>\r\n\t<\/div>\r\n\t\t<div class=\"w-grid-json hidden\" onclick='return {&quot;action&quot;:&quot;us_ajax_grid&quot;,&quot;infinite_scroll&quot;:0,&quot;max_num_pages&quot;:1,&quot;pagination&quot;:&quot;none&quot;,&quot;template_vars&quot;:{&quot;columns&quot;:&quot;4&quot;,&quot;exclude_items&quot;:&quot;none&quot;,&quot;img_size&quot;:&quot;default&quot;,&quot;ignore_items_size&quot;:0,&quot;items_layout&quot;:&quot;3871&quot;,&quot;items_offset&quot;:&quot;1&quot;,&quot;load_animation&quot;:&quot;afb&quot;,&quot;overriding_link&quot;:&quot;%7B%22url%22%3A%22%22%7D&quot;,&quot;post_id&quot;:3920,&quot;query_args&quot;:{&quot;post_type&quot;:[&quot;membres_equipe&quot;],&quot;tax_query&quot;:[{&quot;taxonomy&quot;:&quot;categorie_membre_equipe&quot;,&quot;field&quot;:&quot;slug&quot;,&quot;terms&quot;:[&quot;comite-orientation&quot;]}],&quot;post_status&quot;:[&quot;publish&quot;,&quot;acf-disabled&quot;],&quot;posts_per_page&quot;:&quot;50&quot;},&quot;orderby_query_args&quot;:{&quot;orderby&quot;:{&quot;date&quot;:&quot;ASC&quot;}},&quot;type&quot;:&quot;grid&quot;,&quot;us_grid_post_type&quot;:&quot;membres_equipe&quot;,&quot;us_grid_ajax_index&quot;:7,&quot;us_grid_filter_query_string&quot;:null,&quot;us_grid_index&quot;:7,&quot;page_args&quot;:[],&quot;lang&quot;:&quot;en&quot;}}'><\/div>\r\n\t<\/div><\/div><\/div><\/div><\/div><\/div><\/div><\/div><\/div><\/div><\/section>\n<\/div><\/div><\/div><div class=\"w-separator size_custom\" style=\"height:var(--space-l-2xl)\"><\/div><div class=\"g-cols wpb_row inner-row-tab-img-right via_grid cols_custom laptops-cols_inherit tablets-cols_inherit mobiles-cols_1 valign_top type_default stacking_default\" style=\"--columns-gap:3rem;--custom-columns:3.5fr 2.5fr 6fr \"><div class=\"wpb_column vc_column_container\"><div class=\"vc_column-inner\"><div class=\"wpb_text_column\"><div class=\"wpb_wrapper\"><h3>Knowledge<\/h3>\n<\/div><\/div><div class=\"w-separator size_medium\"><\/div><div class=\"wpb_text_column\"><div class=\"wpb_wrapper\"><p>The Knowledge Hub ensures that civic, professional, activist, academic, and traditional knowledge are all valued in the alliance\u2019s deliberations. The cluster aims to bring these perspectives together, rejecting the authoritative tone of an \u201cexpert\u201d stance and offering a multidimensional view of the form that TSE should take.<\/p>\n<\/div><\/div><\/div><\/div><div class=\"wpb_column vc_column_container\"><div class=\"vc_column-inner\"><div class=\"w-image us_custom_02c2953a has_aspect_ratio align_none\"><div class=\"w-image-h\"><img decoding=\"async\" width=\"1024\" height=\"672\" src=\"https:\/\/transitionencommun.org\/wp-content\/uploads\/2024\/08\/Capture-decran-2024-06-19-164356_SuperCompWeb-1024x672.jpg\" class=\"attachment-large size-large\" alt=\"\" loading=\"lazy\" srcset=\"https:\/\/transitionencommun.org\/wp-content\/uploads\/2024\/08\/Capture-decran-2024-06-19-164356_SuperCompWeb-1024x672.jpg 1024w, https:\/\/transitionencommun.org\/wp-content\/uploads\/2024\/08\/Capture-decran-2024-06-19-164356_SuperCompWeb-300x197.jpg 300w, https:\/\/transitionencommun.org\/wp-content\/uploads\/2024\/08\/Capture-decran-2024-06-19-164356_SuperCompWeb.jpg 1935w\" sizes=\"auto, (max-width: 1024px) 100vw, 1024px\" \/><\/div><\/div><\/div><\/div><div class=\"wpb_column vc_column_container\"><div class=\"vc_column-inner\"><section class=\"l-section wpb_row us_custom_b6a72ce1 height_medium\"><div class=\"l-section-h i-cf\"><div class=\"g-cols vc_row via_grid cols_1 laptops-cols_inherit tablets-cols_inherit mobiles-cols_1 valign_top type_default stacking_default\"><div class=\"wpb_column vc_column_container\"><div class=\"vc_column-inner\"><div class=\"w-tabs accordeon-membres accordion toggle_style_1 has_scrolling\" style=\"--sections-title-size:inherit;--sections-gap:0.5rem;\"><div class=\"w-tabs-sections titles-align_none icon_plus cpos_right\"><div class=\"w-tabs-section\" id=\"f48c\"><button type=\"button\" class=\"w-tabs-section-header\" aria-controls=\"content-f48c\" aria-expanded=\"false\"><h4 class=\"w-tabs-section-title\">Members<\/h4><div class=\"w-tabs-section-control\"><\/div><\/button><div  class=\"w-tabs-section-content\" id=\"content-f48c\"><div class=\"w-tabs-section-content-h i-cf\"><div class=\"w-grid us_grid membres-grid type_grid layout_3871 cols_4 preload_style_spinner with_css_animation\" id=\"us_grid_8\" style=\"--columns:4;--gap:1.5rem;\" data-filterable=\"true\"><style>@media (max-width:1380px){#us_grid_8{--columns:3!important}}@media (max-width:1024px){#us_grid_8{--columns:2!important}}@media (max-width:600px){#us_grid_8{--columns:1!important}}<\/style><div class=\"w-grid-list\">\t<article class=\"w-grid-item us_animate_afb size_1x1 post-2486 membres_equipe type-membres_equipe status-publish has-post-thumbnail hentry categorie_membre_equipe-comite-orientation categorie_membre_equipe-economies-en-transition\" data-id=\"2486\" style=\"animation-delay:0s\">\r\n\t\t<div class=\"w-grid-item-h\">\r\n\t\t\t\t\t\t<div class=\"w-post-elm post_image usg_post_image_1 has_ratio\"><img decoding=\"async\" width=\"665\" height=\"740\" src=\"https:\/\/transitionencommun.org\/wp-content\/uploads\/2024\/12\/anyle-cote-cesim-3-e1733159092479.jpg\" class=\"attachment-large size-large wp-post-image\" alt=\"\" \/><div style=\"padding-bottom:100%\"><\/div><\/div><h5 class=\"w-post-elm post_title usg_post_title_1 style-h3 color_link_inherit\">Anyle C\u00f4t\u00e9<\/h5><p class=\"w-post-elm post_custom_field usg_post_custom_field_1 type_text titre_du_poste_version_anglaise color_link_inherit\"><span class=\"w-post-elm-value\">Conseil d'\u00e9conomie sociale de l'\u00eele de Montr\u00e9al (CESIM)<\/span><\/p>\t\t<\/div>\r\n\t\t\t<\/article>\r\n\t<article class=\"w-grid-item us_animate_afb size_1x1 post-2487 membres_equipe type-membres_equipe status-publish has-post-thumbnail hentry categorie_membre_equipe-comite-orientation categorie_membre_equipe-demotorisation\" data-id=\"2487\" style=\"animation-delay:0.1s\">\r\n\t\t<div class=\"w-grid-item-h\">\r\n\t\t\t\t\t\t<div class=\"w-post-elm post_image usg_post_image_1 has_ratio\"><img decoding=\"async\" width=\"315\" height=\"360\" src=\"https:\/\/transitionencommun.org\/wp-content\/uploads\/2024\/08\/BR-e1733159187461.jpg\" class=\"attachment-large size-large wp-post-image\" alt=\"\" \/><div style=\"padding-bottom:100%\"><\/div><\/div><h5 class=\"w-post-elm post_title usg_post_title_1 style-h3 color_link_inherit\">Blaise R\u00e9millard<\/h5><p class=\"w-post-elm post_custom_field usg_post_custom_field_1 type_text titre_du_poste_version_anglaise color_link_inherit\"><span class=\"w-post-elm-value\">Conseil r\u00e9gional de l'environnement de Montr\u00e9al (CRE)<\/span><\/p>\t\t<\/div>\r\n\t\t\t<\/article>\r\n\t<article class=\"w-grid-item us_animate_afb size_1x1 post-2488 membres_equipe type-membres_equipe status-publish has-post-thumbnail hentry categorie_membre_equipe-comite-orientation\" data-id=\"2488\" style=\"animation-delay:0.2s\">\r\n\t\t<div class=\"w-grid-item-h\">\r\n\t\t\t\t\t\t<div class=\"w-post-elm post_image usg_post_image_1 has_ratio\"><img decoding=\"async\" width=\"500\" height=\"500\" src=\"https:\/\/transitionencommun.org\/wp-content\/uploads\/2024\/08\/CD.jpg\" class=\"attachment-large size-large wp-post-image\" alt=\"\" \/><div style=\"padding-bottom:100%\"><\/div><\/div><h5 class=\"w-post-elm post_title usg_post_title_1 style-h3 color_link_inherit\">Christophe Derrien<\/h5>\t\t<\/div>\r\n\t\t\t<\/article>\r\n\t<article class=\"w-grid-item us_animate_afb size_1x1 post-2490 membres_equipe type-membres_equipe status-publish has-post-thumbnail hentry categorie_membre_equipe-comite-orientation categorie_membre_equipe-comite-executif categorie_membre_equipe-justice-environnementale\" data-id=\"2490\" style=\"animation-delay:0.3s\">\r\n\t\t<div class=\"w-grid-item-h\">\r\n\t\t\t\t\t\t<div class=\"w-post-elm post_image usg_post_image_1 has_ratio\"><img decoding=\"async\" width=\"220\" height=\"220\" src=\"https:\/\/transitionencommun.org\/wp-content\/uploads\/2024\/08\/DK.jpg\" class=\"attachment-large size-large wp-post-image\" alt=\"\" \/><div style=\"padding-bottom:100%\"><\/div><\/div><h5 class=\"w-post-elm post_title usg_post_title_1 style-h3 color_link_inherit\">David Kaiser<\/h5><p class=\"w-post-elm post_custom_field usg_post_custom_field_1 type_text titre_du_poste_version_anglaise color_link_inherit\"><span class=\"w-post-elm-value\">Direction r\u00e9gionale de sant\u00e9 publique de Montr\u00e9al<\/span><\/p>\t\t<\/div>\r\n\t\t\t<\/article>\r\n\t<article class=\"w-grid-item us_animate_afb size_1x1 post-2493 membres_equipe type-membres_equipe status-publish has-post-thumbnail hentry categorie_membre_equipe-comite-orientation\" data-id=\"2493\" style=\"animation-delay:0.4s\">\r\n\t\t<div class=\"w-grid-item-h\">\r\n\t\t\t\t\t\t<div class=\"w-post-elm post_image usg_post_image_1 has_ratio\"><img decoding=\"async\" width=\"674\" height=\"460\" src=\"https:\/\/transitionencommun.org\/wp-content\/uploads\/2024\/12\/emmanuellehebert-674x460-1.png\" class=\"attachment-large size-large wp-post-image\" alt=\"\" \/><div style=\"padding-bottom:100%\"><\/div><\/div><h5 class=\"w-post-elm post_title usg_post_title_1 style-h3 color_link_inherit\">Emmanuelle H\u00e9bert<\/h5><p class=\"w-post-elm post_custom_field usg_post_custom_field_1 type_text titre_du_poste_version_anglaise color_link_inherit\"><span class=\"w-post-elm-value\">Culture Montr\u00e9al<\/span><\/p>\t\t<\/div>\r\n\t\t\t<\/article>\r\n\t<article class=\"w-grid-item us_animate_afb size_1x1 post-2498 membres_equipe type-membres_equipe status-publish has-post-thumbnail hentry categorie_membre_equipe-comite-orientation categorie_membre_equipe-comite-executif categorie_membre_equipe-espace-quartiers categorie_membre_equipe-justice-environnementale\" data-id=\"2498\" style=\"animation-delay:0.5s\">\r\n\t\t<div class=\"w-grid-item-h\">\r\n\t\t\t\t\t\t<div class=\"w-post-elm post_image usg_post_image_1 has_ratio\"><img decoding=\"async\" width=\"846\" height=\"1024\" src=\"https:\/\/transitionencommun.org\/wp-content\/uploads\/2024\/12\/joakim-lemieux-moCA-8999-scaled-e1733159275743-846x1024.jpg\" class=\"attachment-large size-large wp-post-image\" alt=\"\" \/><div style=\"padding-bottom:100%\"><\/div><\/div><h5 class=\"w-post-elm post_title usg_post_title_1 style-h3 color_link_inherit\">Joakim Lemieux<\/h5><p class=\"w-post-elm post_custom_field usg_post_custom_field_1 type_text titre_du_poste_version_anglaise color_link_inherit\"><span class=\"w-post-elm-value\">Coalition montr\u00e9alaises des Tables de quartier (CMTQ)<\/span><\/p>\t\t<\/div>\r\n\t\t\t<\/article>\r\n\t<article class=\"w-grid-item us_animate_afb size_1x1 post-2511 membres_equipe type-membres_equipe status-publish has-post-thumbnail hentry categorie_membre_equipe-collectif-resilience categorie_membre_equipe-comite-orientation categorie_membre_equipe-justice-environnementale categorie_membre_equipe-let categorie_membre_equipe-savoirs\" data-id=\"2511\" style=\"animation-delay:0.6s\">\r\n\t\t<div class=\"w-grid-item-h\">\r\n\t\t\t\t\t\t<div class=\"w-post-elm post_image usg_post_image_1 has_ratio\"><img decoding=\"async\" width=\"751\" height=\"968\" src=\"https:\/\/transitionencommun.org\/wp-content\/uploads\/2024\/12\/SophieLVanNesteMai2024.jpg\" class=\"attachment-large size-large wp-post-image\" alt=\"\" \/><div style=\"padding-bottom:100%\"><\/div><\/div><h5 class=\"w-post-elm post_title usg_post_title_1 style-h3 color_link_inherit\">Sophie Van Neste<\/h5><p class=\"w-post-elm post_custom_field usg_post_custom_field_1 type_text titre_du_poste_version_anglaise color_link_inherit\"><span class=\"w-post-elm-value\">Labo \u00c9quit\u00e9 Climat, INRS<\/span><\/p>\t\t<\/div>\r\n\t\t\t<\/article>\r\n\t<article class=\"w-grid-item us_animate_afb size_1x1 post-2579 membres_equipe type-membres_equipe status-publish has-post-thumbnail hentry categorie_membre_equipe-comite-orientation categorie_membre_equipe-comite-executif categorie_membre_equipe-let\" data-id=\"2579\" style=\"animation-delay:0.7s\">\r\n\t\t<div class=\"w-grid-item-h\">\r\n\t\t\t\t\t\t<div class=\"w-post-elm post_image usg_post_image_1 has_ratio\"><img decoding=\"async\" width=\"876\" height=\"1024\" src=\"https:\/\/transitionencommun.org\/wp-content\/uploads\/2024\/08\/karl-janelle-1-876x1024.jpg\" class=\"attachment-large size-large wp-post-image\" alt=\"\" \/><div style=\"padding-bottom:100%\"><\/div><\/div><h5 class=\"w-post-elm post_title usg_post_title_1 style-h3 color_link_inherit\">Karl Janelle<\/h5><p class=\"w-post-elm post_custom_field usg_post_custom_field_1 type_text titre_du_poste_version_anglaise color_link_inherit\"><span class=\"w-post-elm-value\">Coalition Climat Montr\u00e9al<\/span><\/p>\t\t<\/div>\r\n\t\t\t<\/article>\r\n\t<article class=\"w-grid-item us_animate_afb size_1x1 post-3707 membres_equipe type-membres_equipe status-publish has-post-thumbnail hentry categorie_membre_equipe-comite-orientation\" data-id=\"3707\" style=\"animation-delay:0s\">\r\n\t\t<div class=\"w-grid-item-h\">\r\n\t\t\t\t\t\t<div class=\"w-post-elm post_image usg_post_image_1 has_ratio\"><img decoding=\"async\" width=\"680\" height=\"1024\" src=\"https:\/\/transitionencommun.org\/wp-content\/uploads\/2024\/09\/Sarah2242-680x1024.jpg\" class=\"attachment-large size-large wp-post-image\" alt=\"\" \/><div style=\"padding-bottom:100%\"><\/div><\/div><h5 class=\"w-post-elm post_title usg_post_title_1 style-h3 color_link_inherit\">Marianne-Sarah Saulnier<\/h5><p class=\"w-post-elm post_custom_field usg_post_custom_field_1 type_text titre_du_poste_version_anglaise color_link_inherit\"><span class=\"w-post-elm-value\">Observatoire qu\u00e9b\u00e9cois des in\u00e9galit\u00e9s<\/span><\/p>\t\t<\/div>\r\n\t\t\t<\/article>\r\n\t<article class=\"w-grid-item us_animate_afb size_1x1 post-3766 membres_equipe type-membres_equipe status-publish has-post-thumbnail hentry categorie_membre_equipe-comite-orientation\" data-id=\"3766\" style=\"animation-delay:0.1s\">\r\n\t\t<div class=\"w-grid-item-h\">\r\n\t\t\t\t\t\t<div class=\"w-post-elm post_image usg_post_image_1 has_ratio\"><img decoding=\"async\" width=\"229\" height=\"246\" src=\"https:\/\/transitionencommun.org\/wp-content\/uploads\/2024\/09\/cleliaSeve-1-e1733154277809.jpg\" class=\"attachment-large size-large wp-post-image\" alt=\"\" \/><div style=\"padding-bottom:100%\"><\/div><\/div><h5 class=\"w-post-elm post_title usg_post_title_1 style-h3 color_link_inherit\">Cl\u00e9lia S\u00e8ve<\/h5><p class=\"w-post-elm post_custom_field usg_post_custom_field_1 type_text titre_du_poste_version_anglaise color_link_inherit\"><span class=\"w-post-elm-value\">Regroupement des \u00c9co-quartiers<\/span><\/p>\t\t<\/div>\r\n\t\t\t<\/article>\r\n\t<article class=\"w-grid-item us_animate_afb size_1x1 post-4440 membres_equipe type-membres_equipe status-publish has-post-thumbnail hentry categorie_membre_equipe-comite-orientation\" data-id=\"4440\" style=\"animation-delay:0.2s\">\r\n\t\t<div class=\"w-grid-item-h\">\r\n\t\t\t\t\t\t<div class=\"w-post-elm post_image usg_post_image_1 has_ratio\"><img decoding=\"async\" width=\"1024\" height=\"1024\" src=\"https:\/\/transitionencommun.org\/wp-content\/uploads\/2024\/12\/Christoph-Stamm-1-e1733161603348-1024x1024.jpg\" class=\"attachment-large size-large wp-post-image\" alt=\"\" \/><div style=\"padding-bottom:100%\"><\/div><\/div><h5 class=\"w-post-elm post_title usg_post_title_1 style-h3 color_link_inherit\">Christoph Stamm<\/h5><p class=\"w-post-elm post_custom_field usg_post_custom_field_1 type_text titre_du_poste_version_anglaise color_link_inherit\"><span class=\"w-post-elm-value\">Une monnaie pour Montr\u00e9al<\/span><\/p>\t\t<\/div>\r\n\t\t\t<\/article>\r\n\t<article class=\"w-grid-item us_animate_afb size_1x1 post-4453 membres_equipe type-membres_equipe status-publish has-post-thumbnail hentry categorie_membre_equipe-comite-orientation\" data-id=\"4453\" style=\"animation-delay:0.3s\">\r\n\t\t<div class=\"w-grid-item-h\">\r\n\t\t\t\t\t\t<div class=\"w-post-elm post_image usg_post_image_1 has_ratio\"><img decoding=\"async\" width=\"774\" height=\"651\" src=\"https:\/\/transitionencommun.org\/wp-content\/uploads\/2024\/12\/GaelleGenereux.png\" class=\"attachment-large size-large wp-post-image\" alt=\"\" \/><div style=\"padding-bottom:100%\"><\/div><\/div><h5 class=\"w-post-elm post_title usg_post_title_1 style-h3 color_link_inherit\">Ga\u00eblle G\u00e9n\u00e9reux<\/h5><p class=\"w-post-elm post_custom_field usg_post_custom_field_1 type_text titre_du_poste_version_anglaise color_link_inherit\"><span class=\"w-post-elm-value\">PME MTL Centre-Est<\/span><\/p>\t\t<\/div>\r\n\t\t\t<\/article>\r\n\t<article class=\"w-grid-item us_animate_afb size_1x1 post-4506 membres_equipe type-membres_equipe status-publish has-post-thumbnail hentry categorie_membre_equipe-comite-orientation categorie_membre_equipe-justice-environnementale\" data-id=\"4506\" style=\"animation-delay:0.4s\">\r\n\t\t<div class=\"w-grid-item-h\">\r\n\t\t\t\t\t\t<div class=\"w-post-elm post_image usg_post_image_1 has_ratio\"><img decoding=\"async\" width=\"400\" height=\"400\" src=\"https:\/\/transitionencommun.org\/wp-content\/uploads\/2024\/12\/lea_ilardo_1080-400x400-1.png\" class=\"attachment-large size-large wp-post-image\" alt=\"\" \/><div style=\"padding-bottom:100%\"><\/div><\/div><h5 class=\"w-post-elm post_title usg_post_title_1 style-h3 color_link_inherit\">L\u00e9a Illardo<\/h5><p class=\"w-post-elm post_custom_field usg_post_custom_field_1 type_text titre_du_poste_version_anglaise color_link_inherit\"><span class=\"w-post-elm-value\">\u00c9clore<\/span><\/p>\t\t<\/div>\r\n\t\t\t<\/article>\r\n\t<article class=\"w-grid-item us_animate_afb size_1x1 post-4510 membres_equipe type-membres_equipe status-publish has-post-thumbnail hentry categorie_membre_equipe-comite-orientation\" data-id=\"4510\" style=\"animation-delay:0.5s\">\r\n\t\t<div class=\"w-grid-item-h\">\r\n\t\t\t\t\t\t<div class=\"w-post-elm post_image usg_post_image_1 has_ratio\"><img decoding=\"async\" width=\"839\" height=\"1024\" src=\"https:\/\/transitionencommun.org\/wp-content\/uploads\/2024\/12\/Justine_Ballon_HEC_5801_5X7-1-e1733159321571-839x1024.jpg\" class=\"attachment-large size-large wp-post-image\" alt=\"\" \/><div style=\"padding-bottom:100%\"><\/div><\/div><h5 class=\"w-post-elm post_title usg_post_title_1 style-h3 color_link_inherit\">Justine Ballon<\/h5><p class=\"w-post-elm post_custom_field usg_post_custom_field_1 type_text titre_du_poste_version_anglaise color_link_inherit\"><span class=\"w-post-elm-value\">Institut international des coop\u00e9ratives Alphonse et Dorim\u00e8ne Desjardins, HEC Montr\u00e9al<\/span><\/p>\t\t<\/div>\r\n\t\t\t<\/article>\r\n\t<article class=\"w-grid-item us_animate_afb size_1x1 post-4515 membres_equipe type-membres_equipe status-publish has-post-thumbnail hentry categorie_membre_equipe-comite-orientation\" data-id=\"4515\" style=\"animation-delay:0.6s\">\r\n\t\t<div class=\"w-grid-item-h\">\r\n\t\t\t\t\t\t<div class=\"w-post-elm post_image usg_post_image_1 has_ratio\"><img decoding=\"async\" width=\"343\" height=\"343\" src=\"https:\/\/transitionencommun.org\/wp-content\/uploads\/2024\/12\/SidneyRibaux.jpg\" class=\"attachment-large size-large wp-post-image\" alt=\"\" \/><div style=\"padding-bottom:100%\"><\/div><\/div><h5 class=\"w-post-elm post_title usg_post_title_1 style-h3 color_link_inherit\">Sidney Ribaux<\/h5><p class=\"w-post-elm post_custom_field usg_post_custom_field_1 type_text titre_du_poste_version_anglaise color_link_inherit\"><span class=\"w-post-elm-value\">Bureau de la transition \u00e9cologique et de la r\u00e9silience Ville de Montr\u00e9al (BTER)<\/span><\/p>\t\t<\/div>\r\n\t\t\t<\/article>\r\n\t<article class=\"w-grid-item us_animate_afb size_1x1 post-4518 membres_equipe type-membres_equipe status-publish has-post-thumbnail hentry categorie_membre_equipe-comite-orientation\" data-id=\"4518\" style=\"animation-delay:0.7s\">\r\n\t\t<div class=\"w-grid-item-h\">\r\n\t\t\t\t\t\t<div class=\"w-post-elm post_image usg_post_image_1 has_ratio\"><img decoding=\"async\" width=\"400\" height=\"400\" src=\"https:\/\/transitionencommun.org\/wp-content\/uploads\/2024\/12\/JustineDesbiens.jpg\" class=\"attachment-large size-large wp-post-image\" alt=\"\" \/><div style=\"padding-bottom:100%\"><\/div><\/div><h5 class=\"w-post-elm post_title usg_post_title_1 style-h3 color_link_inherit\">Justine Desbiens<\/h5><p class=\"w-post-elm post_custom_field usg_post_custom_field_1 type_text titre_du_poste_version_anglaise color_link_inherit\"><span class=\"w-post-elm-value\">Arrondissement Le Sud-Ouest <\/span><\/p>\t\t<\/div>\r\n\t\t\t<\/article>\r\n\t<article class=\"w-grid-item us_animate_afb size_1x1 post-4842 membres_equipe type-membres_equipe status-publish has-post-thumbnail hentry categorie_membre_equipe-comite-orientation\" data-id=\"4842\" style=\"animation-delay:0s\">\r\n\t\t<div class=\"w-grid-item-h\">\r\n\t\t\t\t\t\t<div class=\"w-post-elm post_image usg_post_image_1 has_ratio\"><img decoding=\"async\" width=\"200\" height=\"200\" src=\"https:\/\/transitionencommun.org\/wp-content\/uploads\/2025\/01\/pascal-lacasse.jpg\" class=\"attachment-large size-large wp-post-image\" alt=\"\" \/><div style=\"padding-bottom:100%\"><\/div><\/div><h5 class=\"w-post-elm post_title usg_post_title_1 style-h3 color_link_inherit\">Pascal Lacasse<\/h5><p class=\"w-post-elm post_custom_field usg_post_custom_field_1 type_text titre_du_poste_version_anglaise color_link_inherit\"><span class=\"w-post-elm-value\">Service de l\u2019urbanisme et de la mobilit\u00e9 - Ville de Montr\u00e9al<\/span><\/p>\t\t<\/div>\r\n\t\t\t<\/article>\r\n\t<article class=\"w-grid-item us_animate_afb size_1x1 post-4858 membres_equipe type-membres_equipe status-publish has-post-thumbnail hentry categorie_membre_equipe-comite-orientation\" data-id=\"4858\" style=\"animation-delay:0.1s\">\r\n\t\t<div class=\"w-grid-item-h\">\r\n\t\t\t\t\t\t<div class=\"w-post-elm post_image usg_post_image_1 has_ratio\"><img decoding=\"async\" width=\"181\" height=\"190\" src=\"https:\/\/transitionencommun.org\/wp-content\/uploads\/2025\/02\/ToniaDiG-e1741025527977.jpg\" class=\"attachment-large size-large wp-post-image\" alt=\"\" \/><div style=\"padding-bottom:100%\"><\/div><\/div><h5 class=\"w-post-elm post_title usg_post_title_1 style-h3 color_link_inherit\">Tonia Di Guglielmo<\/h5><p class=\"w-post-elm post_custom_field usg_post_custom_field_1 type_text titre_du_poste_version_anglaise color_link_inherit\"><span class=\"w-post-elm-value\">Arrondissement de Montr\u00e9al-Nord<\/span><\/p>\t\t<\/div>\r\n\t\t\t<\/article>\r\n\t<article class=\"w-grid-item us_animate_afb size_1x1 post-4866 membres_equipe type-membres_equipe status-publish has-post-thumbnail hentry categorie_membre_equipe-comite-orientation categorie_membre_equipe-demotorisation\" data-id=\"4866\" style=\"animation-delay:0.2s\">\r\n\t\t<div class=\"w-grid-item-h\">\r\n\t\t\t\t\t\t<div class=\"w-post-elm post_image usg_post_image_1 has_ratio\"><img decoding=\"async\" width=\"599\" height=\"599\" src=\"https:\/\/transitionencommun.org\/wp-content\/uploads\/2025\/02\/theophilH-coopcarbone.jpeg\" class=\"attachment-large size-large wp-post-image\" alt=\"\" \/><div style=\"padding-bottom:100%\"><\/div><\/div><h5 class=\"w-post-elm post_title usg_post_title_1 style-h3 color_link_inherit\">Theophil Haberstroh<\/h5><p class=\"w-post-elm post_custom_field usg_post_custom_field_1 type_text titre_du_poste_version_anglaise color_link_inherit\"><span class=\"w-post-elm-value\">Coop Carbone<\/span><\/p>\t\t<\/div>\r\n\t\t\t<\/article>\r\n\t<article class=\"w-grid-item us_animate_afb size_1x1 post-5581 membres_equipe type-membres_equipe status-publish has-post-thumbnail hentry categorie_membre_equipe-comite-orientation\" data-id=\"5581\" style=\"animation-delay:0.3s\">\r\n\t\t<div class=\"w-grid-item-h\">\r\n\t\t\t\t\t\t<div class=\"w-post-elm post_image usg_post_image_1 has_ratio\"><img decoding=\"async\" width=\"277\" height=\"327\" src=\"https:\/\/transitionencommun.org\/wp-content\/uploads\/2025\/06\/AM-Aubert.png\" class=\"attachment-large size-large wp-post-image\" alt=\"\" \/><div style=\"padding-bottom:100%\"><\/div><\/div><h5 class=\"w-post-elm post_title usg_post_title_1 style-h3 color_link_inherit\">Anne-Marie Aubert<\/h5><p class=\"w-post-elm post_custom_field usg_post_custom_field_1 type_text titre_du_poste_version_anglaise color_link_inherit\"><span class=\"w-post-elm-value\">Conseil du syst\u00e8me alimentaire montr\u00e9alais<\/span><\/p>\t\t<\/div>\r\n\t\t\t<\/article>\r\n\t<article class=\"w-grid-item us_animate_afb size_1x1 post-6039 membres_equipe type-membres_equipe status-publish has-post-thumbnail hentry categorie_membre_equipe-comite-orientation\" data-id=\"6039\" style=\"animation-delay:0.4s\">\r\n\t\t<div class=\"w-grid-item-h\">\r\n\t\t\t\t\t\t<div class=\"w-post-elm post_image usg_post_image_1 has_ratio\"><img decoding=\"async\" width=\"800\" height=\"800\" src=\"https:\/\/transitionencommun.org\/wp-content\/uploads\/2025\/09\/marineThomas.jpg\" class=\"attachment-large size-large wp-post-image\" alt=\"\" \/><div style=\"padding-bottom:100%\"><\/div><\/div><h5 class=\"w-post-elm post_title usg_post_title_1 style-h3 color_link_inherit\">Marine Thomas<\/h5><p class=\"w-post-elm post_custom_field usg_post_custom_field_1 type_text titre_du_poste_version_anglaise color_link_inherit\"><span class=\"w-post-elm-value\">Partenariat Climat Montr\u00e9al<\/span><\/p>\t\t<\/div>\r\n\t\t\t<\/article>\r\n\t<article class=\"w-grid-item us_animate_afb size_1x1 post-6119 membres_equipe type-membres_equipe status-publish has-post-thumbnail hentry categorie_membre_equipe-comite-orientation categorie_membre_equipe-justice-environnementale\" data-id=\"6119\" style=\"animation-delay:0.5s\">\r\n\t\t<div class=\"w-grid-item-h\">\r\n\t\t\t\t\t\t<div class=\"w-post-elm post_image usg_post_image_1 has_ratio\"><img decoding=\"async\" width=\"683\" height=\"1024\" src=\"https:\/\/transitionencommun.org\/wp-content\/uploads\/2025\/11\/B.-Manai_Photo-683x1024.jpg\" class=\"attachment-large size-large wp-post-image\" alt=\"\" \/><div style=\"padding-bottom:100%\"><\/div><\/div><h5 class=\"w-post-elm post_title usg_post_title_1 style-h3 color_link_inherit\">Bochra Mana\u00ef<\/h5><p class=\"w-post-elm post_custom_field usg_post_custom_field_1 type_text titre_du_poste_version_anglaise color_link_inherit\"><span class=\"w-post-elm-value\">City of Montreal - Commissionaires Office<\/span><\/p>\t\t<\/div>\r\n\t\t\t<\/article>\r\n\t<article class=\"w-grid-item us_animate_afb size_1x1 post-6211 membres_equipe type-membres_equipe status-publish has-post-thumbnail hentry categorie_membre_equipe-comite-orientation\" data-id=\"6211\" style=\"animation-delay:0.6s\">\r\n\t\t<div class=\"w-grid-item-h\">\r\n\t\t\t\t\t\t<div class=\"w-post-elm post_image usg_post_image_1 has_ratio\"><img decoding=\"async\" width=\"800\" height=\"800\" src=\"https:\/\/transitionencommun.org\/wp-content\/uploads\/2025\/11\/Alexandra-Nadeau-1.jpg\" class=\"attachment-large size-large wp-post-image\" alt=\"\" \/><div style=\"padding-bottom:100%\"><\/div><\/div><h5 class=\"w-post-elm post_title usg_post_title_1 style-h3 color_link_inherit\">Alexandra Nadeau<\/h5><p class=\"w-post-elm post_custom_field usg_post_custom_field_1 type_text titre_du_poste_version_anglaise color_link_inherit\"><span class=\"w-post-elm-value\">CERS\u00c9 - Centre d'\u00e9tude en responsabilit\u00e9 sociale et \u00e9cocitoyennet\u00e9 (CCTT)<\/span><\/p>\t\t<\/div>\r\n\t\t\t<\/article>\r\n\t<article class=\"w-grid-item us_animate_afb size_1x1 post-6304 membres_equipe type-membres_equipe status-publish has-post-thumbnail hentry categorie_membre_equipe-comite-orientation\" data-id=\"6304\" style=\"animation-delay:0.7s\">\r\n\t\t<div class=\"w-grid-item-h\">\r\n\t\t\t\t\t\t<div class=\"w-post-elm post_image usg_post_image_1 has_ratio\"><img decoding=\"async\" width=\"351\" height=\"325\" src=\"https:\/\/transitionencommun.org\/wp-content\/uploads\/2025\/11\/CassAnna.jpg\" class=\"attachment-large size-large wp-post-image\" alt=\"\" \/><div style=\"padding-bottom:100%\"><\/div><\/div><h5 class=\"w-post-elm post_title usg_post_title_1 style-h3 color_link_inherit\">Ana\u00efs Houde\/Cassandre Charbonneau<\/h5><p class=\"w-post-elm post_custom_field usg_post_custom_field_1 type_text titre_du_poste_version_anglaise color_link_inherit\"><span class=\"w-post-elm-value\">Mobilisation 6600 Parc-Nature MHM<\/span><\/p>\t\t<\/div>\r\n\t\t\t<\/article>\r\n\t<article class=\"w-grid-item us_animate_afb size_1x1 post-6216 membres_equipe type-membres_equipe status-publish has-post-thumbnail hentry categorie_membre_equipe-comite-orientation\" data-id=\"6216\" style=\"animation-delay:0s\">\r\n\t\t<div class=\"w-grid-item-h\">\r\n\t\t\t\t\t\t<div class=\"w-post-elm post_image usg_post_image_1 has_ratio\"><img decoding=\"async\" width=\"1024\" height=\"898\" src=\"https:\/\/transitionencommun.org\/wp-content\/uploads\/2025\/11\/Denises-Veilleux-COmite-citoyen-resilience-aine-1-1024x898.jpg\" class=\"attachment-large size-large wp-post-image\" alt=\"\" \/><div style=\"padding-bottom:100%\"><\/div><\/div><h5 class=\"w-post-elm post_title usg_post_title_1 style-h3 color_link_inherit\">Denise Veilleux<\/h5><p class=\"w-post-elm post_custom_field usg_post_custom_field_1 type_text titre_du_poste_version_anglaise color_link_inherit\"><span class=\"w-post-elm-value\">Conseil citoyen du r\u00e9seau r\u00e9silience a\u00een\u00e9 de Montr\u00e9al<\/span><\/p>\t\t<\/div>\r\n\t\t\t<\/article>\r\n\t<article class=\"w-grid-item us_animate_afb size_1x1 post-6220 membres_equipe type-membres_equipe status-publish has-post-thumbnail hentry categorie_membre_equipe-comite-orientation\" data-id=\"6220\" style=\"animation-delay:0.1s\">\r\n\t\t<div class=\"w-grid-item-h\">\r\n\t\t\t\t\t\t<div class=\"w-post-elm post_image usg_post_image_1 has_ratio\"><img decoding=\"async\" width=\"200\" height=\"200\" src=\"https:\/\/transitionencommun.org\/wp-content\/uploads\/2025\/11\/JEanSebSuf.jpg\" class=\"attachment-large size-large wp-post-image\" alt=\"\" \/><div style=\"padding-bottom:100%\"><\/div><\/div><h5 class=\"w-post-elm post_title usg_post_title_1 style-h3 color_link_inherit\">Jean-S\u00e9bastien Dufresne<\/h5><p class=\"w-post-elm post_custom_field usg_post_custom_field_1 type_text titre_du_poste_version_anglaise color_link_inherit\"><span class=\"w-post-elm-value\">ICIELA Citizens Solidarity Network<\/span><\/p>\t\t<\/div>\r\n\t\t\t<\/article>\r\n\t<article class=\"w-grid-item us_animate_afb size_1x1 post-6298 membres_equipe type-membres_equipe status-publish has-post-thumbnail hentry categorie_membre_equipe-comite-orientation\" data-id=\"6298\" style=\"animation-delay:0.2s\">\r\n\t\t<div class=\"w-grid-item-h\">\r\n\t\t\t\t\t\t<div class=\"w-post-elm post_image usg_post_image_1 has_ratio\"><img decoding=\"async\" width=\"318\" height=\"373\" src=\"https:\/\/transitionencommun.org\/wp-content\/uploads\/2025\/11\/KarelLuap.jpg\" class=\"attachment-large size-large wp-post-image\" alt=\"\" \/><div style=\"padding-bottom:100%\"><\/div><\/div><h5 class=\"w-post-elm post_title usg_post_title_1 style-h3 color_link_inherit\">Karel Luap<\/h5><p class=\"w-post-elm post_custom_field usg_post_custom_field_1 type_text titre_du_poste_version_anglaise color_link_inherit\"><span class=\"w-post-elm-value\">Ville en vert<\/span><\/p>\t\t<\/div>\r\n\t\t\t<\/article>\r\n\t<article class=\"w-grid-item us_animate_afb size_1x1 post-6309 membres_equipe type-membres_equipe status-publish has-post-thumbnail hentry categorie_membre_equipe-comite-orientation\" data-id=\"6309\" style=\"animation-delay:0.3s\">\r\n\t\t<div class=\"w-grid-item-h\">\r\n\t\t\t\t\t\t<div class=\"w-post-elm post_image usg_post_image_1 has_ratio\"><img decoding=\"async\" width=\"381\" height=\"334\" src=\"https:\/\/transitionencommun.org\/wp-content\/uploads\/2025\/11\/jasbnciajsnc.jpg\" class=\"attachment-large size-large wp-post-image\" alt=\"\" \/><div style=\"padding-bottom:100%\"><\/div><\/div><h5 class=\"w-post-elm post_title usg_post_title_1 style-h3 color_link_inherit\">Louis-Philippe Lizotte\/Isabelle Gaudette<\/h5><p class=\"w-post-elm post_custom_field usg_post_custom_field_1 type_text titre_du_poste_version_anglaise color_link_inherit\"><span class=\"w-post-elm-value\">INM \/ CEUM<\/span><\/p>\t\t<\/div>\r\n\t\t\t<\/article>\r\n\t<article class=\"w-grid-item us_animate_afb size_1x1 post-6312 membres_equipe type-membres_equipe status-publish has-post-thumbnail hentry categorie_membre_equipe-comite-orientation\" data-id=\"6312\" style=\"animation-delay:0.4s\">\r\n\t\t<div class=\"w-grid-item-h\">\r\n\t\t\t\t\t\t<div class=\"w-post-elm post_image usg_post_image_1 has_ratio\"><img decoding=\"async\" width=\"375\" height=\"304\" src=\"https:\/\/transitionencommun.org\/wp-content\/uploads\/2025\/11\/ajscniajsncas.jpg\" class=\"attachment-large size-large wp-post-image\" alt=\"\" \/><div style=\"padding-bottom:100%\"><\/div><\/div><h5 class=\"w-post-elm post_title usg_post_title_1 style-h3 color_link_inherit\">Marguerite Mendell \/ Sylvain Lef\u00e8vre<\/h5><p class=\"w-post-elm post_custom_field usg_post_custom_field_1 type_text titre_du_poste_version_anglaise color_link_inherit\"><span class=\"w-post-elm-value\">Centre de recherche sur les innovations sociales (CRISES)<\/span><\/p>\t\t<\/div>\r\n\t\t\t<\/article>\r\n\t<article class=\"w-grid-item us_animate_afb size_1x1 post-6317 membres_equipe type-membres_equipe status-publish has-post-thumbnail hentry categorie_membre_equipe-comite-orientation\" data-id=\"6317\" style=\"animation-delay:0.5s\">\r\n\t\t<div class=\"w-grid-item-h\">\r\n\t\t\t\t\t\t<div class=\"w-post-elm post_image usg_post_image_1 has_ratio\"><img decoding=\"async\" width=\"360\" height=\"298\" src=\"https:\/\/transitionencommun.org\/wp-content\/uploads\/2025\/11\/Jsjnaisc.jpg\" class=\"attachment-large size-large wp-post-image\" alt=\"\" \/><div style=\"padding-bottom:100%\"><\/div><\/div><h5 class=\"w-post-elm post_title usg_post_title_1 style-h3 color_link_inherit\">Natana\u00ebl B\u00e9gin-Paul \/ Imany B\u00e9gin-Paul<\/h5><p class=\"w-post-elm post_custom_field usg_post_custom_field_1 type_text titre_du_poste_version_anglaise color_link_inherit\"><span class=\"w-post-elm-value\">Tshuapamitin<\/span><\/p>\t\t<\/div>\r\n\t\t\t<\/article>\r\n\t<article class=\"w-grid-item us_animate_afb size_1x1 post-6295 membres_equipe type-membres_equipe status-publish has-post-thumbnail hentry categorie_membre_equipe-comite-orientation\" data-id=\"6295\" style=\"animation-delay:0.6s\">\r\n\t\t<div class=\"w-grid-item-h\">\r\n\t\t\t\t\t\t<div class=\"w-post-elm post_image usg_post_image_1 has_ratio\"><img decoding=\"async\" width=\"372\" height=\"316\" src=\"https:\/\/transitionencommun.org\/wp-content\/uploads\/2025\/11\/Genevieve-Dube-e1763504762476.jpg\" class=\"attachment-large size-large wp-post-image\" alt=\"\" \/><div style=\"padding-bottom:100%\"><\/div><\/div><h5 class=\"w-post-elm post_title usg_post_title_1 style-h3 color_link_inherit\">Genevi\u00e8ve Dub\u00e9<\/h5><p class=\"w-post-elm post_custom_field usg_post_custom_field_1 type_text titre_du_poste_version_anglaise color_link_inherit\"><span class=\"w-post-elm-value\">Jardins pour tous<\/span><\/p>\t\t<\/div>\r\n\t\t\t<\/article>\r\n\t<article class=\"w-grid-item us_animate_afb size_1x1 post-6857 membres_equipe type-membres_equipe status-publish has-post-thumbnail hentry categorie_membre_equipe-comite-orientation\" data-id=\"6857\" style=\"animation-delay:0.7s\">\r\n\t\t<div class=\"w-grid-item-h\">\r\n\t\t\t\t\t\t<div class=\"w-post-elm post_image usg_post_image_1 has_ratio\"><img decoding=\"async\" width=\"920\" height=\"1024\" src=\"https:\/\/transitionencommun.org\/wp-content\/uploads\/2026\/03\/KevinDuBoisberranger-920x1024.jpg\" class=\"attachment-large size-large wp-post-image\" alt=\"\" \/><div style=\"padding-bottom:100%\"><\/div><\/div><h5 class=\"w-post-elm post_title usg_post_title_1 style-h3 color_link_inherit\">Kevin Du Boisberranger<\/h5><p class=\"w-post-elm post_custom_field usg_post_custom_field_1 type_text titre_du_poste_version_anglaise color_link_inherit\"><span class=\"w-post-elm-value\">Demain Verdun<\/span><\/p>\t\t<\/div>\r\n\t\t\t<\/article>\r\n<\/div>\t<div class=\"w-grid-preloader\">\r\n\t\t<div class=\"g-preloader type_1\">\r\n\t\t\t<div><\/div>\r\n\t\t<\/div>\r\n\t<\/div>\r\n\t\t<div class=\"w-grid-json hidden\" onclick='return {&quot;action&quot;:&quot;us_ajax_grid&quot;,&quot;infinite_scroll&quot;:0,&quot;max_num_pages&quot;:1,&quot;pagination&quot;:&quot;none&quot;,&quot;template_vars&quot;:{&quot;columns&quot;:&quot;4&quot;,&quot;exclude_items&quot;:&quot;none&quot;,&quot;img_size&quot;:&quot;default&quot;,&quot;ignore_items_size&quot;:0,&quot;items_layout&quot;:&quot;3871&quot;,&quot;items_offset&quot;:&quot;1&quot;,&quot;load_animation&quot;:&quot;afb&quot;,&quot;overriding_link&quot;:&quot;%7B%22url%22%3A%22%22%7D&quot;,&quot;post_id&quot;:3920,&quot;query_args&quot;:{&quot;post_type&quot;:[&quot;membres_equipe&quot;],&quot;tax_query&quot;:[{&quot;taxonomy&quot;:&quot;categorie_membre_equipe&quot;,&quot;field&quot;:&quot;slug&quot;,&quot;terms&quot;:[&quot;comite-orientation&quot;]}],&quot;post_status&quot;:[&quot;publish&quot;,&quot;acf-disabled&quot;],&quot;posts_per_page&quot;:&quot;50&quot;},&quot;orderby_query_args&quot;:{&quot;orderby&quot;:{&quot;date&quot;:&quot;ASC&quot;}},&quot;type&quot;:&quot;grid&quot;,&quot;us_grid_post_type&quot;:&quot;membres_equipe&quot;,&quot;us_grid_ajax_index&quot;:8,&quot;us_grid_filter_query_string&quot;:null,&quot;us_grid_index&quot;:8,&quot;page_args&quot;:[],&quot;lang&quot;:&quot;en&quot;}}'><\/div>\r\n\t<\/div><\/div><\/div><\/div><\/div><\/div><\/div><\/div><\/div><\/div><\/section>\n<\/div><\/div><\/div><div class=\"w-separator size_custom\" style=\"height:var(--space-l-2xl)\"><\/div><div class=\"g-cols wpb_row inner-row-tab-img-left via_grid cols_custom laptops-cols_inherit tablets-cols_inherit mobiles-cols_1 valign_top type_default stacking_default\" style=\"--columns-gap:3rem;--custom-columns:2.5fr 3.5fr 6fr \"><div class=\"wpb_column vc_column_container\"><div class=\"vc_column-inner\"><div class=\"w-image us_custom_02c2953a has_aspect_ratio align_none\"><div class=\"w-image-h\"><img decoding=\"async\" width=\"1024\" height=\"683\" src=\"https:\/\/transitionencommun.org\/wp-content\/uploads\/2024\/08\/CO-21Mars-26_SuperCompWeb-1024x683.jpg\" class=\"attachment-large size-large\" alt=\"\" loading=\"lazy\" srcset=\"https:\/\/transitionencommun.org\/wp-content\/uploads\/2024\/08\/CO-21Mars-26_SuperCompWeb-1024x683.jpg 1024w, https:\/\/transitionencommun.org\/wp-content\/uploads\/2024\/08\/CO-21Mars-26_SuperCompWeb-300x200.jpg 300w\" sizes=\"auto, (max-width: 1024px) 100vw, 1024px\" \/><\/div><\/div><\/div><\/div><div class=\"wpb_column vc_column_container\"><div class=\"vc_column-inner\"><div class=\"wpb_text_column\"><div class=\"wpb_wrapper\"><h3>City Resident<\/h3>\n<\/div><\/div><div class=\"w-separator size_medium\"><\/div><div class=\"wpb_text_column\"><div class=\"wpb_wrapper\"><p>The City\u2019s internal committee serves as a forum where City employees and TeC members discuss how to develop opportunities to share expertise and resources, as well as how to launch promising collaborative projects between the City and civil society.<\/p>\n<\/div><\/div><\/div><\/div><div class=\"wpb_column vc_column_container\"><div class=\"vc_column-inner\"><section class=\"l-section wpb_row us_custom_b6a72ce1 height_medium\"><div class=\"l-section-h i-cf\"><div class=\"g-cols vc_row via_grid cols_1 laptops-cols_inherit tablets-cols_inherit mobiles-cols_1 valign_top type_default stacking_default\"><div class=\"wpb_column vc_column_container\"><div class=\"vc_column-inner\"><div class=\"w-tabs accordeon-membres accordion toggle_style_1 has_scrolling\" style=\"--sections-title-size:inherit;--sections-gap:0.5rem;\"><div class=\"w-tabs-sections titles-align_none icon_plus cpos_right\"><div class=\"w-tabs-section\" id=\"g1f2\"><button type=\"button\" class=\"w-tabs-section-header\" aria-controls=\"content-g1f2\" aria-expanded=\"false\"><h4 class=\"w-tabs-section-title\">Members<\/h4><div class=\"w-tabs-section-control\"><\/div><\/button><div  class=\"w-tabs-section-content\" id=\"content-g1f2\"><div class=\"w-tabs-section-content-h i-cf\"><div class=\"w-grid us_grid membres-grid type_grid layout_3871 cols_4 preload_style_spinner with_css_animation\" id=\"us_grid_9\" style=\"--columns:4;--gap:1.5rem;\" data-filterable=\"true\"><style>@media (max-width:1380px){#us_grid_9{--columns:3!important}}@media (max-width:1024px){#us_grid_9{--columns:2!important}}@media (max-width:600px){#us_grid_9{--columns:1!important}}<\/style><div class=\"w-grid-list\">\t<article class=\"w-grid-item us_animate_afb size_1x1 post-2486 membres_equipe type-membres_equipe status-publish has-post-thumbnail hentry categorie_membre_equipe-comite-orientation categorie_membre_equipe-economies-en-transition\" data-id=\"2486\" style=\"animation-delay:0s\">\r\n\t\t<div class=\"w-grid-item-h\">\r\n\t\t\t\t\t\t<div class=\"w-post-elm post_image usg_post_image_1 has_ratio\"><img decoding=\"async\" width=\"665\" height=\"740\" src=\"https:\/\/transitionencommun.org\/wp-content\/uploads\/2024\/12\/anyle-cote-cesim-3-e1733159092479.jpg\" class=\"attachment-large size-large wp-post-image\" alt=\"\" \/><div style=\"padding-bottom:100%\"><\/div><\/div><h5 class=\"w-post-elm post_title usg_post_title_1 style-h3 color_link_inherit\">Anyle C\u00f4t\u00e9<\/h5><p class=\"w-post-elm post_custom_field usg_post_custom_field_1 type_text titre_du_poste_version_anglaise color_link_inherit\"><span class=\"w-post-elm-value\">Conseil d'\u00e9conomie sociale de l'\u00eele de Montr\u00e9al (CESIM)<\/span><\/p>\t\t<\/div>\r\n\t\t\t<\/article>\r\n\t<article class=\"w-grid-item us_animate_afb size_1x1 post-2487 membres_equipe type-membres_equipe status-publish has-post-thumbnail hentry categorie_membre_equipe-comite-orientation categorie_membre_equipe-demotorisation\" data-id=\"2487\" style=\"animation-delay:0.1s\">\r\n\t\t<div class=\"w-grid-item-h\">\r\n\t\t\t\t\t\t<div class=\"w-post-elm post_image usg_post_image_1 has_ratio\"><img decoding=\"async\" width=\"315\" height=\"360\" src=\"https:\/\/transitionencommun.org\/wp-content\/uploads\/2024\/08\/BR-e1733159187461.jpg\" class=\"attachment-large size-large wp-post-image\" alt=\"\" \/><div style=\"padding-bottom:100%\"><\/div><\/div><h5 class=\"w-post-elm post_title usg_post_title_1 style-h3 color_link_inherit\">Blaise R\u00e9millard<\/h5><p class=\"w-post-elm post_custom_field usg_post_custom_field_1 type_text titre_du_poste_version_anglaise color_link_inherit\"><span class=\"w-post-elm-value\">Conseil r\u00e9gional de l'environnement de Montr\u00e9al (CRE)<\/span><\/p>\t\t<\/div>\r\n\t\t\t<\/article>\r\n\t<article class=\"w-grid-item us_animate_afb size_1x1 post-2488 membres_equipe type-membres_equipe status-publish has-post-thumbnail hentry categorie_membre_equipe-comite-orientation\" data-id=\"2488\" style=\"animation-delay:0.2s\">\r\n\t\t<div class=\"w-grid-item-h\">\r\n\t\t\t\t\t\t<div class=\"w-post-elm post_image usg_post_image_1 has_ratio\"><img decoding=\"async\" width=\"500\" height=\"500\" src=\"https:\/\/transitionencommun.org\/wp-content\/uploads\/2024\/08\/CD.jpg\" class=\"attachment-large size-large wp-post-image\" alt=\"\" \/><div style=\"padding-bottom:100%\"><\/div><\/div><h5 class=\"w-post-elm post_title usg_post_title_1 style-h3 color_link_inherit\">Christophe Derrien<\/h5>\t\t<\/div>\r\n\t\t\t<\/article>\r\n\t<article class=\"w-grid-item us_animate_afb size_1x1 post-2490 membres_equipe type-membres_equipe status-publish has-post-thumbnail hentry categorie_membre_equipe-comite-orientation categorie_membre_equipe-comite-executif categorie_membre_equipe-justice-environnementale\" data-id=\"2490\" style=\"animation-delay:0.3s\">\r\n\t\t<div class=\"w-grid-item-h\">\r\n\t\t\t\t\t\t<div class=\"w-post-elm post_image usg_post_image_1 has_ratio\"><img decoding=\"async\" width=\"220\" height=\"220\" src=\"https:\/\/transitionencommun.org\/wp-content\/uploads\/2024\/08\/DK.jpg\" class=\"attachment-large size-large wp-post-image\" alt=\"\" \/><div style=\"padding-bottom:100%\"><\/div><\/div><h5 class=\"w-post-elm post_title usg_post_title_1 style-h3 color_link_inherit\">David Kaiser<\/h5><p class=\"w-post-elm post_custom_field usg_post_custom_field_1 type_text titre_du_poste_version_anglaise color_link_inherit\"><span class=\"w-post-elm-value\">Direction r\u00e9gionale de sant\u00e9 publique de Montr\u00e9al<\/span><\/p>\t\t<\/div>\r\n\t\t\t<\/article>\r\n\t<article class=\"w-grid-item us_animate_afb size_1x1 post-2493 membres_equipe type-membres_equipe status-publish has-post-thumbnail hentry categorie_membre_equipe-comite-orientation\" data-id=\"2493\" style=\"animation-delay:0.4s\">\r\n\t\t<div class=\"w-grid-item-h\">\r\n\t\t\t\t\t\t<div class=\"w-post-elm post_image usg_post_image_1 has_ratio\"><img decoding=\"async\" width=\"674\" height=\"460\" src=\"https:\/\/transitionencommun.org\/wp-content\/uploads\/2024\/12\/emmanuellehebert-674x460-1.png\" class=\"attachment-large size-large wp-post-image\" alt=\"\" \/><div style=\"padding-bottom:100%\"><\/div><\/div><h5 class=\"w-post-elm post_title usg_post_title_1 style-h3 color_link_inherit\">Emmanuelle H\u00e9bert<\/h5><p class=\"w-post-elm post_custom_field usg_post_custom_field_1 type_text titre_du_poste_version_anglaise color_link_inherit\"><span class=\"w-post-elm-value\">Culture Montr\u00e9al<\/span><\/p>\t\t<\/div>\r\n\t\t\t<\/article>\r\n\t<article class=\"w-grid-item us_animate_afb size_1x1 post-2498 membres_equipe type-membres_equipe status-publish has-post-thumbnail hentry categorie_membre_equipe-comite-orientation categorie_membre_equipe-comite-executif categorie_membre_equipe-espace-quartiers categorie_membre_equipe-justice-environnementale\" data-id=\"2498\" style=\"animation-delay:0.5s\">\r\n\t\t<div class=\"w-grid-item-h\">\r\n\t\t\t\t\t\t<div class=\"w-post-elm post_image usg_post_image_1 has_ratio\"><img decoding=\"async\" width=\"846\" height=\"1024\" src=\"https:\/\/transitionencommun.org\/wp-content\/uploads\/2024\/12\/joakim-lemieux-moCA-8999-scaled-e1733159275743-846x1024.jpg\" class=\"attachment-large size-large wp-post-image\" alt=\"\" \/><div style=\"padding-bottom:100%\"><\/div><\/div><h5 class=\"w-post-elm post_title usg_post_title_1 style-h3 color_link_inherit\">Joakim Lemieux<\/h5><p class=\"w-post-elm post_custom_field usg_post_custom_field_1 type_text titre_du_poste_version_anglaise color_link_inherit\"><span class=\"w-post-elm-value\">Coalition montr\u00e9alaises des Tables de quartier (CMTQ)<\/span><\/p>\t\t<\/div>\r\n\t\t\t<\/article>\r\n\t<article class=\"w-grid-item us_animate_afb size_1x1 post-2511 membres_equipe type-membres_equipe status-publish has-post-thumbnail hentry categorie_membre_equipe-collectif-resilience categorie_membre_equipe-comite-orientation categorie_membre_equipe-justice-environnementale categorie_membre_equipe-let categorie_membre_equipe-savoirs\" data-id=\"2511\" style=\"animation-delay:0.6s\">\r\n\t\t<div class=\"w-grid-item-h\">\r\n\t\t\t\t\t\t<div class=\"w-post-elm post_image usg_post_image_1 has_ratio\"><img decoding=\"async\" width=\"751\" height=\"968\" src=\"https:\/\/transitionencommun.org\/wp-content\/uploads\/2024\/12\/SophieLVanNesteMai2024.jpg\" class=\"attachment-large size-large wp-post-image\" alt=\"\" \/><div style=\"padding-bottom:100%\"><\/div><\/div><h5 class=\"w-post-elm post_title usg_post_title_1 style-h3 color_link_inherit\">Sophie Van Neste<\/h5><p class=\"w-post-elm post_custom_field usg_post_custom_field_1 type_text titre_du_poste_version_anglaise color_link_inherit\"><span class=\"w-post-elm-value\">Labo \u00c9quit\u00e9 Climat, INRS<\/span><\/p>\t\t<\/div>\r\n\t\t\t<\/article>\r\n\t<article class=\"w-grid-item us_animate_afb size_1x1 post-2579 membres_equipe type-membres_equipe status-publish has-post-thumbnail hentry categorie_membre_equipe-comite-orientation categorie_membre_equipe-comite-executif categorie_membre_equipe-let\" data-id=\"2579\" style=\"animation-delay:0.7s\">\r\n\t\t<div class=\"w-grid-item-h\">\r\n\t\t\t\t\t\t<div class=\"w-post-elm post_image usg_post_image_1 has_ratio\"><img decoding=\"async\" width=\"876\" height=\"1024\" src=\"https:\/\/transitionencommun.org\/wp-content\/uploads\/2024\/08\/karl-janelle-1-876x1024.jpg\" class=\"attachment-large size-large wp-post-image\" alt=\"\" \/><div style=\"padding-bottom:100%\"><\/div><\/div><h5 class=\"w-post-elm post_title usg_post_title_1 style-h3 color_link_inherit\">Karl Janelle<\/h5><p class=\"w-post-elm post_custom_field usg_post_custom_field_1 type_text titre_du_poste_version_anglaise color_link_inherit\"><span class=\"w-post-elm-value\">Coalition Climat Montr\u00e9al<\/span><\/p>\t\t<\/div>\r\n\t\t\t<\/article>\r\n\t<article class=\"w-grid-item us_animate_afb size_1x1 post-3707 membres_equipe type-membres_equipe status-publish has-post-thumbnail hentry categorie_membre_equipe-comite-orientation\" data-id=\"3707\" style=\"animation-delay:0s\">\r\n\t\t<div class=\"w-grid-item-h\">\r\n\t\t\t\t\t\t<div class=\"w-post-elm post_image usg_post_image_1 has_ratio\"><img decoding=\"async\" width=\"680\" height=\"1024\" src=\"https:\/\/transitionencommun.org\/wp-content\/uploads\/2024\/09\/Sarah2242-680x1024.jpg\" class=\"attachment-large size-large wp-post-image\" alt=\"\" \/><div style=\"padding-bottom:100%\"><\/div><\/div><h5 class=\"w-post-elm post_title usg_post_title_1 style-h3 color_link_inherit\">Marianne-Sarah Saulnier<\/h5><p class=\"w-post-elm post_custom_field usg_post_custom_field_1 type_text titre_du_poste_version_anglaise color_link_inherit\"><span class=\"w-post-elm-value\">Observatoire qu\u00e9b\u00e9cois des in\u00e9galit\u00e9s<\/span><\/p>\t\t<\/div>\r\n\t\t\t<\/article>\r\n\t<article class=\"w-grid-item us_animate_afb size_1x1 post-3766 membres_equipe type-membres_equipe status-publish has-post-thumbnail hentry categorie_membre_equipe-comite-orientation\" data-id=\"3766\" style=\"animation-delay:0.1s\">\r\n\t\t<div class=\"w-grid-item-h\">\r\n\t\t\t\t\t\t<div class=\"w-post-elm post_image usg_post_image_1 has_ratio\"><img decoding=\"async\" width=\"229\" height=\"246\" src=\"https:\/\/transitionencommun.org\/wp-content\/uploads\/2024\/09\/cleliaSeve-1-e1733154277809.jpg\" class=\"attachment-large size-large wp-post-image\" alt=\"\" \/><div style=\"padding-bottom:100%\"><\/div><\/div><h5 class=\"w-post-elm post_title usg_post_title_1 style-h3 color_link_inherit\">Cl\u00e9lia S\u00e8ve<\/h5><p class=\"w-post-elm post_custom_field usg_post_custom_field_1 type_text titre_du_poste_version_anglaise color_link_inherit\"><span class=\"w-post-elm-value\">Regroupement des \u00c9co-quartiers<\/span><\/p>\t\t<\/div>\r\n\t\t\t<\/article>\r\n\t<article class=\"w-grid-item us_animate_afb size_1x1 post-4440 membres_equipe type-membres_equipe status-publish has-post-thumbnail hentry categorie_membre_equipe-comite-orientation\" data-id=\"4440\" style=\"animation-delay:0.2s\">\r\n\t\t<div class=\"w-grid-item-h\">\r\n\t\t\t\t\t\t<div class=\"w-post-elm post_image usg_post_image_1 has_ratio\"><img decoding=\"async\" width=\"1024\" height=\"1024\" src=\"https:\/\/transitionencommun.org\/wp-content\/uploads\/2024\/12\/Christoph-Stamm-1-e1733161603348-1024x1024.jpg\" class=\"attachment-large size-large wp-post-image\" alt=\"\" \/><div style=\"padding-bottom:100%\"><\/div><\/div><h5 class=\"w-post-elm post_title usg_post_title_1 style-h3 color_link_inherit\">Christoph Stamm<\/h5><p class=\"w-post-elm post_custom_field usg_post_custom_field_1 type_text titre_du_poste_version_anglaise color_link_inherit\"><span class=\"w-post-elm-value\">Une monnaie pour Montr\u00e9al<\/span><\/p>\t\t<\/div>\r\n\t\t\t<\/article>\r\n\t<article class=\"w-grid-item us_animate_afb size_1x1 post-4453 membres_equipe type-membres_equipe status-publish has-post-thumbnail hentry categorie_membre_equipe-comite-orientation\" data-id=\"4453\" style=\"animation-delay:0.3s\">\r\n\t\t<div class=\"w-grid-item-h\">\r\n\t\t\t\t\t\t<div class=\"w-post-elm post_image usg_post_image_1 has_ratio\"><img decoding=\"async\" width=\"774\" height=\"651\" src=\"https:\/\/transitionencommun.org\/wp-content\/uploads\/2024\/12\/GaelleGenereux.png\" class=\"attachment-large size-large wp-post-image\" alt=\"\" \/><div style=\"padding-bottom:100%\"><\/div><\/div><h5 class=\"w-post-elm post_title usg_post_title_1 style-h3 color_link_inherit\">Ga\u00eblle G\u00e9n\u00e9reux<\/h5><p class=\"w-post-elm post_custom_field usg_post_custom_field_1 type_text titre_du_poste_version_anglaise color_link_inherit\"><span class=\"w-post-elm-value\">PME MTL Centre-Est<\/span><\/p>\t\t<\/div>\r\n\t\t\t<\/article>\r\n\t<article class=\"w-grid-item us_animate_afb size_1x1 post-4506 membres_equipe type-membres_equipe status-publish has-post-thumbnail hentry categorie_membre_equipe-comite-orientation categorie_membre_equipe-justice-environnementale\" data-id=\"4506\" style=\"animation-delay:0.4s\">\r\n\t\t<div class=\"w-grid-item-h\">\r\n\t\t\t\t\t\t<div class=\"w-post-elm post_image usg_post_image_1 has_ratio\"><img decoding=\"async\" width=\"400\" height=\"400\" src=\"https:\/\/transitionencommun.org\/wp-content\/uploads\/2024\/12\/lea_ilardo_1080-400x400-1.png\" class=\"attachment-large size-large wp-post-image\" alt=\"\" \/><div style=\"padding-bottom:100%\"><\/div><\/div><h5 class=\"w-post-elm post_title usg_post_title_1 style-h3 color_link_inherit\">L\u00e9a Illardo<\/h5><p class=\"w-post-elm post_custom_field usg_post_custom_field_1 type_text titre_du_poste_version_anglaise color_link_inherit\"><span class=\"w-post-elm-value\">\u00c9clore<\/span><\/p>\t\t<\/div>\r\n\t\t\t<\/article>\r\n\t<article class=\"w-grid-item us_animate_afb size_1x1 post-4510 membres_equipe type-membres_equipe status-publish has-post-thumbnail hentry categorie_membre_equipe-comite-orientation\" data-id=\"4510\" style=\"animation-delay:0.5s\">\r\n\t\t<div class=\"w-grid-item-h\">\r\n\t\t\t\t\t\t<div class=\"w-post-elm post_image usg_post_image_1 has_ratio\"><img decoding=\"async\" width=\"839\" height=\"1024\" src=\"https:\/\/transitionencommun.org\/wp-content\/uploads\/2024\/12\/Justine_Ballon_HEC_5801_5X7-1-e1733159321571-839x1024.jpg\" class=\"attachment-large size-large wp-post-image\" alt=\"\" \/><div style=\"padding-bottom:100%\"><\/div><\/div><h5 class=\"w-post-elm post_title usg_post_title_1 style-h3 color_link_inherit\">Justine Ballon<\/h5><p class=\"w-post-elm post_custom_field usg_post_custom_field_1 type_text titre_du_poste_version_anglaise color_link_inherit\"><span class=\"w-post-elm-value\">Institut international des coop\u00e9ratives Alphonse et Dorim\u00e8ne Desjardins, HEC Montr\u00e9al<\/span><\/p>\t\t<\/div>\r\n\t\t\t<\/article>\r\n\t<article class=\"w-grid-item us_animate_afb size_1x1 post-4515 membres_equipe type-membres_equipe status-publish has-post-thumbnail hentry categorie_membre_equipe-comite-orientation\" data-id=\"4515\" style=\"animation-delay:0.6s\">\r\n\t\t<div class=\"w-grid-item-h\">\r\n\t\t\t\t\t\t<div class=\"w-post-elm post_image usg_post_image_1 has_ratio\"><img decoding=\"async\" width=\"343\" height=\"343\" src=\"https:\/\/transitionencommun.org\/wp-content\/uploads\/2024\/12\/SidneyRibaux.jpg\" class=\"attachment-large size-large wp-post-image\" alt=\"\" \/><div style=\"padding-bottom:100%\"><\/div><\/div><h5 class=\"w-post-elm post_title usg_post_title_1 style-h3 color_link_inherit\">Sidney Ribaux<\/h5><p class=\"w-post-elm post_custom_field usg_post_custom_field_1 type_text titre_du_poste_version_anglaise color_link_inherit\"><span class=\"w-post-elm-value\">Bureau de la transition \u00e9cologique et de la r\u00e9silience Ville de Montr\u00e9al (BTER)<\/span><\/p>\t\t<\/div>\r\n\t\t\t<\/article>\r\n\t<article class=\"w-grid-item us_animate_afb size_1x1 post-4518 membres_equipe type-membres_equipe status-publish has-post-thumbnail hentry categorie_membre_equipe-comite-orientation\" data-id=\"4518\" style=\"animation-delay:0.7s\">\r\n\t\t<div class=\"w-grid-item-h\">\r\n\t\t\t\t\t\t<div class=\"w-post-elm post_image usg_post_image_1 has_ratio\"><img decoding=\"async\" width=\"400\" height=\"400\" src=\"https:\/\/transitionencommun.org\/wp-content\/uploads\/2024\/12\/JustineDesbiens.jpg\" class=\"attachment-large size-large wp-post-image\" alt=\"\" \/><div style=\"padding-bottom:100%\"><\/div><\/div><h5 class=\"w-post-elm post_title usg_post_title_1 style-h3 color_link_inherit\">Justine Desbiens<\/h5><p class=\"w-post-elm post_custom_field usg_post_custom_field_1 type_text titre_du_poste_version_anglaise color_link_inherit\"><span class=\"w-post-elm-value\">Arrondissement Le Sud-Ouest <\/span><\/p>\t\t<\/div>\r\n\t\t\t<\/article>\r\n\t<article class=\"w-grid-item us_animate_afb size_1x1 post-4842 membres_equipe type-membres_equipe status-publish has-post-thumbnail hentry categorie_membre_equipe-comite-orientation\" data-id=\"4842\" style=\"animation-delay:0s\">\r\n\t\t<div class=\"w-grid-item-h\">\r\n\t\t\t\t\t\t<div class=\"w-post-elm post_image usg_post_image_1 has_ratio\"><img decoding=\"async\" width=\"200\" height=\"200\" src=\"https:\/\/transitionencommun.org\/wp-content\/uploads\/2025\/01\/pascal-lacasse.jpg\" class=\"attachment-large size-large wp-post-image\" alt=\"\" \/><div style=\"padding-bottom:100%\"><\/div><\/div><h5 class=\"w-post-elm post_title usg_post_title_1 style-h3 color_link_inherit\">Pascal Lacasse<\/h5><p class=\"w-post-elm post_custom_field usg_post_custom_field_1 type_text titre_du_poste_version_anglaise color_link_inherit\"><span class=\"w-post-elm-value\">Service de l\u2019urbanisme et de la mobilit\u00e9 - Ville de Montr\u00e9al<\/span><\/p>\t\t<\/div>\r\n\t\t\t<\/article>\r\n\t<article class=\"w-grid-item us_animate_afb size_1x1 post-4858 membres_equipe type-membres_equipe status-publish has-post-thumbnail hentry categorie_membre_equipe-comite-orientation\" data-id=\"4858\" style=\"animation-delay:0.1s\">\r\n\t\t<div class=\"w-grid-item-h\">\r\n\t\t\t\t\t\t<div class=\"w-post-elm post_image usg_post_image_1 has_ratio\"><img decoding=\"async\" width=\"181\" height=\"190\" src=\"https:\/\/transitionencommun.org\/wp-content\/uploads\/2025\/02\/ToniaDiG-e1741025527977.jpg\" class=\"attachment-large size-large wp-post-image\" alt=\"\" \/><div style=\"padding-bottom:100%\"><\/div><\/div><h5 class=\"w-post-elm post_title usg_post_title_1 style-h3 color_link_inherit\">Tonia Di Guglielmo<\/h5><p class=\"w-post-elm post_custom_field usg_post_custom_field_1 type_text titre_du_poste_version_anglaise color_link_inherit\"><span class=\"w-post-elm-value\">Arrondissement de Montr\u00e9al-Nord<\/span><\/p>\t\t<\/div>\r\n\t\t\t<\/article>\r\n\t<article class=\"w-grid-item us_animate_afb size_1x1 post-4866 membres_equipe type-membres_equipe status-publish has-post-thumbnail hentry categorie_membre_equipe-comite-orientation categorie_membre_equipe-demotorisation\" data-id=\"4866\" style=\"animation-delay:0.2s\">\r\n\t\t<div class=\"w-grid-item-h\">\r\n\t\t\t\t\t\t<div class=\"w-post-elm post_image usg_post_image_1 has_ratio\"><img decoding=\"async\" width=\"599\" height=\"599\" src=\"https:\/\/transitionencommun.org\/wp-content\/uploads\/2025\/02\/theophilH-coopcarbone.jpeg\" class=\"attachment-large size-large wp-post-image\" alt=\"\" \/><div style=\"padding-bottom:100%\"><\/div><\/div><h5 class=\"w-post-elm post_title usg_post_title_1 style-h3 color_link_inherit\">Theophil Haberstroh<\/h5><p class=\"w-post-elm post_custom_field usg_post_custom_field_1 type_text titre_du_poste_version_anglaise color_link_inherit\"><span class=\"w-post-elm-value\">Coop Carbone<\/span><\/p>\t\t<\/div>\r\n\t\t\t<\/article>\r\n\t<article class=\"w-grid-item us_animate_afb size_1x1 post-5581 membres_equipe type-membres_equipe status-publish has-post-thumbnail hentry categorie_membre_equipe-comite-orientation\" data-id=\"5581\" style=\"animation-delay:0.3s\">\r\n\t\t<div class=\"w-grid-item-h\">\r\n\t\t\t\t\t\t<div class=\"w-post-elm post_image usg_post_image_1 has_ratio\"><img decoding=\"async\" width=\"277\" height=\"327\" src=\"https:\/\/transitionencommun.org\/wp-content\/uploads\/2025\/06\/AM-Aubert.png\" class=\"attachment-large size-large wp-post-image\" alt=\"\" \/><div style=\"padding-bottom:100%\"><\/div><\/div><h5 class=\"w-post-elm post_title usg_post_title_1 style-h3 color_link_inherit\">Anne-Marie Aubert<\/h5><p class=\"w-post-elm post_custom_field usg_post_custom_field_1 type_text titre_du_poste_version_anglaise color_link_inherit\"><span class=\"w-post-elm-value\">Conseil du syst\u00e8me alimentaire montr\u00e9alais<\/span><\/p>\t\t<\/div>\r\n\t\t\t<\/article>\r\n\t<article class=\"w-grid-item us_animate_afb size_1x1 post-6039 membres_equipe type-membres_equipe status-publish has-post-thumbnail hentry categorie_membre_equipe-comite-orientation\" data-id=\"6039\" style=\"animation-delay:0.4s\">\r\n\t\t<div class=\"w-grid-item-h\">\r\n\t\t\t\t\t\t<div class=\"w-post-elm post_image usg_post_image_1 has_ratio\"><img decoding=\"async\" width=\"800\" height=\"800\" src=\"https:\/\/transitionencommun.org\/wp-content\/uploads\/2025\/09\/marineThomas.jpg\" class=\"attachment-large size-large wp-post-image\" alt=\"\" \/><div style=\"padding-bottom:100%\"><\/div><\/div><h5 class=\"w-post-elm post_title usg_post_title_1 style-h3 color_link_inherit\">Marine Thomas<\/h5><p class=\"w-post-elm post_custom_field usg_post_custom_field_1 type_text titre_du_poste_version_anglaise color_link_inherit\"><span class=\"w-post-elm-value\">Partenariat Climat Montr\u00e9al<\/span><\/p>\t\t<\/div>\r\n\t\t\t<\/article>\r\n\t<article class=\"w-grid-item us_animate_afb size_1x1 post-6119 membres_equipe type-membres_equipe status-publish has-post-thumbnail hentry categorie_membre_equipe-comite-orientation categorie_membre_equipe-justice-environnementale\" data-id=\"6119\" style=\"animation-delay:0.5s\">\r\n\t\t<div class=\"w-grid-item-h\">\r\n\t\t\t\t\t\t<div class=\"w-post-elm post_image usg_post_image_1 has_ratio\"><img decoding=\"async\" width=\"683\" height=\"1024\" src=\"https:\/\/transitionencommun.org\/wp-content\/uploads\/2025\/11\/B.-Manai_Photo-683x1024.jpg\" class=\"attachment-large size-large wp-post-image\" alt=\"\" \/><div style=\"padding-bottom:100%\"><\/div><\/div><h5 class=\"w-post-elm post_title usg_post_title_1 style-h3 color_link_inherit\">Bochra Mana\u00ef<\/h5><p class=\"w-post-elm post_custom_field usg_post_custom_field_1 type_text titre_du_poste_version_anglaise color_link_inherit\"><span class=\"w-post-elm-value\">City of Montreal - Commissionaires Office<\/span><\/p>\t\t<\/div>\r\n\t\t\t<\/article>\r\n\t<article class=\"w-grid-item us_animate_afb size_1x1 post-6211 membres_equipe type-membres_equipe status-publish has-post-thumbnail hentry categorie_membre_equipe-comite-orientation\" data-id=\"6211\" style=\"animation-delay:0.6s\">\r\n\t\t<div class=\"w-grid-item-h\">\r\n\t\t\t\t\t\t<div class=\"w-post-elm post_image usg_post_image_1 has_ratio\"><img decoding=\"async\" width=\"800\" height=\"800\" src=\"https:\/\/transitionencommun.org\/wp-content\/uploads\/2025\/11\/Alexandra-Nadeau-1.jpg\" class=\"attachment-large size-large wp-post-image\" alt=\"\" \/><div style=\"padding-bottom:100%\"><\/div><\/div><h5 class=\"w-post-elm post_title usg_post_title_1 style-h3 color_link_inherit\">Alexandra Nadeau<\/h5><p class=\"w-post-elm post_custom_field usg_post_custom_field_1 type_text titre_du_poste_version_anglaise color_link_inherit\"><span class=\"w-post-elm-value\">CERS\u00c9 - Centre d'\u00e9tude en responsabilit\u00e9 sociale et \u00e9cocitoyennet\u00e9 (CCTT)<\/span><\/p>\t\t<\/div>\r\n\t\t\t<\/article>\r\n\t<article class=\"w-grid-item us_animate_afb size_1x1 post-6304 membres_equipe type-membres_equipe status-publish has-post-thumbnail hentry categorie_membre_equipe-comite-orientation\" data-id=\"6304\" style=\"animation-delay:0.7s\">\r\n\t\t<div class=\"w-grid-item-h\">\r\n\t\t\t\t\t\t<div class=\"w-post-elm post_image usg_post_image_1 has_ratio\"><img decoding=\"async\" width=\"351\" height=\"325\" src=\"https:\/\/transitionencommun.org\/wp-content\/uploads\/2025\/11\/CassAnna.jpg\" class=\"attachment-large size-large wp-post-image\" alt=\"\" \/><div style=\"padding-bottom:100%\"><\/div><\/div><h5 class=\"w-post-elm post_title usg_post_title_1 style-h3 color_link_inherit\">Ana\u00efs Houde\/Cassandre Charbonneau<\/h5><p class=\"w-post-elm post_custom_field usg_post_custom_field_1 type_text titre_du_poste_version_anglaise color_link_inherit\"><span class=\"w-post-elm-value\">Mobilisation 6600 Parc-Nature MHM<\/span><\/p>\t\t<\/div>\r\n\t\t\t<\/article>\r\n\t<article class=\"w-grid-item us_animate_afb size_1x1 post-6216 membres_equipe type-membres_equipe status-publish has-post-thumbnail hentry categorie_membre_equipe-comite-orientation\" data-id=\"6216\" style=\"animation-delay:0s\">\r\n\t\t<div class=\"w-grid-item-h\">\r\n\t\t\t\t\t\t<div class=\"w-post-elm post_image usg_post_image_1 has_ratio\"><img decoding=\"async\" width=\"1024\" height=\"898\" src=\"https:\/\/transitionencommun.org\/wp-content\/uploads\/2025\/11\/Denises-Veilleux-COmite-citoyen-resilience-aine-1-1024x898.jpg\" class=\"attachment-large size-large wp-post-image\" alt=\"\" \/><div style=\"padding-bottom:100%\"><\/div><\/div><h5 class=\"w-post-elm post_title usg_post_title_1 style-h3 color_link_inherit\">Denise Veilleux<\/h5><p class=\"w-post-elm post_custom_field usg_post_custom_field_1 type_text titre_du_poste_version_anglaise color_link_inherit\"><span class=\"w-post-elm-value\">Conseil citoyen du r\u00e9seau r\u00e9silience a\u00een\u00e9 de Montr\u00e9al<\/span><\/p>\t\t<\/div>\r\n\t\t\t<\/article>\r\n\t<article class=\"w-grid-item us_animate_afb size_1x1 post-6220 membres_equipe type-membres_equipe status-publish has-post-thumbnail hentry categorie_membre_equipe-comite-orientation\" data-id=\"6220\" style=\"animation-delay:0.1s\">\r\n\t\t<div class=\"w-grid-item-h\">\r\n\t\t\t\t\t\t<div class=\"w-post-elm post_image usg_post_image_1 has_ratio\"><img decoding=\"async\" width=\"200\" height=\"200\" src=\"https:\/\/transitionencommun.org\/wp-content\/uploads\/2025\/11\/JEanSebSuf.jpg\" class=\"attachment-large size-large wp-post-image\" alt=\"\" \/><div style=\"padding-bottom:100%\"><\/div><\/div><h5 class=\"w-post-elm post_title usg_post_title_1 style-h3 color_link_inherit\">Jean-S\u00e9bastien Dufresne<\/h5><p class=\"w-post-elm post_custom_field usg_post_custom_field_1 type_text titre_du_poste_version_anglaise color_link_inherit\"><span class=\"w-post-elm-value\">ICIELA Citizens Solidarity Network<\/span><\/p>\t\t<\/div>\r\n\t\t\t<\/article>\r\n\t<article class=\"w-grid-item us_animate_afb size_1x1 post-6298 membres_equipe type-membres_equipe status-publish has-post-thumbnail hentry categorie_membre_equipe-comite-orientation\" data-id=\"6298\" style=\"animation-delay:0.2s\">\r\n\t\t<div class=\"w-grid-item-h\">\r\n\t\t\t\t\t\t<div class=\"w-post-elm post_image usg_post_image_1 has_ratio\"><img decoding=\"async\" width=\"318\" height=\"373\" src=\"https:\/\/transitionencommun.org\/wp-content\/uploads\/2025\/11\/KarelLuap.jpg\" class=\"attachment-large size-large wp-post-image\" alt=\"\" \/><div style=\"padding-bottom:100%\"><\/div><\/div><h5 class=\"w-post-elm post_title usg_post_title_1 style-h3 color_link_inherit\">Karel Luap<\/h5><p class=\"w-post-elm post_custom_field usg_post_custom_field_1 type_text titre_du_poste_version_anglaise color_link_inherit\"><span class=\"w-post-elm-value\">Ville en vert<\/span><\/p>\t\t<\/div>\r\n\t\t\t<\/article>\r\n\t<article class=\"w-grid-item us_animate_afb size_1x1 post-6309 membres_equipe type-membres_equipe status-publish has-post-thumbnail hentry categorie_membre_equipe-comite-orientation\" data-id=\"6309\" style=\"animation-delay:0.3s\">\r\n\t\t<div class=\"w-grid-item-h\">\r\n\t\t\t\t\t\t<div class=\"w-post-elm post_image usg_post_image_1 has_ratio\"><img decoding=\"async\" width=\"381\" height=\"334\" src=\"https:\/\/transitionencommun.org\/wp-content\/uploads\/2025\/11\/jasbnciajsnc.jpg\" class=\"attachment-large size-large wp-post-image\" alt=\"\" \/><div style=\"padding-bottom:100%\"><\/div><\/div><h5 class=\"w-post-elm post_title usg_post_title_1 style-h3 color_link_inherit\">Louis-Philippe Lizotte\/Isabelle Gaudette<\/h5><p class=\"w-post-elm post_custom_field usg_post_custom_field_1 type_text titre_du_poste_version_anglaise color_link_inherit\"><span class=\"w-post-elm-value\">INM \/ CEUM<\/span><\/p>\t\t<\/div>\r\n\t\t\t<\/article>\r\n\t<article class=\"w-grid-item us_animate_afb size_1x1 post-6312 membres_equipe type-membres_equipe status-publish has-post-thumbnail hentry categorie_membre_equipe-comite-orientation\" data-id=\"6312\" style=\"animation-delay:0.4s\">\r\n\t\t<div class=\"w-grid-item-h\">\r\n\t\t\t\t\t\t<div class=\"w-post-elm post_image usg_post_image_1 has_ratio\"><img decoding=\"async\" width=\"375\" height=\"304\" src=\"https:\/\/transitionencommun.org\/wp-content\/uploads\/2025\/11\/ajscniajsncas.jpg\" class=\"attachment-large size-large wp-post-image\" alt=\"\" \/><div style=\"padding-bottom:100%\"><\/div><\/div><h5 class=\"w-post-elm post_title usg_post_title_1 style-h3 color_link_inherit\">Marguerite Mendell \/ Sylvain Lef\u00e8vre<\/h5><p class=\"w-post-elm post_custom_field usg_post_custom_field_1 type_text titre_du_poste_version_anglaise color_link_inherit\"><span class=\"w-post-elm-value\">Centre de recherche sur les innovations sociales (CRISES)<\/span><\/p>\t\t<\/div>\r\n\t\t\t<\/article>\r\n\t<article class=\"w-grid-item us_animate_afb size_1x1 post-6317 membres_equipe type-membres_equipe status-publish has-post-thumbnail hentry categorie_membre_equipe-comite-orientation\" data-id=\"6317\" style=\"animation-delay:0.5s\">\r\n\t\t<div class=\"w-grid-item-h\">\r\n\t\t\t\t\t\t<div class=\"w-post-elm post_image usg_post_image_1 has_ratio\"><img decoding=\"async\" width=\"360\" height=\"298\" src=\"https:\/\/transitionencommun.org\/wp-content\/uploads\/2025\/11\/Jsjnaisc.jpg\" class=\"attachment-large size-large wp-post-image\" alt=\"\" \/><div style=\"padding-bottom:100%\"><\/div><\/div><h5 class=\"w-post-elm post_title usg_post_title_1 style-h3 color_link_inherit\">Natana\u00ebl B\u00e9gin-Paul \/ Imany B\u00e9gin-Paul<\/h5><p class=\"w-post-elm post_custom_field usg_post_custom_field_1 type_text titre_du_poste_version_anglaise color_link_inherit\"><span class=\"w-post-elm-value\">Tshuapamitin<\/span><\/p>\t\t<\/div>\r\n\t\t\t<\/article>\r\n\t<article class=\"w-grid-item us_animate_afb size_1x1 post-6295 membres_equipe type-membres_equipe status-publish has-post-thumbnail hentry categorie_membre_equipe-comite-orientation\" data-id=\"6295\" style=\"animation-delay:0.6s\">\r\n\t\t<div class=\"w-grid-item-h\">\r\n\t\t\t\t\t\t<div class=\"w-post-elm post_image usg_post_image_1 has_ratio\"><img decoding=\"async\" width=\"372\" height=\"316\" src=\"https:\/\/transitionencommun.org\/wp-content\/uploads\/2025\/11\/Genevieve-Dube-e1763504762476.jpg\" class=\"attachment-large size-large wp-post-image\" alt=\"\" \/><div style=\"padding-bottom:100%\"><\/div><\/div><h5 class=\"w-post-elm post_title usg_post_title_1 style-h3 color_link_inherit\">Genevi\u00e8ve Dub\u00e9<\/h5><p class=\"w-post-elm post_custom_field usg_post_custom_field_1 type_text titre_du_poste_version_anglaise color_link_inherit\"><span class=\"w-post-elm-value\">Jardins pour tous<\/span><\/p>\t\t<\/div>\r\n\t\t\t<\/article>\r\n\t<article class=\"w-grid-item us_animate_afb size_1x1 post-6857 membres_equipe type-membres_equipe status-publish has-post-thumbnail hentry categorie_membre_equipe-comite-orientation\" data-id=\"6857\" style=\"animation-delay:0.7s\">\r\n\t\t<div class=\"w-grid-item-h\">\r\n\t\t\t\t\t\t<div class=\"w-post-elm post_image usg_post_image_1 has_ratio\"><img decoding=\"async\" width=\"920\" height=\"1024\" src=\"https:\/\/transitionencommun.org\/wp-content\/uploads\/2026\/03\/KevinDuBoisberranger-920x1024.jpg\" class=\"attachment-large size-large wp-post-image\" alt=\"\" \/><div style=\"padding-bottom:100%\"><\/div><\/div><h5 class=\"w-post-elm post_title usg_post_title_1 style-h3 color_link_inherit\">Kevin Du Boisberranger<\/h5><p class=\"w-post-elm post_custom_field usg_post_custom_field_1 type_text titre_du_poste_version_anglaise color_link_inherit\"><span class=\"w-post-elm-value\">Demain Verdun<\/span><\/p>\t\t<\/div>\r\n\t\t\t<\/article>\r\n<\/div>\t<div class=\"w-grid-preloader\">\r\n\t\t<div class=\"g-preloader type_1\">\r\n\t\t\t<div><\/div>\r\n\t\t<\/div>\r\n\t<\/div>\r\n\t\t<div class=\"w-grid-json hidden\" onclick='return {&quot;action&quot;:&quot;us_ajax_grid&quot;,&quot;infinite_scroll&quot;:0,&quot;max_num_pages&quot;:1,&quot;pagination&quot;:&quot;none&quot;,&quot;template_vars&quot;:{&quot;columns&quot;:&quot;4&quot;,&quot;exclude_items&quot;:&quot;none&quot;,&quot;img_size&quot;:&quot;default&quot;,&quot;ignore_items_size&quot;:0,&quot;items_layout&quot;:&quot;3871&quot;,&quot;items_offset&quot;:&quot;1&quot;,&quot;load_animation&quot;:&quot;afb&quot;,&quot;overriding_link&quot;:&quot;%7B%22url%22%3A%22%22%7D&quot;,&quot;post_id&quot;:3920,&quot;query_args&quot;:{&quot;post_type&quot;:[&quot;membres_equipe&quot;],&quot;tax_query&quot;:[{&quot;taxonomy&quot;:&quot;categorie_membre_equipe&quot;,&quot;field&quot;:&quot;slug&quot;,&quot;terms&quot;:[&quot;comite-orientation&quot;]}],&quot;post_status&quot;:[&quot;publish&quot;,&quot;acf-disabled&quot;],&quot;posts_per_page&quot;:&quot;50&quot;},&quot;orderby_query_args&quot;:{&quot;orderby&quot;:{&quot;date&quot;:&quot;ASC&quot;}},&quot;type&quot;:&quot;grid&quot;,&quot;us_grid_post_type&quot;:&quot;membres_equipe&quot;,&quot;us_grid_ajax_index&quot;:9,&quot;us_grid_filter_query_string&quot;:null,&quot;us_grid_index&quot;:9,&quot;page_args&quot;:[],&quot;lang&quot;:&quot;en&quot;}}'><\/div>\r\n\t<\/div><\/div><\/div><\/div><\/div><\/div><\/div><\/div><\/div><\/div><\/section>\n<\/div><\/div><\/div><div class=\"w-separator size_custom\" style=\"height:var(--space-l-2xl)\"><\/div><div class=\"g-cols wpb_row inner-row-tab-img-right via_grid cols_custom laptops-cols_inherit tablets-cols_inherit mobiles-cols_1 valign_top type_default stacking_default\" style=\"--columns-gap:3rem;--custom-columns:3.5fr 2.5fr 6fr \"><div class=\"wpb_column vc_column_container\"><div class=\"vc_column-inner\"><div class=\"wpb_text_column\"><div class=\"wpb_wrapper\"><h3>Stories<\/h3>\n<\/div><\/div><div class=\"w-separator size_medium\"><\/div><div class=\"wpb_text_column\"><div class=\"wpb_wrapper\"><p>The Narratives Division is building a network of storytelling expertise within the TS\u00c9 by leading workshops on narrative approaches at TeC events and the annual meetings of the Culture Montr\u00e9al commission. This network is also called upon from time to time to contribute to events, projects, or experiments as needed.<\/p>\n<\/div><\/div><\/div><\/div><div class=\"wpb_column vc_column_container\"><div class=\"vc_column-inner\"><div class=\"w-image us_custom_02c2953a has_aspect_ratio align_none\"><div class=\"w-image-h\"><img decoding=\"async\" width=\"683\" height=\"1024\" src=\"https:\/\/transitionencommun.org\/wp-content\/uploads\/2024\/08\/FoireEQ21fev-85-1_SuperCompWeb-683x1024.jpg\" class=\"attachment-large size-large\" alt=\"\" loading=\"lazy\" srcset=\"https:\/\/transitionencommun.org\/wp-content\/uploads\/2024\/08\/FoireEQ21fev-85-1_SuperCompWeb-683x1024.jpg 683w, https:\/\/transitionencommun.org\/wp-content\/uploads\/2024\/08\/FoireEQ21fev-85-1_SuperCompWeb-200x300.jpg 200w, https:\/\/transitionencommun.org\/wp-content\/uploads\/2024\/08\/FoireEQ21fev-85-1_SuperCompWeb-scaled.jpg 1708w\" sizes=\"auto, (max-width: 683px) 100vw, 683px\" \/><\/div><\/div><\/div><\/div><div class=\"wpb_column vc_column_container\"><div class=\"vc_column-inner\"><section class=\"l-section wpb_row us_custom_b6a72ce1 height_medium\"><div class=\"l-section-h i-cf\"><div class=\"g-cols vc_row via_grid cols_1 laptops-cols_inherit tablets-cols_inherit mobiles-cols_1 valign_top type_default stacking_default\"><div class=\"wpb_column vc_column_container\"><div class=\"vc_column-inner\"><div class=\"w-tabs accordeon-membres accordion toggle_style_1 has_scrolling\" style=\"--sections-title-size:inherit;--sections-gap:0.5rem;\"><div class=\"w-tabs-sections titles-align_none icon_plus cpos_right\"><div class=\"w-tabs-section\" id=\"h398\"><button type=\"button\" class=\"w-tabs-section-header\" aria-controls=\"content-h398\" aria-expanded=\"false\"><h4 class=\"w-tabs-section-title\">Members<\/h4><div class=\"w-tabs-section-control\"><\/div><\/button><div  class=\"w-tabs-section-content\" id=\"content-h398\"><div class=\"w-tabs-section-content-h i-cf\"><div class=\"w-grid us_grid membres-grid type_grid layout_3871 cols_4 preload_style_spinner with_css_animation\" id=\"us_grid_10\" style=\"--columns:4;--gap:1.5rem;\" data-filterable=\"true\"><style>@media (max-width:1380px){#us_grid_10{--columns:3!important}}@media (max-width:1024px){#us_grid_10{--columns:2!important}}@media (max-width:600px){#us_grid_10{--columns:1!important}}<\/style><div class=\"w-grid-list\">\t<article class=\"w-grid-item us_animate_afb size_1x1 post-2486 membres_equipe type-membres_equipe status-publish has-post-thumbnail hentry categorie_membre_equipe-comite-orientation categorie_membre_equipe-economies-en-transition\" data-id=\"2486\" style=\"animation-delay:0s\">\r\n\t\t<div class=\"w-grid-item-h\">\r\n\t\t\t\t\t\t<div class=\"w-post-elm post_image usg_post_image_1 has_ratio\"><img decoding=\"async\" width=\"665\" height=\"740\" src=\"https:\/\/transitionencommun.org\/wp-content\/uploads\/2024\/12\/anyle-cote-cesim-3-e1733159092479.jpg\" class=\"attachment-large size-large wp-post-image\" alt=\"\" \/><div style=\"padding-bottom:100%\"><\/div><\/div><h5 class=\"w-post-elm post_title usg_post_title_1 style-h3 color_link_inherit\">Anyle C\u00f4t\u00e9<\/h5><p class=\"w-post-elm post_custom_field usg_post_custom_field_1 type_text titre_du_poste_version_anglaise color_link_inherit\"><span class=\"w-post-elm-value\">Conseil d'\u00e9conomie sociale de l'\u00eele de Montr\u00e9al (CESIM)<\/span><\/p>\t\t<\/div>\r\n\t\t\t<\/article>\r\n\t<article class=\"w-grid-item us_animate_afb size_1x1 post-2487 membres_equipe type-membres_equipe status-publish has-post-thumbnail hentry categorie_membre_equipe-comite-orientation categorie_membre_equipe-demotorisation\" data-id=\"2487\" style=\"animation-delay:0.1s\">\r\n\t\t<div class=\"w-grid-item-h\">\r\n\t\t\t\t\t\t<div class=\"w-post-elm post_image usg_post_image_1 has_ratio\"><img decoding=\"async\" width=\"315\" height=\"360\" src=\"https:\/\/transitionencommun.org\/wp-content\/uploads\/2024\/08\/BR-e1733159187461.jpg\" class=\"attachment-large size-large wp-post-image\" alt=\"\" \/><div style=\"padding-bottom:100%\"><\/div><\/div><h5 class=\"w-post-elm post_title usg_post_title_1 style-h3 color_link_inherit\">Blaise R\u00e9millard<\/h5><p class=\"w-post-elm post_custom_field usg_post_custom_field_1 type_text titre_du_poste_version_anglaise color_link_inherit\"><span class=\"w-post-elm-value\">Conseil r\u00e9gional de l'environnement de Montr\u00e9al (CRE)<\/span><\/p>\t\t<\/div>\r\n\t\t\t<\/article>\r\n\t<article class=\"w-grid-item us_animate_afb size_1x1 post-2488 membres_equipe type-membres_equipe status-publish has-post-thumbnail hentry categorie_membre_equipe-comite-orientation\" data-id=\"2488\" style=\"animation-delay:0.2s\">\r\n\t\t<div class=\"w-grid-item-h\">\r\n\t\t\t\t\t\t<div class=\"w-post-elm post_image usg_post_image_1 has_ratio\"><img decoding=\"async\" width=\"500\" height=\"500\" src=\"https:\/\/transitionencommun.org\/wp-content\/uploads\/2024\/08\/CD.jpg\" class=\"attachment-large size-large wp-post-image\" alt=\"\" \/><div style=\"padding-bottom:100%\"><\/div><\/div><h5 class=\"w-post-elm post_title usg_post_title_1 style-h3 color_link_inherit\">Christophe Derrien<\/h5>\t\t<\/div>\r\n\t\t\t<\/article>\r\n\t<article class=\"w-grid-item us_animate_afb size_1x1 post-2490 membres_equipe type-membres_equipe status-publish has-post-thumbnail hentry categorie_membre_equipe-comite-orientation categorie_membre_equipe-comite-executif categorie_membre_equipe-justice-environnementale\" data-id=\"2490\" style=\"animation-delay:0.3s\">\r\n\t\t<div class=\"w-grid-item-h\">\r\n\t\t\t\t\t\t<div class=\"w-post-elm post_image usg_post_image_1 has_ratio\"><img decoding=\"async\" width=\"220\" height=\"220\" src=\"https:\/\/transitionencommun.org\/wp-content\/uploads\/2024\/08\/DK.jpg\" class=\"attachment-large size-large wp-post-image\" alt=\"\" \/><div style=\"padding-bottom:100%\"><\/div><\/div><h5 class=\"w-post-elm post_title usg_post_title_1 style-h3 color_link_inherit\">David Kaiser<\/h5><p class=\"w-post-elm post_custom_field usg_post_custom_field_1 type_text titre_du_poste_version_anglaise color_link_inherit\"><span class=\"w-post-elm-value\">Direction r\u00e9gionale de sant\u00e9 publique de Montr\u00e9al<\/span><\/p>\t\t<\/div>\r\n\t\t\t<\/article>\r\n\t<article class=\"w-grid-item us_animate_afb size_1x1 post-2493 membres_equipe type-membres_equipe status-publish has-post-thumbnail hentry categorie_membre_equipe-comite-orientation\" data-id=\"2493\" style=\"animation-delay:0.4s\">\r\n\t\t<div class=\"w-grid-item-h\">\r\n\t\t\t\t\t\t<div class=\"w-post-elm post_image usg_post_image_1 has_ratio\"><img decoding=\"async\" width=\"674\" height=\"460\" src=\"https:\/\/transitionencommun.org\/wp-content\/uploads\/2024\/12\/emmanuellehebert-674x460-1.png\" class=\"attachment-large size-large wp-post-image\" alt=\"\" \/><div style=\"padding-bottom:100%\"><\/div><\/div><h5 class=\"w-post-elm post_title usg_post_title_1 style-h3 color_link_inherit\">Emmanuelle H\u00e9bert<\/h5><p class=\"w-post-elm post_custom_field usg_post_custom_field_1 type_text titre_du_poste_version_anglaise color_link_inherit\"><span class=\"w-post-elm-value\">Culture Montr\u00e9al<\/span><\/p>\t\t<\/div>\r\n\t\t\t<\/article>\r\n\t<article class=\"w-grid-item us_animate_afb size_1x1 post-2498 membres_equipe type-membres_equipe status-publish has-post-thumbnail hentry categorie_membre_equipe-comite-orientation categorie_membre_equipe-comite-executif categorie_membre_equipe-espace-quartiers categorie_membre_equipe-justice-environnementale\" data-id=\"2498\" style=\"animation-delay:0.5s\">\r\n\t\t<div class=\"w-grid-item-h\">\r\n\t\t\t\t\t\t<div class=\"w-post-elm post_image usg_post_image_1 has_ratio\"><img decoding=\"async\" width=\"846\" height=\"1024\" src=\"https:\/\/transitionencommun.org\/wp-content\/uploads\/2024\/12\/joakim-lemieux-moCA-8999-scaled-e1733159275743-846x1024.jpg\" class=\"attachment-large size-large wp-post-image\" alt=\"\" \/><div style=\"padding-bottom:100%\"><\/div><\/div><h5 class=\"w-post-elm post_title usg_post_title_1 style-h3 color_link_inherit\">Joakim Lemieux<\/h5><p class=\"w-post-elm post_custom_field usg_post_custom_field_1 type_text titre_du_poste_version_anglaise color_link_inherit\"><span class=\"w-post-elm-value\">Coalition montr\u00e9alaises des Tables de quartier (CMTQ)<\/span><\/p>\t\t<\/div>\r\n\t\t\t<\/article>\r\n\t<article class=\"w-grid-item us_animate_afb size_1x1 post-2511 membres_equipe type-membres_equipe status-publish has-post-thumbnail hentry categorie_membre_equipe-collectif-resilience categorie_membre_equipe-comite-orientation categorie_membre_equipe-justice-environnementale categorie_membre_equipe-let categorie_membre_equipe-savoirs\" data-id=\"2511\" style=\"animation-delay:0.6s\">\r\n\t\t<div class=\"w-grid-item-h\">\r\n\t\t\t\t\t\t<div class=\"w-post-elm post_image usg_post_image_1 has_ratio\"><img decoding=\"async\" width=\"751\" height=\"968\" src=\"https:\/\/transitionencommun.org\/wp-content\/uploads\/2024\/12\/SophieLVanNesteMai2024.jpg\" class=\"attachment-large size-large wp-post-image\" alt=\"\" \/><div style=\"padding-bottom:100%\"><\/div><\/div><h5 class=\"w-post-elm post_title usg_post_title_1 style-h3 color_link_inherit\">Sophie Van Neste<\/h5><p class=\"w-post-elm post_custom_field usg_post_custom_field_1 type_text titre_du_poste_version_anglaise color_link_inherit\"><span class=\"w-post-elm-value\">Labo \u00c9quit\u00e9 Climat, INRS<\/span><\/p>\t\t<\/div>\r\n\t\t\t<\/article>\r\n\t<article class=\"w-grid-item us_animate_afb size_1x1 post-2579 membres_equipe type-membres_equipe status-publish has-post-thumbnail hentry categorie_membre_equipe-comite-orientation categorie_membre_equipe-comite-executif categorie_membre_equipe-let\" data-id=\"2579\" style=\"animation-delay:0.7s\">\r\n\t\t<div class=\"w-grid-item-h\">\r\n\t\t\t\t\t\t<div class=\"w-post-elm post_image usg_post_image_1 has_ratio\"><img decoding=\"async\" width=\"876\" height=\"1024\" src=\"https:\/\/transitionencommun.org\/wp-content\/uploads\/2024\/08\/karl-janelle-1-876x1024.jpg\" class=\"attachment-large size-large wp-post-image\" alt=\"\" \/><div style=\"padding-bottom:100%\"><\/div><\/div><h5 class=\"w-post-elm post_title usg_post_title_1 style-h3 color_link_inherit\">Karl Janelle<\/h5><p class=\"w-post-elm post_custom_field usg_post_custom_field_1 type_text titre_du_poste_version_anglaise color_link_inherit\"><span class=\"w-post-elm-value\">Coalition Climat Montr\u00e9al<\/span><\/p>\t\t<\/div>\r\n\t\t\t<\/article>\r\n\t<article class=\"w-grid-item us_animate_afb size_1x1 post-3707 membres_equipe type-membres_equipe status-publish has-post-thumbnail hentry categorie_membre_equipe-comite-orientation\" data-id=\"3707\" style=\"animation-delay:0s\">\r\n\t\t<div class=\"w-grid-item-h\">\r\n\t\t\t\t\t\t<div class=\"w-post-elm post_image usg_post_image_1 has_ratio\"><img decoding=\"async\" width=\"680\" height=\"1024\" src=\"https:\/\/transitionencommun.org\/wp-content\/uploads\/2024\/09\/Sarah2242-680x1024.jpg\" class=\"attachment-large size-large wp-post-image\" alt=\"\" \/><div style=\"padding-bottom:100%\"><\/div><\/div><h5 class=\"w-post-elm post_title usg_post_title_1 style-h3 color_link_inherit\">Marianne-Sarah Saulnier<\/h5><p class=\"w-post-elm post_custom_field usg_post_custom_field_1 type_text titre_du_poste_version_anglaise color_link_inherit\"><span class=\"w-post-elm-value\">Observatoire qu\u00e9b\u00e9cois des in\u00e9galit\u00e9s<\/span><\/p>\t\t<\/div>\r\n\t\t\t<\/article>\r\n\t<article class=\"w-grid-item us_animate_afb size_1x1 post-3766 membres_equipe type-membres_equipe status-publish has-post-thumbnail hentry categorie_membre_equipe-comite-orientation\" data-id=\"3766\" style=\"animation-delay:0.1s\">\r\n\t\t<div class=\"w-grid-item-h\">\r\n\t\t\t\t\t\t<div class=\"w-post-elm post_image usg_post_image_1 has_ratio\"><img decoding=\"async\" width=\"229\" height=\"246\" src=\"https:\/\/transitionencommun.org\/wp-content\/uploads\/2024\/09\/cleliaSeve-1-e1733154277809.jpg\" class=\"attachment-large size-large wp-post-image\" alt=\"\" \/><div style=\"padding-bottom:100%\"><\/div><\/div><h5 class=\"w-post-elm post_title usg_post_title_1 style-h3 color_link_inherit\">Cl\u00e9lia S\u00e8ve<\/h5><p class=\"w-post-elm post_custom_field usg_post_custom_field_1 type_text titre_du_poste_version_anglaise color_link_inherit\"><span class=\"w-post-elm-value\">Regroupement des \u00c9co-quartiers<\/span><\/p>\t\t<\/div>\r\n\t\t\t<\/article>\r\n\t<article class=\"w-grid-item us_animate_afb size_1x1 post-4440 membres_equipe type-membres_equipe status-publish has-post-thumbnail hentry categorie_membre_equipe-comite-orientation\" data-id=\"4440\" style=\"animation-delay:0.2s\">\r\n\t\t<div class=\"w-grid-item-h\">\r\n\t\t\t\t\t\t<div class=\"w-post-elm post_image usg_post_image_1 has_ratio\"><img decoding=\"async\" width=\"1024\" height=\"1024\" src=\"https:\/\/transitionencommun.org\/wp-content\/uploads\/2024\/12\/Christoph-Stamm-1-e1733161603348-1024x1024.jpg\" class=\"attachment-large size-large wp-post-image\" alt=\"\" \/><div style=\"padding-bottom:100%\"><\/div><\/div><h5 class=\"w-post-elm post_title usg_post_title_1 style-h3 color_link_inherit\">Christoph Stamm<\/h5><p class=\"w-post-elm post_custom_field usg_post_custom_field_1 type_text titre_du_poste_version_anglaise color_link_inherit\"><span class=\"w-post-elm-value\">Une monnaie pour Montr\u00e9al<\/span><\/p>\t\t<\/div>\r\n\t\t\t<\/article>\r\n\t<article class=\"w-grid-item us_animate_afb size_1x1 post-4453 membres_equipe type-membres_equipe status-publish has-post-thumbnail hentry categorie_membre_equipe-comite-orientation\" data-id=\"4453\" style=\"animation-delay:0.3s\">\r\n\t\t<div class=\"w-grid-item-h\">\r\n\t\t\t\t\t\t<div class=\"w-post-elm post_image usg_post_image_1 has_ratio\"><img decoding=\"async\" width=\"774\" height=\"651\" src=\"https:\/\/transitionencommun.org\/wp-content\/uploads\/2024\/12\/GaelleGenereux.png\" class=\"attachment-large size-large wp-post-image\" alt=\"\" \/><div style=\"padding-bottom:100%\"><\/div><\/div><h5 class=\"w-post-elm post_title usg_post_title_1 style-h3 color_link_inherit\">Ga\u00eblle G\u00e9n\u00e9reux<\/h5><p class=\"w-post-elm post_custom_field usg_post_custom_field_1 type_text titre_du_poste_version_anglaise color_link_inherit\"><span class=\"w-post-elm-value\">PME MTL Centre-Est<\/span><\/p>\t\t<\/div>\r\n\t\t\t<\/article>\r\n\t<article class=\"w-grid-item us_animate_afb size_1x1 post-4506 membres_equipe type-membres_equipe status-publish has-post-thumbnail hentry categorie_membre_equipe-comite-orientation categorie_membre_equipe-justice-environnementale\" data-id=\"4506\" style=\"animation-delay:0.4s\">\r\n\t\t<div class=\"w-grid-item-h\">\r\n\t\t\t\t\t\t<div class=\"w-post-elm post_image usg_post_image_1 has_ratio\"><img decoding=\"async\" width=\"400\" height=\"400\" src=\"https:\/\/transitionencommun.org\/wp-content\/uploads\/2024\/12\/lea_ilardo_1080-400x400-1.png\" class=\"attachment-large size-large wp-post-image\" alt=\"\" \/><div style=\"padding-bottom:100%\"><\/div><\/div><h5 class=\"w-post-elm post_title usg_post_title_1 style-h3 color_link_inherit\">L\u00e9a Illardo<\/h5><p class=\"w-post-elm post_custom_field usg_post_custom_field_1 type_text titre_du_poste_version_anglaise color_link_inherit\"><span class=\"w-post-elm-value\">\u00c9clore<\/span><\/p>\t\t<\/div>\r\n\t\t\t<\/article>\r\n\t<article class=\"w-grid-item us_animate_afb size_1x1 post-4510 membres_equipe type-membres_equipe status-publish has-post-thumbnail hentry categorie_membre_equipe-comite-orientation\" data-id=\"4510\" style=\"animation-delay:0.5s\">\r\n\t\t<div class=\"w-grid-item-h\">\r\n\t\t\t\t\t\t<div class=\"w-post-elm post_image usg_post_image_1 has_ratio\"><img decoding=\"async\" width=\"839\" height=\"1024\" src=\"https:\/\/transitionencommun.org\/wp-content\/uploads\/2024\/12\/Justine_Ballon_HEC_5801_5X7-1-e1733159321571-839x1024.jpg\" class=\"attachment-large size-large wp-post-image\" alt=\"\" \/><div style=\"padding-bottom:100%\"><\/div><\/div><h5 class=\"w-post-elm post_title usg_post_title_1 style-h3 color_link_inherit\">Justine Ballon<\/h5><p class=\"w-post-elm post_custom_field usg_post_custom_field_1 type_text titre_du_poste_version_anglaise color_link_inherit\"><span class=\"w-post-elm-value\">Institut international des coop\u00e9ratives Alphonse et Dorim\u00e8ne Desjardins, HEC Montr\u00e9al<\/span><\/p>\t\t<\/div>\r\n\t\t\t<\/article>\r\n\t<article class=\"w-grid-item us_animate_afb size_1x1 post-4515 membres_equipe type-membres_equipe status-publish has-post-thumbnail hentry categorie_membre_equipe-comite-orientation\" data-id=\"4515\" style=\"animation-delay:0.6s\">\r\n\t\t<div class=\"w-grid-item-h\">\r\n\t\t\t\t\t\t<div class=\"w-post-elm post_image usg_post_image_1 has_ratio\"><img decoding=\"async\" width=\"343\" height=\"343\" src=\"https:\/\/transitionencommun.org\/wp-content\/uploads\/2024\/12\/SidneyRibaux.jpg\" class=\"attachment-large size-large wp-post-image\" alt=\"\" \/><div style=\"padding-bottom:100%\"><\/div><\/div><h5 class=\"w-post-elm post_title usg_post_title_1 style-h3 color_link_inherit\">Sidney Ribaux<\/h5><p class=\"w-post-elm post_custom_field usg_post_custom_field_1 type_text titre_du_poste_version_anglaise color_link_inherit\"><span class=\"w-post-elm-value\">Bureau de la transition \u00e9cologique et de la r\u00e9silience Ville de Montr\u00e9al (BTER)<\/span><\/p>\t\t<\/div>\r\n\t\t\t<\/article>\r\n\t<article class=\"w-grid-item us_animate_afb size_1x1 post-4518 membres_equipe type-membres_equipe status-publish has-post-thumbnail hentry categorie_membre_equipe-comite-orientation\" data-id=\"4518\" style=\"animation-delay:0.7s\">\r\n\t\t<div class=\"w-grid-item-h\">\r\n\t\t\t\t\t\t<div class=\"w-post-elm post_image usg_post_image_1 has_ratio\"><img decoding=\"async\" width=\"400\" height=\"400\" src=\"https:\/\/transitionencommun.org\/wp-content\/uploads\/2024\/12\/JustineDesbiens.jpg\" class=\"attachment-large size-large wp-post-image\" alt=\"\" \/><div style=\"padding-bottom:100%\"><\/div><\/div><h5 class=\"w-post-elm post_title usg_post_title_1 style-h3 color_link_inherit\">Justine Desbiens<\/h5><p class=\"w-post-elm post_custom_field usg_post_custom_field_1 type_text titre_du_poste_version_anglaise color_link_inherit\"><span class=\"w-post-elm-value\">Arrondissement Le Sud-Ouest <\/span><\/p>\t\t<\/div>\r\n\t\t\t<\/article>\r\n\t<article class=\"w-grid-item us_animate_afb size_1x1 post-4842 membres_equipe type-membres_equipe status-publish has-post-thumbnail hentry categorie_membre_equipe-comite-orientation\" data-id=\"4842\" style=\"animation-delay:0s\">\r\n\t\t<div class=\"w-grid-item-h\">\r\n\t\t\t\t\t\t<div class=\"w-post-elm post_image usg_post_image_1 has_ratio\"><img decoding=\"async\" width=\"200\" height=\"200\" src=\"https:\/\/transitionencommun.org\/wp-content\/uploads\/2025\/01\/pascal-lacasse.jpg\" class=\"attachment-large size-large wp-post-image\" alt=\"\" \/><div style=\"padding-bottom:100%\"><\/div><\/div><h5 class=\"w-post-elm post_title usg_post_title_1 style-h3 color_link_inherit\">Pascal Lacasse<\/h5><p class=\"w-post-elm post_custom_field usg_post_custom_field_1 type_text titre_du_poste_version_anglaise color_link_inherit\"><span class=\"w-post-elm-value\">Service de l\u2019urbanisme et de la mobilit\u00e9 - Ville de Montr\u00e9al<\/span><\/p>\t\t<\/div>\r\n\t\t\t<\/article>\r\n\t<article class=\"w-grid-item us_animate_afb size_1x1 post-4858 membres_equipe type-membres_equipe status-publish has-post-thumbnail hentry categorie_membre_equipe-comite-orientation\" data-id=\"4858\" style=\"animation-delay:0.1s\">\r\n\t\t<div class=\"w-grid-item-h\">\r\n\t\t\t\t\t\t<div class=\"w-post-elm post_image usg_post_image_1 has_ratio\"><img decoding=\"async\" width=\"181\" height=\"190\" src=\"https:\/\/transitionencommun.org\/wp-content\/uploads\/2025\/02\/ToniaDiG-e1741025527977.jpg\" class=\"attachment-large size-large wp-post-image\" alt=\"\" \/><div style=\"padding-bottom:100%\"><\/div><\/div><h5 class=\"w-post-elm post_title usg_post_title_1 style-h3 color_link_inherit\">Tonia Di Guglielmo<\/h5><p class=\"w-post-elm post_custom_field usg_post_custom_field_1 type_text titre_du_poste_version_anglaise color_link_inherit\"><span class=\"w-post-elm-value\">Arrondissement de Montr\u00e9al-Nord<\/span><\/p>\t\t<\/div>\r\n\t\t\t<\/article>\r\n\t<article class=\"w-grid-item us_animate_afb size_1x1 post-4866 membres_equipe type-membres_equipe status-publish has-post-thumbnail hentry categorie_membre_equipe-comite-orientation categorie_membre_equipe-demotorisation\" data-id=\"4866\" style=\"animation-delay:0.2s\">\r\n\t\t<div class=\"w-grid-item-h\">\r\n\t\t\t\t\t\t<div class=\"w-post-elm post_image usg_post_image_1 has_ratio\"><img decoding=\"async\" width=\"599\" height=\"599\" src=\"https:\/\/transitionencommun.org\/wp-content\/uploads\/2025\/02\/theophilH-coopcarbone.jpeg\" class=\"attachment-large size-large wp-post-image\" alt=\"\" \/><div style=\"padding-bottom:100%\"><\/div><\/div><h5 class=\"w-post-elm post_title usg_post_title_1 style-h3 color_link_inherit\">Theophil Haberstroh<\/h5><p class=\"w-post-elm post_custom_field usg_post_custom_field_1 type_text titre_du_poste_version_anglaise color_link_inherit\"><span class=\"w-post-elm-value\">Coop Carbone<\/span><\/p>\t\t<\/div>\r\n\t\t\t<\/article>\r\n\t<article class=\"w-grid-item us_animate_afb size_1x1 post-5581 membres_equipe type-membres_equipe status-publish has-post-thumbnail hentry categorie_membre_equipe-comite-orientation\" data-id=\"5581\" style=\"animation-delay:0.3s\">\r\n\t\t<div class=\"w-grid-item-h\">\r\n\t\t\t\t\t\t<div class=\"w-post-elm post_image usg_post_image_1 has_ratio\"><img decoding=\"async\" width=\"277\" height=\"327\" src=\"https:\/\/transitionencommun.org\/wp-content\/uploads\/2025\/06\/AM-Aubert.png\" class=\"attachment-large size-large wp-post-image\" alt=\"\" \/><div style=\"padding-bottom:100%\"><\/div><\/div><h5 class=\"w-post-elm post_title usg_post_title_1 style-h3 color_link_inherit\">Anne-Marie Aubert<\/h5><p class=\"w-post-elm post_custom_field usg_post_custom_field_1 type_text titre_du_poste_version_anglaise color_link_inherit\"><span class=\"w-post-elm-value\">Conseil du syst\u00e8me alimentaire montr\u00e9alais<\/span><\/p>\t\t<\/div>\r\n\t\t\t<\/article>\r\n\t<article class=\"w-grid-item us_animate_afb size_1x1 post-6039 membres_equipe type-membres_equipe status-publish has-post-thumbnail hentry categorie_membre_equipe-comite-orientation\" data-id=\"6039\" style=\"animation-delay:0.4s\">\r\n\t\t<div class=\"w-grid-item-h\">\r\n\t\t\t\t\t\t<div class=\"w-post-elm post_image usg_post_image_1 has_ratio\"><img decoding=\"async\" width=\"800\" height=\"800\" src=\"https:\/\/transitionencommun.org\/wp-content\/uploads\/2025\/09\/marineThomas.jpg\" class=\"attachment-large size-large wp-post-image\" alt=\"\" \/><div style=\"padding-bottom:100%\"><\/div><\/div><h5 class=\"w-post-elm post_title usg_post_title_1 style-h3 color_link_inherit\">Marine Thomas<\/h5><p class=\"w-post-elm post_custom_field usg_post_custom_field_1 type_text titre_du_poste_version_anglaise color_link_inherit\"><span class=\"w-post-elm-value\">Partenariat Climat Montr\u00e9al<\/span><\/p>\t\t<\/div>\r\n\t\t\t<\/article>\r\n\t<article class=\"w-grid-item us_animate_afb size_1x1 post-6119 membres_equipe type-membres_equipe status-publish has-post-thumbnail hentry categorie_membre_equipe-comite-orientation categorie_membre_equipe-justice-environnementale\" data-id=\"6119\" style=\"animation-delay:0.5s\">\r\n\t\t<div class=\"w-grid-item-h\">\r\n\t\t\t\t\t\t<div class=\"w-post-elm post_image usg_post_image_1 has_ratio\"><img decoding=\"async\" width=\"683\" height=\"1024\" src=\"https:\/\/transitionencommun.org\/wp-content\/uploads\/2025\/11\/B.-Manai_Photo-683x1024.jpg\" class=\"attachment-large size-large wp-post-image\" alt=\"\" \/><div style=\"padding-bottom:100%\"><\/div><\/div><h5 class=\"w-post-elm post_title usg_post_title_1 style-h3 color_link_inherit\">Bochra Mana\u00ef<\/h5><p class=\"w-post-elm post_custom_field usg_post_custom_field_1 type_text titre_du_poste_version_anglaise color_link_inherit\"><span class=\"w-post-elm-value\">City of Montreal - Commissionaires Office<\/span><\/p>\t\t<\/div>\r\n\t\t\t<\/article>\r\n\t<article class=\"w-grid-item us_animate_afb size_1x1 post-6211 membres_equipe type-membres_equipe status-publish has-post-thumbnail hentry categorie_membre_equipe-comite-orientation\" data-id=\"6211\" style=\"animation-delay:0.6s\">\r\n\t\t<div class=\"w-grid-item-h\">\r\n\t\t\t\t\t\t<div class=\"w-post-elm post_image usg_post_image_1 has_ratio\"><img decoding=\"async\" width=\"800\" height=\"800\" src=\"https:\/\/transitionencommun.org\/wp-content\/uploads\/2025\/11\/Alexandra-Nadeau-1.jpg\" class=\"attachment-large size-large wp-post-image\" alt=\"\" \/><div style=\"padding-bottom:100%\"><\/div><\/div><h5 class=\"w-post-elm post_title usg_post_title_1 style-h3 color_link_inherit\">Alexandra Nadeau<\/h5><p class=\"w-post-elm post_custom_field usg_post_custom_field_1 type_text titre_du_poste_version_anglaise color_link_inherit\"><span class=\"w-post-elm-value\">CERS\u00c9 - Centre d'\u00e9tude en responsabilit\u00e9 sociale et \u00e9cocitoyennet\u00e9 (CCTT)<\/span><\/p>\t\t<\/div>\r\n\t\t\t<\/article>\r\n\t<article class=\"w-grid-item us_animate_afb size_1x1 post-6304 membres_equipe type-membres_equipe status-publish has-post-thumbnail hentry categorie_membre_equipe-comite-orientation\" data-id=\"6304\" style=\"animation-delay:0.7s\">\r\n\t\t<div class=\"w-grid-item-h\">\r\n\t\t\t\t\t\t<div class=\"w-post-elm post_image usg_post_image_1 has_ratio\"><img decoding=\"async\" width=\"351\" height=\"325\" src=\"https:\/\/transitionencommun.org\/wp-content\/uploads\/2025\/11\/CassAnna.jpg\" class=\"attachment-large size-large wp-post-image\" alt=\"\" \/><div style=\"padding-bottom:100%\"><\/div><\/div><h5 class=\"w-post-elm post_title usg_post_title_1 style-h3 color_link_inherit\">Ana\u00efs Houde\/Cassandre Charbonneau<\/h5><p class=\"w-post-elm post_custom_field usg_post_custom_field_1 type_text titre_du_poste_version_anglaise color_link_inherit\"><span class=\"w-post-elm-value\">Mobilisation 6600 Parc-Nature MHM<\/span><\/p>\t\t<\/div>\r\n\t\t\t<\/article>\r\n\t<article class=\"w-grid-item us_animate_afb size_1x1 post-6216 membres_equipe type-membres_equipe status-publish has-post-thumbnail hentry categorie_membre_equipe-comite-orientation\" data-id=\"6216\" style=\"animation-delay:0s\">\r\n\t\t<div class=\"w-grid-item-h\">\r\n\t\t\t\t\t\t<div class=\"w-post-elm post_image usg_post_image_1 has_ratio\"><img decoding=\"async\" width=\"1024\" height=\"898\" src=\"https:\/\/transitionencommun.org\/wp-content\/uploads\/2025\/11\/Denises-Veilleux-COmite-citoyen-resilience-aine-1-1024x898.jpg\" class=\"attachment-large size-large wp-post-image\" alt=\"\" \/><div style=\"padding-bottom:100%\"><\/div><\/div><h5 class=\"w-post-elm post_title usg_post_title_1 style-h3 color_link_inherit\">Denise Veilleux<\/h5><p class=\"w-post-elm post_custom_field usg_post_custom_field_1 type_text titre_du_poste_version_anglaise color_link_inherit\"><span class=\"w-post-elm-value\">Conseil citoyen du r\u00e9seau r\u00e9silience a\u00een\u00e9 de Montr\u00e9al<\/span><\/p>\t\t<\/div>\r\n\t\t\t<\/article>\r\n\t<article class=\"w-grid-item us_animate_afb size_1x1 post-6220 membres_equipe type-membres_equipe status-publish has-post-thumbnail hentry categorie_membre_equipe-comite-orientation\" data-id=\"6220\" style=\"animation-delay:0.1s\">\r\n\t\t<div class=\"w-grid-item-h\">\r\n\t\t\t\t\t\t<div class=\"w-post-elm post_image usg_post_image_1 has_ratio\"><img decoding=\"async\" width=\"200\" height=\"200\" src=\"https:\/\/transitionencommun.org\/wp-content\/uploads\/2025\/11\/JEanSebSuf.jpg\" class=\"attachment-large size-large wp-post-image\" alt=\"\" \/><div style=\"padding-bottom:100%\"><\/div><\/div><h5 class=\"w-post-elm post_title usg_post_title_1 style-h3 color_link_inherit\">Jean-S\u00e9bastien Dufresne<\/h5><p class=\"w-post-elm post_custom_field usg_post_custom_field_1 type_text titre_du_poste_version_anglaise color_link_inherit\"><span class=\"w-post-elm-value\">ICIELA Citizens Solidarity Network<\/span><\/p>\t\t<\/div>\r\n\t\t\t<\/article>\r\n\t<article class=\"w-grid-item us_animate_afb size_1x1 post-6298 membres_equipe type-membres_equipe status-publish has-post-thumbnail hentry categorie_membre_equipe-comite-orientation\" data-id=\"6298\" style=\"animation-delay:0.2s\">\r\n\t\t<div class=\"w-grid-item-h\">\r\n\t\t\t\t\t\t<div class=\"w-post-elm post_image usg_post_image_1 has_ratio\"><img decoding=\"async\" width=\"318\" height=\"373\" src=\"https:\/\/transitionencommun.org\/wp-content\/uploads\/2025\/11\/KarelLuap.jpg\" class=\"attachment-large size-large wp-post-image\" alt=\"\" \/><div style=\"padding-bottom:100%\"><\/div><\/div><h5 class=\"w-post-elm post_title usg_post_title_1 style-h3 color_link_inherit\">Karel Luap<\/h5><p class=\"w-post-elm post_custom_field usg_post_custom_field_1 type_text titre_du_poste_version_anglaise color_link_inherit\"><span class=\"w-post-elm-value\">Ville en vert<\/span><\/p>\t\t<\/div>\r\n\t\t\t<\/article>\r\n\t<article class=\"w-grid-item us_animate_afb size_1x1 post-6309 membres_equipe type-membres_equipe status-publish has-post-thumbnail hentry categorie_membre_equipe-comite-orientation\" data-id=\"6309\" style=\"animation-delay:0.3s\">\r\n\t\t<div class=\"w-grid-item-h\">\r\n\t\t\t\t\t\t<div class=\"w-post-elm post_image usg_post_image_1 has_ratio\"><img decoding=\"async\" width=\"381\" height=\"334\" src=\"https:\/\/transitionencommun.org\/wp-content\/uploads\/2025\/11\/jasbnciajsnc.jpg\" class=\"attachment-large size-large wp-post-image\" alt=\"\" \/><div style=\"padding-bottom:100%\"><\/div><\/div><h5 class=\"w-post-elm post_title usg_post_title_1 style-h3 color_link_inherit\">Louis-Philippe Lizotte\/Isabelle Gaudette<\/h5><p class=\"w-post-elm post_custom_field usg_post_custom_field_1 type_text titre_du_poste_version_anglaise color_link_inherit\"><span class=\"w-post-elm-value\">INM \/ CEUM<\/span><\/p>\t\t<\/div>\r\n\t\t\t<\/article>\r\n\t<article class=\"w-grid-item us_animate_afb size_1x1 post-6312 membres_equipe type-membres_equipe status-publish has-post-thumbnail hentry categorie_membre_equipe-comite-orientation\" data-id=\"6312\" style=\"animation-delay:0.4s\">\r\n\t\t<div class=\"w-grid-item-h\">\r\n\t\t\t\t\t\t<div class=\"w-post-elm post_image usg_post_image_1 has_ratio\"><img decoding=\"async\" width=\"375\" height=\"304\" src=\"https:\/\/transitionencommun.org\/wp-content\/uploads\/2025\/11\/ajscniajsncas.jpg\" class=\"attachment-large size-large wp-post-image\" alt=\"\" \/><div style=\"padding-bottom:100%\"><\/div><\/div><h5 class=\"w-post-elm post_title usg_post_title_1 style-h3 color_link_inherit\">Marguerite Mendell \/ Sylvain Lef\u00e8vre<\/h5><p class=\"w-post-elm post_custom_field usg_post_custom_field_1 type_text titre_du_poste_version_anglaise color_link_inherit\"><span class=\"w-post-elm-value\">Centre de recherche sur les innovations sociales (CRISES)<\/span><\/p>\t\t<\/div>\r\n\t\t\t<\/article>\r\n\t<article class=\"w-grid-item us_animate_afb size_1x1 post-6317 membres_equipe type-membres_equipe status-publish has-post-thumbnail hentry categorie_membre_equipe-comite-orientation\" data-id=\"6317\" style=\"animation-delay:0.5s\">\r\n\t\t<div class=\"w-grid-item-h\">\r\n\t\t\t\t\t\t<div class=\"w-post-elm post_image usg_post_image_1 has_ratio\"><img decoding=\"async\" width=\"360\" height=\"298\" src=\"https:\/\/transitionencommun.org\/wp-content\/uploads\/2025\/11\/Jsjnaisc.jpg\" class=\"attachment-large size-large wp-post-image\" alt=\"\" \/><div style=\"padding-bottom:100%\"><\/div><\/div><h5 class=\"w-post-elm post_title usg_post_title_1 style-h3 color_link_inherit\">Natana\u00ebl B\u00e9gin-Paul \/ Imany B\u00e9gin-Paul<\/h5><p class=\"w-post-elm post_custom_field usg_post_custom_field_1 type_text titre_du_poste_version_anglaise color_link_inherit\"><span class=\"w-post-elm-value\">Tshuapamitin<\/span><\/p>\t\t<\/div>\r\n\t\t\t<\/article>\r\n\t<article class=\"w-grid-item us_animate_afb size_1x1 post-6295 membres_equipe type-membres_equipe status-publish has-post-thumbnail hentry categorie_membre_equipe-comite-orientation\" data-id=\"6295\" style=\"animation-delay:0.6s\">\r\n\t\t<div class=\"w-grid-item-h\">\r\n\t\t\t\t\t\t<div class=\"w-post-elm post_image usg_post_image_1 has_ratio\"><img decoding=\"async\" width=\"372\" height=\"316\" src=\"https:\/\/transitionencommun.org\/wp-content\/uploads\/2025\/11\/Genevieve-Dube-e1763504762476.jpg\" class=\"attachment-large size-large wp-post-image\" alt=\"\" \/><div style=\"padding-bottom:100%\"><\/div><\/div><h5 class=\"w-post-elm post_title usg_post_title_1 style-h3 color_link_inherit\">Genevi\u00e8ve Dub\u00e9<\/h5><p class=\"w-post-elm post_custom_field usg_post_custom_field_1 type_text titre_du_poste_version_anglaise color_link_inherit\"><span class=\"w-post-elm-value\">Jardins pour tous<\/span><\/p>\t\t<\/div>\r\n\t\t\t<\/article>\r\n\t<article class=\"w-grid-item us_animate_afb size_1x1 post-6857 membres_equipe type-membres_equipe status-publish has-post-thumbnail hentry categorie_membre_equipe-comite-orientation\" data-id=\"6857\" style=\"animation-delay:0.7s\">\r\n\t\t<div class=\"w-grid-item-h\">\r\n\t\t\t\t\t\t<div class=\"w-post-elm post_image usg_post_image_1 has_ratio\"><img decoding=\"async\" width=\"920\" height=\"1024\" src=\"https:\/\/transitionencommun.org\/wp-content\/uploads\/2026\/03\/KevinDuBoisberranger-920x1024.jpg\" class=\"attachment-large size-large wp-post-image\" alt=\"\" \/><div style=\"padding-bottom:100%\"><\/div><\/div><h5 class=\"w-post-elm post_title usg_post_title_1 style-h3 color_link_inherit\">Kevin Du Boisberranger<\/h5><p class=\"w-post-elm post_custom_field usg_post_custom_field_1 type_text titre_du_poste_version_anglaise color_link_inherit\"><span class=\"w-post-elm-value\">Demain Verdun<\/span><\/p>\t\t<\/div>\r\n\t\t\t<\/article>\r\n<\/div>\t<div class=\"w-grid-preloader\">\r\n\t\t<div class=\"g-preloader type_1\">\r\n\t\t\t<div><\/div>\r\n\t\t<\/div>\r\n\t<\/div>\r\n\t\t<div class=\"w-grid-json hidden\" onclick='return {&quot;action&quot;:&quot;us_ajax_grid&quot;,&quot;infinite_scroll&quot;:0,&quot;max_num_pages&quot;:1,&quot;pagination&quot;:&quot;none&quot;,&quot;template_vars&quot;:{&quot;columns&quot;:&quot;4&quot;,&quot;exclude_items&quot;:&quot;none&quot;,&quot;img_size&quot;:&quot;default&quot;,&quot;ignore_items_size&quot;:0,&quot;items_layout&quot;:&quot;3871&quot;,&quot;items_offset&quot;:&quot;1&quot;,&quot;load_animation&quot;:&quot;afb&quot;,&quot;overriding_link&quot;:&quot;%7B%22url%22%3A%22%22%7D&quot;,&quot;post_id&quot;:3920,&quot;query_args&quot;:{&quot;post_type&quot;:[&quot;membres_equipe&quot;],&quot;tax_query&quot;:[{&quot;taxonomy&quot;:&quot;categorie_membre_equipe&quot;,&quot;field&quot;:&quot;slug&quot;,&quot;terms&quot;:[&quot;comite-orientation&quot;]}],&quot;post_status&quot;:[&quot;publish&quot;,&quot;acf-disabled&quot;],&quot;posts_per_page&quot;:&quot;50&quot;},&quot;orderby_query_args&quot;:{&quot;orderby&quot;:{&quot;date&quot;:&quot;ASC&quot;}},&quot;type&quot;:&quot;grid&quot;,&quot;us_grid_post_type&quot;:&quot;membres_equipe&quot;,&quot;us_grid_ajax_index&quot;:10,&quot;us_grid_filter_query_string&quot;:null,&quot;us_grid_index&quot;:10,&quot;page_args&quot;:[],&quot;lang&quot;:&quot;en&quot;}}'><\/div>\r\n\t<\/div><\/div><\/div><\/div><\/div><\/div><\/div><\/div><\/div><\/div><\/section>\n<\/div><\/div><\/div><div class=\"w-separator size_custom\" style=\"height:var(--space-l-2xl)\"><\/div><div class=\"g-cols wpb_row inner-row-tab-img-left via_grid cols_custom laptops-cols_inherit tablets-cols_inherit mobiles-cols_1 valign_top type_default stacking_default\" style=\"--columns-gap:3rem;--custom-columns:2.5fr 3.5fr 6fr \"><div class=\"wpb_column vc_column_container\"><div class=\"vc_column-inner\"><div class=\"w-image us_custom_02c2953a has_aspect_ratio align_none\"><div class=\"w-image-h\"><img decoding=\"async\" width=\"1024\" height=\"768\" src=\"https:\/\/transitionencommun.org\/wp-content\/uploads\/2024\/08\/capture-decran-le-2023-11-17-a-0941232189-1_compWeb-1024x768.png\" class=\"attachment-large size-large\" alt=\"\" loading=\"lazy\" srcset=\"https:\/\/transitionencommun.org\/wp-content\/uploads\/2024\/08\/capture-decran-le-2023-11-17-a-0941232189-1_compWeb-1024x768.png 1024w, https:\/\/transitionencommun.org\/wp-content\/uploads\/2024\/08\/capture-decran-le-2023-11-17-a-0941232189-1_compWeb-300x225.png 300w, https:\/\/transitionencommun.org\/wp-content\/uploads\/2024\/08\/capture-decran-le-2023-11-17-a-0941232189-1_compWeb.png 1154w\" sizes=\"auto, (max-width: 1024px) 100vw, 1024px\" \/><\/div><\/div><\/div><\/div><div class=\"wpb_column vc_column_container\"><div class=\"vc_column-inner\"><div class=\"wpb_text_column\"><div class=\"wpb_wrapper\"><h3>Engagement and Outreach<\/h3>\n<\/div><\/div><div class=\"w-separator size_medium\"><\/div><div class=\"wpb_text_column\"><div class=\"wpb_wrapper\"><p>The Mobilization and Outreach Division provides support by identifying and analyzing strategic opportunities in the areas of public communications and advocacy, mobilizing TSE stakeholders, and, more broadly, enhancing the alliance\u2019s overall outreach.<\/p>\n<\/div><\/div><\/div><\/div><div class=\"wpb_column vc_column_container\"><div class=\"vc_column-inner\"><section class=\"l-section wpb_row us_custom_b6a72ce1 height_medium\"><div class=\"l-section-h i-cf\"><div class=\"g-cols vc_row via_grid cols_1 laptops-cols_inherit tablets-cols_inherit mobiles-cols_1 valign_top type_default stacking_default\"><div class=\"wpb_column vc_column_container\"><div class=\"vc_column-inner\"><div class=\"w-tabs accordeon-membres accordion toggle_style_1 has_scrolling\" style=\"--sections-title-size:inherit;--sections-gap:0.5rem;\"><div class=\"w-tabs-sections titles-align_none icon_plus cpos_right\"><div class=\"w-tabs-section\" id=\"cfb3\"><button type=\"button\" class=\"w-tabs-section-header\" aria-controls=\"content-cfb3\" aria-expanded=\"false\"><h4 class=\"w-tabs-section-title\">Members<\/h4><div class=\"w-tabs-section-control\"><\/div><\/button><div  class=\"w-tabs-section-content\" id=\"content-cfb3\"><div class=\"w-tabs-section-content-h i-cf\"><div class=\"w-grid us_grid membres-grid type_grid layout_3871 cols_4 preload_style_spinner with_css_animation\" id=\"us_grid_11\" style=\"--columns:4;--gap:1.5rem;\" data-filterable=\"true\"><style>@media (max-width:1380px){#us_grid_11{--columns:3!important}}@media (max-width:1024px){#us_grid_11{--columns:2!important}}@media (max-width:600px){#us_grid_11{--columns:1!important}}<\/style><div class=\"w-grid-list\">\t<article class=\"w-grid-item us_animate_afb size_1x1 post-2486 membres_equipe type-membres_equipe status-publish has-post-thumbnail hentry categorie_membre_equipe-comite-orientation categorie_membre_equipe-economies-en-transition\" data-id=\"2486\" style=\"animation-delay:0s\">\r\n\t\t<div class=\"w-grid-item-h\">\r\n\t\t\t\t\t\t<div class=\"w-post-elm post_image usg_post_image_1 has_ratio\"><img decoding=\"async\" width=\"665\" height=\"740\" src=\"https:\/\/transitionencommun.org\/wp-content\/uploads\/2024\/12\/anyle-cote-cesim-3-e1733159092479.jpg\" class=\"attachment-large size-large wp-post-image\" alt=\"\" \/><div style=\"padding-bottom:100%\"><\/div><\/div><h5 class=\"w-post-elm post_title usg_post_title_1 style-h3 color_link_inherit\">Anyle C\u00f4t\u00e9<\/h5><p class=\"w-post-elm post_custom_field usg_post_custom_field_1 type_text titre_du_poste_version_anglaise color_link_inherit\"><span class=\"w-post-elm-value\">Conseil d'\u00e9conomie sociale de l'\u00eele de Montr\u00e9al (CESIM)<\/span><\/p>\t\t<\/div>\r\n\t\t\t<\/article>\r\n\t<article class=\"w-grid-item us_animate_afb size_1x1 post-2487 membres_equipe type-membres_equipe status-publish has-post-thumbnail hentry categorie_membre_equipe-comite-orientation categorie_membre_equipe-demotorisation\" data-id=\"2487\" style=\"animation-delay:0.1s\">\r\n\t\t<div class=\"w-grid-item-h\">\r\n\t\t\t\t\t\t<div class=\"w-post-elm post_image usg_post_image_1 has_ratio\"><img decoding=\"async\" width=\"315\" height=\"360\" src=\"https:\/\/transitionencommun.org\/wp-content\/uploads\/2024\/08\/BR-e1733159187461.jpg\" class=\"attachment-large size-large wp-post-image\" alt=\"\" \/><div style=\"padding-bottom:100%\"><\/div><\/div><h5 class=\"w-post-elm post_title usg_post_title_1 style-h3 color_link_inherit\">Blaise R\u00e9millard<\/h5><p class=\"w-post-elm post_custom_field usg_post_custom_field_1 type_text titre_du_poste_version_anglaise color_link_inherit\"><span class=\"w-post-elm-value\">Conseil r\u00e9gional de l'environnement de Montr\u00e9al (CRE)<\/span><\/p>\t\t<\/div>\r\n\t\t\t<\/article>\r\n\t<article class=\"w-grid-item us_animate_afb size_1x1 post-2488 membres_equipe type-membres_equipe status-publish has-post-thumbnail hentry categorie_membre_equipe-comite-orientation\" data-id=\"2488\" style=\"animation-delay:0.2s\">\r\n\t\t<div class=\"w-grid-item-h\">\r\n\t\t\t\t\t\t<div class=\"w-post-elm post_image usg_post_image_1 has_ratio\"><img decoding=\"async\" width=\"500\" height=\"500\" src=\"https:\/\/transitionencommun.org\/wp-content\/uploads\/2024\/08\/CD.jpg\" class=\"attachment-large size-large wp-post-image\" alt=\"\" \/><div style=\"padding-bottom:100%\"><\/div><\/div><h5 class=\"w-post-elm post_title usg_post_title_1 style-h3 color_link_inherit\">Christophe Derrien<\/h5>\t\t<\/div>\r\n\t\t\t<\/article>\r\n\t<article class=\"w-grid-item us_animate_afb size_1x1 post-2490 membres_equipe type-membres_equipe status-publish has-post-thumbnail hentry categorie_membre_equipe-comite-orientation categorie_membre_equipe-comite-executif categorie_membre_equipe-justice-environnementale\" data-id=\"2490\" style=\"animation-delay:0.3s\">\r\n\t\t<div class=\"w-grid-item-h\">\r\n\t\t\t\t\t\t<div class=\"w-post-elm post_image usg_post_image_1 has_ratio\"><img decoding=\"async\" width=\"220\" height=\"220\" src=\"https:\/\/transitionencommun.org\/wp-content\/uploads\/2024\/08\/DK.jpg\" class=\"attachment-large size-large wp-post-image\" alt=\"\" \/><div style=\"padding-bottom:100%\"><\/div><\/div><h5 class=\"w-post-elm post_title usg_post_title_1 style-h3 color_link_inherit\">David Kaiser<\/h5><p class=\"w-post-elm post_custom_field usg_post_custom_field_1 type_text titre_du_poste_version_anglaise color_link_inherit\"><span class=\"w-post-elm-value\">Direction r\u00e9gionale de sant\u00e9 publique de Montr\u00e9al<\/span><\/p>\t\t<\/div>\r\n\t\t\t<\/article>\r\n\t<article class=\"w-grid-item us_animate_afb size_1x1 post-2493 membres_equipe type-membres_equipe status-publish has-post-thumbnail hentry categorie_membre_equipe-comite-orientation\" data-id=\"2493\" style=\"animation-delay:0.4s\">\r\n\t\t<div class=\"w-grid-item-h\">\r\n\t\t\t\t\t\t<div class=\"w-post-elm post_image usg_post_image_1 has_ratio\"><img decoding=\"async\" width=\"674\" height=\"460\" src=\"https:\/\/transitionencommun.org\/wp-content\/uploads\/2024\/12\/emmanuellehebert-674x460-1.png\" class=\"attachment-large size-large wp-post-image\" alt=\"\" \/><div style=\"padding-bottom:100%\"><\/div><\/div><h5 class=\"w-post-elm post_title usg_post_title_1 style-h3 color_link_inherit\">Emmanuelle H\u00e9bert<\/h5><p class=\"w-post-elm post_custom_field usg_post_custom_field_1 type_text titre_du_poste_version_anglaise color_link_inherit\"><span class=\"w-post-elm-value\">Culture Montr\u00e9al<\/span><\/p>\t\t<\/div>\r\n\t\t\t<\/article>\r\n\t<article class=\"w-grid-item us_animate_afb size_1x1 post-2498 membres_equipe type-membres_equipe status-publish has-post-thumbnail hentry categorie_membre_equipe-comite-orientation categorie_membre_equipe-comite-executif categorie_membre_equipe-espace-quartiers categorie_membre_equipe-justice-environnementale\" data-id=\"2498\" style=\"animation-delay:0.5s\">\r\n\t\t<div class=\"w-grid-item-h\">\r\n\t\t\t\t\t\t<div class=\"w-post-elm post_image usg_post_image_1 has_ratio\"><img decoding=\"async\" width=\"846\" height=\"1024\" src=\"https:\/\/transitionencommun.org\/wp-content\/uploads\/2024\/12\/joakim-lemieux-moCA-8999-scaled-e1733159275743-846x1024.jpg\" class=\"attachment-large size-large wp-post-image\" alt=\"\" \/><div style=\"padding-bottom:100%\"><\/div><\/div><h5 class=\"w-post-elm post_title usg_post_title_1 style-h3 color_link_inherit\">Joakim Lemieux<\/h5><p class=\"w-post-elm post_custom_field usg_post_custom_field_1 type_text titre_du_poste_version_anglaise color_link_inherit\"><span class=\"w-post-elm-value\">Coalition montr\u00e9alaises des Tables de quartier (CMTQ)<\/span><\/p>\t\t<\/div>\r\n\t\t\t<\/article>\r\n\t<article class=\"w-grid-item us_animate_afb size_1x1 post-2511 membres_equipe type-membres_equipe status-publish has-post-thumbnail hentry categorie_membre_equipe-collectif-resilience categorie_membre_equipe-comite-orientation categorie_membre_equipe-justice-environnementale categorie_membre_equipe-let categorie_membre_equipe-savoirs\" data-id=\"2511\" style=\"animation-delay:0.6s\">\r\n\t\t<div class=\"w-grid-item-h\">\r\n\t\t\t\t\t\t<div class=\"w-post-elm post_image usg_post_image_1 has_ratio\"><img decoding=\"async\" width=\"751\" height=\"968\" src=\"https:\/\/transitionencommun.org\/wp-content\/uploads\/2024\/12\/SophieLVanNesteMai2024.jpg\" class=\"attachment-large size-large wp-post-image\" alt=\"\" \/><div style=\"padding-bottom:100%\"><\/div><\/div><h5 class=\"w-post-elm post_title usg_post_title_1 style-h3 color_link_inherit\">Sophie Van Neste<\/h5><p class=\"w-post-elm post_custom_field usg_post_custom_field_1 type_text titre_du_poste_version_anglaise color_link_inherit\"><span class=\"w-post-elm-value\">Labo \u00c9quit\u00e9 Climat, INRS<\/span><\/p>\t\t<\/div>\r\n\t\t\t<\/article>\r\n\t<article class=\"w-grid-item us_animate_afb size_1x1 post-2579 membres_equipe type-membres_equipe status-publish has-post-thumbnail hentry categorie_membre_equipe-comite-orientation categorie_membre_equipe-comite-executif categorie_membre_equipe-let\" data-id=\"2579\" style=\"animation-delay:0.7s\">\r\n\t\t<div class=\"w-grid-item-h\">\r\n\t\t\t\t\t\t<div class=\"w-post-elm post_image usg_post_image_1 has_ratio\"><img decoding=\"async\" width=\"876\" height=\"1024\" src=\"https:\/\/transitionencommun.org\/wp-content\/uploads\/2024\/08\/karl-janelle-1-876x1024.jpg\" class=\"attachment-large size-large wp-post-image\" alt=\"\" \/><div style=\"padding-bottom:100%\"><\/div><\/div><h5 class=\"w-post-elm post_title usg_post_title_1 style-h3 color_link_inherit\">Karl Janelle<\/h5><p class=\"w-post-elm post_custom_field usg_post_custom_field_1 type_text titre_du_poste_version_anglaise color_link_inherit\"><span class=\"w-post-elm-value\">Coalition Climat Montr\u00e9al<\/span><\/p>\t\t<\/div>\r\n\t\t\t<\/article>\r\n\t<article class=\"w-grid-item us_animate_afb size_1x1 post-3707 membres_equipe type-membres_equipe status-publish has-post-thumbnail hentry categorie_membre_equipe-comite-orientation\" data-id=\"3707\" style=\"animation-delay:0s\">\r\n\t\t<div class=\"w-grid-item-h\">\r\n\t\t\t\t\t\t<div class=\"w-post-elm post_image usg_post_image_1 has_ratio\"><img decoding=\"async\" width=\"680\" height=\"1024\" src=\"https:\/\/transitionencommun.org\/wp-content\/uploads\/2024\/09\/Sarah2242-680x1024.jpg\" class=\"attachment-large size-large wp-post-image\" alt=\"\" \/><div style=\"padding-bottom:100%\"><\/div><\/div><h5 class=\"w-post-elm post_title usg_post_title_1 style-h3 color_link_inherit\">Marianne-Sarah Saulnier<\/h5><p class=\"w-post-elm post_custom_field usg_post_custom_field_1 type_text titre_du_poste_version_anglaise color_link_inherit\"><span class=\"w-post-elm-value\">Observatoire qu\u00e9b\u00e9cois des in\u00e9galit\u00e9s<\/span><\/p>\t\t<\/div>\r\n\t\t\t<\/article>\r\n\t<article class=\"w-grid-item us_animate_afb size_1x1 post-3766 membres_equipe type-membres_equipe status-publish has-post-thumbnail hentry categorie_membre_equipe-comite-orientation\" data-id=\"3766\" style=\"animation-delay:0.1s\">\r\n\t\t<div class=\"w-grid-item-h\">\r\n\t\t\t\t\t\t<div class=\"w-post-elm post_image usg_post_image_1 has_ratio\"><img decoding=\"async\" width=\"229\" height=\"246\" src=\"https:\/\/transitionencommun.org\/wp-content\/uploads\/2024\/09\/cleliaSeve-1-e1733154277809.jpg\" class=\"attachment-large size-large wp-post-image\" alt=\"\" \/><div style=\"padding-bottom:100%\"><\/div><\/div><h5 class=\"w-post-elm post_title usg_post_title_1 style-h3 color_link_inherit\">Cl\u00e9lia S\u00e8ve<\/h5><p class=\"w-post-elm post_custom_field usg_post_custom_field_1 type_text titre_du_poste_version_anglaise color_link_inherit\"><span class=\"w-post-elm-value\">Regroupement des \u00c9co-quartiers<\/span><\/p>\t\t<\/div>\r\n\t\t\t<\/article>\r\n\t<article class=\"w-grid-item us_animate_afb size_1x1 post-4440 membres_equipe type-membres_equipe status-publish has-post-thumbnail hentry categorie_membre_equipe-comite-orientation\" data-id=\"4440\" style=\"animation-delay:0.2s\">\r\n\t\t<div class=\"w-grid-item-h\">\r\n\t\t\t\t\t\t<div class=\"w-post-elm post_image usg_post_image_1 has_ratio\"><img decoding=\"async\" width=\"1024\" height=\"1024\" src=\"https:\/\/transitionencommun.org\/wp-content\/uploads\/2024\/12\/Christoph-Stamm-1-e1733161603348-1024x1024.jpg\" class=\"attachment-large size-large wp-post-image\" alt=\"\" \/><div style=\"padding-bottom:100%\"><\/div><\/div><h5 class=\"w-post-elm post_title usg_post_title_1 style-h3 color_link_inherit\">Christoph Stamm<\/h5><p class=\"w-post-elm post_custom_field usg_post_custom_field_1 type_text titre_du_poste_version_anglaise color_link_inherit\"><span class=\"w-post-elm-value\">Une monnaie pour Montr\u00e9al<\/span><\/p>\t\t<\/div>\r\n\t\t\t<\/article>\r\n\t<article class=\"w-grid-item us_animate_afb size_1x1 post-4453 membres_equipe type-membres_equipe status-publish has-post-thumbnail hentry categorie_membre_equipe-comite-orientation\" data-id=\"4453\" style=\"animation-delay:0.3s\">\r\n\t\t<div class=\"w-grid-item-h\">\r\n\t\t\t\t\t\t<div class=\"w-post-elm post_image usg_post_image_1 has_ratio\"><img decoding=\"async\" width=\"774\" height=\"651\" src=\"https:\/\/transitionencommun.org\/wp-content\/uploads\/2024\/12\/GaelleGenereux.png\" class=\"attachment-large size-large wp-post-image\" alt=\"\" \/><div style=\"padding-bottom:100%\"><\/div><\/div><h5 class=\"w-post-elm post_title usg_post_title_1 style-h3 color_link_inherit\">Ga\u00eblle G\u00e9n\u00e9reux<\/h5><p class=\"w-post-elm post_custom_field usg_post_custom_field_1 type_text titre_du_poste_version_anglaise color_link_inherit\"><span class=\"w-post-elm-value\">PME MTL Centre-Est<\/span><\/p>\t\t<\/div>\r\n\t\t\t<\/article>\r\n\t<article class=\"w-grid-item us_animate_afb size_1x1 post-4506 membres_equipe type-membres_equipe status-publish has-post-thumbnail hentry categorie_membre_equipe-comite-orientation categorie_membre_equipe-justice-environnementale\" data-id=\"4506\" style=\"animation-delay:0.4s\">\r\n\t\t<div class=\"w-grid-item-h\">\r\n\t\t\t\t\t\t<div class=\"w-post-elm post_image usg_post_image_1 has_ratio\"><img decoding=\"async\" width=\"400\" height=\"400\" src=\"https:\/\/transitionencommun.org\/wp-content\/uploads\/2024\/12\/lea_ilardo_1080-400x400-1.png\" class=\"attachment-large size-large wp-post-image\" alt=\"\" \/><div style=\"padding-bottom:100%\"><\/div><\/div><h5 class=\"w-post-elm post_title usg_post_title_1 style-h3 color_link_inherit\">L\u00e9a Illardo<\/h5><p class=\"w-post-elm post_custom_field usg_post_custom_field_1 type_text titre_du_poste_version_anglaise color_link_inherit\"><span class=\"w-post-elm-value\">\u00c9clore<\/span><\/p>\t\t<\/div>\r\n\t\t\t<\/article>\r\n\t<article class=\"w-grid-item us_animate_afb size_1x1 post-4510 membres_equipe type-membres_equipe status-publish has-post-thumbnail hentry categorie_membre_equipe-comite-orientation\" data-id=\"4510\" style=\"animation-delay:0.5s\">\r\n\t\t<div class=\"w-grid-item-h\">\r\n\t\t\t\t\t\t<div class=\"w-post-elm post_image usg_post_image_1 has_ratio\"><img decoding=\"async\" width=\"839\" height=\"1024\" src=\"https:\/\/transitionencommun.org\/wp-content\/uploads\/2024\/12\/Justine_Ballon_HEC_5801_5X7-1-e1733159321571-839x1024.jpg\" class=\"attachment-large size-large wp-post-image\" alt=\"\" \/><div style=\"padding-bottom:100%\"><\/div><\/div><h5 class=\"w-post-elm post_title usg_post_title_1 style-h3 color_link_inherit\">Justine Ballon<\/h5><p class=\"w-post-elm post_custom_field usg_post_custom_field_1 type_text titre_du_poste_version_anglaise color_link_inherit\"><span class=\"w-post-elm-value\">Institut international des coop\u00e9ratives Alphonse et Dorim\u00e8ne Desjardins, HEC Montr\u00e9al<\/span><\/p>\t\t<\/div>\r\n\t\t\t<\/article>\r\n\t<article class=\"w-grid-item us_animate_afb size_1x1 post-4515 membres_equipe type-membres_equipe status-publish has-post-thumbnail hentry categorie_membre_equipe-comite-orientation\" data-id=\"4515\" style=\"animation-delay:0.6s\">\r\n\t\t<div class=\"w-grid-item-h\">\r\n\t\t\t\t\t\t<div class=\"w-post-elm post_image usg_post_image_1 has_ratio\"><img decoding=\"async\" width=\"343\" height=\"343\" src=\"https:\/\/transitionencommun.org\/wp-content\/uploads\/2024\/12\/SidneyRibaux.jpg\" class=\"attachment-large size-large wp-post-image\" alt=\"\" \/><div style=\"padding-bottom:100%\"><\/div><\/div><h5 class=\"w-post-elm post_title usg_post_title_1 style-h3 color_link_inherit\">Sidney Ribaux<\/h5><p class=\"w-post-elm post_custom_field usg_post_custom_field_1 type_text titre_du_poste_version_anglaise color_link_inherit\"><span class=\"w-post-elm-value\">Bureau de la transition \u00e9cologique et de la r\u00e9silience Ville de Montr\u00e9al (BTER)<\/span><\/p>\t\t<\/div>\r\n\t\t\t<\/article>\r\n\t<article class=\"w-grid-item us_animate_afb size_1x1 post-4518 membres_equipe type-membres_equipe status-publish has-post-thumbnail hentry categorie_membre_equipe-comite-orientation\" data-id=\"4518\" style=\"animation-delay:0.7s\">\r\n\t\t<div class=\"w-grid-item-h\">\r\n\t\t\t\t\t\t<div class=\"w-post-elm post_image usg_post_image_1 has_ratio\"><img decoding=\"async\" width=\"400\" height=\"400\" src=\"https:\/\/transitionencommun.org\/wp-content\/uploads\/2024\/12\/JustineDesbiens.jpg\" class=\"attachment-large size-large wp-post-image\" alt=\"\" \/><div style=\"padding-bottom:100%\"><\/div><\/div><h5 class=\"w-post-elm post_title usg_post_title_1 style-h3 color_link_inherit\">Justine Desbiens<\/h5><p class=\"w-post-elm post_custom_field usg_post_custom_field_1 type_text titre_du_poste_version_anglaise color_link_inherit\"><span class=\"w-post-elm-value\">Arrondissement Le Sud-Ouest <\/span><\/p>\t\t<\/div>\r\n\t\t\t<\/article>\r\n\t<article class=\"w-grid-item us_animate_afb size_1x1 post-4842 membres_equipe type-membres_equipe status-publish has-post-thumbnail hentry categorie_membre_equipe-comite-orientation\" data-id=\"4842\" style=\"animation-delay:0s\">\r\n\t\t<div class=\"w-grid-item-h\">\r\n\t\t\t\t\t\t<div class=\"w-post-elm post_image usg_post_image_1 has_ratio\"><img decoding=\"async\" width=\"200\" height=\"200\" src=\"https:\/\/transitionencommun.org\/wp-content\/uploads\/2025\/01\/pascal-lacasse.jpg\" class=\"attachment-large size-large wp-post-image\" alt=\"\" \/><div style=\"padding-bottom:100%\"><\/div><\/div><h5 class=\"w-post-elm post_title usg_post_title_1 style-h3 color_link_inherit\">Pascal Lacasse<\/h5><p class=\"w-post-elm post_custom_field usg_post_custom_field_1 type_text titre_du_poste_version_anglaise color_link_inherit\"><span class=\"w-post-elm-value\">Service de l\u2019urbanisme et de la mobilit\u00e9 - Ville de Montr\u00e9al<\/span><\/p>\t\t<\/div>\r\n\t\t\t<\/article>\r\n\t<article class=\"w-grid-item us_animate_afb size_1x1 post-4858 membres_equipe type-membres_equipe status-publish has-post-thumbnail hentry categorie_membre_equipe-comite-orientation\" data-id=\"4858\" style=\"animation-delay:0.1s\">\r\n\t\t<div class=\"w-grid-item-h\">\r\n\t\t\t\t\t\t<div class=\"w-post-elm post_image usg_post_image_1 has_ratio\"><img decoding=\"async\" width=\"181\" height=\"190\" src=\"https:\/\/transitionencommun.org\/wp-content\/uploads\/2025\/02\/ToniaDiG-e1741025527977.jpg\" class=\"attachment-large size-large wp-post-image\" alt=\"\" \/><div style=\"padding-bottom:100%\"><\/div><\/div><h5 class=\"w-post-elm post_title usg_post_title_1 style-h3 color_link_inherit\">Tonia Di Guglielmo<\/h5><p class=\"w-post-elm post_custom_field usg_post_custom_field_1 type_text titre_du_poste_version_anglaise color_link_inherit\"><span class=\"w-post-elm-value\">Arrondissement de Montr\u00e9al-Nord<\/span><\/p>\t\t<\/div>\r\n\t\t\t<\/article>\r\n\t<article class=\"w-grid-item us_animate_afb size_1x1 post-4866 membres_equipe type-membres_equipe status-publish has-post-thumbnail hentry categorie_membre_equipe-comite-orientation categorie_membre_equipe-demotorisation\" data-id=\"4866\" style=\"animation-delay:0.2s\">\r\n\t\t<div class=\"w-grid-item-h\">\r\n\t\t\t\t\t\t<div class=\"w-post-elm post_image usg_post_image_1 has_ratio\"><img decoding=\"async\" width=\"599\" height=\"599\" src=\"https:\/\/transitionencommun.org\/wp-content\/uploads\/2025\/02\/theophilH-coopcarbone.jpeg\" class=\"attachment-large size-large wp-post-image\" alt=\"\" \/><div style=\"padding-bottom:100%\"><\/div><\/div><h5 class=\"w-post-elm post_title usg_post_title_1 style-h3 color_link_inherit\">Theophil Haberstroh<\/h5><p class=\"w-post-elm post_custom_field usg_post_custom_field_1 type_text titre_du_poste_version_anglaise color_link_inherit\"><span class=\"w-post-elm-value\">Coop Carbone<\/span><\/p>\t\t<\/div>\r\n\t\t\t<\/article>\r\n\t<article class=\"w-grid-item us_animate_afb size_1x1 post-5581 membres_equipe type-membres_equipe status-publish has-post-thumbnail hentry categorie_membre_equipe-comite-orientation\" data-id=\"5581\" style=\"animation-delay:0.3s\">\r\n\t\t<div class=\"w-grid-item-h\">\r\n\t\t\t\t\t\t<div class=\"w-post-elm post_image usg_post_image_1 has_ratio\"><img decoding=\"async\" width=\"277\" height=\"327\" src=\"https:\/\/transitionencommun.org\/wp-content\/uploads\/2025\/06\/AM-Aubert.png\" class=\"attachment-large size-large wp-post-image\" alt=\"\" \/><div style=\"padding-bottom:100%\"><\/div><\/div><h5 class=\"w-post-elm post_title usg_post_title_1 style-h3 color_link_inherit\">Anne-Marie Aubert<\/h5><p class=\"w-post-elm post_custom_field usg_post_custom_field_1 type_text titre_du_poste_version_anglaise color_link_inherit\"><span class=\"w-post-elm-value\">Conseil du syst\u00e8me alimentaire montr\u00e9alais<\/span><\/p>\t\t<\/div>\r\n\t\t\t<\/article>\r\n\t<article class=\"w-grid-item us_animate_afb size_1x1 post-6039 membres_equipe type-membres_equipe status-publish has-post-thumbnail hentry categorie_membre_equipe-comite-orientation\" data-id=\"6039\" style=\"animation-delay:0.4s\">\r\n\t\t<div class=\"w-grid-item-h\">\r\n\t\t\t\t\t\t<div class=\"w-post-elm post_image usg_post_image_1 has_ratio\"><img decoding=\"async\" width=\"800\" height=\"800\" src=\"https:\/\/transitionencommun.org\/wp-content\/uploads\/2025\/09\/marineThomas.jpg\" class=\"attachment-large size-large wp-post-image\" alt=\"\" \/><div style=\"padding-bottom:100%\"><\/div><\/div><h5 class=\"w-post-elm post_title usg_post_title_1 style-h3 color_link_inherit\">Marine Thomas<\/h5><p class=\"w-post-elm post_custom_field usg_post_custom_field_1 type_text titre_du_poste_version_anglaise color_link_inherit\"><span class=\"w-post-elm-value\">Partenariat Climat Montr\u00e9al<\/span><\/p>\t\t<\/div>\r\n\t\t\t<\/article>\r\n\t<article class=\"w-grid-item us_animate_afb size_1x1 post-6119 membres_equipe type-membres_equipe status-publish has-post-thumbnail hentry categorie_membre_equipe-comite-orientation categorie_membre_equipe-justice-environnementale\" data-id=\"6119\" style=\"animation-delay:0.5s\">\r\n\t\t<div class=\"w-grid-item-h\">\r\n\t\t\t\t\t\t<div class=\"w-post-elm post_image usg_post_image_1 has_ratio\"><img decoding=\"async\" width=\"683\" height=\"1024\" src=\"https:\/\/transitionencommun.org\/wp-content\/uploads\/2025\/11\/B.-Manai_Photo-683x1024.jpg\" class=\"attachment-large size-large wp-post-image\" alt=\"\" \/><div style=\"padding-bottom:100%\"><\/div><\/div><h5 class=\"w-post-elm post_title usg_post_title_1 style-h3 color_link_inherit\">Bochra Mana\u00ef<\/h5><p class=\"w-post-elm post_custom_field usg_post_custom_field_1 type_text titre_du_poste_version_anglaise color_link_inherit\"><span class=\"w-post-elm-value\">City of Montreal - Commissionaires Office<\/span><\/p>\t\t<\/div>\r\n\t\t\t<\/article>\r\n\t<article class=\"w-grid-item us_animate_afb size_1x1 post-6211 membres_equipe type-membres_equipe status-publish has-post-thumbnail hentry categorie_membre_equipe-comite-orientation\" data-id=\"6211\" style=\"animation-delay:0.6s\">\r\n\t\t<div class=\"w-grid-item-h\">\r\n\t\t\t\t\t\t<div class=\"w-post-elm post_image usg_post_image_1 has_ratio\"><img decoding=\"async\" width=\"800\" height=\"800\" src=\"https:\/\/transitionencommun.org\/wp-content\/uploads\/2025\/11\/Alexandra-Nadeau-1.jpg\" class=\"attachment-large size-large wp-post-image\" alt=\"\" \/><div style=\"padding-bottom:100%\"><\/div><\/div><h5 class=\"w-post-elm post_title usg_post_title_1 style-h3 color_link_inherit\">Alexandra Nadeau<\/h5><p class=\"w-post-elm post_custom_field usg_post_custom_field_1 type_text titre_du_poste_version_anglaise color_link_inherit\"><span class=\"w-post-elm-value\">CERS\u00c9 - Centre d'\u00e9tude en responsabilit\u00e9 sociale et \u00e9cocitoyennet\u00e9 (CCTT)<\/span><\/p>\t\t<\/div>\r\n\t\t\t<\/article>\r\n\t<article class=\"w-grid-item us_animate_afb size_1x1 post-6304 membres_equipe type-membres_equipe status-publish has-post-thumbnail hentry categorie_membre_equipe-comite-orientation\" data-id=\"6304\" style=\"animation-delay:0.7s\">\r\n\t\t<div class=\"w-grid-item-h\">\r\n\t\t\t\t\t\t<div class=\"w-post-elm post_image usg_post_image_1 has_ratio\"><img decoding=\"async\" width=\"351\" height=\"325\" src=\"https:\/\/transitionencommun.org\/wp-content\/uploads\/2025\/11\/CassAnna.jpg\" class=\"attachment-large size-large wp-post-image\" alt=\"\" \/><div style=\"padding-bottom:100%\"><\/div><\/div><h5 class=\"w-post-elm post_title usg_post_title_1 style-h3 color_link_inherit\">Ana\u00efs Houde\/Cassandre Charbonneau<\/h5><p class=\"w-post-elm post_custom_field usg_post_custom_field_1 type_text titre_du_poste_version_anglaise color_link_inherit\"><span class=\"w-post-elm-value\">Mobilisation 6600 Parc-Nature MHM<\/span><\/p>\t\t<\/div>\r\n\t\t\t<\/article>\r\n\t<article class=\"w-grid-item us_animate_afb size_1x1 post-6216 membres_equipe type-membres_equipe status-publish has-post-thumbnail hentry categorie_membre_equipe-comite-orientation\" data-id=\"6216\" style=\"animation-delay:0s\">\r\n\t\t<div class=\"w-grid-item-h\">\r\n\t\t\t\t\t\t<div class=\"w-post-elm post_image usg_post_image_1 has_ratio\"><img decoding=\"async\" width=\"1024\" height=\"898\" src=\"https:\/\/transitionencommun.org\/wp-content\/uploads\/2025\/11\/Denises-Veilleux-COmite-citoyen-resilience-aine-1-1024x898.jpg\" class=\"attachment-large size-large wp-post-image\" alt=\"\" \/><div style=\"padding-bottom:100%\"><\/div><\/div><h5 class=\"w-post-elm post_title usg_post_title_1 style-h3 color_link_inherit\">Denise Veilleux<\/h5><p class=\"w-post-elm post_custom_field usg_post_custom_field_1 type_text titre_du_poste_version_anglaise color_link_inherit\"><span class=\"w-post-elm-value\">Conseil citoyen du r\u00e9seau r\u00e9silience a\u00een\u00e9 de Montr\u00e9al<\/span><\/p>\t\t<\/div>\r\n\t\t\t<\/article>\r\n\t<article class=\"w-grid-item us_animate_afb size_1x1 post-6220 membres_equipe type-membres_equipe status-publish has-post-thumbnail hentry categorie_membre_equipe-comite-orientation\" data-id=\"6220\" style=\"animation-delay:0.1s\">\r\n\t\t<div class=\"w-grid-item-h\">\r\n\t\t\t\t\t\t<div class=\"w-post-elm post_image usg_post_image_1 has_ratio\"><img decoding=\"async\" width=\"200\" height=\"200\" src=\"https:\/\/transitionencommun.org\/wp-content\/uploads\/2025\/11\/JEanSebSuf.jpg\" class=\"attachment-large size-large wp-post-image\" alt=\"\" \/><div style=\"padding-bottom:100%\"><\/div><\/div><h5 class=\"w-post-elm post_title usg_post_title_1 style-h3 color_link_inherit\">Jean-S\u00e9bastien Dufresne<\/h5><p class=\"w-post-elm post_custom_field usg_post_custom_field_1 type_text titre_du_poste_version_anglaise color_link_inherit\"><span class=\"w-post-elm-value\">ICIELA Citizens Solidarity Network<\/span><\/p>\t\t<\/div>\r\n\t\t\t<\/article>\r\n\t<article class=\"w-grid-item us_animate_afb size_1x1 post-6298 membres_equipe type-membres_equipe status-publish has-post-thumbnail hentry categorie_membre_equipe-comite-orientation\" data-id=\"6298\" style=\"animation-delay:0.2s\">\r\n\t\t<div class=\"w-grid-item-h\">\r\n\t\t\t\t\t\t<div class=\"w-post-elm post_image usg_post_image_1 has_ratio\"><img decoding=\"async\" width=\"318\" height=\"373\" src=\"https:\/\/transitionencommun.org\/wp-content\/uploads\/2025\/11\/KarelLuap.jpg\" class=\"attachment-large size-large wp-post-image\" alt=\"\" \/><div style=\"padding-bottom:100%\"><\/div><\/div><h5 class=\"w-post-elm post_title usg_post_title_1 style-h3 color_link_inherit\">Karel Luap<\/h5><p class=\"w-post-elm post_custom_field usg_post_custom_field_1 type_text titre_du_poste_version_anglaise color_link_inherit\"><span class=\"w-post-elm-value\">Ville en vert<\/span><\/p>\t\t<\/div>\r\n\t\t\t<\/article>\r\n\t<article class=\"w-grid-item us_animate_afb size_1x1 post-6309 membres_equipe type-membres_equipe status-publish has-post-thumbnail hentry categorie_membre_equipe-comite-orientation\" data-id=\"6309\" style=\"animation-delay:0.3s\">\r\n\t\t<div class=\"w-grid-item-h\">\r\n\t\t\t\t\t\t<div class=\"w-post-elm post_image usg_post_image_1 has_ratio\"><img decoding=\"async\" width=\"381\" height=\"334\" src=\"https:\/\/transitionencommun.org\/wp-content\/uploads\/2025\/11\/jasbnciajsnc.jpg\" class=\"attachment-large size-large wp-post-image\" alt=\"\" \/><div style=\"padding-bottom:100%\"><\/div><\/div><h5 class=\"w-post-elm post_title usg_post_title_1 style-h3 color_link_inherit\">Louis-Philippe Lizotte\/Isabelle Gaudette<\/h5><p class=\"w-post-elm post_custom_field usg_post_custom_field_1 type_text titre_du_poste_version_anglaise color_link_inherit\"><span class=\"w-post-elm-value\">INM \/ CEUM<\/span><\/p>\t\t<\/div>\r\n\t\t\t<\/article>\r\n\t<article class=\"w-grid-item us_animate_afb size_1x1 post-6312 membres_equipe type-membres_equipe status-publish has-post-thumbnail hentry categorie_membre_equipe-comite-orientation\" data-id=\"6312\" style=\"animation-delay:0.4s\">\r\n\t\t<div class=\"w-grid-item-h\">\r\n\t\t\t\t\t\t<div class=\"w-post-elm post_image usg_post_image_1 has_ratio\"><img decoding=\"async\" width=\"375\" height=\"304\" src=\"https:\/\/transitionencommun.org\/wp-content\/uploads\/2025\/11\/ajscniajsncas.jpg\" class=\"attachment-large size-large wp-post-image\" alt=\"\" \/><div style=\"padding-bottom:100%\"><\/div><\/div><h5 class=\"w-post-elm post_title usg_post_title_1 style-h3 color_link_inherit\">Marguerite Mendell \/ Sylvain Lef\u00e8vre<\/h5><p class=\"w-post-elm post_custom_field usg_post_custom_field_1 type_text titre_du_poste_version_anglaise color_link_inherit\"><span class=\"w-post-elm-value\">Centre de recherche sur les innovations sociales (CRISES)<\/span><\/p>\t\t<\/div>\r\n\t\t\t<\/article>\r\n\t<article class=\"w-grid-item us_animate_afb size_1x1 post-6317 membres_equipe type-membres_equipe status-publish has-post-thumbnail hentry categorie_membre_equipe-comite-orientation\" data-id=\"6317\" style=\"animation-delay:0.5s\">\r\n\t\t<div class=\"w-grid-item-h\">\r\n\t\t\t\t\t\t<div class=\"w-post-elm post_image usg_post_image_1 has_ratio\"><img decoding=\"async\" width=\"360\" height=\"298\" src=\"https:\/\/transitionencommun.org\/wp-content\/uploads\/2025\/11\/Jsjnaisc.jpg\" class=\"attachment-large size-large wp-post-image\" alt=\"\" \/><div style=\"padding-bottom:100%\"><\/div><\/div><h5 class=\"w-post-elm post_title usg_post_title_1 style-h3 color_link_inherit\">Natana\u00ebl B\u00e9gin-Paul \/ Imany B\u00e9gin-Paul<\/h5><p class=\"w-post-elm post_custom_field usg_post_custom_field_1 type_text titre_du_poste_version_anglaise color_link_inherit\"><span class=\"w-post-elm-value\">Tshuapamitin<\/span><\/p>\t\t<\/div>\r\n\t\t\t<\/article>\r\n\t<article class=\"w-grid-item us_animate_afb size_1x1 post-6295 membres_equipe type-membres_equipe status-publish has-post-thumbnail hentry categorie_membre_equipe-comite-orientation\" data-id=\"6295\" style=\"animation-delay:0.6s\">\r\n\t\t<div class=\"w-grid-item-h\">\r\n\t\t\t\t\t\t<div class=\"w-post-elm post_image usg_post_image_1 has_ratio\"><img decoding=\"async\" width=\"372\" height=\"316\" src=\"https:\/\/transitionencommun.org\/wp-content\/uploads\/2025\/11\/Genevieve-Dube-e1763504762476.jpg\" class=\"attachment-large size-large wp-post-image\" alt=\"\" \/><div style=\"padding-bottom:100%\"><\/div><\/div><h5 class=\"w-post-elm post_title usg_post_title_1 style-h3 color_link_inherit\">Genevi\u00e8ve Dub\u00e9<\/h5><p class=\"w-post-elm post_custom_field usg_post_custom_field_1 type_text titre_du_poste_version_anglaise color_link_inherit\"><span class=\"w-post-elm-value\">Jardins pour tous<\/span><\/p>\t\t<\/div>\r\n\t\t\t<\/article>\r\n\t<article class=\"w-grid-item us_animate_afb size_1x1 post-6857 membres_equipe type-membres_equipe status-publish has-post-thumbnail hentry categorie_membre_equipe-comite-orientation\" data-id=\"6857\" style=\"animation-delay:0.7s\">\r\n\t\t<div class=\"w-grid-item-h\">\r\n\t\t\t\t\t\t<div class=\"w-post-elm post_image usg_post_image_1 has_ratio\"><img decoding=\"async\" width=\"920\" height=\"1024\" src=\"https:\/\/transitionencommun.org\/wp-content\/uploads\/2026\/03\/KevinDuBoisberranger-920x1024.jpg\" class=\"attachment-large size-large wp-post-image\" alt=\"\" \/><div style=\"padding-bottom:100%\"><\/div><\/div><h5 class=\"w-post-elm post_title usg_post_title_1 style-h3 color_link_inherit\">Kevin Du Boisberranger<\/h5><p class=\"w-post-elm post_custom_field usg_post_custom_field_1 type_text titre_du_poste_version_anglaise color_link_inherit\"><span class=\"w-post-elm-value\">Demain Verdun<\/span><\/p>\t\t<\/div>\r\n\t\t\t<\/article>\r\n<\/div>\t<div class=\"w-grid-preloader\">\r\n\t\t<div class=\"g-preloader type_1\">\r\n\t\t\t<div><\/div>\r\n\t\t<\/div>\r\n\t<\/div>\r\n\t\t<div class=\"w-grid-json hidden\" onclick='return {&quot;action&quot;:&quot;us_ajax_grid&quot;,&quot;infinite_scroll&quot;:0,&quot;max_num_pages&quot;:1,&quot;pagination&quot;:&quot;none&quot;,&quot;template_vars&quot;:{&quot;columns&quot;:&quot;4&quot;,&quot;exclude_items&quot;:&quot;none&quot;,&quot;img_size&quot;:&quot;default&quot;,&quot;ignore_items_size&quot;:0,&quot;items_layout&quot;:&quot;3871&quot;,&quot;items_offset&quot;:&quot;1&quot;,&quot;load_animation&quot;:&quot;afb&quot;,&quot;overriding_link&quot;:&quot;%7B%22url%22%3A%22%22%7D&quot;,&quot;post_id&quot;:3920,&quot;query_args&quot;:{&quot;post_type&quot;:[&quot;membres_equipe&quot;],&quot;tax_query&quot;:[{&quot;taxonomy&quot;:&quot;categorie_membre_equipe&quot;,&quot;field&quot;:&quot;slug&quot;,&quot;terms&quot;:[&quot;comite-orientation&quot;]}],&quot;post_status&quot;:[&quot;publish&quot;,&quot;acf-disabled&quot;],&quot;posts_per_page&quot;:&quot;50&quot;},&quot;orderby_query_args&quot;:{&quot;orderby&quot;:{&quot;date&quot;:&quot;ASC&quot;}},&quot;type&quot;:&quot;grid&quot;,&quot;us_grid_post_type&quot;:&quot;membres_equipe&quot;,&quot;us_grid_ajax_index&quot;:11,&quot;us_grid_filter_query_string&quot;:null,&quot;us_grid_index&quot;:11,&quot;page_args&quot;:[],&quot;lang&quot;:&quot;en&quot;}}'><\/div>\r\n\t<\/div><\/div><\/div><\/div><\/div><\/div><\/div><\/div><\/div><\/div><\/section>\n<\/div><\/div><\/div><\/div><\/div><\/div><div class=\"w-tabs-section\" id=\"ka83\"><button type=\"button\" class=\"w-tabs-section-header\" aria-controls=\"content-ka83\" aria-expanded=\"false\"><h3 class=\"w-tabs-section-title\">Neighborhoods Section<\/h3><div class=\"w-tabs-section-control\"><\/div><\/button><div  class=\"w-tabs-section-content\" id=\"content-ka83\"><div class=\"w-tabs-section-content-h i-cf\"><div class=\"g-cols wpb_row inner-row-tab-img-right via_grid cols_custom laptops-cols_inherit tablets-cols_inherit mobiles-cols_1 valign_top type_default stacking_default\" style=\"--columns-gap:3rem;--custom-columns:2.5fr 3.5fr 6fr \"><div class=\"wpb_column vc_column_container\"><div class=\"vc_column-inner\"><div class=\"w-image us_custom_02c2953a has_aspect_ratio align_none\"><div class=\"w-image-h\"><img decoding=\"async\" width=\"512\" height=\"385\" src=\"https:\/\/transitionencommun.org\/wp-content\/uploads\/2023\/12\/p3-RDQ.png\" class=\"attachment-large size-large\" alt=\"\" loading=\"lazy\" srcset=\"https:\/\/transitionencommun.org\/wp-content\/uploads\/2023\/12\/p3-RDQ.png 512w, https:\/\/transitionencommun.org\/wp-content\/uploads\/2023\/12\/p3-RDQ-300x226.png 300w\" sizes=\"auto, (max-width: 512px) 100vw, 512px\" \/><\/div><\/div><\/div><\/div><div class=\"wpb_column vc_column_container\"><div class=\"vc_column-inner\"><div class=\"wpb_text_column\"><div class=\"wpb_wrapper\"><h4>The Neighborhoods Center<\/h4>\n<\/div><\/div><div class=\"w-separator size_medium\"><\/div><div class=\"wpb_text_column\"><div class=\"wpb_wrapper\"><p><span style=\"font-weight: 400;\">Espace Quartiers (EQ) is a place of <\/span><b>mutual support<\/b><span style=\"font-weight: 400;\">, <\/span><b>solidarity<\/b><span style=\"font-weight: 400;\">, and <\/span><b>empowerment<\/b><span style=\"font-weight: 400;\"> capacity building and<\/span><b> neighborhood advocacy <\/b> <span style=\"font-weight: 400;\">through TeC. It regularly hosts meetings on various topics, and<em>the \u201cSolutions Space\u201d<\/em> is also held during these events. <\/span><\/p>\n<\/div><\/div><div class=\"w-btn-wrapper align_center\"><a class=\"w-btn us-btn-style_1\" href=\"transitionencommun.org\"><span class=\"w-btn-label\">Click Me<\/span><\/a><\/div><\/div><\/div><div class=\"wpb_column vc_column_container\"><div class=\"vc_column-inner\"><section class=\"l-section wpb_row us_custom_b6a72ce1 height_medium\"><div class=\"l-section-h i-cf\"><div class=\"g-cols vc_row via_grid cols_1 laptops-cols_inherit tablets-cols_inherit mobiles-cols_1 valign_top type_default stacking_default\"><div class=\"wpb_column vc_column_container\"><div class=\"vc_column-inner\"><div class=\"w-tabs accordeon-membres accordion toggle_style_1 has_scrolling\" style=\"--sections-title-size:inherit;--sections-gap:0.5rem;\"><div class=\"w-tabs-sections titles-align_none icon_plus cpos_right\"><div class=\"w-tabs-section\" id=\"j362\"><button type=\"button\" class=\"w-tabs-section-header\" aria-controls=\"content-j362\" aria-expanded=\"false\"><h4 class=\"w-tabs-section-title\">Members<\/h4><div class=\"w-tabs-section-control\"><\/div><\/button><div  class=\"w-tabs-section-content\" id=\"content-j362\"><div class=\"w-tabs-section-content-h i-cf\"><div class=\"w-grid us_grid membres-grid type_grid layout_3871 cols_4 preload_style_spinner with_css_animation\" id=\"us_grid_12\" style=\"--columns:4;--gap:1.5rem;\" data-filterable=\"true\"><style>@media (max-width:1380px){#us_grid_12{--columns:3!important}}@media (max-width:1024px){#us_grid_12{--columns:2!important}}@media (max-width:600px){#us_grid_12{--columns:1!important}}<\/style><div class=\"w-grid-list\">\t<article class=\"w-grid-item us_animate_afb size_1x1 post-2486 membres_equipe type-membres_equipe status-publish has-post-thumbnail hentry categorie_membre_equipe-comite-orientation categorie_membre_equipe-economies-en-transition\" data-id=\"2486\" style=\"animation-delay:0s\">\r\n\t\t<div class=\"w-grid-item-h\">\r\n\t\t\t\t\t\t<div class=\"w-post-elm post_image usg_post_image_1 has_ratio\"><img decoding=\"async\" width=\"665\" height=\"740\" src=\"https:\/\/transitionencommun.org\/wp-content\/uploads\/2024\/12\/anyle-cote-cesim-3-e1733159092479.jpg\" class=\"attachment-large size-large wp-post-image\" alt=\"\" \/><div style=\"padding-bottom:100%\"><\/div><\/div><h5 class=\"w-post-elm post_title usg_post_title_1 style-h3 color_link_inherit\">Anyle C\u00f4t\u00e9<\/h5><p class=\"w-post-elm post_custom_field usg_post_custom_field_1 type_text titre_du_poste_version_anglaise color_link_inherit\"><span class=\"w-post-elm-value\">Conseil d'\u00e9conomie sociale de l'\u00eele de Montr\u00e9al (CESIM)<\/span><\/p>\t\t<\/div>\r\n\t\t\t<\/article>\r\n\t<article class=\"w-grid-item us_animate_afb size_1x1 post-2487 membres_equipe type-membres_equipe status-publish has-post-thumbnail hentry categorie_membre_equipe-comite-orientation categorie_membre_equipe-demotorisation\" data-id=\"2487\" style=\"animation-delay:0.1s\">\r\n\t\t<div class=\"w-grid-item-h\">\r\n\t\t\t\t\t\t<div class=\"w-post-elm post_image usg_post_image_1 has_ratio\"><img decoding=\"async\" width=\"315\" height=\"360\" src=\"https:\/\/transitionencommun.org\/wp-content\/uploads\/2024\/08\/BR-e1733159187461.jpg\" class=\"attachment-large size-large wp-post-image\" alt=\"\" \/><div style=\"padding-bottom:100%\"><\/div><\/div><h5 class=\"w-post-elm post_title usg_post_title_1 style-h3 color_link_inherit\">Blaise R\u00e9millard<\/h5><p class=\"w-post-elm post_custom_field usg_post_custom_field_1 type_text titre_du_poste_version_anglaise color_link_inherit\"><span class=\"w-post-elm-value\">Conseil r\u00e9gional de l'environnement de Montr\u00e9al (CRE)<\/span><\/p>\t\t<\/div>\r\n\t\t\t<\/article>\r\n\t<article class=\"w-grid-item us_animate_afb size_1x1 post-2488 membres_equipe type-membres_equipe status-publish has-post-thumbnail hentry categorie_membre_equipe-comite-orientation\" data-id=\"2488\" style=\"animation-delay:0.2s\">\r\n\t\t<div class=\"w-grid-item-h\">\r\n\t\t\t\t\t\t<div class=\"w-post-elm post_image usg_post_image_1 has_ratio\"><img decoding=\"async\" width=\"500\" height=\"500\" src=\"https:\/\/transitionencommun.org\/wp-content\/uploads\/2024\/08\/CD.jpg\" class=\"attachment-large size-large wp-post-image\" alt=\"\" \/><div style=\"padding-bottom:100%\"><\/div><\/div><h5 class=\"w-post-elm post_title usg_post_title_1 style-h3 color_link_inherit\">Christophe Derrien<\/h5>\t\t<\/div>\r\n\t\t\t<\/article>\r\n\t<article class=\"w-grid-item us_animate_afb size_1x1 post-2490 membres_equipe type-membres_equipe status-publish has-post-thumbnail hentry categorie_membre_equipe-comite-orientation categorie_membre_equipe-comite-executif categorie_membre_equipe-justice-environnementale\" data-id=\"2490\" style=\"animation-delay:0.3s\">\r\n\t\t<div class=\"w-grid-item-h\">\r\n\t\t\t\t\t\t<div class=\"w-post-elm post_image usg_post_image_1 has_ratio\"><img decoding=\"async\" width=\"220\" height=\"220\" src=\"https:\/\/transitionencommun.org\/wp-content\/uploads\/2024\/08\/DK.jpg\" class=\"attachment-large size-large wp-post-image\" alt=\"\" \/><div style=\"padding-bottom:100%\"><\/div><\/div><h5 class=\"w-post-elm post_title usg_post_title_1 style-h3 color_link_inherit\">David Kaiser<\/h5><p class=\"w-post-elm post_custom_field usg_post_custom_field_1 type_text titre_du_poste_version_anglaise color_link_inherit\"><span class=\"w-post-elm-value\">Direction r\u00e9gionale de sant\u00e9 publique de Montr\u00e9al<\/span><\/p>\t\t<\/div>\r\n\t\t\t<\/article>\r\n\t<article class=\"w-grid-item us_animate_afb size_1x1 post-2493 membres_equipe type-membres_equipe status-publish has-post-thumbnail hentry categorie_membre_equipe-comite-orientation\" data-id=\"2493\" style=\"animation-delay:0.4s\">\r\n\t\t<div class=\"w-grid-item-h\">\r\n\t\t\t\t\t\t<div class=\"w-post-elm post_image usg_post_image_1 has_ratio\"><img decoding=\"async\" width=\"674\" height=\"460\" src=\"https:\/\/transitionencommun.org\/wp-content\/uploads\/2024\/12\/emmanuellehebert-674x460-1.png\" class=\"attachment-large size-large wp-post-image\" alt=\"\" \/><div style=\"padding-bottom:100%\"><\/div><\/div><h5 class=\"w-post-elm post_title usg_post_title_1 style-h3 color_link_inherit\">Emmanuelle H\u00e9bert<\/h5><p class=\"w-post-elm post_custom_field usg_post_custom_field_1 type_text titre_du_poste_version_anglaise color_link_inherit\"><span class=\"w-post-elm-value\">Culture Montr\u00e9al<\/span><\/p>\t\t<\/div>\r\n\t\t\t<\/article>\r\n\t<article class=\"w-grid-item us_animate_afb size_1x1 post-2498 membres_equipe type-membres_equipe status-publish has-post-thumbnail hentry categorie_membre_equipe-comite-orientation categorie_membre_equipe-comite-executif categorie_membre_equipe-espace-quartiers categorie_membre_equipe-justice-environnementale\" data-id=\"2498\" style=\"animation-delay:0.5s\">\r\n\t\t<div class=\"w-grid-item-h\">\r\n\t\t\t\t\t\t<div class=\"w-post-elm post_image usg_post_image_1 has_ratio\"><img decoding=\"async\" width=\"846\" height=\"1024\" src=\"https:\/\/transitionencommun.org\/wp-content\/uploads\/2024\/12\/joakim-lemieux-moCA-8999-scaled-e1733159275743-846x1024.jpg\" class=\"attachment-large size-large wp-post-image\" alt=\"\" \/><div style=\"padding-bottom:100%\"><\/div><\/div><h5 class=\"w-post-elm post_title usg_post_title_1 style-h3 color_link_inherit\">Joakim Lemieux<\/h5><p class=\"w-post-elm post_custom_field usg_post_custom_field_1 type_text titre_du_poste_version_anglaise color_link_inherit\"><span class=\"w-post-elm-value\">Coalition montr\u00e9alaises des Tables de quartier (CMTQ)<\/span><\/p>\t\t<\/div>\r\n\t\t\t<\/article>\r\n\t<article class=\"w-grid-item us_animate_afb size_1x1 post-2511 membres_equipe type-membres_equipe status-publish has-post-thumbnail hentry categorie_membre_equipe-collectif-resilience categorie_membre_equipe-comite-orientation categorie_membre_equipe-justice-environnementale categorie_membre_equipe-let categorie_membre_equipe-savoirs\" data-id=\"2511\" style=\"animation-delay:0.6s\">\r\n\t\t<div class=\"w-grid-item-h\">\r\n\t\t\t\t\t\t<div class=\"w-post-elm post_image usg_post_image_1 has_ratio\"><img decoding=\"async\" width=\"751\" height=\"968\" src=\"https:\/\/transitionencommun.org\/wp-content\/uploads\/2024\/12\/SophieLVanNesteMai2024.jpg\" class=\"attachment-large size-large wp-post-image\" alt=\"\" \/><div style=\"padding-bottom:100%\"><\/div><\/div><h5 class=\"w-post-elm post_title usg_post_title_1 style-h3 color_link_inherit\">Sophie Van Neste<\/h5><p class=\"w-post-elm post_custom_field usg_post_custom_field_1 type_text titre_du_poste_version_anglaise color_link_inherit\"><span class=\"w-post-elm-value\">Labo \u00c9quit\u00e9 Climat, INRS<\/span><\/p>\t\t<\/div>\r\n\t\t\t<\/article>\r\n\t<article class=\"w-grid-item us_animate_afb size_1x1 post-2579 membres_equipe type-membres_equipe status-publish has-post-thumbnail hentry categorie_membre_equipe-comite-orientation categorie_membre_equipe-comite-executif categorie_membre_equipe-let\" data-id=\"2579\" style=\"animation-delay:0.7s\">\r\n\t\t<div class=\"w-grid-item-h\">\r\n\t\t\t\t\t\t<div class=\"w-post-elm post_image usg_post_image_1 has_ratio\"><img decoding=\"async\" width=\"876\" height=\"1024\" src=\"https:\/\/transitionencommun.org\/wp-content\/uploads\/2024\/08\/karl-janelle-1-876x1024.jpg\" class=\"attachment-large size-large wp-post-image\" alt=\"\" \/><div style=\"padding-bottom:100%\"><\/div><\/div><h5 class=\"w-post-elm post_title usg_post_title_1 style-h3 color_link_inherit\">Karl Janelle<\/h5><p class=\"w-post-elm post_custom_field usg_post_custom_field_1 type_text titre_du_poste_version_anglaise color_link_inherit\"><span class=\"w-post-elm-value\">Coalition Climat Montr\u00e9al<\/span><\/p>\t\t<\/div>\r\n\t\t\t<\/article>\r\n\t<article class=\"w-grid-item us_animate_afb size_1x1 post-3707 membres_equipe type-membres_equipe status-publish has-post-thumbnail hentry categorie_membre_equipe-comite-orientation\" data-id=\"3707\" style=\"animation-delay:0s\">\r\n\t\t<div class=\"w-grid-item-h\">\r\n\t\t\t\t\t\t<div class=\"w-post-elm post_image usg_post_image_1 has_ratio\"><img decoding=\"async\" width=\"680\" height=\"1024\" src=\"https:\/\/transitionencommun.org\/wp-content\/uploads\/2024\/09\/Sarah2242-680x1024.jpg\" class=\"attachment-large size-large wp-post-image\" alt=\"\" \/><div style=\"padding-bottom:100%\"><\/div><\/div><h5 class=\"w-post-elm post_title usg_post_title_1 style-h3 color_link_inherit\">Marianne-Sarah Saulnier<\/h5><p class=\"w-post-elm post_custom_field usg_post_custom_field_1 type_text titre_du_poste_version_anglaise color_link_inherit\"><span class=\"w-post-elm-value\">Observatoire qu\u00e9b\u00e9cois des in\u00e9galit\u00e9s<\/span><\/p>\t\t<\/div>\r\n\t\t\t<\/article>\r\n\t<article class=\"w-grid-item us_animate_afb size_1x1 post-3766 membres_equipe type-membres_equipe status-publish has-post-thumbnail hentry categorie_membre_equipe-comite-orientation\" data-id=\"3766\" style=\"animation-delay:0.1s\">\r\n\t\t<div class=\"w-grid-item-h\">\r\n\t\t\t\t\t\t<div class=\"w-post-elm post_image usg_post_image_1 has_ratio\"><img decoding=\"async\" width=\"229\" height=\"246\" src=\"https:\/\/transitionencommun.org\/wp-content\/uploads\/2024\/09\/cleliaSeve-1-e1733154277809.jpg\" class=\"attachment-large size-large wp-post-image\" alt=\"\" \/><div style=\"padding-bottom:100%\"><\/div><\/div><h5 class=\"w-post-elm post_title usg_post_title_1 style-h3 color_link_inherit\">Cl\u00e9lia S\u00e8ve<\/h5><p class=\"w-post-elm post_custom_field usg_post_custom_field_1 type_text titre_du_poste_version_anglaise color_link_inherit\"><span class=\"w-post-elm-value\">Regroupement des \u00c9co-quartiers<\/span><\/p>\t\t<\/div>\r\n\t\t\t<\/article>\r\n\t<article class=\"w-grid-item us_animate_afb size_1x1 post-4440 membres_equipe type-membres_equipe status-publish has-post-thumbnail hentry categorie_membre_equipe-comite-orientation\" data-id=\"4440\" style=\"animation-delay:0.2s\">\r\n\t\t<div class=\"w-grid-item-h\">\r\n\t\t\t\t\t\t<div class=\"w-post-elm post_image usg_post_image_1 has_ratio\"><img decoding=\"async\" width=\"1024\" height=\"1024\" src=\"https:\/\/transitionencommun.org\/wp-content\/uploads\/2024\/12\/Christoph-Stamm-1-e1733161603348-1024x1024.jpg\" class=\"attachment-large size-large wp-post-image\" alt=\"\" \/><div style=\"padding-bottom:100%\"><\/div><\/div><h5 class=\"w-post-elm post_title usg_post_title_1 style-h3 color_link_inherit\">Christoph Stamm<\/h5><p class=\"w-post-elm post_custom_field usg_post_custom_field_1 type_text titre_du_poste_version_anglaise color_link_inherit\"><span class=\"w-post-elm-value\">Une monnaie pour Montr\u00e9al<\/span><\/p>\t\t<\/div>\r\n\t\t\t<\/article>\r\n\t<article class=\"w-grid-item us_animate_afb size_1x1 post-4453 membres_equipe type-membres_equipe status-publish has-post-thumbnail hentry categorie_membre_equipe-comite-orientation\" data-id=\"4453\" style=\"animation-delay:0.3s\">\r\n\t\t<div class=\"w-grid-item-h\">\r\n\t\t\t\t\t\t<div class=\"w-post-elm post_image usg_post_image_1 has_ratio\"><img decoding=\"async\" width=\"774\" height=\"651\" src=\"https:\/\/transitionencommun.org\/wp-content\/uploads\/2024\/12\/GaelleGenereux.png\" class=\"attachment-large size-large wp-post-image\" alt=\"\" \/><div style=\"padding-bottom:100%\"><\/div><\/div><h5 class=\"w-post-elm post_title usg_post_title_1 style-h3 color_link_inherit\">Ga\u00eblle G\u00e9n\u00e9reux<\/h5><p class=\"w-post-elm post_custom_field usg_post_custom_field_1 type_text titre_du_poste_version_anglaise color_link_inherit\"><span class=\"w-post-elm-value\">PME MTL Centre-Est<\/span><\/p>\t\t<\/div>\r\n\t\t\t<\/article>\r\n\t<article class=\"w-grid-item us_animate_afb size_1x1 post-4506 membres_equipe type-membres_equipe status-publish has-post-thumbnail hentry categorie_membre_equipe-comite-orientation categorie_membre_equipe-justice-environnementale\" data-id=\"4506\" style=\"animation-delay:0.4s\">\r\n\t\t<div class=\"w-grid-item-h\">\r\n\t\t\t\t\t\t<div class=\"w-post-elm post_image usg_post_image_1 has_ratio\"><img decoding=\"async\" width=\"400\" height=\"400\" src=\"https:\/\/transitionencommun.org\/wp-content\/uploads\/2024\/12\/lea_ilardo_1080-400x400-1.png\" class=\"attachment-large size-large wp-post-image\" alt=\"\" \/><div style=\"padding-bottom:100%\"><\/div><\/div><h5 class=\"w-post-elm post_title usg_post_title_1 style-h3 color_link_inherit\">L\u00e9a Illardo<\/h5><p class=\"w-post-elm post_custom_field usg_post_custom_field_1 type_text titre_du_poste_version_anglaise color_link_inherit\"><span class=\"w-post-elm-value\">\u00c9clore<\/span><\/p>\t\t<\/div>\r\n\t\t\t<\/article>\r\n\t<article class=\"w-grid-item us_animate_afb size_1x1 post-4510 membres_equipe type-membres_equipe status-publish has-post-thumbnail hentry categorie_membre_equipe-comite-orientation\" data-id=\"4510\" style=\"animation-delay:0.5s\">\r\n\t\t<div class=\"w-grid-item-h\">\r\n\t\t\t\t\t\t<div class=\"w-post-elm post_image usg_post_image_1 has_ratio\"><img decoding=\"async\" width=\"839\" height=\"1024\" src=\"https:\/\/transitionencommun.org\/wp-content\/uploads\/2024\/12\/Justine_Ballon_HEC_5801_5X7-1-e1733159321571-839x1024.jpg\" class=\"attachment-large size-large wp-post-image\" alt=\"\" \/><div style=\"padding-bottom:100%\"><\/div><\/div><h5 class=\"w-post-elm post_title usg_post_title_1 style-h3 color_link_inherit\">Justine Ballon<\/h5><p class=\"w-post-elm post_custom_field usg_post_custom_field_1 type_text titre_du_poste_version_anglaise color_link_inherit\"><span class=\"w-post-elm-value\">Institut international des coop\u00e9ratives Alphonse et Dorim\u00e8ne Desjardins, HEC Montr\u00e9al<\/span><\/p>\t\t<\/div>\r\n\t\t\t<\/article>\r\n\t<article class=\"w-grid-item us_animate_afb size_1x1 post-4515 membres_equipe type-membres_equipe status-publish has-post-thumbnail hentry categorie_membre_equipe-comite-orientation\" data-id=\"4515\" style=\"animation-delay:0.6s\">\r\n\t\t<div class=\"w-grid-item-h\">\r\n\t\t\t\t\t\t<div class=\"w-post-elm post_image usg_post_image_1 has_ratio\"><img decoding=\"async\" width=\"343\" height=\"343\" src=\"https:\/\/transitionencommun.org\/wp-content\/uploads\/2024\/12\/SidneyRibaux.jpg\" class=\"attachment-large size-large wp-post-image\" alt=\"\" \/><div style=\"padding-bottom:100%\"><\/div><\/div><h5 class=\"w-post-elm post_title usg_post_title_1 style-h3 color_link_inherit\">Sidney Ribaux<\/h5><p class=\"w-post-elm post_custom_field usg_post_custom_field_1 type_text titre_du_poste_version_anglaise color_link_inherit\"><span class=\"w-post-elm-value\">Bureau de la transition \u00e9cologique et de la r\u00e9silience Ville de Montr\u00e9al (BTER)<\/span><\/p>\t\t<\/div>\r\n\t\t\t<\/article>\r\n\t<article class=\"w-grid-item us_animate_afb size_1x1 post-4518 membres_equipe type-membres_equipe status-publish has-post-thumbnail hentry categorie_membre_equipe-comite-orientation\" data-id=\"4518\" style=\"animation-delay:0.7s\">\r\n\t\t<div class=\"w-grid-item-h\">\r\n\t\t\t\t\t\t<div class=\"w-post-elm post_image usg_post_image_1 has_ratio\"><img decoding=\"async\" width=\"400\" height=\"400\" src=\"https:\/\/transitionencommun.org\/wp-content\/uploads\/2024\/12\/JustineDesbiens.jpg\" class=\"attachment-large size-large wp-post-image\" alt=\"\" \/><div style=\"padding-bottom:100%\"><\/div><\/div><h5 class=\"w-post-elm post_title usg_post_title_1 style-h3 color_link_inherit\">Justine Desbiens<\/h5><p class=\"w-post-elm post_custom_field usg_post_custom_field_1 type_text titre_du_poste_version_anglaise color_link_inherit\"><span class=\"w-post-elm-value\">Arrondissement Le Sud-Ouest <\/span><\/p>\t\t<\/div>\r\n\t\t\t<\/article>\r\n\t<article class=\"w-grid-item us_animate_afb size_1x1 post-4842 membres_equipe type-membres_equipe status-publish has-post-thumbnail hentry categorie_membre_equipe-comite-orientation\" data-id=\"4842\" style=\"animation-delay:0s\">\r\n\t\t<div class=\"w-grid-item-h\">\r\n\t\t\t\t\t\t<div class=\"w-post-elm post_image usg_post_image_1 has_ratio\"><img decoding=\"async\" width=\"200\" height=\"200\" src=\"https:\/\/transitionencommun.org\/wp-content\/uploads\/2025\/01\/pascal-lacasse.jpg\" class=\"attachment-large size-large wp-post-image\" alt=\"\" \/><div style=\"padding-bottom:100%\"><\/div><\/div><h5 class=\"w-post-elm post_title usg_post_title_1 style-h3 color_link_inherit\">Pascal Lacasse<\/h5><p class=\"w-post-elm post_custom_field usg_post_custom_field_1 type_text titre_du_poste_version_anglaise color_link_inherit\"><span class=\"w-post-elm-value\">Service de l\u2019urbanisme et de la mobilit\u00e9 - Ville de Montr\u00e9al<\/span><\/p>\t\t<\/div>\r\n\t\t\t<\/article>\r\n\t<article class=\"w-grid-item us_animate_afb size_1x1 post-4858 membres_equipe type-membres_equipe status-publish has-post-thumbnail hentry categorie_membre_equipe-comite-orientation\" data-id=\"4858\" style=\"animation-delay:0.1s\">\r\n\t\t<div class=\"w-grid-item-h\">\r\n\t\t\t\t\t\t<div class=\"w-post-elm post_image usg_post_image_1 has_ratio\"><img decoding=\"async\" width=\"181\" height=\"190\" src=\"https:\/\/transitionencommun.org\/wp-content\/uploads\/2025\/02\/ToniaDiG-e1741025527977.jpg\" class=\"attachment-large size-large wp-post-image\" alt=\"\" \/><div style=\"padding-bottom:100%\"><\/div><\/div><h5 class=\"w-post-elm post_title usg_post_title_1 style-h3 color_link_inherit\">Tonia Di Guglielmo<\/h5><p class=\"w-post-elm post_custom_field usg_post_custom_field_1 type_text titre_du_poste_version_anglaise color_link_inherit\"><span class=\"w-post-elm-value\">Arrondissement de Montr\u00e9al-Nord<\/span><\/p>\t\t<\/div>\r\n\t\t\t<\/article>\r\n\t<article class=\"w-grid-item us_animate_afb size_1x1 post-4866 membres_equipe type-membres_equipe status-publish has-post-thumbnail hentry categorie_membre_equipe-comite-orientation categorie_membre_equipe-demotorisation\" data-id=\"4866\" style=\"animation-delay:0.2s\">\r\n\t\t<div class=\"w-grid-item-h\">\r\n\t\t\t\t\t\t<div class=\"w-post-elm post_image usg_post_image_1 has_ratio\"><img decoding=\"async\" width=\"599\" height=\"599\" src=\"https:\/\/transitionencommun.org\/wp-content\/uploads\/2025\/02\/theophilH-coopcarbone.jpeg\" class=\"attachment-large size-large wp-post-image\" alt=\"\" \/><div style=\"padding-bottom:100%\"><\/div><\/div><h5 class=\"w-post-elm post_title usg_post_title_1 style-h3 color_link_inherit\">Theophil Haberstroh<\/h5><p class=\"w-post-elm post_custom_field usg_post_custom_field_1 type_text titre_du_poste_version_anglaise color_link_inherit\"><span class=\"w-post-elm-value\">Coop Carbone<\/span><\/p>\t\t<\/div>\r\n\t\t\t<\/article>\r\n\t<article class=\"w-grid-item us_animate_afb size_1x1 post-5581 membres_equipe type-membres_equipe status-publish has-post-thumbnail hentry categorie_membre_equipe-comite-orientation\" data-id=\"5581\" style=\"animation-delay:0.3s\">\r\n\t\t<div class=\"w-grid-item-h\">\r\n\t\t\t\t\t\t<div class=\"w-post-elm post_image usg_post_image_1 has_ratio\"><img decoding=\"async\" width=\"277\" height=\"327\" src=\"https:\/\/transitionencommun.org\/wp-content\/uploads\/2025\/06\/AM-Aubert.png\" class=\"attachment-large size-large wp-post-image\" alt=\"\" \/><div style=\"padding-bottom:100%\"><\/div><\/div><h5 class=\"w-post-elm post_title usg_post_title_1 style-h3 color_link_inherit\">Anne-Marie Aubert<\/h5><p class=\"w-post-elm post_custom_field usg_post_custom_field_1 type_text titre_du_poste_version_anglaise color_link_inherit\"><span class=\"w-post-elm-value\">Conseil du syst\u00e8me alimentaire montr\u00e9alais<\/span><\/p>\t\t<\/div>\r\n\t\t\t<\/article>\r\n\t<article class=\"w-grid-item us_animate_afb size_1x1 post-6039 membres_equipe type-membres_equipe status-publish has-post-thumbnail hentry categorie_membre_equipe-comite-orientation\" data-id=\"6039\" style=\"animation-delay:0.4s\">\r\n\t\t<div class=\"w-grid-item-h\">\r\n\t\t\t\t\t\t<div class=\"w-post-elm post_image usg_post_image_1 has_ratio\"><img decoding=\"async\" width=\"800\" height=\"800\" src=\"https:\/\/transitionencommun.org\/wp-content\/uploads\/2025\/09\/marineThomas.jpg\" class=\"attachment-large size-large wp-post-image\" alt=\"\" \/><div style=\"padding-bottom:100%\"><\/div><\/div><h5 class=\"w-post-elm post_title usg_post_title_1 style-h3 color_link_inherit\">Marine Thomas<\/h5><p class=\"w-post-elm post_custom_field usg_post_custom_field_1 type_text titre_du_poste_version_anglaise color_link_inherit\"><span class=\"w-post-elm-value\">Partenariat Climat Montr\u00e9al<\/span><\/p>\t\t<\/div>\r\n\t\t\t<\/article>\r\n\t<article class=\"w-grid-item us_animate_afb size_1x1 post-6119 membres_equipe type-membres_equipe status-publish has-post-thumbnail hentry categorie_membre_equipe-comite-orientation categorie_membre_equipe-justice-environnementale\" data-id=\"6119\" style=\"animation-delay:0.5s\">\r\n\t\t<div class=\"w-grid-item-h\">\r\n\t\t\t\t\t\t<div class=\"w-post-elm post_image usg_post_image_1 has_ratio\"><img decoding=\"async\" width=\"683\" height=\"1024\" src=\"https:\/\/transitionencommun.org\/wp-content\/uploads\/2025\/11\/B.-Manai_Photo-683x1024.jpg\" class=\"attachment-large size-large wp-post-image\" alt=\"\" \/><div style=\"padding-bottom:100%\"><\/div><\/div><h5 class=\"w-post-elm post_title usg_post_title_1 style-h3 color_link_inherit\">Bochra Mana\u00ef<\/h5><p class=\"w-post-elm post_custom_field usg_post_custom_field_1 type_text titre_du_poste_version_anglaise color_link_inherit\"><span class=\"w-post-elm-value\">City of Montreal - Commissionaires Office<\/span><\/p>\t\t<\/div>\r\n\t\t\t<\/article>\r\n\t<article class=\"w-grid-item us_animate_afb size_1x1 post-6211 membres_equipe type-membres_equipe status-publish has-post-thumbnail hentry categorie_membre_equipe-comite-orientation\" data-id=\"6211\" style=\"animation-delay:0.6s\">\r\n\t\t<div class=\"w-grid-item-h\">\r\n\t\t\t\t\t\t<div class=\"w-post-elm post_image usg_post_image_1 has_ratio\"><img decoding=\"async\" width=\"800\" height=\"800\" src=\"https:\/\/transitionencommun.org\/wp-content\/uploads\/2025\/11\/Alexandra-Nadeau-1.jpg\" class=\"attachment-large size-large wp-post-image\" alt=\"\" \/><div style=\"padding-bottom:100%\"><\/div><\/div><h5 class=\"w-post-elm post_title usg_post_title_1 style-h3 color_link_inherit\">Alexandra Nadeau<\/h5><p class=\"w-post-elm post_custom_field usg_post_custom_field_1 type_text titre_du_poste_version_anglaise color_link_inherit\"><span class=\"w-post-elm-value\">CERS\u00c9 - Centre d'\u00e9tude en responsabilit\u00e9 sociale et \u00e9cocitoyennet\u00e9 (CCTT)<\/span><\/p>\t\t<\/div>\r\n\t\t\t<\/article>\r\n\t<article class=\"w-grid-item us_animate_afb size_1x1 post-6304 membres_equipe type-membres_equipe status-publish has-post-thumbnail hentry categorie_membre_equipe-comite-orientation\" data-id=\"6304\" style=\"animation-delay:0.7s\">\r\n\t\t<div class=\"w-grid-item-h\">\r\n\t\t\t\t\t\t<div class=\"w-post-elm post_image usg_post_image_1 has_ratio\"><img decoding=\"async\" width=\"351\" height=\"325\" src=\"https:\/\/transitionencommun.org\/wp-content\/uploads\/2025\/11\/CassAnna.jpg\" class=\"attachment-large size-large wp-post-image\" alt=\"\" \/><div style=\"padding-bottom:100%\"><\/div><\/div><h5 class=\"w-post-elm post_title usg_post_title_1 style-h3 color_link_inherit\">Ana\u00efs Houde\/Cassandre Charbonneau<\/h5><p class=\"w-post-elm post_custom_field usg_post_custom_field_1 type_text titre_du_poste_version_anglaise color_link_inherit\"><span class=\"w-post-elm-value\">Mobilisation 6600 Parc-Nature MHM<\/span><\/p>\t\t<\/div>\r\n\t\t\t<\/article>\r\n\t<article class=\"w-grid-item us_animate_afb size_1x1 post-6216 membres_equipe type-membres_equipe status-publish has-post-thumbnail hentry categorie_membre_equipe-comite-orientation\" data-id=\"6216\" style=\"animation-delay:0s\">\r\n\t\t<div class=\"w-grid-item-h\">\r\n\t\t\t\t\t\t<div class=\"w-post-elm post_image usg_post_image_1 has_ratio\"><img decoding=\"async\" width=\"1024\" height=\"898\" src=\"https:\/\/transitionencommun.org\/wp-content\/uploads\/2025\/11\/Denises-Veilleux-COmite-citoyen-resilience-aine-1-1024x898.jpg\" class=\"attachment-large size-large wp-post-image\" alt=\"\" \/><div style=\"padding-bottom:100%\"><\/div><\/div><h5 class=\"w-post-elm post_title usg_post_title_1 style-h3 color_link_inherit\">Denise Veilleux<\/h5><p class=\"w-post-elm post_custom_field usg_post_custom_field_1 type_text titre_du_poste_version_anglaise color_link_inherit\"><span class=\"w-post-elm-value\">Conseil citoyen du r\u00e9seau r\u00e9silience a\u00een\u00e9 de Montr\u00e9al<\/span><\/p>\t\t<\/div>\r\n\t\t\t<\/article>\r\n\t<article class=\"w-grid-item us_animate_afb size_1x1 post-6220 membres_equipe type-membres_equipe status-publish has-post-thumbnail hentry categorie_membre_equipe-comite-orientation\" data-id=\"6220\" style=\"animation-delay:0.1s\">\r\n\t\t<div class=\"w-grid-item-h\">\r\n\t\t\t\t\t\t<div class=\"w-post-elm post_image usg_post_image_1 has_ratio\"><img decoding=\"async\" width=\"200\" height=\"200\" src=\"https:\/\/transitionencommun.org\/wp-content\/uploads\/2025\/11\/JEanSebSuf.jpg\" class=\"attachment-large size-large wp-post-image\" alt=\"\" \/><div style=\"padding-bottom:100%\"><\/div><\/div><h5 class=\"w-post-elm post_title usg_post_title_1 style-h3 color_link_inherit\">Jean-S\u00e9bastien Dufresne<\/h5><p class=\"w-post-elm post_custom_field usg_post_custom_field_1 type_text titre_du_poste_version_anglaise color_link_inherit\"><span class=\"w-post-elm-value\">ICIELA Citizens Solidarity Network<\/span><\/p>\t\t<\/div>\r\n\t\t\t<\/article>\r\n\t<article class=\"w-grid-item us_animate_afb size_1x1 post-6298 membres_equipe type-membres_equipe status-publish has-post-thumbnail hentry categorie_membre_equipe-comite-orientation\" data-id=\"6298\" style=\"animation-delay:0.2s\">\r\n\t\t<div class=\"w-grid-item-h\">\r\n\t\t\t\t\t\t<div class=\"w-post-elm post_image usg_post_image_1 has_ratio\"><img decoding=\"async\" width=\"318\" height=\"373\" src=\"https:\/\/transitionencommun.org\/wp-content\/uploads\/2025\/11\/KarelLuap.jpg\" class=\"attachment-large size-large wp-post-image\" alt=\"\" \/><div style=\"padding-bottom:100%\"><\/div><\/div><h5 class=\"w-post-elm post_title usg_post_title_1 style-h3 color_link_inherit\">Karel Luap<\/h5><p class=\"w-post-elm post_custom_field usg_post_custom_field_1 type_text titre_du_poste_version_anglaise color_link_inherit\"><span class=\"w-post-elm-value\">Ville en vert<\/span><\/p>\t\t<\/div>\r\n\t\t\t<\/article>\r\n\t<article class=\"w-grid-item us_animate_afb size_1x1 post-6309 membres_equipe type-membres_equipe status-publish has-post-thumbnail hentry categorie_membre_equipe-comite-orientation\" data-id=\"6309\" style=\"animation-delay:0.3s\">\r\n\t\t<div class=\"w-grid-item-h\">\r\n\t\t\t\t\t\t<div class=\"w-post-elm post_image usg_post_image_1 has_ratio\"><img decoding=\"async\" width=\"381\" height=\"334\" src=\"https:\/\/transitionencommun.org\/wp-content\/uploads\/2025\/11\/jasbnciajsnc.jpg\" class=\"attachment-large size-large wp-post-image\" alt=\"\" \/><div style=\"padding-bottom:100%\"><\/div><\/div><h5 class=\"w-post-elm post_title usg_post_title_1 style-h3 color_link_inherit\">Louis-Philippe Lizotte\/Isabelle Gaudette<\/h5><p class=\"w-post-elm post_custom_field usg_post_custom_field_1 type_text titre_du_poste_version_anglaise color_link_inherit\"><span class=\"w-post-elm-value\">INM \/ CEUM<\/span><\/p>\t\t<\/div>\r\n\t\t\t<\/article>\r\n\t<article class=\"w-grid-item us_animate_afb size_1x1 post-6312 membres_equipe type-membres_equipe status-publish has-post-thumbnail hentry categorie_membre_equipe-comite-orientation\" data-id=\"6312\" style=\"animation-delay:0.4s\">\r\n\t\t<div class=\"w-grid-item-h\">\r\n\t\t\t\t\t\t<div class=\"w-post-elm post_image usg_post_image_1 has_ratio\"><img decoding=\"async\" width=\"375\" height=\"304\" src=\"https:\/\/transitionencommun.org\/wp-content\/uploads\/2025\/11\/ajscniajsncas.jpg\" class=\"attachment-large size-large wp-post-image\" alt=\"\" \/><div style=\"padding-bottom:100%\"><\/div><\/div><h5 class=\"w-post-elm post_title usg_post_title_1 style-h3 color_link_inherit\">Marguerite Mendell \/ Sylvain Lef\u00e8vre<\/h5><p class=\"w-post-elm post_custom_field usg_post_custom_field_1 type_text titre_du_poste_version_anglaise color_link_inherit\"><span class=\"w-post-elm-value\">Centre de recherche sur les innovations sociales (CRISES)<\/span><\/p>\t\t<\/div>\r\n\t\t\t<\/article>\r\n\t<article class=\"w-grid-item us_animate_afb size_1x1 post-6317 membres_equipe type-membres_equipe status-publish has-post-thumbnail hentry categorie_membre_equipe-comite-orientation\" data-id=\"6317\" style=\"animation-delay:0.5s\">\r\n\t\t<div class=\"w-grid-item-h\">\r\n\t\t\t\t\t\t<div class=\"w-post-elm post_image usg_post_image_1 has_ratio\"><img decoding=\"async\" width=\"360\" height=\"298\" src=\"https:\/\/transitionencommun.org\/wp-content\/uploads\/2025\/11\/Jsjnaisc.jpg\" class=\"attachment-large size-large wp-post-image\" alt=\"\" \/><div style=\"padding-bottom:100%\"><\/div><\/div><h5 class=\"w-post-elm post_title usg_post_title_1 style-h3 color_link_inherit\">Natana\u00ebl B\u00e9gin-Paul \/ Imany B\u00e9gin-Paul<\/h5><p class=\"w-post-elm post_custom_field usg_post_custom_field_1 type_text titre_du_poste_version_anglaise color_link_inherit\"><span class=\"w-post-elm-value\">Tshuapamitin<\/span><\/p>\t\t<\/div>\r\n\t\t\t<\/article>\r\n\t<article class=\"w-grid-item us_animate_afb size_1x1 post-6295 membres_equipe type-membres_equipe status-publish has-post-thumbnail hentry categorie_membre_equipe-comite-orientation\" data-id=\"6295\" style=\"animation-delay:0.6s\">\r\n\t\t<div class=\"w-grid-item-h\">\r\n\t\t\t\t\t\t<div class=\"w-post-elm post_image usg_post_image_1 has_ratio\"><img decoding=\"async\" width=\"372\" height=\"316\" src=\"https:\/\/transitionencommun.org\/wp-content\/uploads\/2025\/11\/Genevieve-Dube-e1763504762476.jpg\" class=\"attachment-large size-large wp-post-image\" alt=\"\" \/><div style=\"padding-bottom:100%\"><\/div><\/div><h5 class=\"w-post-elm post_title usg_post_title_1 style-h3 color_link_inherit\">Genevi\u00e8ve Dub\u00e9<\/h5><p class=\"w-post-elm post_custom_field usg_post_custom_field_1 type_text titre_du_poste_version_anglaise color_link_inherit\"><span class=\"w-post-elm-value\">Jardins pour tous<\/span><\/p>\t\t<\/div>\r\n\t\t\t<\/article>\r\n\t<article class=\"w-grid-item us_animate_afb size_1x1 post-6857 membres_equipe type-membres_equipe status-publish has-post-thumbnail hentry categorie_membre_equipe-comite-orientation\" data-id=\"6857\" style=\"animation-delay:0.7s\">\r\n\t\t<div class=\"w-grid-item-h\">\r\n\t\t\t\t\t\t<div class=\"w-post-elm post_image usg_post_image_1 has_ratio\"><img decoding=\"async\" width=\"920\" height=\"1024\" src=\"https:\/\/transitionencommun.org\/wp-content\/uploads\/2026\/03\/KevinDuBoisberranger-920x1024.jpg\" class=\"attachment-large size-large wp-post-image\" alt=\"\" \/><div style=\"padding-bottom:100%\"><\/div><\/div><h5 class=\"w-post-elm post_title usg_post_title_1 style-h3 color_link_inherit\">Kevin Du Boisberranger<\/h5><p class=\"w-post-elm post_custom_field usg_post_custom_field_1 type_text titre_du_poste_version_anglaise color_link_inherit\"><span class=\"w-post-elm-value\">Demain Verdun<\/span><\/p>\t\t<\/div>\r\n\t\t\t<\/article>\r\n<\/div>\t<div class=\"w-grid-preloader\">\r\n\t\t<div class=\"g-preloader type_1\">\r\n\t\t\t<div><\/div>\r\n\t\t<\/div>\r\n\t<\/div>\r\n\t\t<div class=\"w-grid-json hidden\" onclick='return {&quot;action&quot;:&quot;us_ajax_grid&quot;,&quot;infinite_scroll&quot;:0,&quot;max_num_pages&quot;:1,&quot;pagination&quot;:&quot;none&quot;,&quot;template_vars&quot;:{&quot;columns&quot;:&quot;4&quot;,&quot;exclude_items&quot;:&quot;none&quot;,&quot;img_size&quot;:&quot;default&quot;,&quot;ignore_items_size&quot;:0,&quot;items_layout&quot;:&quot;3871&quot;,&quot;items_offset&quot;:&quot;1&quot;,&quot;load_animation&quot;:&quot;afb&quot;,&quot;overriding_link&quot;:&quot;%7B%22url%22%3A%22%22%7D&quot;,&quot;post_id&quot;:3920,&quot;query_args&quot;:{&quot;post_type&quot;:[&quot;membres_equipe&quot;],&quot;tax_query&quot;:[{&quot;taxonomy&quot;:&quot;categorie_membre_equipe&quot;,&quot;field&quot;:&quot;slug&quot;,&quot;terms&quot;:[&quot;comite-orientation&quot;]}],&quot;post_status&quot;:[&quot;publish&quot;,&quot;acf-disabled&quot;],&quot;posts_per_page&quot;:&quot;50&quot;},&quot;orderby_query_args&quot;:{&quot;orderby&quot;:{&quot;date&quot;:&quot;ASC&quot;}},&quot;type&quot;:&quot;grid&quot;,&quot;us_grid_post_type&quot;:&quot;membres_equipe&quot;,&quot;us_grid_ajax_index&quot;:12,&quot;us_grid_filter_query_string&quot;:null,&quot;us_grid_index&quot;:12,&quot;page_args&quot;:[],&quot;lang&quot;:&quot;en&quot;}}'><\/div>\r\n\t<\/div><\/div><\/div><\/div><\/div><\/div><\/div><\/div><\/div><\/div><\/section>\n<\/div><\/div><\/div><\/div><\/div><\/div><\/div><\/div><div class=\"w-tabs tabs-instances layout_ver navwidth_auto navpos_left style_default switch_click toggle_style_1 has_scrolling\" style=\"--sections-title-size:1em;\" data-accordion-at-width=\"768\"><div class=\"w-tabs-list items_4 align_none\"><div class=\"w-tabs-list-h\"><button class=\"w-tabs-item active\" aria-controls=\"content-ja7b\" aria-expanded=\"false\"><span class=\"w-tabs-item-title\">Steering committee<\/span><\/button><button class=\"w-tabs-item\" aria-controls=\"content-j48b\" aria-expanded=\"false\"><span class=\"w-tabs-item-title\">Executive Committee<\/span><\/button><button class=\"w-tabs-item\" aria-controls=\"content-fd64\" aria-expanded=\"false\"><span class=\"w-tabs-item-title\">Working Groups<\/span><\/button><button class=\"w-tabs-item\" aria-controls=\"content-i3d0\" aria-expanded=\"false\"><span class=\"w-tabs-item-title\">Neighborhoods Section<\/span><\/button><\/div><\/div><div class=\"w-tabs-sections titles-align_none icon_chevron cpos_right\"><div class=\"w-tabs-section active\" id=\"ja7b\"><button type=\"button\" class=\"w-tabs-section-header active\" aria-controls=\"content-ja7b\" aria-expanded=\"true\"><div class=\"w-tabs-section-title\">Steering committee<\/div><div class=\"w-tabs-section-control\"><\/div><\/button><div  class=\"w-tabs-section-content\" id=\"content-ja7b\"><div class=\"w-tabs-section-content-h i-cf\"><div class=\"g-cols wpb_row us_custom_60e9caca inner-row-tab-img-left us_animate_this via_grid cols_custom laptops-cols_inherit tablets-cols_inherit mobiles-cols_1 valign_top type_default stacking_default\" style=\"--columns-gap:3rem;--custom-columns:2.5fr 3.5fr 6fr \"><div class=\"wpb_column vc_column_container\"><div class=\"vc_column-inner\"><div class=\"w-image us_custom_02c2953a has_aspect_ratio align_none\"><div class=\"w-image-h\"><img decoding=\"async\" width=\"1024\" height=\"684\" src=\"https:\/\/transitionencommun.org\/wp-content\/uploads\/2025\/11\/2025-11-19-AGAPanelVisiteCDN-4-1-1024x684.png\" class=\"attachment-large size-large\" alt=\"\" loading=\"lazy\" srcset=\"https:\/\/transitionencommun.org\/wp-content\/uploads\/2025\/11\/2025-11-19-AGAPanelVisiteCDN-4-1-1024x684.png 1024w, https:\/\/transitionencommun.org\/wp-content\/uploads\/2025\/11\/2025-11-19-AGAPanelVisiteCDN-4-1-300x200.png 300w, https:\/\/transitionencommun.org\/wp-content\/uploads\/2025\/11\/2025-11-19-AGAPanelVisiteCDN-4-1.png 2000w\" sizes=\"auto, (max-width: 1024px) 100vw, 1024px\" \/><\/div><\/div><\/div><\/div><div class=\"wpb_column vc_column_container\"><div class=\"vc_column-inner\"><div class=\"wpb_text_column us_custom_1175ebe1 has_text_color\"><div class=\"wpb_wrapper\"><h3>Steering committee<\/h3>\n<\/div><\/div><div class=\"w-separator size_medium\"><\/div><div class=\"w-separator size_medium\"><\/div><div class=\"wpb_text_column us_custom_1f257949\"><div class=\"wpb_wrapper\"><p><span>The Steering Committee was designed to establish the alliance\u2019s broad strategic direction and make key decisions, and to serve as a hub for networks and partners. It is composed of 32 members representing the various groups and pillars of the alliance\u2019s transition vision. Members are selected annually by random drawing. The Steering Committee meets four times a year during dedicated sessions that include visits to neighborhoods.   <\/span><\/p>\n<\/div><\/div><\/div><\/div><div class=\"wpb_column vc_column_container us_custom_1da3bb4d\"><div class=\"vc_column-inner\"><section class=\"l-section wpb_row us_custom_b6a72ce1 height_medium\"><div class=\"l-section-h i-cf\"><div class=\"g-cols vc_row via_grid cols_1 laptops-cols_inherit tablets-cols_inherit mobiles-cols_1 valign_top type_default stacking_default\"><div class=\"wpb_column vc_column_container\"><div class=\"vc_column-inner\"><div class=\"w-tabs accordeon-membres accordion toggle_style_1 has_scrolling\" style=\"--sections-title-size:inherit;--sections-gap:0.5rem;\"><div class=\"w-tabs-sections titles-align_none icon_plus cpos_right\"><div class=\"w-tabs-section\" id=\"c331\"><button type=\"button\" class=\"w-tabs-section-header\" aria-controls=\"content-c331\" aria-expanded=\"false\"><h4 class=\"w-tabs-section-title\">Members<\/h4><div class=\"w-tabs-section-control\"><\/div><\/button><div  class=\"w-tabs-section-content\" id=\"content-c331\"><div class=\"w-tabs-section-content-h i-cf\"><div class=\"w-grid us_grid membres-grid type_grid layout_3871 cols_4 preload_style_spinner with_css_animation\" id=\"us_grid_13\" style=\"--columns:4;--gap:1.5rem;\" data-filterable=\"true\"><style>@media (max-width:1380px){#us_grid_13{--columns:3!important}}@media (max-width:1024px){#us_grid_13{--columns:2!important}}@media (max-width:600px){#us_grid_13{--columns:1!important}}<\/style><div class=\"w-grid-list\">\t<article class=\"w-grid-item us_animate_afb size_1x1 post-2486 membres_equipe type-membres_equipe status-publish has-post-thumbnail hentry categorie_membre_equipe-comite-orientation categorie_membre_equipe-economies-en-transition\" data-id=\"2486\" style=\"animation-delay:0s\">\r\n\t\t<div class=\"w-grid-item-h\">\r\n\t\t\t\t\t\t<div class=\"w-post-elm post_image usg_post_image_1 has_ratio\"><img decoding=\"async\" width=\"665\" height=\"740\" src=\"https:\/\/transitionencommun.org\/wp-content\/uploads\/2024\/12\/anyle-cote-cesim-3-e1733159092479.jpg\" class=\"attachment-large size-large wp-post-image\" alt=\"\" \/><div style=\"padding-bottom:100%\"><\/div><\/div><h5 class=\"w-post-elm post_title usg_post_title_1 style-h3 color_link_inherit\">Anyle C\u00f4t\u00e9<\/h5><p class=\"w-post-elm post_custom_field usg_post_custom_field_1 type_text titre_du_poste_version_anglaise color_link_inherit\"><span class=\"w-post-elm-value\">Conseil d'\u00e9conomie sociale de l'\u00eele de Montr\u00e9al (CESIM)<\/span><\/p>\t\t<\/div>\r\n\t\t\t<\/article>\r\n\t<article class=\"w-grid-item us_animate_afb size_1x1 post-2487 membres_equipe type-membres_equipe status-publish has-post-thumbnail hentry categorie_membre_equipe-comite-orientation categorie_membre_equipe-demotorisation\" data-id=\"2487\" style=\"animation-delay:0.1s\">\r\n\t\t<div class=\"w-grid-item-h\">\r\n\t\t\t\t\t\t<div class=\"w-post-elm post_image usg_post_image_1 has_ratio\"><img decoding=\"async\" width=\"315\" height=\"360\" src=\"https:\/\/transitionencommun.org\/wp-content\/uploads\/2024\/08\/BR-e1733159187461.jpg\" class=\"attachment-large size-large wp-post-image\" alt=\"\" \/><div style=\"padding-bottom:100%\"><\/div><\/div><h5 class=\"w-post-elm post_title usg_post_title_1 style-h3 color_link_inherit\">Blaise R\u00e9millard<\/h5><p class=\"w-post-elm post_custom_field usg_post_custom_field_1 type_text titre_du_poste_version_anglaise color_link_inherit\"><span class=\"w-post-elm-value\">Conseil r\u00e9gional de l'environnement de Montr\u00e9al (CRE)<\/span><\/p>\t\t<\/div>\r\n\t\t\t<\/article>\r\n\t<article class=\"w-grid-item us_animate_afb size_1x1 post-2488 membres_equipe type-membres_equipe status-publish has-post-thumbnail hentry categorie_membre_equipe-comite-orientation\" data-id=\"2488\" style=\"animation-delay:0.2s\">\r\n\t\t<div class=\"w-grid-item-h\">\r\n\t\t\t\t\t\t<div class=\"w-post-elm post_image usg_post_image_1 has_ratio\"><img decoding=\"async\" width=\"500\" height=\"500\" src=\"https:\/\/transitionencommun.org\/wp-content\/uploads\/2024\/08\/CD.jpg\" class=\"attachment-large size-large wp-post-image\" alt=\"\" \/><div style=\"padding-bottom:100%\"><\/div><\/div><h5 class=\"w-post-elm post_title usg_post_title_1 style-h3 color_link_inherit\">Christophe Derrien<\/h5>\t\t<\/div>\r\n\t\t\t<\/article>\r\n\t<article class=\"w-grid-item us_animate_afb size_1x1 post-2490 membres_equipe type-membres_equipe status-publish has-post-thumbnail hentry categorie_membre_equipe-comite-orientation categorie_membre_equipe-comite-executif categorie_membre_equipe-justice-environnementale\" data-id=\"2490\" style=\"animation-delay:0.3s\">\r\n\t\t<div class=\"w-grid-item-h\">\r\n\t\t\t\t\t\t<div class=\"w-post-elm post_image usg_post_image_1 has_ratio\"><img decoding=\"async\" width=\"220\" height=\"220\" src=\"https:\/\/transitionencommun.org\/wp-content\/uploads\/2024\/08\/DK.jpg\" class=\"attachment-large size-large wp-post-image\" alt=\"\" \/><div style=\"padding-bottom:100%\"><\/div><\/div><h5 class=\"w-post-elm post_title usg_post_title_1 style-h3 color_link_inherit\">David Kaiser<\/h5><p class=\"w-post-elm post_custom_field usg_post_custom_field_1 type_text titre_du_poste_version_anglaise color_link_inherit\"><span class=\"w-post-elm-value\">Direction r\u00e9gionale de sant\u00e9 publique de Montr\u00e9al<\/span><\/p>\t\t<\/div>\r\n\t\t\t<\/article>\r\n\t<article class=\"w-grid-item us_animate_afb size_1x1 post-2493 membres_equipe type-membres_equipe status-publish has-post-thumbnail hentry categorie_membre_equipe-comite-orientation\" data-id=\"2493\" style=\"animation-delay:0.4s\">\r\n\t\t<div class=\"w-grid-item-h\">\r\n\t\t\t\t\t\t<div class=\"w-post-elm post_image usg_post_image_1 has_ratio\"><img decoding=\"async\" width=\"674\" height=\"460\" src=\"https:\/\/transitionencommun.org\/wp-content\/uploads\/2024\/12\/emmanuellehebert-674x460-1.png\" class=\"attachment-large size-large wp-post-image\" alt=\"\" \/><div style=\"padding-bottom:100%\"><\/div><\/div><h5 class=\"w-post-elm post_title usg_post_title_1 style-h3 color_link_inherit\">Emmanuelle H\u00e9bert<\/h5><p class=\"w-post-elm post_custom_field usg_post_custom_field_1 type_text titre_du_poste_version_anglaise color_link_inherit\"><span class=\"w-post-elm-value\">Culture Montr\u00e9al<\/span><\/p>\t\t<\/div>\r\n\t\t\t<\/article>\r\n\t<article class=\"w-grid-item us_animate_afb size_1x1 post-2498 membres_equipe type-membres_equipe status-publish has-post-thumbnail hentry categorie_membre_equipe-comite-orientation categorie_membre_equipe-comite-executif categorie_membre_equipe-espace-quartiers categorie_membre_equipe-justice-environnementale\" data-id=\"2498\" style=\"animation-delay:0.5s\">\r\n\t\t<div class=\"w-grid-item-h\">\r\n\t\t\t\t\t\t<div class=\"w-post-elm post_image usg_post_image_1 has_ratio\"><img decoding=\"async\" width=\"846\" height=\"1024\" src=\"https:\/\/transitionencommun.org\/wp-content\/uploads\/2024\/12\/joakim-lemieux-moCA-8999-scaled-e1733159275743-846x1024.jpg\" class=\"attachment-large size-large wp-post-image\" alt=\"\" \/><div style=\"padding-bottom:100%\"><\/div><\/div><h5 class=\"w-post-elm post_title usg_post_title_1 style-h3 color_link_inherit\">Joakim Lemieux<\/h5><p class=\"w-post-elm post_custom_field usg_post_custom_field_1 type_text titre_du_poste_version_anglaise color_link_inherit\"><span class=\"w-post-elm-value\">Coalition montr\u00e9alaises des Tables de quartier (CMTQ)<\/span><\/p>\t\t<\/div>\r\n\t\t\t<\/article>\r\n\t<article class=\"w-grid-item us_animate_afb size_1x1 post-2511 membres_equipe type-membres_equipe status-publish has-post-thumbnail hentry categorie_membre_equipe-collectif-resilience categorie_membre_equipe-comite-orientation categorie_membre_equipe-justice-environnementale categorie_membre_equipe-let categorie_membre_equipe-savoirs\" data-id=\"2511\" style=\"animation-delay:0.6s\">\r\n\t\t<div class=\"w-grid-item-h\">\r\n\t\t\t\t\t\t<div class=\"w-post-elm post_image usg_post_image_1 has_ratio\"><img decoding=\"async\" width=\"751\" height=\"968\" src=\"https:\/\/transitionencommun.org\/wp-content\/uploads\/2024\/12\/SophieLVanNesteMai2024.jpg\" class=\"attachment-large size-large wp-post-image\" alt=\"\" \/><div style=\"padding-bottom:100%\"><\/div><\/div><h5 class=\"w-post-elm post_title usg_post_title_1 style-h3 color_link_inherit\">Sophie Van Neste<\/h5><p class=\"w-post-elm post_custom_field usg_post_custom_field_1 type_text titre_du_poste_version_anglaise color_link_inherit\"><span class=\"w-post-elm-value\">Labo \u00c9quit\u00e9 Climat, INRS<\/span><\/p>\t\t<\/div>\r\n\t\t\t<\/article>\r\n\t<article class=\"w-grid-item us_animate_afb size_1x1 post-2579 membres_equipe type-membres_equipe status-publish has-post-thumbnail hentry categorie_membre_equipe-comite-orientation categorie_membre_equipe-comite-executif categorie_membre_equipe-let\" data-id=\"2579\" style=\"animation-delay:0.7s\">\r\n\t\t<div class=\"w-grid-item-h\">\r\n\t\t\t\t\t\t<div class=\"w-post-elm post_image usg_post_image_1 has_ratio\"><img decoding=\"async\" width=\"876\" height=\"1024\" src=\"https:\/\/transitionencommun.org\/wp-content\/uploads\/2024\/08\/karl-janelle-1-876x1024.jpg\" class=\"attachment-large size-large wp-post-image\" alt=\"\" \/><div style=\"padding-bottom:100%\"><\/div><\/div><h5 class=\"w-post-elm post_title usg_post_title_1 style-h3 color_link_inherit\">Karl Janelle<\/h5><p class=\"w-post-elm post_custom_field usg_post_custom_field_1 type_text titre_du_poste_version_anglaise color_link_inherit\"><span class=\"w-post-elm-value\">Coalition Climat Montr\u00e9al<\/span><\/p>\t\t<\/div>\r\n\t\t\t<\/article>\r\n\t<article class=\"w-grid-item us_animate_afb size_1x1 post-3707 membres_equipe type-membres_equipe status-publish has-post-thumbnail hentry categorie_membre_equipe-comite-orientation\" data-id=\"3707\" style=\"animation-delay:0s\">\r\n\t\t<div class=\"w-grid-item-h\">\r\n\t\t\t\t\t\t<div class=\"w-post-elm post_image usg_post_image_1 has_ratio\"><img decoding=\"async\" width=\"680\" height=\"1024\" src=\"https:\/\/transitionencommun.org\/wp-content\/uploads\/2024\/09\/Sarah2242-680x1024.jpg\" class=\"attachment-large size-large wp-post-image\" alt=\"\" \/><div style=\"padding-bottom:100%\"><\/div><\/div><h5 class=\"w-post-elm post_title usg_post_title_1 style-h3 color_link_inherit\">Marianne-Sarah Saulnier<\/h5><p class=\"w-post-elm post_custom_field usg_post_custom_field_1 type_text titre_du_poste_version_anglaise color_link_inherit\"><span class=\"w-post-elm-value\">Observatoire qu\u00e9b\u00e9cois des in\u00e9galit\u00e9s<\/span><\/p>\t\t<\/div>\r\n\t\t\t<\/article>\r\n\t<article class=\"w-grid-item us_animate_afb size_1x1 post-3766 membres_equipe type-membres_equipe status-publish has-post-thumbnail hentry categorie_membre_equipe-comite-orientation\" data-id=\"3766\" style=\"animation-delay:0.1s\">\r\n\t\t<div class=\"w-grid-item-h\">\r\n\t\t\t\t\t\t<div class=\"w-post-elm post_image usg_post_image_1 has_ratio\"><img decoding=\"async\" width=\"229\" height=\"246\" src=\"https:\/\/transitionencommun.org\/wp-content\/uploads\/2024\/09\/cleliaSeve-1-e1733154277809.jpg\" class=\"attachment-large size-large wp-post-image\" alt=\"\" \/><div style=\"padding-bottom:100%\"><\/div><\/div><h5 class=\"w-post-elm post_title usg_post_title_1 style-h3 color_link_inherit\">Cl\u00e9lia S\u00e8ve<\/h5><p class=\"w-post-elm post_custom_field usg_post_custom_field_1 type_text titre_du_poste_version_anglaise color_link_inherit\"><span class=\"w-post-elm-value\">Regroupement des \u00c9co-quartiers<\/span><\/p>\t\t<\/div>\r\n\t\t\t<\/article>\r\n\t<article class=\"w-grid-item us_animate_afb size_1x1 post-4440 membres_equipe type-membres_equipe status-publish has-post-thumbnail hentry categorie_membre_equipe-comite-orientation\" data-id=\"4440\" style=\"animation-delay:0.2s\">\r\n\t\t<div class=\"w-grid-item-h\">\r\n\t\t\t\t\t\t<div class=\"w-post-elm post_image usg_post_image_1 has_ratio\"><img decoding=\"async\" width=\"1024\" height=\"1024\" src=\"https:\/\/transitionencommun.org\/wp-content\/uploads\/2024\/12\/Christoph-Stamm-1-e1733161603348-1024x1024.jpg\" class=\"attachment-large size-large wp-post-image\" alt=\"\" \/><div style=\"padding-bottom:100%\"><\/div><\/div><h5 class=\"w-post-elm post_title usg_post_title_1 style-h3 color_link_inherit\">Christoph Stamm<\/h5><p class=\"w-post-elm post_custom_field usg_post_custom_field_1 type_text titre_du_poste_version_anglaise color_link_inherit\"><span class=\"w-post-elm-value\">Une monnaie pour Montr\u00e9al<\/span><\/p>\t\t<\/div>\r\n\t\t\t<\/article>\r\n\t<article class=\"w-grid-item us_animate_afb size_1x1 post-4453 membres_equipe type-membres_equipe status-publish has-post-thumbnail hentry categorie_membre_equipe-comite-orientation\" data-id=\"4453\" style=\"animation-delay:0.3s\">\r\n\t\t<div class=\"w-grid-item-h\">\r\n\t\t\t\t\t\t<div class=\"w-post-elm post_image usg_post_image_1 has_ratio\"><img decoding=\"async\" width=\"774\" height=\"651\" src=\"https:\/\/transitionencommun.org\/wp-content\/uploads\/2024\/12\/GaelleGenereux.png\" class=\"attachment-large size-large wp-post-image\" alt=\"\" \/><div style=\"padding-bottom:100%\"><\/div><\/div><h5 class=\"w-post-elm post_title usg_post_title_1 style-h3 color_link_inherit\">Ga\u00eblle G\u00e9n\u00e9reux<\/h5><p class=\"w-post-elm post_custom_field usg_post_custom_field_1 type_text titre_du_poste_version_anglaise color_link_inherit\"><span class=\"w-post-elm-value\">PME MTL Centre-Est<\/span><\/p>\t\t<\/div>\r\n\t\t\t<\/article>\r\n\t<article class=\"w-grid-item us_animate_afb size_1x1 post-4506 membres_equipe type-membres_equipe status-publish has-post-thumbnail hentry categorie_membre_equipe-comite-orientation categorie_membre_equipe-justice-environnementale\" data-id=\"4506\" style=\"animation-delay:0.4s\">\r\n\t\t<div class=\"w-grid-item-h\">\r\n\t\t\t\t\t\t<div class=\"w-post-elm post_image usg_post_image_1 has_ratio\"><img decoding=\"async\" width=\"400\" height=\"400\" src=\"https:\/\/transitionencommun.org\/wp-content\/uploads\/2024\/12\/lea_ilardo_1080-400x400-1.png\" class=\"attachment-large size-large wp-post-image\" alt=\"\" \/><div style=\"padding-bottom:100%\"><\/div><\/div><h5 class=\"w-post-elm post_title usg_post_title_1 style-h3 color_link_inherit\">L\u00e9a Illardo<\/h5><p class=\"w-post-elm post_custom_field usg_post_custom_field_1 type_text titre_du_poste_version_anglaise color_link_inherit\"><span class=\"w-post-elm-value\">\u00c9clore<\/span><\/p>\t\t<\/div>\r\n\t\t\t<\/article>\r\n\t<article class=\"w-grid-item us_animate_afb size_1x1 post-4510 membres_equipe type-membres_equipe status-publish has-post-thumbnail hentry categorie_membre_equipe-comite-orientation\" data-id=\"4510\" style=\"animation-delay:0.5s\">\r\n\t\t<div class=\"w-grid-item-h\">\r\n\t\t\t\t\t\t<div class=\"w-post-elm post_image usg_post_image_1 has_ratio\"><img decoding=\"async\" width=\"839\" height=\"1024\" src=\"https:\/\/transitionencommun.org\/wp-content\/uploads\/2024\/12\/Justine_Ballon_HEC_5801_5X7-1-e1733159321571-839x1024.jpg\" class=\"attachment-large size-large wp-post-image\" alt=\"\" \/><div style=\"padding-bottom:100%\"><\/div><\/div><h5 class=\"w-post-elm post_title usg_post_title_1 style-h3 color_link_inherit\">Justine Ballon<\/h5><p class=\"w-post-elm post_custom_field usg_post_custom_field_1 type_text titre_du_poste_version_anglaise color_link_inherit\"><span class=\"w-post-elm-value\">Institut international des coop\u00e9ratives Alphonse et Dorim\u00e8ne Desjardins, HEC Montr\u00e9al<\/span><\/p>\t\t<\/div>\r\n\t\t\t<\/article>\r\n\t<article class=\"w-grid-item us_animate_afb size_1x1 post-4515 membres_equipe type-membres_equipe status-publish has-post-thumbnail hentry categorie_membre_equipe-comite-orientation\" data-id=\"4515\" style=\"animation-delay:0.6s\">\r\n\t\t<div class=\"w-grid-item-h\">\r\n\t\t\t\t\t\t<div class=\"w-post-elm post_image usg_post_image_1 has_ratio\"><img decoding=\"async\" width=\"343\" height=\"343\" src=\"https:\/\/transitionencommun.org\/wp-content\/uploads\/2024\/12\/SidneyRibaux.jpg\" class=\"attachment-large size-large wp-post-image\" alt=\"\" \/><div style=\"padding-bottom:100%\"><\/div><\/div><h5 class=\"w-post-elm post_title usg_post_title_1 style-h3 color_link_inherit\">Sidney Ribaux<\/h5><p class=\"w-post-elm post_custom_field usg_post_custom_field_1 type_text titre_du_poste_version_anglaise color_link_inherit\"><span class=\"w-post-elm-value\">Bureau de la transition \u00e9cologique et de la r\u00e9silience Ville de Montr\u00e9al (BTER)<\/span><\/p>\t\t<\/div>\r\n\t\t\t<\/article>\r\n\t<article class=\"w-grid-item us_animate_afb size_1x1 post-4518 membres_equipe type-membres_equipe status-publish has-post-thumbnail hentry categorie_membre_equipe-comite-orientation\" data-id=\"4518\" style=\"animation-delay:0.7s\">\r\n\t\t<div class=\"w-grid-item-h\">\r\n\t\t\t\t\t\t<div class=\"w-post-elm post_image usg_post_image_1 has_ratio\"><img decoding=\"async\" width=\"400\" height=\"400\" src=\"https:\/\/transitionencommun.org\/wp-content\/uploads\/2024\/12\/JustineDesbiens.jpg\" class=\"attachment-large size-large wp-post-image\" alt=\"\" \/><div style=\"padding-bottom:100%\"><\/div><\/div><h5 class=\"w-post-elm post_title usg_post_title_1 style-h3 color_link_inherit\">Justine Desbiens<\/h5><p class=\"w-post-elm post_custom_field usg_post_custom_field_1 type_text titre_du_poste_version_anglaise color_link_inherit\"><span class=\"w-post-elm-value\">Arrondissement Le Sud-Ouest <\/span><\/p>\t\t<\/div>\r\n\t\t\t<\/article>\r\n\t<article class=\"w-grid-item us_animate_afb size_1x1 post-4842 membres_equipe type-membres_equipe status-publish has-post-thumbnail hentry categorie_membre_equipe-comite-orientation\" data-id=\"4842\" style=\"animation-delay:0s\">\r\n\t\t<div class=\"w-grid-item-h\">\r\n\t\t\t\t\t\t<div class=\"w-post-elm post_image usg_post_image_1 has_ratio\"><img decoding=\"async\" width=\"200\" height=\"200\" src=\"https:\/\/transitionencommun.org\/wp-content\/uploads\/2025\/01\/pascal-lacasse.jpg\" class=\"attachment-large size-large wp-post-image\" alt=\"\" \/><div style=\"padding-bottom:100%\"><\/div><\/div><h5 class=\"w-post-elm post_title usg_post_title_1 style-h3 color_link_inherit\">Pascal Lacasse<\/h5><p class=\"w-post-elm post_custom_field usg_post_custom_field_1 type_text titre_du_poste_version_anglaise color_link_inherit\"><span class=\"w-post-elm-value\">Service de l\u2019urbanisme et de la mobilit\u00e9 - Ville de Montr\u00e9al<\/span><\/p>\t\t<\/div>\r\n\t\t\t<\/article>\r\n\t<article class=\"w-grid-item us_animate_afb size_1x1 post-4858 membres_equipe type-membres_equipe status-publish has-post-thumbnail hentry categorie_membre_equipe-comite-orientation\" data-id=\"4858\" style=\"animation-delay:0.1s\">\r\n\t\t<div class=\"w-grid-item-h\">\r\n\t\t\t\t\t\t<div class=\"w-post-elm post_image usg_post_image_1 has_ratio\"><img decoding=\"async\" width=\"181\" height=\"190\" src=\"https:\/\/transitionencommun.org\/wp-content\/uploads\/2025\/02\/ToniaDiG-e1741025527977.jpg\" class=\"attachment-large size-large wp-post-image\" alt=\"\" \/><div style=\"padding-bottom:100%\"><\/div><\/div><h5 class=\"w-post-elm post_title usg_post_title_1 style-h3 color_link_inherit\">Tonia Di Guglielmo<\/h5><p class=\"w-post-elm post_custom_field usg_post_custom_field_1 type_text titre_du_poste_version_anglaise color_link_inherit\"><span class=\"w-post-elm-value\">Arrondissement de Montr\u00e9al-Nord<\/span><\/p>\t\t<\/div>\r\n\t\t\t<\/article>\r\n\t<article class=\"w-grid-item us_animate_afb size_1x1 post-4866 membres_equipe type-membres_equipe status-publish has-post-thumbnail hentry categorie_membre_equipe-comite-orientation categorie_membre_equipe-demotorisation\" data-id=\"4866\" style=\"animation-delay:0.2s\">\r\n\t\t<div class=\"w-grid-item-h\">\r\n\t\t\t\t\t\t<div class=\"w-post-elm post_image usg_post_image_1 has_ratio\"><img decoding=\"async\" width=\"599\" height=\"599\" src=\"https:\/\/transitionencommun.org\/wp-content\/uploads\/2025\/02\/theophilH-coopcarbone.jpeg\" class=\"attachment-large size-large wp-post-image\" alt=\"\" \/><div style=\"padding-bottom:100%\"><\/div><\/div><h5 class=\"w-post-elm post_title usg_post_title_1 style-h3 color_link_inherit\">Theophil Haberstroh<\/h5><p class=\"w-post-elm post_custom_field usg_post_custom_field_1 type_text titre_du_poste_version_anglaise color_link_inherit\"><span class=\"w-post-elm-value\">Coop Carbone<\/span><\/p>\t\t<\/div>\r\n\t\t\t<\/article>\r\n\t<article class=\"w-grid-item us_animate_afb size_1x1 post-5581 membres_equipe type-membres_equipe status-publish has-post-thumbnail hentry categorie_membre_equipe-comite-orientation\" data-id=\"5581\" style=\"animation-delay:0.3s\">\r\n\t\t<div class=\"w-grid-item-h\">\r\n\t\t\t\t\t\t<div class=\"w-post-elm post_image usg_post_image_1 has_ratio\"><img decoding=\"async\" width=\"277\" height=\"327\" src=\"https:\/\/transitionencommun.org\/wp-content\/uploads\/2025\/06\/AM-Aubert.png\" class=\"attachment-large size-large wp-post-image\" alt=\"\" \/><div style=\"padding-bottom:100%\"><\/div><\/div><h5 class=\"w-post-elm post_title usg_post_title_1 style-h3 color_link_inherit\">Anne-Marie Aubert<\/h5><p class=\"w-post-elm post_custom_field usg_post_custom_field_1 type_text titre_du_poste_version_anglaise color_link_inherit\"><span class=\"w-post-elm-value\">Conseil du syst\u00e8me alimentaire montr\u00e9alais<\/span><\/p>\t\t<\/div>\r\n\t\t\t<\/article>\r\n\t<article class=\"w-grid-item us_animate_afb size_1x1 post-6039 membres_equipe type-membres_equipe status-publish has-post-thumbnail hentry categorie_membre_equipe-comite-orientation\" data-id=\"6039\" style=\"animation-delay:0.4s\">\r\n\t\t<div class=\"w-grid-item-h\">\r\n\t\t\t\t\t\t<div class=\"w-post-elm post_image usg_post_image_1 has_ratio\"><img decoding=\"async\" width=\"800\" height=\"800\" src=\"https:\/\/transitionencommun.org\/wp-content\/uploads\/2025\/09\/marineThomas.jpg\" class=\"attachment-large size-large wp-post-image\" alt=\"\" \/><div style=\"padding-bottom:100%\"><\/div><\/div><h5 class=\"w-post-elm post_title usg_post_title_1 style-h3 color_link_inherit\">Marine Thomas<\/h5><p class=\"w-post-elm post_custom_field usg_post_custom_field_1 type_text titre_du_poste_version_anglaise color_link_inherit\"><span class=\"w-post-elm-value\">Partenariat Climat Montr\u00e9al<\/span><\/p>\t\t<\/div>\r\n\t\t\t<\/article>\r\n\t<article class=\"w-grid-item us_animate_afb size_1x1 post-6119 membres_equipe type-membres_equipe status-publish has-post-thumbnail hentry categorie_membre_equipe-comite-orientation categorie_membre_equipe-justice-environnementale\" data-id=\"6119\" style=\"animation-delay:0.5s\">\r\n\t\t<div class=\"w-grid-item-h\">\r\n\t\t\t\t\t\t<div class=\"w-post-elm post_image usg_post_image_1 has_ratio\"><img decoding=\"async\" width=\"683\" height=\"1024\" src=\"https:\/\/transitionencommun.org\/wp-content\/uploads\/2025\/11\/B.-Manai_Photo-683x1024.jpg\" class=\"attachment-large size-large wp-post-image\" alt=\"\" \/><div style=\"padding-bottom:100%\"><\/div><\/div><h5 class=\"w-post-elm post_title usg_post_title_1 style-h3 color_link_inherit\">Bochra Mana\u00ef<\/h5><p class=\"w-post-elm post_custom_field usg_post_custom_field_1 type_text titre_du_poste_version_anglaise color_link_inherit\"><span class=\"w-post-elm-value\">City of Montreal - Commissionaires Office<\/span><\/p>\t\t<\/div>\r\n\t\t\t<\/article>\r\n\t<article class=\"w-grid-item us_animate_afb size_1x1 post-6211 membres_equipe type-membres_equipe status-publish has-post-thumbnail hentry categorie_membre_equipe-comite-orientation\" data-id=\"6211\" style=\"animation-delay:0.6s\">\r\n\t\t<div class=\"w-grid-item-h\">\r\n\t\t\t\t\t\t<div class=\"w-post-elm post_image usg_post_image_1 has_ratio\"><img decoding=\"async\" width=\"800\" height=\"800\" src=\"https:\/\/transitionencommun.org\/wp-content\/uploads\/2025\/11\/Alexandra-Nadeau-1.jpg\" class=\"attachment-large size-large wp-post-image\" alt=\"\" \/><div style=\"padding-bottom:100%\"><\/div><\/div><h5 class=\"w-post-elm post_title usg_post_title_1 style-h3 color_link_inherit\">Alexandra Nadeau<\/h5><p class=\"w-post-elm post_custom_field usg_post_custom_field_1 type_text titre_du_poste_version_anglaise color_link_inherit\"><span class=\"w-post-elm-value\">CERS\u00c9 - Centre d'\u00e9tude en responsabilit\u00e9 sociale et \u00e9cocitoyennet\u00e9 (CCTT)<\/span><\/p>\t\t<\/div>\r\n\t\t\t<\/article>\r\n\t<article class=\"w-grid-item us_animate_afb size_1x1 post-6304 membres_equipe type-membres_equipe status-publish has-post-thumbnail hentry categorie_membre_equipe-comite-orientation\" data-id=\"6304\" style=\"animation-delay:0.7s\">\r\n\t\t<div class=\"w-grid-item-h\">\r\n\t\t\t\t\t\t<div class=\"w-post-elm post_image usg_post_image_1 has_ratio\"><img decoding=\"async\" width=\"351\" height=\"325\" src=\"https:\/\/transitionencommun.org\/wp-content\/uploads\/2025\/11\/CassAnna.jpg\" class=\"attachment-large size-large wp-post-image\" alt=\"\" \/><div style=\"padding-bottom:100%\"><\/div><\/div><h5 class=\"w-post-elm post_title usg_post_title_1 style-h3 color_link_inherit\">Ana\u00efs Houde\/Cassandre Charbonneau<\/h5><p class=\"w-post-elm post_custom_field usg_post_custom_field_1 type_text titre_du_poste_version_anglaise color_link_inherit\"><span class=\"w-post-elm-value\">Mobilisation 6600 Parc-Nature MHM<\/span><\/p>\t\t<\/div>\r\n\t\t\t<\/article>\r\n\t<article class=\"w-grid-item us_animate_afb size_1x1 post-6216 membres_equipe type-membres_equipe status-publish has-post-thumbnail hentry categorie_membre_equipe-comite-orientation\" data-id=\"6216\" style=\"animation-delay:0s\">\r\n\t\t<div class=\"w-grid-item-h\">\r\n\t\t\t\t\t\t<div class=\"w-post-elm post_image usg_post_image_1 has_ratio\"><img decoding=\"async\" width=\"1024\" height=\"898\" src=\"https:\/\/transitionencommun.org\/wp-content\/uploads\/2025\/11\/Denises-Veilleux-COmite-citoyen-resilience-aine-1-1024x898.jpg\" class=\"attachment-large size-large wp-post-image\" alt=\"\" \/><div style=\"padding-bottom:100%\"><\/div><\/div><h5 class=\"w-post-elm post_title usg_post_title_1 style-h3 color_link_inherit\">Denise Veilleux<\/h5><p class=\"w-post-elm post_custom_field usg_post_custom_field_1 type_text titre_du_poste_version_anglaise color_link_inherit\"><span class=\"w-post-elm-value\">Conseil citoyen du r\u00e9seau r\u00e9silience a\u00een\u00e9 de Montr\u00e9al<\/span><\/p>\t\t<\/div>\r\n\t\t\t<\/article>\r\n\t<article class=\"w-grid-item us_animate_afb size_1x1 post-6220 membres_equipe type-membres_equipe status-publish has-post-thumbnail hentry categorie_membre_equipe-comite-orientation\" data-id=\"6220\" style=\"animation-delay:0.1s\">\r\n\t\t<div class=\"w-grid-item-h\">\r\n\t\t\t\t\t\t<div class=\"w-post-elm post_image usg_post_image_1 has_ratio\"><img decoding=\"async\" width=\"200\" height=\"200\" src=\"https:\/\/transitionencommun.org\/wp-content\/uploads\/2025\/11\/JEanSebSuf.jpg\" class=\"attachment-large size-large wp-post-image\" alt=\"\" \/><div style=\"padding-bottom:100%\"><\/div><\/div><h5 class=\"w-post-elm post_title usg_post_title_1 style-h3 color_link_inherit\">Jean-S\u00e9bastien Dufresne<\/h5><p class=\"w-post-elm post_custom_field usg_post_custom_field_1 type_text titre_du_poste_version_anglaise color_link_inherit\"><span class=\"w-post-elm-value\">ICIELA Citizens Solidarity Network<\/span><\/p>\t\t<\/div>\r\n\t\t\t<\/article>\r\n\t<article class=\"w-grid-item us_animate_afb size_1x1 post-6298 membres_equipe type-membres_equipe status-publish has-post-thumbnail hentry categorie_membre_equipe-comite-orientation\" data-id=\"6298\" style=\"animation-delay:0.2s\">\r\n\t\t<div class=\"w-grid-item-h\">\r\n\t\t\t\t\t\t<div class=\"w-post-elm post_image usg_post_image_1 has_ratio\"><img decoding=\"async\" width=\"318\" height=\"373\" src=\"https:\/\/transitionencommun.org\/wp-content\/uploads\/2025\/11\/KarelLuap.jpg\" class=\"attachment-large size-large wp-post-image\" alt=\"\" \/><div style=\"padding-bottom:100%\"><\/div><\/div><h5 class=\"w-post-elm post_title usg_post_title_1 style-h3 color_link_inherit\">Karel Luap<\/h5><p class=\"w-post-elm post_custom_field usg_post_custom_field_1 type_text titre_du_poste_version_anglaise color_link_inherit\"><span class=\"w-post-elm-value\">Ville en vert<\/span><\/p>\t\t<\/div>\r\n\t\t\t<\/article>\r\n\t<article class=\"w-grid-item us_animate_afb size_1x1 post-6309 membres_equipe type-membres_equipe status-publish has-post-thumbnail hentry categorie_membre_equipe-comite-orientation\" data-id=\"6309\" style=\"animation-delay:0.3s\">\r\n\t\t<div class=\"w-grid-item-h\">\r\n\t\t\t\t\t\t<div class=\"w-post-elm post_image usg_post_image_1 has_ratio\"><img decoding=\"async\" width=\"381\" height=\"334\" src=\"https:\/\/transitionencommun.org\/wp-content\/uploads\/2025\/11\/jasbnciajsnc.jpg\" class=\"attachment-large size-large wp-post-image\" alt=\"\" \/><div style=\"padding-bottom:100%\"><\/div><\/div><h5 class=\"w-post-elm post_title usg_post_title_1 style-h3 color_link_inherit\">Louis-Philippe Lizotte\/Isabelle Gaudette<\/h5><p class=\"w-post-elm post_custom_field usg_post_custom_field_1 type_text titre_du_poste_version_anglaise color_link_inherit\"><span class=\"w-post-elm-value\">INM \/ CEUM<\/span><\/p>\t\t<\/div>\r\n\t\t\t<\/article>\r\n\t<article class=\"w-grid-item us_animate_afb size_1x1 post-6312 membres_equipe type-membres_equipe status-publish has-post-thumbnail hentry categorie_membre_equipe-comite-orientation\" data-id=\"6312\" style=\"animation-delay:0.4s\">\r\n\t\t<div class=\"w-grid-item-h\">\r\n\t\t\t\t\t\t<div class=\"w-post-elm post_image usg_post_image_1 has_ratio\"><img decoding=\"async\" width=\"375\" height=\"304\" src=\"https:\/\/transitionencommun.org\/wp-content\/uploads\/2025\/11\/ajscniajsncas.jpg\" class=\"attachment-large size-large wp-post-image\" alt=\"\" \/><div style=\"padding-bottom:100%\"><\/div><\/div><h5 class=\"w-post-elm post_title usg_post_title_1 style-h3 color_link_inherit\">Marguerite Mendell \/ Sylvain Lef\u00e8vre<\/h5><p class=\"w-post-elm post_custom_field usg_post_custom_field_1 type_text titre_du_poste_version_anglaise color_link_inherit\"><span class=\"w-post-elm-value\">Centre de recherche sur les innovations sociales (CRISES)<\/span><\/p>\t\t<\/div>\r\n\t\t\t<\/article>\r\n\t<article class=\"w-grid-item us_animate_afb size_1x1 post-6317 membres_equipe type-membres_equipe status-publish has-post-thumbnail hentry categorie_membre_equipe-comite-orientation\" data-id=\"6317\" style=\"animation-delay:0.5s\">\r\n\t\t<div class=\"w-grid-item-h\">\r\n\t\t\t\t\t\t<div class=\"w-post-elm post_image usg_post_image_1 has_ratio\"><img decoding=\"async\" width=\"360\" height=\"298\" src=\"https:\/\/transitionencommun.org\/wp-content\/uploads\/2025\/11\/Jsjnaisc.jpg\" class=\"attachment-large size-large wp-post-image\" alt=\"\" \/><div style=\"padding-bottom:100%\"><\/div><\/div><h5 class=\"w-post-elm post_title usg_post_title_1 style-h3 color_link_inherit\">Natana\u00ebl B\u00e9gin-Paul \/ Imany B\u00e9gin-Paul<\/h5><p class=\"w-post-elm post_custom_field usg_post_custom_field_1 type_text titre_du_poste_version_anglaise color_link_inherit\"><span class=\"w-post-elm-value\">Tshuapamitin<\/span><\/p>\t\t<\/div>\r\n\t\t\t<\/article>\r\n\t<article class=\"w-grid-item us_animate_afb size_1x1 post-6295 membres_equipe type-membres_equipe status-publish has-post-thumbnail hentry categorie_membre_equipe-comite-orientation\" data-id=\"6295\" style=\"animation-delay:0.6s\">\r\n\t\t<div class=\"w-grid-item-h\">\r\n\t\t\t\t\t\t<div class=\"w-post-elm post_image usg_post_image_1 has_ratio\"><img decoding=\"async\" width=\"372\" height=\"316\" src=\"https:\/\/transitionencommun.org\/wp-content\/uploads\/2025\/11\/Genevieve-Dube-e1763504762476.jpg\" class=\"attachment-large size-large wp-post-image\" alt=\"\" \/><div style=\"padding-bottom:100%\"><\/div><\/div><h5 class=\"w-post-elm post_title usg_post_title_1 style-h3 color_link_inherit\">Genevi\u00e8ve Dub\u00e9<\/h5><p class=\"w-post-elm post_custom_field usg_post_custom_field_1 type_text titre_du_poste_version_anglaise color_link_inherit\"><span class=\"w-post-elm-value\">Jardins pour tous<\/span><\/p>\t\t<\/div>\r\n\t\t\t<\/article>\r\n\t<article class=\"w-grid-item us_animate_afb size_1x1 post-6857 membres_equipe type-membres_equipe status-publish has-post-thumbnail hentry categorie_membre_equipe-comite-orientation\" data-id=\"6857\" style=\"animation-delay:0.7s\">\r\n\t\t<div class=\"w-grid-item-h\">\r\n\t\t\t\t\t\t<div class=\"w-post-elm post_image usg_post_image_1 has_ratio\"><img decoding=\"async\" width=\"920\" height=\"1024\" src=\"https:\/\/transitionencommun.org\/wp-content\/uploads\/2026\/03\/KevinDuBoisberranger-920x1024.jpg\" class=\"attachment-large size-large wp-post-image\" alt=\"\" \/><div style=\"padding-bottom:100%\"><\/div><\/div><h5 class=\"w-post-elm post_title usg_post_title_1 style-h3 color_link_inherit\">Kevin Du Boisberranger<\/h5><p class=\"w-post-elm post_custom_field usg_post_custom_field_1 type_text titre_du_poste_version_anglaise color_link_inherit\"><span class=\"w-post-elm-value\">Demain Verdun<\/span><\/p>\t\t<\/div>\r\n\t\t\t<\/article>\r\n<\/div>\t<div class=\"w-grid-preloader\">\r\n\t\t<div class=\"g-preloader type_1\">\r\n\t\t\t<div><\/div>\r\n\t\t<\/div>\r\n\t<\/div>\r\n\t\t<div class=\"w-grid-json hidden\" onclick='return {&quot;action&quot;:&quot;us_ajax_grid&quot;,&quot;infinite_scroll&quot;:0,&quot;max_num_pages&quot;:1,&quot;pagination&quot;:&quot;none&quot;,&quot;template_vars&quot;:{&quot;columns&quot;:&quot;4&quot;,&quot;exclude_items&quot;:&quot;none&quot;,&quot;img_size&quot;:&quot;default&quot;,&quot;ignore_items_size&quot;:0,&quot;items_layout&quot;:&quot;3871&quot;,&quot;items_offset&quot;:&quot;1&quot;,&quot;load_animation&quot;:&quot;afb&quot;,&quot;overriding_link&quot;:&quot;%7B%22url%22%3A%22%22%7D&quot;,&quot;post_id&quot;:3920,&quot;query_args&quot;:{&quot;post_type&quot;:[&quot;membres_equipe&quot;],&quot;tax_query&quot;:[{&quot;taxonomy&quot;:&quot;categorie_membre_equipe&quot;,&quot;field&quot;:&quot;slug&quot;,&quot;terms&quot;:[&quot;comite-orientation&quot;]}],&quot;post_status&quot;:[&quot;publish&quot;,&quot;acf-disabled&quot;],&quot;posts_per_page&quot;:&quot;50&quot;},&quot;orderby_query_args&quot;:{&quot;orderby&quot;:{&quot;date&quot;:&quot;ASC&quot;}},&quot;type&quot;:&quot;grid&quot;,&quot;us_grid_post_type&quot;:&quot;membres_equipe&quot;,&quot;us_grid_ajax_index&quot;:13,&quot;us_grid_filter_query_string&quot;:null,&quot;us_grid_index&quot;:13,&quot;page_args&quot;:[],&quot;lang&quot;:&quot;en&quot;}}'><\/div>\r\n\t<\/div><\/div><\/div><\/div><\/div><\/div><\/div><\/div><\/div><\/div><\/section>\n<\/div><\/div><\/div><\/div><\/div><\/div><div class=\"w-tabs-section\" id=\"j48b\"><button type=\"button\" class=\"w-tabs-section-header\" aria-controls=\"content-j48b\" aria-expanded=\"false\"><div class=\"w-tabs-section-title\">Executive Committee<\/div><div class=\"w-tabs-section-control\"><\/div><\/button><div  class=\"w-tabs-section-content\" id=\"content-j48b\"><div class=\"w-tabs-section-content-h i-cf\"><div class=\"g-cols wpb_row us_custom_60e9caca inner-row-tab-img-left us_animate_this via_grid cols_custom laptops-cols_inherit tablets-cols_inherit mobiles-cols_1 valign_top type_default stacking_default\" style=\"--columns-gap:3rem;--custom-columns:2.5fr 3.5fr 6fr \"><div class=\"wpb_column vc_column_container\"><div class=\"vc_column-inner\"><div class=\"w-image us_custom_02c2953a has_aspect_ratio align_none\"><div class=\"w-image-h\"><img decoding=\"async\" width=\"1024\" height=\"689\" src=\"https:\/\/transitionencommun.org\/wp-content\/uploads\/2025\/11\/2025-11-19-AGAPanelVisiteCDN-5-1-1024x689.png\" class=\"attachment-large size-large\" alt=\"\" loading=\"lazy\" srcset=\"https:\/\/transitionencommun.org\/wp-content\/uploads\/2025\/11\/2025-11-19-AGAPanelVisiteCDN-5-1-1024x689.png 1024w, https:\/\/transitionencommun.org\/wp-content\/uploads\/2025\/11\/2025-11-19-AGAPanelVisiteCDN-5-1-300x202.png 300w, https:\/\/transitionencommun.org\/wp-content\/uploads\/2025\/11\/2025-11-19-AGAPanelVisiteCDN-5-1.png 2000w\" sizes=\"auto, (max-width: 1024px) 100vw, 1024px\" \/><\/div><\/div><\/div><\/div><div class=\"wpb_column vc_column_container\"><div class=\"vc_column-inner\"><div class=\"wpb_text_column\"><div class=\"wpb_wrapper\"><h3>Executive Committee<\/h3>\n<\/div><\/div><div class=\"w-separator size_medium\"><\/div><div class=\"wpb_text_column\"><div class=\"wpb_wrapper\"><div>The role of the Executive Committee is to provide stable and active support for the overall coordination of the alliance\u2019s day-to-day strategic, policy, and budgetary direction and operations, as well as to foster greater agility in decision-making. Its role is similar to that of the board of directors of a nonprofit organization. The Executive Committee consists of nine members who are either elected at the annual general meeting or co-opted, and it meets monthly.  <\/div>\n<div><\/div>\n<\/div><\/div><\/div><\/div><div class=\"wpb_column vc_column_container us_custom_1da3bb4d\"><div class=\"vc_column-inner\"><section class=\"l-section wpb_row us_custom_b6a72ce1 height_medium\"><div class=\"l-section-h i-cf\"><div class=\"g-cols vc_row via_grid cols_1 laptops-cols_inherit tablets-cols_inherit mobiles-cols_1 valign_top type_default stacking_default\"><div class=\"wpb_column vc_column_container\"><div class=\"vc_column-inner\"><div class=\"w-tabs accordeon-membres accordion toggle_style_1 has_scrolling\" style=\"--sections-title-size:inherit;--sections-gap:0.5rem;\"><div class=\"w-tabs-sections titles-align_none icon_plus cpos_right\"><div class=\"w-tabs-section\" id=\"qf6b\"><button type=\"button\" class=\"w-tabs-section-header\" aria-controls=\"content-qf6b\" aria-expanded=\"false\"><h4 class=\"w-tabs-section-title\">Members<\/h4><div class=\"w-tabs-section-control\"><\/div><\/button><div  class=\"w-tabs-section-content\" id=\"content-qf6b\"><div class=\"w-tabs-section-content-h i-cf\"><div class=\"w-grid us_grid membres-grid type_grid layout_3870 cols_4 preload_style_spinner with_css_animation\" id=\"us_grid_14\" style=\"--columns:4;--gap:1.5rem;\" data-filterable=\"true\"><style>@media (max-width:1380px){#us_grid_14{--columns:3!important}}@media (max-width:1024px){#us_grid_14{--columns:2!important}}@media (max-width:600px){#us_grid_14{--columns:1!important}}.layout_3870 .w-grid-item-h{}.layout_3870 .usg_post_title_1{font-size:var(--step-2)!important;margin-bottom:1.5rem!important}<\/style><div class=\"w-grid-list\">\t<article class=\"w-grid-item us_animate_afb size_1x1 post-2490 membres_equipe type-membres_equipe status-publish has-post-thumbnail hentry categorie_membre_equipe-comite-orientation categorie_membre_equipe-comite-executif categorie_membre_equipe-justice-environnementale\" data-id=\"2490\" style=\"animation-delay:0s\">\r\n\t\t<div class=\"w-grid-item-h\">\r\n\t\t\t\t\t\t<h5 class=\"w-post-elm post_title usg_post_title_1 style-h3 color_link_inherit\">David Kaiser<\/h5><p class=\"w-post-elm post_custom_field usg_post_custom_field_1 type_text titre_du_poste_version_anglaise color_link_inherit\"><span class=\"w-post-elm-value\">Direction r\u00e9gionale de sant\u00e9 publique de Montr\u00e9al<\/span><\/p>\t\t<\/div>\r\n\t\t\t<\/article>\r\n\t<article class=\"w-grid-item us_animate_afb size_1x1 post-2498 membres_equipe type-membres_equipe status-publish has-post-thumbnail hentry categorie_membre_equipe-comite-orientation categorie_membre_equipe-comite-executif categorie_membre_equipe-espace-quartiers categorie_membre_equipe-justice-environnementale\" data-id=\"2498\" style=\"animation-delay:0.1s\">\r\n\t\t<div class=\"w-grid-item-h\">\r\n\t\t\t\t\t\t<h5 class=\"w-post-elm post_title usg_post_title_1 style-h3 color_link_inherit\">Joakim Lemieux<\/h5><p class=\"w-post-elm post_custom_field usg_post_custom_field_1 type_text titre_du_poste_version_anglaise color_link_inherit\"><span class=\"w-post-elm-value\">Coalition montr\u00e9alaises des Tables de quartier (CMTQ)<\/span><\/p>\t\t<\/div>\r\n\t\t\t<\/article>\r\n\t<article class=\"w-grid-item us_animate_afb size_1x1 post-2507 membres_equipe type-membres_equipe status-publish has-post-thumbnail hentry categorie_membre_equipe-comite-executif categorie_membre_equipe-financements-de-la-transition categorie_membre_equipe-recits categorie_membre_equipe-savoirs\" data-id=\"2507\" style=\"animation-delay:0.2s\">\r\n\t\t<div class=\"w-grid-item-h\">\r\n\t\t\t\t\t\t<h5 class=\"w-post-elm post_title usg_post_title_1 style-h3 color_link_inherit\">Sylvain A. Lef\u00e8vre<\/h5><p class=\"w-post-elm post_custom_field usg_post_custom_field_1 type_text titre_du_poste_version_anglaise color_link_inherit\"><span class=\"w-post-elm-value\">Centre de recherche sur les innovations sociales (CRISES), ESG UQAM<\/span><\/p>\t\t<\/div>\r\n\t\t\t<\/article>\r\n\t<article class=\"w-grid-item us_animate_afb size_1x1 post-2550 membres_equipe type-membres_equipe status-publish has-post-thumbnail hentry categorie_membre_equipe-comite-executif categorie_membre_equipe-economies-en-transition\" data-id=\"2550\" style=\"animation-delay:0.3s\">\r\n\t\t<div class=\"w-grid-item-h\">\r\n\t\t\t\t\t\t<h5 class=\"w-post-elm post_title usg_post_title_1 style-h3 color_link_inherit\">Marie-Jos\u00e9e Parent<\/h5><p class=\"w-post-elm post_custom_field usg_post_custom_field_1 type_text titre_du_poste_version_anglaise color_link_inherit\"><span class=\"w-post-elm-value\">Travailleurs travailleuses pour la justice climatique<\/span><\/p>\t\t<\/div>\r\n\t\t\t<\/article>\r\n\t<article class=\"w-grid-item us_animate_afb size_1x1 post-2579 membres_equipe type-membres_equipe status-publish has-post-thumbnail hentry categorie_membre_equipe-comite-orientation categorie_membre_equipe-comite-executif categorie_membre_equipe-let\" data-id=\"2579\" style=\"animation-delay:0.4s\">\r\n\t\t<div class=\"w-grid-item-h\">\r\n\t\t\t\t\t\t<h5 class=\"w-post-elm post_title usg_post_title_1 style-h3 color_link_inherit\">Karl Janelle<\/h5><p class=\"w-post-elm post_custom_field usg_post_custom_field_1 type_text titre_du_poste_version_anglaise color_link_inherit\"><span class=\"w-post-elm-value\">Coalition Climat Montr\u00e9al<\/span><\/p>\t\t<\/div>\r\n\t\t\t<\/article>\r\n\t<article class=\"w-grid-item us_animate_afb size_1x1 post-3764 membres_equipe type-membres_equipe status-publish has-post-thumbnail hentry categorie_membre_equipe-comite-executif\" data-id=\"3764\" style=\"animation-delay:0.5s\">\r\n\t\t<div class=\"w-grid-item-h\">\r\n\t\t\t\t\t\t<h5 class=\"w-post-elm post_title usg_post_title_1 style-h3 color_link_inherit\">Chlo\u00e9 Tremblay Cloutier<\/h5><p class=\"w-post-elm post_custom_field usg_post_custom_field_1 type_text titre_du_poste_version_anglaise color_link_inherit\"><span class=\"w-post-elm-value\">R\u00e9seau Demain le Qu\u00e9bec<\/span><\/p>\t\t<\/div>\r\n\t\t\t<\/article>\r\n<\/div>\t<div class=\"w-grid-preloader\">\r\n\t\t<div class=\"g-preloader type_1\">\r\n\t\t\t<div><\/div>\r\n\t\t<\/div>\r\n\t<\/div>\r\n\t\t<div class=\"w-grid-json hidden\" onclick='return {&quot;action&quot;:&quot;us_ajax_grid&quot;,&quot;infinite_scroll&quot;:0,&quot;max_num_pages&quot;:1,&quot;pagination&quot;:&quot;none&quot;,&quot;template_vars&quot;:{&quot;columns&quot;:&quot;4&quot;,&quot;exclude_items&quot;:&quot;none&quot;,&quot;img_size&quot;:&quot;default&quot;,&quot;ignore_items_size&quot;:0,&quot;items_layout&quot;:&quot;3870&quot;,&quot;items_offset&quot;:&quot;1&quot;,&quot;load_animation&quot;:&quot;afb&quot;,&quot;overriding_link&quot;:&quot;%7B%22url%22%3A%22%22%7D&quot;,&quot;post_id&quot;:3899,&quot;query_args&quot;:{&quot;post_type&quot;:[&quot;membres_equipe&quot;],&quot;tax_query&quot;:[{&quot;taxonomy&quot;:&quot;categorie_membre_equipe&quot;,&quot;field&quot;:&quot;slug&quot;,&quot;terms&quot;:[&quot;comite-executif&quot;]}],&quot;post_status&quot;:[&quot;publish&quot;,&quot;acf-disabled&quot;],&quot;posts_per_page&quot;:&quot;50&quot;},&quot;orderby_query_args&quot;:{&quot;orderby&quot;:{&quot;date&quot;:&quot;ASC&quot;}},&quot;type&quot;:&quot;grid&quot;,&quot;us_grid_post_type&quot;:&quot;membres_equipe&quot;,&quot;us_grid_ajax_index&quot;:1,&quot;us_grid_filter_query_string&quot;:null,&quot;us_grid_index&quot;:14,&quot;page_args&quot;:[],&quot;lang&quot;:&quot;en&quot;}}'><\/div>\r\n\t<\/div><\/div><\/div><\/div><\/div><\/div><\/div><\/div><\/div><\/div><\/section>\n<\/div><\/div><\/div><\/div><\/div><\/div><div class=\"w-tabs-section\" id=\"fd64\"><button type=\"button\" class=\"w-tabs-section-header\" aria-controls=\"content-fd64\" aria-expanded=\"false\"><div class=\"w-tabs-section-title\">Working Groups<\/div><div class=\"w-tabs-section-control\"><\/div><\/button><div  class=\"w-tabs-section-content\" id=\"content-fd64\"><div class=\"w-tabs-section-content-h i-cf\"><div class=\"g-cols wpb_row us_custom_60e9caca inner-row-tab-img-left us_animate_this via_grid cols_custom laptops-cols_inherit tablets-cols_inherit mobiles-cols_1 valign_top type_default stacking_default\" style=\"--columns-gap:3rem;--custom-columns:2.5fr 3.5fr 6fr \"><div class=\"wpb_column vc_column_container\"><div class=\"vc_column-inner\"><div class=\"w-image us_custom_02c2953a has_aspect_ratio align_none\"><div class=\"w-image-h\"><img decoding=\"async\" width=\"1024\" height=\"768\" src=\"https:\/\/transitionencommun.org\/wp-content\/uploads\/2023\/12\/p2-RDQ-e1724359430685-1024x768.png\" class=\"attachment-large size-large\" alt=\"\" loading=\"lazy\" srcset=\"https:\/\/transitionencommun.org\/wp-content\/uploads\/2023\/12\/p2-RDQ-e1724359430685-1024x768.png 1024w, https:\/\/transitionencommun.org\/wp-content\/uploads\/2023\/12\/p2-RDQ-e1724359430685-300x225.png 300w\" sizes=\"auto, (max-width: 1024px) 100vw, 1024px\" \/><\/div><\/div><\/div><\/div><div class=\"wpb_column vc_column_container\"><div class=\"vc_column-inner\"><div class=\"wpb_text_column\"><div class=\"wpb_wrapper\"><h3>De-motorization<\/h3>\n<\/div><\/div><div class=\"w-separator size_medium\"><\/div><div class=\"wpb_text_column\"><div class=\"wpb_wrapper\"><p>The Demotorization Working Group aims to foster a deeper understanding of the issue of over-motorization and encourage the alliance\u2019s partners to take action. Bringing together numerous key stakeholders from various neighborhoods, the regional level, academia, and various institutions, the working group develops tools and strategies tailored to Montreal\u2019s diverse realities to prevent and reduce over-motorization.<\/p>\n<\/div><\/div><\/div><\/div><div class=\"wpb_column vc_column_container us_custom_1da3bb4d\"><div class=\"vc_column-inner\"><section class=\"l-section wpb_row us_custom_b6a72ce1 height_medium\"><div class=\"l-section-h i-cf\"><div class=\"g-cols vc_row via_grid cols_1 laptops-cols_inherit tablets-cols_inherit mobiles-cols_1 valign_top type_default stacking_default\"><div class=\"wpb_column vc_column_container\"><div class=\"vc_column-inner\"><div class=\"w-tabs accordeon-membres accordion toggle_style_1 has_scrolling\" style=\"--sections-title-size:inherit;--sections-gap:0.5rem;\"><div class=\"w-tabs-sections titles-align_none icon_plus cpos_right\"><div class=\"w-tabs-section\" id=\"mcfd\"><button type=\"button\" class=\"w-tabs-section-header\" aria-controls=\"content-mcfd\" aria-expanded=\"false\"><h4 class=\"w-tabs-section-title\">Members<\/h4><div class=\"w-tabs-section-control\"><\/div><\/button><div  class=\"w-tabs-section-content\" id=\"content-mcfd\"><div class=\"w-tabs-section-content-h i-cf\"><div class=\"w-grid us_grid membres-grid type_grid layout_3870 cols_4 preload_style_spinner with_css_animation\" id=\"us_grid_15\" style=\"--columns:4;--gap:1.5rem;\" data-filterable=\"true\"><style>@media (max-width:1380px){#us_grid_15{--columns:3!important}}@media (max-width:1024px){#us_grid_15{--columns:2!important}}@media (max-width:600px){#us_grid_15{--columns:1!important}}<\/style><div class=\"w-grid-list\">\t<article class=\"w-grid-item us_animate_afb size_1x1 post-2487 membres_equipe type-membres_equipe status-publish has-post-thumbnail hentry categorie_membre_equipe-comite-orientation categorie_membre_equipe-demotorisation\" data-id=\"2487\" style=\"animation-delay:0s\">\r\n\t\t<div class=\"w-grid-item-h\">\r\n\t\t\t\t\t\t<h5 class=\"w-post-elm post_title usg_post_title_1 style-h3 color_link_inherit\">Blaise R\u00e9millard<\/h5><p class=\"w-post-elm post_custom_field usg_post_custom_field_1 type_text titre_du_poste_version_anglaise color_link_inherit\"><span class=\"w-post-elm-value\">Conseil r\u00e9gional de l'environnement de Montr\u00e9al (CRE)<\/span><\/p>\t\t<\/div>\r\n\t\t\t<\/article>\r\n\t<article class=\"w-grid-item us_animate_afb size_1x1 post-2569 membres_equipe type-membres_equipe status-publish hentry categorie_membre_equipe-demotorisation\" data-id=\"2569\" style=\"animation-delay:0.1s\">\r\n\t\t<div class=\"w-grid-item-h\">\r\n\t\t\t\t\t\t<h5 class=\"w-post-elm post_title usg_post_title_1 style-h3 color_link_inherit\">Chlo\u00e9 Geoffroy<\/h5>\t\t<\/div>\r\n\t\t\t<\/article>\r\n\t<article class=\"w-grid-item us_animate_afb size_1x1 post-4105 membres_equipe type-membres_equipe status-publish hentry categorie_membre_equipe-demotorisation\" data-id=\"4105\" style=\"animation-delay:0.2s\">\r\n\t\t<div class=\"w-grid-item-h\">\r\n\t\t\t\t\t\t<h5 class=\"w-post-elm post_title usg_post_title_1 style-h3 color_link_inherit\">Martin Hamel<\/h5><p class=\"w-post-elm post_custom_field usg_post_custom_field_1 type_text titre_du_poste_version_anglaise color_link_inherit\"><span class=\"w-post-elm-value\">Coalition mobilit\u00e9 active Montr\u00e9al<\/span><\/p>\t\t<\/div>\r\n\t\t\t<\/article>\r\n\t<article class=\"w-grid-item us_animate_afb size_1x1 post-4865 membres_equipe type-membres_equipe status-publish hentry categorie_membre_equipe-demotorisation\" data-id=\"4865\" style=\"animation-delay:0.3s\">\r\n\t\t<div class=\"w-grid-item-h\">\r\n\t\t\t\t\t\t<h5 class=\"w-post-elm post_title usg_post_title_1 style-h3 color_link_inherit\">Genevi\u00e8ve Lapointe<\/h5><p class=\"w-post-elm post_custom_field usg_post_custom_field_1 type_text titre_du_poste_version_anglaise color_link_inherit\"><span class=\"w-post-elm-value\">Service de l'urbanisme et de la mobilit\u00e9 - Ville de Montr\u00e9al<\/span><\/p>\t\t<\/div>\r\n\t\t\t<\/article>\r\n\t<article class=\"w-grid-item us_animate_afb size_1x1 post-4866 membres_equipe type-membres_equipe status-publish has-post-thumbnail hentry categorie_membre_equipe-comite-orientation categorie_membre_equipe-demotorisation\" data-id=\"4866\" style=\"animation-delay:0.4s\">\r\n\t\t<div class=\"w-grid-item-h\">\r\n\t\t\t\t\t\t<h5 class=\"w-post-elm post_title usg_post_title_1 style-h3 color_link_inherit\">Theophil Haberstroh<\/h5><p class=\"w-post-elm post_custom_field usg_post_custom_field_1 type_text titre_du_poste_version_anglaise color_link_inherit\"><span class=\"w-post-elm-value\">Coop Carbone<\/span><\/p>\t\t<\/div>\r\n\t\t\t<\/article>\r\n\t<article class=\"w-grid-item us_animate_afb size_1x1 post-5822 membres_equipe type-membres_equipe status-publish has-post-thumbnail hentry categorie_membre_equipe-demotorisation categorie_membre_equipe-equipe-tec\" data-id=\"5822\" style=\"animation-delay:0.5s\">\r\n\t\t<div class=\"w-grid-item-h\">\r\n\t\t\t\t\t\t<h5 class=\"w-post-elm post_title usg_post_title_1 style-h3 color_link_inherit\">Kali Abraham<\/h5><p class=\"w-post-elm post_custom_field usg_post_custom_field_1 type_text titre_du_poste_version_anglaise color_link_inherit\"><span class=\"w-post-elm-value\">Coordinator of the Demotorization Working Group & Project Manager - Urban Planning and Sustainable Mobility, CRE Montreal<\/span><\/p>\t\t<\/div>\r\n\t\t\t<\/article>\r\n\t<article class=\"w-grid-item us_animate_afb size_1x1 post-6181 membres_equipe type-membres_equipe status-publish hentry categorie_membre_equipe-demotorisation\" data-id=\"6181\" style=\"animation-delay:0.6s\">\r\n\t\t<div class=\"w-grid-item-h\">\r\n\t\t\t\t\t\t<h5 class=\"w-post-elm post_title usg_post_title_1 style-h3 color_link_inherit\">Isabelle Poirier<\/h5><p class=\"w-post-elm post_custom_field usg_post_custom_field_1 type_text titre_du_poste_version_anglaise color_link_inherit\"><span class=\"w-post-elm-value\">LocoMotion<\/span><\/p>\t\t<\/div>\r\n\t\t\t<\/article>\r\n\t<article class=\"w-grid-item us_animate_afb size_1x1 post-6748 membres_equipe type-membres_equipe status-publish hentry categorie_membre_equipe-demotorisation\" data-id=\"6748\" style=\"animation-delay:0.7s\">\r\n\t\t<div class=\"w-grid-item-h\">\r\n\t\t\t\t\t\t<h5 class=\"w-post-elm post_title usg_post_title_1 style-h3 color_link_inherit\">Fannie Joly-Emond<\/h5><p class=\"w-post-elm post_custom_field usg_post_custom_field_1 type_text titre_du_poste_version_anglaise color_link_inherit\"><span class=\"w-post-elm-value\">GRAME<\/span><\/p>\t\t<\/div>\r\n\t\t\t<\/article>\r\n\t<article class=\"w-grid-item us_animate_afb size_1x1 post-8162 membres_equipe type-membres_equipe status-publish hentry categorie_membre_equipe-demotorisation\" data-id=\"8162\" style=\"animation-delay:0s\">\r\n\t\t<div class=\"w-grid-item-h\">\r\n\t\t\t\t\t\t<h5 class=\"w-post-elm post_title usg_post_title_1 style-h3 color_link_inherit\">Am\u00e9lia Picard<\/h5><p class=\"w-post-elm post_custom_field usg_post_custom_field_1 type_text titre_du_poste_version_anglaise color_link_inherit\"><span class=\"w-post-elm-value\">LocoMotion<\/span><\/p>\t\t<\/div>\r\n\t\t\t<\/article>\r\n<\/div>\t<div class=\"w-grid-preloader\">\r\n\t\t<div class=\"g-preloader type_1\">\r\n\t\t\t<div><\/div>\r\n\t\t<\/div>\r\n\t<\/div>\r\n\t\t<div class=\"w-grid-json hidden\" onclick='return {&quot;action&quot;:&quot;us_ajax_grid&quot;,&quot;infinite_scroll&quot;:0,&quot;max_num_pages&quot;:1,&quot;pagination&quot;:&quot;none&quot;,&quot;template_vars&quot;:{&quot;columns&quot;:&quot;4&quot;,&quot;exclude_items&quot;:&quot;none&quot;,&quot;img_size&quot;:&quot;default&quot;,&quot;ignore_items_size&quot;:0,&quot;items_layout&quot;:&quot;3870&quot;,&quot;items_offset&quot;:&quot;1&quot;,&quot;load_animation&quot;:&quot;afb&quot;,&quot;overriding_link&quot;:&quot;%7B%22url%22%3A%22%22%7D&quot;,&quot;post_id&quot;:3896,&quot;query_args&quot;:{&quot;post_type&quot;:[&quot;membres_equipe&quot;],&quot;tax_query&quot;:[{&quot;taxonomy&quot;:&quot;categorie_membre_equipe&quot;,&quot;field&quot;:&quot;slug&quot;,&quot;terms&quot;:[&quot;demotorisation&quot;]}],&quot;post_status&quot;:[&quot;publish&quot;,&quot;acf-disabled&quot;],&quot;posts_per_page&quot;:&quot;50&quot;},&quot;orderby_query_args&quot;:{&quot;orderby&quot;:{&quot;date&quot;:&quot;ASC&quot;}},&quot;type&quot;:&quot;grid&quot;,&quot;us_grid_post_type&quot;:&quot;membres_equipe&quot;,&quot;us_grid_ajax_index&quot;:1,&quot;us_grid_filter_query_string&quot;:null,&quot;us_grid_index&quot;:15,&quot;page_args&quot;:[],&quot;lang&quot;:&quot;en&quot;}}'><\/div>\r\n\t<\/div><\/div><\/div><\/div><\/div><\/div><\/div><\/div><\/div><\/div><\/section>\n<\/div><\/div><\/div><div class=\"w-separator size_custom\" style=\"height:var(--space-l-2xl)\"><\/div><div class=\"g-cols wpb_row us_custom_60e9caca inner-row-tab-img-right us_animate_this via_grid cols_custom laptops-cols_inherit tablets-cols_inherit mobiles-cols_1 valign_top type_default stacking_default\" style=\"--columns-gap:3rem;--custom-columns:2.5fr 3.5fr 6fr \"><div class=\"wpb_column vc_column_container\"><div class=\"vc_column-inner\"><div class=\"w-image us_custom_02c2953a has_aspect_ratio align_none\"><div class=\"w-image-h\"><img decoding=\"async\" width=\"1024\" height=\"789\" src=\"https:\/\/transitionencommun.org\/wp-content\/uploads\/2024\/08\/EQAlim23mai2024-60_SuperCompWeb-scaled-e1724954248314-1024x789.jpg\" class=\"attachment-large size-large\" alt=\"\" loading=\"lazy\" srcset=\"https:\/\/transitionencommun.org\/wp-content\/uploads\/2024\/08\/EQAlim23mai2024-60_SuperCompWeb-scaled-e1724954248314-1024x789.jpg 1024w, https:\/\/transitionencommun.org\/wp-content\/uploads\/2024\/08\/EQAlim23mai2024-60_SuperCompWeb-scaled-e1724954248314-300x231.jpg 300w, https:\/\/transitionencommun.org\/wp-content\/uploads\/2024\/08\/EQAlim23mai2024-60_SuperCompWeb-scaled-e1724954248314.jpg 2009w\" sizes=\"auto, (max-width: 1024px) 100vw, 1024px\" \/><\/div><\/div><\/div><\/div><div class=\"wpb_column vc_column_container\"><div class=\"vc_column-inner\"><div class=\"wpb_text_column\"><div class=\"wpb_wrapper\"><h3>Transitional Housing<\/h3>\n<\/div><\/div><div class=\"w-separator size_medium\"><\/div><div class=\"wpb_text_column\"><div class=\"wpb_wrapper\"><p>The Housing in Transition Working Group is a dedicated forum for envisioning the future of Montreal\u2019s housing stock through the lens of climate resilience, access to housing, and energy efficiency.<\/p>\n<\/div><\/div><\/div><\/div><div class=\"wpb_column vc_column_container us_custom_1da3bb4d\"><div class=\"vc_column-inner\"><section class=\"l-section wpb_row us_custom_b6a72ce1 height_medium\"><div class=\"l-section-h i-cf\"><div class=\"g-cols vc_row via_grid cols_1 laptops-cols_inherit tablets-cols_inherit mobiles-cols_1 valign_top type_default stacking_default\"><div class=\"wpb_column vc_column_container\"><div class=\"vc_column-inner\"><div class=\"w-tabs accordeon-membres accordion toggle_style_1 has_scrolling\" style=\"--sections-title-size:inherit;--sections-gap:0.5rem;\"><div class=\"w-tabs-sections titles-align_none icon_plus cpos_right\"><div class=\"w-tabs-section\" id=\"he8d\"><button type=\"button\" class=\"w-tabs-section-header\" aria-controls=\"content-he8d\" aria-expanded=\"false\"><h4 class=\"w-tabs-section-title\">Members<\/h4><div class=\"w-tabs-section-control\"><\/div><\/button><div  class=\"w-tabs-section-content\" id=\"content-he8d\"><div class=\"w-tabs-section-content-h i-cf\"><div class=\"w-grid us_grid membres-grid type_grid layout_3870 cols_4 preload_style_spinner with_css_animation\" id=\"us_grid_16\" style=\"--columns:4;--gap:1.5rem;\" data-filterable=\"true\"><style>@media (max-width:1380px){#us_grid_16{--columns:3!important}}@media (max-width:1024px){#us_grid_16{--columns:2!important}}@media (max-width:600px){#us_grid_16{--columns:1!important}}<\/style><div class=\"w-grid-list\">\t<article class=\"w-grid-item us_animate_afb size_1x1 post-2444 membres_equipe type-membres_equipe status-publish has-post-thumbnail hentry categorie_membre_equipe-collectif-resilience categorie_membre_equipe-equipe-tec categorie_membre_equipe-espace-quartiers categorie_membre_equipe-let\" data-id=\"2444\" style=\"animation-delay:0s\">\r\n\t\t<div class=\"w-grid-item-h\">\r\n\t\t\t\t\t\t<h5 class=\"w-post-elm post_title usg_post_title_1 style-h3 color_link_inherit\">Marlies Trujillo Torres<\/h5><p class=\"w-post-elm post_custom_field usg_post_custom_field_1 type_text titre_du_poste_version_anglaise color_link_inherit\"><span class=\"w-post-elm-value\">Coordinator, Neighbourhoods Space & Housing In Transition Working Group<\/span><\/p>\t\t<\/div>\r\n\t\t\t<\/article>\r\n\t<article class=\"w-grid-item us_animate_afb size_1x1 post-2511 membres_equipe type-membres_equipe status-publish has-post-thumbnail hentry categorie_membre_equipe-collectif-resilience categorie_membre_equipe-comite-orientation categorie_membre_equipe-justice-environnementale categorie_membre_equipe-let categorie_membre_equipe-savoirs\" data-id=\"2511\" style=\"animation-delay:0.1s\">\r\n\t\t<div class=\"w-grid-item-h\">\r\n\t\t\t\t\t\t<h5 class=\"w-post-elm post_title usg_post_title_1 style-h3 color_link_inherit\">Sophie Van Neste<\/h5><p class=\"w-post-elm post_custom_field usg_post_custom_field_1 type_text titre_du_poste_version_anglaise color_link_inherit\"><span class=\"w-post-elm-value\">Labo \u00c9quit\u00e9 Climat, INRS<\/span><\/p>\t\t<\/div>\r\n\t\t\t<\/article>\r\n\t<article class=\"w-grid-item us_animate_afb size_1x1 post-2567 membres_equipe type-membres_equipe status-publish hentry categorie_membre_equipe-interne-ville categorie_membre_equipe-let\" data-id=\"2567\" style=\"animation-delay:0.2s\">\r\n\t\t<div class=\"w-grid-item-h\">\r\n\t\t\t\t\t\t<h5 class=\"w-post-elm post_title usg_post_title_1 style-h3 color_link_inherit\">Nancy Gigu\u00e8re<\/h5>\t\t<\/div>\r\n\t\t\t<\/article>\r\n\t<article class=\"w-grid-item us_animate_afb size_1x1 post-2578 membres_equipe type-membres_equipe status-publish hentry categorie_membre_equipe-let\" data-id=\"2578\" style=\"animation-delay:0.3s\">\r\n\t\t<div class=\"w-grid-item-h\">\r\n\t\t\t\t\t\t<h5 class=\"w-post-elm post_title usg_post_title_1 style-h3 color_link_inherit\">\u00c9milie Laurin-Dansereau<\/h5>\t\t<\/div>\r\n\t\t\t<\/article>\r\n\t<article class=\"w-grid-item us_animate_afb size_1x1 post-2579 membres_equipe type-membres_equipe status-publish has-post-thumbnail hentry categorie_membre_equipe-comite-orientation categorie_membre_equipe-comite-executif categorie_membre_equipe-let\" data-id=\"2579\" style=\"animation-delay:0.4s\">\r\n\t\t<div class=\"w-grid-item-h\">\r\n\t\t\t\t\t\t<h5 class=\"w-post-elm post_title usg_post_title_1 style-h3 color_link_inherit\">Karl Janelle<\/h5><p class=\"w-post-elm post_custom_field usg_post_custom_field_1 type_text titre_du_poste_version_anglaise color_link_inherit\"><span class=\"w-post-elm-value\">Coalition Climat Montr\u00e9al<\/span><\/p>\t\t<\/div>\r\n\t\t\t<\/article>\r\n\t<article class=\"w-grid-item us_animate_afb size_1x1 post-2580 membres_equipe type-membres_equipe status-publish hentry categorie_membre_equipe-let\" data-id=\"2580\" style=\"animation-delay:0.5s\">\r\n\t\t<div class=\"w-grid-item-h\">\r\n\t\t\t\t\t\t<h5 class=\"w-post-elm post_title usg_post_title_1 style-h3 color_link_inherit\">Oriol Gavald\u00e0<\/h5>\t\t<\/div>\r\n\t\t\t<\/article>\r\n\t<article class=\"w-grid-item us_animate_afb size_1x1 post-2582 membres_equipe type-membres_equipe status-publish hentry categorie_membre_equipe-let\" data-id=\"2582\" style=\"animation-delay:0.6s\">\r\n\t\t<div class=\"w-grid-item-h\">\r\n\t\t\t\t\t\t<h5 class=\"w-post-elm post_title usg_post_title_1 style-h3 color_link_inherit\">Sophie Goudreau<\/h5>\t\t<\/div>\r\n\t\t\t<\/article>\r\n\t<article class=\"w-grid-item us_animate_afb size_1x1 post-2583 membres_equipe type-membres_equipe status-publish hentry categorie_membre_equipe-let\" data-id=\"2583\" style=\"animation-delay:0.7s\">\r\n\t\t<div class=\"w-grid-item-h\">\r\n\t\t\t\t\t\t<h5 class=\"w-post-elm post_title usg_post_title_1 style-h3 color_link_inherit\">St\u00e9phanie Lopez<\/h5>\t\t<\/div>\r\n\t\t\t<\/article>\r\n\t<article class=\"w-grid-item us_animate_afb size_1x1 post-3771 membres_equipe type-membres_equipe status-publish hentry categorie_membre_equipe-let\" data-id=\"3771\" style=\"animation-delay:0s\">\r\n\t\t<div class=\"w-grid-item-h\">\r\n\t\t\t\t\t\t<h5 class=\"w-post-elm post_title usg_post_title_1 style-h3 color_link_inherit\">Greg Labrosse<\/h5>\t\t<\/div>\r\n\t\t\t<\/article>\r\n\t<article class=\"w-grid-item us_animate_afb size_1x1 post-3773 membres_equipe type-membres_equipe status-publish hentry categorie_membre_equipe-let\" data-id=\"3773\" style=\"animation-delay:0.1s\">\r\n\t\t<div class=\"w-grid-item-h\">\r\n\t\t\t\t\t\t<h5 class=\"w-post-elm post_title usg_post_title_1 style-h3 color_link_inherit\">Laurence Simard<\/h5><p class=\"w-post-elm post_custom_field usg_post_custom_field_1 type_text titre_du_poste_version_anglaise color_link_inherit\"><span class=\"w-post-elm-value\">Vivre en ville<\/span><\/p>\t\t<\/div>\r\n\t\t\t<\/article>\r\n\t<article class=\"w-grid-item us_animate_afb size_1x1 post-6508 membres_equipe type-membres_equipe status-publish hentry categorie_membre_equipe-let\" data-id=\"6508\" style=\"animation-delay:0.2s\">\r\n\t\t<div class=\"w-grid-item-h\">\r\n\t\t\t\t\t\t<h5 class=\"w-post-elm post_title usg_post_title_1 style-h3 color_link_inherit\">Laurent Montreuil<\/h5><p class=\"w-post-elm post_custom_field usg_post_custom_field_1 type_text titre_du_poste_version_anglaise color_link_inherit\"><span class=\"w-post-elm-value\">B\u00e2tir son quartier<\/span><\/p>\t\t<\/div>\r\n\t\t\t<\/article>\r\n\t<article class=\"w-grid-item us_animate_afb size_1x1 post-6509 membres_equipe type-membres_equipe status-publish hentry categorie_membre_equipe-let\" data-id=\"6509\" style=\"animation-delay:0.3s\">\r\n\t\t<div class=\"w-grid-item-h\">\r\n\t\t\t\t\t\t<h5 class=\"w-post-elm post_title usg_post_title_1 style-h3 color_link_inherit\">Vincent Seguin<\/h5><p class=\"w-post-elm post_custom_field usg_post_custom_field_1 type_text titre_du_poste_version_anglaise color_link_inherit\"><span class=\"w-post-elm-value\">Service de l\u2019habitation, Ville de Montr\u00e9al<\/span><\/p>\t\t<\/div>\r\n\t\t\t<\/article>\r\n\t<article class=\"w-grid-item us_animate_afb size_1x1 post-6510 membres_equipe type-membres_equipe status-publish hentry categorie_membre_equipe-let\" data-id=\"6510\" style=\"animation-delay:0.4s\">\r\n\t\t<div class=\"w-grid-item-h\">\r\n\t\t\t\t\t\t<h5 class=\"w-post-elm post_title usg_post_title_1 style-h3 color_link_inherit\">Beatrice Groulx<\/h5><p class=\"w-post-elm post_custom_field usg_post_custom_field_1 type_text titre_du_poste_version_anglaise color_link_inherit\"><span class=\"w-post-elm-value\">Labo \u00c9quit\u00e9 Climat, Institut national de la recherche scientifique<\/span><\/p>\t\t<\/div>\r\n\t\t\t<\/article>\r\n<\/div>\t<div class=\"w-grid-preloader\">\r\n\t\t<div class=\"g-preloader type_1\">\r\n\t\t\t<div><\/div>\r\n\t\t<\/div>\r\n\t<\/div>\r\n\t\t<div class=\"w-grid-json hidden\" onclick='return {&quot;action&quot;:&quot;us_ajax_grid&quot;,&quot;infinite_scroll&quot;:0,&quot;max_num_pages&quot;:1,&quot;pagination&quot;:&quot;none&quot;,&quot;template_vars&quot;:{&quot;columns&quot;:&quot;4&quot;,&quot;exclude_items&quot;:&quot;none&quot;,&quot;img_size&quot;:&quot;default&quot;,&quot;ignore_items_size&quot;:0,&quot;items_layout&quot;:&quot;3870&quot;,&quot;items_offset&quot;:&quot;1&quot;,&quot;load_animation&quot;:&quot;afb&quot;,&quot;overriding_link&quot;:&quot;%7B%22url%22%3A%22%22%7D&quot;,&quot;post_id&quot;:3894,&quot;query_args&quot;:{&quot;post_type&quot;:[&quot;membres_equipe&quot;],&quot;tax_query&quot;:[{&quot;taxonomy&quot;:&quot;categorie_membre_equipe&quot;,&quot;field&quot;:&quot;slug&quot;,&quot;terms&quot;:[&quot;let&quot;]}],&quot;post_status&quot;:[&quot;publish&quot;,&quot;acf-disabled&quot;],&quot;posts_per_page&quot;:&quot;50&quot;},&quot;orderby_query_args&quot;:{&quot;orderby&quot;:{&quot;date&quot;:&quot;ASC&quot;}},&quot;type&quot;:&quot;grid&quot;,&quot;us_grid_post_type&quot;:&quot;membres_equipe&quot;,&quot;us_grid_ajax_index&quot;:1,&quot;us_grid_filter_query_string&quot;:null,&quot;us_grid_index&quot;:16,&quot;page_args&quot;:[],&quot;lang&quot;:&quot;en&quot;}}'><\/div>\r\n\t<\/div><\/div><\/div><\/div><\/div><\/div><\/div><\/div><\/div><\/div><\/section>\n<\/div><\/div><\/div><div class=\"w-separator size_custom\" style=\"height:var(--space-l-2xl)\"><\/div><div class=\"g-cols wpb_row us_custom_60e9caca inner-row-tab-img-left us_animate_this via_grid cols_custom laptops-cols_inherit tablets-cols_inherit mobiles-cols_1 valign_top type_default stacking_default\" style=\"--columns-gap:3rem;--custom-columns:2.5fr 3.5fr 6fr \"><div class=\"wpb_column vc_column_container\"><div class=\"vc_column-inner\"><div class=\"w-image us_custom_02c2953a has_aspect_ratio align_none\"><div class=\"w-image-h\"><img decoding=\"async\" width=\"1024\" height=\"683\" src=\"https:\/\/transitionencommun.org\/wp-content\/uploads\/2026\/01\/TeC_26novembre2024_2228BR-1024x683.jpg\" class=\"attachment-large size-large\" alt=\"\" loading=\"lazy\" srcset=\"https:\/\/transitionencommun.org\/wp-content\/uploads\/2026\/01\/TeC_26novembre2024_2228BR-1024x683.jpg 1024w, https:\/\/transitionencommun.org\/wp-content\/uploads\/2026\/01\/TeC_26novembre2024_2228BR-300x200.jpg 300w, https:\/\/transitionencommun.org\/wp-content\/uploads\/2026\/01\/TeC_26novembre2024_2228BR-500x333.jpg 500w, https:\/\/transitionencommun.org\/wp-content\/uploads\/2026\/01\/TeC_26novembre2024_2228BR-600x400.jpg 600w, https:\/\/transitionencommun.org\/wp-content\/uploads\/2026\/01\/TeC_26novembre2024_2228BR.jpg 1600w\" sizes=\"auto, (max-width: 1024px) 100vw, 1024px\" \/><\/div><\/div><\/div><\/div><div class=\"wpb_column vc_column_container\"><div class=\"vc_column-inner\"><div class=\"wpb_text_column\"><div class=\"wpb_wrapper\"><h3>Participatory Democracy and Governance<\/h3>\n<\/div><\/div><div class=\"w-separator size_medium\"><\/div><div class=\"wpb_text_column\"><div class=\"wpb_wrapper\"><p>The Participatory Democracy and Governance (DPG) working group of Transition en commun (TeC) works to strengthen and renew democracy in Montreal in order to support a just, inclusive, and ambitious socio-ecological transition.<\/p>\n<p>By drawing on knowledge from civil society, research, and institutional practices, the group analyzes the state of municipal democracy, identifies conditions conducive to meaningful citizen participation, and develops concrete proposals to improve existing mechanisms and support the creation of new democratic mechanisms.<\/p>\n<\/div><\/div><\/div><\/div><div class=\"wpb_column vc_column_container us_custom_1da3bb4d\"><div class=\"vc_column-inner\"><section class=\"l-section wpb_row us_custom_b6a72ce1 height_medium\"><div class=\"l-section-h i-cf\"><div class=\"g-cols vc_row via_grid cols_1 laptops-cols_inherit tablets-cols_inherit mobiles-cols_1 valign_top type_default stacking_default\"><div class=\"wpb_column vc_column_container\"><div class=\"vc_column-inner\"><div class=\"w-tabs accordeon-membres accordion toggle_style_1 has_scrolling\" style=\"--sections-title-size:inherit;--sections-gap:0.5rem;\"><div class=\"w-tabs-sections titles-align_none icon_plus cpos_right\"><div class=\"w-tabs-section\" id=\"y7a2\"><button type=\"button\" class=\"w-tabs-section-header\" aria-controls=\"content-y7a2\" aria-expanded=\"false\"><h4 class=\"w-tabs-section-title\">Members<\/h4><div class=\"w-tabs-section-control\"><\/div><\/button><div  class=\"w-tabs-section-content\" id=\"content-y7a2\"><div class=\"w-tabs-section-content-h i-cf\"><div class=\"w-grid us_grid membres-grid type_grid layout_3870 cols_4 preload_style_spinner with_css_animation\" id=\"us_grid_17\" style=\"--columns:4;--gap:1.5rem;\" data-filterable=\"true\"><style>@media (max-width:1380px){#us_grid_17{--columns:3!important}}@media (max-width:1024px){#us_grid_17{--columns:2!important}}@media (max-width:600px){#us_grid_17{--columns:1!important}}<\/style><div class=\"w-grid-list\">\t<article class=\"w-grid-item us_animate_afb size_1x1 post-2429 membres_equipe type-membres_equipe status-publish has-post-thumbnail hentry categorie_membre_equipe-democratie-participative-et-gouvernance categorie_membre_equipe-equipe-tec\" data-id=\"2429\" style=\"animation-delay:0s\">\r\n\t\t<div class=\"w-grid-item-h\">\r\n\t\t\t\t\t\t<h5 class=\"w-post-elm post_title usg_post_title_1 style-h3 color_link_inherit\">Nadim Tadjine<\/h5><p class=\"w-post-elm post_custom_field usg_post_custom_field_1 type_text titre_du_poste_version_anglaise color_link_inherit\"><span class=\"w-post-elm-value\">Coordinator, Participative Democracy and Governance Working Group<\/span><\/p>\t\t<\/div>\r\n\t\t\t<\/article>\r\n\t<article class=\"w-grid-item us_animate_afb size_1x1 post-2497 membres_equipe type-membres_equipe status-publish has-post-thumbnail hentry categorie_membre_equipe-democratie-participative-et-gouvernance\" data-id=\"2497\" style=\"animation-delay:0.1s\">\r\n\t\t<div class=\"w-grid-item-h\">\r\n\t\t\t\t\t\t<h5 class=\"w-post-elm post_title usg_post_title_1 style-h3 color_link_inherit\">Isabelle Gaudette<\/h5><p class=\"w-post-elm post_custom_field usg_post_custom_field_1 type_text titre_du_poste_version_anglaise color_link_inherit\"><span class=\"w-post-elm-value\">Centre d\u2019\u00e9cologie urbaine<\/span><\/p>\t\t<\/div>\r\n\t\t\t<\/article>\r\n\t<article class=\"w-grid-item us_animate_afb size_1x1 post-2503 membres_equipe type-membres_equipe status-publish has-post-thumbnail hentry categorie_membre_equipe-democratie-participative-et-gouvernance\" data-id=\"2503\" style=\"animation-delay:0.2s\">\r\n\t\t<div class=\"w-grid-item-h\">\r\n\t\t\t\t\t\t<h5 class=\"w-post-elm post_title usg_post_title_1 style-h3 color_link_inherit\">Marie-Odile M\u00e9lan\u00e7on<\/h5>\t\t<\/div>\r\n\t\t\t<\/article>\r\n\t<article class=\"w-grid-item us_animate_afb size_1x1 post-2516 membres_equipe type-membres_equipe status-publish has-post-thumbnail hentry categorie_membre_equipe-democratie-participative-et-gouvernance\" data-id=\"2516\" style=\"animation-delay:0.3s\">\r\n\t\t<div class=\"w-grid-item-h\">\r\n\t\t\t\t\t\t<h5 class=\"w-post-elm post_title usg_post_title_1 style-h3 color_link_inherit\">Chlo\u00e9 Dodinot<\/h5><p class=\"w-post-elm post_custom_field usg_post_custom_field_1 type_text titre_du_poste_version_anglaise color_link_inherit\"><span class=\"w-post-elm-value\">Rosemont\u2013La Petite-Patrie Borough<\/span><\/p>\t\t<\/div>\r\n\t\t\t<\/article>\r\n\t<article class=\"w-grid-item us_animate_afb size_1x1 post-2529 membres_equipe type-membres_equipe status-publish hentry categorie_membre_equipe-democratie-participative-et-gouvernance categorie_membre_equipe-savoirs\" data-id=\"2529\" style=\"animation-delay:0.4s\">\r\n\t\t<div class=\"w-grid-item-h\">\r\n\t\t\t\t\t\t<h5 class=\"w-post-elm post_title usg_post_title_1 style-h3 color_link_inherit\">Dan Furukawa Marques<\/h5>\t\t<\/div>\r\n\t\t\t<\/article>\r\n\t<article class=\"w-grid-item us_animate_afb size_1x1 post-2536 membres_equipe type-membres_equipe status-publish hentry categorie_membre_equipe-democratie-participative-et-gouvernance categorie_membre_equipe-savoirs\" data-id=\"2536\" style=\"animation-delay:0.5s\">\r\n\t\t<div class=\"w-grid-item-h\">\r\n\t\t\t\t\t\t<h5 class=\"w-post-elm post_title usg_post_title_1 style-h3 color_link_inherit\">Laurence Bherer<\/h5>\t\t<\/div>\r\n\t\t\t<\/article>\r\n\t<article class=\"w-grid-item us_animate_afb size_1x1 post-2537 membres_equipe type-membres_equipe status-publish hentry categorie_membre_equipe-democratie-participative-et-gouvernance categorie_membre_equipe-savoirs\" data-id=\"2537\" style=\"animation-delay:0.6s\">\r\n\t\t<div class=\"w-grid-item-h\">\r\n\t\t\t\t\t\t<h5 class=\"w-post-elm post_title usg_post_title_1 style-h3 color_link_inherit\">Marguerite Mendell<\/h5>\t\t<\/div>\r\n\t\t\t<\/article>\r\n\t<article class=\"w-grid-item us_animate_afb size_1x1 post-2541 membres_equipe type-membres_equipe status-publish hentry categorie_membre_equipe-democratie-participative-et-gouvernance categorie_membre_equipe-economies-en-transition categorie_membre_equipe-savoirs\" data-id=\"2541\" style=\"animation-delay:0.7s\">\r\n\t\t<div class=\"w-grid-item-h\">\r\n\t\t\t\t\t\t<h5 class=\"w-post-elm post_title usg_post_title_1 style-h3 color_link_inherit\">Nancy Neamtan<\/h5><p class=\"w-post-elm post_custom_field usg_post_custom_field_1 type_text titre_du_poste_version_anglaise color_link_inherit\"><span class=\"w-post-elm-value\">Ind\u00e9pendante<\/span><\/p>\t\t<\/div>\r\n\t\t\t<\/article>\r\n\t<article class=\"w-grid-item us_animate_afb size_1x1 post-2554 membres_equipe type-membres_equipe status-publish hentry categorie_membre_equipe-democratie-participative-et-gouvernance categorie_membre_equipe-interne-ville\" data-id=\"2554\" style=\"animation-delay:0s\">\r\n\t\t<div class=\"w-grid-item-h\">\r\n\t\t\t\t\t\t<h5 class=\"w-post-elm post_title usg_post_title_1 style-h3 color_link_inherit\">Caroline Magar<\/h5>\t\t<\/div>\r\n\t\t\t<\/article>\r\n\t<article class=\"w-grid-item us_animate_afb size_1x1 post-2559 membres_equipe type-membres_equipe status-publish hentry categorie_membre_equipe-democratie-participative-et-gouvernance categorie_membre_equipe-interne-ville\" data-id=\"2559\" style=\"animation-delay:0.1s\">\r\n\t\t<div class=\"w-grid-item-h\">\r\n\t\t\t\t\t\t<h5 class=\"w-post-elm post_title usg_post_title_1 style-h3 color_link_inherit\">Elisabeth Rivest<\/h5>\t\t<\/div>\r\n\t\t\t<\/article>\r\n\t<article class=\"w-grid-item us_animate_afb size_1x1 post-2566 membres_equipe type-membres_equipe status-publish hentry categorie_membre_equipe-democratie-participative-et-gouvernance categorie_membre_equipe-interne-ville\" data-id=\"2566\" style=\"animation-delay:0.2s\">\r\n\t\t<div class=\"w-grid-item-h\">\r\n\t\t\t\t\t\t<h5 class=\"w-post-elm post_title usg_post_title_1 style-h3 color_link_inherit\">Maxime Thibault V\u00e9zina<\/h5>\t\t<\/div>\r\n\t\t\t<\/article>\r\n\t<article class=\"w-grid-item us_animate_afb size_1x1 post-2584 membres_equipe type-membres_equipe status-publish hentry categorie_membre_equipe-democratie-participative-et-gouvernance\" data-id=\"2584\" style=\"animation-delay:0.3s\">\r\n\t\t<div class=\"w-grid-item-h\">\r\n\t\t\t\t\t\t<h5 class=\"w-post-elm post_title usg_post_title_1 style-h3 color_link_inherit\">France Levert<\/h5>\t\t<\/div>\r\n\t\t\t<\/article>\r\n\t<article class=\"w-grid-item us_animate_afb size_1x1 post-2426 membres_equipe type-membres_equipe status-publish has-post-thumbnail hentry categorie_membre_equipe-democratie-participative-et-gouvernance categorie_membre_equipe-economies-en-transition categorie_membre_equipe-equipe-tec\" data-id=\"2426\" style=\"animation-delay:0.4s\">\r\n\t\t<div class=\"w-grid-item-h\">\r\n\t\t\t\t\t\t<h5 class=\"w-post-elm post_title usg_post_title_1 style-h3 color_link_inherit\">Bertrand Fouss<\/h5><p class=\"w-post-elm post_custom_field usg_post_custom_field_1 type_text titre_du_poste_version_anglaise color_link_inherit\"><span class=\"w-post-elm-value\">General Co-Coordinator<\/span><\/p>\t\t<\/div>\r\n\t\t\t<\/article>\r\n\t<article class=\"w-grid-item us_animate_afb size_1x1 post-4249 membres_equipe type-membres_equipe status-publish has-post-thumbnail hentry categorie_membre_equipe-democratie-participative-et-gouvernance\" data-id=\"4249\" style=\"animation-delay:0.5s\">\r\n\t\t<div class=\"w-grid-item-h\">\r\n\t\t\t\t\t\t<h5 class=\"w-post-elm post_title usg_post_title_1 style-h3 color_link_inherit\">Miriam Fahmy<\/h5><p class=\"w-post-elm post_custom_field usg_post_custom_field_1 type_text titre_du_poste_version_anglaise color_link_inherit\"><span class=\"w-post-elm-value\">TIESS - Territoires innovants en \u00e9conomie sociale et solidaire<\/span><\/p>\t\t<\/div>\r\n\t\t\t<\/article>\r\n\t<article class=\"w-grid-item us_animate_afb size_1x1 post-6178 membres_equipe type-membres_equipe status-publish hentry categorie_membre_equipe-democratie-participative-et-gouvernance\" data-id=\"6178\" style=\"animation-delay:0.6s\">\r\n\t\t<div class=\"w-grid-item-h\">\r\n\t\t\t\t\t\t<h5 class=\"w-post-elm post_title usg_post_title_1 style-h3 color_link_inherit\">Lili Jacob<\/h5><p class=\"w-post-elm post_custom_field usg_post_custom_field_1 type_text titre_du_poste_version_anglaise color_link_inherit\"><span class=\"w-post-elm-value\">New World Institute<\/span><\/p>\t\t<\/div>\r\n\t\t\t<\/article>\r\n\t<article class=\"w-grid-item us_animate_afb size_1x1 post-6179 membres_equipe type-membres_equipe status-publish hentry categorie_membre_equipe-democratie-participative-et-gouvernance\" data-id=\"6179\" style=\"animation-delay:0.7s\">\r\n\t\t<div class=\"w-grid-item-h\">\r\n\t\t\t\t\t\t<h5 class=\"w-post-elm post_title usg_post_title_1 style-h3 color_link_inherit\">Philippe Bourke<\/h5><p class=\"w-post-elm post_custom_field usg_post_custom_field_1 type_text titre_du_poste_version_anglaise color_link_inherit\"><span class=\"w-post-elm-value\">Office de consultation publique de Montr\u00e9al (OCPM)<\/span><\/p>\t\t<\/div>\r\n\t\t\t<\/article>\r\n\t<article class=\"w-grid-item us_animate_afb size_1x1 post-6859 membres_equipe type-membres_equipe status-publish hentry categorie_membre_equipe-democratie-participative-et-gouvernance\" data-id=\"6859\" style=\"animation-delay:0s\">\r\n\t\t<div class=\"w-grid-item-h\">\r\n\t\t\t\t\t\t<h5 class=\"w-post-elm post_title usg_post_title_1 style-h3 color_link_inherit\">Ornella Calisti<\/h5><p class=\"w-post-elm post_custom_field usg_post_custom_field_1 type_text titre_du_poste_version_anglaise color_link_inherit\"><span class=\"w-post-elm-value\">Montreal Office of Public Consultation (OCPM)<\/span><\/p>\t\t<\/div>\r\n\t\t\t<\/article>\r\n\t<article class=\"w-grid-item us_animate_afb size_1x1 post-8178 membres_equipe type-membres_equipe status-publish hentry categorie_membre_equipe-democratie-participative-et-gouvernance\" data-id=\"8178\" style=\"animation-delay:0.1s\">\r\n\t\t<div class=\"w-grid-item-h\">\r\n\t\t\t\t\t\t<h5 class=\"w-post-elm post_title usg_post_title_1 style-h3 color_link_inherit\">Milan Bernard<\/h5><p class=\"w-post-elm post_custom_field usg_post_custom_field_1 type_text titre_du_poste_version_anglaise color_link_inherit\"><span class=\"w-post-elm-value\">Universit\u00e9 de Montr\u00e9al<\/span><\/p>\t\t<\/div>\r\n\t\t\t<\/article>\r\n<\/div>\t<div class=\"w-grid-preloader\">\r\n\t\t<div class=\"g-preloader type_1\">\r\n\t\t\t<div><\/div>\r\n\t\t<\/div>\r\n\t<\/div>\r\n\t\t<div class=\"w-grid-json hidden\" onclick='return {&quot;action&quot;:&quot;us_ajax_grid&quot;,&quot;infinite_scroll&quot;:0,&quot;max_num_pages&quot;:1,&quot;pagination&quot;:&quot;none&quot;,&quot;template_vars&quot;:{&quot;columns&quot;:&quot;4&quot;,&quot;exclude_items&quot;:&quot;none&quot;,&quot;img_size&quot;:&quot;default&quot;,&quot;ignore_items_size&quot;:0,&quot;items_layout&quot;:&quot;3870&quot;,&quot;items_offset&quot;:&quot;1&quot;,&quot;load_animation&quot;:&quot;afb&quot;,&quot;overriding_link&quot;:&quot;%7B%22url%22%3A%22%22%7D&quot;,&quot;post_id&quot;:3891,&quot;query_args&quot;:{&quot;post_type&quot;:[&quot;membres_equipe&quot;],&quot;tax_query&quot;:[{&quot;taxonomy&quot;:&quot;categorie_membre_equipe&quot;,&quot;field&quot;:&quot;slug&quot;,&quot;terms&quot;:[&quot;democratie-participative-et-gouvernance&quot;]}],&quot;post_status&quot;:[&quot;publish&quot;,&quot;acf-disabled&quot;],&quot;posts_per_page&quot;:&quot;50&quot;},&quot;orderby_query_args&quot;:{&quot;orderby&quot;:{&quot;date&quot;:&quot;ASC&quot;}},&quot;type&quot;:&quot;grid&quot;,&quot;us_grid_post_type&quot;:&quot;membres_equipe&quot;,&quot;us_grid_ajax_index&quot;:1,&quot;us_grid_filter_query_string&quot;:null,&quot;us_grid_index&quot;:17,&quot;page_args&quot;:[],&quot;lang&quot;:&quot;en&quot;}}'><\/div>\r\n\t<\/div><\/div><\/div><\/div><\/div><\/div><\/div><\/div><\/div><\/div><\/section>\n<\/div><\/div><\/div><div class=\"w-separator size_custom\" style=\"height:var(--space-l-2xl)\"><\/div><div class=\"g-cols wpb_row us_custom_60e9caca inner-row-tab-img-right us_animate_this via_grid cols_custom laptops-cols_inherit tablets-cols_inherit mobiles-cols_1 valign_top type_default stacking_default\" style=\"--columns-gap:3rem;--custom-columns:2.5fr 3.5fr 6fr \"><div class=\"wpb_column vc_column_container\"><div class=\"vc_column-inner\"><div class=\"w-image us_custom_02c2953a has_aspect_ratio align_none\"><div class=\"w-image-h\"><img decoding=\"async\" width=\"1024\" height=\"789\" src=\"https:\/\/transitionencommun.org\/wp-content\/uploads\/2024\/08\/Capture-decran-2024-06-19-164902_compWeb-1024x789.png\" class=\"attachment-large size-large\" alt=\"\" loading=\"lazy\" srcset=\"https:\/\/transitionencommun.org\/wp-content\/uploads\/2024\/08\/Capture-decran-2024-06-19-164902_compWeb-1024x789.png 1024w, https:\/\/transitionencommun.org\/wp-content\/uploads\/2024\/08\/Capture-decran-2024-06-19-164902_compWeb-300x231.png 300w, https:\/\/transitionencommun.org\/wp-content\/uploads\/2024\/08\/Capture-decran-2024-06-19-164902_compWeb.png 1509w\" sizes=\"auto, (max-width: 1024px) 100vw, 1024px\" \/><\/div><\/div><\/div><\/div><div class=\"wpb_column vc_column_container\"><div class=\"vc_column-inner\"><div class=\"wpb_text_column\"><div class=\"wpb_wrapper\"><h3>Montreal-Based Collective for Community Climate Resilience<\/h3>\n<\/div><\/div><div class=\"w-separator size_medium\"><\/div><div class=\"wpb_text_column\"><div class=\"wpb_wrapper\"><p>The Collective strengthens mechanisms for consultation and collaboration among institutions, community organizations, and citizens, and supports the creation of new spaces for collaboration. The goal is to empower citizens and communities to build climate resilience and to create the conditions necessary for these initiatives to serve as catalysts for social transformation.<\/p>\n<\/div><\/div><\/div><\/div><div class=\"wpb_column vc_column_container us_custom_1da3bb4d\"><div class=\"vc_column-inner\"><section class=\"l-section wpb_row us_custom_b6a72ce1 height_medium\"><div class=\"l-section-h i-cf\"><div class=\"g-cols vc_row via_grid cols_1 laptops-cols_inherit tablets-cols_inherit mobiles-cols_1 valign_top type_default stacking_default\"><div class=\"wpb_column vc_column_container\"><div class=\"vc_column-inner\"><div class=\"w-tabs accordeon-membres accordion toggle_style_1 has_scrolling\" style=\"--sections-title-size:inherit;--sections-gap:0.5rem;\"><div class=\"w-tabs-sections titles-align_none icon_plus cpos_right\"><div class=\"w-tabs-section\" id=\"rc8b\"><button type=\"button\" class=\"w-tabs-section-header\" aria-controls=\"content-rc8b\" aria-expanded=\"false\"><h4 class=\"w-tabs-section-title\">Membres<\/h4><div class=\"w-tabs-section-control\"><\/div><\/button><div  class=\"w-tabs-section-content\" id=\"content-rc8b\"><div class=\"w-tabs-section-content-h i-cf\"><div class=\"w-grid us_grid membres-grid type_grid layout_2681 cols_4 preload_style_spinner with_css_animation\" id=\"us_grid_18\" style=\"--columns:4;--gap:1.5rem;\" data-filterable=\"true\"><style>@media (max-width:1380px){#us_grid_18{--columns:3!important}}@media (max-width:1024px){#us_grid_18{--columns:2!important}}@media (max-width:600px){#us_grid_18{--columns:1!important}}.layout_2681 .w-grid-item-h{}.layout_2681 .usg_post_title_1{font-size:var(--step-2)!important;margin-bottom:0.5rem!important}<\/style><div class=\"w-grid-list\">\t<article class=\"w-grid-item us_animate_afb size_1x1 post-2444 membres_equipe type-membres_equipe status-publish has-post-thumbnail hentry categorie_membre_equipe-collectif-resilience categorie_membre_equipe-equipe-tec categorie_membre_equipe-espace-quartiers categorie_membre_equipe-let\" data-id=\"2444\" style=\"animation-delay:0s\">\r\n\t\t<div class=\"w-grid-item-h\">\r\n\t\t\t\t\t\t<h5 class=\"w-post-elm post_title usg_post_title_1 style-h3 color_link_inherit\">Marlies Trujillo Torres<\/h5><p class=\"w-post-elm post_custom_field usg_post_custom_field_1 type_text titre_du_poste color_link_inherit\"><span class=\"w-post-elm-value\">Coordonnatrice de l'Espace Quartiers & du groupe de travail Logement en transition<\/span><\/p>\t\t<\/div>\r\n\t\t\t<\/article>\r\n\t<article class=\"w-grid-item us_animate_afb size_1x1 post-2511 membres_equipe type-membres_equipe status-publish has-post-thumbnail hentry categorie_membre_equipe-collectif-resilience categorie_membre_equipe-comite-orientation categorie_membre_equipe-justice-environnementale categorie_membre_equipe-let categorie_membre_equipe-savoirs\" data-id=\"2511\" style=\"animation-delay:0.1s\">\r\n\t\t<div class=\"w-grid-item-h\">\r\n\t\t\t\t\t\t<h5 class=\"w-post-elm post_title usg_post_title_1 style-h3 color_link_inherit\">Sophie Van Neste<\/h5><p class=\"w-post-elm post_custom_field usg_post_custom_field_1 type_text titre_du_poste color_link_inherit\"><span class=\"w-post-elm-value\">Labo \u00c9quit\u00e9 Climat, INRS<\/span><\/p>\t\t<\/div>\r\n\t\t\t<\/article>\r\n\t<article class=\"w-grid-item us_animate_afb size_1x1 post-3702 membres_equipe type-membres_equipe status-publish hentry categorie_membre_equipe-collectif-resilience categorie_membre_equipe-interne-ville\" data-id=\"3702\" style=\"animation-delay:0.2s\">\r\n\t\t<div class=\"w-grid-item-h\">\r\n\t\t\t\t\t\t<h5 class=\"w-post-elm post_title usg_post_title_1 style-h3 color_link_inherit\">Ir\u00e8ne Cloutier<\/h5><p class=\"w-post-elm post_custom_field usg_post_custom_field_1 type_text titre_du_poste color_link_inherit\"><span class=\"w-post-elm-value\">Bureau de la transition \u00e9cologique et de la r\u00e9silience, Ville de Montr\u00e9al<\/span><\/p>\t\t<\/div>\r\n\t\t\t<\/article>\r\n\t<article class=\"w-grid-item us_animate_afb size_1x1 post-3762 membres_equipe type-membres_equipe status-publish hentry categorie_membre_equipe-collectif-resilience categorie_membre_equipe-espace-quartiers\" data-id=\"3762\" style=\"animation-delay:0.3s\">\r\n\t\t<div class=\"w-grid-item-h\">\r\n\t\t\t\t\t\t<h5 class=\"w-post-elm post_title usg_post_title_1 style-h3 color_link_inherit\">Alice Bonneau<\/h5><p class=\"w-post-elm post_custom_field usg_post_custom_field_1 type_text titre_du_poste color_link_inherit\"><span class=\"w-post-elm-value\">Coalition montr\u00e9alaise des Tables de quartier (CMTQ)<\/span><\/p>\t\t<\/div>\r\n\t\t\t<\/article>\r\n\t<article class=\"w-grid-item us_animate_afb size_1x1 post-4861 membres_equipe type-membres_equipe status-publish has-post-thumbnail hentry categorie_membre_equipe-collectif-resilience categorie_membre_equipe-equipe-tec\" data-id=\"4861\" style=\"animation-delay:0.4s\">\r\n\t\t<div class=\"w-grid-item-h\">\r\n\t\t\t\t\t\t<h5 class=\"w-post-elm post_title usg_post_title_1 style-h3 color_link_inherit\">Manon Giri<\/h5><p class=\"w-post-elm post_custom_field usg_post_custom_field_1 type_text titre_du_poste color_link_inherit\"><span class=\"w-post-elm-value\">Coordonnatrice du Collectif montr\u00e9alais en r\u00e9silience climatique des communaut\u00e9s<\/span><\/p>\t\t<\/div>\r\n\t\t\t<\/article>\r\n\t<article class=\"w-grid-item us_animate_afb size_1x1 post-5290 membres_equipe type-membres_equipe status-publish hentry categorie_membre_equipe-collectif-resilience\" data-id=\"5290\" style=\"animation-delay:0.5s\">\r\n\t\t<div class=\"w-grid-item-h\">\r\n\t\t\t\t\t\t<h5 class=\"w-post-elm post_title usg_post_title_1 style-h3 color_link_inherit\">Marie-Pierre Arseneault<\/h5><p class=\"w-post-elm post_custom_field usg_post_custom_field_1 type_text titre_du_poste color_link_inherit\"><span class=\"w-post-elm-value\">Direction r\u00e9gionale de sant\u00e9 publique de Montr\u00e9al<\/span><\/p>\t\t<\/div>\r\n\t\t\t<\/article>\r\n\t<article class=\"w-grid-item us_animate_afb size_1x1 post-6784 membres_equipe type-membres_equipe status-publish hentry categorie_membre_equipe-collectif-resilience\" data-id=\"6784\" style=\"animation-delay:0.6s\">\r\n\t\t<div class=\"w-grid-item-h\">\r\n\t\t\t\t\t\t<h5 class=\"w-post-elm post_title usg_post_title_1 style-h3 color_link_inherit\">Natacha Papieau<\/h5><p class=\"w-post-elm post_custom_field usg_post_custom_field_1 type_text titre_du_poste color_link_inherit\"><span class=\"w-post-elm-value\">ASPQ<\/span><\/p>\t\t<\/div>\r\n\t\t\t<\/article>\r\n\t<article class=\"w-grid-item us_animate_afb size_1x1 post-6785 membres_equipe type-membres_equipe status-publish hentry categorie_membre_equipe-collectif-resilience\" data-id=\"6785\" style=\"animation-delay:0.7s\">\r\n\t\t<div class=\"w-grid-item-h\">\r\n\t\t\t\t\t\t<h5 class=\"w-post-elm post_title usg_post_title_1 style-h3 color_link_inherit\">Fr\u00e9d\u00e9ric Vachon\/Sarah Dubuc<\/h5><p class=\"w-post-elm post_custom_field usg_post_custom_field_1 type_text titre_du_poste color_link_inherit\"><span class=\"w-post-elm-value\">Ex Aequo<\/span><\/p>\t\t<\/div>\r\n\t\t\t<\/article>\r\n\t<article class=\"w-grid-item us_animate_afb size_1x1 post-6786 membres_equipe type-membres_equipe status-publish hentry categorie_membre_equipe-collectif-resilience\" data-id=\"6786\" style=\"animation-delay:0s\">\r\n\t\t<div class=\"w-grid-item-h\">\r\n\t\t\t\t\t\t<h5 class=\"w-post-elm post_title usg_post_title_1 style-h3 color_link_inherit\">Raphael Gon\u00e7alves<\/h5><p class=\"w-post-elm post_custom_field usg_post_custom_field_1 type_text titre_du_poste color_link_inherit\"><span class=\"w-post-elm-value\">Pr\u00e9s\u00e2ge<\/span><\/p>\t\t<\/div>\r\n\t\t\t<\/article>\r\n<\/div>\t<div class=\"w-grid-preloader\">\r\n\t\t<div class=\"g-preloader type_1\">\r\n\t\t\t<div><\/div>\r\n\t\t<\/div>\r\n\t<\/div>\r\n\t\t<div class=\"w-grid-json hidden\" onclick='return {&quot;action&quot;:&quot;us_ajax_grid&quot;,&quot;infinite_scroll&quot;:0,&quot;max_num_pages&quot;:1,&quot;pagination&quot;:&quot;none&quot;,&quot;template_vars&quot;:{&quot;columns&quot;:&quot;4&quot;,&quot;exclude_items&quot;:&quot;none&quot;,&quot;img_size&quot;:&quot;default&quot;,&quot;ignore_items_size&quot;:0,&quot;items_layout&quot;:&quot;2681&quot;,&quot;items_offset&quot;:&quot;1&quot;,&quot;load_animation&quot;:&quot;afb&quot;,&quot;overriding_link&quot;:&quot;%7B%22url%22%3A%22%22%7D&quot;,&quot;post_id&quot;:5540,&quot;query_args&quot;:{&quot;post_type&quot;:[&quot;membres_equipe&quot;],&quot;tax_query&quot;:[{&quot;taxonomy&quot;:&quot;categorie_membre_equipe&quot;,&quot;field&quot;:&quot;slug&quot;,&quot;terms&quot;:[&quot;collectif-resilience&quot;]}],&quot;post_status&quot;:[&quot;publish&quot;,&quot;acf-disabled&quot;],&quot;posts_per_page&quot;:&quot;50&quot;},&quot;orderby_query_args&quot;:{&quot;orderby&quot;:{&quot;date&quot;:&quot;ASC&quot;}},&quot;type&quot;:&quot;grid&quot;,&quot;us_grid_post_type&quot;:&quot;membres_equipe&quot;,&quot;us_grid_ajax_index&quot;:1,&quot;us_grid_filter_query_string&quot;:null,&quot;us_grid_index&quot;:18,&quot;page_args&quot;:[],&quot;lang&quot;:&quot;en&quot;}}'><\/div>\r\n\t<\/div><\/div><\/div><\/div><\/div><\/div><\/div><\/div><\/div><\/div><\/section>\n<\/div><\/div><\/div><div class=\"w-separator size_custom\" style=\"height:var(--space-l-2xl)\"><\/div><div class=\"g-cols wpb_row us_custom_60e9caca inner-row-tab-img-left us_animate_this via_grid cols_custom laptops-cols_inherit tablets-cols_inherit mobiles-cols_1 valign_top type_default stacking_default\" style=\"--columns-gap:3rem;--custom-columns:2.5fr 3.5fr 6fr \"><div class=\"wpb_column vc_column_container\"><div class=\"vc_column-inner\"><div class=\"w-image us_custom_02c2953a has_aspect_ratio align_none\"><div class=\"w-image-h\"><img decoding=\"async\" width=\"1024\" height=\"753\" src=\"https:\/\/transitionencommun.org\/wp-content\/uploads\/2024\/07\/cov2-1024x753.jpg\" class=\"attachment-large size-large\" alt=\"\" loading=\"lazy\" srcset=\"https:\/\/transitionencommun.org\/wp-content\/uploads\/2024\/07\/cov2-1024x753.jpg 1024w, https:\/\/transitionencommun.org\/wp-content\/uploads\/2024\/07\/cov2-300x221.jpg 300w, https:\/\/transitionencommun.org\/wp-content\/uploads\/2024\/07\/cov2.jpg 1982w\" sizes=\"auto, (max-width: 1024px) 100vw, 1024px\" \/><\/div><\/div><\/div><\/div><div class=\"wpb_column vc_column_container\"><div class=\"vc_column-inner\"><div class=\"wpb_text_column\"><div class=\"wpb_wrapper\"><h3><span>Environmental Justice<\/span><\/h3>\n<\/div><\/div><div class=\"w-separator size_medium\"><\/div><div class=\"wpb_text_column\"><div class=\"wpb_wrapper\"><p>This initiative aims to strengthen the foundation of environmental justice in Montreal, at the intersection of social justice and the socio-ecological transition. It is structured around three components: a dedicated working group, a clinic for the co-development of concrete actions, and awareness-raising programs. The initiative seeks to highlight existing initiatives, mobilize new stakeholders, and bridge the gaps between the socio-ecological transition (SET) and social justice communities by addressing their needs and struggles.<\/p>\n<\/div><\/div><\/div><\/div><div class=\"wpb_column vc_column_container us_custom_1da3bb4d\"><div class=\"vc_column-inner\"><section class=\"l-section wpb_row us_custom_b6a72ce1 height_medium\"><div class=\"l-section-h i-cf\"><div class=\"g-cols vc_row via_grid cols_1 laptops-cols_inherit tablets-cols_inherit mobiles-cols_1 valign_top type_default stacking_default\"><div class=\"wpb_column vc_column_container\"><div class=\"vc_column-inner\"><div class=\"w-tabs accordeon-membres accordion toggle_style_1 has_scrolling\" style=\"--sections-title-size:inherit;--sections-gap:0.5rem;\"><div class=\"w-tabs-sections titles-align_none icon_plus cpos_right\"><div class=\"w-tabs-section\" id=\"od94\"><button type=\"button\" class=\"w-tabs-section-header\" aria-controls=\"content-od94\" aria-expanded=\"false\"><h4 class=\"w-tabs-section-title\">Membres<\/h4><div class=\"w-tabs-section-control\"><\/div><\/button><div  class=\"w-tabs-section-content\" id=\"content-od94\"><div class=\"w-tabs-section-content-h i-cf\"><div class=\"w-grid us_grid membres-grid type_grid layout_2681 cols_4 preload_style_spinner with_css_animation\" id=\"us_grid_19\" style=\"--columns:4;--gap:1.5rem;\" data-filterable=\"true\"><style>@media (max-width:1380px){#us_grid_19{--columns:3!important}}@media (max-width:1024px){#us_grid_19{--columns:2!important}}@media (max-width:600px){#us_grid_19{--columns:1!important}}<\/style><div class=\"w-grid-list\">\t<article class=\"w-grid-item us_animate_afb size_1x1 post-2440 membres_equipe type-membres_equipe status-publish has-post-thumbnail hentry categorie_membre_equipe-citoyennete-alimentaire categorie_membre_equipe-justice-environnementale\" data-id=\"2440\" style=\"animation-delay:0s\">\r\n\t\t<div class=\"w-grid-item-h\">\r\n\t\t\t\t\t\t<h5 class=\"w-post-elm post_title usg_post_title_1 style-h3 color_link_inherit\">F\u00e9lissa Lareau Carpentier<\/h5><p class=\"w-post-elm post_custom_field usg_post_custom_field_1 type_text titre_du_poste color_link_inherit\"><span class=\"w-post-elm-value\">Arrondissement de Montr\u00e9al-Nord<\/span><\/p>\t\t<\/div>\r\n\t\t\t<\/article>\r\n\t<article class=\"w-grid-item us_animate_afb size_1x1 post-2443 membres_equipe type-membres_equipe status-publish hentry categorie_membre_equipe-economies-en-transition categorie_membre_equipe-justice-environnementale\" data-id=\"2443\" style=\"animation-delay:0.1s\">\r\n\t\t<div class=\"w-grid-item-h\">\r\n\t\t\t\t\t\t<h5 class=\"w-post-elm post_title usg_post_title_1 style-h3 color_link_inherit\">Lylou Sehili<\/h5><p class=\"w-post-elm post_custom_field usg_post_custom_field_1 type_text titre_du_poste color_link_inherit\"><span class=\"w-post-elm-value\">Ind\u00e9pendante | Aile jeunesse du Chantier de l'\u00e9conomie sociale<\/span><\/p>\t\t<\/div>\r\n\t\t\t<\/article>\r\n\t<article class=\"w-grid-item us_animate_afb size_1x1 post-2490 membres_equipe type-membres_equipe status-publish has-post-thumbnail hentry categorie_membre_equipe-comite-orientation categorie_membre_equipe-comite-executif categorie_membre_equipe-justice-environnementale\" data-id=\"2490\" style=\"animation-delay:0.2s\">\r\n\t\t<div class=\"w-grid-item-h\">\r\n\t\t\t\t\t\t<h5 class=\"w-post-elm post_title usg_post_title_1 style-h3 color_link_inherit\">David Kaiser<\/h5><p class=\"w-post-elm post_custom_field usg_post_custom_field_1 type_text titre_du_poste color_link_inherit\"><span class=\"w-post-elm-value\">Direction r\u00e9gionale de sant\u00e9 publique de Montr\u00e9al<\/span><\/p>\t\t<\/div>\r\n\t\t\t<\/article>\r\n\t<article class=\"w-grid-item us_animate_afb size_1x1 post-2498 membres_equipe type-membres_equipe status-publish has-post-thumbnail hentry categorie_membre_equipe-comite-orientation categorie_membre_equipe-comite-executif categorie_membre_equipe-espace-quartiers categorie_membre_equipe-justice-environnementale\" data-id=\"2498\" style=\"animation-delay:0.3s\">\r\n\t\t<div class=\"w-grid-item-h\">\r\n\t\t\t\t\t\t<h5 class=\"w-post-elm post_title usg_post_title_1 style-h3 color_link_inherit\">Joakim Lemieux<\/h5><p class=\"w-post-elm post_custom_field usg_post_custom_field_1 type_text titre_du_poste color_link_inherit\"><span class=\"w-post-elm-value\">Coalition montr\u00e9alaises des Tables de quartier (CMTQ)<\/span><\/p>\t\t<\/div>\r\n\t\t\t<\/article>\r\n\t<article class=\"w-grid-item us_animate_afb size_1x1 post-2511 membres_equipe type-membres_equipe status-publish has-post-thumbnail hentry categorie_membre_equipe-collectif-resilience categorie_membre_equipe-comite-orientation categorie_membre_equipe-justice-environnementale categorie_membre_equipe-let categorie_membre_equipe-savoirs\" data-id=\"2511\" style=\"animation-delay:0.4s\">\r\n\t\t<div class=\"w-grid-item-h\">\r\n\t\t\t\t\t\t<h5 class=\"w-post-elm post_title usg_post_title_1 style-h3 color_link_inherit\">Sophie Van Neste<\/h5><p class=\"w-post-elm post_custom_field usg_post_custom_field_1 type_text titre_du_poste color_link_inherit\"><span class=\"w-post-elm-value\">Labo \u00c9quit\u00e9 Climat, INRS<\/span><\/p>\t\t<\/div>\r\n\t\t\t<\/article>\r\n\t<article class=\"w-grid-item us_animate_afb size_1x1 post-2534 membres_equipe type-membres_equipe status-publish hentry categorie_membre_equipe-justice-environnementale categorie_membre_equipe-savoirs\" data-id=\"2534\" style=\"animation-delay:0.5s\">\r\n\t\t<div class=\"w-grid-item-h\">\r\n\t\t\t\t\t\t<h5 class=\"w-post-elm post_title usg_post_title_1 style-h3 color_link_inherit\">Janie Houle<\/h5><p class=\"w-post-elm post_custom_field usg_post_custom_field_1 type_text titre_du_poste color_link_inherit\"><span class=\"w-post-elm-value\">Chaire de recherche sur la r\u00e9duction des in\u00e9galit\u00e9s sociales de sant\u00e9 (Chaire RISS), UQAM<\/span><\/p>\t\t<\/div>\r\n\t\t\t<\/article>\r\n\t<article class=\"w-grid-item us_animate_afb size_1x1 post-2549 membres_equipe type-membres_equipe status-publish hentry categorie_membre_equipe-justice-environnementale categorie_membre_equipe-mob-rayo\" data-id=\"2549\" style=\"animation-delay:0.6s\">\r\n\t\t<div class=\"w-grid-item-h\">\r\n\t\t\t\t\t\t<h5 class=\"w-post-elm post_title usg_post_title_1 style-h3 color_link_inherit\">Karine Jalbert<\/h5><p class=\"w-post-elm post_custom_field usg_post_custom_field_1 type_text titre_du_poste color_link_inherit\"><span class=\"w-post-elm-value\">SDIS, Ville de Montr\u00e9al<\/span><\/p>\t\t<\/div>\r\n\t\t\t<\/article>\r\n\t<article class=\"w-grid-item us_animate_afb size_1x1 post-4506 membres_equipe type-membres_equipe status-publish has-post-thumbnail hentry categorie_membre_equipe-comite-orientation categorie_membre_equipe-justice-environnementale\" data-id=\"4506\" style=\"animation-delay:0.7s\">\r\n\t\t<div class=\"w-grid-item-h\">\r\n\t\t\t\t\t\t<h5 class=\"w-post-elm post_title usg_post_title_1 style-h3 color_link_inherit\">L\u00e9a Illardo<\/h5><p class=\"w-post-elm post_custom_field usg_post_custom_field_1 type_text titre_du_poste color_link_inherit\"><span class=\"w-post-elm-value\">\u00c9clore<\/span><\/p>\t\t<\/div>\r\n\t\t\t<\/article>\r\n\t<article class=\"w-grid-item us_animate_afb size_1x1 post-4507 membres_equipe type-membres_equipe status-publish has-post-thumbnail hentry categorie_membre_equipe-justice-environnementale\" data-id=\"4507\" style=\"animation-delay:0s\">\r\n\t\t<div class=\"w-grid-item-h\">\r\n\t\t\t\t\t\t<h5 class=\"w-post-elm post_title usg_post_title_1 style-h3 color_link_inherit\">Imany B\u00e9gin-Paul<\/h5><p class=\"w-post-elm post_custom_field usg_post_custom_field_1 type_text titre_du_poste color_link_inherit\"><span class=\"w-post-elm-value\">Tshuapamitin<\/span><\/p>\t\t<\/div>\r\n\t\t\t<\/article>\r\n\t<article class=\"w-grid-item us_animate_afb size_1x1 post-4514 membres_equipe type-membres_equipe status-publish has-post-thumbnail hentry categorie_membre_equipe-justice-environnementale\" data-id=\"4514\" style=\"animation-delay:0.1s\">\r\n\t\t<div class=\"w-grid-item-h\">\r\n\t\t\t\t\t\t<h5 class=\"w-post-elm post_title usg_post_title_1 style-h3 color_link_inherit\">Jaouad Laaroussi<\/h5><p class=\"w-post-elm post_custom_field usg_post_custom_field_1 type_text titre_du_poste color_link_inherit\"><span class=\"w-post-elm-value\">HUB de mobilisation pour la justice climatique<\/span><\/p>\t\t<\/div>\r\n\t\t\t<\/article>\r\n\t<article class=\"w-grid-item us_animate_afb size_1x1 post-5841 membres_equipe type-membres_equipe status-publish has-post-thumbnail hentry categorie_membre_equipe-justice-environnementale\" data-id=\"5841\" style=\"animation-delay:0.2s\">\r\n\t\t<div class=\"w-grid-item-h\">\r\n\t\t\t\t\t\t<h5 class=\"w-post-elm post_title usg_post_title_1 style-h3 color_link_inherit\">Cassandra Exum\u00e9<\/h5><p class=\"w-post-elm post_custom_field usg_post_custom_field_1 type_text titre_du_poste color_link_inherit\"><span class=\"w-post-elm-value\">Hoodstock<\/span><\/p>\t\t<\/div>\r\n\t\t\t<\/article>\r\n\t<article class=\"w-grid-item us_animate_afb size_1x1 post-6113 membres_equipe type-membres_equipe status-publish hentry categorie_membre_equipe-justice-environnementale\" data-id=\"6113\" style=\"animation-delay:0.3s\">\r\n\t\t<div class=\"w-grid-item-h\">\r\n\t\t\t\t\t\t<h5 class=\"w-post-elm post_title usg_post_title_1 style-h3 color_link_inherit\">Akina Matsuo<\/h5><p class=\"w-post-elm post_custom_field usg_post_custom_field_1 type_text titre_du_poste color_link_inherit\"><span class=\"w-post-elm-value\">Multitudes<\/span><\/p>\t\t<\/div>\r\n\t\t\t<\/article>\r\n\t<article class=\"w-grid-item us_animate_afb size_1x1 post-6114 membres_equipe type-membres_equipe status-publish hentry categorie_membre_equipe-justice-environnementale\" data-id=\"6114\" style=\"animation-delay:0.4s\">\r\n\t\t<div class=\"w-grid-item-h\">\r\n\t\t\t\t\t\t<h5 class=\"w-post-elm post_title usg_post_title_1 style-h3 color_link_inherit\">Amel Zaazaa<\/h5><p class=\"w-post-elm post_custom_field usg_post_custom_field_1 type_text titre_du_poste color_link_inherit\"><span class=\"w-post-elm-value\">Observatoire pour la justice migrante<\/span><\/p>\t\t<\/div>\r\n\t\t\t<\/article>\r\n\t<article class=\"w-grid-item us_animate_afb size_1x1 post-6115 membres_equipe type-membres_equipe status-publish hentry categorie_membre_equipe-justice-environnementale\" data-id=\"6115\" style=\"animation-delay:0.5s\">\r\n\t\t<div class=\"w-grid-item-h\">\r\n\t\t\t\t\t\t<h5 class=\"w-post-elm post_title usg_post_title_1 style-h3 color_link_inherit\">Ariane Beaudin<\/h5><p class=\"w-post-elm post_custom_field usg_post_custom_field_1 type_text titre_du_poste color_link_inherit\"><span class=\"w-post-elm-value\">Front commun pour la transition \u00e9nerg\u00e9tique<\/span><\/p>\t\t<\/div>\r\n\t\t\t<\/article>\r\n\t<article class=\"w-grid-item us_animate_afb size_1x1 post-6116 membres_equipe type-membres_equipe status-publish hentry categorie_membre_equipe-justice-environnementale\" data-id=\"6116\" style=\"animation-delay:0.6s\">\r\n\t\t<div class=\"w-grid-item-h\">\r\n\t\t\t\t\t\t<h5 class=\"w-post-elm post_title usg_post_title_1 style-h3 color_link_inherit\">Alexandra Pierre<\/h5><p class=\"w-post-elm post_custom_field usg_post_custom_field_1 type_text titre_du_poste color_link_inherit\"><span class=\"w-post-elm-value\">UQAM & Ligue des Droits et Libert\u00e9s<\/span><\/p>\t\t<\/div>\r\n\t\t\t<\/article>\r\n\t<article class=\"w-grid-item us_animate_afb size_1x1 post-6118 membres_equipe type-membres_equipe status-publish hentry categorie_membre_equipe-justice-environnementale\" data-id=\"6118\" style=\"animation-delay:0.7s\">\r\n\t\t<div class=\"w-grid-item-h\">\r\n\t\t\t\t\t\t<h5 class=\"w-post-elm post_title usg_post_title_1 style-h3 color_link_inherit\">Quentin Lehmann<\/h5><p class=\"w-post-elm post_custom_field usg_post_custom_field_1 type_text titre_du_poste color_link_inherit\"><span class=\"w-post-elm-value\">Front commun pour la transition \u00e9nerg\u00e9tique<\/span><\/p>\t\t<\/div>\r\n\t\t\t<\/article>\r\n\t<article class=\"w-grid-item us_animate_afb size_1x1 post-6119 membres_equipe type-membres_equipe status-publish has-post-thumbnail hentry categorie_membre_equipe-comite-orientation categorie_membre_equipe-justice-environnementale\" data-id=\"6119\" style=\"animation-delay:0s\">\r\n\t\t<div class=\"w-grid-item-h\">\r\n\t\t\t\t\t\t<h5 class=\"w-post-elm post_title usg_post_title_1 style-h3 color_link_inherit\">Bochra Mana\u00ef<\/h5><p class=\"w-post-elm post_custom_field usg_post_custom_field_1 type_text titre_du_poste color_link_inherit\"><span class=\"w-post-elm-value\">Ville de Montr\u00e9al - Bureau des commissaires<\/span><\/p>\t\t<\/div>\r\n\t\t\t<\/article>\r\n\t<article class=\"w-grid-item us_animate_afb size_1x1 post-6122 membres_equipe type-membres_equipe status-publish hentry categorie_membre_equipe-justice-environnementale\" data-id=\"6122\" style=\"animation-delay:0.1s\">\r\n\t\t<div class=\"w-grid-item-h\">\r\n\t\t\t\t\t\t<h5 class=\"w-post-elm post_title usg_post_title_1 style-h3 color_link_inherit\">Genevi\u00e8ve Paul<\/h5><p class=\"w-post-elm post_custom_field usg_post_custom_field_1 type_text titre_du_poste color_link_inherit\"><span class=\"w-post-elm-value\">Centre qu\u00e9b\u00e9cois du droit en environnement<\/span><\/p>\t\t<\/div>\r\n\t\t\t<\/article>\r\n\t<article class=\"w-grid-item us_animate_afb size_1x1 post-6123 membres_equipe type-membres_equipe status-publish hentry categorie_membre_equipe-justice-environnementale\" data-id=\"6123\" style=\"animation-delay:0.2s\">\r\n\t\t<div class=\"w-grid-item-h\">\r\n\t\t\t\t\t\t<h5 class=\"w-post-elm post_title usg_post_title_1 style-h3 color_link_inherit\">Jade Almaida<\/h5><p class=\"w-post-elm post_custom_field usg_post_custom_field_1 type_text titre_du_poste color_link_inherit\"><span class=\"w-post-elm-value\">Harambec<\/span><\/p>\t\t<\/div>\r\n\t\t\t<\/article>\r\n\t<article class=\"w-grid-item us_animate_afb size_1x1 post-6124 membres_equipe type-membres_equipe status-publish hentry categorie_membre_equipe-justice-environnementale\" data-id=\"6124\" style=\"animation-delay:0.3s\">\r\n\t\t<div class=\"w-grid-item-h\">\r\n\t\t\t\t\t\t<h5 class=\"w-post-elm post_title usg_post_title_1 style-h3 color_link_inherit\">Jeanne Marie Rugira<\/h5><p class=\"w-post-elm post_custom_field usg_post_custom_field_1 type_text titre_du_poste color_link_inherit\"><span class=\"w-post-elm-value\">UQAR<\/span><\/p>\t\t<\/div>\r\n\t\t\t<\/article>\r\n\t<article class=\"w-grid-item us_animate_afb size_1x1 post-6125 membres_equipe type-membres_equipe status-publish hentry categorie_membre_equipe-justice-environnementale\" data-id=\"6125\" style=\"animation-delay:0.4s\">\r\n\t\t<div class=\"w-grid-item-h\">\r\n\t\t\t\t\t\t<h5 class=\"w-post-elm post_title usg_post_title_1 style-h3 color_link_inherit\">Jessica Lubino<\/h5><p class=\"w-post-elm post_custom_field usg_post_custom_field_1 type_text titre_du_poste color_link_inherit\"><span class=\"w-post-elm-value\">Conseil interculturel de Montr\u00e9al<\/span><\/p>\t\t<\/div>\r\n\t\t\t<\/article>\r\n\t<article class=\"w-grid-item us_animate_afb size_1x1 post-6126 membres_equipe type-membres_equipe status-publish hentry categorie_membre_equipe-justice-environnementale\" data-id=\"6126\" style=\"animation-delay:0.5s\">\r\n\t\t<div class=\"w-grid-item-h\">\r\n\t\t\t\t\t\t<h5 class=\"w-post-elm post_title usg_post_title_1 style-h3 color_link_inherit\">Selma Tannouche Bennani<\/h5><p class=\"w-post-elm post_custom_field usg_post_custom_field_1 type_text titre_du_poste color_link_inherit\"><span class=\"w-post-elm-value\">Conseil interculturel de Montr\u00e9al<\/span><\/p>\t\t<\/div>\r\n\t\t\t<\/article>\r\n\t<article class=\"w-grid-item us_animate_afb size_1x1 post-6128 membres_equipe type-membres_equipe status-publish hentry categorie_membre_equipe-justice-environnementale\" data-id=\"6128\" style=\"animation-delay:0.6s\">\r\n\t\t<div class=\"w-grid-item-h\">\r\n\t\t\t\t\t\t<h5 class=\"w-post-elm post_title usg_post_title_1 style-h3 color_link_inherit\">Virginie Frobert<\/h5><p class=\"w-post-elm post_custom_field usg_post_custom_field_1 type_text titre_du_poste color_link_inherit\"><span class=\"w-post-elm-value\">CMTQ<\/span><\/p>\t\t<\/div>\r\n\t\t\t<\/article>\r\n\t<article class=\"w-grid-item us_animate_afb size_1x1 post-6129 membres_equipe type-membres_equipe status-publish hentry categorie_membre_equipe-justice-environnementale\" data-id=\"6129\" style=\"animation-delay:0.7s\">\r\n\t\t<div class=\"w-grid-item-h\">\r\n\t\t\t\t\t\t<h5 class=\"w-post-elm post_title usg_post_title_1 style-h3 color_link_inherit\">Nakha Bertrand<\/h5><p class=\"w-post-elm post_custom_field usg_post_custom_field_1 type_text titre_du_poste color_link_inherit\"><span class=\"w-post-elm-value\">Espace pour la vie<\/span><\/p>\t\t<\/div>\r\n\t\t\t<\/article>\r\n\t<article class=\"w-grid-item us_animate_afb size_1x1 post-6130 membres_equipe type-membres_equipe status-publish hentry categorie_membre_equipe-justice-environnementale\" data-id=\"6130\" style=\"animation-delay:0s\">\r\n\t\t<div class=\"w-grid-item-h\">\r\n\t\t\t\t\t\t<h5 class=\"w-post-elm post_title usg_post_title_1 style-h3 color_link_inherit\">Jonathan Alarie<\/h5><p class=\"w-post-elm post_custom_field usg_post_custom_field_1 type_text titre_du_poste color_link_inherit\"><span class=\"w-post-elm-value\">Table de quartier Hochelaga-Maisonneuve<\/span><\/p>\t\t<\/div>\r\n\t\t\t<\/article>\r\n\t<article class=\"w-grid-item us_animate_afb size_1x1 post-6131 membres_equipe type-membres_equipe status-publish hentry categorie_membre_equipe-justice-environnementale\" data-id=\"6131\" style=\"animation-delay:0.1s\">\r\n\t\t<div class=\"w-grid-item-h\">\r\n\t\t\t\t\t\t<h5 class=\"w-post-elm post_title usg_post_title_1 style-h3 color_link_inherit\">Laurence Gu\u00e9nette<\/h5><p class=\"w-post-elm post_custom_field usg_post_custom_field_1 type_text titre_du_poste color_link_inherit\"><span class=\"w-post-elm-value\">Ligue des droits et libert\u00e9s<\/span><\/p>\t\t<\/div>\r\n\t\t\t<\/article>\r\n\t<article class=\"w-grid-item us_animate_afb size_1x1 post-6132 membres_equipe type-membres_equipe status-publish hentry categorie_membre_equipe-justice-environnementale\" data-id=\"6132\" style=\"animation-delay:0.2s\">\r\n\t\t<div class=\"w-grid-item-h\">\r\n\t\t\t\t\t\t<h5 class=\"w-post-elm post_title usg_post_title_1 style-h3 color_link_inherit\">Ma\u00eft\u00e9e Labrecque Saganash<\/h5><p class=\"w-post-elm post_custom_field usg_post_custom_field_1 type_text titre_du_poste color_link_inherit\"><span class=\"w-post-elm-value\">Ind\u00e9pendante<\/span><\/p>\t\t<\/div>\r\n\t\t\t<\/article>\r\n\t<article class=\"w-grid-item us_animate_afb size_1x1 post-6133 membres_equipe type-membres_equipe status-publish hentry categorie_membre_equipe-justice-environnementale\" data-id=\"6133\" style=\"animation-delay:0.3s\">\r\n\t\t<div class=\"w-grid-item-h\">\r\n\t\t\t\t\t\t<h5 class=\"w-post-elm post_title usg_post_title_1 style-h3 color_link_inherit\">Marianne-Sarah Saulniers<\/h5><p class=\"w-post-elm post_custom_field usg_post_custom_field_1 type_text titre_du_poste color_link_inherit\"><span class=\"w-post-elm-value\">Observatoire qu\u00e9b\u00e9cois des in\u00e9galit\u00e9s<\/span><\/p>\t\t<\/div>\r\n\t\t\t<\/article>\r\n\t<article class=\"w-grid-item us_animate_afb size_1x1 post-6134 membres_equipe type-membres_equipe status-publish hentry categorie_membre_equipe-justice-environnementale\" data-id=\"6134\" style=\"animation-delay:0.4s\">\r\n\t\t<div class=\"w-grid-item-h\">\r\n\t\t\t\t\t\t<h5 class=\"w-post-elm post_title usg_post_title_1 style-h3 color_link_inherit\">Maty Diop<\/h5><p class=\"w-post-elm post_custom_field usg_post_custom_field_1 type_text titre_du_poste color_link_inherit\"><span class=\"w-post-elm-value\">Ville de Montr\u00e9al - Commissaire \u00e0 la lutte contre le racisme et les discriminations syst\u00e9miques<\/span><\/p>\t\t<\/div>\r\n\t\t\t<\/article>\r\n\t<article class=\"w-grid-item us_animate_afb size_1x1 post-6135 membres_equipe type-membres_equipe status-publish hentry categorie_membre_equipe-justice-environnementale\" data-id=\"6135\" style=\"animation-delay:0.5s\">\r\n\t\t<div class=\"w-grid-item-h\">\r\n\t\t\t\t\t\t<h5 class=\"w-post-elm post_title usg_post_title_1 style-h3 color_link_inherit\">Mei Chiu<\/h5><p class=\"w-post-elm post_custom_field usg_post_custom_field_1 type_text titre_du_poste color_link_inherit\"><span class=\"w-post-elm-value\">Table ronde du quartier chinois<\/span><\/p>\t\t<\/div>\r\n\t\t\t<\/article>\r\n\t<article class=\"w-grid-item us_animate_afb size_1x1 post-6136 membres_equipe type-membres_equipe status-publish hentry categorie_membre_equipe-justice-environnementale\" data-id=\"6136\" style=\"animation-delay:0.6s\">\r\n\t\t<div class=\"w-grid-item-h\">\r\n\t\t\t\t\t\t<h5 class=\"w-post-elm post_title usg_post_title_1 style-h3 color_link_inherit\">Nakeyah Giroux-Works<\/h5><p class=\"w-post-elm post_custom_field usg_post_custom_field_1 type_text titre_du_poste color_link_inherit\"><span class=\"w-post-elm-value\">Universit\u00e9 d'Ottawa<\/span><\/p>\t\t<\/div>\r\n\t\t\t<\/article>\r\n\t<article class=\"w-grid-item us_animate_afb size_1x1 post-6137 membres_equipe type-membres_equipe status-publish hentry categorie_membre_equipe-justice-environnementale\" data-id=\"6137\" style=\"animation-delay:0.7s\">\r\n\t\t<div class=\"w-grid-item-h\">\r\n\t\t\t\t\t\t<h5 class=\"w-post-elm post_title usg_post_title_1 style-h3 color_link_inherit\">Sarah Dennene<\/h5><p class=\"w-post-elm post_custom_field usg_post_custom_field_1 type_text titre_du_poste color_link_inherit\"><span class=\"w-post-elm-value\">Maison Turquoise<\/span><\/p>\t\t<\/div>\r\n\t\t\t<\/article>\r\n\t<article class=\"w-grid-item us_animate_afb size_1x1 post-6138 membres_equipe type-membres_equipe status-publish hentry categorie_membre_equipe-justice-environnementale\" data-id=\"6138\" style=\"animation-delay:0s\">\r\n\t\t<div class=\"w-grid-item-h\">\r\n\t\t\t\t\t\t<h5 class=\"w-post-elm post_title usg_post_title_1 style-h3 color_link_inherit\">Nicolas Bourgeois<\/h5><p class=\"w-post-elm post_custom_field usg_post_custom_field_1 type_text titre_du_poste color_link_inherit\"><span class=\"w-post-elm-value\">Solidarit\u00e9 Mercier Est<\/span><\/p>\t\t<\/div>\r\n\t\t\t<\/article>\r\n\t<article class=\"w-grid-item us_animate_afb size_1x1 post-6140 membres_equipe type-membres_equipe status-publish hentry categorie_membre_equipe-justice-environnementale\" data-id=\"6140\" style=\"animation-delay:0.1s\">\r\n\t\t<div class=\"w-grid-item-h\">\r\n\t\t\t\t\t\t<h5 class=\"w-post-elm post_title usg_post_title_1 style-h3 color_link_inherit\">Philippe Meilleur<\/h5><p class=\"w-post-elm post_custom_field usg_post_custom_field_1 type_text titre_du_poste color_link_inherit\"><span class=\"w-post-elm-value\">Montr\u00e9al Autochtone<\/span><\/p>\t\t<\/div>\r\n\t\t\t<\/article>\r\n\t<article class=\"w-grid-item us_animate_afb size_1x1 post-6141 membres_equipe type-membres_equipe status-publish hentry categorie_membre_equipe-justice-environnementale\" data-id=\"6141\" style=\"animation-delay:0.2s\">\r\n\t\t<div class=\"w-grid-item-h\">\r\n\t\t\t\t\t\t<h5 class=\"w-post-elm post_title usg_post_title_1 style-h3 color_link_inherit\">Randy Legault-Rankin<\/h5><p class=\"w-post-elm post_custom_field usg_post_custom_field_1 type_text titre_du_poste color_link_inherit\"><span class=\"w-post-elm-value\">Ville de Montr\u00e9al - Commissaires aux relations avec les peuples autochtones<\/span><\/p>\t\t<\/div>\r\n\t\t\t<\/article>\r\n\t<article class=\"w-grid-item us_animate_afb size_1x1 post-6142 membres_equipe type-membres_equipe status-publish hentry categorie_membre_equipe-justice-environnementale\" data-id=\"6142\" style=\"animation-delay:0.3s\">\r\n\t\t<div class=\"w-grid-item-h\">\r\n\t\t\t\t\t\t<h5 class=\"w-post-elm post_title usg_post_title_1 style-h3 color_link_inherit\">Catherine Marcoux<\/h5><p class=\"w-post-elm post_custom_field usg_post_custom_field_1 type_text titre_du_poste color_link_inherit\"><span class=\"w-post-elm-value\">RAPSIM<\/span><\/p>\t\t<\/div>\r\n\t\t\t<\/article>\r\n\t<article class=\"w-grid-item us_animate_afb size_1x1 post-6143 membres_equipe type-membres_equipe status-publish hentry categorie_membre_equipe-justice-environnementale\" data-id=\"6143\" style=\"animation-delay:0.4s\">\r\n\t\t<div class=\"w-grid-item-h\">\r\n\t\t\t\t\t\t<h5 class=\"w-post-elm post_title usg_post_title_1 style-h3 color_link_inherit\">St\u00e9phanie Mauro<\/h5><p class=\"w-post-elm post_custom_field usg_post_custom_field_1 type_text titre_du_poste color_link_inherit\"><span class=\"w-post-elm-value\">Ville de Montr\u00e9al - SDIS<\/span><\/p>\t\t<\/div>\r\n\t\t\t<\/article>\r\n\t<article class=\"w-grid-item us_animate_afb size_1x1 post-6144 membres_equipe type-membres_equipe status-publish hentry categorie_membre_equipe-justice-environnementale\" data-id=\"6144\" style=\"animation-delay:0.5s\">\r\n\t\t<div class=\"w-grid-item-h\">\r\n\t\t\t\t\t\t<h5 class=\"w-post-elm post_title usg_post_title_1 style-h3 color_link_inherit\">Widia Larivi\u00e8re<\/h5><p class=\"w-post-elm post_custom_field usg_post_custom_field_1 type_text titre_du_poste color_link_inherit\"><span class=\"w-post-elm-value\">Mikana<\/span><\/p>\t\t<\/div>\r\n\t\t\t<\/article>\r\n\t<article class=\"w-grid-item us_animate_afb size_1x1 post-6145 membres_equipe type-membres_equipe status-publish hentry categorie_membre_equipe-justice-environnementale\" data-id=\"6145\" style=\"animation-delay:0.6s\">\r\n\t\t<div class=\"w-grid-item-h\">\r\n\t\t\t\t\t\t<h5 class=\"w-post-elm post_title usg_post_title_1 style-h3 color_link_inherit\">Will Prosper<\/h5><p class=\"w-post-elm post_custom_field usg_post_custom_field_1 type_text titre_du_poste color_link_inherit\"><span class=\"w-post-elm-value\">Ind\u00e9pendant<\/span><\/p>\t\t<\/div>\r\n\t\t\t<\/article>\r\n\t<article class=\"w-grid-item us_animate_afb size_1x1 post-6146 membres_equipe type-membres_equipe status-publish hentry categorie_membre_equipe-justice-environnementale\" data-id=\"6146\" style=\"animation-delay:0.7s\">\r\n\t\t<div class=\"w-grid-item-h\">\r\n\t\t\t\t\t\t<h5 class=\"w-post-elm post_title usg_post_title_1 style-h3 color_link_inherit\">William Jacomo Beauchemin<\/h5><p class=\"w-post-elm post_custom_field usg_post_custom_field_1 type_text titre_du_poste color_link_inherit\"><span class=\"w-post-elm-value\">INRS<\/span><\/p>\t\t<\/div>\r\n\t\t\t<\/article>\r\n\t<article class=\"w-grid-item us_animate_afb size_1x1 post-6147 membres_equipe type-membres_equipe status-publish hentry categorie_membre_equipe-justice-environnementale\" data-id=\"6147\" style=\"animation-delay:0s\">\r\n\t\t<div class=\"w-grid-item-h\">\r\n\t\t\t\t\t\t<h5 class=\"w-post-elm post_title usg_post_title_1 style-h3 color_link_inherit\">Yann Allard-Tremblay<\/h5><p class=\"w-post-elm post_custom_field usg_post_custom_field_1 type_text titre_du_poste color_link_inherit\"><span class=\"w-post-elm-value\">McGill, D\u00e9partement de sciences politiques<\/span><\/p>\t\t<\/div>\r\n\t\t\t<\/article>\r\n<\/div>\t<div class=\"w-grid-preloader\">\r\n\t\t<div class=\"g-preloader type_1\">\r\n\t\t\t<div><\/div>\r\n\t\t<\/div>\r\n\t<\/div>\r\n\t\t<div class=\"w-grid-json hidden\" onclick='return {&quot;action&quot;:&quot;us_ajax_grid&quot;,&quot;infinite_scroll&quot;:0,&quot;max_num_pages&quot;:1,&quot;pagination&quot;:&quot;none&quot;,&quot;template_vars&quot;:{&quot;columns&quot;:&quot;4&quot;,&quot;exclude_items&quot;:&quot;none&quot;,&quot;img_size&quot;:&quot;default&quot;,&quot;ignore_items_size&quot;:0,&quot;items_layout&quot;:&quot;2681&quot;,&quot;items_offset&quot;:&quot;1&quot;,&quot;load_animation&quot;:&quot;afb&quot;,&quot;overriding_link&quot;:&quot;%7B%22url%22%3A%22%22%7D&quot;,&quot;post_id&quot;:5518,&quot;query_args&quot;:{&quot;post_type&quot;:[&quot;membres_equipe&quot;],&quot;tax_query&quot;:[{&quot;taxonomy&quot;:&quot;categorie_membre_equipe&quot;,&quot;field&quot;:&quot;slug&quot;,&quot;terms&quot;:[&quot;justice-environnementale&quot;]}],&quot;post_status&quot;:[&quot;publish&quot;,&quot;acf-disabled&quot;],&quot;posts_per_page&quot;:&quot;50&quot;},&quot;orderby_query_args&quot;:{&quot;orderby&quot;:{&quot;date&quot;:&quot;ASC&quot;}},&quot;type&quot;:&quot;grid&quot;,&quot;us_grid_post_type&quot;:&quot;membres_equipe&quot;,&quot;us_grid_ajax_index&quot;:1,&quot;us_grid_filter_query_string&quot;:null,&quot;us_grid_index&quot;:19,&quot;page_args&quot;:[],&quot;lang&quot;:&quot;en&quot;}}'><\/div>\r\n\t<\/div><\/div><\/div><\/div><\/div><\/div><\/div><\/div><\/div><\/div><\/section>\n<\/div><\/div><\/div><div class=\"w-separator size_custom\" style=\"height:var(--space-l-2xl)\"><\/div><div class=\"g-cols wpb_row us_custom_60e9caca inner-row-tab-img-right us_animate_this via_grid cols_custom laptops-cols_inherit tablets-cols_inherit mobiles-cols_1 valign_top type_default stacking_default\" style=\"--columns-gap:3rem;--custom-columns:2.5fr 3.5fr 6fr \"><div class=\"wpb_column vc_column_container\"><div class=\"vc_column-inner\"><div class=\"w-image us_custom_02c2953a has_aspect_ratio align_none\"><div class=\"w-image-h\"><img decoding=\"async\" width=\"1024\" height=\"768\" src=\"https:\/\/transitionencommun.org\/wp-content\/uploads\/2025\/06\/pxl_20230619_174217683mp_-1024x7681008-1-e1783454685642.webp\" class=\"attachment-large size-large\" alt=\"\" loading=\"lazy\" \/><\/div><\/div><\/div><\/div><div class=\"wpb_column vc_column_container\"><div class=\"vc_column-inner\"><div class=\"wpb_text_column\"><div class=\"wpb_wrapper\"><h3>Food Citizenship<\/h3>\n<\/div><\/div><div class=\"w-separator size_medium\"><\/div><div class=\"wpb_text_column\"><div class=\"wpb_wrapper\"><p>The working group aims to create the conditions necessary to collaboratively develop new mechanisms designed to integrate the concept of food citizenship into all food-related projects; the goal is to democratize citizen involvement in food projects. With a view to managing a \u201cCommun*,\u201d we aim to innovate in the management of food projects.<\/p>\n<\/div><\/div><\/div><\/div><div class=\"wpb_column vc_column_container us_custom_1da3bb4d\"><div class=\"vc_column-inner\"><section class=\"l-section wpb_row us_custom_b6a72ce1 height_medium\"><div class=\"l-section-h i-cf\"><div class=\"g-cols vc_row via_grid cols_1 laptops-cols_inherit tablets-cols_inherit mobiles-cols_1 valign_top type_default stacking_default\"><div class=\"wpb_column vc_column_container\"><div class=\"vc_column-inner\"><div class=\"w-tabs accordeon-membres accordion toggle_style_1 has_scrolling\" style=\"--sections-title-size:inherit;--sections-gap:0.5rem;\"><div class=\"w-tabs-sections titles-align_none icon_plus cpos_right\"><div class=\"w-tabs-section\" id=\"a572\"><button type=\"button\" class=\"w-tabs-section-header\" aria-controls=\"content-a572\" aria-expanded=\"false\"><h4 class=\"w-tabs-section-title\">Membres<\/h4><div class=\"w-tabs-section-control\"><\/div><\/button><div  class=\"w-tabs-section-content\" id=\"content-a572\"><div class=\"w-tabs-section-content-h i-cf\"><div class=\"w-grid us_grid membres-grid type_grid layout_2681 cols_4 preload_style_spinner with_css_animation\" id=\"us_grid_20\" style=\"--columns:4;--gap:1.5rem;\" data-filterable=\"true\"><style>@media (max-width:1380px){#us_grid_20{--columns:3!important}}@media (max-width:1024px){#us_grid_20{--columns:2!important}}@media (max-width:600px){#us_grid_20{--columns:1!important}}<\/style><div class=\"w-grid-list\">\t<article class=\"w-grid-item us_animate_afb size_1x1 post-2440 membres_equipe type-membres_equipe status-publish has-post-thumbnail hentry categorie_membre_equipe-citoyennete-alimentaire categorie_membre_equipe-justice-environnementale\" data-id=\"2440\" style=\"animation-delay:0s\">\r\n\t\t<div class=\"w-grid-item-h\">\r\n\t\t\t\t\t\t<h5 class=\"w-post-elm post_title usg_post_title_1 style-h3 color_link_inherit\">F\u00e9lissa Lareau Carpentier<\/h5><p class=\"w-post-elm post_custom_field usg_post_custom_field_1 type_text titre_du_poste color_link_inherit\"><span class=\"w-post-elm-value\">Arrondissement de Montr\u00e9al-Nord<\/span><\/p>\t\t<\/div>\r\n\t\t\t<\/article>\r\n\t<article class=\"w-grid-item us_animate_afb size_1x1 post-5283 membres_equipe type-membres_equipe status-publish has-post-thumbnail hentry categorie_membre_equipe-citoyennete-alimentaire categorie_membre_equipe-equipe-tec\" data-id=\"5283\" style=\"animation-delay:0.1s\">\r\n\t\t<div class=\"w-grid-item-h\">\r\n\t\t\t\t\t\t<h5 class=\"w-post-elm post_title usg_post_title_1 style-h3 color_link_inherit\">Alexia Sow<\/h5><p class=\"w-post-elm post_custom_field usg_post_custom_field_1 type_text titre_du_poste color_link_inherit\"><span class=\"w-post-elm-value\">Coordonnatrice du groupe de travail Citoyennet\u00e9 alimentaire & Agente de mobilisation, Conseil SAM<\/span><\/p>\t\t<\/div>\r\n\t\t\t<\/article>\r\n\t<article class=\"w-grid-item us_animate_afb size_1x1 post-5582 membres_equipe type-membres_equipe status-publish hentry categorie_membre_equipe-citoyennete-alimentaire\" data-id=\"5582\" style=\"animation-delay:0.2s\">\r\n\t\t<div class=\"w-grid-item-h\">\r\n\t\t\t\t\t\t<h5 class=\"w-post-elm post_title usg_post_title_1 style-h3 color_link_inherit\">Marc-Andr\u00e9 Simard<\/h5><p class=\"w-post-elm post_custom_field usg_post_custom_field_1 type_text titre_du_poste color_link_inherit\"><span class=\"w-post-elm-value\">Chic Resto Pop<\/span><\/p>\t\t<\/div>\r\n\t\t\t<\/article>\r\n\t<article class=\"w-grid-item us_animate_afb size_1x1 post-5583 membres_equipe type-membres_equipe status-publish hentry categorie_membre_equipe-citoyennete-alimentaire\" data-id=\"5583\" style=\"animation-delay:0.3s\">\r\n\t\t<div class=\"w-grid-item-h\">\r\n\t\t\t\t\t\t<h5 class=\"w-post-elm post_title usg_post_title_1 style-h3 color_link_inherit\">Francisco Quiazua<\/h5><p class=\"w-post-elm post_custom_field usg_post_custom_field_1 type_text titre_du_poste color_link_inherit\"><span class=\"w-post-elm-value\">ATD Quart Monde<\/span><\/p>\t\t<\/div>\r\n\t\t\t<\/article>\r\n\t<article class=\"w-grid-item us_animate_afb size_1x1 post-5584 membres_equipe type-membres_equipe status-publish hentry categorie_membre_equipe-citoyennete-alimentaire\" data-id=\"5584\" style=\"animation-delay:0.4s\">\r\n\t\t<div class=\"w-grid-item-h\">\r\n\t\t\t\t\t\t<h5 class=\"w-post-elm post_title usg_post_title_1 style-h3 color_link_inherit\">Jessica Dufresne<\/h5><p class=\"w-post-elm post_custom_field usg_post_custom_field_1 type_text titre_du_poste color_link_inherit\"><span class=\"w-post-elm-value\">Regroupement des cuisines collectives du Qu\u00e9bec (RCCQ)<\/span><\/p>\t\t<\/div>\r\n\t\t\t<\/article>\r\n\t<article class=\"w-grid-item us_animate_afb size_1x1 post-5585 membres_equipe type-membres_equipe status-publish hentry categorie_membre_equipe-citoyennete-alimentaire\" data-id=\"5585\" style=\"animation-delay:0.5s\">\r\n\t\t<div class=\"w-grid-item-h\">\r\n\t\t\t\t\t\t<h5 class=\"w-post-elm post_title usg_post_title_1 style-h3 color_link_inherit\">Caroline Flory-Celini<\/h5><p class=\"w-post-elm post_custom_field usg_post_custom_field_1 type_text titre_du_poste color_link_inherit\"><span class=\"w-post-elm-value\">INRS<\/span><\/p>\t\t<\/div>\r\n\t\t\t<\/article>\r\n\t<article class=\"w-grid-item us_animate_afb size_1x1 post-5586 membres_equipe type-membres_equipe status-publish hentry categorie_membre_equipe-citoyennete-alimentaire\" data-id=\"5586\" style=\"animation-delay:0.6s\">\r\n\t\t<div class=\"w-grid-item-h\">\r\n\t\t\t\t\t\t<h5 class=\"w-post-elm post_title usg_post_title_1 style-h3 color_link_inherit\">Simone Chen<\/h5><p class=\"w-post-elm post_custom_field usg_post_custom_field_1 type_text titre_du_poste color_link_inherit\"><span class=\"w-post-elm-value\">Les Fruits D\u00e9fendus<\/span><\/p>\t\t<\/div>\r\n\t\t\t<\/article>\r\n\t<article class=\"w-grid-item us_animate_afb size_1x1 post-5587 membres_equipe type-membres_equipe status-publish hentry categorie_membre_equipe-citoyennete-alimentaire\" data-id=\"5587\" style=\"animation-delay:0.7s\">\r\n\t\t<div class=\"w-grid-item-h\">\r\n\t\t\t\t\t\t<h5 class=\"w-post-elm post_title usg_post_title_1 style-h3 color_link_inherit\">Jean Roger Abessolo Nguema<\/h5><p class=\"w-post-elm post_custom_field usg_post_custom_field_1 type_text titre_du_poste color_link_inherit\"><span class=\"w-post-elm-value\">Service de la diversit\u00e9, de l\u2019inclusion sociale, Ville de Montr\u00e9al<\/span><\/p>\t\t<\/div>\r\n\t\t\t<\/article>\r\n\t<article class=\"w-grid-item us_animate_afb size_1x1 post-6172 membres_equipe type-membres_equipe status-publish hentry categorie_membre_equipe-citoyennete-alimentaire\" data-id=\"6172\" style=\"animation-delay:0s\">\r\n\t\t<div class=\"w-grid-item-h\">\r\n\t\t\t\t\t\t<h5 class=\"w-post-elm post_title usg_post_title_1 style-h3 color_link_inherit\">Alessia Gadoua<\/h5><p class=\"w-post-elm post_custom_field usg_post_custom_field_1 type_text titre_du_poste color_link_inherit\"><span class=\"w-post-elm-value\">Chaire de recherche du Canada sur les in\u00e9galit\u00e9s en nutrition et sant\u00e9<\/span><\/p>\t\t<\/div>\r\n\t\t\t<\/article>\r\n\t<article class=\"w-grid-item us_animate_afb size_1x1 post-6173 membres_equipe type-membres_equipe status-publish hentry categorie_membre_equipe-citoyennete-alimentaire\" data-id=\"6173\" style=\"animation-delay:0.1s\">\r\n\t\t<div class=\"w-grid-item-h\">\r\n\t\t\t\t\t\t<h5 class=\"w-post-elm post_title usg_post_title_1 style-h3 color_link_inherit\">Laurence Deschamps-L\u00e9ger<\/h5><p class=\"w-post-elm post_custom_field usg_post_custom_field_1 type_text titre_du_poste color_link_inherit\"><span class=\"w-post-elm-value\">Forum SAT<\/span><\/p>\t\t<\/div>\r\n\t\t\t<\/article>\r\n\t<article class=\"w-grid-item us_animate_afb size_1x1 post-6501 membres_equipe type-membres_equipe status-publish has-post-thumbnail hentry categorie_membre_equipe-citoyennete-alimentaire\" data-id=\"6501\" style=\"animation-delay:0.2s\">\r\n\t\t<div class=\"w-grid-item-h\">\r\n\t\t\t\t\t\t<h5 class=\"w-post-elm post_title usg_post_title_1 style-h3 color_link_inherit\">Vanessa Girard Tremblay<\/h5><p class=\"w-post-elm post_custom_field usg_post_custom_field_1 type_text titre_du_poste color_link_inherit\"><span class=\"w-post-elm-value\">Estuaire<\/span><\/p>\t\t<\/div>\r\n\t\t\t<\/article>\r\n\t<article class=\"w-grid-item us_animate_afb size_1x1 post-6666 membres_equipe type-membres_equipe status-publish has-post-thumbnail hentry categorie_membre_equipe-citoyennete-alimentaire\" data-id=\"6666\" style=\"animation-delay:0.3s\">\r\n\t\t<div class=\"w-grid-item-h\">\r\n\t\t\t\t\t\t<h5 class=\"w-post-elm post_title usg_post_title_1 style-h3 color_link_inherit\">Vanessa Girard Tremblay<\/h5><p class=\"w-post-elm post_custom_field usg_post_custom_field_1 type_text titre_du_poste color_link_inherit\"><span class=\"w-post-elm-value\">Estuaire Coop de travail<\/span><\/p>\t\t<\/div>\r\n\t\t\t<\/article>\r\n\t<article class=\"w-grid-item us_animate_afb size_1x1 post-6668 membres_equipe type-membres_equipe status-publish has-post-thumbnail hentry categorie_membre_equipe-citoyennete-alimentaire\" data-id=\"6668\" style=\"animation-delay:0.4s\">\r\n\t\t<div class=\"w-grid-item-h\">\r\n\t\t\t\t\t\t<h5 class=\"w-post-elm post_title usg_post_title_1 style-h3 color_link_inherit\">Virginie Frobert<\/h5><p class=\"w-post-elm post_custom_field usg_post_custom_field_1 type_text titre_du_poste color_link_inherit\"><span class=\"w-post-elm-value\">CMTQ<\/span><\/p>\t\t<\/div>\r\n\t\t\t<\/article>\r\n<\/div>\t<div class=\"w-grid-preloader\">\r\n\t\t<div class=\"g-preloader type_1\">\r\n\t\t\t<div><\/div>\r\n\t\t<\/div>\r\n\t<\/div>\r\n\t\t<div class=\"w-grid-json hidden\" onclick='return {&quot;action&quot;:&quot;us_ajax_grid&quot;,&quot;infinite_scroll&quot;:0,&quot;max_num_pages&quot;:1,&quot;pagination&quot;:&quot;none&quot;,&quot;template_vars&quot;:{&quot;columns&quot;:&quot;4&quot;,&quot;exclude_items&quot;:&quot;none&quot;,&quot;img_size&quot;:&quot;default&quot;,&quot;ignore_items_size&quot;:0,&quot;items_layout&quot;:&quot;2681&quot;,&quot;items_offset&quot;:&quot;1&quot;,&quot;load_animation&quot;:&quot;afb&quot;,&quot;overriding_link&quot;:&quot;%7B%22url%22%3A%22%22%7D&quot;,&quot;post_id&quot;:5520,&quot;query_args&quot;:{&quot;post_type&quot;:[&quot;membres_equipe&quot;],&quot;tax_query&quot;:[{&quot;taxonomy&quot;:&quot;categorie_membre_equipe&quot;,&quot;field&quot;:&quot;slug&quot;,&quot;terms&quot;:[&quot;citoyennete-alimentaire&quot;]}],&quot;post_status&quot;:[&quot;publish&quot;,&quot;acf-disabled&quot;],&quot;posts_per_page&quot;:&quot;50&quot;},&quot;orderby_query_args&quot;:{&quot;orderby&quot;:{&quot;date&quot;:&quot;ASC&quot;}},&quot;type&quot;:&quot;grid&quot;,&quot;us_grid_post_type&quot;:&quot;membres_equipe&quot;,&quot;us_grid_ajax_index&quot;:1,&quot;us_grid_filter_query_string&quot;:null,&quot;us_grid_index&quot;:20,&quot;page_args&quot;:[],&quot;lang&quot;:&quot;en&quot;}}'><\/div>\r\n\t<\/div><\/div><\/div><\/div><\/div><\/div><\/div><\/div><\/div><\/div><\/section>\n<\/div><\/div><\/div><div class=\"w-separator size_custom\" style=\"height:var(--space-l-2xl)\"><\/div><div class=\"g-cols wpb_row us_custom_60e9caca inner-row-tab-img-left us_animate_this via_grid cols_custom laptops-cols_inherit tablets-cols_inherit mobiles-cols_1 valign_top type_default stacking_default\" style=\"--columns-gap:3rem;--custom-columns:2.5fr 3.5fr 6fr \"><div class=\"wpb_column vc_column_container hide_on_default hide_on_laptops hide_on_tablets hide_on_mobiles\"><div class=\"vc_column-inner\"><div class=\"w-image us_custom_02c2953a has_aspect_ratio align_none\"><div class=\"w-image-h\"><img decoding=\"async\" width=\"1024\" height=\"676\" src=\"https:\/\/transitionencommun.org\/wp-content\/uploads\/2025\/06\/20250430-5eJColl-23-1024x676.png\" class=\"attachment-large size-large\" alt=\"\" loading=\"lazy\" srcset=\"https:\/\/transitionencommun.org\/wp-content\/uploads\/2025\/06\/20250430-5eJColl-23-1024x676.png 1024w, https:\/\/transitionencommun.org\/wp-content\/uploads\/2025\/06\/20250430-5eJColl-23-300x198.png 300w, https:\/\/transitionencommun.org\/wp-content\/uploads\/2025\/06\/20250430-5eJColl-23.png 1920w\" sizes=\"auto, (max-width: 1024px) 100vw, 1024px\" \/><\/div><\/div><\/div><\/div><div class=\"wpb_column vc_column_container hide_on_default hide_on_laptops hide_on_tablets hide_on_mobiles\"><div class=\"vc_column-inner\"><div class=\"wpb_text_column\"><div class=\"wpb_wrapper\"><h3>Transition Financing<\/h3>\n<\/div><\/div><div class=\"w-separator size_medium\"><\/div><div class=\"wpb_text_column\"><div class=\"wpb_wrapper\"><p>In light of the major obstacles stemming from inadequate funding for the TS\u00c9, this strategic initiative aims to collectively rethink the funding framework in Montreal. This initiative responds to a need expressed by the community: to build a unified voice, secure recognition of the TS\u00c9 as a strategic field, and develop funding mechanisms tailored to local realities. Through collaborative dialogue, this initiative aims to formulate concrete demands, support emerging solutions, and influence funders to ensure a just, ambitious, and fully supported transition.<\/p>\n<\/div><\/div><\/div><\/div><div class=\"wpb_column vc_column_container us_custom_1da3bb4d hide_on_default hide_on_laptops hide_on_tablets hide_on_mobiles\"><div class=\"vc_column-inner\"><section class=\"l-section wpb_row us_custom_b6a72ce1 height_medium\"><div class=\"l-section-h i-cf\"><div class=\"g-cols vc_row via_grid cols_1 laptops-cols_inherit tablets-cols_inherit mobiles-cols_1 valign_top type_default stacking_default\"><div class=\"wpb_column vc_column_container\"><div class=\"vc_column-inner\"><div class=\"w-tabs accordeon-membres accordion toggle_style_1 has_scrolling\" style=\"--sections-title-size:inherit;--sections-gap:0.5rem;\"><div class=\"w-tabs-sections titles-align_none icon_plus cpos_right\"><div class=\"w-tabs-section\" id=\"y7ae\"><button type=\"button\" class=\"w-tabs-section-header\" aria-controls=\"content-y7ae\" aria-expanded=\"false\"><h4 class=\"w-tabs-section-title\">Membres<\/h4><div class=\"w-tabs-section-control\"><\/div><\/button><div  class=\"w-tabs-section-content\" id=\"content-y7ae\"><div class=\"w-tabs-section-content-h i-cf\"><div class=\"w-grid us_grid membres-grid type_grid layout_2681 cols_4 preload_style_spinner with_css_animation\" id=\"us_grid_21\" style=\"--columns:4;--gap:1.5rem;\" data-filterable=\"true\"><style>@media (max-width:1380px){#us_grid_21{--columns:3!important}}@media (max-width:1024px){#us_grid_21{--columns:2!important}}@media (max-width:600px){#us_grid_21{--columns:1!important}}<\/style><div class=\"w-grid-list\">\t<article class=\"w-grid-item us_animate_afb size_1x1 post-2507 membres_equipe type-membres_equipe status-publish has-post-thumbnail hentry categorie_membre_equipe-comite-executif categorie_membre_equipe-financements-de-la-transition categorie_membre_equipe-recits categorie_membre_equipe-savoirs\" data-id=\"2507\" style=\"animation-delay:0s\">\r\n\t\t<div class=\"w-grid-item-h\">\r\n\t\t\t\t\t\t<h5 class=\"w-post-elm post_title usg_post_title_1 style-h3 color_link_inherit\">Sylvain A. Lef\u00e8vre<\/h5><p class=\"w-post-elm post_custom_field usg_post_custom_field_1 type_text titre_du_poste color_link_inherit\"><span class=\"w-post-elm-value\">Centre de recherche sur les innovations sociales (CRISES), ESG UQAM<\/span><\/p>\t\t<\/div>\r\n\t\t\t<\/article>\r\n<\/div>\t<div class=\"w-grid-preloader\">\r\n\t\t<div class=\"g-preloader type_1\">\r\n\t\t\t<div><\/div>\r\n\t\t<\/div>\r\n\t<\/div>\r\n\t\t<div class=\"w-grid-json hidden\" onclick='return {&quot;action&quot;:&quot;us_ajax_grid&quot;,&quot;infinite_scroll&quot;:0,&quot;max_num_pages&quot;:1,&quot;pagination&quot;:&quot;none&quot;,&quot;template_vars&quot;:{&quot;columns&quot;:&quot;4&quot;,&quot;exclude_items&quot;:&quot;none&quot;,&quot;img_size&quot;:&quot;default&quot;,&quot;ignore_items_size&quot;:0,&quot;items_layout&quot;:&quot;2681&quot;,&quot;items_offset&quot;:&quot;1&quot;,&quot;load_animation&quot;:&quot;afb&quot;,&quot;overriding_link&quot;:&quot;%7B%22url%22%3A%22%22%7D&quot;,&quot;post_id&quot;:5522,&quot;query_args&quot;:{&quot;post_type&quot;:[&quot;membres_equipe&quot;],&quot;tax_query&quot;:[{&quot;taxonomy&quot;:&quot;categorie_membre_equipe&quot;,&quot;field&quot;:&quot;slug&quot;,&quot;terms&quot;:[&quot;financements-de-la-transition&quot;]}],&quot;post_status&quot;:[&quot;publish&quot;,&quot;acf-disabled&quot;],&quot;posts_per_page&quot;:&quot;50&quot;},&quot;orderby_query_args&quot;:{&quot;orderby&quot;:{&quot;date&quot;:&quot;ASC&quot;}},&quot;type&quot;:&quot;grid&quot;,&quot;us_grid_post_type&quot;:&quot;membres_equipe&quot;,&quot;us_grid_ajax_index&quot;:1,&quot;us_grid_filter_query_string&quot;:null,&quot;us_grid_index&quot;:21,&quot;page_args&quot;:[],&quot;lang&quot;:&quot;en&quot;}}'><\/div>\r\n\t<\/div><\/div><\/div><\/div><\/div><\/div><\/div><\/div><\/div><\/div><\/section>\n<\/div><\/div><\/div><div class=\"w-separator hide_on_default hide_on_laptops hide_on_tablets hide_on_mobiles size_custom\" style=\"height:var(--space-l-2xl)\"><\/div><div class=\"g-cols wpb_row us_custom_60e9caca inner-row-tab-img-right us_animate_this via_grid cols_custom laptops-cols_inherit tablets-cols_inherit mobiles-cols_1 valign_top type_default stacking_default\" style=\"--columns-gap:3rem;--custom-columns:2.5fr 3.5fr 6fr \"><div class=\"wpb_column vc_column_container\"><div class=\"vc_column-inner\"><div class=\"w-image us_custom_02c2953a has_aspect_ratio align_none\"><div class=\"w-image-h\"><img decoding=\"async\" width=\"654\" height=\"664\" src=\"https:\/\/transitionencommun.org\/wp-content\/uploads\/2025\/06\/unnamed.png\" class=\"attachment-large size-large\" alt=\"\" loading=\"lazy\" srcset=\"https:\/\/transitionencommun.org\/wp-content\/uploads\/2025\/06\/unnamed.png 654w, https:\/\/transitionencommun.org\/wp-content\/uploads\/2025\/06\/unnamed-295x300.png 295w\" sizes=\"auto, (max-width: 654px) 100vw, 654px\" \/><\/div><\/div><\/div><\/div><div class=\"wpb_column vc_column_container\"><div class=\"vc_column-inner\"><div class=\"wpb_text_column\"><div class=\"wpb_wrapper\"><h3>Economies in Transition<\/h3>\n<\/div><\/div><div class=\"w-separator size_medium\"><\/div><div class=\"wpb_text_column\"><div class=\"wpb_wrapper\"><p>This joint working group explores alternatives to the dominant economic model in the context of transition, particularly through the democratization and decommodification of the economy. Rooted in both local and national perspectives, it aims to foster a diversity of narratives, practices, and tools that can transform the economy toward models that are more solidarity-based, ecological, and grounded in the commons. Jointly led by Transition en Commun and Multitudes, the group serves as a space for strategic reflection, networking, and support for existing and emerging alternative economic practices in Montreal and Quebec.<\/p>\n<\/div><\/div><\/div><\/div><div class=\"wpb_column vc_column_container us_custom_1da3bb4d\"><div class=\"vc_column-inner\"><section class=\"l-section wpb_row us_custom_b6a72ce1 height_medium\"><div class=\"l-section-h i-cf\"><div class=\"g-cols vc_row via_grid cols_1 laptops-cols_inherit tablets-cols_inherit mobiles-cols_1 valign_top type_default stacking_default\"><div class=\"wpb_column vc_column_container\"><div class=\"vc_column-inner\"><div class=\"w-tabs accordeon-membres accordion toggle_style_1 has_scrolling\" style=\"--sections-title-size:inherit;--sections-gap:0.5rem;\"><div class=\"w-tabs-sections titles-align_none icon_plus cpos_right\"><div class=\"w-tabs-section\" id=\"n881\"><button type=\"button\" class=\"w-tabs-section-header\" aria-controls=\"content-n881\" aria-expanded=\"false\"><h4 class=\"w-tabs-section-title\">Membres<\/h4><div class=\"w-tabs-section-control\"><\/div><\/button><div  class=\"w-tabs-section-content\" id=\"content-n881\"><div class=\"w-tabs-section-content-h i-cf\"><div class=\"w-grid us_grid membres-grid type_grid layout_2681 cols_4 preload_style_spinner with_css_animation\" id=\"us_grid_22\" style=\"--columns:4;--gap:1.5rem;\" data-filterable=\"true\"><style>@media (max-width:1380px){#us_grid_22{--columns:3!important}}@media (max-width:1024px){#us_grid_22{--columns:2!important}}@media (max-width:600px){#us_grid_22{--columns:1!important}}<\/style><div class=\"w-grid-list\">\t<article class=\"w-grid-item us_animate_afb size_1x1 post-2443 membres_equipe type-membres_equipe status-publish hentry categorie_membre_equipe-economies-en-transition categorie_membre_equipe-justice-environnementale\" data-id=\"2443\" style=\"animation-delay:0s\">\r\n\t\t<div class=\"w-grid-item-h\">\r\n\t\t\t\t\t\t<h5 class=\"w-post-elm post_title usg_post_title_1 style-h3 color_link_inherit\">Lylou Sehili<\/h5><p class=\"w-post-elm post_custom_field usg_post_custom_field_1 type_text titre_du_poste color_link_inherit\"><span class=\"w-post-elm-value\">Ind\u00e9pendante | Aile jeunesse du Chantier de l'\u00e9conomie sociale<\/span><\/p>\t\t<\/div>\r\n\t\t\t<\/article>\r\n\t<article class=\"w-grid-item us_animate_afb size_1x1 post-2486 membres_equipe type-membres_equipe status-publish has-post-thumbnail hentry categorie_membre_equipe-comite-orientation categorie_membre_equipe-economies-en-transition\" data-id=\"2486\" style=\"animation-delay:0.1s\">\r\n\t\t<div class=\"w-grid-item-h\">\r\n\t\t\t\t\t\t<h5 class=\"w-post-elm post_title usg_post_title_1 style-h3 color_link_inherit\">Anyle C\u00f4t\u00e9<\/h5><p class=\"w-post-elm post_custom_field usg_post_custom_field_1 type_text titre_du_poste color_link_inherit\"><span class=\"w-post-elm-value\">Conseil d'\u00e9conomie sociale de l'\u00eele de Montr\u00e9al (CESIM)<\/span><\/p>\t\t<\/div>\r\n\t\t\t<\/article>\r\n\t<article class=\"w-grid-item us_animate_afb size_1x1 post-2492 membres_equipe type-membres_equipe status-publish has-post-thumbnail hentry categorie_membre_equipe-economies-en-transition categorie_membre_equipe-savoirs\" data-id=\"2492\" style=\"animation-delay:0.2s\">\r\n\t\t<div class=\"w-grid-item-h\">\r\n\t\t\t\t\t\t<h5 class=\"w-post-elm post_title usg_post_title_1 style-h3 color_link_inherit\">Emilien Gruet<\/h5><p class=\"w-post-elm post_custom_field usg_post_custom_field_1 type_text titre_du_poste color_link_inherit\"><span class=\"w-post-elm-value\">TIESS - Territoires innovants en \u00e9conomie sociale et solidaire<\/span><\/p>\t\t<\/div>\r\n\t\t\t<\/article>\r\n\t<article class=\"w-grid-item us_animate_afb size_1x1 post-2528 membres_equipe type-membres_equipe status-publish hentry categorie_membre_equipe-economies-en-transition\" data-id=\"2528\" style=\"animation-delay:0.3s\">\r\n\t\t<div class=\"w-grid-item-h\">\r\n\t\t\t\t\t\t<h5 class=\"w-post-elm post_title usg_post_title_1 style-h3 color_link_inherit\">C\u00e9cile Vergier<\/h5><p class=\"w-post-elm post_custom_field usg_post_custom_field_1 type_text titre_du_poste color_link_inherit\"><span class=\"w-post-elm-value\">Service du d\u00e9veloppement \u00e9conomique, Ville de Montr\u00e9al<\/span><\/p>\t\t<\/div>\r\n\t\t\t<\/article>\r\n\t<article class=\"w-grid-item us_animate_afb size_1x1 post-2531 membres_equipe type-membres_equipe status-publish hentry categorie_membre_equipe-economies-en-transition categorie_membre_equipe-savoirs\" data-id=\"2531\" style=\"animation-delay:0.4s\">\r\n\t\t<div class=\"w-grid-item-h\">\r\n\t\t\t\t\t\t<h5 class=\"w-post-elm post_title usg_post_title_1 style-h3 color_link_inherit\">\u00c9ric Pineault<\/h5><p class=\"w-post-elm post_custom_field usg_post_custom_field_1 type_text titre_du_poste color_link_inherit\"><span class=\"w-post-elm-value\">P\u00f4le UQAM Ville r\u00e9siliente<\/span><\/p>\t\t<\/div>\r\n\t\t\t<\/article>\r\n\t<article class=\"w-grid-item us_animate_afb size_1x1 post-2541 membres_equipe type-membres_equipe status-publish hentry categorie_membre_equipe-democratie-participative-et-gouvernance categorie_membre_equipe-economies-en-transition categorie_membre_equipe-savoirs\" data-id=\"2541\" style=\"animation-delay:0.5s\">\r\n\t\t<div class=\"w-grid-item-h\">\r\n\t\t\t\t\t\t<h5 class=\"w-post-elm post_title usg_post_title_1 style-h3 color_link_inherit\">Nancy Neamtan<\/h5><p class=\"w-post-elm post_custom_field usg_post_custom_field_1 type_text titre_du_poste color_link_inherit\"><span class=\"w-post-elm-value\">Ind\u00e9pendante<\/span><\/p>\t\t<\/div>\r\n\t\t\t<\/article>\r\n\t<article class=\"w-grid-item us_animate_afb size_1x1 post-2550 membres_equipe type-membres_equipe status-publish has-post-thumbnail hentry categorie_membre_equipe-comite-executif categorie_membre_equipe-economies-en-transition\" data-id=\"2550\" style=\"animation-delay:0.6s\">\r\n\t\t<div class=\"w-grid-item-h\">\r\n\t\t\t\t\t\t<h5 class=\"w-post-elm post_title usg_post_title_1 style-h3 color_link_inherit\">Marie-Jos\u00e9e Parent<\/h5><p class=\"w-post-elm post_custom_field usg_post_custom_field_1 type_text titre_du_poste color_link_inherit\"><span class=\"w-post-elm-value\">Travailleurs travailleuses pour la justice climatique<\/span><\/p>\t\t<\/div>\r\n\t\t\t<\/article>\r\n\t<article class=\"w-grid-item us_animate_afb size_1x1 post-2551 membres_equipe type-membres_equipe status-publish hentry categorie_membre_equipe-economies-en-transition\" data-id=\"2551\" style=\"animation-delay:0.7s\">\r\n\t\t<div class=\"w-grid-item-h\">\r\n\t\t\t\t\t\t<h5 class=\"w-post-elm post_title usg_post_title_1 style-h3 color_link_inherit\">M\u00e9lanie Busby<\/h5><p class=\"w-post-elm post_custom_field usg_post_custom_field_1 type_text titre_du_poste color_link_inherit\"><span class=\"w-post-elm-value\">Front Commun pour la Transition \u00c9nerg\u00e9tique<\/span><\/p>\t\t<\/div>\r\n\t\t\t<\/article>\r\n\t<article class=\"w-grid-item us_animate_afb size_1x1 post-2426 membres_equipe type-membres_equipe status-publish has-post-thumbnail hentry categorie_membre_equipe-democratie-participative-et-gouvernance categorie_membre_equipe-economies-en-transition categorie_membre_equipe-equipe-tec\" data-id=\"2426\" style=\"animation-delay:0s\">\r\n\t\t<div class=\"w-grid-item-h\">\r\n\t\t\t\t\t\t<h5 class=\"w-post-elm post_title usg_post_title_1 style-h3 color_link_inherit\">Bertrand Fouss<\/h5><p class=\"w-post-elm post_custom_field usg_post_custom_field_1 type_text titre_du_poste color_link_inherit\"><span class=\"w-post-elm-value\">Co-coordonnateur g\u00e9n\u00e9ral<\/span><\/p>\t\t<\/div>\r\n\t\t\t<\/article>\r\n\t<article class=\"w-grid-item us_animate_afb size_1x1 post-5589 membres_equipe type-membres_equipe status-publish hentry categorie_membre_equipe-economies-en-transition\" data-id=\"5589\" style=\"animation-delay:0.1s\">\r\n\t\t<div class=\"w-grid-item-h\">\r\n\t\t\t\t\t\t<h5 class=\"w-post-elm post_title usg_post_title_1 style-h3 color_link_inherit\">Alice Chipot<\/h5><p class=\"w-post-elm post_custom_field usg_post_custom_field_1 type_text titre_du_poste color_link_inherit\"><span class=\"w-post-elm-value\">Regroupement pour la responsabilit\u00e9 sociale des entreprises<\/span><\/p>\t\t<\/div>\r\n\t\t\t<\/article>\r\n\t<article class=\"w-grid-item us_animate_afb size_1x1 post-5590 membres_equipe type-membres_equipe status-publish hentry categorie_membre_equipe-economies-en-transition\" data-id=\"5590\" style=\"animation-delay:0.2s\">\r\n\t\t<div class=\"w-grid-item-h\">\r\n\t\t\t\t\t\t<h5 class=\"w-post-elm post_title usg_post_title_1 style-h3 color_link_inherit\">Maxime Perrault<\/h5><p class=\"w-post-elm post_custom_field usg_post_custom_field_1 type_text titre_du_poste color_link_inherit\"><span class=\"w-post-elm-value\">Virage Collectif<\/span><\/p>\t\t<\/div>\r\n\t\t\t<\/article>\r\n\t<article class=\"w-grid-item us_animate_afb size_1x1 post-5591 membres_equipe type-membres_equipe status-publish hentry categorie_membre_equipe-economies-en-transition\" data-id=\"5591\" style=\"animation-delay:0.3s\">\r\n\t\t<div class=\"w-grid-item-h\">\r\n\t\t\t\t\t\t<h5 class=\"w-post-elm post_title usg_post_title_1 style-h3 color_link_inherit\">Maude Brossard<\/h5><p class=\"w-post-elm post_custom_field usg_post_custom_field_1 type_text titre_du_poste color_link_inherit\"><span class=\"w-post-elm-value\">Chantier de l'\u00e9conomie sociale<\/span><\/p>\t\t<\/div>\r\n\t\t\t<\/article>\r\n<\/div>\t<div class=\"w-grid-preloader\">\r\n\t\t<div class=\"g-preloader type_1\">\r\n\t\t\t<div><\/div>\r\n\t\t<\/div>\r\n\t<\/div>\r\n\t\t<div class=\"w-grid-json hidden\" onclick='return {&quot;action&quot;:&quot;us_ajax_grid&quot;,&quot;infinite_scroll&quot;:0,&quot;max_num_pages&quot;:1,&quot;pagination&quot;:&quot;none&quot;,&quot;template_vars&quot;:{&quot;columns&quot;:&quot;4&quot;,&quot;exclude_items&quot;:&quot;none&quot;,&quot;img_size&quot;:&quot;default&quot;,&quot;ignore_items_size&quot;:0,&quot;items_layout&quot;:&quot;2681&quot;,&quot;items_offset&quot;:&quot;1&quot;,&quot;load_animation&quot;:&quot;afb&quot;,&quot;overriding_link&quot;:&quot;%7B%22url%22%3A%22%22%7D&quot;,&quot;post_id&quot;:5524,&quot;query_args&quot;:{&quot;post_type&quot;:[&quot;membres_equipe&quot;],&quot;tax_query&quot;:[{&quot;taxonomy&quot;:&quot;categorie_membre_equipe&quot;,&quot;field&quot;:&quot;slug&quot;,&quot;terms&quot;:[&quot;economies-en-transition&quot;]}],&quot;post_status&quot;:[&quot;publish&quot;,&quot;acf-disabled&quot;],&quot;posts_per_page&quot;:&quot;50&quot;},&quot;orderby_query_args&quot;:{&quot;orderby&quot;:{&quot;date&quot;:&quot;ASC&quot;}},&quot;type&quot;:&quot;grid&quot;,&quot;us_grid_post_type&quot;:&quot;membres_equipe&quot;,&quot;us_grid_ajax_index&quot;:1,&quot;us_grid_filter_query_string&quot;:null,&quot;us_grid_index&quot;:22,&quot;page_args&quot;:[],&quot;lang&quot;:&quot;en&quot;}}'><\/div>\r\n\t<\/div><\/div><\/div><\/div><\/div><\/div><\/div><\/div><\/div><\/div><\/section>\n<\/div><\/div><\/div><\/div><\/div><\/div><div class=\"w-tabs-section\" id=\"i3d0\"><button type=\"button\" class=\"w-tabs-section-header\" aria-controls=\"content-i3d0\" aria-expanded=\"false\"><div class=\"w-tabs-section-title\">Neighborhoods Section<\/div><div class=\"w-tabs-section-control\"><\/div><\/button><div  class=\"w-tabs-section-content\" id=\"content-i3d0\"><div class=\"w-tabs-section-content-h i-cf\"><div class=\"g-cols wpb_row us_custom_60e9caca inner-row-tab-img-left us_animate_this via_grid cols_custom laptops-cols_inherit tablets-cols_inherit mobiles-cols_1 valign_top type_default stacking_default\" style=\"--columns-gap:3rem;--custom-columns:2.5fr 3.5fr 6fr \"><div class=\"wpb_column vc_column_container\"><div class=\"vc_column-inner\"><div class=\"w-image us_custom_02c2953a has_aspect_ratio align_none\"><div class=\"w-image-h\"><img decoding=\"async\" width=\"819\" height=\"1024\" src=\"https:\/\/transitionencommun.org\/wp-content\/uploads\/2024\/08\/GrandeRoueFatima_compWeb-819x1024.png\" class=\"attachment-large size-large\" alt=\"\" loading=\"lazy\" srcset=\"https:\/\/transitionencommun.org\/wp-content\/uploads\/2024\/08\/GrandeRoueFatima_compWeb-819x1024.png 819w, https:\/\/transitionencommun.org\/wp-content\/uploads\/2024\/08\/GrandeRoueFatima_compWeb-240x300.png 240w, https:\/\/transitionencommun.org\/wp-content\/uploads\/2024\/08\/GrandeRoueFatima_compWeb.png 1638w\" sizes=\"auto, (max-width: 819px) 100vw, 819px\" \/><\/div><\/div><\/div><\/div><div class=\"wpb_column vc_column_container\"><div class=\"vc_column-inner\"><div class=\"wpb_text_column\"><div class=\"wpb_wrapper\"><h3>The Neighborhoods Center<\/h3>\n<\/div><\/div><div class=\"w-separator size_medium\"><\/div><div class=\"wpb_text_column\"><div class=\"wpb_wrapper\"><p><span style=\"font-weight: 400;\">Espace Quartiers (EQ) is a place of <\/span><b>mutual support<\/b><span style=\"font-weight: 400;\">, <\/span><b>solidarity<\/b><span style=\"font-weight: 400;\">, and <\/span><b>empowerment<\/b><span style=\"font-weight: 400;\"> capacity building and<\/span><b> neighborhood advocacy <\/b> <span style=\"font-weight: 400;\">through TeC. It regularly hosts meetings on various topics, and<em>the \u201cSolutions Space\u201d<\/em> is also held during these events. <\/span><\/p>\n<\/div><\/div><\/div><\/div><div class=\"wpb_column vc_column_container us_custom_1da3bb4d\"><div class=\"vc_column-inner\"><section class=\"l-section wpb_row us_custom_b6a72ce1 height_medium\"><div class=\"l-section-h i-cf\"><div class=\"g-cols vc_row via_grid cols_1 laptops-cols_inherit tablets-cols_inherit mobiles-cols_1 valign_top type_default stacking_default\"><div class=\"wpb_column vc_column_container\"><div class=\"vc_column-inner\"><div class=\"w-tabs accordeon-membres accordion toggle_style_1 has_scrolling\" style=\"--sections-title-size:inherit;--sections-gap:0.5rem;\"><div class=\"w-tabs-sections titles-align_none icon_plus cpos_right\"><div class=\"w-tabs-section\" id=\"tfa9\"><button type=\"button\" class=\"w-tabs-section-header\" aria-controls=\"content-tfa9\" aria-expanded=\"false\"><h4 class=\"w-tabs-section-title\">Members<\/h4><div class=\"w-tabs-section-control\"><\/div><\/button><div  class=\"w-tabs-section-content\" id=\"content-tfa9\"><div class=\"w-tabs-section-content-h i-cf\"><div class=\"w-grid us_grid membres-grid type_grid layout_3870 cols_4 preload_style_spinner with_css_animation\" id=\"us_grid_23\" style=\"--columns:4;--gap:1.5rem;\" data-filterable=\"true\"><style>@media (max-width:1380px){#us_grid_23{--columns:3!important}}@media (max-width:1024px){#us_grid_23{--columns:2!important}}@media (max-width:600px){#us_grid_23{--columns:1!important}}<\/style><div class=\"w-grid-list\">\t<article class=\"w-grid-item us_animate_afb size_1x1 post-2444 membres_equipe type-membres_equipe status-publish has-post-thumbnail hentry categorie_membre_equipe-collectif-resilience categorie_membre_equipe-equipe-tec categorie_membre_equipe-espace-quartiers categorie_membre_equipe-let\" data-id=\"2444\" style=\"animation-delay:0s\">\r\n\t\t<div class=\"w-grid-item-h\">\r\n\t\t\t\t\t\t<h5 class=\"w-post-elm post_title usg_post_title_1 style-h3 color_link_inherit\">Marlies Trujillo Torres<\/h5><p class=\"w-post-elm post_custom_field usg_post_custom_field_1 type_text titre_du_poste_version_anglaise color_link_inherit\"><span class=\"w-post-elm-value\">Coordinator, Neighbourhoods Space & Housing In Transition Working Group<\/span><\/p>\t\t<\/div>\r\n\t\t\t<\/article>\r\n\t<article class=\"w-grid-item us_animate_afb size_1x1 post-2498 membres_equipe type-membres_equipe status-publish has-post-thumbnail hentry categorie_membre_equipe-comite-orientation categorie_membre_equipe-comite-executif categorie_membre_equipe-espace-quartiers categorie_membre_equipe-justice-environnementale\" data-id=\"2498\" style=\"animation-delay:0.1s\">\r\n\t\t<div class=\"w-grid-item-h\">\r\n\t\t\t\t\t\t<h5 class=\"w-post-elm post_title usg_post_title_1 style-h3 color_link_inherit\">Joakim Lemieux<\/h5><p class=\"w-post-elm post_custom_field usg_post_custom_field_1 type_text titre_du_poste_version_anglaise color_link_inherit\"><span class=\"w-post-elm-value\">Coalition montr\u00e9alaises des Tables de quartier (CMTQ)<\/span><\/p>\t\t<\/div>\r\n\t\t\t<\/article>\r\n\t<article class=\"w-grid-item us_animate_afb size_1x1 post-3762 membres_equipe type-membres_equipe status-publish hentry categorie_membre_equipe-collectif-resilience categorie_membre_equipe-espace-quartiers\" data-id=\"3762\" style=\"animation-delay:0.2s\">\r\n\t\t<div class=\"w-grid-item-h\">\r\n\t\t\t\t\t\t<h5 class=\"w-post-elm post_title usg_post_title_1 style-h3 color_link_inherit\">Alice Bonneau<\/h5>\t\t<\/div>\r\n\t\t\t<\/article>\r\n\t<article class=\"w-grid-item us_animate_afb size_1x1 post-3768 membres_equipe type-membres_equipe status-publish hentry categorie_membre_equipe-espace-quartiers\" data-id=\"3768\" style=\"animation-delay:0.3s\">\r\n\t\t<div class=\"w-grid-item-h\">\r\n\t\t\t\t\t\t<h5 class=\"w-post-elm post_title usg_post_title_1 style-h3 color_link_inherit\">Esther Tremblay<\/h5>\t\t<\/div>\r\n\t\t\t<\/article>\r\n\t<article class=\"w-grid-item us_animate_afb size_1x1 post-6505 membres_equipe type-membres_equipe status-publish hentry categorie_membre_equipe-espace-quartiers\" data-id=\"6505\" style=\"animation-delay:0.4s\">\r\n\t\t<div class=\"w-grid-item-h\">\r\n\t\t\t\t\t\t<h5 class=\"w-post-elm post_title usg_post_title_1 style-h3 color_link_inherit\">\u00c9lise Solomon<\/h5><p class=\"w-post-elm post_custom_field usg_post_custom_field_1 type_text titre_du_poste_version_anglaise color_link_inherit\"><span class=\"w-post-elm-value\">CIUSSS-Centre-Sud<\/span><\/p>\t\t<\/div>\r\n\t\t\t<\/article>\r\n\t<article class=\"w-grid-item us_animate_afb size_1x1 post-6506 membres_equipe type-membres_equipe status-publish hentry categorie_membre_equipe-espace-quartiers\" data-id=\"6506\" style=\"animation-delay:0.5s\">\r\n\t\t<div class=\"w-grid-item-h\">\r\n\t\t\t\t\t\t<h5 class=\"w-post-elm post_title usg_post_title_1 style-h3 color_link_inherit\">Pierre Frisko<\/h5><p class=\"w-post-elm post_custom_field usg_post_custom_field_1 type_text titre_du_poste_version_anglaise color_link_inherit\"><span class=\"w-post-elm-value\">SDC Jean-Talon Est<\/span><\/p>\t\t<\/div>\r\n\t\t\t<\/article>\r\n\t<article class=\"w-grid-item us_animate_afb size_1x1 post-6507 membres_equipe type-membres_equipe status-publish has-post-thumbnail hentry categorie_membre_equipe-espace-quartiers\" data-id=\"6507\" style=\"animation-delay:0.6s\">\r\n\t\t<div class=\"w-grid-item-h\">\r\n\t\t\t\t\t\t<h5 class=\"w-post-elm post_title usg_post_title_1 style-h3 color_link_inherit\">Francois Le Roy<\/h5><p class=\"w-post-elm post_custom_field usg_post_custom_field_1 type_text titre_du_poste_version_anglaise color_link_inherit\"><span class=\"w-post-elm-value\"> Regroupement des \u00c9co-quartiers<\/span><\/p>\t\t<\/div>\r\n\t\t\t<\/article>\r\n\t<article class=\"w-grid-item us_animate_afb size_1x1 post-7152 membres_equipe type-membres_equipe status-publish hentry categorie_membre_equipe-espace-quartiers\" data-id=\"7152\" style=\"animation-delay:0.7s\">\r\n\t\t<div class=\"w-grid-item-h\">\r\n\t\t\t\t\t\t<h5 class=\"w-post-elm post_title usg_post_title_1 style-h3 color_link_inherit\">Philippe Fort\u00e9<\/h5><p class=\"w-post-elm post_custom_field usg_post_custom_field_1 type_text titre_du_poste_version_anglaise color_link_inherit\"><span class=\"w-post-elm-value\">Table de quartier du Nord de l'Ouest-de-l'\u00cele de Montr\u00e9al (TQNOIM)<\/span><\/p>\t\t<\/div>\r\n\t\t\t<\/article>\r\n<\/div>\t<div class=\"w-grid-preloader\">\r\n\t\t<div class=\"g-preloader type_1\">\r\n\t\t\t<div><\/div>\r\n\t\t<\/div>\r\n\t<\/div>\r\n\t\t<div class=\"w-grid-json hidden\" onclick='return {&quot;action&quot;:&quot;us_ajax_grid&quot;,&quot;infinite_scroll&quot;:0,&quot;max_num_pages&quot;:1,&quot;pagination&quot;:&quot;none&quot;,&quot;template_vars&quot;:{&quot;columns&quot;:&quot;4&quot;,&quot;exclude_items&quot;:&quot;none&quot;,&quot;img_size&quot;:&quot;default&quot;,&quot;ignore_items_size&quot;:0,&quot;items_layout&quot;:&quot;3870&quot;,&quot;items_offset&quot;:&quot;1&quot;,&quot;load_animation&quot;:&quot;afb&quot;,&quot;overriding_link&quot;:&quot;%7B%22url%22%3A%22%22%7D&quot;,&quot;post_id&quot;:3865,&quot;query_args&quot;:{&quot;post_type&quot;:[&quot;membres_equipe&quot;],&quot;tax_query&quot;:[{&quot;taxonomy&quot;:&quot;categorie_membre_equipe&quot;,&quot;field&quot;:&quot;slug&quot;,&quot;terms&quot;:[&quot;espace-quartiers&quot;]}],&quot;post_status&quot;:[&quot;publish&quot;,&quot;acf-disabled&quot;],&quot;posts_per_page&quot;:&quot;50&quot;},&quot;orderby_query_args&quot;:{&quot;orderby&quot;:{&quot;date&quot;:&quot;ASC&quot;}},&quot;type&quot;:&quot;grid&quot;,&quot;us_grid_post_type&quot;:&quot;membres_equipe&quot;,&quot;us_grid_ajax_index&quot;:1,&quot;us_grid_filter_query_string&quot;:null,&quot;us_grid_index&quot;:23,&quot;page_args&quot;:[],&quot;lang&quot;:&quot;en&quot;}}'><\/div>\r\n\t<\/div><\/div><\/div><\/div><\/div><\/div><\/div><\/div><\/div><\/div><\/section>\n<\/div><\/div><\/div><\/div><\/div><\/div><\/div><\/div><\/div><\/div><\/div><\/div><\/section><section class=\"l-section wpb_row projets-en-cours hide_on_default hide_on_laptops hide_on_tablets hide_on_mobiles height_medium\" id=\"initiatives-en-vedette\"><div class=\"l-section-h i-cf\"><div class=\"g-cols vc_row via_grid cols_1 laptops-cols_inherit tablets-cols_inherit mobiles-cols_1 valign_top type_default stacking_default\"><div class=\"wpb_column vc_column_container\"><div class=\"vc_column-inner\"><div class=\"wpb_text_column us_custom_60e9caca us_animate_this\"><div class=\"wpb_wrapper\"><h1 style=\"text-align: center;\">Featured Initiatives<\/h1>\n<\/div><\/div><div class=\"w-separator size_large\"><\/div><div class=\"w-grid us_grid projets-grid type_grid layout_175 cols_3 preload_style_spinner with_css_animation\" id=\"us_grid_24\" style=\"--columns:3;--gap:1.5rem;\" data-filterable=\"true\"><style>@media (max-width:1024px){#us_grid_24{--columns:2!important}}@media (max-width:600px){#us_grid_24{--columns:1!important}}.layout_175 .w-grid-item-h{}<\/style><div class=\"w-grid-list\">\t<article class=\"w-grid-item us_animate_afb size_1x1 post-4796 nos_projets type-nos_projets status-publish has-post-thumbnail hentry\" data-id=\"4796\" style=\"animation-delay:0s\">\r\n\t\t<div class=\"w-grid-item-h\">\r\n\t\t\t\t\t\t<div class=\"w-post-elm post_image usg_post_image_1 img-projet has_ratio\"><a href=\"https:\/\/praxis.encommun.io\/c\/transition-en-commun\/\" aria-label=\"Our Knowledge Base on Praxis!\"><img decoding=\"async\" width=\"980\" height=\"466\" src=\"https:\/\/transitionencommun.org\/wp-content\/uploads\/2025\/06\/Screenshot-2025-06-04-084332.png\" class=\"attachment-large size-large wp-post-image\" alt=\"\" \/><\/a><div style=\"padding-bottom:100%\"><\/div><\/div><h2 class=\"w-post-elm post_title usg_post_title_1 titre-projet color_link_inherit\"><a href=\"https:\/\/transitionencommun.org\/en\/nos_projets\/our-knowledge-base-on-praxis\/\">Our Knowledge Base on Praxis!<\/a><\/h2><div class=\"w-vwrapper usg_vwrapper_1 wrapper-description-btn align_none valign_top\" style=\"--vwrapper-gap: 0.7rem;\"><div class=\"w-post-elm post_custom_field usg_post_custom_field_1 description-projet type_text description_du_projet color_link_inherit\"><p>Constantly in evolution, find the content written by the different entities of the alliance on the collaborative platform Praxis!<\/p>\n<\/div><div class=\"w-text usg_text_1 voir_plus-projet icon_atright\"><a href=\"https:\/\/praxis.encommun.io\/c\/transition-en-commun\/\" class=\"w-text-h\"><span class=\"w-text-value\">Voir plus<\/span><i class=\"fal fa-arrow-right\"><\/i><\/a><\/div><\/div>\t\t<\/div>\r\n\t\t\t<\/article>\r\n\t<article class=\"w-grid-item us_animate_afb size_1x1 post-3968 nos_projets type-nos_projets status-publish has-post-thumbnail hentry\" data-id=\"3968\" style=\"animation-delay:0.1s\">\r\n\t\t<div class=\"w-grid-item-h\">\r\n\t\t\t\t\t\t<div class=\"w-post-elm post_image usg_post_image_1 img-projet has_ratio\"><a target=\"_blank\" href=\"https:\/\/praxis.encommun.io\/n\/43qceVU3-4OrdUtcTUVoRTN316g\/\" aria-label=\" L&#8217;Espace solution  is Coming Back for a Second Year!\"><img decoding=\"async\" width=\"962\" height=\"859\" src=\"https:\/\/transitionencommun.org\/wp-content\/uploads\/2024\/07\/es1.png\" class=\"attachment-large size-large wp-post-image\" alt=\"\" \/><\/a><div style=\"padding-bottom:100%\"><\/div><\/div><h2 class=\"w-post-elm post_title usg_post_title_1 titre-projet color_link_inherit\"><a href=\"https:\/\/transitionencommun.org\/en\/nos_projets\/espace-solutions\/\"><i> L&#8217;Espace solution <\/i> is Coming Back for a Second Year!<\/a><\/h2><div class=\"w-vwrapper usg_vwrapper_1 wrapper-description-btn align_none valign_top\" style=\"--vwrapper-gap: 0.7rem;\"><div class=\"w-post-elm post_custom_field usg_post_custom_field_1 description-projet type_text description_du_projet color_link_inherit\"><p><span>Putting your citizens&#8217; initiative into play&#8230; of other committed citizens, it is possible! With the Solutions Space, a new recurring workshop in the Neighbourhood Space, receive comments, ideas, inspiration and solutions for your projects.<\/span><\/p>\n<\/div><div class=\"w-text usg_text_1 voir_plus-projet icon_atright\"><a target=\"_blank\" href=\"https:\/\/praxis.encommun.io\/n\/43qceVU3-4OrdUtcTUVoRTN316g\/\" class=\"w-text-h\"><span class=\"w-text-value\">Voir plus<\/span><i class=\"fal fa-arrow-right\"><\/i><\/a><\/div><\/div>\t\t<\/div>\r\n\t\t\t<\/article>\r\n\t<article class=\"w-grid-item us_animate_afb size_1x1 post-3966 nos_projets type-nos_projets status-publish has-post-thumbnail hentry\" data-id=\"3966\" style=\"animation-delay:0.2s\">\r\n\t\t<div class=\"w-grid-item-h\">\r\n\t\t\t\t\t\t<div class=\"w-post-elm post_image usg_post_image_1 img-projet has_ratio\"><a target=\"_blank\" href=\"https:\/\/transitionencommun.org\/voie-de-sortie-gt-demot\/\" aria-label=\"Popularizing the  Over-Motorization Framework \"><img decoding=\"async\" width=\"978\" height=\"872\" src=\"https:\/\/transitionencommun.org\/wp-content\/uploads\/2024\/07\/Capture-decran-2024-08-26-174713.png\" class=\"attachment-large size-large wp-post-image\" alt=\"\" \/><\/a><div style=\"padding-bottom:100%\"><\/div><\/div><h2 class=\"w-post-elm post_title usg_post_title_1 titre-projet color_link_inherit\"><a href=\"https:\/\/transitionencommun.org\/en\/nos_projets\/diffusion-et-appropriation-cadre-de-reference-demotorisation\/\">Popularizing the <i> Over-Motorization Framework <\/i><\/a><\/h2><div class=\"w-vwrapper usg_vwrapper_1 wrapper-description-btn align_none valign_top\" style=\"--vwrapper-gap: 0.7rem;\"><div class=\"w-post-elm post_custom_field usg_post_custom_field_1 description-projet type_text description_du_projet color_link_inherit\"><p><span>The <em>Way Out &#8211; Getting Out of Car Dependence <\/em>framework, which comes from TeC&#8217;s Demotorization WG and proposes solutions adapted to neighborhoods to reduce motorization, has the wind in its sails!<\/span><\/p>\n<\/div><div class=\"w-text usg_text_1 voir_plus-projet icon_atright\"><a target=\"_blank\" href=\"https:\/\/transitionencommun.org\/voie-de-sortie-gt-demot\/\" class=\"w-text-h\"><span class=\"w-text-value\">Voir plus<\/span><i class=\"fal fa-arrow-right\"><\/i><\/a><\/div><\/div>\t\t<\/div>\r\n\t\t\t<\/article>\r\n\t<article class=\"w-grid-item us_animate_afb size_1x1 post-3967 nos_projets type-nos_projets status-publish has-post-thumbnail hentry\" data-id=\"3967\" style=\"animation-delay:0.3s\">\r\n\t\t<div class=\"w-grid-item-h\">\r\n\t\t\t\t\t\t<div class=\"w-post-elm post_image usg_post_image_1 img-projet has_ratio\"><a href=\"https:\/\/transitionencommun.org\/en\/retour-sur-le-forum-montrealais-la-democratie-au-coeur-de-la-transition-notre-1ere-aga\/\" aria-label=\"The  Forum montr\u00e9alais  on democracy:  what&#8217;s next?\"><img decoding=\"async\" width=\"598\" height=\"563\" src=\"https:\/\/transitionencommun.org\/wp-content\/uploads\/2024\/07\/Capture-decran-2024-10-23-133202.png\" class=\"attachment-large size-large wp-post-image\" alt=\"\" \/><\/a><div style=\"padding-bottom:100%\"><\/div><\/div><h2 class=\"w-post-elm post_title usg_post_title_1 titre-projet color_link_inherit\"><a href=\"https:\/\/transitionencommun.org\/en\/nos_projets\/chantier-democratie-2-0\/\">The <i> Forum montr\u00e9alais <\/i> on democracy:  what&#8217;s next?<\/a><\/h2><div class=\"w-vwrapper usg_vwrapper_1 wrapper-description-btn align_none valign_top\" style=\"--vwrapper-gap: 0.7rem;\"><div class=\"w-post-elm post_custom_field usg_post_custom_field_1 description-projet type_text description_du_projet color_link_inherit\"><p><span>More than 200 people came to work on the future of Montreal&#8217;s democracy in the context of transition. The work has only just begun to propel our demands!<\/span><\/p>\n<\/div><div class=\"w-text usg_text_1 voir_plus-projet icon_atright\"><a href=\"https:\/\/transitionencommun.org\/en\/retour-sur-le-forum-montrealais-la-democratie-au-coeur-de-la-transition-notre-1ere-aga\/\" class=\"w-text-h\"><span class=\"w-text-value\">Voir plus<\/span><i class=\"fal fa-arrow-right\"><\/i><\/a><\/div><\/div>\t\t<\/div>\r\n\t\t\t<\/article>\r\n<\/div>\t<div class=\"w-grid-preloader\">\r\n\t\t<div class=\"g-preloader type_1\">\r\n\t\t\t<div><\/div>\r\n\t\t<\/div>\r\n\t<\/div>\r\n\t\t<div class=\"w-grid-json hidden\" onclick='return {&quot;action&quot;:&quot;us_ajax_grid&quot;,&quot;infinite_scroll&quot;:0,&quot;max_num_pages&quot;:1,&quot;pagination&quot;:&quot;none&quot;,&quot;template_vars&quot;:{&quot;columns&quot;:&quot;3&quot;,&quot;exclude_items&quot;:&quot;none&quot;,&quot;img_size&quot;:&quot;default&quot;,&quot;ignore_items_size&quot;:0,&quot;items_layout&quot;:&quot;175&quot;,&quot;items_offset&quot;:&quot;1&quot;,&quot;load_animation&quot;:&quot;afb&quot;,&quot;overriding_link&quot;:&quot;%7B%22url%22%3A%22%22%7D&quot;,&quot;post_id&quot;:0,&quot;query_args&quot;:{&quot;post_type&quot;:[&quot;nos_projets&quot;],&quot;post_status&quot;:[&quot;publish&quot;,&quot;acf-disabled&quot;],&quot;posts_per_page&quot;:&quot;10&quot;},&quot;orderby_query_args&quot;:{&quot;orderby&quot;:{&quot;date&quot;:&quot;DESC&quot;}},&quot;type&quot;:&quot;grid&quot;,&quot;us_grid_post_type&quot;:&quot;nos_projets&quot;,&quot;us_grid_ajax_index&quot;:24,&quot;us_grid_filter_query_string&quot;:null,&quot;us_grid_index&quot;:24,&quot;page_args&quot;:[],&quot;lang&quot;:&quot;en&quot;}}'><\/div>\r\n\t<\/div><\/div><\/div><\/div><\/div><\/section><section class=\"l-section wpb_row membres-row no-padding-bottom-desktop height_medium\" id=\"membres\"><div class=\"l-section-h i-cf\"><div class=\"g-cols vc_row via_grid cols_1 laptops-cols_inherit tablets-cols_inherit mobiles-cols_1 valign_top type_default stacking_default\"><div class=\"wpb_column vc_column_container\"><div class=\"vc_column-inner\"><div class=\"wpb_text_column us_custom_5947386e us_animate_this\"><div class=\"wpb_wrapper\"><h2 style=\"text-align: center;\">Alliance Members<\/h2>\n<\/div><\/div><div class=\"w-grid us_grid grid-auto-fit type_grid layout_162 cols_5 valign_center preload_style_spinner with_css_animation\" id=\"us_grid_25\" style=\"--columns:5;--gap:1.5rem;\" data-filterable=\"true\"><style>@media (max-width:1380px){#us_grid_25{--columns:3!important}}@media (max-width:1024px){#us_grid_25{--columns:2!important}}@media (max-width:600px){#us_grid_25{--columns:1!important}}.layout_162 .w-grid-item-h{}<\/style><div class=\"w-grid-list\">\t<article class=\"w-grid-item us_animate_afb size_1x1 post-159 partenaires type-partenaires status-publish has-post-thumbnail hentry categorie_partenaire-membres\" data-id=\"159\" style=\"animation-delay:0s\">\r\n\t\t<div class=\"w-grid-item-h\">\r\n\t\t\t\t\t\t<div class=\"w-post-elm post_image usg_post_image_1 stretched\"><a target=\"_blank\" href=\"https:\/\/www.acefnord.org\/\" aria-label=\"ACEF du Nord de Montr\u00e9al\"><img decoding=\"async\" width=\"1024\" height=\"608\" src=\"https:\/\/transitionencommun.org\/wp-content\/uploads\/2024\/06\/acef-nord-1024x608-1.jpg\" class=\"attachment-large size-large wp-post-image\" alt=\"\" srcset=\"https:\/\/transitionencommun.org\/wp-content\/uploads\/2024\/06\/acef-nord-1024x608-1.jpg 1024w, https:\/\/transitionencommun.org\/wp-content\/uploads\/2024\/06\/acef-nord-1024x608-1-300x178.jpg 300w\" sizes=\"(max-width: 1024px) 100vw, 1024px\" \/><\/a><\/div>\t\t<\/div>\r\n\t\t\t<\/article>\r\n\t<article class=\"w-grid-item us_animate_afb size_1x1 post-2588 partenaires type-partenaires status-publish has-post-thumbnail hentry categorie_partenaire-membres\" data-id=\"2588\" style=\"animation-delay:0.1s\">\r\n\t\t<div class=\"w-grid-item-h\">\r\n\t\t\t\t\t\t<div class=\"w-post-elm post_image usg_post_image_1 stretched\"><a target=\"_blank\" href=\"https:\/\/www.achat-habitation.org\/fr\/\" aria-label=\"ACHAT\"><img decoding=\"async\" width=\"1024\" height=\"186\" src=\"https:\/\/transitionencommun.org\/wp-content\/uploads\/2024\/08\/achat-1-1024x186.png\" class=\"attachment-large size-large wp-post-image\" alt=\"\" srcset=\"https:\/\/transitionencommun.org\/wp-content\/uploads\/2024\/08\/achat-1-1024x186.png 1024w, https:\/\/transitionencommun.org\/wp-content\/uploads\/2024\/08\/achat-1-300x54.png 300w, https:\/\/transitionencommun.org\/wp-content\/uploads\/2024\/08\/achat-1.png 2048w\" sizes=\"(max-width: 1024px) 100vw, 1024px\" \/><\/a><\/div>\t\t<\/div>\r\n\t\t\t<\/article>\r\n\t<article class=\"w-grid-item us_animate_afb size_1x1 post-2590 partenaires type-partenaires status-publish has-post-thumbnail hentry categorie_partenaire-membres\" data-id=\"2590\" style=\"animation-delay:0.2s\">\r\n\t\t<div class=\"w-grid-item-h\">\r\n\t\t\t\t\t\t<div class=\"w-post-elm post_image usg_post_image_1 stretched\"><a target=\"_blank\" href=\"https:\/\/actionclimatiqueurbaine.ca\/\" aria-label=\"Action climatique urbaine\"><img decoding=\"async\" width=\"949\" height=\"440\" src=\"https:\/\/transitionencommun.org\/wp-content\/uploads\/2024\/08\/acu.png\" class=\"attachment-large size-large wp-post-image\" alt=\"\" srcset=\"https:\/\/transitionencommun.org\/wp-content\/uploads\/2024\/08\/acu.png 949w, https:\/\/transitionencommun.org\/wp-content\/uploads\/2024\/08\/acu-300x139.png 300w\" sizes=\"(max-width: 949px) 100vw, 949px\" \/><\/a><\/div>\t\t<\/div>\r\n\t\t\t<\/article>\r\n\t<article class=\"w-grid-item us_animate_afb size_1x1 post-4532 partenaires type-partenaires status-publish has-post-thumbnail hentry categorie_partenaire-membres\" data-id=\"4532\" style=\"animation-delay:0.3s\">\r\n\t\t<div class=\"w-grid-item-h\">\r\n\t\t\t\t\t\t<div class=\"w-post-elm post_image usg_post_image_1 stretched\"><a target=\"_blank\" href=\"https:\/\/www.actiongardien.org\/nouvelles\" aria-label=\"Action Gardien, CDC Pointe-Saint-Charles\"><img decoding=\"async\" width=\"1024\" height=\"1024\" src=\"https:\/\/transitionencommun.org\/wp-content\/uploads\/2024\/12\/ActionG-e1733170762794-1024x1024.png\" class=\"attachment-large size-large wp-post-image\" alt=\"\" srcset=\"https:\/\/transitionencommun.org\/wp-content\/uploads\/2024\/12\/ActionG-e1733170762794-1024x1024.png 1024w, https:\/\/transitionencommun.org\/wp-content\/uploads\/2024\/12\/ActionG-e1733170762794-300x300.png 300w, https:\/\/transitionencommun.org\/wp-content\/uploads\/2024\/12\/ActionG-e1733170762794-150x150.png 150w, https:\/\/transitionencommun.org\/wp-content\/uploads\/2024\/12\/ActionG-e1733170762794.png 1070w\" sizes=\"(max-width: 1024px) 100vw, 1024px\" \/><\/a><\/div>\t\t<\/div>\r\n\t\t\t<\/article>\r\n\t<article class=\"w-grid-item us_animate_afb size_1x1 post-4535 partenaires type-partenaires status-publish has-post-thumbnail hentry categorie_partenaire-membres\" data-id=\"4535\" style=\"animation-delay:0.4s\">\r\n\t\t<div class=\"w-grid-item-h\">\r\n\t\t\t\t\t\t<div class=\"w-post-elm post_image usg_post_image_1 stretched\"><a target=\"_blank\" href=\"https:\/\/www.ahuncycle.com\/\" aria-label=\"Ahuncycle\"><img decoding=\"async\" width=\"1024\" height=\"1024\" src=\"https:\/\/transitionencommun.org\/wp-content\/uploads\/2024\/12\/Ahuncycle-1024x1024.png\" class=\"attachment-large size-large wp-post-image\" alt=\"\" srcset=\"https:\/\/transitionencommun.org\/wp-content\/uploads\/2024\/12\/Ahuncycle-1024x1024.png 1024w, https:\/\/transitionencommun.org\/wp-content\/uploads\/2024\/12\/Ahuncycle-300x300.png 300w, https:\/\/transitionencommun.org\/wp-content\/uploads\/2024\/12\/Ahuncycle-150x150.png 150w, https:\/\/transitionencommun.org\/wp-content\/uploads\/2024\/12\/Ahuncycle.png 1181w\" sizes=\"(max-width: 1024px) 100vw, 1024px\" \/><\/a><\/div>\t\t<\/div>\r\n\t\t\t<\/article>\r\n\t<article class=\"w-grid-item us_animate_afb size_1x1 post-4540 partenaires type-partenaires status-publish has-post-thumbnail hentry categorie_partenaire-membres\" data-id=\"4540\" style=\"animation-delay:0.5s\">\r\n\t\t<div class=\"w-grid-item-h\">\r\n\t\t\t\t\t\t<div class=\"w-post-elm post_image usg_post_image_1 stretched\"><a target=\"_blank\" href=\"https:\/\/www.ahuntsicentransition.org\/\" aria-label=\"Ahuntsic en transition\"><img decoding=\"async\" width=\"300\" height=\"98\" src=\"https:\/\/transitionencommun.org\/wp-content\/uploads\/2024\/12\/AhunsticCartiervilleEnTransitio.png\" class=\"attachment-large size-large wp-post-image\" alt=\"\" \/><\/a><\/div>\t\t<\/div>\r\n\t\t\t<\/article>\r\n\t<article class=\"w-grid-item us_animate_afb size_1x1 post-4793 partenaires type-partenaires status-publish has-post-thumbnail hentry categorie_partenaire-membres\" data-id=\"4793\" style=\"animation-delay:0.6s\">\r\n\t\t<div class=\"w-grid-item-h\">\r\n\t\t\t\t\t\t<div class=\"w-post-elm post_image usg_post_image_1 stretched\"><a target=\"_blank\" href=\"https:\/\/www.lemontroyal.qc.ca\/fr\/\" aria-label=\"Amis de la Montagne\"><img decoding=\"async\" width=\"376\" height=\"256\" src=\"https:\/\/transitionencommun.org\/wp-content\/uploads\/2025\/01\/AmisDeLaMontagneLogo.png\" class=\"attachment-large size-large wp-post-image\" alt=\"\" srcset=\"https:\/\/transitionencommun.org\/wp-content\/uploads\/2025\/01\/AmisDeLaMontagneLogo.png 376w, https:\/\/transitionencommun.org\/wp-content\/uploads\/2025\/01\/AmisDeLaMontagneLogo-300x204.png 300w\" sizes=\"(max-width: 376px) 100vw, 376px\" \/><\/a><\/div>\t\t<\/div>\r\n\t\t\t<\/article>\r\n\t<article class=\"w-grid-item us_animate_afb size_1x1 post-5309 partenaires type-partenaires status-publish has-post-thumbnail hentry categorie_partenaire-membres\" data-id=\"5309\" style=\"animation-delay:0.7s\">\r\n\t\t<div class=\"w-grid-item-h\">\r\n\t\t\t\t\t\t<div class=\"w-post-elm post_image usg_post_image_1 stretched\"><a target=\"_blank\" href=\"https:\/\/artenso.ca\/\" aria-label=\"Artenso\"><img decoding=\"async\" width=\"400\" height=\"101\" src=\"https:\/\/transitionencommun.org\/wp-content\/uploads\/2025\/04\/Artenso-logo.png\" class=\"attachment-large size-large wp-post-image\" alt=\"\" srcset=\"https:\/\/transitionencommun.org\/wp-content\/uploads\/2025\/04\/Artenso-logo.png 400w, https:\/\/transitionencommun.org\/wp-content\/uploads\/2025\/04\/Artenso-logo-300x76.png 300w\" sizes=\"(max-width: 400px) 100vw, 400px\" \/><\/a><\/div>\t\t<\/div>\r\n\t\t\t<\/article>\r\n\t<article class=\"w-grid-item us_animate_afb size_1x1 post-4556 partenaires type-partenaires status-publish has-post-thumbnail hentry categorie_partenaire-membres\" data-id=\"4556\" style=\"animation-delay:0.8s\">\r\n\t\t<div class=\"w-grid-item-h\">\r\n\t\t\t\t\t\t<div class=\"w-post-elm post_image usg_post_image_1 stretched\"><a target=\"_blank\" href=\"https:\/\/aepp.ca\/\" aria-label=\"Ateliers d&#8217;\u00e9ducation populaire du Plateau\"><img decoding=\"async\" width=\"1024\" height=\"615\" src=\"https:\/\/transitionencommun.org\/wp-content\/uploads\/2024\/12\/Aeep-1024x615.png\" class=\"attachment-large size-large wp-post-image\" alt=\"\" srcset=\"https:\/\/transitionencommun.org\/wp-content\/uploads\/2024\/12\/Aeep-1024x615.png 1024w, https:\/\/transitionencommun.org\/wp-content\/uploads\/2024\/12\/Aeep-300x180.png 300w, https:\/\/transitionencommun.org\/wp-content\/uploads\/2024\/12\/Aeep.png 2000w\" sizes=\"(max-width: 1024px) 100vw, 1024px\" \/><\/a><\/div>\t\t<\/div>\r\n\t\t\t<\/article>\r\n\t<article class=\"w-grid-item us_animate_afb size_1x1 post-4559 partenaires type-partenaires status-publish has-post-thumbnail hentry categorie_partenaire-membres\" data-id=\"4559\" style=\"animation-delay:0.9s\">\r\n\t\t<div class=\"w-grid-item-h\">\r\n\t\t\t\t\t\t<div class=\"w-post-elm post_image usg_post_image_1 stretched\"><a target=\"_blank\" href=\"https:\/\/www.ateliersbiodiversite.org\/\" aria-label=\"Ateliers pour la biodiversit\u00e9\"><img decoding=\"async\" width=\"273\" height=\"89\" src=\"https:\/\/transitionencommun.org\/wp-content\/uploads\/2024\/12\/AteliersPourlabiodiversite.png\" class=\"attachment-large size-large wp-post-image\" alt=\"\" \/><\/a><\/div>\t\t<\/div>\r\n\t\t\t<\/article>\r\n\t<article class=\"w-grid-item us_animate_afb size_1x1 post-5689 partenaires type-partenaires status-publish has-post-thumbnail hentry categorie_partenaire-membres\" data-id=\"5689\" style=\"animation-delay:1s\">\r\n\t\t<div class=\"w-grid-item-h\">\r\n\t\t\t\t\t\t<div class=\"w-post-elm post_image usg_post_image_1 stretched\"><a target=\"_blank\" href=\"https:\/\/www.facebook.com\/LaBaliseMTL\" aria-label=\"Balise (La)\"><img decoding=\"async\" width=\"200\" height=\"200\" src=\"https:\/\/transitionencommun.org\/wp-content\/uploads\/2025\/06\/La-balise.jpeg\" class=\"attachment-large size-large wp-post-image\" alt=\"\" srcset=\"https:\/\/transitionencommun.org\/wp-content\/uploads\/2025\/06\/La-balise.jpeg 200w, https:\/\/transitionencommun.org\/wp-content\/uploads\/2025\/06\/La-balise-150x150.jpeg 150w\" sizes=\"(max-width: 200px) 100vw, 200px\" \/><\/a><\/div>\t\t<\/div>\r\n\t\t\t<\/article>\r\n\t<article class=\"w-grid-item us_animate_afb size_1x1 post-6163 partenaires type-partenaires status-publish has-post-thumbnail hentry categorie_partenaire-membres\" data-id=\"6163\" style=\"animation-delay:1.1s\">\r\n\t\t<div class=\"w-grid-item-h\">\r\n\t\t\t\t\t\t<div class=\"w-post-elm post_image usg_post_image_1 stretched\"><a target=\"_blank\" href=\"https:\/\/www.breches.org\/apropos\" aria-label=\"Br\u00e8ches\"><img decoding=\"async\" width=\"1024\" height=\"283\" src=\"https:\/\/transitionencommun.org\/wp-content\/uploads\/2025\/11\/Breche-logo-1024x283.webp\" class=\"attachment-large size-large wp-post-image\" alt=\"\" srcset=\"https:\/\/transitionencommun.org\/wp-content\/uploads\/2025\/11\/Breche-logo-1024x283.webp 1024w, https:\/\/transitionencommun.org\/wp-content\/uploads\/2025\/11\/Breche-logo-300x83.webp 300w, https:\/\/transitionencommun.org\/wp-content\/uploads\/2025\/11\/Breche-logo.webp 1500w\" sizes=\"(max-width: 1024px) 100vw, 1024px\" \/><\/a><\/div>\t\t<\/div>\r\n\t\t\t<\/article>\r\n\t<article class=\"w-grid-item us_animate_afb size_1x1 post-2629 partenaires type-partenaires status-publish has-post-thumbnail hentry categorie_partenaire-membres\" data-id=\"2629\" style=\"animation-delay:1.2s\">\r\n\t\t<div class=\"w-grid-item-h\">\r\n\t\t\t\t\t\t<div class=\"w-post-elm post_image usg_post_image_1 stretched\"><a target=\"_blank\" href=\"https:\/\/catalyseurbronx.org\/\" aria-label=\"Catalyseur Bronx\"><img decoding=\"async\" width=\"1024\" height=\"686\" src=\"https:\/\/transitionencommun.org\/wp-content\/uploads\/2024\/07\/logo-bronx-1024x686.png\" class=\"attachment-large size-large wp-post-image\" alt=\"Fi\u00e8rement Bronx\" srcset=\"https:\/\/transitionencommun.org\/wp-content\/uploads\/2024\/07\/logo-bronx-1024x686.png 1024w, https:\/\/transitionencommun.org\/wp-content\/uploads\/2024\/07\/logo-bronx-300x201.png 300w, https:\/\/transitionencommun.org\/wp-content\/uploads\/2024\/07\/logo-bronx.png 1590w\" sizes=\"(max-width: 1024px) 100vw, 1024px\" \/><\/a><\/div>\t\t<\/div>\r\n\t\t\t<\/article>\r\n\t<article class=\"w-grid-item us_animate_afb size_1x1 post-2594 partenaires type-partenaires status-publish has-post-thumbnail hentry categorie_partenaire-membres\" data-id=\"2594\" style=\"animation-delay:1.3s\">\r\n\t\t<div class=\"w-grid-item-h\">\r\n\t\t\t\t\t\t<div class=\"w-post-elm post_image usg_post_image_1 stretched\"><a target=\"_blank\" href=\"https:\/\/cdccentresud.org\/\" aria-label=\"CDC Centre-Sud\"><img decoding=\"async\" width=\"1024\" height=\"367\" src=\"https:\/\/transitionencommun.org\/wp-content\/uploads\/2024\/07\/cdccentresud_logo.jpg\" class=\"attachment-large size-large wp-post-image\" alt=\"CDC Centre-Sud\" srcset=\"https:\/\/transitionencommun.org\/wp-content\/uploads\/2024\/07\/cdccentresud_logo.jpg 1024w, https:\/\/transitionencommun.org\/wp-content\/uploads\/2024\/07\/cdccentresud_logo-300x108.jpg 300w\" sizes=\"(max-width: 1024px) 100vw, 1024px\" \/><\/a><\/div>\t\t<\/div>\r\n\t\t\t<\/article>\r\n\t<article class=\"w-grid-item us_animate_afb size_1x1 post-7263 partenaires type-partenaires status-publish has-post-thumbnail hentry categorie_partenaire-membres\" data-id=\"7263\" style=\"animation-delay:1.4s\">\r\n\t\t<div class=\"w-grid-item-h\">\r\n\t\t\t\t\t\t<div class=\"w-post-elm post_image usg_post_image_1 stretched\"><a target=\"_blank\" href=\"https:\/\/www.cdec-lasallelachine.ca\/\" aria-label=\"CDEC Lasalle-Lachine\"><img decoding=\"async\" width=\"448\" height=\"258\" src=\"https:\/\/transitionencommun.org\/wp-content\/uploads\/2026\/04\/CDEC-Lachine-Logo.png\" class=\"attachment-large size-large wp-post-image\" alt=\"\" srcset=\"https:\/\/transitionencommun.org\/wp-content\/uploads\/2026\/04\/CDEC-Lachine-Logo.png 448w, https:\/\/transitionencommun.org\/wp-content\/uploads\/2026\/04\/CDEC-Lachine-Logo-300x173.png 300w\" sizes=\"(max-width: 448px) 100vw, 448px\" \/><\/a><\/div>\t\t<\/div>\r\n\t\t\t<\/article>\r\n\t<article class=\"w-grid-item us_animate_afb size_1x1 post-7261 partenaires type-partenaires status-publish has-post-thumbnail hentry categorie_partenaire-membres\" data-id=\"7261\" style=\"animation-delay:0s\">\r\n\t\t<div class=\"w-grid-item-h\">\r\n\t\t\t\t\t\t<div class=\"w-post-elm post_image usg_post_image_1 stretched\"><a target=\"_blank\" href=\"https:\/\/www.cvm.qc.ca\/programme\/techniques-education-specialisee\/nous-joindre\/\" aria-label=\"C\u00e9gep du Vieux-Montr\u00e9al &#8211; D\u00e9partement d&#8217;\u00e9ducation sp\u00e9cialis\u00e9e\"><img decoding=\"async\" width=\"1008\" height=\"209\" src=\"https:\/\/transitionencommun.org\/wp-content\/uploads\/2026\/04\/CVM-logo.jpg\" class=\"attachment-large size-large wp-post-image\" alt=\"\" srcset=\"https:\/\/transitionencommun.org\/wp-content\/uploads\/2026\/04\/CVM-logo.jpg 1008w, https:\/\/transitionencommun.org\/wp-content\/uploads\/2026\/04\/CVM-logo-300x62.jpg 300w, https:\/\/transitionencommun.org\/wp-content\/uploads\/2026\/04\/CVM-logo-500x104.jpg 500w, https:\/\/transitionencommun.org\/wp-content\/uploads\/2026\/04\/CVM-logo-600x124.jpg 600w\" sizes=\"(max-width: 1008px) 100vw, 1008px\" \/><\/a><\/div>\t\t<\/div>\r\n\t\t\t<\/article>\r\n\t<article class=\"w-grid-item us_animate_afb size_1x1 post-2599 partenaires type-partenaires status-publish has-post-thumbnail hentry categorie_partenaire-membres\" data-id=\"2599\" style=\"animation-delay:0.1s\">\r\n\t\t<div class=\"w-grid-item-h\">\r\n\t\t\t\t\t\t<div class=\"w-post-elm post_image usg_post_image_1 stretched\"><a target=\"_blank\" href=\"https:\/\/www.ecologieurbaine.net\/fr\/\" aria-label=\"Centre d&#8217;\u00e9cologie urbaine\"><img decoding=\"async\" width=\"1024\" height=\"395\" src=\"https:\/\/transitionencommun.org\/wp-content\/uploads\/2024\/08\/ceum-1024x395.webp\" class=\"attachment-large size-large wp-post-image\" alt=\"\" srcset=\"https:\/\/transitionencommun.org\/wp-content\/uploads\/2024\/08\/ceum-1024x395.webp 1024w, https:\/\/transitionencommun.org\/wp-content\/uploads\/2024\/08\/ceum-300x116.webp 300w, https:\/\/transitionencommun.org\/wp-content\/uploads\/2024\/08\/ceum.webp 1560w\" sizes=\"(max-width: 1024px) 100vw, 1024px\" \/><\/a><\/div>\t\t<\/div>\r\n\t\t\t<\/article>\r\n\t<article class=\"w-grid-item us_animate_afb size_1x1 post-6151 partenaires type-partenaires status-publish has-post-thumbnail hentry categorie_partenaire-membres\" data-id=\"6151\" style=\"animation-delay:0.2s\">\r\n\t\t<div class=\"w-grid-item-h\">\r\n\t\t\t\t\t\t<div class=\"w-post-elm post_image usg_post_image_1 stretched\"><a target=\"_blank\" href=\"https:\/\/cerse.crosemont.qc.ca\/\" aria-label=\"C\u00c9RS\u00c9 &#8211; Centre d&#8217;\u00e9tude en responsabilit\u00e9 sociale et \u00e9cocitoyennet\u00e9 (CCTT)\"><img decoding=\"async\" width=\"700\" height=\"152\" src=\"https:\/\/transitionencommun.org\/wp-content\/uploads\/2025\/11\/logo-cerse-rosemont.png\" class=\"attachment-large size-large wp-post-image\" alt=\"\" srcset=\"https:\/\/transitionencommun.org\/wp-content\/uploads\/2025\/11\/logo-cerse-rosemont.png 700w, https:\/\/transitionencommun.org\/wp-content\/uploads\/2025\/11\/logo-cerse-rosemont-300x65.png 300w\" sizes=\"(max-width: 700px) 100vw, 700px\" \/><\/a><\/div>\t\t<\/div>\r\n\t\t\t<\/article>\r\n\t<article class=\"w-grid-item us_animate_afb size_1x1 post-2598 partenaires type-partenaires status-publish has-post-thumbnail hentry categorie_partenaire-membres\" data-id=\"2598\" style=\"animation-delay:0.3s\">\r\n\t\t<div class=\"w-grid-item-h\">\r\n\t\t\t\t\t\t<div class=\"w-post-elm post_image usg_post_image_1 stretched\"><a target=\"_blank\" href=\"https:\/\/www.esmtl.ca\/\" aria-label=\"C\u00c9SIM\"><img decoding=\"async\" width=\"367\" height=\"137\" src=\"https:\/\/transitionencommun.org\/wp-content\/uploads\/2024\/07\/logo-cesim.png\" class=\"attachment-large size-large wp-post-image\" alt=\"C\u00e9sim\" srcset=\"https:\/\/transitionencommun.org\/wp-content\/uploads\/2024\/07\/logo-cesim.png 367w, https:\/\/transitionencommun.org\/wp-content\/uploads\/2024\/07\/logo-cesim-300x112.png 300w\" sizes=\"(max-width: 367px) 100vw, 367px\" \/><\/a><\/div>\t\t<\/div>\r\n\t\t\t<\/article>\r\n\t<article class=\"w-grid-item us_animate_afb size_1x1 post-5393 partenaires type-partenaires status-publish has-post-thumbnail hentry categorie_partenaire-membres\" data-id=\"5393\" style=\"animation-delay:0.4s\">\r\n\t\t<div class=\"w-grid-item-h\">\r\n\t\t\t\t\t\t<div class=\"w-post-elm post_image usg_post_image_1 stretched\"><a target=\"_blank\" href=\"https:\/\/crc-mesopolis.uqam.ca\/\" aria-label=\"Chaire de recherche du Canada sur les petites et moyennes villes en transformation\"><img decoding=\"async\" width=\"300\" height=\"106\" src=\"https:\/\/transitionencommun.org\/wp-content\/uploads\/2025\/05\/Chaire-de-recherche-du-Canada-sur-les-petites-et-moyennes-villes-en-transformation-LOGO.png\" class=\"attachment-large size-large wp-post-image\" alt=\"\" \/><\/a><\/div>\t\t<\/div>\r\n\t\t\t<\/article>\r\n\t<article class=\"w-grid-item us_animate_afb size_1x1 post-2601 partenaires type-partenaires status-publish has-post-thumbnail hentry categorie_partenaire-membres\" data-id=\"2601\" style=\"animation-delay:0.5s\">\r\n\t\t<div class=\"w-grid-item-h\">\r\n\t\t\t\t\t\t<div class=\"w-post-elm post_image usg_post_image_1 stretched\"><a target=\"_blank\" href=\"https:\/\/chairetransition.esg.uqam.ca\/\" aria-label=\"Chaire de recherche sur la transition \u00e9cologique | ESG UQ\u00c0M\"><img decoding=\"async\" width=\"348\" height=\"127\" src=\"https:\/\/transitionencommun.org\/wp-content\/uploads\/2024\/08\/CRTEESG.webp\" class=\"attachment-large size-large wp-post-image\" alt=\"\" srcset=\"https:\/\/transitionencommun.org\/wp-content\/uploads\/2024\/08\/CRTEESG.webp 348w, https:\/\/transitionencommun.org\/wp-content\/uploads\/2024\/08\/CRTEESG-300x109.webp 300w\" sizes=\"(max-width: 348px) 100vw, 348px\" \/><\/a><\/div>\t\t<\/div>\r\n\t\t\t<\/article>\r\n\t<article class=\"w-grid-item us_animate_afb size_1x1 post-2603 partenaires type-partenaires status-publish has-post-thumbnail hentry categorie_partenaire-membres\" data-id=\"2603\" style=\"animation-delay:0.6s\">\r\n\t\t<div class=\"w-grid-item-h\">\r\n\t\t\t\t\t\t<div class=\"w-post-elm post_image usg_post_image_1 stretched\"><a target=\"_blank\" href=\"https:\/\/cheminsdetransition.org\/\" aria-label=\"Chemins de transition\"><img decoding=\"async\" width=\"772\" height=\"167\" src=\"https:\/\/transitionencommun.org\/wp-content\/uploads\/2024\/07\/chemin-de-transition_logo.png\" class=\"attachment-large size-large wp-post-image\" alt=\"Chemins de transition\" srcset=\"https:\/\/transitionencommun.org\/wp-content\/uploads\/2024\/07\/chemin-de-transition_logo.png 772w, https:\/\/transitionencommun.org\/wp-content\/uploads\/2024\/07\/chemin-de-transition_logo-300x65.png 300w\" sizes=\"(max-width: 772px) 100vw, 772px\" \/><\/a><\/div>\t\t<\/div>\r\n\t\t\t<\/article>\r\n\t<article class=\"w-grid-item us_animate_afb size_1x1 post-2617 partenaires type-partenaires status-publish has-post-thumbnail hentry categorie_partenaire-membres\" data-id=\"2617\" style=\"animation-delay:0.7s\">\r\n\t\t<div class=\"w-grid-item-h\">\r\n\t\t\t\t\t\t<div class=\"w-post-elm post_image usg_post_image_1 stretched\"><a target=\"_blank\" href=\"https:\/\/montreal.ca\/unites\/conseil-interculturel-de-montreal\" aria-label=\"CIM\"><img decoding=\"async\" width=\"1024\" height=\"312\" src=\"https:\/\/transitionencommun.org\/wp-content\/uploads\/2024\/08\/LOGO-CIM_NOIR.jpg\" class=\"attachment-large size-large wp-post-image\" alt=\"\" \/><\/a><\/div>\t\t<\/div>\r\n\t\t\t<\/article>\r\n\t<article class=\"w-grid-item us_animate_afb size_1x1 post-2611 partenaires type-partenaires status-publish has-post-thumbnail hentry categorie_partenaire-membres\" data-id=\"2611\" style=\"animation-delay:0.8s\">\r\n\t\t<div class=\"w-grid-item-h\">\r\n\t\t\t\t\t\t<div class=\"w-post-elm post_image usg_post_image_1 stretched\"><a target=\"_blank\" href=\"https:\/\/www.tablesdequartiermontreal.org\/la-cmtq\/\" aria-label=\"CMTQ\"><img decoding=\"async\" width=\"1024\" height=\"988\" src=\"https:\/\/transitionencommun.org\/wp-content\/uploads\/2024\/07\/cmtq_logo_cmyk-1-1024x988.jpeg\" class=\"attachment-large size-large wp-post-image\" alt=\"Coalition Montr\u00e9alaise des tables de quartier\" srcset=\"https:\/\/transitionencommun.org\/wp-content\/uploads\/2024\/07\/cmtq_logo_cmyk-1-1024x988.jpeg 1024w, https:\/\/transitionencommun.org\/wp-content\/uploads\/2024\/07\/cmtq_logo_cmyk-1-300x289.jpeg 300w, https:\/\/transitionencommun.org\/wp-content\/uploads\/2024\/07\/cmtq_logo_cmyk-1.jpeg 1999w\" sizes=\"(max-width: 1024px) 100vw, 1024px\" \/><\/a><\/div>\t\t<\/div>\r\n\t\t\t<\/article>\r\n\t<article class=\"w-grid-item us_animate_afb size_1x1 post-4573 partenaires type-partenaires status-publish has-post-thumbnail hentry categorie_partenaire-membres\" data-id=\"4573\" style=\"animation-delay:0.9s\">\r\n\t\t<div class=\"w-grid-item-h\">\r\n\t\t\t\t\t\t<div class=\"w-post-elm post_image usg_post_image_1 stretched\"><a target=\"_blank\" href=\"https:\/\/www.coalitionclimatmtl.org\/fr\/accueil\/\" aria-label=\"Coalition Climat Montr\u00e9al\"><img decoding=\"async\" width=\"225\" height=\"225\" src=\"https:\/\/transitionencommun.org\/wp-content\/uploads\/2024\/12\/CoalitionClimMTl.jpeg\" class=\"attachment-large size-large wp-post-image\" alt=\"\" srcset=\"https:\/\/transitionencommun.org\/wp-content\/uploads\/2024\/12\/CoalitionClimMTl.jpeg 225w, https:\/\/transitionencommun.org\/wp-content\/uploads\/2024\/12\/CoalitionClimMTl-150x150.jpeg 150w\" sizes=\"(max-width: 225px) 100vw, 225px\" \/><\/a><\/div>\t\t<\/div>\r\n\t\t\t<\/article>\r\n\t<article class=\"w-grid-item us_animate_afb size_1x1 post-4576 partenaires type-partenaires status-publish has-post-thumbnail hentry categorie_partenaire-membres\" data-id=\"4576\" style=\"animation-delay:1s\">\r\n\t\t<div class=\"w-grid-item-h\">\r\n\t\t\t\t\t\t<div class=\"w-post-elm post_image usg_post_image_1 stretched\"><a target=\"_blank\" href=\"https:\/\/ccmp-mpcc.com\/\" aria-label=\"Comit\u00e9 des Citoyen.ne.s de Milton Parc\"><img decoding=\"async\" width=\"780\" height=\"208\" src=\"https:\/\/transitionencommun.org\/wp-content\/uploads\/2024\/12\/Comite-des-citoyen-ne-s-Milton-Parc.png\" class=\"attachment-large size-large wp-post-image\" alt=\"\" srcset=\"https:\/\/transitionencommun.org\/wp-content\/uploads\/2024\/12\/Comite-des-citoyen-ne-s-Milton-Parc.png 780w, https:\/\/transitionencommun.org\/wp-content\/uploads\/2024\/12\/Comite-des-citoyen-ne-s-Milton-Parc-300x80.png 300w\" sizes=\"(max-width: 780px) 100vw, 780px\" \/><\/a><\/div>\t\t<\/div>\r\n\t\t\t<\/article>\r\n\t<article class=\"w-grid-item us_animate_afb size_1x1 post-5972 partenaires type-partenaires status-publish has-post-thumbnail hentry categorie_partenaire-membres\" data-id=\"5972\" style=\"animation-delay:1.1s\">\r\n\t\t<div class=\"w-grid-item-h\">\r\n\t\t\t\t\t\t<div class=\"w-post-elm post_image usg_post_image_1 stretched\"><a target=\"_blank\" href=\"https:\/\/cerclecarre.coop\/sitev2\/index.php\/vivre-a-la-cooperative\/#comites\" aria-label=\"Comit\u00e9 Vert de Coop\u00e9rative Cercle Carr\u00e9\"><img decoding=\"async\" width=\"225\" height=\"225\" src=\"https:\/\/transitionencommun.org\/wp-content\/uploads\/2025\/08\/CercleCarreLogo.png\" class=\"attachment-large size-large wp-post-image\" alt=\"\" srcset=\"https:\/\/transitionencommun.org\/wp-content\/uploads\/2025\/08\/CercleCarreLogo.png 225w, https:\/\/transitionencommun.org\/wp-content\/uploads\/2025\/08\/CercleCarreLogo-150x150.png 150w\" sizes=\"(max-width: 225px) 100vw, 225px\" \/><\/a><\/div>\t\t<\/div>\r\n\t\t\t<\/article>\r\n\t<article class=\"w-grid-item us_animate_afb size_1x1 post-5058 partenaires type-partenaires status-publish has-post-thumbnail hentry categorie_partenaire-membres\" data-id=\"5058\" style=\"animation-delay:1.2s\">\r\n\t\t<div class=\"w-grid-item-h\">\r\n\t\t\t\t\t\t<div class=\"w-post-elm post_image usg_post_image_1 stretched\"><a target=\"_blank\" href=\"https:\/\/concertationmtl.ca\/\" aria-label=\"Concertation Montr\u00e9al\"><img decoding=\"async\" width=\"442\" height=\"262\" src=\"https:\/\/transitionencommun.org\/wp-content\/uploads\/2025\/03\/ConcertationMontrealCMTL-LOGO.png\" class=\"attachment-large size-large wp-post-image\" alt=\"\" srcset=\"https:\/\/transitionencommun.org\/wp-content\/uploads\/2025\/03\/ConcertationMontrealCMTL-LOGO.png 442w, https:\/\/transitionencommun.org\/wp-content\/uploads\/2025\/03\/ConcertationMontrealCMTL-LOGO-300x178.png 300w\" sizes=\"(max-width: 442px) 100vw, 442px\" \/><\/a><\/div>\t\t<\/div>\r\n\t\t\t<\/article>\r\n\t<article class=\"w-grid-item us_animate_afb size_1x1 post-2615 partenaires type-partenaires status-publish has-post-thumbnail hentry categorie_partenaire-membres\" data-id=\"2615\" style=\"animation-delay:1.3s\">\r\n\t\t<div class=\"w-grid-item-h\">\r\n\t\t\t\t\t\t<div class=\"w-post-elm post_image usg_post_image_1 stretched\"><a target=\"_blank\" href=\"https:\/\/ville.montreal.qc.ca\/portal\/page?_pageid=6597,57357573&amp;_dad=portal&amp;_schema=PORTAL\" aria-label=\"Conseil des Montr\u00e9alaises\"><img decoding=\"async\" width=\"576\" height=\"285\" src=\"https:\/\/transitionencommun.org\/wp-content\/uploads\/2024\/08\/conseilmtalaises.jpeg\" class=\"attachment-large size-large wp-post-image\" alt=\"\" srcset=\"https:\/\/transitionencommun.org\/wp-content\/uploads\/2024\/08\/conseilmtalaises.jpeg 576w, https:\/\/transitionencommun.org\/wp-content\/uploads\/2024\/08\/conseilmtalaises-300x148.jpeg 300w\" sizes=\"(max-width: 576px) 100vw, 576px\" \/><\/a><\/div>\t\t<\/div>\r\n\t\t\t<\/article>\r\n\t<article class=\"w-grid-item us_animate_afb size_1x1 post-2619 partenaires type-partenaires status-publish has-post-thumbnail hentry categorie_partenaire-membres\" data-id=\"2619\" style=\"animation-delay:1.4s\">\r\n\t\t<div class=\"w-grid-item-h\">\r\n\t\t\t\t\t\t<div class=\"w-post-elm post_image usg_post_image_1 stretched\"><a target=\"_blank\" href=\"https:\/\/ville.montreal.qc.ca\/portal\/page?_pageid=8657,96323818&amp;_dad=portal&amp;_schema=PORTAL\" aria-label=\"Conseil jeunesse de Montr\u00e9al\"><img decoding=\"async\" width=\"232\" height=\"130\" src=\"https:\/\/transitionencommun.org\/wp-content\/uploads\/2024\/08\/cjm.png\" class=\"attachment-large size-large wp-post-image\" alt=\"\" \/><\/a><\/div>\t\t<\/div>\r\n\t\t\t<\/article>\r\n\t<article class=\"w-grid-item us_animate_afb size_1x1 post-2621 partenaires type-partenaires status-publish has-post-thumbnail hentry categorie_partenaire-membres\" data-id=\"2621\" style=\"animation-delay:0s\">\r\n\t\t<div class=\"w-grid-item-h\">\r\n\t\t\t\t\t\t<div class=\"w-post-elm post_image usg_post_image_1 stretched\"><a target=\"_blank\" href=\"https:\/\/coopcarbone.coop\/\" aria-label=\"COOP Carbone\"><img decoding=\"async\" width=\"1024\" height=\"197\" src=\"https:\/\/transitionencommun.org\/wp-content\/uploads\/2024\/08\/Untitled-design-2-1024x197.png\" class=\"attachment-large size-large wp-post-image\" alt=\"\" srcset=\"https:\/\/transitionencommun.org\/wp-content\/uploads\/2024\/08\/Untitled-design-2-1024x197.png 1024w, https:\/\/transitionencommun.org\/wp-content\/uploads\/2024\/08\/Untitled-design-2-300x58.png 300w, https:\/\/transitionencommun.org\/wp-content\/uploads\/2024\/08\/Untitled-design-2.png 1063w\" sizes=\"(max-width: 1024px) 100vw, 1024px\" \/><\/a><\/div>\t\t<\/div>\r\n\t\t\t<\/article>\r\n\t<article class=\"w-grid-item us_animate_afb size_1x1 post-4586 partenaires type-partenaires status-publish has-post-thumbnail hentry categorie_partenaire-membres\" data-id=\"4586\" style=\"animation-delay:0.1s\">\r\n\t\t<div class=\"w-grid-item-h\">\r\n\t\t\t\t\t\t<div class=\"w-post-elm post_image usg_post_image_1 stretched\"><a target=\"_blank\" href=\"https:\/\/www.sensclimat.coop\/\" aria-label=\"COOP Sens climat\"><img decoding=\"async\" width=\"1018\" height=\"392\" src=\"https:\/\/transitionencommun.org\/wp-content\/uploads\/2024\/12\/CoopSensClimat.png\" class=\"attachment-large size-large wp-post-image\" alt=\"\" srcset=\"https:\/\/transitionencommun.org\/wp-content\/uploads\/2024\/12\/CoopSensClimat.png 1018w, https:\/\/transitionencommun.org\/wp-content\/uploads\/2024\/12\/CoopSensClimat-300x116.png 300w\" sizes=\"(max-width: 1018px) 100vw, 1018px\" \/><\/a><\/div>\t\t<\/div>\r\n\t\t\t<\/article>\r\n\t<article class=\"w-grid-item us_animate_afb size_1x1 post-4787 partenaires type-partenaires status-publish has-post-thumbnail hentry categorie_partenaire-membres\" data-id=\"4787\" style=\"animation-delay:0.2s\">\r\n\t\t<div class=\"w-grid-item-h\">\r\n\t\t\t\t\t\t<div class=\"w-post-elm post_image usg_post_image_1 stretched\"><a target=\"_blank\" href=\"https:\/\/www.cdcrdp.org\/\" aria-label=\"Corporation de d\u00e9veloppement communautaire de RDP\"><img decoding=\"async\" width=\"243\" height=\"125\" src=\"https:\/\/transitionencommun.org\/wp-content\/uploads\/2025\/01\/cdc-rdp-logoVF-e1737833890370.png\" class=\"attachment-large size-large wp-post-image\" alt=\"\" \/><\/a><\/div>\t\t<\/div>\r\n\t\t\t<\/article>\r\n\t<article class=\"w-grid-item us_animate_afb size_1x1 post-2622 partenaires type-partenaires status-publish has-post-thumbnail hentry categorie_partenaire-membres\" data-id=\"2622\" style=\"animation-delay:0.3s\">\r\n\t\t<div class=\"w-grid-item-h\">\r\n\t\t\t\t\t\t<div class=\"w-post-elm post_image usg_post_image_1 stretched\"><a target=\"_blank\" href=\"https:\/\/www.cremtl.org\/fr\/\" aria-label=\"CRE Montr\u00e9al\"><img decoding=\"async\" width=\"500\" height=\"462\" src=\"https:\/\/transitionencommun.org\/wp-content\/uploads\/2024\/07\/CRE_Logo.png\" class=\"attachment-large size-large wp-post-image\" alt=\"CRE Montr\u00e9al\" srcset=\"https:\/\/transitionencommun.org\/wp-content\/uploads\/2024\/07\/CRE_Logo.png 500w, https:\/\/transitionencommun.org\/wp-content\/uploads\/2024\/07\/CRE_Logo-300x277.png 300w\" sizes=\"(max-width: 500px) 100vw, 500px\" \/><\/a><\/div>\t\t<\/div>\r\n\t\t\t<\/article>\r\n\t<article class=\"w-grid-item us_animate_afb size_1x1 post-2623 partenaires type-partenaires status-publish has-post-thumbnail hentry categorie_partenaire-membres\" data-id=\"2623\" style=\"animation-delay:0.4s\">\r\n\t\t<div class=\"w-grid-item-h\">\r\n\t\t\t\t\t\t<div class=\"w-post-elm post_image usg_post_image_1 stretched\"><a target=\"_blank\" href=\"https:\/\/crises.uqam.ca\/\" aria-label=\"CRISES\"><img decoding=\"async\" width=\"1024\" height=\"422\" src=\"https:\/\/transitionencommun.org\/wp-content\/uploads\/2024\/07\/logo_long_cmyk-1024x422.jpeg\" class=\"attachment-large size-large wp-post-image\" alt=\"Centre de recherche sur les innovations sociales (crises)\" srcset=\"https:\/\/transitionencommun.org\/wp-content\/uploads\/2024\/07\/logo_long_cmyk-1024x422.jpeg 1024w, https:\/\/transitionencommun.org\/wp-content\/uploads\/2024\/07\/logo_long_cmyk-300x124.jpeg 300w, https:\/\/transitionencommun.org\/wp-content\/uploads\/2024\/07\/logo_long_cmyk.jpeg 1275w\" sizes=\"(max-width: 1024px) 100vw, 1024px\" \/><\/a><\/div>\t\t<\/div>\r\n\t\t\t<\/article>\r\n\t<article class=\"w-grid-item us_animate_afb size_1x1 post-2624 partenaires type-partenaires status-publish has-post-thumbnail hentry categorie_partenaire-membres\" data-id=\"2624\" style=\"animation-delay:0.5s\">\r\n\t\t<div class=\"w-grid-item-h\">\r\n\t\t\t\t\t\t<div class=\"w-post-elm post_image usg_post_image_1 stretched\"><a target=\"_blank\" href=\"https:\/\/critic-communs.ca\/\" aria-label=\"CRITIC\"><img decoding=\"async\" width=\"300\" height=\"107\" src=\"https:\/\/transitionencommun.org\/wp-content\/uploads\/2024\/07\/LOGO_CRITIC_ORANGE-300x107-1.webp\" class=\"attachment-large size-large wp-post-image\" alt=\"Critic\" \/><\/a><\/div>\t\t<\/div>\r\n\t\t\t<\/article>\r\n\t<article class=\"w-grid-item us_animate_afb size_1x1 post-4579 partenaires type-partenaires status-publish has-post-thumbnail hentry categorie_partenaire-membres\" data-id=\"4579\" style=\"animation-delay:0.6s\">\r\n\t\t<div class=\"w-grid-item-h\">\r\n\t\t\t\t\t\t<div class=\"w-post-elm post_image usg_post_image_1 stretched\"><a target=\"_blank\" href=\"https:\/\/www.montrealmetropoleensante.ca\/a-propos\/sam\/\" aria-label=\"CSAM\"><img decoding=\"async\" width=\"740\" height=\"389\" src=\"https:\/\/transitionencommun.org\/wp-content\/uploads\/2024\/12\/CSAM.jpg\" class=\"attachment-large size-large wp-post-image\" alt=\"\" srcset=\"https:\/\/transitionencommun.org\/wp-content\/uploads\/2024\/12\/CSAM.jpg 740w, https:\/\/transitionencommun.org\/wp-content\/uploads\/2024\/12\/CSAM-300x158.jpg 300w\" sizes=\"(max-width: 740px) 100vw, 740px\" \/><\/a><\/div>\t\t<\/div>\r\n\t\t\t<\/article>\r\n\t<article class=\"w-grid-item us_animate_afb size_1x1 post-2625 partenaires type-partenaires status-publish has-post-thumbnail hentry categorie_partenaire-membres\" data-id=\"2625\" style=\"animation-delay:0.7s\">\r\n\t\t<div class=\"w-grid-item-h\">\r\n\t\t\t\t\t\t<div class=\"w-post-elm post_image usg_post_image_1 stretched\"><a target=\"_blank\" href=\"https:\/\/culturemontreal.ca\/\" aria-label=\"Culture Montr\u00e9al\"><img decoding=\"async\" width=\"1024\" height=\"571\" src=\"https:\/\/transitionencommun.org\/wp-content\/uploads\/2024\/07\/logo-culture-montreial_couleurs-1024x571.png\" class=\"attachment-large size-large wp-post-image\" alt=\"Culture Montr\u00e9al\" srcset=\"https:\/\/transitionencommun.org\/wp-content\/uploads\/2024\/07\/logo-culture-montreial_couleurs-1024x571.png 1024w, https:\/\/transitionencommun.org\/wp-content\/uploads\/2024\/07\/logo-culture-montreial_couleurs-300x167.png 300w, https:\/\/transitionencommun.org\/wp-content\/uploads\/2024\/07\/logo-culture-montreial_couleurs.png 2000w\" sizes=\"(max-width: 1024px) 100vw, 1024px\" \/><\/a><\/div>\t\t<\/div>\r\n\t\t\t<\/article>\r\n\t<article class=\"w-grid-item us_animate_afb size_1x1 post-5306 partenaires type-partenaires status-publish has-post-thumbnail hentry categorie_partenaire-membres\" data-id=\"5306\" style=\"animation-delay:0.8s\">\r\n\t\t<div class=\"w-grid-item-h\">\r\n\t\t\t\t\t\t<div class=\"w-post-elm post_image usg_post_image_1 stretched\"><a target=\"_blank\" href=\"https:\/\/cyclonordsud.org\/\" aria-label=\"Cyclo Nord-Sud\"><img decoding=\"async\" width=\"300\" height=\"141\" src=\"https:\/\/transitionencommun.org\/wp-content\/uploads\/2025\/04\/CycloNordSud-LOGO.jpg\" class=\"attachment-large size-large wp-post-image\" alt=\"\" \/><\/a><\/div>\t\t<\/div>\r\n\t\t\t<\/article>\r\n\t<article class=\"w-grid-item us_animate_afb size_1x1 post-2626 partenaires type-partenaires status-publish has-post-thumbnail hentry categorie_partenaire-membres\" data-id=\"2626\" style=\"animation-delay:0.9s\">\r\n\t\t<div class=\"w-grid-item-h\">\r\n\t\t\t\t\t\t<div class=\"w-post-elm post_image usg_post_image_1 stretched\"><a target=\"_blank\" href=\"https:\/\/demainverdun.org\/\" aria-label=\"Demain Verdun\"><img decoding=\"async\" width=\"993\" height=\"760\" src=\"https:\/\/transitionencommun.org\/wp-content\/uploads\/2024\/08\/DemainVerdun.png\" class=\"attachment-large size-large wp-post-image\" alt=\"\" srcset=\"https:\/\/transitionencommun.org\/wp-content\/uploads\/2024\/08\/DemainVerdun.png 993w, https:\/\/transitionencommun.org\/wp-content\/uploads\/2024\/08\/DemainVerdun-300x230.png 300w\" sizes=\"(max-width: 993px) 100vw, 993px\" \/><\/a><\/div>\t\t<\/div>\r\n\t\t\t<\/article>\r\n\t<article class=\"w-grid-item us_animate_afb size_1x1 post-6677 partenaires type-partenaires status-publish has-post-thumbnail hentry categorie_partenaire-membres\" data-id=\"6677\" style=\"animation-delay:1s\">\r\n\t\t<div class=\"w-grid-item-h\">\r\n\t\t\t\t\t\t<div class=\"w-post-elm post_image usg_post_image_1 stretched\"><a target=\"_blank\" href=\"https:\/\/documentalistescanada.ca\/\" aria-label=\"Documentalistes Montr\u00e9al\"><img decoding=\"async\" width=\"768\" height=\"239\" src=\"https:\/\/transitionencommun.org\/wp-content\/uploads\/2026\/02\/DocumentalistesCanLogo.png\" class=\"attachment-large size-large wp-post-image\" alt=\"\" srcset=\"https:\/\/transitionencommun.org\/wp-content\/uploads\/2026\/02\/DocumentalistesCanLogo.png 768w, https:\/\/transitionencommun.org\/wp-content\/uploads\/2026\/02\/DocumentalistesCanLogo-300x93.png 300w, https:\/\/transitionencommun.org\/wp-content\/uploads\/2026\/02\/DocumentalistesCanLogo-500x156.png 500w, https:\/\/transitionencommun.org\/wp-content\/uploads\/2026\/02\/DocumentalistesCanLogo-600x187.png 600w\" sizes=\"(max-width: 768px) 100vw, 768px\" \/><\/a><\/div>\t\t<\/div>\r\n\t\t\t<\/article>\r\n\t<article class=\"w-grid-item us_animate_afb size_1x1 post-2597 partenaires type-partenaires status-publish has-post-thumbnail hentry categorie_partenaire-membres\" data-id=\"2597\" style=\"animation-delay:1.1s\">\r\n\t\t<div class=\"w-grid-item-h\">\r\n\t\t\t\t\t\t<div class=\"w-post-elm post_image usg_post_image_1 stretched\"><a target=\"_blank\" href=\"https:\/\/ciusss-centresudmtl.gouv.qc.ca\/\" aria-label=\"DRSP &#8211; CIUSS du Centre-Sud-de-l&#8217;\u00cele-de-Montr\u00e9al\"><img decoding=\"async\" width=\"400\" height=\"206\" src=\"https:\/\/transitionencommun.org\/wp-content\/uploads\/2024\/07\/ciussscentresudcouleurs_logo.png\" class=\"attachment-large size-large wp-post-image\" alt=\"Centre int\u00e9gr\u00e9 universitaire de sant\u00e9 et de services sociaux du Centre-Sud-de-l&#039;\u00eele-de-Montr\u00e9al\" srcset=\"https:\/\/transitionencommun.org\/wp-content\/uploads\/2024\/07\/ciussscentresudcouleurs_logo.png 400w, https:\/\/transitionencommun.org\/wp-content\/uploads\/2024\/07\/ciussscentresudcouleurs_logo-300x155.png 300w\" sizes=\"(max-width: 400px) 100vw, 400px\" \/><\/a><\/div>\t\t<\/div>\r\n\t\t\t<\/article>\r\n\t<article class=\"w-grid-item us_animate_afb size_1x1 post-4590 partenaires type-partenaires status-publish has-post-thumbnail hentry categorie_partenaire-membres\" data-id=\"4590\" style=\"animation-delay:1.2s\">\r\n\t\t<div class=\"w-grid-item-h\">\r\n\t\t\t\t\t\t<div class=\"w-post-elm post_image usg_post_image_1 stretched\"><a target=\"_blank\" href=\"https:\/\/art-eclore.org\/\" aria-label=\"\u00c9clore\"><img decoding=\"async\" width=\"1024\" height=\"355\" src=\"https:\/\/transitionencommun.org\/wp-content\/uploads\/2024\/12\/eclore-1024x355.jpg\" class=\"attachment-large size-large wp-post-image\" alt=\"\" srcset=\"https:\/\/transitionencommun.org\/wp-content\/uploads\/2024\/12\/eclore-1024x355.jpg 1024w, https:\/\/transitionencommun.org\/wp-content\/uploads\/2024\/12\/eclore-300x104.jpg 300w, https:\/\/transitionencommun.org\/wp-content\/uploads\/2024\/12\/eclore.jpg 1152w\" sizes=\"(max-width: 1024px) 100vw, 1024px\" \/><\/a><\/div>\t\t<\/div>\r\n\t\t\t<\/article>\r\n\t<article class=\"w-grid-item us_animate_afb size_1x1 post-7457 partenaires type-partenaires status-publish has-post-thumbnail hentry categorie_partenaire-membres\" data-id=\"7457\" style=\"animation-delay:1.3s\">\r\n\t\t<div class=\"w-grid-item-h\">\r\n\t\t\t\t\t\t<div class=\"w-post-elm post_image usg_post_image_1 stretched\"><a target=\"_blank\" href=\"https:\/\/collectif-ecomotion.org\/\" aria-label=\"\u00c9co-Motion\"><img decoding=\"async\" width=\"1024\" height=\"627\" src=\"https:\/\/transitionencommun.org\/wp-content\/uploads\/2026\/05\/EcoMotionLogo-1024x627.png\" class=\"attachment-large size-large wp-post-image\" alt=\"\" srcset=\"https:\/\/transitionencommun.org\/wp-content\/uploads\/2026\/05\/EcoMotionLogo-1024x627.png 1024w, https:\/\/transitionencommun.org\/wp-content\/uploads\/2026\/05\/EcoMotionLogo-300x184.png 300w, https:\/\/transitionencommun.org\/wp-content\/uploads\/2026\/05\/EcoMotionLogo-500x306.png 500w, https:\/\/transitionencommun.org\/wp-content\/uploads\/2026\/05\/EcoMotionLogo-600x367.png 600w, https:\/\/transitionencommun.org\/wp-content\/uploads\/2026\/05\/EcoMotionLogo.png 1400w\" sizes=\"(max-width: 1024px) 100vw, 1024px\" \/><\/a><\/div>\t\t<\/div>\r\n\t\t\t<\/article>\r\n\t<article class=\"w-grid-item us_animate_afb size_1x1 post-5384 partenaires type-partenaires status-publish has-post-thumbnail hentry categorie_partenaire-membres\" data-id=\"5384\" style=\"animation-delay:1.4s\">\r\n\t\t<div class=\"w-grid-item-h\">\r\n\t\t\t\t\t\t<div class=\"w-post-elm post_image usg_post_image_1 stretched\"><a target=\"_blank\" href=\"https:\/\/ecosceno.org\/\" aria-label=\"\u00c9cosc\u00e9no\"><img decoding=\"async\" width=\"318\" height=\"159\" src=\"https:\/\/transitionencommun.org\/wp-content\/uploads\/2025\/05\/EcoscenoLogo.png\" class=\"attachment-large size-large wp-post-image\" alt=\"\" srcset=\"https:\/\/transitionencommun.org\/wp-content\/uploads\/2025\/05\/EcoscenoLogo.png 318w, https:\/\/transitionencommun.org\/wp-content\/uploads\/2025\/05\/EcoscenoLogo-300x150.png 300w\" sizes=\"(max-width: 318px) 100vw, 318px\" \/><\/a><\/div>\t\t<\/div>\r\n\t\t\t<\/article>\r\n\t<article class=\"w-grid-item us_animate_afb size_1x1 post-6166 partenaires type-partenaires status-publish has-post-thumbnail hentry categorie_partenaire-membres\" data-id=\"6166\" style=\"animation-delay:0s\">\r\n\t\t<div class=\"w-grid-item-h\">\r\n\t\t\t\t\t\t<div class=\"w-post-elm post_image usg_post_image_1 stretched\"><a target=\"_blank\" href=\"https:\/\/www.effervescence-citoyenne.xyz\/\" aria-label=\"Effervescence citoyenne\"><img decoding=\"async\" width=\"768\" height=\"204\" src=\"https:\/\/transitionencommun.org\/wp-content\/uploads\/2025\/11\/EffCitLOGO.png\" class=\"attachment-large size-large wp-post-image\" alt=\"\" srcset=\"https:\/\/transitionencommun.org\/wp-content\/uploads\/2025\/11\/EffCitLOGO.png 768w, https:\/\/transitionencommun.org\/wp-content\/uploads\/2025\/11\/EffCitLOGO-300x80.png 300w\" sizes=\"(max-width: 768px) 100vw, 768px\" \/><\/a><\/div>\t\t<\/div>\r\n\t\t\t<\/article>\r\n\t<article class=\"w-grid-item us_animate_afb size_1x1 post-7260 partenaires type-partenaires status-publish has-post-thumbnail hentry categorie_partenaire-membres\" data-id=\"7260\" style=\"animation-delay:0.1s\">\r\n\t\t<div class=\"w-grid-item-h\">\r\n\t\t\t\t\t\t<div class=\"w-post-elm post_image usg_post_image_1 stretched\"><a target=\"_blank\" href=\"https:\/\/www.equiterre.org\/fr\" aria-label=\"Equiterre\"><img decoding=\"async\" width=\"907\" height=\"212\" src=\"https:\/\/transitionencommun.org\/wp-content\/uploads\/2026\/04\/Equiterre-Logo.png\" class=\"attachment-large size-large wp-post-image\" alt=\"\" srcset=\"https:\/\/transitionencommun.org\/wp-content\/uploads\/2026\/04\/Equiterre-Logo.png 907w, https:\/\/transitionencommun.org\/wp-content\/uploads\/2026\/04\/Equiterre-Logo-300x70.png 300w, https:\/\/transitionencommun.org\/wp-content\/uploads\/2026\/04\/Equiterre-Logo-500x117.png 500w, https:\/\/transitionencommun.org\/wp-content\/uploads\/2026\/04\/Equiterre-Logo-600x140.png 600w\" sizes=\"(max-width: 907px) 100vw, 907px\" \/><\/a><\/div>\t\t<\/div>\r\n\t\t\t<\/article>\r\n\t<article class=\"w-grid-item us_animate_afb size_1x1 post-4593 partenaires type-partenaires status-publish has-post-thumbnail hentry categorie_partenaire-membres\" data-id=\"4593\" style=\"animation-delay:0.2s\">\r\n\t\t<div class=\"w-grid-item-h\">\r\n\t\t\t\t\t\t<div class=\"w-post-elm post_image usg_post_image_1 stretched\"><a target=\"_blank\" href=\"https:\/\/www.villeautrement.ca\/\" aria-label=\"Espace Ville Autrement\"><img decoding=\"async\" width=\"300\" height=\"240\" src=\"https:\/\/transitionencommun.org\/wp-content\/uploads\/2024\/12\/EspaceVilleAutrement.png\" class=\"attachment-large size-large wp-post-image\" alt=\"\" \/><\/a><\/div>\t\t<\/div>\r\n\t\t\t<\/article>\r\n\t<article class=\"w-grid-item us_animate_afb size_1x1 post-7001 partenaires type-partenaires status-publish has-post-thumbnail hentry categorie_partenaire-membres\" data-id=\"7001\" style=\"animation-delay:0.3s\">\r\n\t\t<div class=\"w-grid-item-h\">\r\n\t\t\t\t\t\t<div class=\"w-post-elm post_image usg_post_image_1 stretched\"><a target=\"_blank\" href=\"https:\/\/exaequo.net\/\" aria-label=\"Ex aequo\"><img decoding=\"async\" width=\"1024\" height=\"297\" src=\"https:\/\/transitionencommun.org\/wp-content\/uploads\/2026\/03\/logo-exaequo-1024x297.png\" class=\"attachment-large size-large wp-post-image\" alt=\"\" srcset=\"https:\/\/transitionencommun.org\/wp-content\/uploads\/2026\/03\/logo-exaequo-1024x297.png 1024w, https:\/\/transitionencommun.org\/wp-content\/uploads\/2026\/03\/logo-exaequo-300x87.png 300w, https:\/\/transitionencommun.org\/wp-content\/uploads\/2026\/03\/logo-exaequo-500x145.png 500w, https:\/\/transitionencommun.org\/wp-content\/uploads\/2026\/03\/logo-exaequo-600x174.png 600w, https:\/\/transitionencommun.org\/wp-content\/uploads\/2026\/03\/logo-exaequo.png 1353w\" sizes=\"(max-width: 1024px) 100vw, 1024px\" \/><\/a><\/div>\t\t<\/div>\r\n\t\t\t<\/article>\r\n\t<article class=\"w-grid-item us_animate_afb size_1x1 post-4596 partenaires type-partenaires status-publish has-post-thumbnail hentry categorie_partenaire-membres\" data-id=\"4596\" style=\"animation-delay:0.4s\">\r\n\t\t<div class=\"w-grid-item-h\">\r\n\t\t\t\t\t\t<div class=\"w-post-elm post_image usg_post_image_1 stretched\"><a target=\"_blank\" href=\"https:\/\/exeko.org\/fr\" aria-label=\"Exeko\"><img decoding=\"async\" width=\"118\" height=\"47\" src=\"https:\/\/transitionencommun.org\/wp-content\/uploads\/2024\/12\/exeko.png\" class=\"attachment-large size-large wp-post-image\" alt=\"\" \/><\/a><\/div>\t\t<\/div>\r\n\t\t\t<\/article>\r\n\t<article class=\"w-grid-item us_animate_afb size_1x1 post-2631 partenaires type-partenaires status-publish has-post-thumbnail hentry categorie_partenaire-membres\" data-id=\"2631\" style=\"animation-delay:0.5s\">\r\n\t\t<div class=\"w-grid-item-h\">\r\n\t\t\t\t\t\t<div class=\"w-post-elm post_image usg_post_image_1 stretched\"><a target=\"_blank\" href=\"https:\/\/www.pourlatransitionenergetique.org\/\" aria-label=\"FCT\u00c9\"><img decoding=\"async\" width=\"1024\" height=\"669\" src=\"https:\/\/transitionencommun.org\/wp-content\/uploads\/2024\/07\/logo-fcte-couleurhrtransparent-1024x669.png\" class=\"attachment-large size-large wp-post-image\" alt=\"Front commun pour la transition \u00e9nerg\u00e9tique\" srcset=\"https:\/\/transitionencommun.org\/wp-content\/uploads\/2024\/07\/logo-fcte-couleurhrtransparent-1024x669.png 1024w, https:\/\/transitionencommun.org\/wp-content\/uploads\/2024\/07\/logo-fcte-couleurhrtransparent-300x196.png 300w, https:\/\/transitionencommun.org\/wp-content\/uploads\/2024\/07\/logo-fcte-couleurhrtransparent.png 1723w\" sizes=\"(max-width: 1024px) 100vw, 1024px\" \/><\/a><\/div>\t\t<\/div>\r\n\t\t\t<\/article>\r\n\t<article class=\"w-grid-item us_animate_afb size_1x1 post-2630 partenaires type-partenaires status-publish has-post-thumbnail hentry categorie_partenaire-membres\" data-id=\"2630\" style=\"animation-delay:0.6s\">\r\n\t\t<div class=\"w-grid-item-h\">\r\n\t\t\t\t\t\t<div class=\"w-post-elm post_image usg_post_image_1 stretched\"><a target=\"_blank\" href=\"https:\/\/fr.davidsuzuki.org\/\" aria-label=\"Fondation David Suzuki\"><img decoding=\"async\" width=\"417\" height=\"192\" src=\"https:\/\/transitionencommun.org\/wp-content\/uploads\/2024\/07\/logo-fds-dsf-edited.png\" class=\"attachment-large size-large wp-post-image\" alt=\"Fondation David Suzuki\" srcset=\"https:\/\/transitionencommun.org\/wp-content\/uploads\/2024\/07\/logo-fds-dsf-edited.png 417w, https:\/\/transitionencommun.org\/wp-content\/uploads\/2024\/07\/logo-fds-dsf-edited-300x138.png 300w\" sizes=\"(max-width: 417px) 100vw, 417px\" \/><\/a><\/div>\t\t<\/div>\r\n\t\t\t<\/article>\r\n\t<article class=\"w-grid-item us_animate_afb size_1x1 post-4599 partenaires type-partenaires status-publish has-post-thumbnail hentry categorie_partenaire-membres\" data-id=\"4599\" style=\"animation-delay:0.7s\">\r\n\t\t<div class=\"w-grid-item-h\">\r\n\t\t\t\t\t\t<div class=\"w-post-elm post_image usg_post_image_1 stretched\"><a target=\"_blank\" href=\"https:\/\/grame.org\/\" aria-label=\"GRAME\"><img decoding=\"async\" width=\"1024\" height=\"498\" src=\"https:\/\/transitionencommun.org\/wp-content\/uploads\/2024\/12\/GRAME-1024x498.png\" class=\"attachment-large size-large wp-post-image\" alt=\"\" srcset=\"https:\/\/transitionencommun.org\/wp-content\/uploads\/2024\/12\/GRAME-1024x498.png 1024w, https:\/\/transitionencommun.org\/wp-content\/uploads\/2024\/12\/GRAME-300x146.png 300w, https:\/\/transitionencommun.org\/wp-content\/uploads\/2024\/12\/GRAME.png 1459w\" sizes=\"(max-width: 1024px) 100vw, 1024px\" \/><\/a><\/div>\t\t<\/div>\r\n\t\t\t<\/article>\r\n\t<article class=\"w-grid-item us_animate_afb size_1x1 post-7455 partenaires type-partenaires status-publish has-post-thumbnail hentry categorie_partenaire-membres\" data-id=\"7455\" style=\"animation-delay:0.8s\">\r\n\t\t<div class=\"w-grid-item-h\">\r\n\t\t\t\t\t\t<div class=\"w-post-elm post_image usg_post_image_1 stretched\"><a target=\"_blank\" href=\"https:\/\/provert.org\/\" aria-label=\"Groupe Pro-vert\"><img decoding=\"async\" width=\"600\" height=\"506\" src=\"https:\/\/transitionencommun.org\/wp-content\/uploads\/2026\/05\/provert-couleur.png\" class=\"attachment-large size-large wp-post-image\" alt=\"\" srcset=\"https:\/\/transitionencommun.org\/wp-content\/uploads\/2026\/05\/provert-couleur.png 600w, https:\/\/transitionencommun.org\/wp-content\/uploads\/2026\/05\/provert-couleur-300x253.png 300w, https:\/\/transitionencommun.org\/wp-content\/uploads\/2026\/05\/provert-couleur-500x422.png 500w, https:\/\/transitionencommun.org\/wp-content\/uploads\/2026\/05\/provert-couleur-474x400.png 474w\" sizes=\"(max-width: 600px) 100vw, 600px\" \/><\/a><\/div>\t\t<\/div>\r\n\t\t\t<\/article>\r\n\t<article class=\"w-grid-item us_animate_afb size_1x1 post-5387 partenaires type-partenaires status-publish has-post-thumbnail hentry categorie_partenaire-membres\" data-id=\"5387\" style=\"animation-delay:0.9s\">\r\n\t\t<div class=\"w-grid-item-h\">\r\n\t\t\t\t\t\t<div class=\"w-post-elm post_image usg_post_image_1 stretched\"><a target=\"_blank\" href=\"https:\/\/guuu.ca\/\" aria-label=\"GU\"><img decoding=\"async\" width=\"570\" height=\"200\" src=\"https:\/\/transitionencommun.org\/wp-content\/uploads\/2025\/05\/GULogo.png\" class=\"attachment-large size-large wp-post-image\" alt=\"\" srcset=\"https:\/\/transitionencommun.org\/wp-content\/uploads\/2025\/05\/GULogo.png 570w, https:\/\/transitionencommun.org\/wp-content\/uploads\/2025\/05\/GULogo-300x105.png 300w\" sizes=\"(max-width: 570px) 100vw, 570px\" \/><\/a><\/div>\t\t<\/div>\r\n\t\t\t<\/article>\r\n\t<article class=\"w-grid-item us_animate_afb size_1x1 post-5045 partenaires type-partenaires status-publish has-post-thumbnail hentry categorie_partenaire-membres\" data-id=\"5045\" style=\"animation-delay:1s\">\r\n\t\t<div class=\"w-grid-item-h\">\r\n\t\t\t\t\t\t<div class=\"w-post-elm post_image usg_post_image_1 stretched\"><a target=\"_blank\" href=\"https:\/\/hochelab.ca\/\" aria-label=\"HocheLab\"><img decoding=\"async\" width=\"629\" height=\"144\" src=\"https:\/\/transitionencommun.org\/wp-content\/uploads\/2025\/03\/Hochelab-logo-2.png\" class=\"attachment-large size-large wp-post-image\" alt=\"\" srcset=\"https:\/\/transitionencommun.org\/wp-content\/uploads\/2025\/03\/Hochelab-logo-2.png 629w, https:\/\/transitionencommun.org\/wp-content\/uploads\/2025\/03\/Hochelab-logo-2-300x69.png 300w\" sizes=\"(max-width: 629px) 100vw, 629px\" \/><\/a><\/div>\t\t<\/div>\r\n\t\t\t<\/article>\r\n\t<article class=\"w-grid-item us_animate_afb size_1x1 post-2632 partenaires type-partenaires status-publish has-post-thumbnail hentry categorie_partenaire-membres\" data-id=\"2632\" style=\"animation-delay:1.1s\">\r\n\t\t<div class=\"w-grid-item-h\">\r\n\t\t\t\t\t\t<div class=\"w-post-elm post_image usg_post_image_1 stretched\"><a target=\"_blank\" href=\"https:\/\/www.hoodstock.ca\/\" aria-label=\"Hoodstock\"><img decoding=\"async\" width=\"1024\" height=\"658\" src=\"https:\/\/transitionencommun.org\/wp-content\/uploads\/2024\/07\/logo-officiel-hoodstock-1024x658.jpeg\" class=\"attachment-large size-large wp-post-image\" alt=\"Hoodstock - We The Hood\" srcset=\"https:\/\/transitionencommun.org\/wp-content\/uploads\/2024\/07\/logo-officiel-hoodstock-1024x658.jpeg 1024w, https:\/\/transitionencommun.org\/wp-content\/uploads\/2024\/07\/logo-officiel-hoodstock-300x193.jpeg 300w, https:\/\/transitionencommun.org\/wp-content\/uploads\/2024\/07\/logo-officiel-hoodstock.jpeg 2000w\" sizes=\"(max-width: 1024px) 100vw, 1024px\" \/><\/a><\/div>\t\t<\/div>\r\n\t\t\t<\/article>\r\n\t<article class=\"w-grid-item us_animate_afb size_1x1 post-2640 partenaires type-partenaires status-publish has-post-thumbnail hentry categorie_partenaire-membres\" data-id=\"2640\" style=\"animation-delay:1.2s\">\r\n\t\t<div class=\"w-grid-item-h\">\r\n\t\t\t\t\t\t<div class=\"w-post-elm post_image usg_post_image_1 stretched\"><a target=\"_blank\" href=\"https:\/\/www.lehub.ca\/fr\/\" aria-label=\"HUB de mobilisation pour la justice climatique\"><img decoding=\"async\" width=\"680\" height=\"331\" src=\"https:\/\/transitionencommun.org\/wp-content\/uploads\/2024\/07\/logoHUB.webp\" class=\"attachment-large size-large wp-post-image\" alt=\"HUB\" srcset=\"https:\/\/transitionencommun.org\/wp-content\/uploads\/2024\/07\/logoHUB.webp 680w, https:\/\/transitionencommun.org\/wp-content\/uploads\/2024\/07\/logoHUB-300x146.webp 300w\" sizes=\"(max-width: 680px) 100vw, 680px\" \/><\/a><\/div>\t\t<\/div>\r\n\t\t\t<\/article>\r\n\t<article class=\"w-grid-item us_animate_afb size_1x1 post-4630 partenaires type-partenaires status-publish has-post-thumbnail hentry categorie_partenaire-membres\" data-id=\"4630\" style=\"animation-delay:1.3s\">\r\n\t\t<div class=\"w-grid-item-h\">\r\n\t\t\t\t\t\t<div class=\"w-post-elm post_image usg_post_image_1 stretched\"><a target=\"_blank\" href=\"https:\/\/www.iciela.org\/wp\/\" aria-label=\"ICI\u00c9LA\"><img decoding=\"async\" width=\"612\" height=\"464\" src=\"https:\/\/transitionencommun.org\/wp-content\/uploads\/2024\/12\/ICIELA.png\" class=\"attachment-large size-large wp-post-image\" alt=\"\" srcset=\"https:\/\/transitionencommun.org\/wp-content\/uploads\/2024\/12\/ICIELA.png 612w, https:\/\/transitionencommun.org\/wp-content\/uploads\/2024\/12\/ICIELA-300x227.png 300w\" sizes=\"(max-width: 612px) 100vw, 612px\" \/><\/a><\/div>\t\t<\/div>\r\n\t\t\t<\/article>\r\n\t<article class=\"w-grid-item us_animate_afb size_1x1 post-4602 partenaires type-partenaires status-publish has-post-thumbnail hentry categorie_partenaire-membres\" data-id=\"4602\" style=\"animation-delay:1.4s\">\r\n\t\t<div class=\"w-grid-item-h\">\r\n\t\t\t\t\t\t<div class=\"w-post-elm post_image usg_post_image_1 stretched\"><a target=\"_blank\" href=\"https:\/\/institutcoop.hec.ca\/\" aria-label=\"IICADD\"><img decoding=\"async\" width=\"400\" height=\"138\" src=\"https:\/\/transitionencommun.org\/wp-content\/uploads\/2024\/12\/IICAD.png\" class=\"attachment-large size-large wp-post-image\" alt=\"\" srcset=\"https:\/\/transitionencommun.org\/wp-content\/uploads\/2024\/12\/IICAD.png 400w, https:\/\/transitionencommun.org\/wp-content\/uploads\/2024\/12\/IICAD-300x104.png 300w\" sizes=\"(max-width: 400px) 100vw, 400px\" \/><\/a><\/div>\t\t<\/div>\r\n\t\t\t<\/article>\r\n\t<article class=\"w-grid-item us_animate_afb size_1x1 post-4620 partenaires type-partenaires status-publish has-post-thumbnail hentry categorie_partenaire-membres\" data-id=\"4620\" style=\"animation-delay:0s\">\r\n\t\t<div class=\"w-grid-item-h\">\r\n\t\t\t\t\t\t<div class=\"w-post-elm post_image usg_post_image_1 stretched\"><a target=\"_blank\" href=\"https:\/\/bientot.ilot-montreal.org\/\" aria-label=\"\u00eelot &#8211; Une monnaie pour montr\u00e9al\"><img decoding=\"async\" width=\"207\" height=\"94\" src=\"https:\/\/transitionencommun.org\/wp-content\/uploads\/2024\/12\/ilot.jpg\" class=\"attachment-large size-large wp-post-image\" alt=\"\" \/><\/a><\/div>\t\t<\/div>\r\n\t\t\t<\/article>\r\n\t<article class=\"w-grid-item us_animate_afb size_1x1 post-2633 partenaires type-partenaires status-publish has-post-thumbnail hentry categorie_partenaire-membres\" data-id=\"2633\" style=\"animation-delay:0.1s\">\r\n\t\t<div class=\"w-grid-item-h\">\r\n\t\t\t\t\t\t<div class=\"w-post-elm post_image usg_post_image_1 stretched\"><a target=\"_blank\" href=\"https:\/\/inm.qc.ca\/\" aria-label=\"INM\"><img decoding=\"async\" width=\"460\" height=\"351\" src=\"https:\/\/transitionencommun.org\/wp-content\/uploads\/2024\/07\/logo_inm_couleur-1-2.png\" class=\"attachment-large size-large wp-post-image\" alt=\"INM\" srcset=\"https:\/\/transitionencommun.org\/wp-content\/uploads\/2024\/07\/logo_inm_couleur-1-2.png 460w, https:\/\/transitionencommun.org\/wp-content\/uploads\/2024\/07\/logo_inm_couleur-1-2-300x229.png 300w\" sizes=\"(max-width: 460px) 100vw, 460px\" \/><\/a><\/div>\t\t<\/div>\r\n\t\t\t<\/article>\r\n\t<article class=\"w-grid-item us_animate_afb size_1x1 post-2634 partenaires type-partenaires status-publish has-post-thumbnail hentry categorie_partenaire-membres\" data-id=\"2634\" style=\"animation-delay:0.2s\">\r\n\t\t<div class=\"w-grid-item-h\">\r\n\t\t\t\t\t\t<div class=\"w-post-elm post_image usg_post_image_1 stretched\"><a target=\"_blank\" href=\"https:\/\/www.concordia.ca\/research\/polanyi.html\" aria-label=\"Institut Karl Polany pour l&#8217;\u00e9conomie politique\"><img decoding=\"async\" width=\"495\" height=\"358\" src=\"https:\/\/transitionencommun.org\/wp-content\/uploads\/2024\/07\/Institut-Karl_Polanyi_Institute-logo-1.webp\" class=\"attachment-large size-large wp-post-image\" alt=\"Karl Polanyi Institute of Political Economy Concordia University\" srcset=\"https:\/\/transitionencommun.org\/wp-content\/uploads\/2024\/07\/Institut-Karl_Polanyi_Institute-logo-1.webp 495w, https:\/\/transitionencommun.org\/wp-content\/uploads\/2024\/07\/Institut-Karl_Polanyi_Institute-logo-1-300x217.webp 300w\" sizes=\"(max-width: 495px) 100vw, 495px\" \/><\/a><\/div>\t\t<\/div>\r\n\t\t\t<\/article>\r\n\t<article class=\"w-grid-item us_animate_afb size_1x1 post-6286 partenaires type-partenaires status-publish has-post-thumbnail hentry categorie_partenaire-membres\" data-id=\"6286\" style=\"animation-delay:0.3s\">\r\n\t\t<div class=\"w-grid-item-h\">\r\n\t\t\t\t\t\t<div class=\"w-post-elm post_image usg_post_image_1 stretched\"><a target=\"_blank\" href=\"https:\/\/montreal.ca\/lieux\/jardin-communautaire-rosemont\" aria-label=\"Jardin communautaire Rosemont\"><img decoding=\"async\" width=\"481\" height=\"352\" src=\"https:\/\/transitionencommun.org\/wp-content\/uploads\/2025\/11\/JardinCommunautaireRosemontLogo.jpg\" class=\"attachment-large size-large wp-post-image\" alt=\"\" srcset=\"https:\/\/transitionencommun.org\/wp-content\/uploads\/2025\/11\/JardinCommunautaireRosemontLogo.jpg 481w, https:\/\/transitionencommun.org\/wp-content\/uploads\/2025\/11\/JardinCommunautaireRosemontLogo-300x220.jpg 300w\" sizes=\"(max-width: 481px) 100vw, 481px\" \/><\/a><\/div>\t\t<\/div>\r\n\t\t\t<\/article>\r\n\t<article class=\"w-grid-item us_animate_afb size_1x1 post-5402 partenaires type-partenaires status-publish has-post-thumbnail hentry categorie_partenaire-membres\" data-id=\"5402\" style=\"animation-delay:0.4s\">\r\n\t\t<div class=\"w-grid-item-h\">\r\n\t\t\t\t\t\t<div class=\"w-post-elm post_image usg_post_image_1 stretched\"><a target=\"_blank\" href=\"https:\/\/www.jardinspourtous.com\/\" aria-label=\"Jardin Pour Tous\"><img decoding=\"async\" width=\"281\" height=\"101\" src=\"https:\/\/transitionencommun.org\/wp-content\/uploads\/2025\/05\/JardinPourTousLOGO.avif\" class=\"attachment-large size-large wp-post-image\" alt=\"\" \/><\/a><\/div>\t\t<\/div>\r\n\t\t\t<\/article>\r\n\t<article class=\"w-grid-item us_animate_afb size_1x1 post-5390 partenaires type-partenaires status-publish has-post-thumbnail hentry categorie_partenaire-membres\" data-id=\"5390\" style=\"animation-delay:0.5s\">\r\n\t\t<div class=\"w-grid-item-h\">\r\n\t\t\t\t\t\t<div class=\"w-post-elm post_image usg_post_image_1 stretched\"><a target=\"_blank\" href=\"https:\/\/www.idylle.ca\/\" aria-label=\"L&#8217;Idylle\"><img decoding=\"async\" width=\"676\" height=\"511\" src=\"https:\/\/transitionencommun.org\/wp-content\/uploads\/2025\/05\/IdylleLogo.png\" class=\"attachment-large size-large wp-post-image\" alt=\"\" srcset=\"https:\/\/transitionencommun.org\/wp-content\/uploads\/2025\/05\/IdylleLogo.png 676w, https:\/\/transitionencommun.org\/wp-content\/uploads\/2025\/05\/IdylleLogo-300x227.png 300w\" sizes=\"(max-width: 676px) 100vw, 676px\" \/><\/a><\/div>\t\t<\/div>\r\n\t\t\t<\/article>\r\n\t<article class=\"w-grid-item us_animate_afb size_1x1 post-6169 partenaires type-partenaires status-publish has-post-thumbnail hentry categorie_partenaire-membres\" data-id=\"6169\" style=\"animation-delay:0.6s\">\r\n\t\t<div class=\"w-grid-item-h\">\r\n\t\t\t\t\t\t<div class=\"w-post-elm post_image usg_post_image_1 stretched\"><a target=\"_blank\" href=\"https:\/\/www.facebook.com\/laplaneteauparlement\/?locale=fr_CA\" aria-label=\"La plan\u00e8te s&#8217;invite au parlement\"><img decoding=\"async\" width=\"200\" height=\"200\" src=\"https:\/\/transitionencommun.org\/wp-content\/uploads\/2025\/11\/LPSPLogo.jpg\" class=\"attachment-large size-large wp-post-image\" alt=\"\" srcset=\"https:\/\/transitionencommun.org\/wp-content\/uploads\/2025\/11\/LPSPLogo.jpg 200w, https:\/\/transitionencommun.org\/wp-content\/uploads\/2025\/11\/LPSPLogo-150x150.jpg 150w\" sizes=\"(max-width: 200px) 100vw, 200px\" \/><\/a><\/div>\t\t<\/div>\r\n\t\t\t<\/article>\r\n\t<article class=\"w-grid-item us_animate_afb size_1x1 post-7234 partenaires type-partenaires status-publish has-post-thumbnail hentry categorie_partenaire-membres\" data-id=\"7234\" style=\"animation-delay:0.7s\">\r\n\t\t<div class=\"w-grid-item-h\">\r\n\t\t\t\t\t\t<div class=\"w-post-elm post_image usg_post_image_1 stretched\"><a target=\"_blank\" href=\"https:\/\/laboequiteclimat.ca\/\" aria-label=\"Labo \u00c9quit\u00e9 Climat &#038; Chaire de recherche du Canada en action climatique urbaine, INRS Centre Urbanisation Culture Soci\u00e9t\u00e9\"><img decoding=\"async\" width=\"1024\" height=\"683\" src=\"https:\/\/transitionencommun.org\/wp-content\/uploads\/2026\/04\/LaboEquiteClimatLogo-1024x683.png\" class=\"attachment-large size-large wp-post-image\" alt=\"\" srcset=\"https:\/\/transitionencommun.org\/wp-content\/uploads\/2026\/04\/LaboEquiteClimatLogo-1024x683.png 1024w, https:\/\/transitionencommun.org\/wp-content\/uploads\/2026\/04\/LaboEquiteClimatLogo-300x200.png 300w, https:\/\/transitionencommun.org\/wp-content\/uploads\/2026\/04\/LaboEquiteClimatLogo-500x333.png 500w, https:\/\/transitionencommun.org\/wp-content\/uploads\/2026\/04\/LaboEquiteClimatLogo-600x400.png 600w, https:\/\/transitionencommun.org\/wp-content\/uploads\/2026\/04\/LaboEquiteClimatLogo.png 1200w\" sizes=\"(max-width: 1024px) 100vw, 1024px\" \/><\/a><\/div>\t\t<\/div>\r\n\t\t\t<\/article>\r\n\t<article class=\"w-grid-item us_animate_afb size_1x1 post-5303 partenaires type-partenaires status-publish has-post-thumbnail hentry categorie_partenaire-membres\" data-id=\"5303\" style=\"animation-delay:0.8s\">\r\n\t\t<div class=\"w-grid-item-h\">\r\n\t\t\t\t\t\t<div class=\"w-post-elm post_image usg_post_image_1 stretched\"><a target=\"_blank\" href=\"https:\/\/chicrestopop.com\/\" aria-label=\"Le Chic Resto Pop\"><img decoding=\"async\" width=\"1024\" height=\"806\" src=\"https:\/\/transitionencommun.org\/wp-content\/uploads\/2025\/04\/ChicRestoPopLogo-1024x806.png\" class=\"attachment-large size-large wp-post-image\" alt=\"\" srcset=\"https:\/\/transitionencommun.org\/wp-content\/uploads\/2025\/04\/ChicRestoPopLogo-1024x806.png 1024w, https:\/\/transitionencommun.org\/wp-content\/uploads\/2025\/04\/ChicRestoPopLogo-300x236.png 300w, https:\/\/transitionencommun.org\/wp-content\/uploads\/2025\/04\/ChicRestoPopLogo.png 1139w\" sizes=\"(max-width: 1024px) 100vw, 1024px\" \/><\/a><\/div>\t\t<\/div>\r\n\t\t\t<\/article>\r\n\t<article class=\"w-grid-item us_animate_afb size_1x1 post-4608 partenaires type-partenaires status-publish has-post-thumbnail hentry categorie_partenaire-membres\" data-id=\"4608\" style=\"animation-delay:0.9s\">\r\n\t\t<div class=\"w-grid-item-h\">\r\n\t\t\t\t\t\t<div class=\"w-post-elm post_image usg_post_image_1 stretched\"><a target=\"_blank\" href=\"https:\/\/www.lespacemaker.com\/fr\/\" aria-label=\"LESPACEMAKER\"><img decoding=\"async\" width=\"1024\" height=\"150\" src=\"https:\/\/transitionencommun.org\/wp-content\/uploads\/2024\/12\/LESPACEMAKER-1024x150.jpg\" class=\"attachment-large size-large wp-post-image\" alt=\"\" srcset=\"https:\/\/transitionencommun.org\/wp-content\/uploads\/2024\/12\/LESPACEMAKER-1024x150.jpg 1024w, https:\/\/transitionencommun.org\/wp-content\/uploads\/2024\/12\/LESPACEMAKER-300x44.jpg 300w, https:\/\/transitionencommun.org\/wp-content\/uploads\/2024\/12\/LESPACEMAKER.jpg 2048w\" sizes=\"(max-width: 1024px) 100vw, 1024px\" \/><\/a><\/div>\t\t<\/div>\r\n\t\t\t<\/article>\r\n\t<article class=\"w-grid-item us_animate_afb size_1x1 post-2638 partenaires type-partenaires status-publish has-post-thumbnail hentry categorie_partenaire-membres\" data-id=\"2638\" style=\"animation-delay:1s\">\r\n\t\t<div class=\"w-grid-item-h\">\r\n\t\t\t\t\t\t<div class=\"w-post-elm post_image usg_post_image_1 stretched\"><a target=\"_blank\" href=\"https:\/\/info.locomotion.app\/\" aria-label=\"LocoMotion\"><img decoding=\"async\" width=\"1024\" height=\"1024\" src=\"https:\/\/transitionencommun.org\/wp-content\/uploads\/2024\/08\/LocoMotion-LOGO.svg\" class=\"attachment-large size-large wp-post-image\" alt=\"\" \/><\/a><\/div>\t\t<\/div>\r\n\t\t\t<\/article>\r\n\t<article class=\"w-grid-item us_animate_afb size_1x1 post-6159 partenaires type-partenaires status-publish has-post-thumbnail hentry categorie_partenaire-membres\" data-id=\"6159\" style=\"animation-delay:1.1s\">\r\n\t\t<div class=\"w-grid-item-h\">\r\n\t\t\t\t\t\t<div class=\"w-post-elm post_image usg_post_image_1 stretched\"><a target=\"_blank\" href=\"https:\/\/maisonaurore.org\/\" aria-label=\"Maison d&#8217;Aurore (La)\"><img decoding=\"async\" width=\"300\" height=\"168\" src=\"https:\/\/transitionencommun.org\/wp-content\/uploads\/2025\/11\/MaisonAuroreLogo.png\" class=\"attachment-large size-large wp-post-image\" alt=\"\" \/><\/a><\/div>\t\t<\/div>\r\n\t\t\t<\/article>\r\n\t<article class=\"w-grid-item us_animate_afb size_1x1 post-4611 partenaires type-partenaires status-publish has-post-thumbnail hentry categorie_partenaire-membres\" data-id=\"4611\" style=\"animation-delay:1.2s\">\r\n\t\t<div class=\"w-grid-item-h\">\r\n\t\t\t\t\t\t<div class=\"w-post-elm post_image usg_post_image_1 stretched\"><a target=\"_blank\" href=\"https:\/\/www.facebook.com\/MAFMontreal\/\" aria-label=\"M\u00e8res au front Montr\u00e9al\"><img decoding=\"async\" width=\"1024\" height=\"1024\" src=\"https:\/\/transitionencommun.org\/wp-content\/uploads\/2024\/12\/Untitled-design-4-1-1024x1024.png\" class=\"attachment-large size-large wp-post-image\" alt=\"\" srcset=\"https:\/\/transitionencommun.org\/wp-content\/uploads\/2024\/12\/Untitled-design-4-1-1024x1024.png 1024w, https:\/\/transitionencommun.org\/wp-content\/uploads\/2024\/12\/Untitled-design-4-1-300x300.png 300w, https:\/\/transitionencommun.org\/wp-content\/uploads\/2024\/12\/Untitled-design-4-1-150x150.png 150w, https:\/\/transitionencommun.org\/wp-content\/uploads\/2024\/12\/Untitled-design-4-1.png 1181w\" sizes=\"(max-width: 1024px) 100vw, 1024px\" \/><\/a><\/div>\t\t<\/div>\r\n\t\t\t<\/article>\r\n\t<article class=\"w-grid-item us_animate_afb size_1x1 post-5038 partenaires type-partenaires status-publish has-post-thumbnail hentry categorie_partenaire-membres\" data-id=\"5038\" style=\"animation-delay:1.3s\">\r\n\t\t<div class=\"w-grid-item-h\">\r\n\t\t\t\t\t\t<div class=\"w-post-elm post_image usg_post_image_1 stretched\"><a target=\"_blank\" href=\"https:\/\/www.metalude.ca\/\" aria-label=\"Metalude\"><img decoding=\"async\" width=\"1024\" height=\"170\" src=\"https:\/\/transitionencommun.org\/wp-content\/uploads\/2025\/03\/metalude_logo_szp_horizontal_noir-1024x170.png\" class=\"attachment-large size-large wp-post-image\" alt=\"\" srcset=\"https:\/\/transitionencommun.org\/wp-content\/uploads\/2025\/03\/metalude_logo_szp_horizontal_noir-1024x170.png 1024w, https:\/\/transitionencommun.org\/wp-content\/uploads\/2025\/03\/metalude_logo_szp_horizontal_noir-300x50.png 300w, https:\/\/transitionencommun.org\/wp-content\/uploads\/2025\/03\/metalude_logo_szp_horizontal_noir.png 1500w\" sizes=\"(max-width: 1024px) 100vw, 1024px\" \/><\/a><\/div>\t\t<\/div>\r\n\t\t\t<\/article>\r\n\t<article class=\"w-grid-item us_animate_afb size_1x1 post-2641 partenaires type-partenaires status-publish has-post-thumbnail hentry categorie_partenaire-membres\" data-id=\"2641\" style=\"animation-delay:1.4s\">\r\n\t\t<div class=\"w-grid-item-h\">\r\n\t\t\t\t\t\t<div class=\"w-post-elm post_image usg_post_image_1 stretched\"><a target=\"_blank\" href=\"https:\/\/www.mis.quebec\/\" aria-label=\"MIS\"><img decoding=\"async\" width=\"1024\" height=\"269\" src=\"https:\/\/transitionencommun.org\/wp-content\/uploads\/2024\/08\/MIS-logo-1024x269.png\" class=\"attachment-large size-large wp-post-image\" alt=\"\" srcset=\"https:\/\/transitionencommun.org\/wp-content\/uploads\/2024\/08\/MIS-logo-1024x269.png 1024w, https:\/\/transitionencommun.org\/wp-content\/uploads\/2024\/08\/MIS-logo-300x79.png 300w, https:\/\/transitionencommun.org\/wp-content\/uploads\/2024\/08\/MIS-logo.png 1600w\" sizes=\"(max-width: 1024px) 100vw, 1024px\" \/><\/a><\/div>\t\t<\/div>\r\n\t\t\t<\/article>\r\n\t<article class=\"w-grid-item us_animate_afb size_1x1 post-7005 partenaires type-partenaires status-publish has-post-thumbnail hentry categorie_partenaire-membres\" data-id=\"7005\" style=\"animation-delay:0s\">\r\n\t\t<div class=\"w-grid-item-h\">\r\n\t\t\t\t\t\t<div class=\"w-post-elm post_image usg_post_image_1 stretched\"><a target=\"_blank\" href=\"https:\/\/missioninclusion.ca\/\" aria-label=\"Mission Inclusion\"><img decoding=\"async\" width=\"300\" height=\"84\" src=\"https:\/\/transitionencommun.org\/wp-content\/uploads\/2026\/03\/logo-Mission-inclusion.jpg\" class=\"attachment-large size-large wp-post-image\" alt=\"\" \/><\/a><\/div>\t\t<\/div>\r\n\t\t\t<\/article>\r\n\t<article class=\"w-grid-item us_animate_afb size_1x1 post-4614 partenaires type-partenaires status-publish has-post-thumbnail hentry categorie_partenaire-membres\" data-id=\"4614\" style=\"animation-delay:0.1s\">\r\n\t\t<div class=\"w-grid-item-h\">\r\n\t\t\t\t\t\t<div class=\"w-post-elm post_image usg_post_image_1 stretched\"><a target=\"_blank\" href=\"https:\/\/www.facebook.com\/resisteretfleurir\/\" aria-label=\"Mob6600\"><img decoding=\"async\" width=\"1024\" height=\"1024\" src=\"https:\/\/transitionencommun.org\/wp-content\/uploads\/2024\/12\/Untitled-design-5-1024x1024.png\" class=\"attachment-large size-large wp-post-image\" alt=\"\" srcset=\"https:\/\/transitionencommun.org\/wp-content\/uploads\/2024\/12\/Untitled-design-5-1024x1024.png 1024w, https:\/\/transitionencommun.org\/wp-content\/uploads\/2024\/12\/Untitled-design-5-300x300.png 300w, https:\/\/transitionencommun.org\/wp-content\/uploads\/2024\/12\/Untitled-design-5-150x150.png 150w, https:\/\/transitionencommun.org\/wp-content\/uploads\/2024\/12\/Untitled-design-5.png 1181w\" sizes=\"(max-width: 1024px) 100vw, 1024px\" \/><\/a><\/div>\t\t<\/div>\r\n\t\t\t<\/article>\r\n\t<article class=\"w-grid-item us_animate_afb size_1x1 post-5405 partenaires type-partenaires status-publish has-post-thumbnail hentry categorie_partenaire-membres\" data-id=\"5405\" style=\"animation-delay:0.2s\">\r\n\t\t<div class=\"w-grid-item-h\">\r\n\t\t\t\t\t\t<div class=\"w-post-elm post_image usg_post_image_1 stretched\"><a target=\"_blank\" href=\"https:\/\/excellence-industrielle.ca\/services\/mobilite-alternative\/\" aria-label=\"MOBA\"><img decoding=\"async\" width=\"1024\" height=\"558\" src=\"https:\/\/transitionencommun.org\/wp-content\/uploads\/2025\/05\/MOBA-logo-1024x558.png\" class=\"attachment-large size-large wp-post-image\" alt=\"\" srcset=\"https:\/\/transitionencommun.org\/wp-content\/uploads\/2025\/05\/MOBA-logo-1024x558.png 1024w, https:\/\/transitionencommun.org\/wp-content\/uploads\/2025\/05\/MOBA-logo-300x163.png 300w, https:\/\/transitionencommun.org\/wp-content\/uploads\/2025\/05\/MOBA-logo.png 1048w\" sizes=\"(max-width: 1024px) 100vw, 1024px\" \/><\/a><\/div>\t\t<\/div>\r\n\t\t\t<\/article>\r\n\t<article class=\"w-grid-item us_animate_afb size_1x1 post-5399 partenaires type-partenaires status-publish has-post-thumbnail hentry categorie_partenaire-membres\" data-id=\"5399\" style=\"animation-delay:0.3s\">\r\n\t\t<div class=\"w-grid-item-h\">\r\n\t\t\t\t\t\t<div class=\"w-post-elm post_image usg_post_image_1 stretched\"><a target=\"_blank\" href=\"https:\/\/monrestosaintmichel.org\/\" aria-label=\"Mon Resto Saint-Michel\"><img decoding=\"async\" width=\"340\" height=\"148\" src=\"https:\/\/transitionencommun.org\/wp-content\/uploads\/2025\/05\/MonRestoSaintMichelLOGO.png\" class=\"attachment-large size-large wp-post-image\" alt=\"\" srcset=\"https:\/\/transitionencommun.org\/wp-content\/uploads\/2025\/05\/MonRestoSaintMichelLOGO.png 340w, https:\/\/transitionencommun.org\/wp-content\/uploads\/2025\/05\/MonRestoSaintMichelLOGO-300x131.png 300w\" sizes=\"(max-width: 340px) 100vw, 340px\" \/><\/a><\/div>\t\t<\/div>\r\n\t\t\t<\/article>\r\n\t<article class=\"w-grid-item us_animate_afb size_1x1 post-4617 partenaires type-partenaires status-publish has-post-thumbnail hentry categorie_partenaire-membres\" data-id=\"4617\" style=\"animation-delay:0.4s\">\r\n\t\t<div class=\"w-grid-item-h\">\r\n\t\t\t\t\t\t<div class=\"w-post-elm post_image usg_post_image_1 stretched\"><a target=\"_blank\" href=\"https:\/\/www.multitudes.quebec\/\" aria-label=\"Multitudes\"><img decoding=\"async\" width=\"1024\" height=\"203\" src=\"https:\/\/transitionencommun.org\/wp-content\/uploads\/2024\/12\/MultitudesLogo-1024x203.png\" class=\"attachment-large size-large wp-post-image\" alt=\"\" srcset=\"https:\/\/transitionencommun.org\/wp-content\/uploads\/2024\/12\/MultitudesLogo-1024x203.png 1024w, https:\/\/transitionencommun.org\/wp-content\/uploads\/2024\/12\/MultitudesLogo-300x59.png 300w, https:\/\/transitionencommun.org\/wp-content\/uploads\/2024\/12\/MultitudesLogo.png 1039w\" sizes=\"(max-width: 1024px) 100vw, 1024px\" \/><\/a><\/div>\t\t<\/div>\r\n\t\t\t<\/article>\r\n\t<article class=\"w-grid-item us_animate_afb size_1x1 post-6283 partenaires type-partenaires status-publish has-post-thumbnail hentry categorie_partenaire-membres\" data-id=\"6283\" style=\"animation-delay:0.5s\">\r\n\t\t<div class=\"w-grid-item-h\">\r\n\t\t\t\t\t\t<div class=\"w-post-elm post_image usg_post_image_1 stretched\"><a target=\"_blank\" href=\"https:\/\/observatoirepourlajusticemigrante.org\/\" aria-label=\"Observatoire pour la justice migrante\"><img decoding=\"async\" width=\"300\" height=\"458\" src=\"https:\/\/transitionencommun.org\/wp-content\/uploads\/2025\/11\/ObservatoireLOGO.png\" class=\"attachment-large size-large wp-post-image\" alt=\"\" srcset=\"https:\/\/transitionencommun.org\/wp-content\/uploads\/2025\/11\/ObservatoireLOGO.png 300w, https:\/\/transitionencommun.org\/wp-content\/uploads\/2025\/11\/ObservatoireLOGO-197x300.png 197w\" sizes=\"(max-width: 300px) 100vw, 300px\" \/><\/a><\/div>\t\t<\/div>\r\n\t\t\t<\/article>\r\n\t<article class=\"w-grid-item us_animate_afb size_1x1 post-5371 partenaires type-partenaires status-publish has-post-thumbnail hentry categorie_partenaire-membres\" data-id=\"5371\" style=\"animation-delay:0.6s\">\r\n\t\t<div class=\"w-grid-item-h\">\r\n\t\t\t\t\t\t<div class=\"w-post-elm post_image usg_post_image_1 stretched\"><a target=\"_blank\" href=\"https:\/\/web.ocpm.qc.ca\/fr\" aria-label=\"OCPM\"><img decoding=\"async\" width=\"460\" height=\"92\" src=\"https:\/\/transitionencommun.org\/wp-content\/uploads\/2025\/05\/OCPMLogo.png\" class=\"attachment-large size-large wp-post-image\" alt=\"\" srcset=\"https:\/\/transitionencommun.org\/wp-content\/uploads\/2025\/05\/OCPMLogo.png 460w, https:\/\/transitionencommun.org\/wp-content\/uploads\/2025\/05\/OCPMLogo-300x60.png 300w\" sizes=\"(max-width: 460px) 100vw, 460px\" \/><\/a><\/div>\t\t<\/div>\r\n\t\t\t<\/article>\r\n\t<article class=\"w-grid-item us_animate_afb size_1x1 post-7007 partenaires type-partenaires status-publish has-post-thumbnail hentry categorie_partenaire-membres\" data-id=\"7007\" style=\"animation-delay:0.7s\">\r\n\t\t<div class=\"w-grid-item-h\">\r\n\t\t\t\t\t\t<div class=\"w-post-elm post_image usg_post_image_1 stretched\"><a target=\"_blank\" href=\"https:\/\/onishka.org\/\" aria-label=\"Onishka\"><img decoding=\"async\" width=\"236\" height=\"94\" src=\"https:\/\/transitionencommun.org\/wp-content\/uploads\/2026\/03\/Onishka-logo-noir.png\" class=\"attachment-large size-large wp-post-image\" alt=\"\" \/><\/a><\/div>\t\t<\/div>\r\n\t\t\t<\/article>\r\n\t<article class=\"w-grid-item us_animate_afb size_1x1 post-4623 partenaires type-partenaires status-publish has-post-thumbnail hentry categorie_partenaire-membres\" data-id=\"4623\" style=\"animation-delay:0.8s\">\r\n\t\t<div class=\"w-grid-item-h\">\r\n\t\t\t\t\t\t<div class=\"w-post-elm post_image usg_post_image_1 stretched\"><a target=\"_blank\" href=\"https:\/\/observatoiredesinegalites.com\/\" aria-label=\"OQI\"><img decoding=\"async\" width=\"322\" height=\"107\" src=\"https:\/\/transitionencommun.org\/wp-content\/uploads\/2024\/12\/ObservatoirequebInegalites.png\" class=\"attachment-large size-large wp-post-image\" alt=\"\" srcset=\"https:\/\/transitionencommun.org\/wp-content\/uploads\/2024\/12\/ObservatoirequebInegalites.png 322w, https:\/\/transitionencommun.org\/wp-content\/uploads\/2024\/12\/ObservatoirequebInegalites-300x100.png 300w\" sizes=\"(max-width: 322px) 100vw, 322px\" \/><\/a><\/div>\t\t<\/div>\r\n\t\t\t<\/article>\r\n\t<article class=\"w-grid-item us_animate_afb size_1x1 post-5061 partenaires type-partenaires status-publish has-post-thumbnail hentry categorie_partenaire-membres\" data-id=\"5061\" style=\"animation-delay:0.9s\">\r\n\t\t<div class=\"w-grid-item-h\">\r\n\t\t\t\t\t\t<div class=\"w-post-elm post_image usg_post_image_1 stretched\"><a target=\"_blank\" href=\"https:\/\/www.outremontenfamille.org\/\" aria-label=\"Outremont en famille\"><img decoding=\"async\" width=\"150\" height=\"150\" src=\"https:\/\/transitionencommun.org\/wp-content\/uploads\/2025\/03\/Outremontenfamille-logo.png\" class=\"attachment-large size-large wp-post-image\" alt=\"\" \/><\/a><\/div>\t\t<\/div>\r\n\t\t\t<\/article>\r\n\t<article class=\"w-grid-item us_animate_afb size_1x1 post-4790 partenaires type-partenaires status-publish has-post-thumbnail hentry categorie_partenaire-membres\" data-id=\"4790\" style=\"animation-delay:1s\">\r\n\t\t<div class=\"w-grid-item-h\">\r\n\t\t\t\t\t\t<div class=\"w-post-elm post_image usg_post_image_1 stretched\"><a target=\"_blank\" href=\"https:\/\/parole-dexclues.ca\/\" aria-label=\"Parole d&#8217;excluEs\"><img decoding=\"async\" width=\"1024\" height=\"1024\" src=\"https:\/\/transitionencommun.org\/wp-content\/uploads\/2025\/01\/Parole-dexclues-Logo-Retina.svg\" class=\"attachment-large size-large wp-post-image\" alt=\"\" \/><\/a><\/div>\t\t<\/div>\r\n\t\t\t<\/article>\r\n\t<article class=\"w-grid-item us_animate_afb size_1x1 post-2648 partenaires type-partenaires status-publish has-post-thumbnail hentry categorie_partenaire-membres\" data-id=\"2648\" style=\"animation-delay:1.1s\">\r\n\t\t<div class=\"w-grid-item-h\">\r\n\t\t\t\t\t\t<div class=\"w-post-elm post_image usg_post_image_1 stretched\"><a target=\"_blank\" href=\"https:\/\/climatmontreal.com\/\" aria-label=\"PCM\"><img decoding=\"async\" width=\"914\" height=\"343\" src=\"https:\/\/transitionencommun.org\/wp-content\/uploads\/2024\/08\/PCM.png\" class=\"attachment-large size-large wp-post-image\" alt=\"\" srcset=\"https:\/\/transitionencommun.org\/wp-content\/uploads\/2024\/08\/PCM.png 914w, https:\/\/transitionencommun.org\/wp-content\/uploads\/2024\/08\/PCM-300x113.png 300w\" sizes=\"(max-width: 914px) 100vw, 914px\" \/><\/a><\/div>\t\t<\/div>\r\n\t\t\t<\/article>\r\n\t<article class=\"w-grid-item us_animate_afb size_1x1 post-6675 partenaires type-partenaires status-publish has-post-thumbnail hentry categorie_partenaire-membres\" data-id=\"6675\" style=\"animation-delay:1.2s\">\r\n\t\t<div class=\"w-grid-item-h\">\r\n\t\t\t\t\t\t<div class=\"w-post-elm post_image usg_post_image_1 stretched\"><a target=\"_blank\" href=\"https:\/\/www.percolab.com\/fr\/\" aria-label=\"Percolab Coop\"><img decoding=\"async\" width=\"1024\" height=\"603\" src=\"https:\/\/transitionencommun.org\/wp-content\/uploads\/2026\/02\/Logo_coop_alt_Noir_CMJN.png\" class=\"attachment-large size-large wp-post-image\" alt=\"\" \/><\/a><\/div>\t\t<\/div>\r\n\t\t\t<\/article>\r\n\t<article class=\"w-grid-item us_animate_afb size_1x1 post-4627 partenaires type-partenaires status-publish has-post-thumbnail hentry categorie_partenaire-membres\" data-id=\"4627\" style=\"animation-delay:1.3s\">\r\n\t\t<div class=\"w-grid-item-h\">\r\n\t\t\t\t\t\t<div class=\"w-post-elm post_image usg_post_image_1 stretched\"><a target=\"_blank\" href=\"https:\/\/pmemtl.com\/centre-est\" aria-label=\"PME MTL Est\"><img decoding=\"async\" width=\"200\" height=\"200\" src=\"https:\/\/transitionencommun.org\/wp-content\/uploads\/2024\/12\/PMEMTLEst.jpg\" class=\"attachment-large size-large wp-post-image\" alt=\"\" srcset=\"https:\/\/transitionencommun.org\/wp-content\/uploads\/2024\/12\/PMEMTLEst.jpg 200w, https:\/\/transitionencommun.org\/wp-content\/uploads\/2024\/12\/PMEMTLEst-150x150.jpg 150w\" sizes=\"(max-width: 200px) 100vw, 200px\" \/><\/a><\/div>\t\t<\/div>\r\n\t\t\t<\/article>\r\n\t<article class=\"w-grid-item us_animate_afb size_1x1 post-6010 partenaires type-partenaires status-publish has-post-thumbnail hentry categorie_partenaire-membres\" data-id=\"6010\" style=\"animation-delay:1.4s\">\r\n\t\t<div class=\"w-grid-item-h\">\r\n\t\t\t\t\t\t<div class=\"w-post-elm post_image usg_post_image_1 stretched\"><a target=\"_blank\" href=\"https:\/\/lesprecieusesfissures.com\/\" aria-label=\"Pr\u00e9cieuses fissures\"><img decoding=\"async\" width=\"375\" height=\"375\" src=\"https:\/\/transitionencommun.org\/wp-content\/uploads\/2025\/09\/PrecieusesFissuresLogo.jpg\" class=\"attachment-large size-large wp-post-image\" alt=\"\" srcset=\"https:\/\/transitionencommun.org\/wp-content\/uploads\/2025\/09\/PrecieusesFissuresLogo.jpg 375w, https:\/\/transitionencommun.org\/wp-content\/uploads\/2025\/09\/PrecieusesFissuresLogo-300x300.jpg 300w, https:\/\/transitionencommun.org\/wp-content\/uploads\/2025\/09\/PrecieusesFissuresLogo-150x150.jpg 150w\" sizes=\"(max-width: 375px) 100vw, 375px\" \/><\/a><\/div>\t\t<\/div>\r\n\t\t\t<\/article>\r\n\t<article class=\"w-grid-item us_animate_afb size_1x1 post-6679 partenaires type-partenaires status-publish has-post-thumbnail hentry categorie_partenaire-membres\" data-id=\"6679\" style=\"animation-delay:0s\">\r\n\t\t<div class=\"w-grid-item-h\">\r\n\t\t\t\t\t\t<div class=\"w-post-elm post_image usg_post_image_1 stretched\"><a target=\"_blank\" href=\"https:\/\/www.presages.org\/\" aria-label=\"Pr\u00e9s\u00e2ges\"><img decoding=\"async\" width=\"1024\" height=\"464\" src=\"https:\/\/transitionencommun.org\/wp-content\/uploads\/2026\/02\/PresagesLogo-1024x464.png\" class=\"attachment-large size-large wp-post-image\" alt=\"\" srcset=\"https:\/\/transitionencommun.org\/wp-content\/uploads\/2026\/02\/PresagesLogo-1024x464.png 1024w, https:\/\/transitionencommun.org\/wp-content\/uploads\/2026\/02\/PresagesLogo-300x136.png 300w, https:\/\/transitionencommun.org\/wp-content\/uploads\/2026\/02\/PresagesLogo-500x226.png 500w, https:\/\/transitionencommun.org\/wp-content\/uploads\/2026\/02\/PresagesLogo-600x272.png 600w, https:\/\/transitionencommun.org\/wp-content\/uploads\/2026\/02\/PresagesLogo.png 1500w\" sizes=\"(max-width: 1024px) 100vw, 1024px\" \/><\/a><\/div>\t\t<\/div>\r\n\t\t\t<\/article>\r\n\t<article class=\"w-grid-item us_animate_afb size_1x1 post-2650 partenaires type-partenaires status-publish has-post-thumbnail hentry categorie_partenaire-membres\" data-id=\"2650\" style=\"animation-delay:0.1s\">\r\n\t\t<div class=\"w-grid-item-h\">\r\n\t\t\t\t\t\t<div class=\"w-post-elm post_image usg_post_image_1 stretched\"><a target=\"_blank\" href=\"https:\/\/projetcollectif.ca\/\" aria-label=\"Projet Collectif\"><img decoding=\"async\" width=\"766\" height=\"301\" src=\"https:\/\/transitionencommun.org\/wp-content\/uploads\/2024\/07\/projet_collectif_logo-noir.jpeg\" class=\"attachment-large size-large wp-post-image\" alt=\"Projet Collectif\" srcset=\"https:\/\/transitionencommun.org\/wp-content\/uploads\/2024\/07\/projet_collectif_logo-noir.jpeg 766w, https:\/\/transitionencommun.org\/wp-content\/uploads\/2024\/07\/projet_collectif_logo-noir-300x118.jpeg 300w\" sizes=\"(max-width: 766px) 100vw, 766px\" \/><\/a><\/div>\t\t<\/div>\r\n\t\t\t<\/article>\r\n\t<article class=\"w-grid-item us_animate_afb size_1x1 post-5055 partenaires type-partenaires status-publish has-post-thumbnail hentry categorie_partenaire-membres\" data-id=\"5055\" style=\"animation-delay:0.2s\">\r\n\t\t<div class=\"w-grid-item-h\">\r\n\t\t\t\t\t\t<div class=\"w-post-elm post_image usg_post_image_1 stretched\"><a target=\"_blank\" href=\"https:\/\/www.realiteclimatique.ca\/\" aria-label=\"R\u00e9alit\u00e9 climatique Canada\"><img decoding=\"async\" width=\"551\" height=\"211\" src=\"https:\/\/transitionencommun.org\/wp-content\/uploads\/2025\/03\/RealiteClimatiqueCan-LOGO.png\" class=\"attachment-large size-large wp-post-image\" alt=\"\" srcset=\"https:\/\/transitionencommun.org\/wp-content\/uploads\/2025\/03\/RealiteClimatiqueCan-LOGO.png 551w, https:\/\/transitionencommun.org\/wp-content\/uploads\/2025\/03\/RealiteClimatiqueCan-LOGO-300x115.png 300w\" sizes=\"(max-width: 551px) 100vw, 551px\" \/><\/a><\/div>\t\t<\/div>\r\n\t\t\t<\/article>\r\n\t<article class=\"w-grid-item us_animate_afb size_1x1 post-5683 partenaires type-partenaires status-publish has-post-thumbnail hentry categorie_partenaire-membres\" data-id=\"5683\" style=\"animation-delay:0.3s\">\r\n\t\t<div class=\"w-grid-item-h\">\r\n\t\t\t\t\t\t<div class=\"w-post-elm post_image usg_post_image_1 stretched\"><a target=\"_blank\" href=\"https:\/\/www.rccq.org\/fr\/\" aria-label=\"Regroupement des cuisines collectives du Qu\u00e9bec\"><img decoding=\"async\" width=\"1024\" height=\"606\" src=\"https:\/\/transitionencommun.org\/wp-content\/uploads\/2025\/06\/RCCQ-logo-1024x606.png\" class=\"attachment-large size-large wp-post-image\" alt=\"\" srcset=\"https:\/\/transitionencommun.org\/wp-content\/uploads\/2025\/06\/RCCQ-logo-1024x606.png 1024w, https:\/\/transitionencommun.org\/wp-content\/uploads\/2025\/06\/RCCQ-logo-300x177.png 300w, https:\/\/transitionencommun.org\/wp-content\/uploads\/2025\/06\/RCCQ-logo.png 1682w\" sizes=\"(max-width: 1024px) 100vw, 1024px\" \/><\/a><\/div>\t\t<\/div>\r\n\t\t\t<\/article>\r\n\t<article class=\"w-grid-item us_animate_afb size_1x1 post-2651 partenaires type-partenaires status-publish has-post-thumbnail hentry categorie_partenaire-membres\" data-id=\"2651\" style=\"animation-delay:0.4s\">\r\n\t\t<div class=\"w-grid-item-h\">\r\n\t\t\t\t\t\t<div class=\"w-post-elm post_image usg_post_image_1 stretched\"><a target=\"_blank\" href=\"https:\/\/www.eco-quartiers.org\/\" aria-label=\"Regroupement des \u00e9co-quartiers\"><img decoding=\"async\" width=\"1024\" height=\"368\" src=\"https:\/\/transitionencommun.org\/wp-content\/uploads\/2024\/07\/logo_req_noir-1-1024x368.png\" class=\"attachment-large size-large wp-post-image\" alt=\"Regroupement des \u00e9co-quartiers\" srcset=\"https:\/\/transitionencommun.org\/wp-content\/uploads\/2024\/07\/logo_req_noir-1-1024x368.png 1024w, https:\/\/transitionencommun.org\/wp-content\/uploads\/2024\/07\/logo_req_noir-1-300x108.png 300w, https:\/\/transitionencommun.org\/wp-content\/uploads\/2024\/07\/logo_req_noir-1.png 2000w\" sizes=\"(max-width: 1024px) 100vw, 1024px\" \/><\/a><\/div>\t\t<\/div>\r\n\t\t\t<\/article>\r\n\t<article class=\"w-grid-item us_animate_afb size_1x1 post-5686 partenaires type-partenaires status-publish has-post-thumbnail hentry categorie_partenaire-membres\" data-id=\"5686\" style=\"animation-delay:0.5s\">\r\n\t\t<div class=\"w-grid-item-h\">\r\n\t\t\t\t\t\t<div class=\"w-post-elm post_image usg_post_image_1 stretched\"><a target=\"_blank\" href=\"https:\/\/laremise.ca\/\" aria-label=\"Remise\"><img decoding=\"async\" width=\"960\" height=\"1024\" src=\"https:\/\/transitionencommun.org\/wp-content\/uploads\/2025\/06\/LaRemise_Logo_simplie-2577834029-960x1024.png\" class=\"attachment-large size-large wp-post-image\" alt=\"\" srcset=\"https:\/\/transitionencommun.org\/wp-content\/uploads\/2025\/06\/LaRemise_Logo_simplie-2577834029-960x1024.png 960w, https:\/\/transitionencommun.org\/wp-content\/uploads\/2025\/06\/LaRemise_Logo_simplie-2577834029-281x300.png 281w, https:\/\/transitionencommun.org\/wp-content\/uploads\/2025\/06\/LaRemise_Logo_simplie-2577834029.png 1081w\" sizes=\"(max-width: 960px) 100vw, 960px\" \/><\/a><\/div>\t\t<\/div>\r\n\t\t\t<\/article>\r\n\t<article class=\"w-grid-item us_animate_afb size_1x1 post-6148 partenaires type-partenaires status-publish has-post-thumbnail hentry categorie_partenaire-membres\" data-id=\"6148\" style=\"animation-delay:0.6s\">\r\n\t\t<div class=\"w-grid-item-h\">\r\n\t\t\t\t\t\t<div class=\"w-post-elm post_image usg_post_image_1 stretched\"><a target=\"_blank\" href=\"https:\/\/www.reseaualimentaire-est.org\/\" aria-label=\"R\u00e9seau Alimentaire de l&#8217;Est de Montr\u00e9al (RAEM)\"><img decoding=\"async\" width=\"223\" height=\"226\" src=\"https:\/\/transitionencommun.org\/wp-content\/uploads\/2025\/11\/Reseau-Alimentaire-de-lEst-de-Montreal-RAEM.png\" class=\"attachment-large size-large wp-post-image\" alt=\"\" \/><\/a><\/div>\t\t<\/div>\r\n\t\t\t<\/article>\r\n\t<article class=\"w-grid-item us_animate_afb size_1x1 post-5367 partenaires type-partenaires status-publish has-post-thumbnail hentry categorie_partenaire-membres\" data-id=\"5367\" style=\"animation-delay:0.7s\">\r\n\t\t<div class=\"w-grid-item-h\">\r\n\t\t\t\t\t\t<div class=\"w-post-elm post_image usg_post_image_1 stretched\"><a target=\"_blank\" href=\"https:\/\/reseaudemainlequebec.org\/\" aria-label=\"R\u00e9seau Demain Qu\u00e9bec\"><img decoding=\"async\" width=\"286\" height=\"176\" src=\"https:\/\/transitionencommun.org\/wp-content\/uploads\/2025\/05\/ReseauDemainQuebecLogo.png\" class=\"attachment-large size-large wp-post-image\" alt=\"\" \/><\/a><\/div>\t\t<\/div>\r\n\t\t\t<\/article>\r\n\t<article class=\"w-grid-item us_animate_afb size_1x1 post-5396 partenaires type-partenaires status-publish has-post-thumbnail hentry categorie_partenaire-membres\" data-id=\"5396\" style=\"animation-delay:0.8s\">\r\n\t\t<div class=\"w-grid-item-h\">\r\n\t\t\t\t\t\t<div class=\"w-post-elm post_image usg_post_image_1 stretched\"><a target=\"_blank\" href=\"https:\/\/reseaufemmesenvironnement.org\/\" aria-label=\"R\u00e9seau des femmes en environnement\"><img decoding=\"async\" width=\"225\" height=\"225\" src=\"https:\/\/transitionencommun.org\/wp-content\/uploads\/2025\/05\/ReseauFemmesEnEnvironnementLOGO.png\" class=\"attachment-large size-large wp-post-image\" alt=\"\" srcset=\"https:\/\/transitionencommun.org\/wp-content\/uploads\/2025\/05\/ReseauFemmesEnEnvironnementLOGO.png 225w, https:\/\/transitionencommun.org\/wp-content\/uploads\/2025\/05\/ReseauFemmesEnEnvironnementLOGO-150x150.png 150w\" sizes=\"(max-width: 225px) 100vw, 225px\" \/><\/a><\/div>\t\t<\/div>\r\n\t\t\t<\/article>\r\n\t<article class=\"w-grid-item us_animate_afb size_1x1 post-4582 partenaires type-partenaires status-publish has-post-thumbnail hentry categorie_partenaire-membres\" data-id=\"4582\" style=\"animation-delay:0.9s\">\r\n\t\t<div class=\"w-grid-item-h\">\r\n\t\t\t\t\t\t<div class=\"w-post-elm post_image usg_post_image_1 stretched\"><a target=\"_blank\" href=\"https:\/\/resilienceaineemtl.ca\/conseil-citoyen\/\" aria-label=\"R\u00e9seau r\u00e9silience ain\u00e9-e-s de Montr\u00e9al\"><img decoding=\"async\" width=\"438\" height=\"121\" src=\"https:\/\/transitionencommun.org\/wp-content\/uploads\/2024\/12\/Reseau-resilience-aine-e-s-mTL-e1733165112384.png\" class=\"attachment-large size-large wp-post-image\" alt=\"\" srcset=\"https:\/\/transitionencommun.org\/wp-content\/uploads\/2024\/12\/Reseau-resilience-aine-e-s-mTL-e1733165112384.png 438w, https:\/\/transitionencommun.org\/wp-content\/uploads\/2024\/12\/Reseau-resilience-aine-e-s-mTL-e1733165112384-300x83.png 300w\" sizes=\"(max-width: 438px) 100vw, 438px\" \/><\/a><\/div>\t\t<\/div>\r\n\t\t\t<\/article>\r\n\t<article class=\"w-grid-item us_animate_afb size_1x1 post-5975 partenaires type-partenaires status-publish has-post-thumbnail hentry categorie_partenaire-membres\" data-id=\"5975\" style=\"animation-delay:1s\">\r\n\t\t<div class=\"w-grid-item-h\">\r\n\t\t\t\t\t\t<div class=\"w-post-elm post_image usg_post_image_1 stretched\"><a target=\"_blank\" href=\"https:\/\/www.rosesurvert.com\/\" aria-label=\"RoseSurVert\"><img decoding=\"async\" width=\"930\" height=\"928\" src=\"https:\/\/transitionencommun.org\/wp-content\/uploads\/2025\/08\/RoseSurVertLogo.png\" class=\"attachment-large size-large wp-post-image\" alt=\"\" srcset=\"https:\/\/transitionencommun.org\/wp-content\/uploads\/2025\/08\/RoseSurVertLogo.png 930w, https:\/\/transitionencommun.org\/wp-content\/uploads\/2025\/08\/RoseSurVertLogo-300x300.png 300w, https:\/\/transitionencommun.org\/wp-content\/uploads\/2025\/08\/RoseSurVertLogo-150x150.png 150w\" sizes=\"(max-width: 930px) 100vw, 930px\" \/><\/a><\/div>\t\t<\/div>\r\n\t\t\t<\/article>\r\n\t<article class=\"w-grid-item us_animate_afb size_1x1 post-4633 partenaires type-partenaires status-publish has-post-thumbnail hentry categorie_partenaire-membres\" data-id=\"4633\" style=\"animation-delay:1.1s\">\r\n\t\t<div class=\"w-grid-item-h\">\r\n\t\t\t\t\t\t<div class=\"w-post-elm post_image usg_post_image_1 stretched\"><a target=\"_blank\" href=\"https:\/\/www.rqis.org\/\" aria-label=\"RQIS\"><img decoding=\"async\" width=\"396\" height=\"71\" src=\"https:\/\/transitionencommun.org\/wp-content\/uploads\/2024\/12\/RQIS.png\" class=\"attachment-large size-large wp-post-image\" alt=\"\" srcset=\"https:\/\/transitionencommun.org\/wp-content\/uploads\/2024\/12\/RQIS.png 396w, https:\/\/transitionencommun.org\/wp-content\/uploads\/2024\/12\/RQIS-300x54.png 300w\" sizes=\"(max-width: 396px) 100vw, 396px\" \/><\/a><\/div>\t\t<\/div>\r\n\t\t\t<\/article>\r\n\t<article class=\"w-grid-item us_animate_afb size_1x1 post-5680 partenaires type-partenaires status-publish has-post-thumbnail hentry categorie_partenaire-membres\" data-id=\"5680\" style=\"animation-delay:1.2s\">\r\n\t\t<div class=\"w-grid-item-h\">\r\n\t\t\t\t\t\t<div class=\"w-post-elm post_image usg_post_image_1 stretched\"><a target=\"_blank\" href=\"https:\/\/www.facebook.com\/rucheyelema\" aria-label=\"Ruche d&#8217;art Y\u00e9l\u00e9ma\"><img decoding=\"async\" width=\"1024\" height=\"759\" src=\"https:\/\/transitionencommun.org\/wp-content\/uploads\/2025\/06\/RucheYelema-1024x759.jpg\" class=\"attachment-large size-large wp-post-image\" alt=\"\" srcset=\"https:\/\/transitionencommun.org\/wp-content\/uploads\/2025\/06\/RucheYelema-1024x759.jpg 1024w, https:\/\/transitionencommun.org\/wp-content\/uploads\/2025\/06\/RucheYelema-300x222.jpg 300w, https:\/\/transitionencommun.org\/wp-content\/uploads\/2025\/06\/RucheYelema.jpg 1122w\" sizes=\"(max-width: 1024px) 100vw, 1024px\" \/><\/a><\/div>\t\t<\/div>\r\n\t\t\t<\/article>\r\n\t<article class=\"w-grid-item us_animate_afb size_1x1 post-5374 partenaires type-partenaires status-publish has-post-thumbnail hentry categorie_partenaire-membres\" data-id=\"5374\" style=\"animation-delay:1.3s\">\r\n\t\t<div class=\"w-grid-item-h\">\r\n\t\t\t\t\t\t<div class=\"w-post-elm post_image usg_post_image_1 stretched\"><a target=\"_blank\" href=\"https:\/\/santeurbanite.org\/\" aria-label=\"Sant\u00e9 Urbanit\u00e9\"><img decoding=\"async\" width=\"218\" height=\"115\" src=\"https:\/\/transitionencommun.org\/wp-content\/uploads\/2025\/05\/SanteUrbaniteLogo.png\" class=\"attachment-large size-large wp-post-image\" alt=\"\" \/><\/a><\/div>\t\t<\/div>\r\n\t\t\t<\/article>\r\n\t<article class=\"w-grid-item us_animate_afb size_1x1 post-4605 partenaires type-partenaires status-publish has-post-thumbnail hentry categorie_partenaire-membres\" data-id=\"4605\" style=\"animation-delay:1.4s\">\r\n\t\t<div class=\"w-grid-item-h\">\r\n\t\t\t\t\t\t<div class=\"w-post-elm post_image usg_post_image_1 stretched\"><a target=\"_blank\" href=\"https:\/\/www.scfp301.qc.ca\/\" aria-label=\"SCBRMtl\"><img decoding=\"async\" width=\"385\" height=\"105\" src=\"https:\/\/transitionencommun.org\/wp-content\/uploads\/2024\/12\/SCBRM.jpg\" class=\"attachment-large size-large wp-post-image\" alt=\"\" srcset=\"https:\/\/transitionencommun.org\/wp-content\/uploads\/2024\/12\/SCBRM.jpg 385w, https:\/\/transitionencommun.org\/wp-content\/uploads\/2024\/12\/SCBRM-300x82.jpg 300w\" sizes=\"(max-width: 385px) 100vw, 385px\" \/><\/a><\/div>\t\t<\/div>\r\n\t\t\t<\/article>\r\n\t<article class=\"w-grid-item us_animate_afb size_1x1 post-5049 partenaires type-partenaires status-publish has-post-thumbnail hentry categorie_partenaire-membres\" data-id=\"5049\" style=\"animation-delay:0s\">\r\n\t\t<div class=\"w-grid-item-h\">\r\n\t\t\t\t\t\t<div class=\"w-post-elm post_image usg_post_image_1 stretched\"><a target=\"_blank\" href=\"https:\/\/jeantalonest.com\/\" aria-label=\"SDC Jean-Talon Est\"><img decoding=\"async\" width=\"300\" height=\"300\" src=\"https:\/\/transitionencommun.org\/wp-content\/uploads\/2025\/03\/SDC-Jean-Talon-Est-LOGO.png\" class=\"attachment-large size-large wp-post-image\" alt=\"\" srcset=\"https:\/\/transitionencommun.org\/wp-content\/uploads\/2025\/03\/SDC-Jean-Talon-Est-LOGO.png 300w, https:\/\/transitionencommun.org\/wp-content\/uploads\/2025\/03\/SDC-Jean-Talon-Est-LOGO-150x150.png 150w\" sizes=\"(max-width: 300px) 100vw, 300px\" \/><\/a><\/div>\t\t<\/div>\r\n\t\t\t<\/article>\r\n\t<article class=\"w-grid-item us_animate_afb size_1x1 post-4639 partenaires type-partenaires status-publish has-post-thumbnail hentry categorie_partenaire-membres\" data-id=\"4639\" style=\"animation-delay:0.1s\">\r\n\t\t<div class=\"w-grid-item-h\">\r\n\t\t\t\t\t\t<div class=\"w-post-elm post_image usg_post_image_1 stretched\"><a target=\"_blank\" href=\"https:\/\/www.sem-montreal.org\/\" aria-label=\"S\u00e9M\"><img decoding=\"async\" width=\"250\" height=\"223\" src=\"https:\/\/transitionencommun.org\/wp-content\/uploads\/2024\/12\/Sem.png\" class=\"attachment-large size-large wp-post-image\" alt=\"\" \/><\/a><\/div>\t\t<\/div>\r\n\t\t\t<\/article>\r\n\t<article class=\"w-grid-item us_animate_afb size_1x1 post-7285 partenaires type-partenaires status-publish has-post-thumbnail hentry categorie_partenaire-membres\" data-id=\"7285\" style=\"animation-delay:0.2s\">\r\n\t\t<div class=\"w-grid-item-h\">\r\n\t\t\t\t\t\t<div class=\"w-post-elm post_image usg_post_image_1 stretched\"><a target=\"_blank\" href=\"https:\/\/www.scm-mcw.ca\/\" aria-label=\"Semaine Climat Montr\u00e9al\"><img decoding=\"async\" width=\"1024\" height=\"688\" src=\"https:\/\/transitionencommun.org\/wp-content\/uploads\/2026\/05\/SCM-Logo-version-principale1-1024x688.png\" class=\"attachment-large size-large wp-post-image\" alt=\"\" srcset=\"https:\/\/transitionencommun.org\/wp-content\/uploads\/2026\/05\/SCM-Logo-version-principale1-1024x688.png 1024w, https:\/\/transitionencommun.org\/wp-content\/uploads\/2026\/05\/SCM-Logo-version-principale1-300x202.png 300w, https:\/\/transitionencommun.org\/wp-content\/uploads\/2026\/05\/SCM-Logo-version-principale1-500x336.png 500w, https:\/\/transitionencommun.org\/wp-content\/uploads\/2026\/05\/SCM-Logo-version-principale1-595x400.png 595w\" sizes=\"(max-width: 1024px) 100vw, 1024px\" \/><\/a><\/div>\t\t<\/div>\r\n\t\t\t<\/article>\r\n\t<article class=\"w-grid-item us_animate_afb size_1x1 post-4636 partenaires type-partenaires status-publish has-post-thumbnail hentry categorie_partenaire-membres\" data-id=\"4636\" style=\"animation-delay:0.3s\">\r\n\t\t<div class=\"w-grid-item-h\">\r\n\t\t\t\t\t\t<div class=\"w-post-elm post_image usg_post_image_1 stretched\"><a target=\"_blank\" href=\"https:\/\/www.sentierurbain.org\/\" aria-label=\"Sentier Urbain\"><img decoding=\"async\" width=\"1024\" height=\"412\" src=\"https:\/\/transitionencommun.org\/wp-content\/uploads\/2024\/12\/SentierUrbain-1024x412.png\" class=\"attachment-large size-large wp-post-image\" alt=\"\" srcset=\"https:\/\/transitionencommun.org\/wp-content\/uploads\/2024\/12\/SentierUrbain-1024x412.png 1024w, https:\/\/transitionencommun.org\/wp-content\/uploads\/2024\/12\/SentierUrbain-300x121.png 300w, https:\/\/transitionencommun.org\/wp-content\/uploads\/2024\/12\/SentierUrbain.png 2000w\" sizes=\"(max-width: 1024px) 100vw, 1024px\" \/><\/a><\/div>\t\t<\/div>\r\n\t\t\t<\/article>\r\n\t<article class=\"w-grid-item us_animate_afb size_1x1 post-6673 partenaires type-partenaires status-publish has-post-thumbnail hentry categorie_partenaire-membres\" data-id=\"6673\" style=\"animation-delay:0.4s\">\r\n\t\t<div class=\"w-grid-item-h\">\r\n\t\t\t\t\t\t<div class=\"w-post-elm post_image usg_post_image_1 stretched\"><a target=\"_blank\" href=\"https:\/\/socenv.ca\/fr\/accueil\/\" aria-label=\"SOCENV\"><img decoding=\"async\" width=\"1024\" height=\"363\" src=\"https:\/\/transitionencommun.org\/wp-content\/uploads\/2026\/02\/socenv-eqcdnndg-web-1024x363.png\" class=\"attachment-large size-large wp-post-image\" alt=\"\" srcset=\"https:\/\/transitionencommun.org\/wp-content\/uploads\/2026\/02\/socenv-eqcdnndg-web-1024x363.png 1024w, https:\/\/transitionencommun.org\/wp-content\/uploads\/2026\/02\/socenv-eqcdnndg-web-300x106.png 300w, https:\/\/transitionencommun.org\/wp-content\/uploads\/2026\/02\/socenv-eqcdnndg-web-500x177.png 500w, https:\/\/transitionencommun.org\/wp-content\/uploads\/2026\/02\/socenv-eqcdnndg-web-600x213.png 600w, https:\/\/transitionencommun.org\/wp-content\/uploads\/2026\/02\/socenv-eqcdnndg-web.png 1869w\" sizes=\"(max-width: 1024px) 100vw, 1024px\" \/><\/a><\/div>\t\t<\/div>\r\n\t\t\t<\/article>\r\n\t<article class=\"w-grid-item us_animate_afb size_1x1 post-4642 partenaires type-partenaires status-publish has-post-thumbnail hentry categorie_partenaire-membres\" data-id=\"4642\" style=\"animation-delay:0.5s\">\r\n\t\t<div class=\"w-grid-item-h\">\r\n\t\t\t\t\t\t<div class=\"w-post-elm post_image usg_post_image_1 stretched\"><a target=\"_blank\" href=\"https:\/\/solidariteahuntsic.org\/\" aria-label=\"Solidarit\u00e9 Ahuntsic\"><img decoding=\"async\" width=\"142\" height=\"105\" src=\"https:\/\/transitionencommun.org\/wp-content\/uploads\/2024\/12\/Solidarite-Ahuntsic.png\" class=\"attachment-large size-large wp-post-image\" alt=\"\" \/><\/a><\/div>\t\t<\/div>\r\n\t\t\t<\/article>\r\n\t<article class=\"w-grid-item us_animate_afb size_1x1 post-8210 partenaires type-partenaires status-publish has-post-thumbnail hentry categorie_partenaire-membres\" data-id=\"8210\" style=\"animation-delay:0.6s\">\r\n\t\t<div class=\"w-grid-item-h\">\r\n\t\t\t\t\t\t<div class=\"w-post-elm post_image usg_post_image_1 stretched\"><a target=\"_blank\" href=\"https:\/\/solidaritemercierest.org\/\" aria-label=\"Solidarit\u00e9 Mercier Est\"><img decoding=\"async\" width=\"1024\" height=\"195\" src=\"https:\/\/transitionencommun.org\/wp-content\/uploads\/2026\/09\/SolidariteMercierEstLogo-1024x195.png\" class=\"attachment-large size-large wp-post-image\" alt=\"\" srcset=\"https:\/\/transitionencommun.org\/wp-content\/uploads\/2026\/09\/SolidariteMercierEstLogo-1024x195.png 1024w, https:\/\/transitionencommun.org\/wp-content\/uploads\/2026\/09\/SolidariteMercierEstLogo-300x57.png 300w, https:\/\/transitionencommun.org\/wp-content\/uploads\/2026\/09\/SolidariteMercierEstLogo-500x95.png 500w, https:\/\/transitionencommun.org\/wp-content\/uploads\/2026\/09\/SolidariteMercierEstLogo-600x114.png 600w, https:\/\/transitionencommun.org\/wp-content\/uploads\/2026\/09\/SolidariteMercierEstLogo.png 1098w\" sizes=\"(max-width: 1024px) 100vw, 1024px\" \/><\/a><\/div>\t\t<\/div>\r\n\t\t\t<\/article>\r\n\t<article class=\"w-grid-item us_animate_afb size_1x1 post-2652 partenaires type-partenaires status-publish has-post-thumbnail hentry categorie_partenaire-membres\" data-id=\"2652\" style=\"animation-delay:0.7s\">\r\n\t\t<div class=\"w-grid-item-h\">\r\n\t\t\t\t\t\t<div class=\"w-post-elm post_image usg_post_image_1 stretched\"><a target=\"_blank\" href=\"https:\/\/solon-collectif.org\/\" aria-label=\"Solon\"><img decoding=\"async\" width=\"1024\" height=\"525\" src=\"https:\/\/transitionencommun.org\/wp-content\/uploads\/2024\/07\/solon-logo_ssphrase-1-edited-1024x525.png\" class=\"attachment-large size-large wp-post-image\" alt=\"Solon\" srcset=\"https:\/\/transitionencommun.org\/wp-content\/uploads\/2024\/07\/solon-logo_ssphrase-1-edited-1024x525.png 1024w, https:\/\/transitionencommun.org\/wp-content\/uploads\/2024\/07\/solon-logo_ssphrase-1-edited-300x154.png 300w, https:\/\/transitionencommun.org\/wp-content\/uploads\/2024\/07\/solon-logo_ssphrase-1-edited.png 1653w\" sizes=\"(max-width: 1024px) 100vw, 1024px\" \/><\/a><\/div>\t\t<\/div>\r\n\t\t\t<\/article>\r\n\t<article class=\"w-grid-item us_animate_afb size_1x1 post-6156 partenaires type-partenaires status-publish has-post-thumbnail hentry categorie_partenaire-membres\" data-id=\"6156\" style=\"animation-delay:0.8s\">\r\n\t\t<div class=\"w-grid-item-h\">\r\n\t\t\t\t\t\t<div class=\"w-post-elm post_image usg_post_image_1 stretched\"><a target=\"_blank\" href=\"https:\/\/tqoutremont.org\/\" aria-label=\"Table de quartier d&#8217;Outremont\"><img decoding=\"async\" width=\"511\" height=\"301\" src=\"https:\/\/transitionencommun.org\/wp-content\/uploads\/2025\/11\/TQO-Logo.jpg\" class=\"attachment-large size-large wp-post-image\" alt=\"\" srcset=\"https:\/\/transitionencommun.org\/wp-content\/uploads\/2025\/11\/TQO-Logo.jpg 511w, https:\/\/transitionencommun.org\/wp-content\/uploads\/2025\/11\/TQO-Logo-300x177.jpg 300w\" sizes=\"(max-width: 511px) 100vw, 511px\" \/><\/a><\/div>\t\t<\/div>\r\n\t\t\t<\/article>\r\n\t<article class=\"w-grid-item us_animate_afb size_1x1 post-7003 partenaires type-partenaires status-publish has-post-thumbnail hentry categorie_partenaire-membres\" data-id=\"7003\" style=\"animation-delay:0.9s\">\r\n\t\t<div class=\"w-grid-item-h\">\r\n\t\t\t\t\t\t<div class=\"w-post-elm post_image usg_post_image_1 stretched\"><a target=\"_blank\" href=\"https:\/\/tqmn.ca\/\" aria-label=\"Table de quartier de Montr\u00e9al-Nord\"><img decoding=\"async\" width=\"1024\" height=\"1024\" src=\"https:\/\/transitionencommun.org\/wp-content\/uploads\/2026\/03\/logo-tqmn-fond-transparent.svg\" class=\"attachment-large size-large wp-post-image\" alt=\"\" \/><\/a><\/div>\t\t<\/div>\r\n\t\t\t<\/article>\r\n\t<article class=\"w-grid-item us_animate_afb size_1x1 post-4648 partenaires type-partenaires status-publish has-post-thumbnail hentry categorie_partenaire-membres\" data-id=\"4648\" style=\"animation-delay:1s\">\r\n\t\t<div class=\"w-grid-item-h\">\r\n\t\t\t\t\t\t<div class=\"w-post-elm post_image usg_post_image_1 stretched\"><a target=\"_blank\" href=\"https:\/\/www.tqnoim.org\/\" aria-label=\"Table de quartier du nord de l&#8217;Ouest-de-l&#8217;\u00eele de Montr\u00e9al\"><img decoding=\"async\" width=\"898\" height=\"175\" src=\"https:\/\/transitionencommun.org\/wp-content\/uploads\/2024\/12\/TQNO.png\" class=\"attachment-large size-large wp-post-image\" alt=\"\" srcset=\"https:\/\/transitionencommun.org\/wp-content\/uploads\/2024\/12\/TQNO.png 898w, https:\/\/transitionencommun.org\/wp-content\/uploads\/2024\/12\/TQNO-300x58.png 300w\" sizes=\"(max-width: 898px) 100vw, 898px\" \/><\/a><\/div>\t\t<\/div>\r\n\t\t\t<\/article>\r\n\t<article class=\"w-grid-item us_animate_afb size_1x1 post-6007 partenaires type-partenaires status-publish has-post-thumbnail hentry categorie_partenaire-membres\" data-id=\"6007\" style=\"animation-delay:1.1s\">\r\n\t\t<div class=\"w-grid-item-h\">\r\n\t\t\t\t\t\t<div class=\"w-post-elm post_image usg_post_image_1 stretched\"><a target=\"_blank\" href=\"https:\/\/www.theatrerenard.com\/\" aria-label=\"Th\u00e9\u00e2tre du Renard\"><img decoding=\"async\" width=\"537\" height=\"537\" src=\"https:\/\/transitionencommun.org\/wp-content\/uploads\/2025\/09\/TheatreRenardLogo.jpg\" class=\"attachment-large size-large wp-post-image\" alt=\"\" srcset=\"https:\/\/transitionencommun.org\/wp-content\/uploads\/2025\/09\/TheatreRenardLogo.jpg 537w, https:\/\/transitionencommun.org\/wp-content\/uploads\/2025\/09\/TheatreRenardLogo-300x300.jpg 300w, https:\/\/transitionencommun.org\/wp-content\/uploads\/2025\/09\/TheatreRenardLogo-150x150.jpg 150w\" sizes=\"(max-width: 537px) 100vw, 537px\" \/><\/a><\/div>\t\t<\/div>\r\n\t\t\t<\/article>\r\n\t<article class=\"w-grid-item us_animate_afb size_1x1 post-2653 partenaires type-partenaires status-publish has-post-thumbnail hentry categorie_partenaire-membres\" data-id=\"2653\" style=\"animation-delay:1.2s\">\r\n\t\t<div class=\"w-grid-item-h\">\r\n\t\t\t\t\t\t<div class=\"w-post-elm post_image usg_post_image_1 stretched\"><a target=\"_blank\" href=\"https:\/\/tiess.ca\/\" aria-label=\"TIESS\"><img decoding=\"async\" width=\"1024\" height=\"574\" src=\"https:\/\/transitionencommun.org\/wp-content\/uploads\/2024\/07\/logo-tiess-1-1024x574.png\" class=\"attachment-large size-large wp-post-image\" alt=\"Territoires innovants en \u00e9conomie sociale et solidaire (tiess) - Liaison et transfert\" srcset=\"https:\/\/transitionencommun.org\/wp-content\/uploads\/2024\/07\/logo-tiess-1-1024x574.png 1024w, https:\/\/transitionencommun.org\/wp-content\/uploads\/2024\/07\/logo-tiess-1-300x168.png 300w, https:\/\/transitionencommun.org\/wp-content\/uploads\/2024\/07\/logo-tiess-1.png 2000w\" sizes=\"(max-width: 1024px) 100vw, 1024px\" \/><\/a><\/div>\t\t<\/div>\r\n\t\t\t<\/article>\r\n\t<article class=\"w-grid-item us_animate_afb size_1x1 post-5380 partenaires type-partenaires status-publish has-post-thumbnail hentry categorie_partenaire-membres\" data-id=\"5380\" style=\"animation-delay:1.3s\">\r\n\t\t<div class=\"w-grid-item-h\">\r\n\t\t\t\t\t\t<div class=\"w-post-elm post_image usg_post_image_1 stretched\"><a target=\"_blank\" href=\"https:\/\/tohu.ca\/fr\" aria-label=\"Tohu\"><img decoding=\"async\" width=\"225\" height=\"225\" src=\"https:\/\/transitionencommun.org\/wp-content\/uploads\/2025\/05\/TohuLogo.png\" class=\"attachment-large size-large wp-post-image\" alt=\"\" srcset=\"https:\/\/transitionencommun.org\/wp-content\/uploads\/2025\/05\/TohuLogo.png 225w, https:\/\/transitionencommun.org\/wp-content\/uploads\/2025\/05\/TohuLogo-150x150.png 150w\" sizes=\"(max-width: 225px) 100vw, 225px\" \/><\/a><\/div>\t\t<\/div>\r\n\t\t\t<\/article>\r\n\t<article class=\"w-grid-item us_animate_afb size_1x1 post-4651 partenaires type-partenaires status-publish has-post-thumbnail hentry categorie_partenaire-membres\" data-id=\"4651\" style=\"animation-delay:1.4s\">\r\n\t\t<div class=\"w-grid-item-h\">\r\n\t\t\t\t\t\t<div class=\"w-post-elm post_image usg_post_image_1 stretched\"><a target=\"_blank\" href=\"https:\/\/justiceclimatique.org\/\" aria-label=\"Travailleurs travailleuses pour la justice climatique\"><img decoding=\"async\" width=\"1024\" height=\"222\" src=\"https:\/\/transitionencommun.org\/wp-content\/uploads\/2024\/12\/TJC-1024x222.webp\" class=\"attachment-large size-large wp-post-image\" alt=\"\" srcset=\"https:\/\/transitionencommun.org\/wp-content\/uploads\/2024\/12\/TJC-1024x222.webp 1024w, https:\/\/transitionencommun.org\/wp-content\/uploads\/2024\/12\/TJC-300x65.webp 300w, https:\/\/transitionencommun.org\/wp-content\/uploads\/2024\/12\/TJC.webp 1600w\" sizes=\"(max-width: 1024px) 100vw, 1024px\" \/><\/a><\/div>\t\t<\/div>\r\n\t\t\t<\/article>\r\n\t<article class=\"w-grid-item us_animate_afb size_1x1 post-4654 partenaires type-partenaires status-publish has-post-thumbnail hentry categorie_partenaire-membres\" data-id=\"4654\" style=\"animation-delay:0s\">\r\n\t\t<div class=\"w-grid-item-h\">\r\n\t\t\t\t\t\t<div class=\"w-post-elm post_image usg_post_image_1 stretched\"><a target=\"_blank\" href=\"https:\/\/www.tshuapamitin.ca\/\" aria-label=\"Tshuapamitin\"><img decoding=\"async\" width=\"406\" height=\"357\" src=\"https:\/\/transitionencommun.org\/wp-content\/uploads\/2024\/12\/Tshuapamitin.webp\" class=\"attachment-large size-large wp-post-image\" alt=\"\" srcset=\"https:\/\/transitionencommun.org\/wp-content\/uploads\/2024\/12\/Tshuapamitin.webp 406w, https:\/\/transitionencommun.org\/wp-content\/uploads\/2024\/12\/Tshuapamitin-300x264.webp 300w\" sizes=\"(max-width: 406px) 100vw, 406px\" \/><\/a><\/div>\t\t<\/div>\r\n\t\t\t<\/article>\r\n\t<article class=\"w-grid-item us_animate_afb size_1x1 post-4657 partenaires type-partenaires status-publish has-post-thumbnail hentry categorie_partenaire-membres\" data-id=\"4657\" style=\"animation-delay:0.1s\">\r\n\t\t<div class=\"w-grid-item-h\">\r\n\t\t\t\t\t\t<div class=\"w-post-elm post_image usg_post_image_1 stretched\"><a target=\"_blank\" href=\"https:\/\/cerium.umontreal.ca\/accueil\/\" aria-label=\"UdeM &#8211; Centre d&#8217;\u00e9tudes et de recherches internationales\"><img decoding=\"async\" width=\"360\" height=\"360\" src=\"https:\/\/transitionencommun.org\/wp-content\/uploads\/2024\/12\/CERIUM.png\" class=\"attachment-large size-large wp-post-image\" alt=\"\" srcset=\"https:\/\/transitionencommun.org\/wp-content\/uploads\/2024\/12\/CERIUM.png 360w, https:\/\/transitionencommun.org\/wp-content\/uploads\/2024\/12\/CERIUM-300x300.png 300w, https:\/\/transitionencommun.org\/wp-content\/uploads\/2024\/12\/CERIUM-150x150.png 150w\" sizes=\"(max-width: 360px) 100vw, 360px\" \/><\/a><\/div>\t\t<\/div>\r\n\t\t\t<\/article>\r\n\t<article class=\"w-grid-item us_animate_afb size_1x1 post-4565 partenaires type-partenaires status-publish has-post-thumbnail hentry categorie_partenaire-membres\" data-id=\"4565\" style=\"animation-delay:0.2s\">\r\n\t\t<div class=\"w-grid-item-h\">\r\n\t\t\t\t\t\t<div class=\"w-post-elm post_image usg_post_image_1 stretched\"><a target=\"_blank\" href=\"https:\/\/celat.ca\/uqam\/\" aria-label=\"UQ\u00c0M &#8211; Centre de recherche Cultures &#8211; Arts &#8211; Soci\u00e9t\u00e9s\"><img decoding=\"async\" width=\"480\" height=\"140\" src=\"https:\/\/transitionencommun.org\/wp-content\/uploads\/2024\/12\/CELAT.png\" class=\"attachment-large size-large wp-post-image\" alt=\"\" srcset=\"https:\/\/transitionencommun.org\/wp-content\/uploads\/2024\/12\/CELAT.png 480w, https:\/\/transitionencommun.org\/wp-content\/uploads\/2024\/12\/CELAT-300x88.png 300w\" sizes=\"(max-width: 480px) 100vw, 480px\" \/><\/a><\/div>\t\t<\/div>\r\n\t\t\t<\/article>\r\n\t<article class=\"w-grid-item us_animate_afb size_1x1 post-5312 partenaires type-partenaires status-publish has-post-thumbnail hentry categorie_partenaire-membres\" data-id=\"5312\" style=\"animation-delay:0.3s\">\r\n\t\t<div class=\"w-grid-item-h\">\r\n\t\t\t\t\t\t<div class=\"w-post-elm post_image usg_post_image_1 stretched\"><a target=\"_blank\" href=\"https:\/\/montreal.ca\/cote-des-neiges-notre-dame-de-grace\" aria-label=\"Ville &#8211; Arr. C\u00f4te-des-Neiges-NDG\"><img decoding=\"async\" width=\"395\" height=\"300\" src=\"https:\/\/transitionencommun.org\/wp-content\/uploads\/2025\/04\/Logos-Ville-Croppes.png\" class=\"attachment-large size-large wp-post-image\" alt=\"\" srcset=\"https:\/\/transitionencommun.org\/wp-content\/uploads\/2025\/04\/Logos-Ville-Croppes.png 395w, https:\/\/transitionencommun.org\/wp-content\/uploads\/2025\/04\/Logos-Ville-Croppes-300x228.png 300w\" sizes=\"(max-width: 395px) 100vw, 395px\" \/><\/a><\/div>\t\t<\/div>\r\n\t\t\t<\/article>\r\n\t<article class=\"w-grid-item us_animate_afb size_1x1 post-5969 partenaires type-partenaires status-publish has-post-thumbnail hentry categorie_partenaire-membres\" data-id=\"5969\" style=\"animation-delay:0.4s\">\r\n\t\t<div class=\"w-grid-item-h\">\r\n\t\t\t\t\t\t<div class=\"w-post-elm post_image usg_post_image_1 stretched\"><a target=\"_blank\" href=\"https:\/\/montreal.ca\/verdun\" aria-label=\"Ville &#8211; Arr. Verdun\"><img decoding=\"async\" width=\"395\" height=\"300\" src=\"https:\/\/transitionencommun.org\/wp-content\/uploads\/2025\/08\/Logos-Ville-Croppes.png\" class=\"attachment-large size-large wp-post-image\" alt=\"\" srcset=\"https:\/\/transitionencommun.org\/wp-content\/uploads\/2025\/08\/Logos-Ville-Croppes.png 395w, https:\/\/transitionencommun.org\/wp-content\/uploads\/2025\/08\/Logos-Ville-Croppes-300x228.png 300w\" sizes=\"(max-width: 395px) 100vw, 395px\" \/><\/a><\/div>\t\t<\/div>\r\n\t\t\t<\/article>\r\n\t<article class=\"w-grid-item us_animate_afb size_1x1 post-2644 partenaires type-partenaires status-publish has-post-thumbnail hentry categorie_partenaire-membres\" data-id=\"2644\" style=\"animation-delay:0.5s\">\r\n\t\t<div class=\"w-grid-item-h\">\r\n\t\t\t\t\t\t<div class=\"w-post-elm post_image usg_post_image_1 stretched\"><a target=\"_blank\" href=\"https:\/\/montreal.ca\/mercier-hochelaga-maisonneuve\" aria-label=\"Ville &#8211; Mercier-Hochelaga-Maisonneuve\"><img decoding=\"async\" width=\"395\" height=\"300\" src=\"https:\/\/transitionencommun.org\/wp-content\/uploads\/2024\/12\/Ville_MHM.png\" class=\"attachment-large size-large wp-post-image\" alt=\"\" srcset=\"https:\/\/transitionencommun.org\/wp-content\/uploads\/2024\/12\/Ville_MHM.png 395w, https:\/\/transitionencommun.org\/wp-content\/uploads\/2024\/12\/Ville_MHM-300x228.png 300w\" sizes=\"(max-width: 395px) 100vw, 395px\" \/><\/a><\/div>\t\t<\/div>\r\n\t\t\t<\/article>\r\n\t<article class=\"w-grid-item us_animate_afb size_1x1 post-4553 partenaires type-partenaires status-publish has-post-thumbnail hentry categorie_partenaire-membres\" data-id=\"4553\" style=\"animation-delay:0.6s\">\r\n\t\t<div class=\"w-grid-item-h\">\r\n\t\t\t\t\t\t<div class=\"w-post-elm post_image usg_post_image_1 stretched\"><a target=\"_blank\" href=\"https:\/\/montreal.ca\/montreal-nord\" aria-label=\"Ville &#8211; Montr\u00e9al-Nord\"><img decoding=\"async\" width=\"508\" height=\"506\" src=\"https:\/\/transitionencommun.org\/wp-content\/uploads\/2024\/12\/ArrMontrealNordLogo.png\" class=\"attachment-large size-large wp-post-image\" alt=\"\" srcset=\"https:\/\/transitionencommun.org\/wp-content\/uploads\/2024\/12\/ArrMontrealNordLogo.png 508w, https:\/\/transitionencommun.org\/wp-content\/uploads\/2024\/12\/ArrMontrealNordLogo-300x300.png 300w, https:\/\/transitionencommun.org\/wp-content\/uploads\/2024\/12\/ArrMontrealNordLogo-150x150.png 150w\" sizes=\"(max-width: 508px) 100vw, 508px\" \/><\/a><\/div>\t\t<\/div>\r\n\t\t\t<\/article>\r\n\t<article class=\"w-grid-item us_animate_afb size_1x1 post-4547 partenaires type-partenaires status-publish has-post-thumbnail hentry categorie_partenaire-membres\" data-id=\"4547\" style=\"animation-delay:0.7s\">\r\n\t\t<div class=\"w-grid-item-h\">\r\n\t\t\t\t\t\t<div class=\"w-post-elm post_image usg_post_image_1 stretched\"><a target=\"_blank\" href=\"https:\/\/montreal.ca\/le-plateau-mont-royal\" aria-label=\"Ville &#8211; Plateau-Mont-Royal\"><img decoding=\"async\" width=\"395\" height=\"300\" src=\"https:\/\/transitionencommun.org\/wp-content\/uploads\/2024\/12\/Ville_Plateau.png\" class=\"attachment-large size-large wp-post-image\" alt=\"\" srcset=\"https:\/\/transitionencommun.org\/wp-content\/uploads\/2024\/12\/Ville_Plateau.png 395w, https:\/\/transitionencommun.org\/wp-content\/uploads\/2024\/12\/Ville_Plateau-300x228.png 300w\" sizes=\"(max-width: 395px) 100vw, 395px\" \/><\/a><\/div>\t\t<\/div>\r\n\t\t\t<\/article>\r\n\t<article class=\"w-grid-item us_animate_afb size_1x1 post-5697 partenaires type-partenaires status-publish has-post-thumbnail hentry categorie_partenaire-membres\" data-id=\"5697\" style=\"animation-delay:0.8s\">\r\n\t\t<div class=\"w-grid-item-h\">\r\n\t\t\t\t\t\t<div class=\"w-post-elm post_image usg_post_image_1 stretched\"><a target=\"_blank\" href=\"https:\/\/montreal.ca\/rosemont-la-petite-patrie\" aria-label=\"Ville &#8211; Rosemont-La-Petite-Patrie\"><img decoding=\"async\" width=\"395\" height=\"300\" src=\"https:\/\/transitionencommun.org\/wp-content\/uploads\/2025\/06\/Logo-ArrRPP.png\" class=\"attachment-large size-large wp-post-image\" alt=\"\" srcset=\"https:\/\/transitionencommun.org\/wp-content\/uploads\/2025\/06\/Logo-ArrRPP.png 395w, https:\/\/transitionencommun.org\/wp-content\/uploads\/2025\/06\/Logo-ArrRPP-300x228.png 300w\" sizes=\"(max-width: 395px) 100vw, 395px\" \/><\/a><\/div>\t\t<\/div>\r\n\t\t\t<\/article>\r\n\t<article class=\"w-grid-item us_animate_afb size_1x1 post-4550 partenaires type-partenaires status-publish has-post-thumbnail hentry categorie_partenaire-membres\" data-id=\"4550\" style=\"animation-delay:0.9s\">\r\n\t\t<div class=\"w-grid-item-h\">\r\n\t\t\t\t\t\t<div class=\"w-post-elm post_image usg_post_image_1 stretched\"><a target=\"_blank\" href=\"https:\/\/montreal.ca\/le-sud-ouest\" aria-label=\"Ville &#8211; Sud-Ouest\"><img decoding=\"async\" width=\"395\" height=\"300\" src=\"https:\/\/transitionencommun.org\/wp-content\/uploads\/2024\/12\/Ville_Sud-Ouest.png\" class=\"attachment-large size-large wp-post-image\" alt=\"\" srcset=\"https:\/\/transitionencommun.org\/wp-content\/uploads\/2024\/12\/Ville_Sud-Ouest.png 395w, https:\/\/transitionencommun.org\/wp-content\/uploads\/2024\/12\/Ville_Sud-Ouest-300x228.png 300w\" sizes=\"(max-width: 395px) 100vw, 395px\" \/><\/a><\/div>\t\t<\/div>\r\n\t\t\t<\/article>\r\n\t<article class=\"w-grid-item us_animate_afb size_1x1 post-4543 partenaires type-partenaires status-publish has-post-thumbnail hentry categorie_partenaire-membres\" data-id=\"4543\" style=\"animation-delay:1s\">\r\n\t\t<div class=\"w-grid-item-h\">\r\n\t\t\t\t\t\t<div class=\"w-post-elm post_image usg_post_image_1 stretched\"><a target=\"_blank\" href=\"https:\/\/montreal.ca\/villeray-saint-michel-parc-extension\" aria-label=\"Ville &#8211; Villeray &#8211; Saint-Michel &#8211; Parc Extension\"><img decoding=\"async\" width=\"395\" height=\"300\" src=\"https:\/\/transitionencommun.org\/wp-content\/uploads\/2024\/12\/Ville_VSMPE.png\" class=\"attachment-large size-large wp-post-image\" alt=\"\" srcset=\"https:\/\/transitionencommun.org\/wp-content\/uploads\/2024\/12\/Ville_VSMPE.png 395w, https:\/\/transitionencommun.org\/wp-content\/uploads\/2024\/12\/Ville_VSMPE-300x228.png 300w\" sizes=\"(max-width: 395px) 100vw, 395px\" \/><\/a><\/div>\t\t<\/div>\r\n\t\t\t<\/article>\r\n\t<article class=\"w-grid-item us_animate_afb size_1x1 post-4562 partenaires type-partenaires status-publish has-post-thumbnail hentry categorie_partenaire-membres\" data-id=\"4562\" style=\"animation-delay:1.1s\">\r\n\t\t<div class=\"w-grid-item-h\">\r\n\t\t\t\t\t\t<div class=\"w-post-elm post_image usg_post_image_1 stretched\"><a target=\"_blank\" href=\"https:\/\/montreal.ca\/unites\/bureau-de-la-transition-ecologique-et-de-la-resilience\" aria-label=\"Ville de Montr\u00e9al (BTER, version membre)\"><img decoding=\"async\" width=\"395\" height=\"300\" src=\"https:\/\/transitionencommun.org\/wp-content\/uploads\/2024\/12\/Ville_Officiel.png\" class=\"attachment-large size-large wp-post-image\" alt=\"\" srcset=\"https:\/\/transitionencommun.org\/wp-content\/uploads\/2024\/12\/Ville_Officiel.png 395w, https:\/\/transitionencommun.org\/wp-content\/uploads\/2024\/12\/Ville_Officiel-300x228.png 300w\" sizes=\"(max-width: 395px) 100vw, 395px\" \/><\/a><\/div>\t\t<\/div>\r\n\t\t\t<\/article>\r\n\t<article class=\"w-grid-item us_animate_afb size_1x1 post-7453 partenaires type-partenaires status-publish has-post-thumbnail hentry categorie_partenaire-membres\" data-id=\"7453\" style=\"animation-delay:1.2s\">\r\n\t\t<div class=\"w-grid-item-h\">\r\n\t\t\t\t\t\t<div class=\"w-post-elm post_image usg_post_image_1 stretched\"><a target=\"_blank\" href=\"https:\/\/montreal-ouest.ca\/fr\/\" aria-label=\"Ville de Montr\u00e9al-Ouest\"><img decoding=\"async\" width=\"1024\" height=\"1024\" src=\"https:\/\/transitionencommun.org\/wp-content\/uploads\/2026\/05\/Montreal-Ouest_Logo.svg\" class=\"attachment-large size-large wp-post-image\" alt=\"\" \/><\/a><\/div>\t\t<\/div>\r\n\t\t\t<\/article>\r\n\t<article class=\"w-grid-item us_animate_afb size_1x1 post-2655 partenaires type-partenaires status-publish has-post-thumbnail hentry categorie_partenaire-membres\" data-id=\"2655\" style=\"animation-delay:1.3s\">\r\n\t\t<div class=\"w-grid-item-h\">\r\n\t\t\t\t\t\t<div class=\"w-post-elm post_image usg_post_image_1 stretched\"><a target=\"_blank\" href=\"https:\/\/villeenvert.ca\/\" aria-label=\"Ville en vert\"><img decoding=\"async\" width=\"1024\" height=\"307\" src=\"https:\/\/transitionencommun.org\/wp-content\/uploads\/2024\/08\/VilleEnVert_Logo_RVB_Principal_Positif_Vert-1024x307.png\" class=\"attachment-large size-large wp-post-image\" alt=\"\" srcset=\"https:\/\/transitionencommun.org\/wp-content\/uploads\/2024\/08\/VilleEnVert_Logo_RVB_Principal_Positif_Vert-1024x307.png 1024w, https:\/\/transitionencommun.org\/wp-content\/uploads\/2024\/08\/VilleEnVert_Logo_RVB_Principal_Positif_Vert-300x90.png 300w, https:\/\/transitionencommun.org\/wp-content\/uploads\/2024\/08\/VilleEnVert_Logo_RVB_Principal_Positif_Vert.png 2048w\" sizes=\"(max-width: 1024px) 100vw, 1024px\" \/><\/a><\/div>\t\t<\/div>\r\n\t\t\t<\/article>\r\n\t<article class=\"w-grid-item us_animate_afb size_1x1 post-4660 partenaires type-partenaires status-publish has-post-thumbnail hentry categorie_partenaire-membres\" data-id=\"4660\" style=\"animation-delay:1.4s\">\r\n\t\t<div class=\"w-grid-item-h\">\r\n\t\t\t\t\t\t<div class=\"w-post-elm post_image usg_post_image_1 stretched\"><a target=\"_blank\" href=\"https:\/\/www.facebook.com\/groups\/3312979572339344\/\" aria-label=\"Villeray en transition\"><img decoding=\"async\" width=\"326\" height=\"163\" src=\"https:\/\/transitionencommun.org\/wp-content\/uploads\/2024\/12\/VillerayEnT-e1733169270627.jpg\" class=\"attachment-large size-large wp-post-image\" alt=\"\" srcset=\"https:\/\/transitionencommun.org\/wp-content\/uploads\/2024\/12\/VillerayEnT-e1733169270627.jpg 326w, https:\/\/transitionencommun.org\/wp-content\/uploads\/2024\/12\/VillerayEnT-e1733169270627-300x150.jpg 300w\" sizes=\"(max-width: 326px) 100vw, 326px\" \/><\/a><\/div>\t\t<\/div>\r\n\t\t\t<\/article>\r\n\t<article class=\"w-grid-item us_animate_afb size_1x1 post-2656 partenaires type-partenaires status-publish has-post-thumbnail hentry categorie_partenaire-membres\" data-id=\"2656\" style=\"animation-delay:0s\">\r\n\t\t<div class=\"w-grid-item-h\">\r\n\t\t\t\t\t\t<div class=\"w-post-elm post_image usg_post_image_1 stretched\"><a target=\"_blank\" href=\"https:\/\/vivreenville.org\/\" aria-label=\"Vivre en ville\"><img decoding=\"async\" width=\"609\" height=\"381\" src=\"https:\/\/transitionencommun.org\/wp-content\/uploads\/2024\/07\/vvenv_rvb-1-edited.png\" class=\"attachment-large size-large wp-post-image\" alt=\"Vivre en ville\" srcset=\"https:\/\/transitionencommun.org\/wp-content\/uploads\/2024\/07\/vvenv_rvb-1-edited.png 609w, https:\/\/transitionencommun.org\/wp-content\/uploads\/2024\/07\/vvenv_rvb-1-edited-300x188.png 300w\" sizes=\"(max-width: 609px) 100vw, 609px\" \/><\/a><\/div>\t\t<\/div>\r\n\t\t\t<\/article>\r\n\t<article class=\"w-grid-item us_animate_afb size_1x1 post-4663 partenaires type-partenaires status-publish has-post-thumbnail hentry categorie_partenaire-membres\" data-id=\"4663\" style=\"animation-delay:0.1s\">\r\n\t\t<div class=\"w-grid-item-h\">\r\n\t\t\t\t\t\t<div class=\"w-post-elm post_image usg_post_image_1 stretched\"><a target=\"_blank\" href=\"https:\/\/voiesculturelles.qc.ca\/\" aria-label=\"Voies culturelles des Faubourgs\"><img decoding=\"async\" width=\"1024\" height=\"373\" src=\"https:\/\/transitionencommun.org\/wp-content\/uploads\/2024\/12\/VCF-1024x373.png\" class=\"attachment-large size-large wp-post-image\" alt=\"\" srcset=\"https:\/\/transitionencommun.org\/wp-content\/uploads\/2024\/12\/VCF-1024x373.png 1024w, https:\/\/transitionencommun.org\/wp-content\/uploads\/2024\/12\/VCF-300x109.png 300w, https:\/\/transitionencommun.org\/wp-content\/uploads\/2024\/12\/VCF.png 2048w\" sizes=\"(max-width: 1024px) 100vw, 1024px\" \/><\/a><\/div>\t\t<\/div>\r\n\t\t\t<\/article>\r\n<\/div>\t<div class=\"w-grid-preloader\">\r\n\t\t<div class=\"g-preloader type_1\">\r\n\t\t\t<div><\/div>\r\n\t\t<\/div>\r\n\t<\/div>\r\n\t\t<div class=\"w-grid-json hidden\" onclick='return {&quot;action&quot;:&quot;us_ajax_grid&quot;,&quot;infinite_scroll&quot;:0,&quot;max_num_pages&quot;:1,&quot;pagination&quot;:&quot;none&quot;,&quot;template_vars&quot;:{&quot;columns&quot;:&quot;5&quot;,&quot;exclude_items&quot;:&quot;none&quot;,&quot;img_size&quot;:&quot;default&quot;,&quot;ignore_items_size&quot;:0,&quot;items_layout&quot;:&quot;162&quot;,&quot;items_offset&quot;:&quot;1&quot;,&quot;load_animation&quot;:&quot;afb&quot;,&quot;overriding_link&quot;:&quot;%7B%22url%22%3A%22%22%7D&quot;,&quot;post_id&quot;:0,&quot;query_args&quot;:{&quot;post_type&quot;:[&quot;partenaires&quot;],&quot;tax_query&quot;:[{&quot;taxonomy&quot;:&quot;categorie_partenaire&quot;,&quot;field&quot;:&quot;slug&quot;,&quot;terms&quot;:[&quot;membres&quot;]}],&quot;post_status&quot;:[&quot;publish&quot;,&quot;acf-disabled&quot;],&quot;posts_per_page&quot;:&quot;150&quot;},&quot;orderby_query_args&quot;:{&quot;orderby&quot;:{&quot;title&quot;:&quot;ASC&quot;},&quot;order&quot;:&quot;ASC&quot;},&quot;type&quot;:&quot;grid&quot;,&quot;us_grid_post_type&quot;:&quot;partenaires&quot;,&quot;us_grid_ajax_index&quot;:25,&quot;us_grid_filter_query_string&quot;:null,&quot;us_grid_index&quot;:25,&quot;page_args&quot;:[],&quot;lang&quot;:&quot;en&quot;}}'><\/div>\r\n\t<\/div><div class=\"w-separator size_large\"><\/div><div class=\"w-btn-wrapper align_center\"><a class=\"w-btn us-btn-style_1 us_custom_60e9caca us_animate_this icon_atright\" href=\"https:\/\/docs.google.com\/forms\/d\/e\/1FAIpQLSeSAu9CAoSR8-V-_gy_xlRPT1PBID1HscKBuilhXFkNHkGsLw\/viewform\"><span class=\"w-btn-label\">BECOME A MEMBER<\/span><i class=\"fal fa-arrow-right\"><\/i><\/a><\/div><div class=\"w-grid us_carousel us_custom_60e9caca us_animate_this hide_on_default hide_on_laptops hide_on_tablets hide_on_mobiles type_carousel layout_162 preload_style_spinner items_5\" id=\"us_grid_26\" style=\"--items:5;--gap:1.5rem;\"><style>@media (max-width:601px){#us_grid_26 .owl-carousel:not(.owl-loaded) .w-grid-item{width:calc(100% \/ 1 )!important}}@media (max-width:1025px){#us_grid_26 .owl-carousel:not(.owl-loaded) .w-grid-item{width:calc(100% \/ 2 )!important}}@media (max-width:1381px){#us_grid_26 .owl-carousel:not(.owl-loaded) .w-grid-item{width:calc(100% \/ 3 )!important}}<\/style><div class=\"w-grid-list owl-carousel valign_stretch dotstyle_circle navstyle_circle arrows-ver-pos_middle arrows-hor-pos_on_sides_outside arrows-disabled_hide owl-responsive-2000 with_arrows\" style=\"--transition-duration:350ms;--arrows-size:1.5rem;--arrows-hor-offset:calc(0px + 1.5rem);--arrows-gap:10px;\">\t<article class=\"w-grid-item post-159 partenaires type-partenaires status-publish has-post-thumbnail hentry categorie_partenaire-membres\" data-id=\"159\">\r\n\t\t<div class=\"w-grid-item-h\">\r\n\t\t\t\t\t\t<div class=\"w-post-elm post_image usg_post_image_1 stretched\"><a target=\"_blank\" href=\"https:\/\/www.acefnord.org\/\" aria-label=\"ACEF du Nord de Montr\u00e9al\"><img decoding=\"async\" width=\"1024\" height=\"608\" src=\"https:\/\/transitionencommun.org\/wp-content\/uploads\/2024\/06\/acef-nord-1024x608-1.jpg\" class=\"attachment-large size-large wp-post-image\" alt=\"\" srcset=\"https:\/\/transitionencommun.org\/wp-content\/uploads\/2024\/06\/acef-nord-1024x608-1.jpg 1024w, https:\/\/transitionencommun.org\/wp-content\/uploads\/2024\/06\/acef-nord-1024x608-1-300x178.jpg 300w\" sizes=\"(max-width: 1024px) 100vw, 1024px\" \/><\/a><\/div>\t\t<\/div>\r\n\t\t\t<\/article>\r\n\t<article class=\"w-grid-item post-2588 partenaires type-partenaires status-publish has-post-thumbnail hentry categorie_partenaire-membres\" data-id=\"2588\">\r\n\t\t<div class=\"w-grid-item-h\">\r\n\t\t\t\t\t\t<div class=\"w-post-elm post_image usg_post_image_1 stretched\"><a target=\"_blank\" href=\"https:\/\/www.achat-habitation.org\/fr\/\" aria-label=\"ACHAT\"><img decoding=\"async\" width=\"1024\" height=\"186\" src=\"https:\/\/transitionencommun.org\/wp-content\/uploads\/2024\/08\/achat-1-1024x186.png\" class=\"attachment-large size-large wp-post-image\" alt=\"\" srcset=\"https:\/\/transitionencommun.org\/wp-content\/uploads\/2024\/08\/achat-1-1024x186.png 1024w, https:\/\/transitionencommun.org\/wp-content\/uploads\/2024\/08\/achat-1-300x54.png 300w, https:\/\/transitionencommun.org\/wp-content\/uploads\/2024\/08\/achat-1.png 2048w\" sizes=\"(max-width: 1024px) 100vw, 1024px\" \/><\/a><\/div>\t\t<\/div>\r\n\t\t\t<\/article>\r\n\t<article class=\"w-grid-item post-4742 partenaires type-partenaires status-publish has-post-thumbnail hentry categorie_partenaire-partenaire-financier\" data-id=\"4742\">\r\n\t\t<div class=\"w-grid-item-h\">\r\n\t\t\t\t\t\t<div class=\"w-post-elm post_image usg_post_image_1 stretched\"><a target=\"_blank\" href=\"https:\/\/www.quebec.ca\/gouvernement\/politiques-orientations\/plan-economie-verte\" aria-label=\"ACQ-1\"><img decoding=\"async\" width=\"1024\" height=\"249\" src=\"https:\/\/transitionencommun.org\/wp-content\/uploads\/2024\/12\/PEV_Couleurs_couleurs-1024x249.png\" class=\"attachment-large size-large wp-post-image\" alt=\"\" srcset=\"https:\/\/transitionencommun.org\/wp-content\/uploads\/2024\/12\/PEV_Couleurs_couleurs-1024x249.png 1024w, https:\/\/transitionencommun.org\/wp-content\/uploads\/2024\/12\/PEV_Couleurs_couleurs-300x73.png 300w, https:\/\/transitionencommun.org\/wp-content\/uploads\/2024\/12\/PEV_Couleurs_couleurs.png 1723w\" sizes=\"(max-width: 1024px) 100vw, 1024px\" \/><\/a><\/div>\t\t<\/div>\r\n\t\t\t<\/article>\r\n\t<article class=\"w-grid-item post-4739 partenaires type-partenaires status-publish has-post-thumbnail hentry categorie_partenaire-partenaire-financier\" data-id=\"4739\">\r\n\t\t<div class=\"w-grid-item-h\">\r\n\t\t\t\t\t\t<div class=\"w-post-elm post_image usg_post_image_1 stretched\"><a target=\"_blank\" href=\"https:\/\/faqdd.qc.ca\/\" aria-label=\"ACQ-2\"><img decoding=\"async\" width=\"1024\" height=\"325\" src=\"https:\/\/transitionencommun.org\/wp-content\/uploads\/2024\/12\/FAQDD_Horizontal_Couleurs-1024x325.png\" class=\"attachment-large size-large wp-post-image\" alt=\"\" srcset=\"https:\/\/transitionencommun.org\/wp-content\/uploads\/2024\/12\/FAQDD_Horizontal_Couleurs-1024x325.png 1024w, https:\/\/transitionencommun.org\/wp-content\/uploads\/2024\/12\/FAQDD_Horizontal_Couleurs-300x95.png 300w, https:\/\/transitionencommun.org\/wp-content\/uploads\/2024\/12\/FAQDD_Horizontal_Couleurs.png 1275w\" sizes=\"(max-width: 1024px) 100vw, 1024px\" \/><\/a><\/div>\t\t<\/div>\r\n\t\t\t<\/article>\r\n\t<article class=\"w-grid-item post-2590 partenaires type-partenaires status-publish has-post-thumbnail hentry categorie_partenaire-membres\" data-id=\"2590\">\r\n\t\t<div class=\"w-grid-item-h\">\r\n\t\t\t\t\t\t<div class=\"w-post-elm post_image usg_post_image_1 stretched\"><a target=\"_blank\" href=\"https:\/\/actionclimatiqueurbaine.ca\/\" aria-label=\"Action climatique urbaine\"><img decoding=\"async\" width=\"949\" height=\"440\" src=\"https:\/\/transitionencommun.org\/wp-content\/uploads\/2024\/08\/acu.png\" class=\"attachment-large size-large wp-post-image\" alt=\"\" srcset=\"https:\/\/transitionencommun.org\/wp-content\/uploads\/2024\/08\/acu.png 949w, https:\/\/transitionencommun.org\/wp-content\/uploads\/2024\/08\/acu-300x139.png 300w\" sizes=\"(max-width: 949px) 100vw, 949px\" \/><\/a><\/div>\t\t<\/div>\r\n\t\t\t<\/article>\r\n\t<article class=\"w-grid-item post-4532 partenaires type-partenaires status-publish has-post-thumbnail hentry categorie_partenaire-membres\" data-id=\"4532\">\r\n\t\t<div class=\"w-grid-item-h\">\r\n\t\t\t\t\t\t<div class=\"w-post-elm post_image usg_post_image_1 stretched\"><a target=\"_blank\" href=\"https:\/\/www.actiongardien.org\/nouvelles\" aria-label=\"Action Gardien, CDC Pointe-Saint-Charles\"><img decoding=\"async\" width=\"1024\" height=\"1024\" src=\"https:\/\/transitionencommun.org\/wp-content\/uploads\/2024\/12\/ActionG-e1733170762794-1024x1024.png\" class=\"attachment-large size-large wp-post-image\" alt=\"\" srcset=\"https:\/\/transitionencommun.org\/wp-content\/uploads\/2024\/12\/ActionG-e1733170762794-1024x1024.png 1024w, https:\/\/transitionencommun.org\/wp-content\/uploads\/2024\/12\/ActionG-e1733170762794-300x300.png 300w, https:\/\/transitionencommun.org\/wp-content\/uploads\/2024\/12\/ActionG-e1733170762794-150x150.png 150w, https:\/\/transitionencommun.org\/wp-content\/uploads\/2024\/12\/ActionG-e1733170762794.png 1070w\" sizes=\"(max-width: 1024px) 100vw, 1024px\" \/><\/a><\/div>\t\t<\/div>\r\n\t\t\t<\/article>\r\n\t<article class=\"w-grid-item post-4535 partenaires type-partenaires status-publish has-post-thumbnail hentry categorie_partenaire-membres\" data-id=\"4535\">\r\n\t\t<div class=\"w-grid-item-h\">\r\n\t\t\t\t\t\t<div class=\"w-post-elm post_image usg_post_image_1 stretched\"><a target=\"_blank\" href=\"https:\/\/www.ahuncycle.com\/\" aria-label=\"Ahuncycle\"><img decoding=\"async\" width=\"1024\" height=\"1024\" src=\"https:\/\/transitionencommun.org\/wp-content\/uploads\/2024\/12\/Ahuncycle-1024x1024.png\" class=\"attachment-large size-large wp-post-image\" alt=\"\" srcset=\"https:\/\/transitionencommun.org\/wp-content\/uploads\/2024\/12\/Ahuncycle-1024x1024.png 1024w, https:\/\/transitionencommun.org\/wp-content\/uploads\/2024\/12\/Ahuncycle-300x300.png 300w, https:\/\/transitionencommun.org\/wp-content\/uploads\/2024\/12\/Ahuncycle-150x150.png 150w, https:\/\/transitionencommun.org\/wp-content\/uploads\/2024\/12\/Ahuncycle.png 1181w\" sizes=\"(max-width: 1024px) 100vw, 1024px\" \/><\/a><\/div>\t\t<\/div>\r\n\t\t\t<\/article>\r\n\t<article class=\"w-grid-item post-4540 partenaires type-partenaires status-publish has-post-thumbnail hentry categorie_partenaire-membres\" data-id=\"4540\">\r\n\t\t<div class=\"w-grid-item-h\">\r\n\t\t\t\t\t\t<div class=\"w-post-elm post_image usg_post_image_1 stretched\"><a target=\"_blank\" href=\"https:\/\/www.ahuntsicentransition.org\/\" aria-label=\"Ahuntsic en transition\"><img decoding=\"async\" width=\"300\" height=\"98\" src=\"https:\/\/transitionencommun.org\/wp-content\/uploads\/2024\/12\/AhunsticCartiervilleEnTransitio.png\" class=\"attachment-large size-large wp-post-image\" alt=\"\" \/><\/a><\/div>\t\t<\/div>\r\n\t\t\t<\/article>\r\n\t<article class=\"w-grid-item post-4793 partenaires type-partenaires status-publish has-post-thumbnail hentry categorie_partenaire-membres\" data-id=\"4793\">\r\n\t\t<div class=\"w-grid-item-h\">\r\n\t\t\t\t\t\t<div class=\"w-post-elm post_image usg_post_image_1 stretched\"><a target=\"_blank\" href=\"https:\/\/www.lemontroyal.qc.ca\/fr\/\" aria-label=\"Amis de la Montagne\"><img decoding=\"async\" width=\"376\" height=\"256\" src=\"https:\/\/transitionencommun.org\/wp-content\/uploads\/2025\/01\/AmisDeLaMontagneLogo.png\" class=\"attachment-large size-large wp-post-image\" alt=\"\" srcset=\"https:\/\/transitionencommun.org\/wp-content\/uploads\/2025\/01\/AmisDeLaMontagneLogo.png 376w, https:\/\/transitionencommun.org\/wp-content\/uploads\/2025\/01\/AmisDeLaMontagneLogo-300x204.png 300w\" sizes=\"(max-width: 376px) 100vw, 376px\" \/><\/a><\/div>\t\t<\/div>\r\n\t\t\t<\/article>\r\n\t<article class=\"w-grid-item post-5309 partenaires type-partenaires status-publish has-post-thumbnail hentry categorie_partenaire-membres\" data-id=\"5309\">\r\n\t\t<div class=\"w-grid-item-h\">\r\n\t\t\t\t\t\t<div class=\"w-post-elm post_image usg_post_image_1 stretched\"><a target=\"_blank\" href=\"https:\/\/artenso.ca\/\" aria-label=\"Artenso\"><img decoding=\"async\" width=\"400\" height=\"101\" src=\"https:\/\/transitionencommun.org\/wp-content\/uploads\/2025\/04\/Artenso-logo.png\" class=\"attachment-large size-large wp-post-image\" alt=\"\" srcset=\"https:\/\/transitionencommun.org\/wp-content\/uploads\/2025\/04\/Artenso-logo.png 400w, https:\/\/transitionencommun.org\/wp-content\/uploads\/2025\/04\/Artenso-logo-300x76.png 300w\" sizes=\"(max-width: 400px) 100vw, 400px\" \/><\/a><\/div>\t\t<\/div>\r\n\t\t\t<\/article>\r\n\t<article class=\"w-grid-item post-4556 partenaires type-partenaires status-publish has-post-thumbnail hentry categorie_partenaire-membres\" data-id=\"4556\">\r\n\t\t<div class=\"w-grid-item-h\">\r\n\t\t\t\t\t\t<div class=\"w-post-elm post_image usg_post_image_1 stretched\"><a target=\"_blank\" href=\"https:\/\/aepp.ca\/\" aria-label=\"Ateliers d&#8217;\u00e9ducation populaire du Plateau\"><img decoding=\"async\" width=\"1024\" height=\"615\" src=\"https:\/\/transitionencommun.org\/wp-content\/uploads\/2024\/12\/Aeep-1024x615.png\" class=\"attachment-large size-large wp-post-image\" alt=\"\" srcset=\"https:\/\/transitionencommun.org\/wp-content\/uploads\/2024\/12\/Aeep-1024x615.png 1024w, https:\/\/transitionencommun.org\/wp-content\/uploads\/2024\/12\/Aeep-300x180.png 300w, https:\/\/transitionencommun.org\/wp-content\/uploads\/2024\/12\/Aeep.png 2000w\" sizes=\"(max-width: 1024px) 100vw, 1024px\" \/><\/a><\/div>\t\t<\/div>\r\n\t\t\t<\/article>\r\n\t<article class=\"w-grid-item post-4559 partenaires type-partenaires status-publish has-post-thumbnail hentry categorie_partenaire-membres\" data-id=\"4559\">\r\n\t\t<div class=\"w-grid-item-h\">\r\n\t\t\t\t\t\t<div class=\"w-post-elm post_image usg_post_image_1 stretched\"><a target=\"_blank\" href=\"https:\/\/www.ateliersbiodiversite.org\/\" aria-label=\"Ateliers pour la biodiversit\u00e9\"><img decoding=\"async\" width=\"273\" height=\"89\" src=\"https:\/\/transitionencommun.org\/wp-content\/uploads\/2024\/12\/AteliersPourlabiodiversite.png\" class=\"attachment-large size-large wp-post-image\" alt=\"\" \/><\/a><\/div>\t\t<\/div>\r\n\t\t\t<\/article>\r\n\t<article class=\"w-grid-item post-5689 partenaires type-partenaires status-publish has-post-thumbnail hentry categorie_partenaire-membres\" data-id=\"5689\">\r\n\t\t<div class=\"w-grid-item-h\">\r\n\t\t\t\t\t\t<div class=\"w-post-elm post_image usg_post_image_1 stretched\"><a target=\"_blank\" href=\"https:\/\/www.facebook.com\/LaBaliseMTL\" aria-label=\"Balise (La)\"><img decoding=\"async\" width=\"200\" height=\"200\" src=\"https:\/\/transitionencommun.org\/wp-content\/uploads\/2025\/06\/La-balise.jpeg\" class=\"attachment-large size-large wp-post-image\" alt=\"\" srcset=\"https:\/\/transitionencommun.org\/wp-content\/uploads\/2025\/06\/La-balise.jpeg 200w, https:\/\/transitionencommun.org\/wp-content\/uploads\/2025\/06\/La-balise-150x150.jpeg 150w\" sizes=\"(max-width: 200px) 100vw, 200px\" \/><\/a><\/div>\t\t<\/div>\r\n\t\t\t<\/article>\r\n\t<article class=\"w-grid-item post-6163 partenaires type-partenaires status-publish has-post-thumbnail hentry categorie_partenaire-membres\" data-id=\"6163\">\r\n\t\t<div class=\"w-grid-item-h\">\r\n\t\t\t\t\t\t<div class=\"w-post-elm post_image usg_post_image_1 stretched\"><a target=\"_blank\" href=\"https:\/\/www.breches.org\/apropos\" aria-label=\"Br\u00e8ches\"><img decoding=\"async\" width=\"1024\" height=\"283\" src=\"https:\/\/transitionencommun.org\/wp-content\/uploads\/2025\/11\/Breche-logo-1024x283.webp\" class=\"attachment-large size-large wp-post-image\" alt=\"\" srcset=\"https:\/\/transitionencommun.org\/wp-content\/uploads\/2025\/11\/Breche-logo-1024x283.webp 1024w, https:\/\/transitionencommun.org\/wp-content\/uploads\/2025\/11\/Breche-logo-300x83.webp 300w, https:\/\/transitionencommun.org\/wp-content\/uploads\/2025\/11\/Breche-logo.webp 1500w\" sizes=\"(max-width: 1024px) 100vw, 1024px\" \/><\/a><\/div>\t\t<\/div>\r\n\t\t\t<\/article>\r\n\t<article class=\"w-grid-item post-2629 partenaires type-partenaires status-publish has-post-thumbnail hentry categorie_partenaire-membres\" data-id=\"2629\">\r\n\t\t<div class=\"w-grid-item-h\">\r\n\t\t\t\t\t\t<div class=\"w-post-elm post_image usg_post_image_1 stretched\"><a target=\"_blank\" href=\"https:\/\/catalyseurbronx.org\/\" aria-label=\"Catalyseur Bronx\"><img decoding=\"async\" width=\"1024\" height=\"686\" src=\"https:\/\/transitionencommun.org\/wp-content\/uploads\/2024\/07\/logo-bronx-1024x686.png\" class=\"attachment-large size-large wp-post-image\" alt=\"Fi\u00e8rement Bronx\" srcset=\"https:\/\/transitionencommun.org\/wp-content\/uploads\/2024\/07\/logo-bronx-1024x686.png 1024w, https:\/\/transitionencommun.org\/wp-content\/uploads\/2024\/07\/logo-bronx-300x201.png 300w, https:\/\/transitionencommun.org\/wp-content\/uploads\/2024\/07\/logo-bronx.png 1590w\" sizes=\"(max-width: 1024px) 100vw, 1024px\" \/><\/a><\/div>\t\t<\/div>\r\n\t\t\t<\/article>\r\n\t<article class=\"w-grid-item post-2594 partenaires type-partenaires status-publish has-post-thumbnail hentry categorie_partenaire-membres\" data-id=\"2594\">\r\n\t\t<div class=\"w-grid-item-h\">\r\n\t\t\t\t\t\t<div class=\"w-post-elm post_image usg_post_image_1 stretched\"><a target=\"_blank\" href=\"https:\/\/cdccentresud.org\/\" aria-label=\"CDC Centre-Sud\"><img decoding=\"async\" width=\"1024\" height=\"367\" src=\"https:\/\/transitionencommun.org\/wp-content\/uploads\/2024\/07\/cdccentresud_logo.jpg\" class=\"attachment-large size-large wp-post-image\" alt=\"CDC Centre-Sud\" srcset=\"https:\/\/transitionencommun.org\/wp-content\/uploads\/2024\/07\/cdccentresud_logo.jpg 1024w, https:\/\/transitionencommun.org\/wp-content\/uploads\/2024\/07\/cdccentresud_logo-300x108.jpg 300w\" sizes=\"(max-width: 1024px) 100vw, 1024px\" \/><\/a><\/div>\t\t<\/div>\r\n\t\t\t<\/article>\r\n\t<article class=\"w-grid-item post-7263 partenaires type-partenaires status-publish has-post-thumbnail hentry categorie_partenaire-membres\" data-id=\"7263\">\r\n\t\t<div class=\"w-grid-item-h\">\r\n\t\t\t\t\t\t<div class=\"w-post-elm post_image usg_post_image_1 stretched\"><a target=\"_blank\" href=\"https:\/\/www.cdec-lasallelachine.ca\/\" aria-label=\"CDEC Lasalle-Lachine\"><img decoding=\"async\" width=\"448\" height=\"258\" src=\"https:\/\/transitionencommun.org\/wp-content\/uploads\/2026\/04\/CDEC-Lachine-Logo.png\" class=\"attachment-large size-large wp-post-image\" alt=\"\" srcset=\"https:\/\/transitionencommun.org\/wp-content\/uploads\/2026\/04\/CDEC-Lachine-Logo.png 448w, https:\/\/transitionencommun.org\/wp-content\/uploads\/2026\/04\/CDEC-Lachine-Logo-300x173.png 300w\" sizes=\"(max-width: 448px) 100vw, 448px\" \/><\/a><\/div>\t\t<\/div>\r\n\t\t\t<\/article>\r\n\t<article class=\"w-grid-item post-7261 partenaires type-partenaires status-publish has-post-thumbnail hentry categorie_partenaire-membres\" data-id=\"7261\">\r\n\t\t<div class=\"w-grid-item-h\">\r\n\t\t\t\t\t\t<div class=\"w-post-elm post_image usg_post_image_1 stretched\"><a target=\"_blank\" href=\"https:\/\/www.cvm.qc.ca\/programme\/techniques-education-specialisee\/nous-joindre\/\" aria-label=\"C\u00e9gep du Vieux-Montr\u00e9al &#8211; D\u00e9partement d&#8217;\u00e9ducation sp\u00e9cialis\u00e9e\"><img decoding=\"async\" width=\"1008\" height=\"209\" src=\"https:\/\/transitionencommun.org\/wp-content\/uploads\/2026\/04\/CVM-logo.jpg\" class=\"attachment-large size-large wp-post-image\" alt=\"\" srcset=\"https:\/\/transitionencommun.org\/wp-content\/uploads\/2026\/04\/CVM-logo.jpg 1008w, https:\/\/transitionencommun.org\/wp-content\/uploads\/2026\/04\/CVM-logo-300x62.jpg 300w, https:\/\/transitionencommun.org\/wp-content\/uploads\/2026\/04\/CVM-logo-500x104.jpg 500w, https:\/\/transitionencommun.org\/wp-content\/uploads\/2026\/04\/CVM-logo-600x124.jpg 600w\" sizes=\"(max-width: 1008px) 100vw, 1008px\" \/><\/a><\/div>\t\t<\/div>\r\n\t\t\t<\/article>\r\n\t<article class=\"w-grid-item post-2599 partenaires type-partenaires status-publish has-post-thumbnail hentry categorie_partenaire-membres\" data-id=\"2599\">\r\n\t\t<div class=\"w-grid-item-h\">\r\n\t\t\t\t\t\t<div class=\"w-post-elm post_image usg_post_image_1 stretched\"><a target=\"_blank\" href=\"https:\/\/www.ecologieurbaine.net\/fr\/\" aria-label=\"Centre d&#8217;\u00e9cologie urbaine\"><img decoding=\"async\" width=\"1024\" height=\"395\" src=\"https:\/\/transitionencommun.org\/wp-content\/uploads\/2024\/08\/ceum-1024x395.webp\" class=\"attachment-large size-large wp-post-image\" alt=\"\" srcset=\"https:\/\/transitionencommun.org\/wp-content\/uploads\/2024\/08\/ceum-1024x395.webp 1024w, https:\/\/transitionencommun.org\/wp-content\/uploads\/2024\/08\/ceum-300x116.webp 300w, https:\/\/transitionencommun.org\/wp-content\/uploads\/2024\/08\/ceum.webp 1560w\" sizes=\"(max-width: 1024px) 100vw, 1024px\" \/><\/a><\/div>\t\t<\/div>\r\n\t\t\t<\/article>\r\n\t<article class=\"w-grid-item post-6151 partenaires type-partenaires status-publish has-post-thumbnail hentry categorie_partenaire-membres\" data-id=\"6151\">\r\n\t\t<div class=\"w-grid-item-h\">\r\n\t\t\t\t\t\t<div class=\"w-post-elm post_image usg_post_image_1 stretched\"><a target=\"_blank\" href=\"https:\/\/cerse.crosemont.qc.ca\/\" aria-label=\"C\u00c9RS\u00c9 &#8211; Centre d&#8217;\u00e9tude en responsabilit\u00e9 sociale et \u00e9cocitoyennet\u00e9 (CCTT)\"><img decoding=\"async\" width=\"700\" height=\"152\" src=\"https:\/\/transitionencommun.org\/wp-content\/uploads\/2025\/11\/logo-cerse-rosemont.png\" class=\"attachment-large size-large wp-post-image\" alt=\"\" srcset=\"https:\/\/transitionencommun.org\/wp-content\/uploads\/2025\/11\/logo-cerse-rosemont.png 700w, https:\/\/transitionencommun.org\/wp-content\/uploads\/2025\/11\/logo-cerse-rosemont-300x65.png 300w\" sizes=\"(max-width: 700px) 100vw, 700px\" \/><\/a><\/div>\t\t<\/div>\r\n\t\t\t<\/article>\r\n\t<article class=\"w-grid-item post-2598 partenaires type-partenaires status-publish has-post-thumbnail hentry categorie_partenaire-membres\" data-id=\"2598\">\r\n\t\t<div class=\"w-grid-item-h\">\r\n\t\t\t\t\t\t<div class=\"w-post-elm post_image usg_post_image_1 stretched\"><a target=\"_blank\" href=\"https:\/\/www.esmtl.ca\/\" aria-label=\"C\u00c9SIM\"><img decoding=\"async\" width=\"367\" height=\"137\" src=\"https:\/\/transitionencommun.org\/wp-content\/uploads\/2024\/07\/logo-cesim.png\" class=\"attachment-large size-large wp-post-image\" alt=\"C\u00e9sim\" srcset=\"https:\/\/transitionencommun.org\/wp-content\/uploads\/2024\/07\/logo-cesim.png 367w, https:\/\/transitionencommun.org\/wp-content\/uploads\/2024\/07\/logo-cesim-300x112.png 300w\" sizes=\"(max-width: 367px) 100vw, 367px\" \/><\/a><\/div>\t\t<\/div>\r\n\t\t\t<\/article>\r\n\t<article class=\"w-grid-item post-5393 partenaires type-partenaires status-publish has-post-thumbnail hentry categorie_partenaire-membres\" data-id=\"5393\">\r\n\t\t<div class=\"w-grid-item-h\">\r\n\t\t\t\t\t\t<div class=\"w-post-elm post_image usg_post_image_1 stretched\"><a target=\"_blank\" href=\"https:\/\/crc-mesopolis.uqam.ca\/\" aria-label=\"Chaire de recherche du Canada sur les petites et moyennes villes en transformation\"><img decoding=\"async\" width=\"300\" height=\"106\" src=\"https:\/\/transitionencommun.org\/wp-content\/uploads\/2025\/05\/Chaire-de-recherche-du-Canada-sur-les-petites-et-moyennes-villes-en-transformation-LOGO.png\" class=\"attachment-large size-large wp-post-image\" alt=\"\" \/><\/a><\/div>\t\t<\/div>\r\n\t\t\t<\/article>\r\n\t<article class=\"w-grid-item post-2601 partenaires type-partenaires status-publish has-post-thumbnail hentry categorie_partenaire-membres\" data-id=\"2601\">\r\n\t\t<div class=\"w-grid-item-h\">\r\n\t\t\t\t\t\t<div class=\"w-post-elm post_image usg_post_image_1 stretched\"><a target=\"_blank\" href=\"https:\/\/chairetransition.esg.uqam.ca\/\" aria-label=\"Chaire de recherche sur la transition \u00e9cologique | ESG UQ\u00c0M\"><img decoding=\"async\" width=\"348\" height=\"127\" src=\"https:\/\/transitionencommun.org\/wp-content\/uploads\/2024\/08\/CRTEESG.webp\" class=\"attachment-large size-large wp-post-image\" alt=\"\" srcset=\"https:\/\/transitionencommun.org\/wp-content\/uploads\/2024\/08\/CRTEESG.webp 348w, https:\/\/transitionencommun.org\/wp-content\/uploads\/2024\/08\/CRTEESG-300x109.webp 300w\" sizes=\"(max-width: 348px) 100vw, 348px\" \/><\/a><\/div>\t\t<\/div>\r\n\t\t\t<\/article>\r\n\t<article class=\"w-grid-item post-2603 partenaires type-partenaires status-publish has-post-thumbnail hentry categorie_partenaire-membres\" data-id=\"2603\">\r\n\t\t<div class=\"w-grid-item-h\">\r\n\t\t\t\t\t\t<div class=\"w-post-elm post_image usg_post_image_1 stretched\"><a target=\"_blank\" href=\"https:\/\/cheminsdetransition.org\/\" aria-label=\"Chemins de transition\"><img decoding=\"async\" width=\"772\" height=\"167\" src=\"https:\/\/transitionencommun.org\/wp-content\/uploads\/2024\/07\/chemin-de-transition_logo.png\" class=\"attachment-large size-large wp-post-image\" alt=\"Chemins de transition\" srcset=\"https:\/\/transitionencommun.org\/wp-content\/uploads\/2024\/07\/chemin-de-transition_logo.png 772w, https:\/\/transitionencommun.org\/wp-content\/uploads\/2024\/07\/chemin-de-transition_logo-300x65.png 300w\" sizes=\"(max-width: 772px) 100vw, 772px\" \/><\/a><\/div>\t\t<\/div>\r\n\t\t\t<\/article>\r\n\t<article class=\"w-grid-item post-2617 partenaires type-partenaires status-publish has-post-thumbnail hentry categorie_partenaire-membres\" data-id=\"2617\">\r\n\t\t<div class=\"w-grid-item-h\">\r\n\t\t\t\t\t\t<div class=\"w-post-elm post_image usg_post_image_1 stretched\"><a target=\"_blank\" href=\"https:\/\/montreal.ca\/unites\/conseil-interculturel-de-montreal\" aria-label=\"CIM\"><img decoding=\"async\" width=\"1024\" height=\"312\" src=\"https:\/\/transitionencommun.org\/wp-content\/uploads\/2024\/08\/LOGO-CIM_NOIR.jpg\" class=\"attachment-large size-large wp-post-image\" alt=\"\" \/><\/a><\/div>\t\t<\/div>\r\n\t\t\t<\/article>\r\n\t<article class=\"w-grid-item post-2611 partenaires type-partenaires status-publish has-post-thumbnail hentry categorie_partenaire-membres\" data-id=\"2611\">\r\n\t\t<div class=\"w-grid-item-h\">\r\n\t\t\t\t\t\t<div class=\"w-post-elm post_image usg_post_image_1 stretched\"><a target=\"_blank\" href=\"https:\/\/www.tablesdequartiermontreal.org\/la-cmtq\/\" aria-label=\"CMTQ\"><img decoding=\"async\" width=\"1024\" height=\"988\" src=\"https:\/\/transitionencommun.org\/wp-content\/uploads\/2024\/07\/cmtq_logo_cmyk-1-1024x988.jpeg\" class=\"attachment-large size-large wp-post-image\" alt=\"Coalition Montr\u00e9alaise des tables de quartier\" srcset=\"https:\/\/transitionencommun.org\/wp-content\/uploads\/2024\/07\/cmtq_logo_cmyk-1-1024x988.jpeg 1024w, https:\/\/transitionencommun.org\/wp-content\/uploads\/2024\/07\/cmtq_logo_cmyk-1-300x289.jpeg 300w, https:\/\/transitionencommun.org\/wp-content\/uploads\/2024\/07\/cmtq_logo_cmyk-1.jpeg 1999w\" sizes=\"(max-width: 1024px) 100vw, 1024px\" \/><\/a><\/div>\t\t<\/div>\r\n\t\t\t<\/article>\r\n\t<article class=\"w-grid-item post-4573 partenaires type-partenaires status-publish has-post-thumbnail hentry categorie_partenaire-membres\" data-id=\"4573\">\r\n\t\t<div class=\"w-grid-item-h\">\r\n\t\t\t\t\t\t<div class=\"w-post-elm post_image usg_post_image_1 stretched\"><a target=\"_blank\" href=\"https:\/\/www.coalitionclimatmtl.org\/fr\/accueil\/\" aria-label=\"Coalition Climat Montr\u00e9al\"><img decoding=\"async\" width=\"225\" height=\"225\" src=\"https:\/\/transitionencommun.org\/wp-content\/uploads\/2024\/12\/CoalitionClimMTl.jpeg\" class=\"attachment-large size-large wp-post-image\" alt=\"\" srcset=\"https:\/\/transitionencommun.org\/wp-content\/uploads\/2024\/12\/CoalitionClimMTl.jpeg 225w, https:\/\/transitionencommun.org\/wp-content\/uploads\/2024\/12\/CoalitionClimMTl-150x150.jpeg 150w\" sizes=\"(max-width: 225px) 100vw, 225px\" \/><\/a><\/div>\t\t<\/div>\r\n\t\t\t<\/article>\r\n\t<article class=\"w-grid-item post-4576 partenaires type-partenaires status-publish has-post-thumbnail hentry categorie_partenaire-membres\" data-id=\"4576\">\r\n\t\t<div class=\"w-grid-item-h\">\r\n\t\t\t\t\t\t<div class=\"w-post-elm post_image usg_post_image_1 stretched\"><a target=\"_blank\" href=\"https:\/\/ccmp-mpcc.com\/\" aria-label=\"Comit\u00e9 des Citoyen.ne.s de Milton Parc\"><img decoding=\"async\" width=\"780\" height=\"208\" src=\"https:\/\/transitionencommun.org\/wp-content\/uploads\/2024\/12\/Comite-des-citoyen-ne-s-Milton-Parc.png\" class=\"attachment-large size-large wp-post-image\" alt=\"\" srcset=\"https:\/\/transitionencommun.org\/wp-content\/uploads\/2024\/12\/Comite-des-citoyen-ne-s-Milton-Parc.png 780w, https:\/\/transitionencommun.org\/wp-content\/uploads\/2024\/12\/Comite-des-citoyen-ne-s-Milton-Parc-300x80.png 300w\" sizes=\"(max-width: 780px) 100vw, 780px\" \/><\/a><\/div>\t\t<\/div>\r\n\t\t\t<\/article>\r\n\t<article class=\"w-grid-item post-5972 partenaires type-partenaires status-publish has-post-thumbnail hentry categorie_partenaire-membres\" data-id=\"5972\">\r\n\t\t<div class=\"w-grid-item-h\">\r\n\t\t\t\t\t\t<div class=\"w-post-elm post_image usg_post_image_1 stretched\"><a target=\"_blank\" href=\"https:\/\/cerclecarre.coop\/sitev2\/index.php\/vivre-a-la-cooperative\/#comites\" aria-label=\"Comit\u00e9 Vert de Coop\u00e9rative Cercle Carr\u00e9\"><img decoding=\"async\" width=\"225\" height=\"225\" src=\"https:\/\/transitionencommun.org\/wp-content\/uploads\/2025\/08\/CercleCarreLogo.png\" class=\"attachment-large size-large wp-post-image\" alt=\"\" srcset=\"https:\/\/transitionencommun.org\/wp-content\/uploads\/2025\/08\/CercleCarreLogo.png 225w, https:\/\/transitionencommun.org\/wp-content\/uploads\/2025\/08\/CercleCarreLogo-150x150.png 150w\" sizes=\"(max-width: 225px) 100vw, 225px\" \/><\/a><\/div>\t\t<\/div>\r\n\t\t\t<\/article>\r\n\t<article class=\"w-grid-item post-5058 partenaires type-partenaires status-publish has-post-thumbnail hentry categorie_partenaire-membres\" data-id=\"5058\">\r\n\t\t<div class=\"w-grid-item-h\">\r\n\t\t\t\t\t\t<div class=\"w-post-elm post_image usg_post_image_1 stretched\"><a target=\"_blank\" href=\"https:\/\/concertationmtl.ca\/\" aria-label=\"Concertation Montr\u00e9al\"><img decoding=\"async\" width=\"442\" height=\"262\" src=\"https:\/\/transitionencommun.org\/wp-content\/uploads\/2025\/03\/ConcertationMontrealCMTL-LOGO.png\" class=\"attachment-large size-large wp-post-image\" alt=\"\" srcset=\"https:\/\/transitionencommun.org\/wp-content\/uploads\/2025\/03\/ConcertationMontrealCMTL-LOGO.png 442w, https:\/\/transitionencommun.org\/wp-content\/uploads\/2025\/03\/ConcertationMontrealCMTL-LOGO-300x178.png 300w\" sizes=\"(max-width: 442px) 100vw, 442px\" \/><\/a><\/div>\t\t<\/div>\r\n\t\t\t<\/article>\r\n\t<article class=\"w-grid-item post-2615 partenaires type-partenaires status-publish has-post-thumbnail hentry categorie_partenaire-membres\" data-id=\"2615\">\r\n\t\t<div class=\"w-grid-item-h\">\r\n\t\t\t\t\t\t<div class=\"w-post-elm post_image usg_post_image_1 stretched\"><a target=\"_blank\" href=\"https:\/\/ville.montreal.qc.ca\/portal\/page?_pageid=6597,57357573&amp;_dad=portal&amp;_schema=PORTAL\" aria-label=\"Conseil des Montr\u00e9alaises\"><img decoding=\"async\" width=\"576\" height=\"285\" src=\"https:\/\/transitionencommun.org\/wp-content\/uploads\/2024\/08\/conseilmtalaises.jpeg\" class=\"attachment-large size-large wp-post-image\" alt=\"\" srcset=\"https:\/\/transitionencommun.org\/wp-content\/uploads\/2024\/08\/conseilmtalaises.jpeg 576w, https:\/\/transitionencommun.org\/wp-content\/uploads\/2024\/08\/conseilmtalaises-300x148.jpeg 300w\" sizes=\"(max-width: 576px) 100vw, 576px\" \/><\/a><\/div>\t\t<\/div>\r\n\t\t\t<\/article>\r\n\t<article class=\"w-grid-item post-2619 partenaires type-partenaires status-publish has-post-thumbnail hentry categorie_partenaire-membres\" data-id=\"2619\">\r\n\t\t<div class=\"w-grid-item-h\">\r\n\t\t\t\t\t\t<div class=\"w-post-elm post_image usg_post_image_1 stretched\"><a target=\"_blank\" href=\"https:\/\/ville.montreal.qc.ca\/portal\/page?_pageid=8657,96323818&amp;_dad=portal&amp;_schema=PORTAL\" aria-label=\"Conseil jeunesse de Montr\u00e9al\"><img decoding=\"async\" width=\"232\" height=\"130\" src=\"https:\/\/transitionencommun.org\/wp-content\/uploads\/2024\/08\/cjm.png\" class=\"attachment-large size-large wp-post-image\" alt=\"\" \/><\/a><\/div>\t\t<\/div>\r\n\t\t\t<\/article>\r\n\t<article class=\"w-grid-item post-2621 partenaires type-partenaires status-publish has-post-thumbnail hentry categorie_partenaire-membres\" data-id=\"2621\">\r\n\t\t<div class=\"w-grid-item-h\">\r\n\t\t\t\t\t\t<div class=\"w-post-elm post_image usg_post_image_1 stretched\"><a target=\"_blank\" href=\"https:\/\/coopcarbone.coop\/\" aria-label=\"COOP Carbone\"><img decoding=\"async\" width=\"1024\" height=\"197\" src=\"https:\/\/transitionencommun.org\/wp-content\/uploads\/2024\/08\/Untitled-design-2-1024x197.png\" class=\"attachment-large size-large wp-post-image\" alt=\"\" srcset=\"https:\/\/transitionencommun.org\/wp-content\/uploads\/2024\/08\/Untitled-design-2-1024x197.png 1024w, https:\/\/transitionencommun.org\/wp-content\/uploads\/2024\/08\/Untitled-design-2-300x58.png 300w, https:\/\/transitionencommun.org\/wp-content\/uploads\/2024\/08\/Untitled-design-2.png 1063w\" sizes=\"(max-width: 1024px) 100vw, 1024px\" \/><\/a><\/div>\t\t<\/div>\r\n\t\t\t<\/article>\r\n\t<article class=\"w-grid-item post-4586 partenaires type-partenaires status-publish has-post-thumbnail hentry categorie_partenaire-membres\" data-id=\"4586\">\r\n\t\t<div class=\"w-grid-item-h\">\r\n\t\t\t\t\t\t<div class=\"w-post-elm post_image usg_post_image_1 stretched\"><a target=\"_blank\" href=\"https:\/\/www.sensclimat.coop\/\" aria-label=\"COOP Sens climat\"><img decoding=\"async\" width=\"1018\" height=\"392\" src=\"https:\/\/transitionencommun.org\/wp-content\/uploads\/2024\/12\/CoopSensClimat.png\" class=\"attachment-large size-large wp-post-image\" alt=\"\" srcset=\"https:\/\/transitionencommun.org\/wp-content\/uploads\/2024\/12\/CoopSensClimat.png 1018w, https:\/\/transitionencommun.org\/wp-content\/uploads\/2024\/12\/CoopSensClimat-300x116.png 300w\" sizes=\"(max-width: 1018px) 100vw, 1018px\" \/><\/a><\/div>\t\t<\/div>\r\n\t\t\t<\/article>\r\n\t<article class=\"w-grid-item post-4787 partenaires type-partenaires status-publish has-post-thumbnail hentry categorie_partenaire-membres\" data-id=\"4787\">\r\n\t\t<div class=\"w-grid-item-h\">\r\n\t\t\t\t\t\t<div class=\"w-post-elm post_image usg_post_image_1 stretched\"><a target=\"_blank\" href=\"https:\/\/www.cdcrdp.org\/\" aria-label=\"Corporation de d\u00e9veloppement communautaire de RDP\"><img decoding=\"async\" width=\"243\" height=\"125\" src=\"https:\/\/transitionencommun.org\/wp-content\/uploads\/2025\/01\/cdc-rdp-logoVF-e1737833890370.png\" class=\"attachment-large size-large wp-post-image\" alt=\"\" \/><\/a><\/div>\t\t<\/div>\r\n\t\t\t<\/article>\r\n\t<article class=\"w-grid-item post-2622 partenaires type-partenaires status-publish has-post-thumbnail hentry categorie_partenaire-membres\" data-id=\"2622\">\r\n\t\t<div class=\"w-grid-item-h\">\r\n\t\t\t\t\t\t<div class=\"w-post-elm post_image usg_post_image_1 stretched\"><a target=\"_blank\" href=\"https:\/\/www.cremtl.org\/fr\/\" aria-label=\"CRE Montr\u00e9al\"><img decoding=\"async\" width=\"500\" height=\"462\" src=\"https:\/\/transitionencommun.org\/wp-content\/uploads\/2024\/07\/CRE_Logo.png\" class=\"attachment-large size-large wp-post-image\" alt=\"CRE Montr\u00e9al\" srcset=\"https:\/\/transitionencommun.org\/wp-content\/uploads\/2024\/07\/CRE_Logo.png 500w, https:\/\/transitionencommun.org\/wp-content\/uploads\/2024\/07\/CRE_Logo-300x277.png 300w\" sizes=\"(max-width: 500px) 100vw, 500px\" \/><\/a><\/div>\t\t<\/div>\r\n\t\t\t<\/article>\r\n\t<article class=\"w-grid-item post-2623 partenaires type-partenaires status-publish has-post-thumbnail hentry categorie_partenaire-membres\" data-id=\"2623\">\r\n\t\t<div class=\"w-grid-item-h\">\r\n\t\t\t\t\t\t<div class=\"w-post-elm post_image usg_post_image_1 stretched\"><a target=\"_blank\" href=\"https:\/\/crises.uqam.ca\/\" aria-label=\"CRISES\"><img decoding=\"async\" width=\"1024\" height=\"422\" src=\"https:\/\/transitionencommun.org\/wp-content\/uploads\/2024\/07\/logo_long_cmyk-1024x422.jpeg\" class=\"attachment-large size-large wp-post-image\" alt=\"Centre de recherche sur les innovations sociales (crises)\" srcset=\"https:\/\/transitionencommun.org\/wp-content\/uploads\/2024\/07\/logo_long_cmyk-1024x422.jpeg 1024w, https:\/\/transitionencommun.org\/wp-content\/uploads\/2024\/07\/logo_long_cmyk-300x124.jpeg 300w, https:\/\/transitionencommun.org\/wp-content\/uploads\/2024\/07\/logo_long_cmyk.jpeg 1275w\" sizes=\"(max-width: 1024px) 100vw, 1024px\" \/><\/a><\/div>\t\t<\/div>\r\n\t\t\t<\/article>\r\n\t<article class=\"w-grid-item post-2624 partenaires type-partenaires status-publish has-post-thumbnail hentry categorie_partenaire-membres\" data-id=\"2624\">\r\n\t\t<div class=\"w-grid-item-h\">\r\n\t\t\t\t\t\t<div class=\"w-post-elm post_image usg_post_image_1 stretched\"><a target=\"_blank\" href=\"https:\/\/critic-communs.ca\/\" aria-label=\"CRITIC\"><img decoding=\"async\" width=\"300\" height=\"107\" src=\"https:\/\/transitionencommun.org\/wp-content\/uploads\/2024\/07\/LOGO_CRITIC_ORANGE-300x107-1.webp\" class=\"attachment-large size-large wp-post-image\" alt=\"Critic\" \/><\/a><\/div>\t\t<\/div>\r\n\t\t\t<\/article>\r\n\t<article class=\"w-grid-item post-4579 partenaires type-partenaires status-publish has-post-thumbnail hentry categorie_partenaire-membres\" data-id=\"4579\">\r\n\t\t<div class=\"w-grid-item-h\">\r\n\t\t\t\t\t\t<div class=\"w-post-elm post_image usg_post_image_1 stretched\"><a target=\"_blank\" href=\"https:\/\/www.montrealmetropoleensante.ca\/a-propos\/sam\/\" aria-label=\"CSAM\"><img decoding=\"async\" width=\"740\" height=\"389\" src=\"https:\/\/transitionencommun.org\/wp-content\/uploads\/2024\/12\/CSAM.jpg\" class=\"attachment-large size-large wp-post-image\" alt=\"\" srcset=\"https:\/\/transitionencommun.org\/wp-content\/uploads\/2024\/12\/CSAM.jpg 740w, https:\/\/transitionencommun.org\/wp-content\/uploads\/2024\/12\/CSAM-300x158.jpg 300w\" sizes=\"(max-width: 740px) 100vw, 740px\" \/><\/a><\/div>\t\t<\/div>\r\n\t\t\t<\/article>\r\n\t<article class=\"w-grid-item post-2625 partenaires type-partenaires status-publish has-post-thumbnail hentry categorie_partenaire-membres\" data-id=\"2625\">\r\n\t\t<div class=\"w-grid-item-h\">\r\n\t\t\t\t\t\t<div class=\"w-post-elm post_image usg_post_image_1 stretched\"><a target=\"_blank\" href=\"https:\/\/culturemontreal.ca\/\" aria-label=\"Culture Montr\u00e9al\"><img decoding=\"async\" width=\"1024\" height=\"571\" src=\"https:\/\/transitionencommun.org\/wp-content\/uploads\/2024\/07\/logo-culture-montreial_couleurs-1024x571.png\" class=\"attachment-large size-large wp-post-image\" alt=\"Culture Montr\u00e9al\" srcset=\"https:\/\/transitionencommun.org\/wp-content\/uploads\/2024\/07\/logo-culture-montreial_couleurs-1024x571.png 1024w, https:\/\/transitionencommun.org\/wp-content\/uploads\/2024\/07\/logo-culture-montreial_couleurs-300x167.png 300w, https:\/\/transitionencommun.org\/wp-content\/uploads\/2024\/07\/logo-culture-montreial_couleurs.png 2000w\" sizes=\"(max-width: 1024px) 100vw, 1024px\" \/><\/a><\/div>\t\t<\/div>\r\n\t\t\t<\/article>\r\n\t<article class=\"w-grid-item post-5306 partenaires type-partenaires status-publish has-post-thumbnail hentry categorie_partenaire-membres\" data-id=\"5306\">\r\n\t\t<div class=\"w-grid-item-h\">\r\n\t\t\t\t\t\t<div class=\"w-post-elm post_image usg_post_image_1 stretched\"><a target=\"_blank\" href=\"https:\/\/cyclonordsud.org\/\" aria-label=\"Cyclo Nord-Sud\"><img decoding=\"async\" width=\"300\" height=\"141\" src=\"https:\/\/transitionencommun.org\/wp-content\/uploads\/2025\/04\/CycloNordSud-LOGO.jpg\" class=\"attachment-large size-large wp-post-image\" alt=\"\" \/><\/a><\/div>\t\t<\/div>\r\n\t\t\t<\/article>\r\n\t<article class=\"w-grid-item post-2626 partenaires type-partenaires status-publish has-post-thumbnail hentry categorie_partenaire-membres\" data-id=\"2626\">\r\n\t\t<div class=\"w-grid-item-h\">\r\n\t\t\t\t\t\t<div class=\"w-post-elm post_image usg_post_image_1 stretched\"><a target=\"_blank\" href=\"https:\/\/demainverdun.org\/\" aria-label=\"Demain Verdun\"><img decoding=\"async\" width=\"993\" height=\"760\" src=\"https:\/\/transitionencommun.org\/wp-content\/uploads\/2024\/08\/DemainVerdun.png\" class=\"attachment-large size-large wp-post-image\" alt=\"\" srcset=\"https:\/\/transitionencommun.org\/wp-content\/uploads\/2024\/08\/DemainVerdun.png 993w, https:\/\/transitionencommun.org\/wp-content\/uploads\/2024\/08\/DemainVerdun-300x230.png 300w\" sizes=\"(max-width: 993px) 100vw, 993px\" \/><\/a><\/div>\t\t<\/div>\r\n\t\t\t<\/article>\r\n\t<article class=\"w-grid-item post-6677 partenaires type-partenaires status-publish has-post-thumbnail hentry categorie_partenaire-membres\" data-id=\"6677\">\r\n\t\t<div class=\"w-grid-item-h\">\r\n\t\t\t\t\t\t<div class=\"w-post-elm post_image usg_post_image_1 stretched\"><a target=\"_blank\" href=\"https:\/\/documentalistescanada.ca\/\" aria-label=\"Documentalistes Montr\u00e9al\"><img decoding=\"async\" width=\"768\" height=\"239\" src=\"https:\/\/transitionencommun.org\/wp-content\/uploads\/2026\/02\/DocumentalistesCanLogo.png\" class=\"attachment-large size-large wp-post-image\" alt=\"\" srcset=\"https:\/\/transitionencommun.org\/wp-content\/uploads\/2026\/02\/DocumentalistesCanLogo.png 768w, https:\/\/transitionencommun.org\/wp-content\/uploads\/2026\/02\/DocumentalistesCanLogo-300x93.png 300w, https:\/\/transitionencommun.org\/wp-content\/uploads\/2026\/02\/DocumentalistesCanLogo-500x156.png 500w, https:\/\/transitionencommun.org\/wp-content\/uploads\/2026\/02\/DocumentalistesCanLogo-600x187.png 600w\" sizes=\"(max-width: 768px) 100vw, 768px\" \/><\/a><\/div>\t\t<\/div>\r\n\t\t\t<\/article>\r\n\t<article class=\"w-grid-item post-2597 partenaires type-partenaires status-publish has-post-thumbnail hentry categorie_partenaire-membres\" data-id=\"2597\">\r\n\t\t<div class=\"w-grid-item-h\">\r\n\t\t\t\t\t\t<div class=\"w-post-elm post_image usg_post_image_1 stretched\"><a target=\"_blank\" href=\"https:\/\/ciusss-centresudmtl.gouv.qc.ca\/\" aria-label=\"DRSP &#8211; CIUSS du Centre-Sud-de-l&#8217;\u00cele-de-Montr\u00e9al\"><img decoding=\"async\" width=\"400\" height=\"206\" src=\"https:\/\/transitionencommun.org\/wp-content\/uploads\/2024\/07\/ciussscentresudcouleurs_logo.png\" class=\"attachment-large size-large wp-post-image\" alt=\"Centre int\u00e9gr\u00e9 universitaire de sant\u00e9 et de services sociaux du Centre-Sud-de-l&#039;\u00eele-de-Montr\u00e9al\" srcset=\"https:\/\/transitionencommun.org\/wp-content\/uploads\/2024\/07\/ciussscentresudcouleurs_logo.png 400w, https:\/\/transitionencommun.org\/wp-content\/uploads\/2024\/07\/ciussscentresudcouleurs_logo-300x155.png 300w\" sizes=\"(max-width: 400px) 100vw, 400px\" \/><\/a><\/div>\t\t<\/div>\r\n\t\t\t<\/article>\r\n\t<article class=\"w-grid-item post-4590 partenaires type-partenaires status-publish has-post-thumbnail hentry categorie_partenaire-membres\" data-id=\"4590\">\r\n\t\t<div class=\"w-grid-item-h\">\r\n\t\t\t\t\t\t<div class=\"w-post-elm post_image usg_post_image_1 stretched\"><a target=\"_blank\" href=\"https:\/\/art-eclore.org\/\" aria-label=\"\u00c9clore\"><img decoding=\"async\" width=\"1024\" height=\"355\" src=\"https:\/\/transitionencommun.org\/wp-content\/uploads\/2024\/12\/eclore-1024x355.jpg\" class=\"attachment-large size-large wp-post-image\" alt=\"\" srcset=\"https:\/\/transitionencommun.org\/wp-content\/uploads\/2024\/12\/eclore-1024x355.jpg 1024w, https:\/\/transitionencommun.org\/wp-content\/uploads\/2024\/12\/eclore-300x104.jpg 300w, https:\/\/transitionencommun.org\/wp-content\/uploads\/2024\/12\/eclore.jpg 1152w\" sizes=\"(max-width: 1024px) 100vw, 1024px\" \/><\/a><\/div>\t\t<\/div>\r\n\t\t\t<\/article>\r\n\t<article class=\"w-grid-item post-7457 partenaires type-partenaires status-publish has-post-thumbnail hentry categorie_partenaire-membres\" data-id=\"7457\">\r\n\t\t<div class=\"w-grid-item-h\">\r\n\t\t\t\t\t\t<div class=\"w-post-elm post_image usg_post_image_1 stretched\"><a target=\"_blank\" href=\"https:\/\/collectif-ecomotion.org\/\" aria-label=\"\u00c9co-Motion\"><img decoding=\"async\" width=\"1024\" height=\"627\" src=\"https:\/\/transitionencommun.org\/wp-content\/uploads\/2026\/05\/EcoMotionLogo-1024x627.png\" class=\"attachment-large size-large wp-post-image\" alt=\"\" srcset=\"https:\/\/transitionencommun.org\/wp-content\/uploads\/2026\/05\/EcoMotionLogo-1024x627.png 1024w, https:\/\/transitionencommun.org\/wp-content\/uploads\/2026\/05\/EcoMotionLogo-300x184.png 300w, https:\/\/transitionencommun.org\/wp-content\/uploads\/2026\/05\/EcoMotionLogo-500x306.png 500w, https:\/\/transitionencommun.org\/wp-content\/uploads\/2026\/05\/EcoMotionLogo-600x367.png 600w, https:\/\/transitionencommun.org\/wp-content\/uploads\/2026\/05\/EcoMotionLogo.png 1400w\" sizes=\"(max-width: 1024px) 100vw, 1024px\" \/><\/a><\/div>\t\t<\/div>\r\n\t\t\t<\/article>\r\n\t<article class=\"w-grid-item post-5384 partenaires type-partenaires status-publish has-post-thumbnail hentry categorie_partenaire-membres\" data-id=\"5384\">\r\n\t\t<div class=\"w-grid-item-h\">\r\n\t\t\t\t\t\t<div class=\"w-post-elm post_image usg_post_image_1 stretched\"><a target=\"_blank\" href=\"https:\/\/ecosceno.org\/\" aria-label=\"\u00c9cosc\u00e9no\"><img decoding=\"async\" width=\"318\" height=\"159\" src=\"https:\/\/transitionencommun.org\/wp-content\/uploads\/2025\/05\/EcoscenoLogo.png\" class=\"attachment-large size-large wp-post-image\" alt=\"\" srcset=\"https:\/\/transitionencommun.org\/wp-content\/uploads\/2025\/05\/EcoscenoLogo.png 318w, https:\/\/transitionencommun.org\/wp-content\/uploads\/2025\/05\/EcoscenoLogo-300x150.png 300w\" sizes=\"(max-width: 318px) 100vw, 318px\" \/><\/a><\/div>\t\t<\/div>\r\n\t\t\t<\/article>\r\n\t<article class=\"w-grid-item post-6166 partenaires type-partenaires status-publish has-post-thumbnail hentry categorie_partenaire-membres\" data-id=\"6166\">\r\n\t\t<div class=\"w-grid-item-h\">\r\n\t\t\t\t\t\t<div class=\"w-post-elm post_image usg_post_image_1 stretched\"><a target=\"_blank\" href=\"https:\/\/www.effervescence-citoyenne.xyz\/\" aria-label=\"Effervescence citoyenne\"><img decoding=\"async\" width=\"768\" height=\"204\" src=\"https:\/\/transitionencommun.org\/wp-content\/uploads\/2025\/11\/EffCitLOGO.png\" class=\"attachment-large size-large wp-post-image\" alt=\"\" srcset=\"https:\/\/transitionencommun.org\/wp-content\/uploads\/2025\/11\/EffCitLOGO.png 768w, https:\/\/transitionencommun.org\/wp-content\/uploads\/2025\/11\/EffCitLOGO-300x80.png 300w\" sizes=\"(max-width: 768px) 100vw, 768px\" \/><\/a><\/div>\t\t<\/div>\r\n\t\t\t<\/article>\r\n\t<article class=\"w-grid-item post-7260 partenaires type-partenaires status-publish has-post-thumbnail hentry categorie_partenaire-membres\" data-id=\"7260\">\r\n\t\t<div class=\"w-grid-item-h\">\r\n\t\t\t\t\t\t<div class=\"w-post-elm post_image usg_post_image_1 stretched\"><a target=\"_blank\" href=\"https:\/\/www.equiterre.org\/fr\" aria-label=\"Equiterre\"><img decoding=\"async\" width=\"907\" height=\"212\" src=\"https:\/\/transitionencommun.org\/wp-content\/uploads\/2026\/04\/Equiterre-Logo.png\" class=\"attachment-large size-large wp-post-image\" alt=\"\" srcset=\"https:\/\/transitionencommun.org\/wp-content\/uploads\/2026\/04\/Equiterre-Logo.png 907w, https:\/\/transitionencommun.org\/wp-content\/uploads\/2026\/04\/Equiterre-Logo-300x70.png 300w, https:\/\/transitionencommun.org\/wp-content\/uploads\/2026\/04\/Equiterre-Logo-500x117.png 500w, https:\/\/transitionencommun.org\/wp-content\/uploads\/2026\/04\/Equiterre-Logo-600x140.png 600w\" sizes=\"(max-width: 907px) 100vw, 907px\" \/><\/a><\/div>\t\t<\/div>\r\n\t\t\t<\/article>\r\n\t<article class=\"w-grid-item post-4593 partenaires type-partenaires status-publish has-post-thumbnail hentry categorie_partenaire-membres\" data-id=\"4593\">\r\n\t\t<div class=\"w-grid-item-h\">\r\n\t\t\t\t\t\t<div class=\"w-post-elm post_image usg_post_image_1 stretched\"><a target=\"_blank\" href=\"https:\/\/www.villeautrement.ca\/\" aria-label=\"Espace Ville Autrement\"><img decoding=\"async\" width=\"300\" height=\"240\" src=\"https:\/\/transitionencommun.org\/wp-content\/uploads\/2024\/12\/EspaceVilleAutrement.png\" class=\"attachment-large size-large wp-post-image\" alt=\"\" \/><\/a><\/div>\t\t<\/div>\r\n\t\t\t<\/article>\r\n<\/div><div class=\"w-grid-carousel-json hidden\" onclick='return {&quot;carousel_settings&quot;:{&quot;aria_labels&quot;:{&quot;prev&quot;:&quot;Previous&quot;,&quot;next&quot;:&quot;Next&quot;},&quot;autoplayContinual&quot;:false,&quot;autoplayContinualCss&quot;:false,&quot;autoplayHoverPause&quot;:false,&quot;autoplayTimeout&quot;:3000,&quot;autoWidth&quot;:false,&quot;smartSpeed&quot;:350,&quot;margin&quot;:0,&quot;mouseDrag&quot;:true,&quot;rtl&quot;:false,&quot;slideBy&quot;:&quot;1&quot;,&quot;touchDrag&quot;:true,&quot;slideTransition&quot;:&quot;&quot;,&quot;responsive&quot;:{&quot;0&quot;:{&quot;autoHeight&quot;:false,&quot;autoplay&quot;:true,&quot;autoplayContinualCss&quot;:false,&quot;autoWidth&quot;:false,&quot;center&quot;:false,&quot;dots&quot;:false,&quot;items&quot;:1,&quot;loop&quot;:true,&quot;nav&quot;:false,&quot;stagePadding&quot;:0,&quot;slideBy&quot;:&quot;1&quot;,&quot;touchDrag&quot;:true,&quot;mouseDrag&quot;:true},&quot;601&quot;:{&quot;autoHeight&quot;:false,&quot;autoplay&quot;:true,&quot;autoplayContinualCss&quot;:false,&quot;autoWidth&quot;:false,&quot;center&quot;:false,&quot;dots&quot;:false,&quot;items&quot;:2,&quot;loop&quot;:true,&quot;nav&quot;:true,&quot;stagePadding&quot;:0,&quot;slideBy&quot;:&quot;1&quot;,&quot;touchDrag&quot;:true,&quot;mouseDrag&quot;:true},&quot;1025&quot;:{&quot;autoHeight&quot;:false,&quot;autoplay&quot;:true,&quot;autoplayContinualCss&quot;:false,&quot;autoWidth&quot;:false,&quot;center&quot;:false,&quot;dots&quot;:false,&quot;items&quot;:3,&quot;loop&quot;:true,&quot;nav&quot;:true,&quot;stagePadding&quot;:0,&quot;slideBy&quot;:&quot;1&quot;,&quot;touchDrag&quot;:true,&quot;mouseDrag&quot;:true},&quot;1381&quot;:{&quot;items&quot;:5,&quot;autoplay&quot;:true,&quot;autoplayContinualCss&quot;:false,&quot;center&quot;:false,&quot;dots&quot;:false,&quot;nav&quot;:true,&quot;autoHeight&quot;:false,&quot;autoWidth&quot;:false,&quot;loop&quot;:true,&quot;stagePadding&quot;:0}}}}'><\/div><\/div><div class=\"w-separator size_custom\" style=\"height:var(--space-l-2xl)\"><\/div><div class=\"w-separator size_custom\" style=\"height:var(--space-l-3xl)\"><\/div><div class=\"wpb_text_column us_custom_60e9caca us_animate_this\" id=\"partenairesfinanciers\"><div class=\"wpb_wrapper\"><h2 style=\"text-align: center;\">Financial Partners<\/h2>\n<\/div><\/div><div class=\"w-separator size_large\"><\/div><div class=\"w-grid us_grid grid-auto-fit hide_on_default hide_on_laptops hide_on_tablets hide_on_mobiles type_grid layout_162 cols_3 valign_center preload_style_spinner with_css_animation\" id=\"us_grid_27\" style=\"--columns:3;--gap:1.5rem;\" data-filterable=\"true\"><style>@media (max-width:1024px){#us_grid_27{--columns:2!important}}@media (max-width:600px){#us_grid_27{--columns:1!important}}<\/style><div class=\"w-grid-list\">\t<article class=\"w-grid-item us_animate_afb size_1x1 post-4742 partenaires type-partenaires status-publish has-post-thumbnail hentry categorie_partenaire-partenaire-financier\" data-id=\"4742\" style=\"animation-delay:0s\">\r\n\t\t<div class=\"w-grid-item-h\">\r\n\t\t\t\t\t\t<div class=\"w-post-elm post_image usg_post_image_1 stretched\"><a target=\"_blank\" href=\"https:\/\/www.quebec.ca\/gouvernement\/politiques-orientations\/plan-economie-verte\" aria-label=\"ACQ-1\"><img decoding=\"async\" width=\"1024\" height=\"249\" src=\"https:\/\/transitionencommun.org\/wp-content\/uploads\/2024\/12\/PEV_Couleurs_couleurs-1024x249.png\" class=\"attachment-large size-large wp-post-image\" alt=\"\" srcset=\"https:\/\/transitionencommun.org\/wp-content\/uploads\/2024\/12\/PEV_Couleurs_couleurs-1024x249.png 1024w, https:\/\/transitionencommun.org\/wp-content\/uploads\/2024\/12\/PEV_Couleurs_couleurs-300x73.png 300w, https:\/\/transitionencommun.org\/wp-content\/uploads\/2024\/12\/PEV_Couleurs_couleurs.png 1723w\" sizes=\"(max-width: 1024px) 100vw, 1024px\" \/><\/a><\/div>\t\t<\/div>\r\n\t\t\t<\/article>\r\n\t<article class=\"w-grid-item us_animate_afb size_1x1 post-4739 partenaires type-partenaires status-publish has-post-thumbnail hentry categorie_partenaire-partenaire-financier\" data-id=\"4739\" style=\"animation-delay:0.1s\">\r\n\t\t<div class=\"w-grid-item-h\">\r\n\t\t\t\t\t\t<div class=\"w-post-elm post_image usg_post_image_1 stretched\"><a target=\"_blank\" href=\"https:\/\/faqdd.qc.ca\/\" aria-label=\"ACQ-2\"><img decoding=\"async\" width=\"1024\" height=\"325\" src=\"https:\/\/transitionencommun.org\/wp-content\/uploads\/2024\/12\/FAQDD_Horizontal_Couleurs-1024x325.png\" class=\"attachment-large size-large wp-post-image\" alt=\"\" srcset=\"https:\/\/transitionencommun.org\/wp-content\/uploads\/2024\/12\/FAQDD_Horizontal_Couleurs-1024x325.png 1024w, https:\/\/transitionencommun.org\/wp-content\/uploads\/2024\/12\/FAQDD_Horizontal_Couleurs-300x95.png 300w, https:\/\/transitionencommun.org\/wp-content\/uploads\/2024\/12\/FAQDD_Horizontal_Couleurs.png 1275w\" sizes=\"(max-width: 1024px) 100vw, 1024px\" \/><\/a><\/div>\t\t<\/div>\r\n\t\t\t<\/article>\r\n\t<article class=\"w-grid-item us_animate_afb size_1x1 post-2658 partenaires type-partenaires status-publish has-post-thumbnail hentry categorie_partenaire-partenaire-financier\" data-id=\"2658\" style=\"animation-delay:0.2s\">\r\n\t\t<div class=\"w-grid-item-h\">\r\n\t\t\t\t\t\t<div class=\"w-post-elm post_image usg_post_image_1 stretched\"><a target=\"_blank\" href=\"https:\/\/fondationchagnon.org\/\" aria-label=\"Fondation Lucie et Andr\u00e9 Chagnon\"><img decoding=\"async\" width=\"575\" height=\"222\" src=\"https:\/\/transitionencommun.org\/wp-content\/uploads\/2024\/08\/FLAC.png\" class=\"attachment-large size-large wp-post-image\" alt=\"\" srcset=\"https:\/\/transitionencommun.org\/wp-content\/uploads\/2024\/08\/FLAC.png 575w, https:\/\/transitionencommun.org\/wp-content\/uploads\/2024\/08\/FLAC-300x116.png 300w\" sizes=\"(max-width: 575px) 100vw, 575px\" \/><\/a><\/div>\t\t<\/div>\r\n\t\t\t<\/article>\r\n\t<article class=\"w-grid-item us_animate_afb size_1x1 post-2643 partenaires type-partenaires status-publish has-post-thumbnail hentry categorie_partenaire-partenaire-financier\" data-id=\"2643\" style=\"animation-delay:0.3s\">\r\n\t\t<div class=\"w-grid-item-h\">\r\n\t\t\t\t\t\t<div class=\"w-post-elm post_image usg_post_image_1 stretched\"><a target=\"_blank\" href=\"https:\/\/montreal.ca\/\" aria-label=\"Ville de Montr\u00e9al [V. Partenaire financier]\"><img decoding=\"async\" width=\"395\" height=\"100\" src=\"https:\/\/transitionencommun.org\/wp-content\/uploads\/2024\/08\/VilleOfficiel.jpg\" class=\"attachment-large size-large wp-post-image\" alt=\"\" srcset=\"https:\/\/transitionencommun.org\/wp-content\/uploads\/2024\/08\/VilleOfficiel.jpg 395w, https:\/\/transitionencommun.org\/wp-content\/uploads\/2024\/08\/VilleOfficiel-300x76.jpg 300w\" sizes=\"(max-width: 395px) 100vw, 395px\" \/><\/a><\/div>\t\t<\/div>\r\n\t\t\t<\/article>\r\n<\/div>\t<div class=\"w-grid-preloader\">\r\n\t\t<div class=\"g-preloader type_1\">\r\n\t\t\t<div><\/div>\r\n\t\t<\/div>\r\n\t<\/div>\r\n\t\t<div class=\"w-grid-json hidden\" onclick='return {&quot;action&quot;:&quot;us_ajax_grid&quot;,&quot;infinite_scroll&quot;:0,&quot;max_num_pages&quot;:1,&quot;pagination&quot;:&quot;none&quot;,&quot;template_vars&quot;:{&quot;columns&quot;:&quot;3&quot;,&quot;exclude_items&quot;:&quot;none&quot;,&quot;img_size&quot;:&quot;default&quot;,&quot;ignore_items_size&quot;:0,&quot;items_layout&quot;:&quot;162&quot;,&quot;items_offset&quot;:&quot;1&quot;,&quot;load_animation&quot;:&quot;afb&quot;,&quot;overriding_link&quot;:&quot;%7B%22url%22%3A%22%22%7D&quot;,&quot;post_id&quot;:0,&quot;query_args&quot;:{&quot;post_type&quot;:[&quot;partenaires&quot;],&quot;tax_query&quot;:[{&quot;taxonomy&quot;:&quot;categorie_partenaire&quot;,&quot;field&quot;:&quot;slug&quot;,&quot;terms&quot;:[&quot;partenaire-financier&quot;]}],&quot;post_status&quot;:[&quot;publish&quot;,&quot;acf-disabled&quot;],&quot;posts_per_page&quot;:&quot;50&quot;},&quot;orderby_query_args&quot;:{&quot;orderby&quot;:{&quot;date&quot;:&quot;DESC&quot;}},&quot;type&quot;:&quot;grid&quot;,&quot;us_grid_post_type&quot;:&quot;partenaires&quot;,&quot;us_grid_ajax_index&quot;:27,&quot;us_grid_filter_query_string&quot;:null,&quot;us_grid_index&quot;:27,&quot;page_args&quot;:[],&quot;lang&quot;:&quot;en&quot;}}'><\/div>\r\n\t<\/div><div class=\"w-grid us_carousel us_custom_60e9caca us_animate_this type_carousel layout_162 preload_style_spinner items_5\" id=\"us_grid_28\" style=\"--items:5;--gap:1.5rem;\"><style>@media (max-width:601px){#us_grid_28 .owl-carousel:not(.owl-loaded) .w-grid-item{width:calc(100% \/ 1 )!important}}@media (max-width:1025px){#us_grid_28 .owl-carousel:not(.owl-loaded) .w-grid-item{width:calc(100% \/ 2 )!important}}@media (max-width:1381px){#us_grid_28 .owl-carousel:not(.owl-loaded) .w-grid-item{width:calc(100% \/ 3 )!important}}<\/style><div class=\"w-grid-list owl-carousel valign_middle dotstyle_circle navstyle_circle arrows-ver-pos_middle arrows-hor-pos_on_sides_outside arrows-disabled_hide owl-responsive-2000 with_arrows\" style=\"--transition-duration:350ms;--arrows-size:1.5rem;--arrows-hor-offset:calc(0px + 1.5rem);--arrows-gap:10px;\">\t<article class=\"w-grid-item post-4742 partenaires type-partenaires status-publish has-post-thumbnail hentry categorie_partenaire-partenaire-financier\" data-id=\"4742\">\r\n\t\t<div class=\"w-grid-item-h\">\r\n\t\t\t\t\t\t<div class=\"w-post-elm post_image usg_post_image_1 stretched\"><a target=\"_blank\" href=\"https:\/\/www.quebec.ca\/gouvernement\/politiques-orientations\/plan-economie-verte\" aria-label=\"ACQ-1\"><img decoding=\"async\" width=\"1024\" height=\"249\" src=\"https:\/\/transitionencommun.org\/wp-content\/uploads\/2024\/12\/PEV_Couleurs_couleurs-1024x249.png\" class=\"attachment-large size-large wp-post-image\" alt=\"\" srcset=\"https:\/\/transitionencommun.org\/wp-content\/uploads\/2024\/12\/PEV_Couleurs_couleurs-1024x249.png 1024w, https:\/\/transitionencommun.org\/wp-content\/uploads\/2024\/12\/PEV_Couleurs_couleurs-300x73.png 300w, https:\/\/transitionencommun.org\/wp-content\/uploads\/2024\/12\/PEV_Couleurs_couleurs.png 1723w\" sizes=\"(max-width: 1024px) 100vw, 1024px\" \/><\/a><\/div>\t\t<\/div>\r\n\t\t\t<\/article>\r\n\t<article class=\"w-grid-item post-4739 partenaires type-partenaires status-publish has-post-thumbnail hentry categorie_partenaire-partenaire-financier\" data-id=\"4739\">\r\n\t\t<div class=\"w-grid-item-h\">\r\n\t\t\t\t\t\t<div class=\"w-post-elm post_image usg_post_image_1 stretched\"><a target=\"_blank\" href=\"https:\/\/faqdd.qc.ca\/\" aria-label=\"ACQ-2\"><img decoding=\"async\" width=\"1024\" height=\"325\" src=\"https:\/\/transitionencommun.org\/wp-content\/uploads\/2024\/12\/FAQDD_Horizontal_Couleurs-1024x325.png\" class=\"attachment-large size-large wp-post-image\" alt=\"\" srcset=\"https:\/\/transitionencommun.org\/wp-content\/uploads\/2024\/12\/FAQDD_Horizontal_Couleurs-1024x325.png 1024w, https:\/\/transitionencommun.org\/wp-content\/uploads\/2024\/12\/FAQDD_Horizontal_Couleurs-300x95.png 300w, https:\/\/transitionencommun.org\/wp-content\/uploads\/2024\/12\/FAQDD_Horizontal_Couleurs.png 1275w\" sizes=\"(max-width: 1024px) 100vw, 1024px\" \/><\/a><\/div>\t\t<\/div>\r\n\t\t\t<\/article>\r\n\t<article class=\"w-grid-item post-2658 partenaires type-partenaires status-publish has-post-thumbnail hentry categorie_partenaire-partenaire-financier\" data-id=\"2658\">\r\n\t\t<div class=\"w-grid-item-h\">\r\n\t\t\t\t\t\t<div class=\"w-post-elm post_image usg_post_image_1 stretched\"><a target=\"_blank\" href=\"https:\/\/fondationchagnon.org\/\" aria-label=\"Fondation Lucie et Andr\u00e9 Chagnon\"><img decoding=\"async\" width=\"575\" height=\"222\" src=\"https:\/\/transitionencommun.org\/wp-content\/uploads\/2024\/08\/FLAC.png\" class=\"attachment-large size-large wp-post-image\" alt=\"\" srcset=\"https:\/\/transitionencommun.org\/wp-content\/uploads\/2024\/08\/FLAC.png 575w, https:\/\/transitionencommun.org\/wp-content\/uploads\/2024\/08\/FLAC-300x116.png 300w\" sizes=\"(max-width: 575px) 100vw, 575px\" \/><\/a><\/div>\t\t<\/div>\r\n\t\t\t<\/article>\r\n\t<article class=\"w-grid-item post-2643 partenaires type-partenaires status-publish has-post-thumbnail hentry categorie_partenaire-partenaire-financier\" data-id=\"2643\">\r\n\t\t<div class=\"w-grid-item-h\">\r\n\t\t\t\t\t\t<div class=\"w-post-elm post_image usg_post_image_1 stretched\"><a target=\"_blank\" href=\"https:\/\/montreal.ca\/\" aria-label=\"Ville de Montr\u00e9al [V. Partenaire financier]\"><img decoding=\"async\" width=\"395\" height=\"100\" src=\"https:\/\/transitionencommun.org\/wp-content\/uploads\/2024\/08\/VilleOfficiel.jpg\" class=\"attachment-large size-large wp-post-image\" alt=\"\" srcset=\"https:\/\/transitionencommun.org\/wp-content\/uploads\/2024\/08\/VilleOfficiel.jpg 395w, https:\/\/transitionencommun.org\/wp-content\/uploads\/2024\/08\/VilleOfficiel-300x76.jpg 300w\" sizes=\"(max-width: 395px) 100vw, 395px\" \/><\/a><\/div>\t\t<\/div>\r\n\t\t\t<\/article>\r\n<\/div><div class=\"w-grid-carousel-json hidden\" onclick='return {&quot;carousel_settings&quot;:{&quot;aria_labels&quot;:{&quot;prev&quot;:&quot;Previous&quot;,&quot;next&quot;:&quot;Next&quot;},&quot;autoplayContinual&quot;:false,&quot;autoplayContinualCss&quot;:false,&quot;autoplayHoverPause&quot;:false,&quot;autoplayTimeout&quot;:3000,&quot;autoWidth&quot;:false,&quot;smartSpeed&quot;:350,&quot;margin&quot;:0,&quot;mouseDrag&quot;:true,&quot;rtl&quot;:false,&quot;slideBy&quot;:&quot;1&quot;,&quot;touchDrag&quot;:true,&quot;slideTransition&quot;:&quot;&quot;,&quot;responsive&quot;:{&quot;0&quot;:{&quot;autoHeight&quot;:false,&quot;autoplay&quot;:true,&quot;autoplayContinualCss&quot;:false,&quot;autoWidth&quot;:false,&quot;center&quot;:false,&quot;dots&quot;:false,&quot;items&quot;:1,&quot;loop&quot;:true,&quot;nav&quot;:false,&quot;stagePadding&quot;:0,&quot;slideBy&quot;:&quot;1&quot;,&quot;touchDrag&quot;:true,&quot;mouseDrag&quot;:true},&quot;601&quot;:{&quot;autoHeight&quot;:false,&quot;autoplay&quot;:true,&quot;autoplayContinualCss&quot;:false,&quot;autoWidth&quot;:false,&quot;center&quot;:false,&quot;dots&quot;:false,&quot;items&quot;:2,&quot;loop&quot;:true,&quot;nav&quot;:true,&quot;stagePadding&quot;:0,&quot;slideBy&quot;:&quot;1&quot;,&quot;touchDrag&quot;:true,&quot;mouseDrag&quot;:true},&quot;1025&quot;:{&quot;autoHeight&quot;:false,&quot;autoplay&quot;:true,&quot;autoplayContinualCss&quot;:false,&quot;autoWidth&quot;:false,&quot;center&quot;:false,&quot;dots&quot;:false,&quot;items&quot;:3,&quot;loop&quot;:true,&quot;nav&quot;:true,&quot;stagePadding&quot;:0,&quot;slideBy&quot;:&quot;1&quot;,&quot;touchDrag&quot;:true,&quot;mouseDrag&quot;:true},&quot;1381&quot;:{&quot;items&quot;:5,&quot;autoplay&quot;:true,&quot;autoplayContinualCss&quot;:false,&quot;center&quot;:false,&quot;dots&quot;:false,&quot;nav&quot;:true,&quot;autoHeight&quot;:false,&quot;autoWidth&quot;:false,&quot;loop&quot;:false,&quot;stagePadding&quot;:0}}}}'><\/div><\/div><\/div><\/div><\/div><\/div><\/section><section class=\"l-section wpb_row height_medium\" id=\"equipe\"><div class=\"l-section-h i-cf\"><div class=\"g-cols vc_row via_grid cols_1 laptops-cols_inherit tablets-cols_inherit mobiles-cols_1 valign_top type_default stacking_default\"><div class=\"wpb_column vc_column_container\"><div class=\"vc_column-inner\"><div class=\"wpb_text_column us_custom_60e9caca us_animate_this\"><div class=\"wpb_wrapper\"><h2 style=\"text-align: center;\">Coordination Team<\/h2>\n<\/div><\/div><div class=\"w-separator size_large\"><\/div><div class=\"w-grid us_grid us_custom_60e9caca equipe-grid us_animate_this type_grid layout_153 cols_5 preload_style_spinner with_css_animation\" id=\"us_grid_29\" style=\"--columns:5;--gap:1.5rem;\" data-filterable=\"true\"><style>@media (max-width:1380px){#us_grid_29{--columns:3!important}}@media (max-width:1024px){#us_grid_29{--columns:2!important}}@media (max-width:600px){#us_grid_29{--columns:1!important}}.layout_153 .w-grid-item-h{}.layout_153 .usg_post_title_1{font-size:var(--step-2)!important;margin-bottom:0.5rem!important}.layout_153 .usg_post_image_1{max-width:1920px!important;margin-bottom:1.5rem!important;border-radius:25px!important}<\/style><div class=\"w-grid-list\">\t<article class=\"w-grid-item us_animate_afb size_1x1 post-5283 membres_equipe type-membres_equipe status-publish has-post-thumbnail hentry categorie_membre_equipe-citoyennete-alimentaire categorie_membre_equipe-equipe-tec\" data-id=\"5283\" style=\"animation-delay:0s\">\r\n\t\t<div class=\"w-grid-item-h\">\r\n\t\t\t\t\t\t<div class=\"w-post-elm post_image usg_post_image_1 has_ratio\"><img decoding=\"async\" width=\"804\" height=\"1024\" src=\"https:\/\/transitionencommun.org\/wp-content\/uploads\/2025\/04\/photo-Charles-O-1-804x1024.jpg\" class=\"attachment-large size-large wp-post-image\" alt=\"\" \/><div style=\"padding-bottom:100%\"><\/div><\/div><h3 class=\"w-post-elm post_title usg_post_title_1 color_link_inherit\">Alexia Sow<\/h3><p class=\"w-post-elm post_custom_field usg_post_custom_field_1 type_text titre_du_poste color_link_inherit\"><span class=\"w-post-elm-value\">Coordonnatrice du groupe de travail Citoyennet\u00e9 alimentaire & Agente de mobilisation, Conseil SAM<\/span><\/p><a class=\"w-btn us-btn-style_5 usg_btn_1 text_none icon_atleft\" href=\"mailto:asow@mtlmetropolesante.ca\" aria-label=\"Button\"><i class=\"fas fa-envelope\"><\/i><\/a><a class=\"w-btn us-btn-style_4 usg_btn_2 text_none icon_atleft\" target=\"_blank\" href=\"https:\/\/www.linkedin.com\/in\/alexia-sow-6a3b9045\/\" aria-label=\"Button\"><i class=\"fab fa-linkedin\"><\/i><\/a>\t\t<\/div>\r\n\t\t\t<\/article>\r\n\t<article class=\"w-grid-item us_animate_afb size_1x1 post-149 membres_equipe type-membres_equipe status-publish has-post-thumbnail hentry categorie_membre_equipe-equipe-tec categorie_membre_equipe-mob-rayo\" data-id=\"149\" style=\"animation-delay:0.1s\">\r\n\t\t<div class=\"w-grid-item-h\">\r\n\t\t\t\t\t\t<div class=\"w-post-elm post_image usg_post_image_1 has_ratio\"><img decoding=\"async\" width=\"1024\" height=\"1024\" src=\"https:\/\/transitionencommun.org\/wp-content\/uploads\/2024\/06\/antoine-st-germain.webp\" class=\"attachment-large size-large wp-post-image\" alt=\"\" \/><div style=\"padding-bottom:100%\"><\/div><\/div><h3 class=\"w-post-elm post_title usg_post_title_1 color_link_inherit\">Antoine St-Germain<\/h3><p class=\"w-post-elm post_custom_field usg_post_custom_field_1 type_text titre_du_poste color_link_inherit\"><span class=\"w-post-elm-value\">Coordonnateur des communications<\/span><\/p><a class=\"w-btn us-btn-style_5 usg_btn_1 text_none icon_atleft\" href=\"mailto:antoine@transitionencommun.org\" aria-label=\"Button\"><i class=\"fas fa-envelope\"><\/i><\/a><a class=\"w-btn us-btn-style_4 usg_btn_2 text_none icon_atleft\" href=\"https:\/\/www.linkedin.com\/in\/antoine-st-germain-861808166\/\" aria-label=\"Button\"><i class=\"fab fa-linkedin\"><\/i><\/a>\t\t<\/div>\r\n\t\t\t<\/article>\r\n\t<article class=\"w-grid-item us_animate_afb size_1x1 post-2426 membres_equipe type-membres_equipe status-publish has-post-thumbnail hentry categorie_membre_equipe-democratie-participative-et-gouvernance categorie_membre_equipe-economies-en-transition categorie_membre_equipe-equipe-tec\" data-id=\"2426\" style=\"animation-delay:0.2s\">\r\n\t\t<div class=\"w-grid-item-h\">\r\n\t\t\t\t\t\t<div class=\"w-post-elm post_image usg_post_image_1 has_ratio\"><img decoding=\"async\" width=\"979\" height=\"1024\" src=\"https:\/\/transitionencommun.org\/wp-content\/uploads\/2024\/08\/Bertr1-e1732061990367-979x1024.png\" class=\"attachment-large size-large wp-post-image\" alt=\"\" \/><div style=\"padding-bottom:100%\"><\/div><\/div><h3 class=\"w-post-elm post_title usg_post_title_1 color_link_inherit\">Bertrand Fouss<\/h3><p class=\"w-post-elm post_custom_field usg_post_custom_field_1 type_text titre_du_poste color_link_inherit\"><span class=\"w-post-elm-value\">Co-coordonnateur g\u00e9n\u00e9ral<\/span><\/p><a class=\"w-btn us-btn-style_5 usg_btn_1 text_none icon_atleft\" href=\"mailto:bertrand@transitionencommun.org\" aria-label=\"Button\"><i class=\"fas fa-envelope\"><\/i><\/a><a class=\"w-btn us-btn-style_4 usg_btn_2 text_none icon_atleft\" href=\"https:\/\/www.linkedin.com\/in\/bertrand-fouss-640a8a4\/\" aria-label=\"Button\"><i class=\"fab fa-linkedin\"><\/i><\/a>\t\t<\/div>\r\n\t\t\t<\/article>\r\n\t<article class=\"w-grid-item us_animate_afb size_1x1 post-3940 membres_equipe type-membres_equipe status-publish has-post-thumbnail hentry categorie_membre_equipe-equipe-tec\" data-id=\"3940\" style=\"animation-delay:0.3s\">\r\n\t\t<div class=\"w-grid-item-h\">\r\n\t\t\t\t\t\t<div class=\"w-post-elm post_image usg_post_image_1 has_ratio\"><img decoding=\"async\" width=\"1024\" height=\"1024\" src=\"https:\/\/transitionencommun.org\/wp-content\/uploads\/2024\/09\/FXvf-e1730232991118-1024x1024.jpg\" class=\"attachment-large size-large wp-post-image\" alt=\"\" \/><div style=\"padding-bottom:100%\"><\/div><\/div><h3 class=\"w-post-elm post_title usg_post_title_1 color_link_inherit\">Francois-Xavier Michaux<\/h3><p class=\"w-post-elm post_custom_field usg_post_custom_field_1 type_text titre_du_poste color_link_inherit\"><span class=\"w-post-elm-value\">Co-coordonnateur g\u00e9n\u00e9ral<\/span><\/p><a class=\"w-btn us-btn-style_5 usg_btn_1 text_none icon_atleft\" href=\"mailto:fx@transitionencommun.org\" aria-label=\"Button\"><i class=\"fas fa-envelope\"><\/i><\/a><a class=\"w-btn us-btn-style_4 usg_btn_2 text_none icon_atleft\" href=\"https:\/\/www.linkedin.com\/in\/fxmichaux\/\" aria-label=\"Button\"><i class=\"fab fa-linkedin\"><\/i><\/a>\t\t<\/div>\r\n\t\t\t<\/article>\r\n\t<article class=\"w-grid-item us_animate_afb size_1x1 post-5822 membres_equipe type-membres_equipe status-publish has-post-thumbnail hentry categorie_membre_equipe-demotorisation categorie_membre_equipe-equipe-tec\" data-id=\"5822\" style=\"animation-delay:0.4s\">\r\n\t\t<div class=\"w-grid-item-h\">\r\n\t\t\t\t\t\t<div class=\"w-post-elm post_image usg_post_image_1 has_ratio\"><img decoding=\"async\" width=\"1022\" height=\"1024\" src=\"https:\/\/transitionencommun.org\/wp-content\/uploads\/2025\/07\/kaliSitev2-1022x1024.png\" class=\"attachment-large size-large wp-post-image\" alt=\"\" \/><div style=\"padding-bottom:100%\"><\/div><\/div><h3 class=\"w-post-elm post_title usg_post_title_1 color_link_inherit\">Kali Abraham<\/h3><p class=\"w-post-elm post_custom_field usg_post_custom_field_1 type_text titre_du_poste color_link_inherit\"><span class=\"w-post-elm-value\">Coordonnatrice du groupe de travail D\u00e9motorisation & Charg\u00e9e de projets - Urbanisme et mobilit\u00e9 durable, CRE Montr\u00e9al<\/span><\/p><a class=\"w-btn us-btn-style_5 usg_btn_1 text_none icon_atleft\" href=\"mailto:kabraham@cremtl.org\" aria-label=\"Button\"><i class=\"fas fa-envelope\"><\/i><\/a><a class=\"w-btn us-btn-style_4 usg_btn_2 text_none icon_atleft\" href=\"https:\/\/www.linkedin.com\/in\/kali-abraham-350641197\/\" aria-label=\"Button\"><i class=\"fab fa-linkedin\"><\/i><\/a>\t\t<\/div>\r\n\t\t\t<\/article>\r\n\t<article class=\"w-grid-item us_animate_afb size_1x1 post-4861 membres_equipe type-membres_equipe status-publish has-post-thumbnail hentry categorie_membre_equipe-collectif-resilience categorie_membre_equipe-equipe-tec\" data-id=\"4861\" style=\"animation-delay:0.5s\">\r\n\t\t<div class=\"w-grid-item-h\">\r\n\t\t\t\t\t\t<div class=\"w-post-elm post_image usg_post_image_1 has_ratio\"><img decoding=\"async\" width=\"200\" height=\"200\" src=\"https:\/\/transitionencommun.org\/wp-content\/uploads\/2025\/02\/manon-giri.jpg\" class=\"attachment-large size-large wp-post-image\" alt=\"\" \/><div style=\"padding-bottom:100%\"><\/div><\/div><h3 class=\"w-post-elm post_title usg_post_title_1 color_link_inherit\">Manon Giri<\/h3><p class=\"w-post-elm post_custom_field usg_post_custom_field_1 type_text titre_du_poste color_link_inherit\"><span class=\"w-post-elm-value\">Coordonnatrice du Collectif montr\u00e9alais en r\u00e9silience climatique des communaut\u00e9s<\/span><\/p><a class=\"w-btn us-btn-style_5 usg_btn_1 text_none icon_atleft\" href=\"mailto:manon@transitionencommun.org\" aria-label=\"Button\"><i class=\"fas fa-envelope\"><\/i><\/a><a class=\"w-btn us-btn-style_4 usg_btn_2 text_none icon_atleft\" href=\"https:\/\/www.linkedin.com\/in\/manongiri\/\" aria-label=\"Button\"><i class=\"fab fa-linkedin\"><\/i><\/a>\t\t<\/div>\r\n\t\t\t<\/article>\r\n\t<article class=\"w-grid-item us_animate_afb size_1x1 post-2444 membres_equipe type-membres_equipe status-publish has-post-thumbnail hentry categorie_membre_equipe-collectif-resilience categorie_membre_equipe-equipe-tec categorie_membre_equipe-espace-quartiers categorie_membre_equipe-let\" data-id=\"2444\" style=\"animation-delay:0.6s\">\r\n\t\t<div class=\"w-grid-item-h\">\r\n\t\t\t\t\t\t<div class=\"w-post-elm post_image usg_post_image_1 has_ratio\"><img decoding=\"async\" width=\"768\" height=\"768\" src=\"https:\/\/transitionencommun.org\/wp-content\/uploads\/2024\/08\/MTT.png\" class=\"attachment-large size-large wp-post-image\" alt=\"\" \/><div style=\"padding-bottom:100%\"><\/div><\/div><h3 class=\"w-post-elm post_title usg_post_title_1 color_link_inherit\">Marlies Trujillo Torres<\/h3><p class=\"w-post-elm post_custom_field usg_post_custom_field_1 type_text titre_du_poste color_link_inherit\"><span class=\"w-post-elm-value\">Coordonnatrice de l'Espace Quartiers & du groupe de travail Logement en transition<\/span><\/p><a class=\"w-btn us-btn-style_5 usg_btn_1 text_none icon_atleft\" href=\"mailto:marlies@transitionencommun.org\" aria-label=\"Button\"><i class=\"fas fa-envelope\"><\/i><\/a><a class=\"w-btn us-btn-style_4 usg_btn_2 text_none icon_atleft\" href=\"https:\/\/www.linkedin.com\/in\/marlies-trujillo-torres-9744b05b\/\" aria-label=\"Button\"><i class=\"fab fa-linkedin\"><\/i><\/a>\t\t<\/div>\r\n\t\t\t<\/article>\r\n\t<article class=\"w-grid-item us_animate_afb size_1x1 post-2429 membres_equipe type-membres_equipe status-publish has-post-thumbnail hentry categorie_membre_equipe-democratie-participative-et-gouvernance categorie_membre_equipe-equipe-tec\" data-id=\"2429\" style=\"animation-delay:0.7s\">\r\n\t\t<div class=\"w-grid-item-h\">\r\n\t\t\t\t\t\t<div class=\"w-post-elm post_image usg_post_image_1 has_ratio\"><img decoding=\"async\" width=\"907\" height=\"1024\" src=\"https:\/\/transitionencommun.org\/wp-content\/uploads\/2024\/08\/NT.webp\" class=\"attachment-large size-large wp-post-image\" alt=\"\" \/><div style=\"padding-bottom:100%\"><\/div><\/div><h3 class=\"w-post-elm post_title usg_post_title_1 color_link_inherit\">Nadim Tadjine<\/h3><p class=\"w-post-elm post_custom_field usg_post_custom_field_1 type_text titre_du_poste color_link_inherit\"><span class=\"w-post-elm-value\">Coordonnateur du groupe de travail D\u00e9mocratie participative et gouvernance<\/span><\/p><a class=\"w-btn us-btn-style_5 usg_btn_1 text_none icon_atleft\" href=\"mailto:nadim@transitionencommun.org\" aria-label=\"Button\"><i class=\"fas fa-envelope\"><\/i><\/a><a class=\"w-btn us-btn-style_4 usg_btn_2 text_none icon_atleft\" href=\"https:\/\/www.linkedin.com\/in\/nadimtadjine\/\" aria-label=\"Button\"><i class=\"fab fa-linkedin\"><\/i><\/a>\t\t<\/div>\r\n\t\t\t<\/article>\r\n<\/div>\t<div class=\"w-grid-preloader\">\r\n\t\t<div class=\"g-preloader type_1\">\r\n\t\t\t<div><\/div>\r\n\t\t<\/div>\r\n\t<\/div>\r\n\t\t<div class=\"w-grid-json hidden\" onclick='return {&quot;action&quot;:&quot;us_ajax_grid&quot;,&quot;infinite_scroll&quot;:0,&quot;max_num_pages&quot;:1,&quot;pagination&quot;:&quot;none&quot;,&quot;template_vars&quot;:{&quot;columns&quot;:&quot;5&quot;,&quot;exclude_items&quot;:&quot;none&quot;,&quot;img_size&quot;:&quot;default&quot;,&quot;ignore_items_size&quot;:0,&quot;items_layout&quot;:&quot;153&quot;,&quot;items_offset&quot;:&quot;1&quot;,&quot;load_animation&quot;:&quot;afb&quot;,&quot;overriding_link&quot;:&quot;{\\&quot;url\\&quot;:\\&quot;\\&quot;}&quot;,&quot;post_id&quot;:0,&quot;query_args&quot;:{&quot;post_type&quot;:[&quot;membres_equipe&quot;],&quot;tax_query&quot;:[{&quot;taxonomy&quot;:&quot;categorie_membre_equipe&quot;,&quot;field&quot;:&quot;slug&quot;,&quot;terms&quot;:[&quot;equipe-tec&quot;]}],&quot;post_status&quot;:[&quot;publish&quot;,&quot;acf-disabled&quot;],&quot;posts_per_page&quot;:&quot;50&quot;},&quot;orderby_query_args&quot;:{&quot;orderby&quot;:{&quot;title&quot;:&quot;ASC&quot;},&quot;order&quot;:&quot;ASC&quot;},&quot;type&quot;:&quot;grid&quot;,&quot;us_grid_post_type&quot;:&quot;membres_equipe&quot;,&quot;us_grid_ajax_index&quot;:29,&quot;us_grid_filter_query_string&quot;:null,&quot;us_grid_index&quot;:29,&quot;page_args&quot;:[],&quot;lang&quot;:&quot;en&quot;}}'><\/div>\r\n\t<\/div><\/div><\/div><\/div><\/div><\/section>\n","protected":false},"excerpt":{"rendered":"","protected":false},"author":1,"featured_media":0,"parent":0,"menu_order":0,"comment_status":"closed","ping_status":"closed","template":"","meta":{"_acf_changed":false,"footnotes":""},"class_list":["post-3683","page","type-page","status-publish","hentry"],"acf":[],"yoast_head":"<!-- This site is optimized with the Yoast SEO plugin v28.4 - https:\/\/yoast.com\/product\/yoast-seo-wordpress\/ -->\n<title>About - Transition en commun<\/title>\n<meta name=\"description\" content=\"About | Transition en commun is an alliance of groups from various sectors of the Montreal community.\" \/>\n<meta name=\"robots\" content=\"index, follow, max-snippet:-1, max-image-preview:large, max-video-preview:-1\" \/>\n<link rel=\"canonical\" href=\"https:\/\/transitionencommun.org\/en\/about\/\" \/>\n<meta property=\"og:locale\" content=\"en_US\" \/>\n<meta property=\"og:type\" content=\"article\" \/>\n<meta property=\"og:title\" content=\"About - Transition en commun\" \/>\n<meta property=\"og:description\" content=\"About | Transition en commun is an alliance of groups from various sectors of the Montreal community.\" \/>\n<meta property=\"og:url\" content=\"https:\/\/transitionencommun.org\/en\/about\/\" \/>\n<meta property=\"og:site_name\" content=\"Transition en commun\" \/>\n<meta property=\"article:publisher\" content=\"https:\/\/www.facebook.com\/transitionencommun\/\" \/>\n<meta property=\"article:modified_time\" content=\"2026-07-28T17:36:25+00:00\" \/>\n<meta name=\"twitter:card\" content=\"summary_large_image\" \/>\n<meta name=\"twitter:label1\" content=\"Est. reading time\" \/>\n\t<meta name=\"twitter:data1\" content=\"2 minutes\" \/>\n<script type=\"application\/ld+json\" class=\"yoast-schema-graph\">{\"@context\":\"https:\\\/\\\/schema.org\",\"@graph\":[{\"@type\":\"WebPage\",\"@id\":\"https:\\\/\\\/transitionencommun.org\\\/en\\\/about\\\/\",\"url\":\"https:\\\/\\\/transitionencommun.org\\\/en\\\/about\\\/\",\"name\":\"About - Transition en commun\",\"isPartOf\":{\"@id\":\"https:\\\/\\\/transitionencommun.org\\\/en\\\/#website\"},\"datePublished\":\"2024-06-03T14:58:00+00:00\",\"dateModified\":\"2026-07-28T17:36:25+00:00\",\"description\":\"About | Transition en commun is an alliance of groups from various sectors of the Montreal community.\",\"breadcrumb\":{\"@id\":\"https:\\\/\\\/transitionencommun.org\\\/en\\\/about\\\/#breadcrumb\"},\"inLanguage\":\"en-US\",\"potentialAction\":[{\"@type\":\"ReadAction\",\"target\":[\"https:\\\/\\\/transitionencommun.org\\\/en\\\/about\\\/\"]}]},{\"@type\":\"BreadcrumbList\",\"@id\":\"https:\\\/\\\/transitionencommun.org\\\/en\\\/about\\\/#breadcrumb\",\"itemListElement\":[{\"@type\":\"ListItem\",\"position\":1,\"name\":\"Accueil\",\"item\":\"https:\\\/\\\/transitionencommun.org\\\/en\\\/\"},{\"@type\":\"ListItem\",\"position\":2,\"name\":\"About\"}]},{\"@type\":\"WebSite\",\"@id\":\"https:\\\/\\\/transitionencommun.org\\\/en\\\/#website\",\"url\":\"https:\\\/\\\/transitionencommun.org\\\/en\\\/\",\"name\":\"Transition en commun\",\"description\":\"\",\"publisher\":{\"@id\":\"https:\\\/\\\/transitionencommun.org\\\/en\\\/#organization\"},\"potentialAction\":[{\"@type\":\"SearchAction\",\"target\":{\"@type\":\"EntryPoint\",\"urlTemplate\":\"https:\\\/\\\/transitionencommun.org\\\/en\\\/?s={search_term_string}\"},\"query-input\":{\"@type\":\"PropertyValueSpecification\",\"valueRequired\":true,\"valueName\":\"search_term_string\"}}],\"inLanguage\":\"en-US\"},{\"@type\":\"Organization\",\"@id\":\"https:\\\/\\\/transitionencommun.org\\\/en\\\/#organization\",\"name\":\"Transition en commun\",\"url\":\"https:\\\/\\\/transitionencommun.org\\\/en\\\/\",\"logo\":{\"@type\":\"ImageObject\",\"inLanguage\":\"en-US\",\"@id\":\"https:\\\/\\\/transitionencommun.org\\\/en\\\/#\\\/schema\\\/logo\\\/image\\\/\",\"url\":\"https:\\\/\\\/transitionencommun.org\\\/wp-content\\\/uploads\\\/2024\\\/06\\\/Big-logo.png\",\"contentUrl\":\"https:\\\/\\\/transitionencommun.org\\\/wp-content\\\/uploads\\\/2024\\\/06\\\/Big-logo.png\",\"width\":257,\"height\":115,\"caption\":\"Transition en commun\"},\"image\":{\"@id\":\"https:\\\/\\\/transitionencommun.org\\\/en\\\/#\\\/schema\\\/logo\\\/image\\\/\"},\"sameAs\":[\"https:\\\/\\\/www.facebook.com\\\/transitionencommun\\\/\",\"https:\\\/\\\/www.instagram.com\\\/transitionencommun\\\/\",\"https:\\\/\\\/www.linkedin.com\\\/company\\\/transition-en-commun\\\/\"]}]}<\/script>\n<!-- \/ Yoast SEO plugin. -->","yoast_head_json":{"title":"About - Transition en commun","description":"About | Transition en commun is an alliance of groups from various sectors of the Montreal community.","robots":{"index":"index","follow":"follow","max-snippet":"max-snippet:-1","max-image-preview":"max-image-preview:large","max-video-preview":"max-video-preview:-1"},"canonical":"https:\/\/transitionencommun.org\/en\/about\/","og_locale":"en_US","og_type":"article","og_title":"About - Transition en commun","og_description":"About | Transition en commun is an alliance of groups from various sectors of the Montreal community.","og_url":"https:\/\/transitionencommun.org\/en\/about\/","og_site_name":"Transition en commun","article_publisher":"https:\/\/www.facebook.com\/transitionencommun\/","article_modified_time":"2026-07-28T17:36:25+00:00","twitter_card":"summary_large_image","twitter_misc":{"Est. reading time":"2 minutes"},"schema":{"@context":"https:\/\/schema.org","@graph":[{"@type":"WebPage","@id":"https:\/\/transitionencommun.org\/en\/about\/","url":"https:\/\/transitionencommun.org\/en\/about\/","name":"About - Transition en commun","isPartOf":{"@id":"https:\/\/transitionencommun.org\/en\/#website"},"datePublished":"2024-06-03T14:58:00+00:00","dateModified":"2026-07-28T17:36:25+00:00","description":"About | Transition en commun is an alliance of groups from various sectors of the Montreal community.","breadcrumb":{"@id":"https:\/\/transitionencommun.org\/en\/about\/#breadcrumb"},"inLanguage":"en-US","potentialAction":[{"@type":"ReadAction","target":["https:\/\/transitionencommun.org\/en\/about\/"]}]},{"@type":"BreadcrumbList","@id":"https:\/\/transitionencommun.org\/en\/about\/#breadcrumb","itemListElement":[{"@type":"ListItem","position":1,"name":"Accueil","item":"https:\/\/transitionencommun.org\/en\/"},{"@type":"ListItem","position":2,"name":"About"}]},{"@type":"WebSite","@id":"https:\/\/transitionencommun.org\/en\/#website","url":"https:\/\/transitionencommun.org\/en\/","name":"Transition en commun","description":"","publisher":{"@id":"https:\/\/transitionencommun.org\/en\/#organization"},"potentialAction":[{"@type":"SearchAction","target":{"@type":"EntryPoint","urlTemplate":"https:\/\/transitionencommun.org\/en\/?s={search_term_string}"},"query-input":{"@type":"PropertyValueSpecification","valueRequired":true,"valueName":"search_term_string"}}],"inLanguage":"en-US"},{"@type":"Organization","@id":"https:\/\/transitionencommun.org\/en\/#organization","name":"Transition en commun","url":"https:\/\/transitionencommun.org\/en\/","logo":{"@type":"ImageObject","inLanguage":"en-US","@id":"https:\/\/transitionencommun.org\/en\/#\/schema\/logo\/image\/","url":"https:\/\/transitionencommun.org\/wp-content\/uploads\/2024\/06\/Big-logo.png","contentUrl":"https:\/\/transitionencommun.org\/wp-content\/uploads\/2024\/06\/Big-logo.png","width":257,"height":115,"caption":"Transition en commun"},"image":{"@id":"https:\/\/transitionencommun.org\/en\/#\/schema\/logo\/image\/"},"sameAs":["https:\/\/www.facebook.com\/transitionencommun\/","https:\/\/www.instagram.com\/transitionencommun\/","https:\/\/www.linkedin.com\/company\/transition-en-commun\/"]}]}},"_links":{"self":[{"href":"https:\/\/transitionencommun.org\/en\/wp-json\/wp\/v2\/pages\/3683","targetHints":{"allow":["GET"]}}],"collection":[{"href":"https:\/\/transitionencommun.org\/en\/wp-json\/wp\/v2\/pages"}],"about":[{"href":"https:\/\/transitionencommun.org\/en\/wp-json\/wp\/v2\/types\/page"}],"author":[{"embeddable":true,"href":"https:\/\/transitionencommun.org\/en\/wp-json\/wp\/v2\/users\/1"}],"replies":[{"embeddable":true,"href":"https:\/\/transitionencommun.org\/en\/wp-json\/wp\/v2\/comments?post=3683"}],"version-history":[{"count":7,"href":"https:\/\/transitionencommun.org\/en\/wp-json\/wp\/v2\/pages\/3683\/revisions"}],"predecessor-version":[{"id":8156,"href":"https:\/\/transitionencommun.org\/en\/wp-json\/wp\/v2\/pages\/3683\/revisions\/8156"}],"wp:attachment":[{"href":"https:\/\/transitionencommun.org\/en\/wp-json\/wp\/v2\/media?parent=3683"}],"curies":[{"name":"wp","href":"https:\/\/api.w.org\/{rel}","templated":true}]}}