{"id":3699,"date":"2024-05-24T13:32:26","date_gmt":"2024-05-24T17:32:26","guid":{"rendered":"https:\/\/transitionencommun.org\/accueil\/"},"modified":"2026-09-01T13:14:06","modified_gmt":"2026-09-01T17:14:06","slug":"transition-en-commun","status":"publish","type":"page","link":"https:\/\/transitionencommun.org\/en\/","title":{"rendered":"Home"},"content":{"rendered":"<section class=\"l-section wpb_row us_custom_d1499174 hide_on_tablets hide_on_mobiles height_medium\"><div class=\"l-section-h i-cf\"><div class=\"g-cols vc_row via_grid cols_1 laptops-cols_inherit tablets-cols_inherit mobiles-cols_1 valign_top type_default stacking_default\"><div class=\"wpb_column vc_column_container\"><div class=\"vc_column-inner\"><div class=\"w-image us_custom_7a8af2b9 us_animate_this hide_on_default hide_on_laptops hide_on_tablets hide_on_mobiles align_none\"><div class=\"w-image-h\"><img decoding=\"async\" width=\"2048\" height=\"878\" src=\"https:\/\/transitionencommun.org\/wp-content\/uploads\/2024\/09\/image-accueil-tec-1.jpg\" class=\"attachment-full size-full\" alt=\"Alliance entre des groupes citoyens, la Ville de Montr\u00e9al et la soci\u00e9t\u00e9 civile pour la transition socio-\u00e9cologique\" loading=\"lazy\" srcset=\"https:\/\/transitionencommun.org\/wp-content\/uploads\/2024\/09\/image-accueil-tec-1.jpg 2048w, https:\/\/transitionencommun.org\/wp-content\/uploads\/2024\/09\/image-accueil-tec-1-300x129.jpg 300w, https:\/\/transitionencommun.org\/wp-content\/uploads\/2024\/09\/image-accueil-tec-1-1024x439.jpg 1024w\" sizes=\"auto, (max-width: 2048px) 100vw, 2048px\" \/><\/div><\/div><\/div><\/div><\/div><\/div><\/section><section class=\"l-section wpb_row us_custom_887a049b hero-accueil height_medium\"><div class=\"l-section-h i-cf\"><div class=\"g-cols vc_row via_grid cols_1 laptops-cols_inherit tablets-cols_inherit mobiles-cols_1 valign_top type_default stacking_default\"><div class=\"wpb_column vc_column_container us_custom_a7ca8bfe has_bg_color\"><div class=\"vc_column-overlay\" style=\"background:rgba(0,0,0,0.35)\"><\/div><div class=\"vc_column-inner\"><div class=\"wpb_text_column visually-hidden\"><div class=\"wpb_wrapper\"><h1>Joint Transition<\/h1>\n<\/div><\/div><div class=\"w-vwrapper align_none valign_top us_custom_2032a192 wrapper-slogan-phrase\" style=\"--vwrapper-gap:0.7rem\"><div class=\"wpb_text_column us_custom_49374d44 slogan-hero style-h1\"><div class=\"wpb_wrapper\"><p>A non-partisan alliance between citizen groups, civil society, and the City of Montreal<\/p>\n<\/div><\/div><div class=\"wpb_text_column us_custom_493b887d style-h4 has_text_color\"><div class=\"wpb_wrapper\"><p>To foster, promote, celebrate, and rally support around a shared vision of the socio-ecological transition<\/p>\n<\/div><\/div><\/div><\/div><\/div><\/div><\/div><\/section><section class=\"l-section wpb_row texte-intro height_medium\"><div class=\"l-section-h i-cf\"><div class=\"g-cols vc_row via_grid cols_1 laptops-cols_inherit tablets-cols_inherit mobiles-cols_1 valign_top type_default stacking_default\"><div class=\"wpb_column vc_column_container\"><div class=\"vc_column-inner\"><div class=\"wpb_text_column us_custom_f70d789f style-h4 us_animate_this\"><div class=\"wpb_wrapper\"><p style=\"text-align: center;\">Transition en Commun was founded in November 2022 out of a desire to bring together citizen groups, civil society organizations, and institutions in order to break down barriers between social and climate action and develop collective solutions <span style=\"text-decoration: underline;\">tailored to Montreal\u2019s diverse realities<\/span>.<\/p>\n<\/div><\/div><\/div><\/div><\/div><\/div><\/section><section class=\"l-section wpb_row us_custom_91e11ea4 tec-cest-row height_medium\"><div class=\"l-section-h i-cf\"><div class=\"g-cols vc_row via_grid cols_1 laptops-cols_inherit tablets-cols_inherit mobiles-cols_1 valign_top type_default stacking_default\"><div class=\"wpb_column vc_column_container\"><div class=\"vc_column-inner\"><div class=\"wpb_text_column us_custom_1fb8b2dc us_animate_this\"><div class=\"wpb_wrapper\"><h2 style=\"text-align: center;\">Transition In Common, it&#8217;s:<\/h2>\n<\/div><\/div><div class=\"w-separator size_medium\"><\/div><div class=\"g-cols wpb_row statistiques-grid via_grid cols_1 laptops-cols_inherit tablets-cols_inherit mobiles-cols_1 valign_bottom type_default stacking_default\" style=\"--columns-gap:3rem;\"><div class=\"wpb_column vc_column_container us_custom_7e37af1d has_text_color us_animate_this has_bg_color\"><div class=\"vc_column-inner\"><div class=\"w-counter color_primary align_none animation_none\" data-duration=\"2\" style=\"--w-counter-duration: 2s;\"><div class=\"w-counter-value\" role=\"text\" aria-label=\"135\"><span class=\"w-counter-value-part final\" aria-hidden=\"true\">135<\/span><span class=\"w-counter-value-part hidden type_text\" aria-hidden=\"true\" data-final><\/span><span class=\"w-counter-value-part hidden type_number\" aria-hidden=\"true\" data-final=\"135\">1<\/span><span class=\"w-counter-value-part hidden type_text\" aria-hidden=\"true\" data-final><\/span><\/div><p class=\"w-counter-title\" style=\"font-size:var(--step-0);\">Organizations, groups, and institutions that are members of the alliance<\/p><\/div><\/div><\/div><div class=\"wpb_column vc_column_container us_custom_f70d789f tec-grid-img us_animate_this\"><div class=\"vc_column-inner\"><div class=\"w-image us_custom_640bbb89 align_none\"><div class=\"w-image-h\"><img decoding=\"async\" width=\"1024\" height=\"681\" src=\"https:\/\/transitionencommun.org\/wp-content\/uploads\/2024\/08\/MTlNor-e1701807444812-1024x681.jpg\" class=\"attachment-large size-large\" alt=\"\" loading=\"lazy\" srcset=\"https:\/\/transitionencommun.org\/wp-content\/uploads\/2024\/08\/MTlNor-e1701807444812-1024x681.jpg 1024w, https:\/\/transitionencommun.org\/wp-content\/uploads\/2024\/08\/MTlNor-e1701807444812-300x199.jpg 300w, https:\/\/transitionencommun.org\/wp-content\/uploads\/2024\/08\/MTlNor-e1701807444812.jpg 1423w\" sizes=\"auto, (max-width: 1024px) 100vw, 1024px\" \/><\/div><\/div><\/div><\/div><div class=\"wpb_column vc_column_container us_custom_59b93b0d has_text_color us_animate_this has_bg_color\"><div class=\"vc_column-inner\"><div class=\"w-counter color_primary align_none animation_none\" data-duration=\"2\" style=\"--w-counter-duration: 2s;\"><div class=\"w-counter-value\" role=\"text\" aria-label=\"10\"><span class=\"w-counter-value-part final\" aria-hidden=\"true\">10<\/span><span class=\"w-counter-value-part hidden type_text\" aria-hidden=\"true\" data-final><\/span><span class=\"w-counter-value-part hidden type_number\" aria-hidden=\"true\" data-final=\"10\">1<\/span><span class=\"w-counter-value-part hidden type_text\" aria-hidden=\"true\" data-final><\/span><\/div><p class=\"w-counter-title\" style=\"font-size:var(--step-0);\">Network executives (CMTQ, REQ, Culture Mtl, PCM, etc.)<\/p><\/div><\/div><\/div><div class=\"wpb_column vc_column_container us_custom_68d61f13 has_text_color us_animate_this has_bg_color\"><div class=\"vc_column-inner\"><div class=\"w-counter color_primary align_none animation_none\" data-duration=\"2\" style=\"--w-counter-duration: 2s;\"><div class=\"w-counter-value\" role=\"text\" aria-label=\"30\"><span class=\"w-counter-value-part final\" aria-hidden=\"true\">30<\/span><span class=\"w-counter-value-part hidden type_text\" aria-hidden=\"true\" data-final><\/span><span class=\"w-counter-value-part hidden type_number\" aria-hidden=\"true\" data-final=\"30\">1<\/span><span class=\"w-counter-value-part hidden type_text\" aria-hidden=\"true\" data-final><\/span><\/div><p class=\"w-counter-title\" style=\"font-size:var(--step-0);\">City of Montreal Departments, Offices, and Districts<\/p><\/div><\/div><\/div><div class=\"wpb_column vc_column_container us_custom_b10cf14e has_text_color us_animate_this has_bg_color\"><div class=\"vc_column-inner\"><div class=\"w-counter color_primary align_none animation_none\" data-duration=\"2\" style=\"--w-counter-duration: 2s;\"><div class=\"w-counter-value\" role=\"text\" aria-label=\"30\"><span class=\"w-counter-value-part final\" aria-hidden=\"true\">30<\/span><span class=\"w-counter-value-part hidden type_text\" aria-hidden=\"true\" data-final><\/span><span class=\"w-counter-value-part hidden type_number\" aria-hidden=\"true\" data-final=\"30\">1<\/span><span class=\"w-counter-value-part hidden type_text\" aria-hidden=\"true\" data-final><\/span><\/div><p class=\"w-counter-title\" style=\"font-size:var(--step-0);\">Universities, liaison organizations, research centers, and research teams<\/p><\/div><\/div><\/div><div class=\"wpb_column vc_column_container us_custom_a0bb0ad2 has_text_color us_animate_this has_bg_color\"><div class=\"vc_column-inner\"><div class=\"w-counter color_primary align_none animation_none\" data-duration=\"2\" style=\"--w-counter-duration: 2s;\"><div class=\"w-counter-value\" role=\"text\" aria-label=\"20\"><span class=\"w-counter-value-part final\" aria-hidden=\"true\">20<\/span><span class=\"w-counter-value-part hidden type_text\" aria-hidden=\"true\" data-final><\/span><span class=\"w-counter-value-part hidden type_number\" aria-hidden=\"true\" data-final=\"20\">1<\/span><span class=\"w-counter-value-part hidden type_text\" aria-hidden=\"true\" data-final><\/span><\/div><p class=\"w-counter-title\" style=\"font-size:var(--step-0);\">Neighborhoods, including those with the greatest levels of inequality<\/p><\/div><\/div><\/div><div class=\"wpb_column vc_column_container us_custom_68d61f13 has_text_color us_animate_this has_bg_color\"><div class=\"vc_column-inner\"><div class=\"w-counter color_primary align_none animation_none\" data-duration=\"2\" style=\"--w-counter-duration: 2s;\"><div class=\"w-counter-value\" role=\"text\" aria-label=\"40+\"><span class=\"w-counter-value-part final\" aria-hidden=\"true\">40+<\/span><span class=\"w-counter-value-part hidden type_text\" aria-hidden=\"true\" data-final><\/span><span class=\"w-counter-value-part hidden type_number\" aria-hidden=\"true\" data-final=\"40\">1<\/span><span class=\"w-counter-value-part hidden type_text\" aria-hidden=\"true\" data-final=\"+\"><\/span><\/div><p class=\"w-counter-title\" style=\"font-size:var(--step-0);\">Events Organized Since 2022<\/p><\/div><\/div><\/div><div class=\"wpb_column vc_column_container us_custom_6cdecb06 has_text_color us_animate_this has_bg_color\"><div class=\"vc_column-inner\"><div class=\"w-counter color_primary align_none animation_none\" data-duration=\"2\" style=\"--w-counter-duration: 2s;\"><div class=\"w-counter-value\" role=\"text\" aria-label=\"12\"><span class=\"w-counter-value-part final\" aria-hidden=\"true\">12<\/span><span class=\"w-counter-value-part hidden type_text\" aria-hidden=\"true\" data-final><\/span><span class=\"w-counter-value-part hidden type_number\" aria-hidden=\"true\" data-final=\"12\">1<\/span><span class=\"w-counter-value-part hidden type_text\" aria-hidden=\"true\" data-final><\/span><\/div><p class=\"w-counter-title\" style=\"font-size:var(--step-0);\">Organizations and working groups involved<\/p><\/div><\/div><\/div><\/div><div class=\"w-separator size_huge\"><\/div><div class=\"w-hwrapper valign_top wrap align_center\" style=\"--hwrapper-gap:1.2rem\"><div class=\"w-btn-wrapper align_center\"><a class=\"w-btn us-btn-style_1 us_custom_7aaf38a2 btn-size-3 us_animate_this icon_atright\" href=\"https:\/\/transitionencommun.org\/lalliance\/#membres\"><span class=\"w-btn-label\">See our members and partners<\/span><i class=\"fal fa-arrow-right\"><\/i><\/a><\/div><div class=\"w-btn-wrapper align_center\"><a class=\"w-btn us-btn-style_13 us_custom_dd4e10d5 us_animate_this icon_atright\" href=\"https:\/\/docs.google.com\/forms\/d\/e\/1FAIpQLSeSAu9CAoSR8-V-_gy_xlRPT1PBID1HscKBuilhXFkNHkGsLw\/viewform\"><span class=\"w-btn-label\">Become a Member<\/span><i class=\"fal fa-arrow-right\"><\/i><\/a><\/div><\/div><\/div><\/div><\/div><\/div><\/section><section class=\"l-section wpb_row projets-en-cours height_medium\"><div class=\"l-section-overlay\" style=\"background:var(--color-header-top-bg)\"><\/div><div class=\"l-section-h i-cf\"><div class=\"g-cols vc_row via_grid cols_1 laptops-cols_inherit tablets-cols_inherit mobiles-cols_1 valign_top type_default stacking_default\"><div class=\"wpb_column vc_column_container\"><div class=\"vc_column-inner\"><div class=\"wpb_text_column us_custom_cbfb0b46 has_text_color us_animate_this\"><div class=\"wpb_wrapper\"><h1 style=\"text-align: center;\">Featured Projects<\/h1>\n<\/div><\/div><div class=\"w-separator size_large\"><\/div><div class=\"w-grid us_post_carousel type_carousel layout_8137 no_results preload_style_spinner items_3 overflow_hidden items_have_ratio\" id=\"us_post_list_fe8a\" style=\"--items:3;--gap:15px;--img-aspect-ratio:1;--item-aspect-ratio:1\/1;\"><style>@media (max-width:1025px){#us_post_list_fe8a .owl-carousel:not(.owl-loaded) .w-grid-item{width:calc(100% \/ 2 )!important}}@media (max-width:601px){#us_post_list_fe8a .owl-carousel:not(.owl-loaded) .w-grid-item{width:calc(100% \/ 1 )!important}}.layout_8137 .w-grid-item-h{}.layout_8137 .usg_post_image_1{aspect-ratio:1!important}<\/style><div class=\"w-grid-list owl-carousel valign_stretch dotstyle_smudge navstyle_1 arrows-ver-pos_middle arrows-hor-pos_on_sides_inside arrows-disabled_hide owl-responsive-2000 with_dots with_arrows\" style=\"--transition-duration:350ms;--arrows-size:1.5rem;--arrows-gap:10px;\"><\/div><div class=\"w-grid-carousel-json hidden\" onclick='return {&quot;carousel_settings&quot;:{&quot;aria_labels&quot;:{&quot;prev&quot;:&quot;Previous&quot;,&quot;next&quot;:&quot;Next&quot;},&quot;autoplayContinual&quot;:false,&quot;autoplayContinualCss&quot;:false,&quot;autoplayHoverPause&quot;:true,&quot;autoplayTimeout&quot;:4000,&quot;autoWidth&quot;:false,&quot;smartSpeed&quot;:350,&quot;margin&quot;:0,&quot;mouseDrag&quot;:true,&quot;rtl&quot;:false,&quot;slideBy&quot;:&quot;page&quot;,&quot;touchDrag&quot;:true,&quot;slideTransition&quot;:&quot;&quot;,&quot;responsive&quot;:{&quot;0&quot;:{&quot;autoHeight&quot;:false,&quot;autoplay&quot;:true,&quot;autoplayContinualCss&quot;:false,&quot;autoWidth&quot;:false,&quot;center&quot;:false,&quot;dots&quot;:true,&quot;items&quot;:1,&quot;loop&quot;:false,&quot;nav&quot;:false,&quot;stagePadding&quot;:0,&quot;slideBy&quot;:&quot;1&quot;,&quot;touchDrag&quot;:true,&quot;mouseDrag&quot;:true},&quot;601&quot;:{&quot;autoHeight&quot;:false,&quot;autoplay&quot;:true,&quot;autoplayContinualCss&quot;:false,&quot;autoWidth&quot;:false,&quot;center&quot;:false,&quot;dots&quot;:true,&quot;items&quot;:2,&quot;loop&quot;:false,&quot;nav&quot;:true,&quot;stagePadding&quot;:0,&quot;slideBy&quot;:&quot;1&quot;,&quot;touchDrag&quot;:true,&quot;mouseDrag&quot;:true},&quot;1025&quot;:{&quot;items&quot;:3,&quot;autoplay&quot;:true,&quot;autoplayContinualCss&quot;:false,&quot;center&quot;:false,&quot;dots&quot;:true,&quot;nav&quot;:true,&quot;autoHeight&quot;:false,&quot;autoWidth&quot;:false,&quot;loop&quot;:false,&quot;stagePadding&quot;:0}}}}'><\/div><\/div><div class=\"w-grid-none type_message\">Aucun r\u00e9alisation en vedette en ce moment.<\/div><\/div><\/div><\/div><\/div><\/section><section class=\"l-section wpb_row us_custom_b5a2903e has_text_color height_medium color_primary\"><div class=\"l-section-h i-cf\"><div class=\"g-cols vc_row via_grid cols_1 laptops-cols_inherit tablets-cols_inherit mobiles-cols_1 valign_top type_default stacking_default\"><div class=\"wpb_column vc_column_container\"><div class=\"vc_column-inner\"><div class=\"wpb_text_column us_custom_cd5ad04d us_animate_this\"><div class=\"wpb_wrapper\"><h2 id=\"projets-en-cours\" style=\"text-align: center;\">Latest News<\/h2>\n<\/div><\/div><div class=\"w-grid us_grid type_grid layout_8135 cols_3 preload_style_spinner with_css_animation\" id=\"us_grid_1\" style=\"--columns:3;--gap:1.5rem;\" data-filterable=\"true\"><style>@media (max-width:1024px){#us_grid_1{--columns:2!important}}@media (max-width:600px){#us_grid_1{--columns:1!important}}.layout_8135 .w-grid-item-h{}.layout_8135 .usg_post_image_1{max-width:1920px!important;margin-bottom:1.5rem!important;border-radius:25px!important}.layout_8135 .usg_post_date_1{margin-bottom:0.5rem!important}<\/style><div class=\"w-grid-list\">\t<article class=\"w-grid-item us_animate_afb size_1x1 post-7823 post type-post status-publish format-standard has-post-thumbnail hentry category-non-classifiee\" data-id=\"7823\" style=\"animation-delay:0s\">\r\n\t\t<div class=\"w-grid-item-h\">\r\n\t\t\t\t\t\t\t<a href=\"https:\/\/transitionencommun.org\/en\/the-call-for-proposals-for-the-summer-camp-has-been-extended-until-july-20\/\" class=\"w-grid-item-anchor\" aria-label=\"The call for proposals for the Summer Camp has been extended until July 20\"><\/a>\r\n\t\t\t\t\t\t<div class=\"w-post-elm post_image usg_post_image_1 has_ratio\"><img decoding=\"async\" width=\"1024\" height=\"441\" src=\"https:\/\/transitionencommun.org\/wp-content\/uploads\/2026\/07\/Creation-sans-titre-5-1024x441.png\" class=\"attachment-large size-large wp-post-image\" alt=\"\" \/><div style=\"padding-bottom:75%\"><\/div><\/div><time class=\"w-post-elm post_date usg_post_date_1 entry-date published\" datetime=\"2026-07-29T12:29:15-04:00\">July 29, 2026<\/time><h3 class=\"w-post-elm post_title usg_post_title_1 color_link_inherit\">The call for proposals for the Summer Camp has been extended until July 20<\/h3>\t\t<\/div>\r\n\t\t\t<\/article>\r\n\t<article class=\"w-grid-item us_animate_afb size_1x1 post-7905 post type-post status-publish format-standard hentry category-non-classifiee\" data-id=\"7905\" style=\"animation-delay:0.1s\">\r\n\t\t<div class=\"w-grid-item-h\">\r\n\t\t\t\t\t\t\t<a href=\"https:\/\/transitionencommun.org\/en\/neighborhoods-space-a-neighborhood-manifesto-to-speak-with-one-voice\/\" class=\"w-grid-item-anchor\" aria-label=\"Neighborhoods Space | A &lt;i&gt;Neighborhood Manifesto&lt;\/i&gt; to Speak with One Voice\"><\/a>\r\n\t\t\t\t\t\t<time class=\"w-post-elm post_date usg_post_date_1 entry-date published\" datetime=\"2026-05-13T22:23:03-04:00\">May 13, 2026<\/time><h3 class=\"w-post-elm post_title usg_post_title_1 color_link_inherit\">Neighborhoods Space | A <i>Neighborhood Manifesto<\/i> to Speak with One Voice<\/h3>\t\t<\/div>\r\n\t\t\t<\/article>\r\n\t<article class=\"w-grid-item us_animate_afb size_1x1 post-7830 post type-post status-publish format-standard has-post-thumbnail hentry category-non-classifiee\" data-id=\"7830\" style=\"animation-delay:0.2s\">\r\n\t\t<div class=\"w-grid-item-h\">\r\n\t\t\t\t\t\t\t<a href=\"https:\/\/transitionencommun.org\/en\/roaming-and-transition-summary-and-additional-information-from-the-first-season-of-the-environmental-justice-journey\/\" class=\"w-grid-item-anchor\" aria-label=\"Roaming and Transition: Summary and Additional Information from the First Season of &lt;i&gt;the Environmental Justice Journey&lt;\/i&gt;\"><\/a>\r\n\t\t\t\t\t\t<div class=\"w-post-elm post_image usg_post_image_1 has_ratio\"><img decoding=\"async\" width=\"995\" height=\"581\" src=\"https:\/\/transitionencommun.org\/wp-content\/uploads\/2026\/04\/Capture-decran-2026-04-09-162053.png\" class=\"attachment-large size-large wp-post-image\" alt=\"\" \/><div style=\"padding-bottom:75%\"><\/div><\/div><time class=\"w-post-elm post_date usg_post_date_1 entry-date published\" datetime=\"2026-04-09T16:22:25-04:00\">April 9, 2026<\/time><h3 class=\"w-post-elm post_title usg_post_title_1 color_link_inherit\">Roaming and Transition: Summary and Additional Information from the First Season of <i>the Environmental Justice Journey<\/i><\/h3>\t\t<\/div>\r\n\t\t\t<\/article>\r\n<\/div>\t<div class=\"w-grid-preloader\">\r\n\t\t<div class=\"g-preloader type_1\">\r\n\t\t\t<div><\/div>\r\n\t\t<\/div>\r\n\t<\/div>\r\n\t\t<div class=\"w-grid-json hidden\" onclick='return {&quot;action&quot;:&quot;us_ajax_grid&quot;,&quot;infinite_scroll&quot;:0,&quot;max_num_pages&quot;:35,&quot;pagination&quot;:&quot;none&quot;,&quot;template_vars&quot;:{&quot;columns&quot;:&quot;3&quot;,&quot;exclude_items&quot;:&quot;none&quot;,&quot;img_size&quot;:&quot;default&quot;,&quot;ignore_items_size&quot;:0,&quot;items_layout&quot;:&quot;8135&quot;,&quot;items_offset&quot;:&quot;1&quot;,&quot;load_animation&quot;:&quot;afb&quot;,&quot;overriding_link&quot;:&quot;%7B%22type%22%3A%22post%22%7D&quot;,&quot;post_id&quot;:0,&quot;query_args&quot;:{&quot;post_type&quot;:[&quot;post&quot;],&quot;post_status&quot;:[&quot;publish&quot;,&quot;acf-disabled&quot;],&quot;posts_per_page&quot;:&quot;3&quot;},&quot;orderby_query_args&quot;:{&quot;orderby&quot;:{&quot;date&quot;:&quot;DESC&quot;}},&quot;type&quot;:&quot;grid&quot;,&quot;us_grid_post_type&quot;:&quot;post&quot;,&quot;us_grid_ajax_index&quot;:1,&quot;us_grid_filter_query_string&quot;:null,&quot;us_grid_index&quot;:1,&quot;page_args&quot;:[],&quot;lang&quot;:&quot;en&quot;}}'><\/div>\r\n\t<\/div><div class=\"w-separator size_large\"><\/div><div class=\"w-btn-wrapper align_center\"><a class=\"w-btn us-btn-style_11 us_custom_2e843a8e us_animate_this icon_atright\" href=\"https:\/\/transitionencommun.org\/nouvelles\/\"><span class=\"w-btn-label\">\ud83d\udce3 View all news<\/span><i class=\"fal fa-arrow-right\"><\/i><\/a><\/div><\/div><\/div><\/div><\/div><\/section><section class=\"l-section wpb_row hide_on_default hide_on_laptops hide_on_tablets hide_on_mobiles height_medium\"><div class=\"l-section-h i-cf\"><div class=\"g-cols vc_row via_grid cols_1 laptops-cols_inherit tablets-cols_inherit mobiles-cols_1 valign_top type_default stacking_default\"><div class=\"wpb_column vc_column_container\"><div class=\"vc_column-inner\"><div class=\"wpb_text_column\"><div class=\"wpb_wrapper\"><h2 style=\"text-align: center;\">A Knowledge Base on Socio-Ecological Transition<\/h2>\n<\/div><\/div><div class=\"wpb_text_column\"><div class=\"wpb_wrapper\"><p style=\"text-align: center;\">Our events are opportunities for collective knowledge-building. Our working groups, committees, and members frequently create content. Everything is compiled in <a href=\"https:\/\/praxis.encommun.io\/b\/tec\/\">our En Commun knowledge base.<\/a><\/p>\n<\/div><\/div><div class=\"w-image align_center\"><a href=\"https:\/\/praxis.encommun.io\/b\/tec\/\" aria-label=\"Screenshot 2025-06-04 084332\" class=\"w-image-h\"><img decoding=\"async\" width=\"980\" height=\"466\" src=\"https:\/\/transitionencommun.org\/wp-content\/uploads\/2025\/06\/Screenshot-2025-06-04-084332.png\" class=\"attachment-large size-large\" alt=\"\" loading=\"lazy\" srcset=\"https:\/\/transitionencommun.org\/wp-content\/uploads\/2025\/06\/Screenshot-2025-06-04-084332.png 980w, https:\/\/transitionencommun.org\/wp-content\/uploads\/2025\/06\/Screenshot-2025-06-04-084332-300x143.png 300w\" sizes=\"auto, (max-width: 980px) 100vw, 980px\" \/><\/a><\/div><div class=\"w-separator size_large\"><\/div><div class=\"w-btn-wrapper align_center\"><a class=\"w-btn us-btn-style_1 us_custom_492179a4 icon_atright\" href=\"https:\/\/praxis.encommun.io\/b\/tec\/\"><span class=\"w-btn-label\">Learn more<\/span><i class=\"fas fa-arrow-right\"><\/i><\/a><\/div><\/div><\/div><\/div><\/div><\/section><section class=\"l-section wpb_row cta-devenir-membre height_medium\"><div class=\"l-section-h i-cf\"><div class=\"g-cols vc_row via_grid cols_1 laptops-cols_inherit tablets-cols_inherit mobiles-cols_1 valign_top type_default stacking_default\"><div class=\"wpb_column vc_column_container hide_on_default hide_on_laptops hide_on_tablets hide_on_mobiles\"><div class=\"vc_column-inner\"><style data-type=\"us_custom-css\">.w-gallery-item-img img{background:#FFFFFF!important}<\/style><section class=\"l-section wpb_row height_medium\"><div class=\"l-section-h i-cf\"><div class=\"g-cols vc_row via_grid cols_1 laptops-cols_inherit tablets-cols_inherit mobiles-cols_1 valign_top type_default stacking_default\"><div class=\"wpb_column vc_column_container\"><div class=\"vc_column-inner\"><div class=\"wpb_text_column\"><div class=\"wpb_wrapper\"><h2 style=\"text-align: center;\">Become a member of the Alliance!<\/h2>\n<\/div><\/div><div class=\"w-separator size_huge\"><\/div><div class=\"w-btn-wrapper align_center\"><a class=\"w-btn us-btn-style_6 icon_atright\" target=\"_blank\" href=\"https:\/\/docs.google.com\/forms\/d\/e\/1FAIpQLSeSAu9CAoSR8-V-_gy_xlRPT1PBID1HscKBuilhXFkNHkGsLw\/viewform\"><span class=\"w-btn-label\">Membership form<\/span><i class=\"fal fa-arrow-right\"><\/i><\/a><\/div><div class=\"w-separator size_huge\"><\/div><div class=\"w-separator size_huge\"><\/div><div class=\"g-cols wpb_row via_grid cols_2 laptops-cols_inherit tablets-cols_inherit mobiles-cols_1 valign_top type_default stacking_default\" style=\"--columns-gap:3rem;\"><div class=\"wpb_column vc_column_container\"><div class=\"vc_column-inner\"><div class=\"wpb_text_column\"><div class=\"wpb_wrapper\"><h3>Why become a member ?<\/h3>\n<\/div><\/div><div class=\"w-separator size_medium\"><\/div><div class=\"w-tabs accordion toggle_style_1\" style=\"--sections-title-size:inherit;--sections-gap:0.5rem;\"><div class=\"w-tabs-sections titles-align_none icon_chevron cpos_right\"><div class=\"w-tabs-section\" id=\"r8b0\"><button type=\"button\" class=\"w-tabs-section-header\" aria-controls=\"content-r8b0\" aria-expanded=\"false\"><div class=\"w-tabs-section-title\">Influence et plaidoyer<\/div><div class=\"w-tabs-section-control\"><\/div><\/button><div  class=\"w-tabs-section-content\" id=\"content-r8b0\"><div class=\"w-tabs-section-content-h i-cf\"><div class=\"wpb_text_column\"><div class=\"wpb_wrapper\"><ul>\n<li>Acc\u00e8s \u00e0 un r\u00e9seau influent qui agit pour la transition socio-\u00e9cologique \u00e0 Montr\u00e9al.<\/li>\n<li>Possibilit\u00e9 de contribuer \u00e0 des actions collectives et \u00e0 des recommandations aux d\u00e9cideurs.<\/li>\n<li>Participation aux prises de position publiques collectives<\/li>\n<li>Participation \u00e0 des campagnes de sensibilisation et de mobilisation.<\/li>\n<\/ul>\n<\/div><\/div><\/div><\/div><\/div><div class=\"w-tabs-section\" id=\"bbcf\"><button type=\"button\" class=\"w-tabs-section-header\" aria-controls=\"content-bbcf\" aria-expanded=\"false\"><div class=\"w-tabs-section-title\">Visibilit\u00e9 et reconnaissance<\/div><div class=\"w-tabs-section-control\"><\/div><\/button><div  class=\"w-tabs-section-content\" id=\"content-bbcf\"><div class=\"w-tabs-section-content-h i-cf\"><div class=\"wpb_text_column\"><div class=\"wpb_wrapper\"><ul>\n<li>Mise en valeur de l\u2019engagement de votre organisation envers la transition socio-\u00e9cologique.<\/li>\n<li>Opportunit\u00e9s de collaboration et de promotion via nos canaux de communication.<\/li>\n<li>Pr\u00e9sence sur notre site web, dans nos \u00e9v\u00e9nements et nos publications.<\/li>\n<\/ul>\n<\/div><\/div><\/div><\/div><\/div><div class=\"w-tabs-section\" id=\"ve2f\"><button type=\"button\" class=\"w-tabs-section-header\" aria-controls=\"content-ve2f\" aria-expanded=\"false\"><div class=\"w-tabs-section-title\">Acc\u00e8s \u00e0 des \u00e9v\u00e9nements, ressources et outils<\/div><div class=\"w-tabs-section-control\"><\/div><\/button><div  class=\"w-tabs-section-content\" id=\"content-ve2f\"><div class=\"w-tabs-section-content-h i-cf\"><div class=\"wpb_text_column\"><div class=\"wpb_wrapper\"><ul>\n<li>Acc\u00e8s privil\u00e9gi\u00e9 aux \u00e9v\u00e9nements organis\u00e9s par l\u2019alliance<\/li>\n<li>Partage de bonnes pratiques, \u00e9tudes de cas et guides pratiques.<\/li>\n<li>Acc\u00e8s \u00e0 des formations et ateliers.<\/li>\n<li>Opportunit\u00e9s d\u2019\u00e9changer avec des experts, des d\u00e9cideurs et d\u2019autres organisations engag\u00e9es.<\/li>\n<li>Participation \u00e0 des groupes de travail et chantiers th\u00e9matiques.<\/li>\n<\/ul>\n<\/div><\/div><\/div><\/div><\/div><div class=\"w-tabs-section\" id=\"efdf\"><button type=\"button\" class=\"w-tabs-section-header\" aria-controls=\"content-efdf\" aria-expanded=\"false\"><div class=\"w-tabs-section-title\">Contribution directe \u00e0 notre mission<\/div><div class=\"w-tabs-section-control\"><\/div><\/button><div  class=\"w-tabs-section-content\" id=\"content-efdf\"><div class=\"w-tabs-section-content-h i-cf\"><div class=\"wpb_text_column\"><div class=\"wpb_wrapper\"><ul>\n<li>Votre adh\u00e9sion renforce la port\u00e9e de nos actions collectives.<\/li>\n<li>Vous soutenez activement des initiatives porteuses de changement \u00e0 l\u2019\u00e9chelle locale.<\/li>\n<li>Ensemble, nous acc\u00e9l\u00e9rons la transition socio-\u00e9cologique en unissant nos forces.<\/li>\n<\/ul>\n<\/div><\/div><\/div><\/div><\/div><div class=\"w-tabs-section\" id=\"n18c\"><button type=\"button\" class=\"w-tabs-section-header\" aria-controls=\"content-n18c\" aria-expanded=\"false\"><div class=\"w-tabs-section-title\">Participation \u00e0 la vie d\u00e9mocratique de l\u2019Alliance<\/div><div class=\"w-tabs-section-control\"><\/div><\/button><div  class=\"w-tabs-section-content\" id=\"content-n18c\"><div class=\"w-tabs-section-content-h i-cf\"><div class=\"wpb_text_column\"><div class=\"wpb_wrapper\"><ul>\n<li>Possibilit\u00e9 de voter lors des assembl\u00e9es g\u00e9n\u00e9rales et d\u2019influencer les orientations strat\u00e9giques.<\/li>\n<li>\u00c9ligibilit\u00e9 pour si\u00e9ger \u00e0 des comit\u00e9s et contribuer aux d\u00e9cisions collectives.<\/li>\n<li>Engagement actif dans un espace d\u00e9mocratique o\u00f9 chaque voix compte.<\/li>\n<\/ul>\n<\/div><\/div><\/div><\/div><\/div><\/div><\/div><\/div><\/div><div class=\"wpb_column vc_column_container\"><div class=\"vc_column-inner\"><div class=\"wpb_text_column\"><div class=\"wpb_wrapper\"><h3>Our members<\/h3>\n<\/div><\/div><div class=\"w-separator size_medium\"><\/div><div class=\"w-gallery fit_contain type_grid count_51\" style=\"--columns:4;--items-gap:20px;--item-aspect-ratio:1;\"><div class=\"w-gallery-list\"><div class=\"w-gallery-item\"><div class=\"w-gallery-item-img\"><img decoding=\"async\" width=\"1024\" height=\"197\" src=\"https:\/\/transitionencommun.org\/wp-content\/uploads\/2024\/08\/Untitled-design-2-1024x197.png\" class=\"attachment-large size-large\" alt=\"\" srcset=\"https:\/\/transitionencommun.org\/wp-content\/uploads\/2024\/08\/Untitled-design-2-1024x197.png 1024w, https:\/\/transitionencommun.org\/wp-content\/uploads\/2024\/08\/Untitled-design-2-300x58.png 300w, https:\/\/transitionencommun.org\/wp-content\/uploads\/2024\/08\/Untitled-design-2.png 1063w\" sizes=\"(max-width: 1024px) 100vw, 1024px\" \/><\/div><\/div><div class=\"w-gallery-item\"><div class=\"w-gallery-item-img\"><img decoding=\"async\" width=\"100\" height=\"88\" src=\"https:\/\/transitionencommun.org\/wp-content\/uploads\/2024\/12\/ACtionGardien.png\" class=\"attachment-large size-large\" alt=\"\" \/><\/div><\/div><div class=\"w-gallery-item\"><div class=\"w-gallery-item-img\"><img decoding=\"async\" width=\"348\" height=\"127\" src=\"https:\/\/transitionencommun.org\/wp-content\/uploads\/2024\/07\/Chaire-de-recherche-sur-la-transition-ESQ-UQAM.png\" class=\"attachment-large size-large\" alt=\"\" \/><\/div><\/div><div class=\"w-gallery-item\"><div class=\"w-gallery-item-img\"><img decoding=\"async\" width=\"400\" height=\"101\" src=\"https:\/\/transitionencommun.org\/wp-content\/uploads\/2025\/04\/Artenso-logo.png\" class=\"attachment-large size-large\" alt=\"\" srcset=\"https:\/\/transitionencommun.org\/wp-content\/uploads\/2025\/04\/Artenso-logo.png 400w, https:\/\/transitionencommun.org\/wp-content\/uploads\/2025\/04\/Artenso-logo-300x76.png 300w\" sizes=\"(max-width: 400px) 100vw, 400px\" \/><\/div><\/div><div class=\"w-gallery-item\"><div class=\"w-gallery-item-img\"><img decoding=\"async\" width=\"1024\" height=\"1024\" src=\"https:\/\/transitionencommun.org\/wp-content\/uploads\/2025\/01\/Parole-dexclues-Logo-Retina.svg\" class=\"attachment-large size-large\" alt=\"\" \/><\/div><\/div><div class=\"w-gallery-item\"><div class=\"w-gallery-item-img\"><img decoding=\"async\" width=\"612\" height=\"464\" src=\"https:\/\/transitionencommun.org\/wp-content\/uploads\/2024\/12\/ICIELA.png\" class=\"attachment-large size-large\" alt=\"\" srcset=\"https:\/\/transitionencommun.org\/wp-content\/uploads\/2024\/12\/ICIELA.png 612w, https:\/\/transitionencommun.org\/wp-content\/uploads\/2024\/12\/ICIELA-300x227.png 300w\" sizes=\"(max-width: 612px) 100vw, 612px\" \/><\/div><\/div><div class=\"w-gallery-item\"><div class=\"w-gallery-item-img\"><img decoding=\"async\" width=\"914\" height=\"343\" src=\"https:\/\/transitionencommun.org\/wp-content\/uploads\/2024\/07\/logo-climamtl-couleur-1.png\" class=\"attachment-large size-large\" alt=\"\" srcset=\"https:\/\/transitionencommun.org\/wp-content\/uploads\/2024\/07\/logo-climamtl-couleur-1.png 914w, https:\/\/transitionencommun.org\/wp-content\/uploads\/2024\/07\/logo-climamtl-couleur-1-300x113.png 300w\" sizes=\"(max-width: 914px) 100vw, 914px\" \/><\/div><\/div><div class=\"w-gallery-item\"><div class=\"w-gallery-item-img\"><img decoding=\"async\" width=\"949\" height=\"440\" src=\"https:\/\/transitionencommun.org\/wp-content\/uploads\/2024\/08\/acu.png\" class=\"attachment-large size-large\" alt=\"\" srcset=\"https:\/\/transitionencommun.org\/wp-content\/uploads\/2024\/08\/acu.png 949w, https:\/\/transitionencommun.org\/wp-content\/uploads\/2024\/08\/acu-300x139.png 300w\" sizes=\"(max-width: 949px) 100vw, 949px\" \/><\/div><\/div><\/div><\/div><div class=\"w-separator size_huge\"><\/div><\/div><\/div><\/div><\/div><\/div><\/div><\/div><\/section>\n<\/div><\/div><\/div><\/div><\/section>\n","protected":false},"excerpt":{"rendered":"","protected":false},"author":1,"featured_media":0,"parent":0,"menu_order":0,"comment_status":"closed","ping_status":"closed","template":"","meta":{"_acf_changed":false,"footnotes":""},"class_list":["post-3699","page","type-page","status-publish","hentry"],"acf":[],"yoast_head":"<!-- This site is optimized with the Yoast SEO plugin v28.3 - https:\/\/yoast.com\/product\/yoast-seo-wordpress\/ -->\n<title>Transition en commun<\/title>\n<meta name=\"description\" content=\"Transition en Commun brings together citizen groups, civil society organizations, and institutions around a shared vision.\" \/>\n<meta name=\"robots\" content=\"index, follow, max-snippet:-1, max-image-preview:large, max-video-preview:-1\" \/>\n<link rel=\"canonical\" href=\"https:\/\/transitionencommun.org\/en\/\" \/>\n<meta property=\"og:locale\" content=\"en_US\" \/>\n<meta property=\"og:type\" content=\"article\" \/>\n<meta property=\"og:title\" content=\"Transition en commun\" \/>\n<meta property=\"og:description\" content=\"Transition en Commun brings together citizen groups, civil society organizations, and institutions around a shared vision.\" \/>\n<meta property=\"og:url\" content=\"https:\/\/transitionencommun.org\/en\/\" \/>\n<meta property=\"og:site_name\" content=\"Transition en commun\" \/>\n<meta property=\"article:publisher\" content=\"https:\/\/www.facebook.com\/transitionencommun\/\" \/>\n<meta property=\"article:modified_time\" content=\"2026-09-01T17:14:06+00:00\" \/>\n<meta name=\"twitter:card\" content=\"summary_large_image\" \/>\n<meta name=\"twitter:label1\" content=\"Est. reading time\" \/>\n\t<meta name=\"twitter:data1\" content=\"1 minute\" \/>\n<script type=\"application\/ld+json\" class=\"yoast-schema-graph\">{\"@context\":\"https:\\\/\\\/schema.org\",\"@graph\":[{\"@type\":\"WebPage\",\"@id\":\"https:\\\/\\\/transitionencommun.org\\\/en\\\/\",\"url\":\"https:\\\/\\\/transitionencommun.org\\\/en\\\/\",\"name\":\"Transition en commun\",\"isPartOf\":{\"@id\":\"https:\\\/\\\/transitionencommun.org\\\/en\\\/#website\"},\"datePublished\":\"2024-05-24T17:32:26+00:00\",\"dateModified\":\"2026-09-01T17:14:06+00:00\",\"description\":\"Transition en Commun brings together citizen groups, civil society organizations, and institutions around a shared vision.\",\"breadcrumb\":{\"@id\":\"https:\\\/\\\/transitionencommun.org\\\/en\\\/#breadcrumb\"},\"inLanguage\":\"en-US\",\"potentialAction\":[{\"@type\":\"ReadAction\",\"target\":[\"https:\\\/\\\/transitionencommun.org\\\/en\\\/\"]}]},{\"@type\":\"BreadcrumbList\",\"@id\":\"https:\\\/\\\/transitionencommun.org\\\/en\\\/#breadcrumb\",\"itemListElement\":[{\"@type\":\"ListItem\",\"position\":1,\"name\":\"Accueil\",\"item\":\"https:\\\/\\\/transitionencommun.org\\\/en\\\/\"},{\"@type\":\"ListItem\",\"position\":2,\"name\":\"Home\"}]},{\"@type\":\"WebSite\",\"@id\":\"https:\\\/\\\/transitionencommun.org\\\/en\\\/#website\",\"url\":\"https:\\\/\\\/transitionencommun.org\\\/en\\\/\",\"name\":\"Transition en commun\",\"description\":\"\",\"publisher\":{\"@id\":\"https:\\\/\\\/transitionencommun.org\\\/en\\\/#organization\"},\"potentialAction\":[{\"@type\":\"SearchAction\",\"target\":{\"@type\":\"EntryPoint\",\"urlTemplate\":\"https:\\\/\\\/transitionencommun.org\\\/en\\\/?s={search_term_string}\"},\"query-input\":{\"@type\":\"PropertyValueSpecification\",\"valueRequired\":true,\"valueName\":\"search_term_string\"}}],\"inLanguage\":\"en-US\"},{\"@type\":\"Organization\",\"@id\":\"https:\\\/\\\/transitionencommun.org\\\/en\\\/#organization\",\"name\":\"Transition en commun\",\"url\":\"https:\\\/\\\/transitionencommun.org\\\/en\\\/\",\"logo\":{\"@type\":\"ImageObject\",\"inLanguage\":\"en-US\",\"@id\":\"https:\\\/\\\/transitionencommun.org\\\/en\\\/#\\\/schema\\\/logo\\\/image\\\/\",\"url\":\"https:\\\/\\\/transitionencommun.org\\\/wp-content\\\/uploads\\\/2024\\\/06\\\/Big-logo.png\",\"contentUrl\":\"https:\\\/\\\/transitionencommun.org\\\/wp-content\\\/uploads\\\/2024\\\/06\\\/Big-logo.png\",\"width\":257,\"height\":115,\"caption\":\"Transition en commun\"},\"image\":{\"@id\":\"https:\\\/\\\/transitionencommun.org\\\/en\\\/#\\\/schema\\\/logo\\\/image\\\/\"},\"sameAs\":[\"https:\\\/\\\/www.facebook.com\\\/transitionencommun\\\/\",\"https:\\\/\\\/www.instagram.com\\\/transitionencommun\\\/\",\"https:\\\/\\\/www.linkedin.com\\\/company\\\/transition-en-commun\\\/\"]}]}<\/script>\n<!-- \/ Yoast SEO plugin. -->","yoast_head_json":{"title":"Transition en commun","description":"Transition en Commun brings together citizen groups, civil society organizations, and institutions around a shared vision.","robots":{"index":"index","follow":"follow","max-snippet":"max-snippet:-1","max-image-preview":"max-image-preview:large","max-video-preview":"max-video-preview:-1"},"canonical":"https:\/\/transitionencommun.org\/en\/","og_locale":"en_US","og_type":"article","og_title":"Transition en commun","og_description":"Transition en Commun brings together citizen groups, civil society organizations, and institutions around a shared vision.","og_url":"https:\/\/transitionencommun.org\/en\/","og_site_name":"Transition en commun","article_publisher":"https:\/\/www.facebook.com\/transitionencommun\/","article_modified_time":"2026-09-01T17:14:06+00:00","twitter_card":"summary_large_image","twitter_misc":{"Est. reading time":"1 minute"},"schema":{"@context":"https:\/\/schema.org","@graph":[{"@type":"WebPage","@id":"https:\/\/transitionencommun.org\/en\/","url":"https:\/\/transitionencommun.org\/en\/","name":"Transition en commun","isPartOf":{"@id":"https:\/\/transitionencommun.org\/en\/#website"},"datePublished":"2024-05-24T17:32:26+00:00","dateModified":"2026-09-01T17:14:06+00:00","description":"Transition en Commun brings together citizen groups, civil society organizations, and institutions around a shared vision.","breadcrumb":{"@id":"https:\/\/transitionencommun.org\/en\/#breadcrumb"},"inLanguage":"en-US","potentialAction":[{"@type":"ReadAction","target":["https:\/\/transitionencommun.org\/en\/"]}]},{"@type":"BreadcrumbList","@id":"https:\/\/transitionencommun.org\/en\/#breadcrumb","itemListElement":[{"@type":"ListItem","position":1,"name":"Accueil","item":"https:\/\/transitionencommun.org\/en\/"},{"@type":"ListItem","position":2,"name":"Home"}]},{"@type":"WebSite","@id":"https:\/\/transitionencommun.org\/en\/#website","url":"https:\/\/transitionencommun.org\/en\/","name":"Transition en commun","description":"","publisher":{"@id":"https:\/\/transitionencommun.org\/en\/#organization"},"potentialAction":[{"@type":"SearchAction","target":{"@type":"EntryPoint","urlTemplate":"https:\/\/transitionencommun.org\/en\/?s={search_term_string}"},"query-input":{"@type":"PropertyValueSpecification","valueRequired":true,"valueName":"search_term_string"}}],"inLanguage":"en-US"},{"@type":"Organization","@id":"https:\/\/transitionencommun.org\/en\/#organization","name":"Transition en commun","url":"https:\/\/transitionencommun.org\/en\/","logo":{"@type":"ImageObject","inLanguage":"en-US","@id":"https:\/\/transitionencommun.org\/en\/#\/schema\/logo\/image\/","url":"https:\/\/transitionencommun.org\/wp-content\/uploads\/2024\/06\/Big-logo.png","contentUrl":"https:\/\/transitionencommun.org\/wp-content\/uploads\/2024\/06\/Big-logo.png","width":257,"height":115,"caption":"Transition en commun"},"image":{"@id":"https:\/\/transitionencommun.org\/en\/#\/schema\/logo\/image\/"},"sameAs":["https:\/\/www.facebook.com\/transitionencommun\/","https:\/\/www.instagram.com\/transitionencommun\/","https:\/\/www.linkedin.com\/company\/transition-en-commun\/"]}]}},"_links":{"self":[{"href":"https:\/\/transitionencommun.org\/en\/wp-json\/wp\/v2\/pages\/3699","targetHints":{"allow":["GET"]}}],"collection":[{"href":"https:\/\/transitionencommun.org\/en\/wp-json\/wp\/v2\/pages"}],"about":[{"href":"https:\/\/transitionencommun.org\/en\/wp-json\/wp\/v2\/types\/page"}],"author":[{"embeddable":true,"href":"https:\/\/transitionencommun.org\/en\/wp-json\/wp\/v2\/users\/1"}],"replies":[{"embeddable":true,"href":"https:\/\/transitionencommun.org\/en\/wp-json\/wp\/v2\/comments?post=3699"}],"version-history":[{"count":9,"href":"https:\/\/transitionencommun.org\/en\/wp-json\/wp\/v2\/pages\/3699\/revisions"}],"predecessor-version":[{"id":8209,"href":"https:\/\/transitionencommun.org\/en\/wp-json\/wp\/v2\/pages\/3699\/revisions\/8209"}],"wp:attachment":[{"href":"https:\/\/transitionencommun.org\/en\/wp-json\/wp\/v2\/media?parent=3699"}],"curies":[{"name":"wp","href":"https:\/\/api.w.org\/{rel}","templated":true}]}}